{"id":297,"date":"2026-04-25T18:27:52","date_gmt":"2026-04-25T16:27:52","guid":{"rendered":"https:\/\/www.rome.info\/pt\/?page_id=297"},"modified":"2026-04-29T11:56:39","modified_gmt":"2026-04-29T09:56:39","slug":"o-que-fazer","status":"publish","type":"page","link":"https:\/\/www.rome.info\/pt\/o-que-fazer\/","title":{"rendered":"101 Coisas Para Fazer em Roma"},"content":{"rendered":"\n<p class=\"is-style-lead\">Podes passar uma eternidade a explorar a Cidade Eterna e ainda encontrar algo novo para fazer todos os dias. Aqui fica uma lista das melhores coisas para fazer em Roma para come\u00e7ares \u2014 h\u00e1 algo para todos.<\/p>\n\n\n\n<h2 class=\"wp-block-heading\">Caminha nas Pegadas dos Gladiadores no Coliseu<\/h2>\n\n\n<div class=\"ms-credits\">\n<a href=\"https:\/\/www.rome.info\/pt\/atracoes\/coliseu\/\"><img decoding=\"async\" class=\"gb-media-c74f7cc4\" src=\"https:\/\/www.rome.info\/wp-content\/uploads\/f-colosseum.jpg\" alt=\"O Coliseu ao nascer do sol.\"\/><\/a>\n<span class='ms-credits__info' id='media896'><svg xmlns=\"http:\/\/www.w3.org\/2000\/svg\" width=\"20\" height=\"22\" fill=\"#000000\" viewBox=\"0 0 256 256\"><path d=\"M128,24A104,104,0,1,0,232,128,104.11,104.11,0,0,0,128,24Zm0,192a88,88,0,1,1,88-88A88.1,88.1,0,0,1,128,216ZM96,128a32,32,0,0,0,57.6,19.2,8,8,0,0,1,12.8,9.61,48,48,0,1,1,0-57.62,8,8,0,0,1-12.8,9.61A32,32,0,0,0,96,128Z\"><\/path><\/svg>Givaga\/<a href=https:\/\/depositphotos.com\/121809612\/stock-photo-colosseum-in-rome.html rel='nofollow' target='_blank'>Depositphotos<\/a><\/span><span class='ms-credits__btn' id='btn_media896' onclick='ms_credits_trigger(\"#media896\", this)'><svg xmlns=\"http:\/\/www.w3.org\/2000\/svg\" class=\"info_icon\" width=\"28\" height=\"28\" fill=\"#FFF\" viewBox=\"0 0 256 256\"><path d=\"M128,24A104,104,0,1,0,232,128,104.11,104.11,0,0,0,128,24Zm0,192a88,88,0,1,1,88-88A88.1,88.1,0,0,1,128,216Zm16-40a8,8,0,0,1-8,8,16,16,0,0,1-16-16V128a8,8,0,0,1,0-16,16,16,0,0,1,16,16v40A8,8,0,0,1,144,176ZM112,84a12,12,0,1,1,12,12A12,12,0,0,1,112,84Z\"><\/path><\/svg><svg xmlns=\"http:\/\/www.w3.org\/2000\/svg\" class=\"close_icon\" width=\"28\" height=\"28\" fill=\"#FFF\" viewBox=\"0 0 256 256\"><path d=\"M165.66,101.66,139.31,128l26.35,26.34a8,8,0,0,1-11.32,11.32L128,139.31l-26.34,26.35a8,8,0,0,1-11.32-11.32L116.69,128,90.34,101.66a8,8,0,0,1,11.32-11.32L128,116.69l26.34-26.35a8,8,0,0,1,11.32,11.32ZM232,128A104,104,0,1,1,128,24,104.11,104.11,0,0,1,232,128Zm-16,0a88,88,0,1,0-88,88A88.1,88.1,0,0,0,216,128Z\"><\/path><\/svg><\/span><\/div>\n\n\n<p>Uma visita a Roma pode realmente ficar completa sem uma passagem pelo <a href=\"https:\/\/www.rome.info\/pt\/atracoes\/coliseu\/\">Coliseu<\/a>? Este anfiteatro de 2.000 anos \u00e9 n\u00e3o s\u00f3 o s\u00edmbolo mais famoso de Roma como tamb\u00e9m foi declarado uma das sete maravilhas do mundo moderno.<\/p>\n\n\n\n<p>Entra e recua no tempo at\u00e9 uma era de combates \u00e9picos de gladiadores, multid\u00f5es a bramir e imperadores sedentos de sangue. Podes percorrer as bancadas, que outrora acolhiam at\u00e9 50.000 espectadores. Observa o ch\u00e3o da arena de cima e, com um bilhete de acesso especial, visita mesmo o Hipogeu, o labirinto subterr\u00e2neo onde os gladiadores se preparavam para o combate.<\/p>\n\n\n\n<p><em>Panem et circenses<\/em>, algu\u00e9m?<\/p>\n\n\n\n<div class=\"ms-rounded ms-mb-last-child-0 ms-mb-block ms-tfs--contrast ms-p ms-tfs\">\n<p>\ud83c\udfdb\ufe0f <strong>Dica de Planeamento<\/strong>:<\/p>\n\n\n\n<ul class=\"ms-icon-list\">\n<li class=\"ms-icon-list__item\"><span class=\"gb-shape\"><svg viewBox=\"0 0 256 256\" fill=\"#000000\" height=\"32\" width=\"32\" xmlns=\"http:\/\/www.w3.org\/2000\/svg\"><path d=\"M232.49,80.49l-128,128a12,12,0,0,1-17,0l-56-56a12,12,0,1,1,17-17L96,183,215.51,63.51a12,12,0,0,1,17,17Z\"><\/path><\/svg><\/span><span class=\"gb-text\">A visitar v\u00e1rias atra\u00e7\u00f5es em Roma? O <a href=\"https:\/\/www.rome.info\/pt\/passes-turisticos\/rome-tourist-card\/\">Rome Tourist Card<\/a> inclui acesso ao Coliseu sem filas mais os Museus do Vaticano e a tua escolha de uma terceira atra\u00e7\u00e3o. Os visitantes poupam horas em filas durante a \u00e9poca alta, al\u00e9m de terem hor\u00e1rios garantidos que as reservas individuais nem sempre conseguem assegurar.<\/span><\/li>\n\n\n\n<li class=\"ms-icon-list__item\"><span class=\"gb-shape\"><svg viewBox=\"0 0 256 256\" fill=\"#000000\" height=\"32\" width=\"32\" xmlns=\"http:\/\/www.w3.org\/2000\/svg\"><path d=\"M232.49,80.49l-128,128a12,12,0,0,1-17,0l-56-56a12,12,0,1,1,17-17L96,183,215.51,63.51a12,12,0,0,1,17,17Z\"><\/path><\/svg><\/span><span class=\"gb-text\">Em alternativa, podes reservar <a href=\"https:\/\/www.rome.info\/pt\/atracoes\/coliseu\/bilhetes-coliseu\/\">bilhetes individuais para o Coliseu<\/a> se preferires mais flexibilidade.<\/span><\/li>\n\n\n\n<li class=\"ms-icon-list__item\"><span class=\"gb-shape\"><svg viewBox=\"0 0 256 256\" fill=\"#000000\" height=\"32\" width=\"32\" xmlns=\"http:\/\/www.w3.org\/2000\/svg\"><path d=\"M232.49,80.49l-128,128a12,12,0,0,1-17,0l-56-56a12,12,0,1,1,17-17L96,183,215.51,63.51a12,12,0,0,1,17,17Z\"><\/path><\/svg><\/span><span class=\"gb-text\">Queres a experi\u00eancia completa de gladiador? As <a href=\"https:\/\/www.rome.info\/pt\/atracoes\/coliseu\/visitas-coliseu\/\">visitas ao Coliseu<\/a> incluem acesso subterr\u00e2neo e guias especializados que d\u00e3o vida \u00e0 brutal hist\u00f3ria da arena.<\/span><\/li>\n<\/ul>\n<\/div>\n\n\n\n<h2 class=\"wp-block-heading\">Passeia Entre as Ru\u00ednas do F\u00f3rum Romano<\/h2>\n\n\n<div class=\"ms-credits\">\n<a href=\"https:\/\/www.rome.info\/pt\/atracoes\/forum-romano\/\"><img decoding=\"async\" class=\"gb-media-ba0f12c2\" src=\"https:\/\/www.rome.info\/wp-content\/uploads\/f-roman-forum-1.jpg\" alt=\"Vista a\u00e9rea do F\u00f3rum Romano.\"\/><\/a>\n<span class='ms-credits__info' id='media898'><svg xmlns=\"http:\/\/www.w3.org\/2000\/svg\" width=\"20\" height=\"22\" fill=\"#000000\" viewBox=\"0 0 256 256\"><path d=\"M128,24A104,104,0,1,0,232,128,104.11,104.11,0,0,0,128,24Zm0,192a88,88,0,1,1,88-88A88.1,88.1,0,0,1,128,216ZM96,128a32,32,0,0,0,57.6,19.2,8,8,0,0,1,12.8,9.61,48,48,0,1,1,0-57.62,8,8,0,0,1-12.8,9.61A32,32,0,0,0,96,128Z\"><\/path><\/svg>samewell\/<a href=https:\/\/depositphotos.com\/33598647\/stock-photo-italy-sicily-rome-spain-tunisia.html rel='nofollow' target='_blank'>Depositphotos<\/a><\/span><span class='ms-credits__btn' id='btn_media898' onclick='ms_credits_trigger(\"#media898\", this)'><svg xmlns=\"http:\/\/www.w3.org\/2000\/svg\" class=\"info_icon\" width=\"28\" height=\"28\" fill=\"#FFF\" viewBox=\"0 0 256 256\"><path d=\"M128,24A104,104,0,1,0,232,128,104.11,104.11,0,0,0,128,24Zm0,192a88,88,0,1,1,88-88A88.1,88.1,0,0,1,128,216Zm16-40a8,8,0,0,1-8,8,16,16,0,0,1-16-16V128a8,8,0,0,1,0-16,16,16,0,0,1,16,16v40A8,8,0,0,1,144,176ZM112,84a12,12,0,1,1,12,12A12,12,0,0,1,112,84Z\"><\/path><\/svg><svg xmlns=\"http:\/\/www.w3.org\/2000\/svg\" class=\"close_icon\" width=\"28\" height=\"28\" fill=\"#FFF\" viewBox=\"0 0 256 256\"><path d=\"M165.66,101.66,139.31,128l26.35,26.34a8,8,0,0,1-11.32,11.32L128,139.31l-26.34,26.35a8,8,0,0,1-11.32-11.32L116.69,128,90.34,101.66a8,8,0,0,1,11.32-11.32L128,116.69l26.34-26.35a8,8,0,0,1,11.32,11.32ZM232,128A104,104,0,1,1,128,24,104.11,104.11,0,0,1,232,128Zm-16,0a88,88,0,1,0-88,88A88.1,88.1,0,0,0,216,128Z\"><\/path><\/svg><\/span><\/div>\n\n\n<p>Alguma vez te perguntaste como seria viver na Roma Antiga? Ao caminhar entre as ru\u00ednas do <a href=\"https:\/\/www.rome.info\/pt\/atracoes\/forum-romano\/\">F\u00f3rum Romano<\/a>, vais descobrir. Esta pra\u00e7a antiga foi outrora o epicentro da vida religiosa, pol\u00edtica e social da Rep\u00fablica Romana.<\/p>\n\n\n\n<p>Para apreciares melhor o que est\u00e1s a ver, recomendamos ouvir um audioguia ou contratar um guia tur\u00edstico. Vais aprender sobre os templos, igrejas e edif\u00edcios governamentais que pontuam a zona e experimentar a gl\u00f3ria de Roma no auge do seu poder.<\/p>\n\n\n\n<h2 class=\"wp-block-heading\">Explora a Cidade com Facilidade num Autocarro Hop-On Hop-Off<\/h2>\n\n\n<div class=\"ms-credits\">\n<a href=\"https:\/\/www.rome.info\/pt\/tours\/hop-on-hop-off\/\"><img decoding=\"async\" class=\"gb-media-e78c4b70\" src=\"https:\/\/www.rome.info\/wp-content\/uploads\/f-hop-on-hop-off-bus-rome.jpg\" alt=\"Um autocarro hop-on hop-off de dois andares vermelho em Roma.\"\/><\/a>\n<span class='ms-credits__info' id='media790'><svg xmlns=\"http:\/\/www.w3.org\/2000\/svg\" width=\"20\" height=\"22\" fill=\"#000000\" viewBox=\"0 0 256 256\"><path d=\"M128,24A104,104,0,1,0,232,128,104.11,104.11,0,0,0,128,24Zm0,192a88,88,0,1,1,88-88A88.1,88.1,0,0,1,128,216ZM96,128a32,32,0,0,0,57.6,19.2,8,8,0,0,1,12.8,9.61,48,48,0,1,1,0-57.62,8,8,0,0,1-12.8,9.61A32,32,0,0,0,96,128Z\"><\/path><\/svg>kataklinger\/<a href=https:\/\/depositphotos.com\/173664218\/stock-photo-city-sightseeing-bus.html rel='nofollow' target='_blank'>Depositphotos<\/a><\/span><span class='ms-credits__btn' id='btn_media790' onclick='ms_credits_trigger(\"#media790\", this)'><svg xmlns=\"http:\/\/www.w3.org\/2000\/svg\" class=\"info_icon\" width=\"28\" height=\"28\" fill=\"#FFF\" viewBox=\"0 0 256 256\"><path d=\"M128,24A104,104,0,1,0,232,128,104.11,104.11,0,0,0,128,24Zm0,192a88,88,0,1,1,88-88A88.1,88.1,0,0,1,128,216Zm16-40a8,8,0,0,1-8,8,16,16,0,0,1-16-16V128a8,8,0,0,1,0-16,16,16,0,0,1,16,16v40A8,8,0,0,1,144,176ZM112,84a12,12,0,1,1,12,12A12,12,0,0,1,112,84Z\"><\/path><\/svg><svg xmlns=\"http:\/\/www.w3.org\/2000\/svg\" class=\"close_icon\" width=\"28\" height=\"28\" fill=\"#FFF\" viewBox=\"0 0 256 256\"><path d=\"M165.66,101.66,139.31,128l26.35,26.34a8,8,0,0,1-11.32,11.32L128,139.31l-26.34,26.35a8,8,0,0,1-11.32-11.32L116.69,128,90.34,101.66a8,8,0,0,1,11.32-11.32L128,116.69l26.34-26.35a8,8,0,0,1,11.32,11.32ZM232,128A104,104,0,1,1,128,24,104.11,104.11,0,0,1,232,128Zm-16,0a88,88,0,1,0-88,88A88.1,88.1,0,0,0,216,128Z\"><\/path><\/svg><\/span><\/div>\n\n\n<p>Nunca foi t\u00e3o f\u00e1cil percorrer Roma agora que h\u00e1 n\u00e3o uma, mas cinco empresas de <a href=\"https:\/\/www.rome.info\/pt\/tours\/hop-on-hop-off\/\">autocarro Ho-Ho<\/a> para escolher. Passa at\u00e9 tr\u00eas dias a explorar a cidade num autocarro de dois andares com vistas a 360\u00b0 e a aprender sobre os diferentes locais com o coment\u00e1rio \u00e1udio informativo dispon\u00edvel.<\/p>\n\n\n\n<div class=\"ms-shadow-sm ms-rounded ms-cta-banner-bgc ms-mb-block ms-cta\">\n<div class=\"gb-element-c4ff7c87\">\n<div class=\"ms-cta-banner-bgc__body ms-p-sm\">\n<h3 class=\"gb-text ms-link-unstyled ms-text-xl gb-text-b064a0f2\"><a href=\"https:\/\/www.tiqets.com\/pt\/rome-hop-on-hop-off-tours-tickets-l205422\/?partner=romeinfo\" rel=\"nofollow noopener\">\ud83d\ude8c Autocarro Hop-On Hop-Off em Roma: Passes de 24\/48\/72 Horas<\/a><\/h3>\n\n\n\n<p class=\"gb-text ms-text-muted ms-mb-0 ms-text-sm gb-text-f0898c96\">Explora a Cidade Eterna ao teu ritmo com autocarros a cada 15\u201320 minutos cobrindo todos os principais monumentos. Inclui audioguia em 8 idiomas, WiFi gratuito e visitas a p\u00e9 guiadas (bilhetes selecionados). Visita o Coliseu, o Vaticano, a Fontana di Trevi e muito mais!<\/p>\n<\/div>\n\n\n\n<div class=\"ms-cta-banner-bgc__header ms-p-sm\">\n<a class=\"gb-text ms-btn ms-btn--primary gb-text-dd9ef718\" rel=\"nofollow noopener\" href=\"https:\/\/www.tiqets.com\/pt\/rome-hop-on-hop-off-tours-tickets-l205422\/?partner=romeinfo\">Verificar Disponibilidade<\/a>\n<\/div>\n<\/div>\n<\/div>\n\n\n\n<h2 class=\"wp-block-heading\">Descobre o Lend\u00e1rio Ber\u00e7o de Roma no Monte Palatino<\/h2>\n\n\n<div class=\"ms-credits\">\n<a href=\"https:\/\/www.rome.info\/pt\/atracoes\/monte-palatino\/\"><img decoding=\"async\" class=\"gb-media-bc4e3a6d\" src=\"https:\/\/www.rome.info\/wp-content\/uploads\/f-palatine-hill-1.jpg\" alt=\"As ru\u00ednas antigas da Domus Augustana no Monte Palatino.\"\/><\/a>\n<span class='ms-credits__info' id='media899'><svg xmlns=\"http:\/\/www.w3.org\/2000\/svg\" width=\"20\" height=\"22\" fill=\"#000000\" viewBox=\"0 0 256 256\"><path d=\"M128,24A104,104,0,1,0,232,128,104.11,104.11,0,0,0,128,24Zm0,192a88,88,0,1,1,88-88A88.1,88.1,0,0,1,128,216ZM96,128a32,32,0,0,0,57.6,19.2,8,8,0,0,1,12.8,9.61,48,48,0,1,1,0-57.62,8,8,0,0,1-12.8,9.61A32,32,0,0,0,96,128Z\"><\/path><\/svg><a href=https:\/\/depositphotos.com\/314565536\/stock-photo-domus-augustana-palatine-hill-rome.html rel='nofollow' target='_blank'>Depositphotos<\/a><\/span><span class='ms-credits__btn' id='btn_media899' onclick='ms_credits_trigger(\"#media899\", this)'><svg xmlns=\"http:\/\/www.w3.org\/2000\/svg\" class=\"info_icon\" width=\"28\" height=\"28\" fill=\"#FFF\" viewBox=\"0 0 256 256\"><path d=\"M128,24A104,104,0,1,0,232,128,104.11,104.11,0,0,0,128,24Zm0,192a88,88,0,1,1,88-88A88.1,88.1,0,0,1,128,216Zm16-40a8,8,0,0,1-8,8,16,16,0,0,1-16-16V128a8,8,0,0,1,0-16,16,16,0,0,1,16,16v40A8,8,0,0,1,144,176ZM112,84a12,12,0,1,1,12,12A12,12,0,0,1,112,84Z\"><\/path><\/svg><svg xmlns=\"http:\/\/www.w3.org\/2000\/svg\" class=\"close_icon\" width=\"28\" height=\"28\" fill=\"#FFF\" viewBox=\"0 0 256 256\"><path d=\"M165.66,101.66,139.31,128l26.35,26.34a8,8,0,0,1-11.32,11.32L128,139.31l-26.34,26.35a8,8,0,0,1-11.32-11.32L116.69,128,90.34,101.66a8,8,0,0,1,11.32-11.32L128,116.69l26.34-26.35a8,8,0,0,1,11.32,11.32ZM232,128A104,104,0,1,1,128,24,104.11,104.11,0,0,1,232,128Zm-16,0a88,88,0,1,0-88,88A88.1,88.1,0,0,0,216,128Z\"><\/path><\/svg><\/span><\/div>\n\n\n<p>A lenda diz que o <a href=\"https:\/\/www.rome.info\/pt\/atracoes\/monte-palatino\/\">Monte Palatino<\/a>, o mais famoso das sete colinas de Roma, foi o local da Gruta do Lupercal \u2014 a caverna onde R\u00f3mulo e Remo foram criados pela loba.<\/p>\n\n\n\n<p>Devido \u00e0 sua hist\u00f3ria m\u00edtica e \u00e0s suas vistas panor\u00e2micas sobre o centro hist\u00f3rico de Roma, a colina tornou-se conhecida como o bairro mais prestigiado e desejado da Roma antiga, lar de imperadores e patr\u00edcios.<\/p>\n\n\n\n<p>Hoje podes explorar as ru\u00ednas dos antigos pal\u00e1cios dos Imperadores Augusto e Domiciano, aprender mais no museu e visitar os Jardins Farnese, um dos primeiros jardins bot\u00e2nicos da Europa.<\/p>\n\n\n\n<h2 class=\"wp-block-heading\">Explora o Menor Pa\u00eds do Mundo: a Cidade do Vaticano<\/h2>\n\n\n<div class=\"ms-credits\">\n<a href=\"https:\/\/www.rome.info\/pt\/atracoes\/t\/vaticano\/\"><img decoding=\"async\" class=\"gb-media-66731088\" src=\"https:\/\/www.rome.info\/wp-content\/uploads\/f-vatican-city.jpg\" alt=\"Vista a\u00e9rea da Cidade do Vaticano.\"\/><\/a>\n<span class='ms-credits__info' id='media900'><svg xmlns=\"http:\/\/www.w3.org\/2000\/svg\" width=\"20\" height=\"22\" fill=\"#000000\" viewBox=\"0 0 256 256\"><path d=\"M128,24A104,104,0,1,0,232,128,104.11,104.11,0,0,0,128,24Zm0,192a88,88,0,1,1,88-88A88.1,88.1,0,0,1,128,216ZM96,128a32,32,0,0,0,57.6,19.2,8,8,0,0,1,12.8,9.61,48,48,0,1,1,0-57.62,8,8,0,0,1-12.8,9.61A32,32,0,0,0,96,128Z\"><\/path><\/svg><a href=https:\/\/depositphotos.com\/19128047\/stock-photo-rome-italy-famous-saint-peters.html rel='nofollow' target='_blank'>Depositphotos<\/a><\/span><span class='ms-credits__btn' id='btn_media900' onclick='ms_credits_trigger(\"#media900\", this)'><svg xmlns=\"http:\/\/www.w3.org\/2000\/svg\" class=\"info_icon\" width=\"28\" height=\"28\" fill=\"#FFF\" viewBox=\"0 0 256 256\"><path d=\"M128,24A104,104,0,1,0,232,128,104.11,104.11,0,0,0,128,24Zm0,192a88,88,0,1,1,88-88A88.1,88.1,0,0,1,128,216Zm16-40a8,8,0,0,1-8,8,16,16,0,0,1-16-16V128a8,8,0,0,1,0-16,16,16,0,0,1,16,16v40A8,8,0,0,1,144,176ZM112,84a12,12,0,1,1,12,12A12,12,0,0,1,112,84Z\"><\/path><\/svg><svg xmlns=\"http:\/\/www.w3.org\/2000\/svg\" class=\"close_icon\" width=\"28\" height=\"28\" fill=\"#FFF\" viewBox=\"0 0 256 256\"><path d=\"M165.66,101.66,139.31,128l26.35,26.34a8,8,0,0,1-11.32,11.32L128,139.31l-26.34,26.35a8,8,0,0,1-11.32-11.32L116.69,128,90.34,101.66a8,8,0,0,1,11.32-11.32L128,116.69l26.34-26.35a8,8,0,0,1,11.32,11.32ZM232,128A104,104,0,1,1,128,24,104.11,104.11,0,0,1,232,128Zm-16,0a88,88,0,1,0-88,88A88.1,88.1,0,0,0,216,128Z\"><\/path><\/svg><\/span><\/div>\n\n\n<p>A <a href=\"https:\/\/www.rome.info\/pt\/atracoes\/t\/vaticano\/\">Cidade do Vaticano<\/a> pode ser um pequeno enclave com menos de 0,5 km\u00b2, mas est\u00e1 repleto de coisas para fazer. Sede da Igreja Cat\u00f3lica Romana e do mais sagrado dos bispos, o papa, este microestado foi declarado Patrim\u00f3nio Mundial da UNESCO em 1984.<\/p>\n\n\n\n<p>Quer estejas a admirar arte nas extensas galerias dos <a href=\"https:\/\/www.rome.info\/pt\/atracoes\/museus-do-vaticano\/\">Museus do Vaticano<\/a>, a explorar uma enorme igreja ou simplesmente a rir-te dos fardos c\u00f3micos dos Guardas Su\u00ed\u00e7os, uma coisa \u00e9 certa: nunca te vais aborrecer.<\/p>\n\n\n\n<p>Por mais contradit\u00f3rio que possa parecer, n\u00e3o podes sair de Roma sem primeiro p\u00f4r um p\u00e9 noutro pa\u00eds.<\/p>\n\n\n\n<h2 class=\"wp-block-heading\">Visita a Maior Igreja do Mundo: a Bas\u00edlica de S\u00e3o Pedro<\/h2>\n\n\n<div class=\"ms-credits\">\n<a href=\"https:\/\/www.rome.info\/pt\/atracoes\/basilica-de-sao-pedro\/\"><img decoding=\"async\" class=\"gb-media-4a66e5ab\" src=\"https:\/\/www.rome.info\/wp-content\/uploads\/f-st-peters-basilica-1.jpg\" alt=\"A Bas\u00edlica de S\u00e3o Pedro vista do exterior.\"\/><\/a>\n<span class='ms-credits__info' id='media901'><svg xmlns=\"http:\/\/www.w3.org\/2000\/svg\" width=\"20\" height=\"22\" fill=\"#000000\" viewBox=\"0 0 256 256\"><path d=\"M128,24A104,104,0,1,0,232,128,104.11,104.11,0,0,0,128,24Zm0,192a88,88,0,1,1,88-88A88.1,88.1,0,0,1,128,216ZM96,128a32,32,0,0,0,57.6,19.2,8,8,0,0,1,12.8,9.61,48,48,0,1,1,0-57.62,8,8,0,0,1-12.8,9.61A32,32,0,0,0,96,128Z\"><\/path><\/svg>MichalLudwiczak\/<a href=https:\/\/depositphotos.com\/59477977\/stock-photo-st-peters-basilica-in-the.html rel='nofollow' target='_blank'>Depositphotos<\/a><\/span><span class='ms-credits__btn' id='btn_media901' onclick='ms_credits_trigger(\"#media901\", this)'><svg xmlns=\"http:\/\/www.w3.org\/2000\/svg\" class=\"info_icon\" width=\"28\" height=\"28\" fill=\"#FFF\" viewBox=\"0 0 256 256\"><path d=\"M128,24A104,104,0,1,0,232,128,104.11,104.11,0,0,0,128,24Zm0,192a88,88,0,1,1,88-88A88.1,88.1,0,0,1,128,216Zm16-40a8,8,0,0,1-8,8,16,16,0,0,1-16-16V128a8,8,0,0,1,0-16,16,16,0,0,1,16,16v40A8,8,0,0,1,144,176ZM112,84a12,12,0,1,1,12,12A12,12,0,0,1,112,84Z\"><\/path><\/svg><svg xmlns=\"http:\/\/www.w3.org\/2000\/svg\" class=\"close_icon\" width=\"28\" height=\"28\" fill=\"#FFF\" viewBox=\"0 0 256 256\"><path d=\"M165.66,101.66,139.31,128l26.35,26.34a8,8,0,0,1-11.32,11.32L128,139.31l-26.34,26.35a8,8,0,0,1-11.32-11.32L116.69,128,90.34,101.66a8,8,0,0,1,11.32-11.32L128,116.69l26.34-26.35a8,8,0,0,1,11.32,11.32ZM232,128A104,104,0,1,1,128,24,104.11,104.11,0,0,1,232,128Zm-16,0a88,88,0,1,0-88,88A88.1,88.1,0,0,0,216,128Z\"><\/path><\/svg><\/span><\/div>\n\n\n<p>Curiosamente, a maior igreja do mundo fica no menor pa\u00eds do mundo. A <a href=\"https:\/\/www.rome.info\/pt\/atracoes\/basilica-de-sao-pedro\/\">Bas\u00edlica de S\u00e3o Pedro<\/a> \u00e9 n\u00e3o s\u00f3 extraordinariamente sagrada como tamb\u00e9m extraordinariamente bela.<\/p>\n\n\n\n<p>Projetada e decorada por alguns dos maiores artistas que alguma vez existiram, <a href=\"https:\/\/www.rome.info\/artists\/michelangelo\/\">Michelangelo<\/a> e <a href=\"https:\/\/www.rome.info\/artists\/bernini\/\">Bernini<\/a>, entre outros, esta igreja \u00e9 definitivamente uma atra\u00e7\u00e3o que n\u00e3o podes perder.<\/p>\n\n\n\n<p>Embora seja uma das coisas gratuitas para fazer em Roma, tenta chegar cedo pois as filas s\u00e3o muito longas.<\/p>\n\n\n\n<h2 class=\"wp-block-heading\">Admira Obras-Primas Mundialmente Famosas nos Museus do Vaticano<\/h2>\n\n\n<div class=\"ms-credits\">\n<a href=\"https:\/\/www.rome.info\/pt\/atracoes\/museus-do-vaticano\/\"><img decoding=\"async\" class=\"gb-media-96637194\" src=\"https:\/\/www.rome.info\/wp-content\/uploads\/f-vatican-museums.jpg\" alt=\"A Escadaria Bramante nos Museus do Vaticano.\"\/><\/a>\n<span class='ms-credits__info' id='media903'><svg xmlns=\"http:\/\/www.w3.org\/2000\/svg\" width=\"20\" height=\"22\" fill=\"#000000\" viewBox=\"0 0 256 256\"><path d=\"M128,24A104,104,0,1,0,232,128,104.11,104.11,0,0,0,128,24Zm0,192a88,88,0,1,1,88-88A88.1,88.1,0,0,1,128,216ZM96,128a32,32,0,0,0,57.6,19.2,8,8,0,0,1,12.8,9.61,48,48,0,1,1,0-57.62,8,8,0,0,1-12.8,9.61A32,32,0,0,0,96,128Z\"><\/path><\/svg><a href=https:\/\/depositphotos.com\/10441873\/stock-photo-stairs-of-the-vatican-museums.html rel='nofollow' target='_blank'>Depositphotos<\/a><\/span><span class='ms-credits__btn' id='btn_media903' onclick='ms_credits_trigger(\"#media903\", this)'><svg xmlns=\"http:\/\/www.w3.org\/2000\/svg\" class=\"info_icon\" width=\"28\" height=\"28\" fill=\"#FFF\" viewBox=\"0 0 256 256\"><path d=\"M128,24A104,104,0,1,0,232,128,104.11,104.11,0,0,0,128,24Zm0,192a88,88,0,1,1,88-88A88.1,88.1,0,0,1,128,216Zm16-40a8,8,0,0,1-8,8,16,16,0,0,1-16-16V128a8,8,0,0,1,0-16,16,16,0,0,1,16,16v40A8,8,0,0,1,144,176ZM112,84a12,12,0,1,1,12,12A12,12,0,0,1,112,84Z\"><\/path><\/svg><svg xmlns=\"http:\/\/www.w3.org\/2000\/svg\" class=\"close_icon\" width=\"28\" height=\"28\" fill=\"#FFF\" viewBox=\"0 0 256 256\"><path d=\"M165.66,101.66,139.31,128l26.35,26.34a8,8,0,0,1-11.32,11.32L128,139.31l-26.34,26.35a8,8,0,0,1-11.32-11.32L116.69,128,90.34,101.66a8,8,0,0,1,11.32-11.32L128,116.69l26.34-26.35a8,8,0,0,1,11.32,11.32ZM232,128A104,104,0,1,1,128,24,104.11,104.11,0,0,1,232,128Zm-16,0a88,88,0,1,0-88,88A88.1,88.1,0,0,0,216,128Z\"><\/path><\/svg><\/span><\/div>\n\n\n<p>Michelangelo, Caravaggio, Rafael, Da Vinci. Quer sejas ou n\u00e3o apreciador de arte, j\u00e1 certamente ouviste estes nomes. As suas obras-primas adornam as galerias dos <a href=\"https:\/\/www.rome.info\/pt\/atracoes\/museus-do-vaticano\/\">Museus do Vaticano<\/a>, mas isso n\u00e3o \u00e9 tudo. Os museus t\u00eam desde m\u00famias eg\u00edpcias a arte moderna, por isso h\u00e1 definitivamente algo para todos.<\/p>\n\n\n\n<p>Com 54 galerias e mais de 70.000 obras de arte, \u00e9 imposs\u00edvel ver tudo num \u00fanico dia, por isso certifica-te de que <a href=\"https:\/\/www.rome.info\/plan\/\">planeias bem a tua visita<\/a> e lembra-te de reservar os teus <a href=\"https:\/\/www.rome.info\/plan\/tickets\/\">bilhetes<\/a> com anteced\u00eancia.<\/p>\n\n\n\n<h2 class=\"wp-block-heading\">Contempla os Frescos de Michelangelo na Capela Sistina<\/h2>\n\n\n<div class=\"ms-credits\">\n<a href=\"https:\/\/www.rome.info\/pt\/atracoes\/capela-sistina\/\"><img decoding=\"async\" class=\"gb-media-15bd6e42\" src=\"https:\/\/www.rome.info\/wp-content\/uploads\/f-sistine-chapel.jpg\" alt=\"'A Cria\u00e7\u00e3o de Ad\u00e3o' de Michelangelo na Capela Sistina.\"\/><\/a>\n<span class='ms-credits__info' id='media907'><svg xmlns=\"http:\/\/www.w3.org\/2000\/svg\" width=\"20\" height=\"22\" fill=\"#000000\" viewBox=\"0 0 256 256\"><path d=\"M128,24A104,104,0,1,0,232,128,104.11,104.11,0,0,0,128,24Zm0,192a88,88,0,1,1,88-88A88.1,88.1,0,0,1,128,216ZM96,128a32,32,0,0,0,57.6,19.2,8,8,0,0,1,12.8,9.61,48,48,0,1,1,0-57.62,8,8,0,0,1-12.8,9.61A32,32,0,0,0,96,128Z\"><\/path><\/svg><a href=https:\/\/depositphotos.com\/22027877\/stock-photo-michelangelos-frescoes-in-sistine-chapel.html rel='nofollow' target='_blank'>Depositphotos<\/a><\/span><span class='ms-credits__btn' id='btn_media907' onclick='ms_credits_trigger(\"#media907\", this)'><svg xmlns=\"http:\/\/www.w3.org\/2000\/svg\" class=\"info_icon\" width=\"28\" height=\"28\" fill=\"#FFF\" viewBox=\"0 0 256 256\"><path d=\"M128,24A104,104,0,1,0,232,128,104.11,104.11,0,0,0,128,24Zm0,192a88,88,0,1,1,88-88A88.1,88.1,0,0,1,128,216Zm16-40a8,8,0,0,1-8,8,16,16,0,0,1-16-16V128a8,8,0,0,1,0-16,16,16,0,0,1,16,16v40A8,8,0,0,1,144,176ZM112,84a12,12,0,1,1,12,12A12,12,0,0,1,112,84Z\"><\/path><\/svg><svg xmlns=\"http:\/\/www.w3.org\/2000\/svg\" class=\"close_icon\" width=\"28\" height=\"28\" fill=\"#FFF\" viewBox=\"0 0 256 256\"><path d=\"M165.66,101.66,139.31,128l26.35,26.34a8,8,0,0,1-11.32,11.32L128,139.31l-26.34,26.35a8,8,0,0,1-11.32-11.32L116.69,128,90.34,101.66a8,8,0,0,1,11.32-11.32L128,116.69l26.34-26.35a8,8,0,0,1,11.32,11.32ZM232,128A104,104,0,1,1,128,24,104.11,104.11,0,0,1,232,128Zm-16,0a88,88,0,1,0-88,88A88.1,88.1,0,0,0,216,128Z\"><\/path><\/svg><\/span><\/div>\n\n\n<p>Embora fa\u00e7a parte dos Museus do Vaticano, a <a href=\"https:\/\/www.rome.info\/pt\/atracoes\/capela-sistina\/\">Capela Sistina<\/a> \u00e9 t\u00e3o famosa que merece o seu pr\u00f3prio n\u00famero na lista.<\/p>\n\n\n\n<p>A capela \u00e9 mais conhecida pelos nove pain\u00e9is do teto pintados a fresco por Michelangelo, em particular o central com a <a href=\"https:\/\/www.rome.info\/artists\/michelangelo\/creation-of-adam\/\">cria\u00e7\u00e3o de Ad\u00e3o<\/a>, uma das imagens mais reconhec\u00edveis da arte ocidental.<\/p>\n\n\n\n<p>As paredes da capela s\u00e3o tamb\u00e9m muito impressionantes, especialmente o enorme fresco do Ju\u00edzo Final tamb\u00e9m pintado por Michelangelo. Tenta encontrar o suposto auto-retrato do artista entre as mais de 300 figuras retratadas na cena.<\/p>\n\n\n\n<div class=\"ms-shadow-sm ms-rounded ms-cta-banner-bgc ms-mb-block ms-cta\">\n<div class=\"gb-element-088d33d5\">\n<div class=\"ms-cta-banner-bgc__body ms-p-sm\">\n<h3 class=\"gb-text ms-link-unstyled ms-text-xl gb-text-ea7319a1\"><a href=\"https:\/\/www.tiqets.com\/pt\/rome-attractions-c71631\/tickets-for-vatican-museums-sistine-chapel-st-peter-s-basilica-full-guided-tour-p1111538\/?partner=romeinfo\" rel=\"nofollow noopener\">\u26ea Fura a Fila nos Museus do Vaticano &amp; Capela Sistina<\/a><\/h3>\n\n\n\n<p class=\"gb-text ms-text-muted ms-mb-0 ms-text-sm gb-text-3cae238c\">Admira as obras-primas de Michelangelo sem esperar. Acesso priorit\u00e1rio aos Museus do Vaticano, Salas de Rafael e Capela Sistina com guia especializado. Escolhe entre visitas standard ou semi-privadas. Acesso VIP \u00e0 Bas\u00edlica de S\u00e3o Pedro inclu\u00eddo.<\/p>\n<\/div>\n\n\n\n<div class=\"ms-cta-banner-bgc__header ms-p-sm\">\n<a class=\"gb-text ms-btn ms-btn--primary gb-text-9ce270d7\" rel=\"nofollow noopener\" href=\"https:\/\/www.tiqets.com\/pt\/rome-attractions-c71631\/tickets-for-vatican-museums-sistine-chapel-st-peter-s-basilica-full-guided-tour-p1111538\/?partner=romeinfo\">Verificar Disponibilidade<\/a>\n<\/div>\n<\/div>\n<\/div>\n\n\n\n<h2 class=\"wp-block-heading\">Descobre as Camadas da Hist\u00f3ria em Castel Sant&#8217;Angelo<\/h2>\n\n\n<div class=\"ms-credits\">\n<a href=\"https:\/\/www.rome.info\/pt\/atracoes\/castel-sant-angelo\/\"><img decoding=\"async\" class=\"gb-media-0ea687b2\" src=\"https:\/\/www.rome.info\/wp-content\/uploads\/f-castel-sant-angelo-1.jpg\" alt=\"Vista de Castel Sant'Angelo a partir da Ponte Sant'Angelo.\"\/><\/a>\n<span class='ms-credits__info' id='media904'><svg xmlns=\"http:\/\/www.w3.org\/2000\/svg\" width=\"20\" height=\"22\" fill=\"#000000\" viewBox=\"0 0 256 256\"><path d=\"M128,24A104,104,0,1,0,232,128,104.11,104.11,0,0,0,128,24Zm0,192a88,88,0,1,1,88-88A88.1,88.1,0,0,1,128,216ZM96,128a32,32,0,0,0,57.6,19.2,8,8,0,0,1,12.8,9.61,48,48,0,1,1,0-57.62,8,8,0,0,1-12.8,9.61A32,32,0,0,0,96,128Z\"><\/path><\/svg>kmiragaya\/<a href=https:\/\/depositphotos.com\/165048210\/stock-photo-castel-santangelo-and-the-ponte.html rel='nofollow' target='_blank'>Depositphotos<\/a><\/span><span class='ms-credits__btn' id='btn_media904' onclick='ms_credits_trigger(\"#media904\", this)'><svg xmlns=\"http:\/\/www.w3.org\/2000\/svg\" class=\"info_icon\" width=\"28\" height=\"28\" fill=\"#FFF\" viewBox=\"0 0 256 256\"><path d=\"M128,24A104,104,0,1,0,232,128,104.11,104.11,0,0,0,128,24Zm0,192a88,88,0,1,1,88-88A88.1,88.1,0,0,1,128,216Zm16-40a8,8,0,0,1-8,8,16,16,0,0,1-16-16V128a8,8,0,0,1,0-16,16,16,0,0,1,16,16v40A8,8,0,0,1,144,176ZM112,84a12,12,0,1,1,12,12A12,12,0,0,1,112,84Z\"><\/path><\/svg><svg xmlns=\"http:\/\/www.w3.org\/2000\/svg\" class=\"close_icon\" width=\"28\" height=\"28\" fill=\"#FFF\" viewBox=\"0 0 256 256\"><path d=\"M165.66,101.66,139.31,128l26.35,26.34a8,8,0,0,1-11.32,11.32L128,139.31l-26.34,26.35a8,8,0,0,1-11.32-11.32L116.69,128,90.34,101.66a8,8,0,0,1,11.32-11.32L128,116.69l26.34-26.35a8,8,0,0,1,11.32,11.32ZM232,128A104,104,0,1,1,128,24,104.11,104.11,0,0,1,232,128Zm-16,0a88,88,0,1,0-88,88A88.1,88.1,0,0,0,216,128Z\"><\/path><\/svg><\/span><\/div>\n\n\n<p>Mausol\u00e9u, castelo, fortaleza, ref\u00fagio, pris\u00e3o: estes s\u00e3o os in\u00fameros termos usados para descrever <a href=\"https:\/\/www.rome.info\/pt\/atracoes\/castel-sant-angelo\/\">Castel Sant&#8217;Angelo<\/a> ao longo da sua longa e turbulenta hist\u00f3ria. As suas v\u00e1rias fun\u00e7\u00f5es ao longo do tempo criaram o aspeto \u00fanico que tem hoje.<\/p>\n\n\n\n<p>Atualmente \u00e9 um museu onde podes aprender sobre a sua hist\u00f3ria e explorar alguns dos aposentos. N\u00e3o te esque\u00e7as de subir ao Terra\u00e7o do Anjo para obter vistas deslumbrantes da cidade de Roma e da Ponte Sant&#8217;Angelo abaixo, a bela ponte dos anjos.<\/p>\n\n\n\n<h2 class=\"wp-block-heading\">Maravilha-te com a Maior C\u00fapula de Bet\u00e3o do Mundo no Pante\u00e3o<\/h2>\n\n\n<div class=\"ms-credits\">\n<a href=\"https:\/\/www.rome.info\/pt\/atracoes\/panteao\/\"><img decoding=\"async\" class=\"gb-media-4899202a\" src=\"https:\/\/www.rome.info\/wp-content\/uploads\/f-pantheon-dome.jpg\" alt=\"Um raio de luz passa pelo \u00f3culo na c\u00fapula do Pante\u00e3o.\"\/><\/a>\n<span class='ms-credits__info' id='media905'><svg xmlns=\"http:\/\/www.w3.org\/2000\/svg\" width=\"20\" height=\"22\" fill=\"#000000\" viewBox=\"0 0 256 256\"><path d=\"M128,24A104,104,0,1,0,232,128,104.11,104.11,0,0,0,128,24Zm0,192a88,88,0,1,1,88-88A88.1,88.1,0,0,1,128,216ZM96,128a32,32,0,0,0,57.6,19.2,8,8,0,0,1,12.8,9.61,48,48,0,1,1,0-57.62,8,8,0,0,1-12.8,9.61A32,32,0,0,0,96,128Z\"><\/path><\/svg>perseomedusa\/<a href=https:\/\/depositphotos.com\/6917524\/stock-photo-interior-of-rome-pantheon-with.html rel='nofollow' target='_blank'>Depositphotos<\/a><\/span><span class='ms-credits__btn' id='btn_media905' onclick='ms_credits_trigger(\"#media905\", this)'><svg xmlns=\"http:\/\/www.w3.org\/2000\/svg\" class=\"info_icon\" width=\"28\" height=\"28\" fill=\"#FFF\" viewBox=\"0 0 256 256\"><path d=\"M128,24A104,104,0,1,0,232,128,104.11,104.11,0,0,0,128,24Zm0,192a88,88,0,1,1,88-88A88.1,88.1,0,0,1,128,216Zm16-40a8,8,0,0,1-8,8,16,16,0,0,1-16-16V128a8,8,0,0,1,0-16,16,16,0,0,1,16,16v40A8,8,0,0,1,144,176ZM112,84a12,12,0,1,1,12,12A12,12,0,0,1,112,84Z\"><\/path><\/svg><svg xmlns=\"http:\/\/www.w3.org\/2000\/svg\" class=\"close_icon\" width=\"28\" height=\"28\" fill=\"#FFF\" viewBox=\"0 0 256 256\"><path d=\"M165.66,101.66,139.31,128l26.35,26.34a8,8,0,0,1-11.32,11.32L128,139.31l-26.34,26.35a8,8,0,0,1-11.32-11.32L116.69,128,90.34,101.66a8,8,0,0,1,11.32-11.32L128,116.69l26.34-26.35a8,8,0,0,1,11.32,11.32ZM232,128A104,104,0,1,1,128,24,104.11,104.11,0,0,1,232,128Zm-16,0a88,88,0,1,0-88,88A88.1,88.1,0,0,0,216,128Z\"><\/path><\/svg><\/span><\/div>\n\n\n<p>O <a href=\"https:\/\/www.rome.info\/pt\/atracoes\/panteao\/\">Pante\u00e3o<\/a>, o templo de todos os deuses, \u00e9 o monumento romano antigo mais bem conservado do mundo. Constru\u00edda h\u00e1 quase 2.000 anos, a c\u00fapula de bet\u00e3o n\u00e3o refor\u00e7ado ainda intacta \u00e9 uma maravilha arquitet\u00f3nica.<\/p>\n\n\n\n<p>A igreja \u00e9 tamb\u00e9m o local de descanso final do famoso artista renascentista Rafael e dos dois primeiros reis de uma It\u00e1lia unificada: Vittorio Emanuele II e Umberto I.<\/p>\n\n\n\n<p>Dica de insider: Para ver algo verdadeiramente m\u00e1gico, vai l\u00e1 quando estiver a chover. H\u00e1 algo de especial em ver a \u00e1gua cair livremente pelo \u00f3culo deste espa\u00e7o sagrado que quase parece divino.<\/p>\n\n\n\n<h2 class=\"wp-block-heading\">Admira as Fontes Barrocas na Piazza Navona<\/h2>\n\n\n<div class=\"ms-credits\">\n<a href=\"https:\/\/www.rome.info\/attractions\/piazza-navona\/\"><img decoding=\"async\" class=\"gb-media-982a78e1\" src=\"https:\/\/www.rome.info\/wp-content\/uploads\/f-piazza-navona-1.jpg\" alt=\"Piazza Navona ao crep\u00fasculo.\"\/><\/a>\n<span class='ms-credits__info' id='media906'><svg xmlns=\"http:\/\/www.w3.org\/2000\/svg\" width=\"20\" height=\"22\" fill=\"#000000\" viewBox=\"0 0 256 256\"><path d=\"M128,24A104,104,0,1,0,232,128,104.11,104.11,0,0,0,128,24Zm0,192a88,88,0,1,1,88-88A88.1,88.1,0,0,1,128,216ZM96,128a32,32,0,0,0,57.6,19.2,8,8,0,0,1,12.8,9.61,48,48,0,1,1,0-57.62,8,8,0,0,1-12.8,9.61A32,32,0,0,0,96,128Z\"><\/path><\/svg>f11photo\/<a href=https:\/\/depositphotos.com\/407938226\/stock-photo-piazza-navona-rome-italy-twilight.html rel='nofollow' target='_blank'>Depositphotos<\/a><\/span><span class='ms-credits__btn' id='btn_media906' onclick='ms_credits_trigger(\"#media906\", this)'><svg xmlns=\"http:\/\/www.w3.org\/2000\/svg\" class=\"info_icon\" width=\"28\" height=\"28\" fill=\"#FFF\" viewBox=\"0 0 256 256\"><path d=\"M128,24A104,104,0,1,0,232,128,104.11,104.11,0,0,0,128,24Zm0,192a88,88,0,1,1,88-88A88.1,88.1,0,0,1,128,216Zm16-40a8,8,0,0,1-8,8,16,16,0,0,1-16-16V128a8,8,0,0,1,0-16,16,16,0,0,1,16,16v40A8,8,0,0,1,144,176ZM112,84a12,12,0,1,1,12,12A12,12,0,0,1,112,84Z\"><\/path><\/svg><svg xmlns=\"http:\/\/www.w3.org\/2000\/svg\" class=\"close_icon\" width=\"28\" height=\"28\" fill=\"#FFF\" viewBox=\"0 0 256 256\"><path d=\"M165.66,101.66,139.31,128l26.35,26.34a8,8,0,0,1-11.32,11.32L128,139.31l-26.34,26.35a8,8,0,0,1-11.32-11.32L116.69,128,90.34,101.66a8,8,0,0,1,11.32-11.32L128,116.69l26.34-26.35a8,8,0,0,1,11.32,11.32ZM232,128A104,104,0,1,1,128,24,104.11,104.11,0,0,1,232,128Zm-16,0a88,88,0,1,0-88,88A88.1,88.1,0,0,0,216,128Z\"><\/path><\/svg><\/span><\/div>\n\n\n<p><a href=\"https:\/\/www.rome.info\/attractions\/piazza-navona\/\">Piazza Navona<\/a> \u00e9 uma das pra\u00e7as mais belas de Roma. Conhecida pela sua forma oval alongada, \u00e9 tamb\u00e9m famosa por ter uma das mais c\u00e9lebres fontes de Bernini como pe\u00e7a central. A Fonte dos Quatro Rios \u00e9 uma obra-prima barroca com quatro rios personificados e encimada por um obelisco eg\u00edpcio.<\/p>\n\n\n\n<p>Diretamente em frente \u00e0 fonte est\u00e1 a igreja barroca de Sant&#8217;Agnese in Agone, projetada pelo audacioso arquiteto Francesco Borromini. A lenda diz que havia uma rivalidade entre os dois artistas.<\/p>\n\n\n\n<p>Se estiveres em Roma no Natal, n\u00e3o percas o mercado natal\u00edcio anual realizado nesta pra\u00e7a.<\/p>\n\n\n\n<h2 class=\"wp-block-heading\">Atira uma Moeda (ou Duas ou Tr\u00eas) para a Fontana di Trevi<\/h2>\n\n\n<div class=\"ms-credits\">\n<a href=\"https:\/\/www.rome.info\/pt\/atracoes\/fontana-di-trevi\/\"><img decoding=\"async\" class=\"gb-media-bc9a6791\" src=\"https:\/\/www.rome.info\/wp-content\/uploads\/f-trevi-fountain-1.jpg\" alt=\"Fontana di Trevi.\"\/><\/a>\n<span class='ms-credits__info' id='media908'><svg xmlns=\"http:\/\/www.w3.org\/2000\/svg\" width=\"20\" height=\"22\" fill=\"#000000\" viewBox=\"0 0 256 256\"><path d=\"M128,24A104,104,0,1,0,232,128,104.11,104.11,0,0,0,128,24Zm0,192a88,88,0,1,1,88-88A88.1,88.1,0,0,1,128,216ZM96,128a32,32,0,0,0,57.6,19.2,8,8,0,0,1,12.8,9.61,48,48,0,1,1,0-57.62,8,8,0,0,1-12.8,9.61A32,32,0,0,0,96,128Z\"><\/path><\/svg>TTstudio\/<a href=https:\/\/depositphotos.com\/69691037\/stock-photo-trevi-fountain-rome-italy.html rel='nofollow' target='_blank'>Depositphotos<\/a><\/span><span class='ms-credits__btn' id='btn_media908' onclick='ms_credits_trigger(\"#media908\", this)'><svg xmlns=\"http:\/\/www.w3.org\/2000\/svg\" class=\"info_icon\" width=\"28\" height=\"28\" fill=\"#FFF\" viewBox=\"0 0 256 256\"><path d=\"M128,24A104,104,0,1,0,232,128,104.11,104.11,0,0,0,128,24Zm0,192a88,88,0,1,1,88-88A88.1,88.1,0,0,1,128,216Zm16-40a8,8,0,0,1-8,8,16,16,0,0,1-16-16V128a8,8,0,0,1,0-16,16,16,0,0,1,16,16v40A8,8,0,0,1,144,176ZM112,84a12,12,0,1,1,12,12A12,12,0,0,1,112,84Z\"><\/path><\/svg><svg xmlns=\"http:\/\/www.w3.org\/2000\/svg\" class=\"close_icon\" width=\"28\" height=\"28\" fill=\"#FFF\" viewBox=\"0 0 256 256\"><path d=\"M165.66,101.66,139.31,128l26.35,26.34a8,8,0,0,1-11.32,11.32L128,139.31l-26.34,26.35a8,8,0,0,1-11.32-11.32L116.69,128,90.34,101.66a8,8,0,0,1,11.32-11.32L128,116.69l26.34-26.35a8,8,0,0,1,11.32,11.32ZM232,128A104,104,0,1,1,128,24,104.11,104.11,0,0,1,232,128Zm-16,0a88,88,0,1,0-88,88A88.1,88.1,0,0,0,216,128Z\"><\/path><\/svg><\/span><\/div>\n\n\n<p>A <a href=\"https:\/\/www.rome.info\/pt\/atracoes\/fontana-di-trevi\/\">Fontana di Trevi<\/a> \u00e9 sem d\u00favida a fonte mais bela e famosa do mundo e um dos locais tur\u00edsticos mais populares de Roma. Para ver a fonte sem as hordas de turistas, vai l\u00e1 ao romper do dia. Acredita, vale a pena.<\/p>\n\n\n\n<p>Segundo a lenda, se atirares uma moeda para a fonte voltar\u00e1s a Roma; se atirares duas, encontrar\u00e1s o grande amor; se atirares tr\u00eas, casar\u00e1s com o teu grande amor em Roma.<\/p>\n\n\n\n<h2 class=\"wp-block-heading\">Desfruta das Tuas F\u00e9rias Romanas na Piazza di Spagna<\/h2>\n\n\n<figure>\n                    <div class=\"ms-credits\"><img decoding=\"async\" class=\"gb-image gb-image-ae89c864\" src=\"https:\/\/www.rome.info\/wp-content\/uploads\/f-piazza-di-spagna-spanish-steps.jpg\" alt=\"Vista das Escadarias de Espanha desde a Piazza di Spagna em Roma.\"><span class='ms-credits__info' id='media717'><svg xmlns=\"http:\/\/www.w3.org\/2000\/svg\" width=\"20\" height=\"22\" fill=\"#000000\" viewBox=\"0 0 256 256\"><path d=\"M128,24A104,104,0,1,0,232,128,104.11,104.11,0,0,0,128,24Zm0,192a88,88,0,1,1,88-88A88.1,88.1,0,0,1,128,216ZM96,128a32,32,0,0,0,57.6,19.2,8,8,0,0,1,12.8,9.61,48,48,0,1,1,0-57.62,8,8,0,0,1-12.8,9.61A32,32,0,0,0,96,128Z\"><\/path><\/svg>sborisov\/<a href=https:\/\/depositphotos.com\/20817237\/stock-photo-spanish-steps-at-morning-rome.html rel='nofollow' target='_blank'>Depositphotos<\/a><\/span><span class='ms-credits__btn' id='btn_media717' onclick='ms_credits_trigger(\"#media717\", this)'><svg xmlns=\"http:\/\/www.w3.org\/2000\/svg\" class=\"info_icon\" width=\"28\" height=\"28\" fill=\"#FFF\" viewBox=\"0 0 256 256\"><path d=\"M128,24A104,104,0,1,0,232,128,104.11,104.11,0,0,0,128,24Zm0,192a88,88,0,1,1,88-88A88.1,88.1,0,0,1,128,216Zm16-40a8,8,0,0,1-8,8,16,16,0,0,1-16-16V128a8,8,0,0,1,0-16,16,16,0,0,1,16,16v40A8,8,0,0,1,144,176ZM112,84a12,12,0,1,1,12,12A12,12,0,0,1,112,84Z\"><\/path><\/svg><svg xmlns=\"http:\/\/www.w3.org\/2000\/svg\" class=\"close_icon\" width=\"28\" height=\"28\" fill=\"#FFF\" viewBox=\"0 0 256 256\"><path d=\"M165.66,101.66,139.31,128l26.35,26.34a8,8,0,0,1-11.32,11.32L128,139.31l-26.34,26.35a8,8,0,0,1-11.32-11.32L116.69,128,90.34,101.66a8,8,0,0,1,11.32-11.32L128,116.69l26.34-26.35a8,8,0,0,1,11.32,11.32ZM232,128A104,104,0,1,1,128,24,104.11,104.11,0,0,1,232,128Zm-16,0a88,88,0,1,0-88,88A88.1,88.1,0,0,0,216,128Z\"><\/path><\/svg><\/span><\/div><\/figure>\n\n\n<p><a href=\"https:\/\/www.rome.info\/attractions\/piazza-di-spagna\/\">Piazza di Spagna<\/a> ganhou proje\u00e7\u00e3o nos s\u00e9culos XVIII e XIX quando os viajantes do Grand Tour se instalavam aqui. A influ\u00eancia inglesa faz-se sentir claramente, pois \u00e9 aqui que se encontram o museu Keats-Shelley House e a Babington&#8217;s Tea Room, onde podes desfrutar de uma aut\u00eantica experi\u00eancia de ch\u00e1.<\/p>\n\n\n\n<p>Piazza di Spagna \u00e9 tamb\u00e9m o local das Escadarias de Espanha, tornadas famosas pelo filme de Hollywood dos anos 50 com Audrey Hepburn.<\/p>\n\n\n\n<h2 class=\"wp-block-heading\">V\u00ea a Ic\u00f3nica Est\u00e1tua da Loba nos Museus Capitolinos<\/h2>\n\n\n<figure>\n                    <div class=\"ms-credits\"><img decoding=\"async\" class=\"gb-image gb-image-c6f973b8\" src=\"https:\/\/www.rome.info\/wp-content\/uploads\/f-capitoline-wolf-statue.jpg\" alt=\"Est\u00e1tua da Loba Capitolina nos Museus Capitolinos.\"><span class='ms-credits__info' id='media883'><svg xmlns=\"http:\/\/www.w3.org\/2000\/svg\" width=\"20\" height=\"22\" fill=\"#000000\" viewBox=\"0 0 256 256\"><path d=\"M128,24A104,104,0,1,0,232,128,104.11,104.11,0,0,0,128,24Zm0,192a88,88,0,1,1,88-88A88.1,88.1,0,0,1,128,216ZM96,128a32,32,0,0,0,57.6,19.2,8,8,0,0,1,12.8,9.61,48,48,0,1,1,0-57.62,8,8,0,0,1-12.8,9.61A32,32,0,0,0,96,128Z\"><\/path><\/svg><a href=https:\/\/pixabay.com\/photos\/bronze-sculpture-capitoline-she-wolf-3676172\/ rel='nofollow' target='_blank'>Pixabay<\/a><\/span><span class='ms-credits__btn' id='btn_media883' onclick='ms_credits_trigger(\"#media883\", this)'><svg xmlns=\"http:\/\/www.w3.org\/2000\/svg\" class=\"info_icon\" width=\"28\" height=\"28\" fill=\"#FFF\" viewBox=\"0 0 256 256\"><path d=\"M128,24A104,104,0,1,0,232,128,104.11,104.11,0,0,0,128,24Zm0,192a88,88,0,1,1,88-88A88.1,88.1,0,0,1,128,216Zm16-40a8,8,0,0,1-8,8,16,16,0,0,1-16-16V128a8,8,0,0,1,0-16,16,16,0,0,1,16,16v40A8,8,0,0,1,144,176ZM112,84a12,12,0,1,1,12,12A12,12,0,0,1,112,84Z\"><\/path><\/svg><svg xmlns=\"http:\/\/www.w3.org\/2000\/svg\" class=\"close_icon\" width=\"28\" height=\"28\" fill=\"#FFF\" viewBox=\"0 0 256 256\"><path d=\"M165.66,101.66,139.31,128l26.35,26.34a8,8,0,0,1-11.32,11.32L128,139.31l-26.34,26.35a8,8,0,0,1-11.32-11.32L116.69,128,90.34,101.66a8,8,0,0,1,11.32-11.32L128,116.69l26.34-26.35a8,8,0,0,1,11.32,11.32ZM232,128A104,104,0,1,1,128,24,104.11,104.11,0,0,1,232,128Zm-16,0a88,88,0,1,0-88,88A88.1,88.1,0,0,0,216,128Z\"><\/path><\/svg><\/span><\/div><\/figure>\n\n\n<p>Os <a href=\"https:\/\/www.rome.info\/pt\/atracoes\/museus-capitolinos\/\">Museus Capitolinos<\/a> s\u00e3o considerados o primeiro museu p\u00fablico do mundo. Instalados em dois edif\u00edcios ligados por um t\u00fanel subterr\u00e2neo, o museu cont\u00e9m uma incr\u00edvel cole\u00e7\u00e3o de est\u00e1tuas antigas e outras obras de arte ligadas \u00e0 cidade de Roma.<\/p>\n\n\n\n<p>N\u00e3o percas o s\u00edmbolo de Roma, a loba a amamentar os g\u00e9meos; os gigantescos restos do Colosso de Constantino; ou a est\u00e1tua equestre de Marco Aur\u00e9lio, a \u00fanica est\u00e1tua de bronze intacta da Antiguidade.<\/p>\n\n\n\n<h2 class=\"wp-block-heading\">Maravilha-te com a Piazza del Campidoglio de Michelangelo<\/h2>\n\n\n<figure>\n                    <div class=\"ms-credits\"><img decoding=\"async\" class=\"gb-image gb-image-9e554169\" src=\"https:\/\/www.rome.info\/wp-content\/uploads\/f-piazza-del-campidoglio.jpg\" alt=\"Nascer do sol na Piazza del Campidoglio em Roma com a est\u00e1tua de Marco Aur\u00e9lio no centro da imagem.\"><span class='ms-credits__info' id='media719'><svg xmlns=\"http:\/\/www.w3.org\/2000\/svg\" width=\"20\" height=\"22\" fill=\"#000000\" viewBox=\"0 0 256 256\"><path d=\"M128,24A104,104,0,1,0,232,128,104.11,104.11,0,0,0,128,24Zm0,192a88,88,0,1,1,88-88A88.1,88.1,0,0,1,128,216ZM96,128a32,32,0,0,0,57.6,19.2,8,8,0,0,1,12.8,9.61,48,48,0,1,1,0-57.62,8,8,0,0,1-12.8,9.61A32,32,0,0,0,96,128Z\"><\/path><\/svg>luckyphotographer\/<a href=https:\/\/depositphotos.com\/244749152\/stock-photo-capitol-rome-sunrise-piazza-del.html rel='nofollow' target='_blank'>Depositphotos<\/a><\/span><span class='ms-credits__btn' id='btn_media719' onclick='ms_credits_trigger(\"#media719\", this)'><svg xmlns=\"http:\/\/www.w3.org\/2000\/svg\" class=\"info_icon\" width=\"28\" height=\"28\" fill=\"#FFF\" viewBox=\"0 0 256 256\"><path d=\"M128,24A104,104,0,1,0,232,128,104.11,104.11,0,0,0,128,24Zm0,192a88,88,0,1,1,88-88A88.1,88.1,0,0,1,128,216Zm16-40a8,8,0,0,1-8,8,16,16,0,0,1-16-16V128a8,8,0,0,1,0-16,16,16,0,0,1,16,16v40A8,8,0,0,1,144,176ZM112,84a12,12,0,1,1,12,12A12,12,0,0,1,112,84Z\"><\/path><\/svg><svg xmlns=\"http:\/\/www.w3.org\/2000\/svg\" class=\"close_icon\" width=\"28\" height=\"28\" fill=\"#FFF\" viewBox=\"0 0 256 256\"><path d=\"M165.66,101.66,139.31,128l26.35,26.34a8,8,0,0,1-11.32,11.32L128,139.31l-26.34,26.35a8,8,0,0,1-11.32-11.32L116.69,128,90.34,101.66a8,8,0,0,1,11.32-11.32L128,116.69l26.34-26.35a8,8,0,0,1,11.32,11.32ZM232,128A104,104,0,1,1,128,24,104.11,104.11,0,0,1,232,128Zm-16,0a88,88,0,1,0-88,88A88.1,88.1,0,0,0,216,128Z\"><\/path><\/svg><\/span><\/div><\/figure>\n\n\n<p>No topo do Monte Capitolino fica uma das pra\u00e7as mais belas que se conhecem. Sobe para ver a obra-prima conhecida como <a href=\"https:\/\/www.rome.info\/attractions\/piazza-del-campidoglio\/\">Piazza del Campidoglio<\/a>, projetada pelo pr\u00f3prio Michelangelo.<\/p>\n\n\n\n<p>A pe\u00e7a central da pra\u00e7a \u00e9 uma imponente est\u00e1tua equestre de Marco Aur\u00e9lio a olhar para a cidade de Roma, e de cada lado est\u00e3o os edif\u00edcios dos Museus Capitolinos. A pra\u00e7a \u00e9 tamb\u00e9m conhecida por ser um dos melhores locais para ter uma vista a\u00e9rea do F\u00f3rum Romano.<\/p>\n\n\n\n<h2 class=\"wp-block-heading\">Anda de Bicicleta pela Villa Borghese<\/h2>\n\n\n<figure>\n                    <div class=\"ms-credits\"><img decoding=\"async\" class=\"gb-image gb-image-1fbac384\" src=\"https:\/\/www.rome.info\/wp-content\/uploads\/f-villa-borghese.jpg\" alt=\"Vista da Villa Borghese e do seu jardim.\"><span class='ms-credits__info' id='media700'><svg xmlns=\"http:\/\/www.w3.org\/2000\/svg\" width=\"20\" height=\"22\" fill=\"#000000\" viewBox=\"0 0 256 256\"><path d=\"M128,24A104,104,0,1,0,232,128,104.11,104.11,0,0,0,128,24Zm0,192a88,88,0,1,1,88-88A88.1,88.1,0,0,1,128,216ZM96,128a32,32,0,0,0,57.6,19.2,8,8,0,0,1,12.8,9.61,48,48,0,1,1,0-57.62,8,8,0,0,1-12.8,9.61A32,32,0,0,0,96,128Z\"><\/path><\/svg><a href=https:\/\/depositphotos.com\/12532135\/stock-photo-villa-borghese-rome-italy.html rel='nofollow' target='_blank'>Depositphotos<\/a><\/span><span class='ms-credits__btn' id='btn_media700' onclick='ms_credits_trigger(\"#media700\", this)'><svg xmlns=\"http:\/\/www.w3.org\/2000\/svg\" class=\"info_icon\" width=\"28\" height=\"28\" fill=\"#FFF\" viewBox=\"0 0 256 256\"><path d=\"M128,24A104,104,0,1,0,232,128,104.11,104.11,0,0,0,128,24Zm0,192a88,88,0,1,1,88-88A88.1,88.1,0,0,1,128,216Zm16-40a8,8,0,0,1-8,8,16,16,0,0,1-16-16V128a8,8,0,0,1,0-16,16,16,0,0,1,16,16v40A8,8,0,0,1,144,176ZM112,84a12,12,0,1,1,12,12A12,12,0,0,1,112,84Z\"><\/path><\/svg><svg xmlns=\"http:\/\/www.w3.org\/2000\/svg\" class=\"close_icon\" width=\"28\" height=\"28\" fill=\"#FFF\" viewBox=\"0 0 256 256\"><path d=\"M165.66,101.66,139.31,128l26.35,26.34a8,8,0,0,1-11.32,11.32L128,139.31l-26.34,26.35a8,8,0,0,1-11.32-11.32L116.69,128,90.34,101.66a8,8,0,0,1,11.32-11.32L128,116.69l26.34-26.35a8,8,0,0,1,11.32,11.32ZM232,128A104,104,0,1,1,128,24,104.11,104.11,0,0,1,232,128Zm-16,0a88,88,0,1,0-88,88A88.1,88.1,0,0,0,216,128Z\"><\/path><\/svg><\/span><\/div><\/figure>\n\n\n<p>A <a href=\"https:\/\/www.rome.info\/pt\/atracoes\/villa-borghese\/\">Villa Borghese<\/a> \u00e9 um dos maiores parques urbanos da Europa. Situada no Monte Pincio, \u00e9 a combina\u00e7\u00e3o perfeita de vegeta\u00e7\u00e3o exuberante e rom\u00e2nticas esculturas e arquitetura romanas.<\/p>\n\n\n\n<p>H\u00e1 muitas coisas para ver no parque, como o rel\u00f3gio de \u00e1gua do s\u00e9culo XIX \u2014 uma proeza de engenharia \u2014 ou o Silvano Toti Globe Theatre \u2014 uma r\u00e9plica do Globe de Shakespeare. Uma das nossas atividades favoritas \u00e9 alugar uma bicicleta ou patins e percorrer o parque sobre rodas.<\/p>\n\n\n\n<p>N\u00e3o percas o Terra\u00e7o Pincio para vistas panor\u00e2micas de tirar o f\u00f4lego de Roma. Conta as c\u00fapulas e v\u00ea se consegues identificar a Bas\u00edlica de S\u00e3o Pedro.<\/p>\n\n\n\n<h2 class=\"wp-block-heading\">Admira Obras-Primas de Bernini na Galleria Borghese<\/h2>\n\n\n<figure>\n                    <div class=\"ms-credits\"><img decoding=\"async\" class=\"gb-image gb-image-66883157\" src=\"https:\/\/www.rome.info\/wp-content\/uploads\/f-rape-of-proserpina-galleria-borghese.jpg\" alt=\"'O Rapto de Proserpina' de Bernini localizado no interior da Galleria Borghese.\"><span class='ms-credits__info' id='media911'><svg xmlns=\"http:\/\/www.w3.org\/2000\/svg\" width=\"20\" height=\"22\" fill=\"#000000\" viewBox=\"0 0 256 256\"><path d=\"M128,24A104,104,0,1,0,232,128,104.11,104.11,0,0,0,128,24Zm0,192a88,88,0,1,1,88-88A88.1,88.1,0,0,1,128,216ZM96,128a32,32,0,0,0,57.6,19.2,8,8,0,0,1,12.8,9.61,48,48,0,1,1,0-57.62,8,8,0,0,1-12.8,9.61A32,32,0,0,0,96,128Z\"><\/path><\/svg><a href=https:\/\/depositphotos.com\/313500512\/stock-photo-baroque-marble-sculpture-rape-of.html rel='nofollow' target='_blank'>Depositphotos<\/a><\/span><span class='ms-credits__btn' id='btn_media911' onclick='ms_credits_trigger(\"#media911\", this)'><svg xmlns=\"http:\/\/www.w3.org\/2000\/svg\" class=\"info_icon\" width=\"28\" height=\"28\" fill=\"#FFF\" viewBox=\"0 0 256 256\"><path d=\"M128,24A104,104,0,1,0,232,128,104.11,104.11,0,0,0,128,24Zm0,192a88,88,0,1,1,88-88A88.1,88.1,0,0,1,128,216Zm16-40a8,8,0,0,1-8,8,16,16,0,0,1-16-16V128a8,8,0,0,1,0-16,16,16,0,0,1,16,16v40A8,8,0,0,1,144,176ZM112,84a12,12,0,1,1,12,12A12,12,0,0,1,112,84Z\"><\/path><\/svg><svg xmlns=\"http:\/\/www.w3.org\/2000\/svg\" class=\"close_icon\" width=\"28\" height=\"28\" fill=\"#FFF\" viewBox=\"0 0 256 256\"><path d=\"M165.66,101.66,139.31,128l26.35,26.34a8,8,0,0,1-11.32,11.32L128,139.31l-26.34,26.35a8,8,0,0,1-11.32-11.32L116.69,128,90.34,101.66a8,8,0,0,1,11.32-11.32L128,116.69l26.34-26.35a8,8,0,0,1,11.32,11.32ZM232,128A104,104,0,1,1,128,24,104.11,104.11,0,0,1,232,128Zm-16,0a88,88,0,1,0-88,88A88.1,88.1,0,0,0,216,128Z\"><\/path><\/svg><\/span><\/div><\/figure>\n\n\n<p>A <a href=\"https:\/\/www.rome.info\/pt\/atracoes\/villa-borghese\/\">Galleria Borghese<\/a> \u00e9 uma das mais magn\u00edficas galerias de arte privadas do mundo. Al\u00e9m de conter pinturas de artistas excepcionais como Rafael, Caravaggio e Ticiano, tem tamb\u00e9m uma das melhores cole\u00e7\u00f5es de escultura barroca em Roma.<\/p>\n\n\n\n<p>O Rapto de Proserpina e Apolo e Dafne, ambos de Bernini, s\u00e3o dois grandes exemplos de como o movimento pode ser imortalizado em m\u00e1rmore.<\/p>\n\n\n\n<p>Se s\u00f3 tiveres tempo para ver uma galeria durante a tua estadia em Roma, que seja esta. \u00c9 uma das 10 principais coisas para fazer em Roma.<\/p>\n\n\n\n<h2 class=\"wp-block-heading\">Explora um S\u00edtio Arqueol\u00f3gico em Ostia Antica<\/h2>\n\n\n<figure>\n                    <div class=\"ms-credits\"><img decoding=\"async\" class=\"gb-image gb-image-0ca8337e\" src=\"https:\/\/www.rome.info\/wp-content\/uploads\/f-ostia-antica-streetview.jpg\" alt=\"Vista de rua da antiga cidade de Ostia Antica.\"><span class='ms-credits__info' id='media912'><svg xmlns=\"http:\/\/www.w3.org\/2000\/svg\" width=\"20\" height=\"22\" fill=\"#000000\" viewBox=\"0 0 256 256\"><path d=\"M128,24A104,104,0,1,0,232,128,104.11,104.11,0,0,0,128,24Zm0,192a88,88,0,1,1,88-88A88.1,88.1,0,0,1,128,216ZM96,128a32,32,0,0,0,57.6,19.2,8,8,0,0,1,12.8,9.61,48,48,0,1,1,0-57.62,8,8,0,0,1-12.8,9.61A32,32,0,0,0,96,128Z\"><\/path><\/svg><a href=https:\/\/depositphotos.com\/214445338\/stock-photo-archaeological-roman-empire-street-view.html rel='nofollow' target='_blank'>Depositphotos<\/a><\/span><span class='ms-credits__btn' id='btn_media912' onclick='ms_credits_trigger(\"#media912\", this)'><svg xmlns=\"http:\/\/www.w3.org\/2000\/svg\" class=\"info_icon\" width=\"28\" height=\"28\" fill=\"#FFF\" viewBox=\"0 0 256 256\"><path d=\"M128,24A104,104,0,1,0,232,128,104.11,104.11,0,0,0,128,24Zm0,192a88,88,0,1,1,88-88A88.1,88.1,0,0,1,128,216Zm16-40a8,8,0,0,1-8,8,16,16,0,0,1-16-16V128a8,8,0,0,1,0-16,16,16,0,0,1,16,16v40A8,8,0,0,1,144,176ZM112,84a12,12,0,1,1,12,12A12,12,0,0,1,112,84Z\"><\/path><\/svg><svg xmlns=\"http:\/\/www.w3.org\/2000\/svg\" class=\"close_icon\" width=\"28\" height=\"28\" fill=\"#FFF\" viewBox=\"0 0 256 256\"><path d=\"M165.66,101.66,139.31,128l26.35,26.34a8,8,0,0,1-11.32,11.32L128,139.31l-26.34,26.35a8,8,0,0,1-11.32-11.32L116.69,128,90.34,101.66a8,8,0,0,1,11.32-11.32L128,116.69l26.34-26.35a8,8,0,0,1,11.32,11.32ZM232,128A104,104,0,1,1,128,24,104.11,104.11,0,0,1,232,128Zm-16,0a88,88,0,1,0-88,88A88.1,88.1,0,0,0,216,128Z\"><\/path><\/svg><\/span><\/div><\/figure>\n\n\n<p>A apenas 30 km do centro de Roma fica um grande s\u00edtio arqueol\u00f3gico conhecido como <a href=\"https:\/\/www.rome.info\/trips\/ostia\/\">Ostia Antica<\/a>. O que foi outrora uma pr\u00f3spera cidade portu\u00e1ria durante o Imp\u00e9rio Romano \u00e9 agora uma magn\u00edfica cidade antiga em ru\u00ednas magnificamente preservada.<\/p>\n\n\n\n<p>Passa uma tarde a explorar os vest\u00edgios de tabernas, lojas, banhos p\u00fablicos e mesmo um grande teatro, e imagina como seria a vida h\u00e1 mil\u00e9nios.<\/p>\n\n\n\n<h2 class=\"wp-block-heading\">Visita um Cemit\u00e9rio Subterr\u00e2neo nas Catacumbas de S\u00e3o Calisto<\/h2>\n\n\n<figure>\n                    <div class=\"ms-credits\"><img decoding=\"async\" class=\"gb-image gb-image-18d0eb6f\" src=\"https:\/\/www.rome.info\/wp-content\/uploads\/f-catacombs-callixtus.jpg\" alt=\"Entrada para as Catacumbas de S\u00e3o Calisto em Roma.\"><span class='ms-credits__info' id='media704'><svg xmlns=\"http:\/\/www.w3.org\/2000\/svg\" width=\"20\" height=\"22\" fill=\"#000000\" viewBox=\"0 0 256 256\"><path d=\"M128,24A104,104,0,1,0,232,128,104.11,104.11,0,0,0,128,24Zm0,192a88,88,0,1,1,88-88A88.1,88.1,0,0,1,128,216ZM96,128a32,32,0,0,0,57.6,19.2,8,8,0,0,1,12.8,9.61,48,48,0,1,1,0-57.62,8,8,0,0,1-12.8,9.61A32,32,0,0,0,96,128Z\"><\/path><\/svg>Crisfotolux\/<a href=https:\/\/depositphotos.com\/369606768\/stock-photo-rome-italy-october-2015-entrance.html rel='nofollow' target='_blank'>Depositphotos<\/a><\/span><span class='ms-credits__btn' id='btn_media704' onclick='ms_credits_trigger(\"#media704\", this)'><svg xmlns=\"http:\/\/www.w3.org\/2000\/svg\" class=\"info_icon\" width=\"28\" height=\"28\" fill=\"#FFF\" viewBox=\"0 0 256 256\"><path d=\"M128,24A104,104,0,1,0,232,128,104.11,104.11,0,0,0,128,24Zm0,192a88,88,0,1,1,88-88A88.1,88.1,0,0,1,128,216Zm16-40a8,8,0,0,1-8,8,16,16,0,0,1-16-16V128a8,8,0,0,1,0-16,16,16,0,0,1,16,16v40A8,8,0,0,1,144,176ZM112,84a12,12,0,1,1,12,12A12,12,0,0,1,112,84Z\"><\/path><\/svg><svg xmlns=\"http:\/\/www.w3.org\/2000\/svg\" class=\"close_icon\" width=\"28\" height=\"28\" fill=\"#FFF\" viewBox=\"0 0 256 256\"><path d=\"M165.66,101.66,139.31,128l26.35,26.34a8,8,0,0,1-11.32,11.32L128,139.31l-26.34,26.35a8,8,0,0,1-11.32-11.32L116.69,128,90.34,101.66a8,8,0,0,1,11.32-11.32L128,116.69l26.34-26.35a8,8,0,0,1,11.32,11.32ZM232,128A104,104,0,1,1,128,24,104.11,104.11,0,0,1,232,128Zm-16,0a88,88,0,1,0-88,88A88.1,88.1,0,0,0,216,128Z\"><\/path><\/svg><\/span><\/div><\/figure>\n\n\n<p>Conhecidas como as mais famosas catacumbas crist\u00e3s de Roma, as <a href=\"https:\/\/www.rome.info\/attractions\/catacombs-of-callixtus\/\">Catacumbas de S\u00e3o Calisto<\/a> s\u00e3o tamb\u00e9m um dos cemit\u00e9rios oficiais mais antigos pertencentes \u00e0 Igreja de Roma, remontando a uma \u00e9poca de persegui\u00e7\u00e3o crist\u00e3 em que tinham de enterrar os seus mortos em segredo.<\/p>\n\n\n\n<p><a href=\"https:\/\/www.rome.info\/tours\/museums-and-catacombs\/\">Junta-te a uma visita guiada<\/a> para explorar a Cripta dos Nove Papas, admirar os mosaicos conservados e decifrar os misteriosos s\u00edmbolos crist\u00e3os gravados nas paredes.<\/p>\n\n\n\n<h2 class=\"wp-block-heading\">Passa um Dia num Spa Antigo nas Termas de Caracala<\/h2>\n\n\n<figure>\n                    <div class=\"ms-credits\"><img decoding=\"async\" class=\"gb-image gb-image-74c5a95c\" src=\"https:\/\/www.rome.info\/wp-content\/uploads\/f-baths-of-caracalla.jpg\" alt=\"As ru\u00ednas antigas das termas p\u00fablicas 'Termas de Caracala'.\"><span class='ms-credits__info' id='media707'><svg xmlns=\"http:\/\/www.w3.org\/2000\/svg\" width=\"20\" height=\"22\" fill=\"#000000\" viewBox=\"0 0 256 256\"><path d=\"M128,24A104,104,0,1,0,232,128,104.11,104.11,0,0,0,128,24Zm0,192a88,88,0,1,1,88-88A88.1,88.1,0,0,1,128,216ZM96,128a32,32,0,0,0,57.6,19.2,8,8,0,0,1,12.8,9.61,48,48,0,1,1,0-57.62,8,8,0,0,1-12.8,9.61A32,32,0,0,0,96,128Z\"><\/path><\/svg><a href=https:\/\/depositphotos.com\/160506732\/stock-photo-baths-of-caracalla-ancient-ruins.html rel='nofollow' target='_blank'>Depositphotos<\/a><\/span><span class='ms-credits__btn' id='btn_media707' onclick='ms_credits_trigger(\"#media707\", this)'><svg xmlns=\"http:\/\/www.w3.org\/2000\/svg\" class=\"info_icon\" width=\"28\" height=\"28\" fill=\"#FFF\" viewBox=\"0 0 256 256\"><path d=\"M128,24A104,104,0,1,0,232,128,104.11,104.11,0,0,0,128,24Zm0,192a88,88,0,1,1,88-88A88.1,88.1,0,0,1,128,216Zm16-40a8,8,0,0,1-8,8,16,16,0,0,1-16-16V128a8,8,0,0,1,0-16,16,16,0,0,1,16,16v40A8,8,0,0,1,144,176ZM112,84a12,12,0,1,1,12,12A12,12,0,0,1,112,84Z\"><\/path><\/svg><svg xmlns=\"http:\/\/www.w3.org\/2000\/svg\" class=\"close_icon\" width=\"28\" height=\"28\" fill=\"#FFF\" viewBox=\"0 0 256 256\"><path d=\"M165.66,101.66,139.31,128l26.35,26.34a8,8,0,0,1-11.32,11.32L128,139.31l-26.34,26.35a8,8,0,0,1-11.32-11.32L116.69,128,90.34,101.66a8,8,0,0,1,11.32-11.32L128,116.69l26.34-26.35a8,8,0,0,1,11.32,11.32ZM232,128A104,104,0,1,1,128,24,104.11,104.11,0,0,1,232,128Zm-16,0a88,88,0,1,0-88,88A88.1,88.1,0,0,0,216,128Z\"><\/path><\/svg><\/span><\/div><\/figure>\n\n\n<p>Os romanos eram conhecidos pela sua paix\u00e3o pelos banhos. Passa uma tarde a explorar as ru\u00ednas das <a href=\"https:\/\/www.rome.info\/pt\/atracoes\/termas-de-caracalla\/\">Termas de Caracala<\/a>, as segundas maiores termas p\u00fablicas de Roma antiga. Descobre as suas diferentes estruturas como a natatio, tepidarium, frigidarium e caldarium.<\/p>\n\n\n\n<p>Depois desce ao espa\u00e7o de exposi\u00e7\u00e3o subterr\u00e2neo para aprender mais sobre a hist\u00f3ria deste complexo e visitar o maior Mitreum alguma vez documentado.<\/p>\n\n\n\n<h2 class=\"wp-block-heading\">Brinca com Macacos-Pigmeus no Bioparco<\/h2>\n\n\n<figure>\n                    <div class=\"ms-credits\"><img decoding=\"async\" class=\"gb-image gb-image-0516660d\" src=\"https:\/\/www.rome.info\/wp-content\/uploads\/f-bioparco-marmoset.jpg\" alt=\"Uma fotografia de um macaco-pigmeu agarrado a um ramo.\"><span class='ms-credits__info' id='media913'><svg xmlns=\"http:\/\/www.w3.org\/2000\/svg\" width=\"20\" height=\"22\" fill=\"#000000\" viewBox=\"0 0 256 256\"><path d=\"M128,24A104,104,0,1,0,232,128,104.11,104.11,0,0,0,128,24Zm0,192a88,88,0,1,1,88-88A88.1,88.1,0,0,1,128,216ZM96,128a32,32,0,0,0,57.6,19.2,8,8,0,0,1,12.8,9.61,48,48,0,1,1,0-57.62,8,8,0,0,1-12.8,9.61A32,32,0,0,0,96,128Z\"><\/path><\/svg><a href= https:\/\/depositphotos.com\/83025530\/stock-photo-pygmy-monkey-on-branch.html rel='nofollow' target='_blank'>Depositphotos<\/a><\/span><span class='ms-credits__btn' id='btn_media913' onclick='ms_credits_trigger(\"#media913\", this)'><svg xmlns=\"http:\/\/www.w3.org\/2000\/svg\" class=\"info_icon\" width=\"28\" height=\"28\" fill=\"#FFF\" viewBox=\"0 0 256 256\"><path d=\"M128,24A104,104,0,1,0,232,128,104.11,104.11,0,0,0,128,24Zm0,192a88,88,0,1,1,88-88A88.1,88.1,0,0,1,128,216Zm16-40a8,8,0,0,1-8,8,16,16,0,0,1-16-16V128a8,8,0,0,1,0-16,16,16,0,0,1,16,16v40A8,8,0,0,1,144,176ZM112,84a12,12,0,1,1,12,12A12,12,0,0,1,112,84Z\"><\/path><\/svg><svg xmlns=\"http:\/\/www.w3.org\/2000\/svg\" class=\"close_icon\" width=\"28\" height=\"28\" fill=\"#FFF\" viewBox=\"0 0 256 256\"><path d=\"M165.66,101.66,139.31,128l26.35,26.34a8,8,0,0,1-11.32,11.32L128,139.31l-26.34,26.35a8,8,0,0,1-11.32-11.32L116.69,128,90.34,101.66a8,8,0,0,1,11.32-11.32L128,116.69l26.34-26.35a8,8,0,0,1,11.32,11.32ZM232,128A104,104,0,1,1,128,24,104.11,104.11,0,0,1,232,128Zm-16,0a88,88,0,1,0-88,88A88.1,88.1,0,0,0,216,128Z\"><\/path><\/svg><\/span><\/div><\/figure>\n\n\n<p>Ver igrejas bonitas ou ru\u00ednas antigas n\u00e3o \u00e9 a \u00fanica coisa a fazer em Roma. Nos terrenos de um dos parques mais famosos de Roma, a Villa Borghese, fica o <a href=\"https:\/\/www.rome.info\/pt\/atracoes\/bioparco\/\">Bioparco<\/a>, o jardim zool\u00f3gico mais antigo e maior de It\u00e1lia.<\/p>\n\n\n\n<p>Quer estejas a fazer um piquenique com os flamingos junto ao O\u00e1sis do Lago, a observar os ursos pardos no Vale dos Ursos ou a tentar descobrir o macaco-pigmeu, o menor macaco do mundo, o Bioparco \u00e9 uma grande divers\u00e3o para toda a gente, jovens e adultos. Definitivamente na lista das coisas divertidas para fazer em Roma.<\/p>\n\n\n\n<h2 class=\"wp-block-heading\">Atravessa o Tibre at\u00e9 ao Animado Trastevere<\/h2>\n\n\n<figure>\n                    <div class=\"ms-credits\"><img decoding=\"async\" class=\"gb-image gb-image-f39f6dea\" src=\"https:\/\/www.rome.info\/wp-content\/uploads\/f-trastevere-street.jpg\" alt=\"Vista de uma bela rua repleta de plantas no bairro de Trastevere.\"><span class='ms-credits__info' id='media914'><svg xmlns=\"http:\/\/www.w3.org\/2000\/svg\" width=\"20\" height=\"22\" fill=\"#000000\" viewBox=\"0 0 256 256\"><path d=\"M128,24A104,104,0,1,0,232,128,104.11,104.11,0,0,0,128,24Zm0,192a88,88,0,1,1,88-88A88.1,88.1,0,0,1,128,216ZM96,128a32,32,0,0,0,57.6,19.2,8,8,0,0,1,12.8,9.61,48,48,0,1,1,0-57.62,8,8,0,0,1-12.8,9.61A32,32,0,0,0,96,128Z\"><\/path><\/svg>TatyanaGl\/<a href=https:\/\/depositphotos.com\/84841524\/stock-photo-roman-street.html rel='nofollow' target='_blank'>Depositphotos<\/a><\/span><span class='ms-credits__btn' id='btn_media914' onclick='ms_credits_trigger(\"#media914\", this)'><svg xmlns=\"http:\/\/www.w3.org\/2000\/svg\" class=\"info_icon\" width=\"28\" height=\"28\" fill=\"#FFF\" viewBox=\"0 0 256 256\"><path d=\"M128,24A104,104,0,1,0,232,128,104.11,104.11,0,0,0,128,24Zm0,192a88,88,0,1,1,88-88A88.1,88.1,0,0,1,128,216Zm16-40a8,8,0,0,1-8,8,16,16,0,0,1-16-16V128a8,8,0,0,1,0-16,16,16,0,0,1,16,16v40A8,8,0,0,1,144,176ZM112,84a12,12,0,1,1,12,12A12,12,0,0,1,112,84Z\"><\/path><\/svg><svg xmlns=\"http:\/\/www.w3.org\/2000\/svg\" class=\"close_icon\" width=\"28\" height=\"28\" fill=\"#FFF\" viewBox=\"0 0 256 256\"><path d=\"M165.66,101.66,139.31,128l26.35,26.34a8,8,0,0,1-11.32,11.32L128,139.31l-26.34,26.35a8,8,0,0,1-11.32-11.32L116.69,128,90.34,101.66a8,8,0,0,1,11.32-11.32L128,116.69l26.34-26.35a8,8,0,0,1,11.32,11.32ZM232,128A104,104,0,1,1,128,24,104.11,104.11,0,0,1,232,128Zm-16,0a88,88,0,1,0-88,88A88.1,88.1,0,0,0,216,128Z\"><\/path><\/svg><\/span><\/div><\/figure>\n\n\n<p>Atravessando o rio Tibre chegas ao <a href=\"https:\/\/www.rome.info\/plan\/map\/trastevere\/\">Trastevere<\/a>, um dos bairros mais vibrantes de Roma. O que foi outrora um bairro muito local e oper\u00e1rio transformou-se numa \u00e1rea bo\u00e9mia e descontra\u00edda com ruelas em paralelep\u00edpedo, saborosas trattorias e alguma da melhor vida noturna da cidade.<\/p>\n\n\n\n<p>Dica de insider: Para uma experi\u00eancia verdadeiramente local e algumas das bebidas mais baratas de Roma, toma uma bebida no Bar San Calisto e observa os peculiares locais que frequentam este lugar h\u00e1 d\u00e9cadas.<\/p>\n\n\n\n<h2 class=\"wp-block-heading\">Saboreia uma Sandes Deliciosa no Mercado de Testaccio<\/h2>\n\n\n<figure>\n                    <div class=\"ms-credits\"><img decoding=\"async\" class=\"gb-image gb-image-16a70a93\" src=\"https:\/\/www.rome.info\/wp-content\/uploads\/f-market-food.jpg\" alt=\"Vista aproximada de uma banca de produtos frescos num mercado romano.\"><span class='ms-credits__info' id='media915'><svg xmlns=\"http:\/\/www.w3.org\/2000\/svg\" width=\"20\" height=\"22\" fill=\"#000000\" viewBox=\"0 0 256 256\"><path d=\"M128,24A104,104,0,1,0,232,128,104.11,104.11,0,0,0,128,24Zm0,192a88,88,0,1,1,88-88A88.1,88.1,0,0,1,128,216ZM96,128a32,32,0,0,0,57.6,19.2,8,8,0,0,1,12.8,9.61,48,48,0,1,1,0-57.62,8,8,0,0,1-12.8,9.61A32,32,0,0,0,96,128Z\"><\/path><\/svg><a href=https:\/\/depositphotos.com\/167203676\/stock-photo-vegetables-and-fruits-on-market.html rel='nofollow' target='_blank'>Depositphotos<\/a><\/span><span class='ms-credits__btn' id='btn_media915' onclick='ms_credits_trigger(\"#media915\", this)'><svg xmlns=\"http:\/\/www.w3.org\/2000\/svg\" class=\"info_icon\" width=\"28\" height=\"28\" fill=\"#FFF\" viewBox=\"0 0 256 256\"><path d=\"M128,24A104,104,0,1,0,232,128,104.11,104.11,0,0,0,128,24Zm0,192a88,88,0,1,1,88-88A88.1,88.1,0,0,1,128,216Zm16-40a8,8,0,0,1-8,8,16,16,0,0,1-16-16V128a8,8,0,0,1,0-16,16,16,0,0,1,16,16v40A8,8,0,0,1,144,176ZM112,84a12,12,0,1,1,12,12A12,12,0,0,1,112,84Z\"><\/path><\/svg><svg xmlns=\"http:\/\/www.w3.org\/2000\/svg\" class=\"close_icon\" width=\"28\" height=\"28\" fill=\"#FFF\" viewBox=\"0 0 256 256\"><path d=\"M165.66,101.66,139.31,128l26.35,26.34a8,8,0,0,1-11.32,11.32L128,139.31l-26.34,26.35a8,8,0,0,1-11.32-11.32L116.69,128,90.34,101.66a8,8,0,0,1,11.32-11.32L128,116.69l26.34-26.35a8,8,0,0,1,11.32,11.32ZM232,128A104,104,0,1,1,128,24,104.11,104.11,0,0,1,232,128Zm-16,0a88,88,0,1,0-88,88A88.1,88.1,0,0,0,216,128Z\"><\/path><\/svg><\/span><\/div><\/figure>\n\n\n<p>No bairro humilde de Testaccio, ainda em grande parte por descobrir pelos turistas, fica um dos melhores <a href=\"https:\/\/www.rome.info\/shopping\/markets\/\">mercados locais de Roma<\/a>: o Mercado de Testaccio. Esta estrutura espa\u00e7osa com telhado de vidro alberga mais de cem bancas maioritariamente geridas por fam\u00edlias. Embora a maioria venda fruta e legumes frescos e sazonais, tamb\u00e9m encontras roupas artesanais e livros usados \u2014 e \u00e9 tamb\u00e9m um dos melhores s\u00edtios para almo\u00e7ar rapidamente.<\/p>\n\n\n\n<p>Para uma experi\u00eancia verdadeiramente saborosa, vai ao Mordi e Vai, uma bancada popular que vende sandes com ingredientes romanos cl\u00e1ssicos como &#8216;allesso di scottona&#8217; \u2014 carne de vaca cozida lentamente \u2014 ou, para os mais aventureiros: tripas ou l\u00edngua.<\/p>\n\n\n\n<h2 class=\"wp-block-heading\">Visita o Invulgar Monumento Conhecido como a Pir\u00e2mide de C\u00e9stio<\/h2>\n\n\n<figure>\n                    <div class=\"ms-credits\"><img decoding=\"async\" class=\"gb-image gb-image-094a04dc\" src=\"https:\/\/www.rome.info\/wp-content\/uploads\/f-pyramid-of-cestius.jpg\" alt=\"Vista de rua da Pir\u00e2mide de C\u00e9stio e da Porta San Paolo.\"><span class='ms-credits__info' id='media916'><svg xmlns=\"http:\/\/www.w3.org\/2000\/svg\" width=\"20\" height=\"22\" fill=\"#000000\" viewBox=\"0 0 256 256\"><path d=\"M128,24A104,104,0,1,0,232,128,104.11,104.11,0,0,0,128,24Zm0,192a88,88,0,1,1,88-88A88.1,88.1,0,0,1,128,216ZM96,128a32,32,0,0,0,57.6,19.2,8,8,0,0,1,12.8,9.61,48,48,0,1,1,0-57.62,8,8,0,0,1-12.8,9.61A32,32,0,0,0,96,128Z\"><\/path><\/svg><a href=https:\/\/depositphotos.com\/110479246\/stock-photo-pyramid-of-cestius-near-porta.html rel='nofollow' target='_blank'>Depositphotos<\/a><\/span><span class='ms-credits__btn' id='btn_media916' onclick='ms_credits_trigger(\"#media916\", this)'><svg xmlns=\"http:\/\/www.w3.org\/2000\/svg\" class=\"info_icon\" width=\"28\" height=\"28\" fill=\"#FFF\" viewBox=\"0 0 256 256\"><path d=\"M128,24A104,104,0,1,0,232,128,104.11,104.11,0,0,0,128,24Zm0,192a88,88,0,1,1,88-88A88.1,88.1,0,0,1,128,216Zm16-40a8,8,0,0,1-8,8,16,16,0,0,1-16-16V128a8,8,0,0,1,0-16,16,16,0,0,1,16,16v40A8,8,0,0,1,144,176ZM112,84a12,12,0,1,1,12,12A12,12,0,0,1,112,84Z\"><\/path><\/svg><svg xmlns=\"http:\/\/www.w3.org\/2000\/svg\" class=\"close_icon\" width=\"28\" height=\"28\" fill=\"#FFF\" viewBox=\"0 0 256 256\"><path d=\"M165.66,101.66,139.31,128l26.35,26.34a8,8,0,0,1-11.32,11.32L128,139.31l-26.34,26.35a8,8,0,0,1-11.32-11.32L116.69,128,90.34,101.66a8,8,0,0,1,11.32-11.32L128,116.69l26.34-26.35a8,8,0,0,1,11.32,11.32ZM232,128A104,104,0,1,1,128,24,104.11,104.11,0,0,1,232,128Zm-16,0a88,88,0,1,0-88,88A88.1,88.1,0,0,0,216,128Z\"><\/path><\/svg><\/span><\/div><\/figure>\n\n\n<p>Egito Antigo ou Roma Antiga? Embora muitos nunca tenham sequer ouvido falar dela, esta estrutura bem conservada, perto da Porta S. Paulo, \u00e9 a vers\u00e3o romana de uma pir\u00e2mide. Foi constru\u00edda entre 18 e 12 a.C. como t\u00famulo do magistrado romano Caio C\u00e9stio, que exigiu que o seu mausol\u00e9u fosse constru\u00eddo no estilo dos fara\u00f3s.<\/p>\n\n\n\n<p>Embora o interior esteja temporariamente encerrado, ainda vale a pena ver por fora.<\/p>\n\n\n\n<h2 class=\"wp-block-heading\">Vive uma Experi\u00eancia Gastron\u00f3mica no Eataly<\/h2>\n\n\n<figure>\n                    <div class=\"ms-credits\"><img decoding=\"async\" class=\"gb-image gb-image-96c0143f\" src=\"https:\/\/www.rome.info\/wp-content\/uploads\/f-eataly-sign.jpg\" alt=\"O Eataly Roma visto da fachada exterior.\"><span class='ms-credits__info' id='media917'><svg xmlns=\"http:\/\/www.w3.org\/2000\/svg\" width=\"20\" height=\"22\" fill=\"#000000\" viewBox=\"0 0 256 256\"><path d=\"M128,24A104,104,0,1,0,232,128,104.11,104.11,0,0,0,128,24Zm0,192a88,88,0,1,1,88-88A88.1,88.1,0,0,1,128,216ZM96,128a32,32,0,0,0,57.6,19.2,8,8,0,0,1,12.8,9.61,48,48,0,1,1,0-57.62,8,8,0,0,1-12.8,9.61A32,32,0,0,0,96,128Z\"><\/path><\/svg><a href=https:\/\/depositphotos.com\/191453368\/stock-photo-exterior-glass-facade-of-the.html rel='nofollow' target='_blank'>Depositphotos<\/a><\/span><span class='ms-credits__btn' id='btn_media917' onclick='ms_credits_trigger(\"#media917\", this)'><svg xmlns=\"http:\/\/www.w3.org\/2000\/svg\" class=\"info_icon\" width=\"28\" height=\"28\" fill=\"#FFF\" viewBox=\"0 0 256 256\"><path d=\"M128,24A104,104,0,1,0,232,128,104.11,104.11,0,0,0,128,24Zm0,192a88,88,0,1,1,88-88A88.1,88.1,0,0,1,128,216Zm16-40a8,8,0,0,1-8,8,16,16,0,0,1-16-16V128a8,8,0,0,1,0-16,16,16,0,0,1,16,16v40A8,8,0,0,1,144,176ZM112,84a12,12,0,1,1,12,12A12,12,0,0,1,112,84Z\"><\/path><\/svg><svg xmlns=\"http:\/\/www.w3.org\/2000\/svg\" class=\"close_icon\" width=\"28\" height=\"28\" fill=\"#FFF\" viewBox=\"0 0 256 256\"><path d=\"M165.66,101.66,139.31,128l26.35,26.34a8,8,0,0,1-11.32,11.32L128,139.31l-26.34,26.35a8,8,0,0,1-11.32-11.32L116.69,128,90.34,101.66a8,8,0,0,1,11.32-11.32L128,116.69l26.34-26.35a8,8,0,0,1,11.32,11.32ZM232,128A104,104,0,1,1,128,24,104.11,104.11,0,0,1,232,128Zm-16,0a88,88,0,1,0-88,88A88.1,88.1,0,0,0,216,128Z\"><\/path><\/svg><\/span><\/div><\/figure>\n\n\n<p>Desde a sua abertura em 2012, esta loja multissala \u00e9 considerada uma paragem fundamental para todos os amantes de comida que v\u00eam a Roma. L\u00e1 dentro encontras um mercado com produtos italianos de alta qualidade, uma variedade de restaurantes deliciosos e at\u00e9 a oportunidade de participar em aulas de culin\u00e1ria in situ.<\/p>\n\n\n\n<p>Se procuras uma experi\u00eancia gastron\u00f3mica gourmet em Roma, o Eataly (a fus\u00e3o de EAT e ITALY) \u00e9 imperd\u00edvel.<\/p>\n\n\n\n<h2 class=\"wp-block-heading\">Aprecia Arte Contempor\u00e2nea num Espa\u00e7o Inusitado no Mattatoio<\/h2>\n\n\n<figure>\n                    <div class=\"ms-credits\"><img decoding=\"async\" class=\"gb-image gb-image-49dcd67e\" src=\"https:\/\/www.rome.info\/wp-content\/uploads\/f-mattatoio-testaccio.jpg\" alt=\"A fachada do Ex-Mattatoio MACRO Museum em Testaccio.\"><span class='ms-credits__info' id='media918'><svg xmlns=\"http:\/\/www.w3.org\/2000\/svg\" width=\"20\" height=\"22\" fill=\"#000000\" viewBox=\"0 0 256 256\"><path d=\"M128,24A104,104,0,1,0,232,128,104.11,104.11,0,0,0,128,24Zm0,192a88,88,0,1,1,88-88A88.1,88.1,0,0,1,128,216ZM96,128a32,32,0,0,0,57.6,19.2,8,8,0,0,1,12.8,9.61,48,48,0,1,1,0-57.62,8,8,0,0,1-12.8,9.61A32,32,0,0,0,96,128Z\"><\/path><\/svg><a href=https:\/\/depositphotos.com\/162054910\/stock-photo-macro-testaccio-museum-of-contemporary.html rel='nofollow' target='_blank'>Depositphotos<\/a><\/span><span class='ms-credits__btn' id='btn_media918' onclick='ms_credits_trigger(\"#media918\", this)'><svg xmlns=\"http:\/\/www.w3.org\/2000\/svg\" class=\"info_icon\" width=\"28\" height=\"28\" fill=\"#FFF\" viewBox=\"0 0 256 256\"><path d=\"M128,24A104,104,0,1,0,232,128,104.11,104.11,0,0,0,128,24Zm0,192a88,88,0,1,1,88-88A88.1,88.1,0,0,1,128,216Zm16-40a8,8,0,0,1-8,8,16,16,0,0,1-16-16V128a8,8,0,0,1,0-16,16,16,0,0,1,16,16v40A8,8,0,0,1,144,176ZM112,84a12,12,0,1,1,12,12A12,12,0,0,1,112,84Z\"><\/path><\/svg><svg xmlns=\"http:\/\/www.w3.org\/2000\/svg\" class=\"close_icon\" width=\"28\" height=\"28\" fill=\"#FFF\" viewBox=\"0 0 256 256\"><path d=\"M165.66,101.66,139.31,128l26.35,26.34a8,8,0,0,1-11.32,11.32L128,139.31l-26.34,26.35a8,8,0,0,1-11.32-11.32L116.69,128,90.34,101.66a8,8,0,0,1,11.32-11.32L128,116.69l26.34-26.35a8,8,0,0,1,11.32,11.32ZM232,128A104,104,0,1,1,128,24,104.11,104.11,0,0,1,232,128Zm-16,0a88,88,0,1,0-88,88A88.1,88.1,0,0,0,216,128Z\"><\/path><\/svg><\/span><\/div><\/figure>\n\n\n<p>No cora\u00e7\u00e3o de Testaccio fica Il Mattatoio, um museu em Roma que alberga exposi\u00e7\u00f5es de arte e eventos de arte contempor\u00e2nea. O que torna este lugar verdadeiramente especial \u00e9 ter sido convertido em museu a partir do que foi outrora um dos maiores matadouros da Europa.<\/p>\n\n\n\n<p>A falar em coisas \u00fanicas para fazer em Roma.<\/p>\n\n\n\n<p>Se conseguires suportar o passado macabro, \u00e9 um \u00f3timo lugar para descobrir o que est\u00e1 a acontecer na arte romana contempor\u00e2nea.<\/p>\n\n\n\n<p>Dica de insider: Onde os animais eram mantidos em currais existe agora uma \u00e1rea aberta conhecida como &#8216;Citt\u00e0 dell&#8217;Altra Economia&#8217;, um espa\u00e7o alternativo que alberga um mercado biol\u00f3gico, um caf\u00e9 e uma s\u00e9rie de eventos sempre diferentes como mercados vintage e festivais de cerveja.<\/p>\n\n\n\n<h2 class=\"wp-block-heading\">V\u00ea Passado e Presente a Convergir na Piazza Venezia<\/h2>\n\n\n<figure>\n                    <div class=\"ms-credits\"><img decoding=\"async\" class=\"gb-image gb-image-69e03667\" src=\"https:\/\/www.rome.info\/wp-content\/uploads\/f-piazza-venezia.jpg\" alt=\"Vista do Monumento a V\u00edtor Emanuel II na Piazza Venezia, Roma.\"><span class='ms-credits__info' id='media715'><svg xmlns=\"http:\/\/www.w3.org\/2000\/svg\" width=\"20\" height=\"22\" fill=\"#000000\" viewBox=\"0 0 256 256\"><path d=\"M128,24A104,104,0,1,0,232,128,104.11,104.11,0,0,0,128,24Zm0,192a88,88,0,1,1,88-88A88.1,88.1,0,0,1,128,216ZM96,128a32,32,0,0,0,57.6,19.2,8,8,0,0,1,12.8,9.61,48,48,0,1,1,0-57.62,8,8,0,0,1-12.8,9.61A32,32,0,0,0,96,128Z\"><\/path><\/svg><a href=https:\/\/depositphotos.com\/12621159\/stock-photo-victor-emmanuel-ii-monument-in.html rel='nofollow' target='_blank'>Depositphotos<\/a><\/span><span class='ms-credits__btn' id='btn_media715' onclick='ms_credits_trigger(\"#media715\", this)'><svg xmlns=\"http:\/\/www.w3.org\/2000\/svg\" class=\"info_icon\" width=\"28\" height=\"28\" fill=\"#FFF\" viewBox=\"0 0 256 256\"><path d=\"M128,24A104,104,0,1,0,232,128,104.11,104.11,0,0,0,128,24Zm0,192a88,88,0,1,1,88-88A88.1,88.1,0,0,1,128,216Zm16-40a8,8,0,0,1-8,8,16,16,0,0,1-16-16V128a8,8,0,0,1,0-16,16,16,0,0,1,16,16v40A8,8,0,0,1,144,176ZM112,84a12,12,0,1,1,12,12A12,12,0,0,1,112,84Z\"><\/path><\/svg><svg xmlns=\"http:\/\/www.w3.org\/2000\/svg\" class=\"close_icon\" width=\"28\" height=\"28\" fill=\"#FFF\" viewBox=\"0 0 256 256\"><path d=\"M165.66,101.66,139.31,128l26.35,26.34a8,8,0,0,1-11.32,11.32L128,139.31l-26.34,26.35a8,8,0,0,1-11.32-11.32L116.69,128,90.34,101.66a8,8,0,0,1,11.32-11.32L128,116.69l26.34-26.35a8,8,0,0,1,11.32,11.32ZM232,128A104,104,0,1,1,128,24,104.11,104.11,0,0,1,232,128Zm-16,0a88,88,0,1,0-88,88A88.1,88.1,0,0,0,216,128Z\"><\/path><\/svg><\/span><\/div><\/figure>\n\n\n<p>Localizada no cora\u00e7\u00e3o do centro hist\u00f3rico, <a href=\"https:\/\/www.rome.info\/pt\/atracoes\/piazza-venezia\/\">Piazza Venezia<\/a> \u00e9 um dos centros mais movimentados de Roma, onde convergem v\u00e1rias art\u00e9rias. O que foi outrora um vasto bairro medieval e renascentista na base do Monte Capitolino \u00e9 hoje uma pra\u00e7a relativamente moderna que alberga um conjunto de edif\u00edcios impressionantes, um monumento moderno de fama ir\u00f3nica e at\u00e9 uma est\u00e1tua que &#8216;fala&#8217;.<\/p>\n\n\n\n<h2 class=\"wp-block-heading\">Descobre um Cap\u00edtulo Mais Sombrio da Hist\u00f3ria Recente de Roma no Palazzo Venezia<\/h2>\n\n\n<figure>\n                    <div class=\"ms-credits\"><img decoding=\"async\" class=\"gb-image gb-image-52840995\" src=\"https:\/\/www.rome.info\/wp-content\/uploads\/f-venezia-palace.jpg\" alt=\"Palazzo Venezia e Piazza Venezia em Roma.\"><span class='ms-credits__info' id='media759'><svg xmlns=\"http:\/\/www.w3.org\/2000\/svg\" width=\"20\" height=\"22\" fill=\"#000000\" viewBox=\"0 0 256 256\"><path d=\"M128,24A104,104,0,1,0,232,128,104.11,104.11,0,0,0,128,24Zm0,192a88,88,0,1,1,88-88A88.1,88.1,0,0,1,128,216ZM96,128a32,32,0,0,0,57.6,19.2,8,8,0,0,1,12.8,9.61,48,48,0,1,1,0-57.62,8,8,0,0,1-12.8,9.61A32,32,0,0,0,96,128Z\"><\/path><\/svg>pab_map\/<a href=https:\/\/depositphotos.com\/249513052\/stock-photo-venezia-palace-and-venice-square.html rel='nofollow' target='_blank'>Depositphotos<\/a><\/span><span class='ms-credits__btn' id='btn_media759' onclick='ms_credits_trigger(\"#media759\", this)'><svg xmlns=\"http:\/\/www.w3.org\/2000\/svg\" class=\"info_icon\" width=\"28\" height=\"28\" fill=\"#FFF\" viewBox=\"0 0 256 256\"><path d=\"M128,24A104,104,0,1,0,232,128,104.11,104.11,0,0,0,128,24Zm0,192a88,88,0,1,1,88-88A88.1,88.1,0,0,1,128,216Zm16-40a8,8,0,0,1-8,8,16,16,0,0,1-16-16V128a8,8,0,0,1,0-16,16,16,0,0,1,16,16v40A8,8,0,0,1,144,176ZM112,84a12,12,0,1,1,12,12A12,12,0,0,1,112,84Z\"><\/path><\/svg><svg xmlns=\"http:\/\/www.w3.org\/2000\/svg\" class=\"close_icon\" width=\"28\" height=\"28\" fill=\"#FFF\" viewBox=\"0 0 256 256\"><path d=\"M165.66,101.66,139.31,128l26.35,26.34a8,8,0,0,1-11.32,11.32L128,139.31l-26.34,26.35a8,8,0,0,1-11.32-11.32L116.69,128,90.34,101.66a8,8,0,0,1,11.32-11.32L128,116.69l26.34-26.35a8,8,0,0,1,11.32,11.32ZM232,128A104,104,0,1,1,128,24,104.11,104.11,0,0,1,232,128Zm-16,0a88,88,0,1,0-88,88A88.1,88.1,0,0,0,216,128Z\"><\/path><\/svg><\/span><\/div><\/figure>\n\n\n<p>Localizado na pra\u00e7a que lhe d\u00e1 o nome, fica o primeiro grande pal\u00e1cio renascentista de Roma e o edif\u00edcio mais antigo ainda em p\u00e9 na pra\u00e7a. O que come\u00e7ou como um pal\u00e1cio residencial de um papa e mais tarde se tornou a sede de um ditador \u00e9 agora um fant\u00e1stico museu que apresenta uma cole\u00e7\u00e3o ecl\u00e9tica de arte bizantina e renascentista.<\/p>\n\n\n\n<p>N\u00e3o percas o jardim secreto interior, um o\u00e1sis de paz e verdura no meio do agitado centro hist\u00f3rico de Roma.<\/p>\n\n\n\n<h2 class=\"wp-block-heading\">Visita a &#8220;Pra\u00e7a do Povo&#8221; conhecida como Piazza del Popolo<\/h2>\n\n\n<figure>\n                    <div class=\"ms-credits\"><img decoding=\"async\" class=\"gb-image gb-image-5f5dde6e\" src=\"https:\/\/www.rome.info\/wp-content\/uploads\/f-piazza-del-popolo.jpg\" alt=\"A Piazza del Popolo em Roma ao p\u00f4r do sol.\"><span class='ms-credits__info' id='media724'><svg xmlns=\"http:\/\/www.w3.org\/2000\/svg\" width=\"20\" height=\"22\" fill=\"#000000\" viewBox=\"0 0 256 256\"><path d=\"M128,24A104,104,0,1,0,232,128,104.11,104.11,0,0,0,128,24Zm0,192a88,88,0,1,1,88-88A88.1,88.1,0,0,1,128,216ZM96,128a32,32,0,0,0,57.6,19.2,8,8,0,0,1,12.8,9.61,48,48,0,1,1,0-57.62,8,8,0,0,1-12.8,9.61A32,32,0,0,0,96,128Z\"><\/path><\/svg>zx6r92\/<a href=https:\/\/depositphotos.com\/56500287\/stock-photo-the-piazza-del-popolo-rome.html rel='nofollow' target='_blank'>Depositphotos<\/a><\/span><span class='ms-credits__btn' id='btn_media724' onclick='ms_credits_trigger(\"#media724\", this)'><svg xmlns=\"http:\/\/www.w3.org\/2000\/svg\" class=\"info_icon\" width=\"28\" height=\"28\" fill=\"#FFF\" viewBox=\"0 0 256 256\"><path d=\"M128,24A104,104,0,1,0,232,128,104.11,104.11,0,0,0,128,24Zm0,192a88,88,0,1,1,88-88A88.1,88.1,0,0,1,128,216Zm16-40a8,8,0,0,1-8,8,16,16,0,0,1-16-16V128a8,8,0,0,1,0-16,16,16,0,0,1,16,16v40A8,8,0,0,1,144,176ZM112,84a12,12,0,1,1,12,12A12,12,0,0,1,112,84Z\"><\/path><\/svg><svg xmlns=\"http:\/\/www.w3.org\/2000\/svg\" class=\"close_icon\" width=\"28\" height=\"28\" fill=\"#FFF\" viewBox=\"0 0 256 256\"><path d=\"M165.66,101.66,139.31,128l26.35,26.34a8,8,0,0,1-11.32,11.32L128,139.31l-26.34,26.35a8,8,0,0,1-11.32-11.32L116.69,128,90.34,101.66a8,8,0,0,1,11.32-11.32L128,116.69l26.34-26.35a8,8,0,0,1,11.32,11.32ZM232,128A104,104,0,1,1,128,24,104.11,104.11,0,0,1,232,128Zm-16,0a88,88,0,1,0-88,88A88.1,88.1,0,0,0,216,128Z\"><\/path><\/svg><\/span><\/div><\/figure>\n\n\n<p>Esta grande e popular <a href=\"https:\/\/www.rome.info\/attractions\/piazza-del-popolo\/\">Piazza del Popolo<\/a> \u00e9 um \u00f3timo lugar para relaxar ou encontrar amigos, mas tamb\u00e9m est\u00e1 repleta de coisas interessantes para ver. Para entrar na pra\u00e7a pela Via del Corso, passas entre as duas igrejas barrocas g\u00e9meas de Santa Maria dei Miracoli e Santa Maria in Montesanto, um belo exemplo de simetria arquitet\u00f3nica, e no seu centro ergue-se um obelisco eg\u00edpcio de 3.500 anos.<\/p>\n\n\n\n<p>A pra\u00e7a \u00e9 tamb\u00e9m um ponto de partida popular para protestos e manifesta\u00e7\u00f5es, fazendo jus ao seu nome.<\/p>\n\n\n\n<h2 class=\"wp-block-heading\">V\u00ea uma Vibrante Fonte de Abelhas na Piazza Barberini<\/h2>\n\n\n<figure>\n                    <div class=\"ms-credits\"><img decoding=\"async\" class=\"gb-image gb-image-c1e25d41\" src=\"https:\/\/www.rome.info\/wp-content\/uploads\/f-piazza-barberini.jpg\" alt=\"A Fonte do Trit\u00e3o na Piazza Barberini em Roma.\"><span class='ms-credits__info' id='media773'><svg xmlns=\"http:\/\/www.w3.org\/2000\/svg\" width=\"20\" height=\"22\" fill=\"#000000\" viewBox=\"0 0 256 256\"><path d=\"M128,24A104,104,0,1,0,232,128,104.11,104.11,0,0,0,128,24Zm0,192a88,88,0,1,1,88-88A88.1,88.1,0,0,1,128,216ZM96,128a32,32,0,0,0,57.6,19.2,8,8,0,0,1,12.8,9.61,48,48,0,1,1,0-57.62,8,8,0,0,1-12.8,9.61A32,32,0,0,0,96,128Z\"><\/path><\/svg>jovannig\/<a href=https:\/\/depositphotos.com\/62285149\/stock-photo-tourists-walk-in-piazza-del.html rel='nofollow' target='_blank'>Depositphotos<\/a><\/span><span class='ms-credits__btn' id='btn_media773' onclick='ms_credits_trigger(\"#media773\", this)'><svg xmlns=\"http:\/\/www.w3.org\/2000\/svg\" class=\"info_icon\" width=\"28\" height=\"28\" fill=\"#FFF\" viewBox=\"0 0 256 256\"><path d=\"M128,24A104,104,0,1,0,232,128,104.11,104.11,0,0,0,128,24Zm0,192a88,88,0,1,1,88-88A88.1,88.1,0,0,1,128,216Zm16-40a8,8,0,0,1-8,8,16,16,0,0,1-16-16V128a8,8,0,0,1,0-16,16,16,0,0,1,16,16v40A8,8,0,0,1,144,176ZM112,84a12,12,0,1,1,12,12A12,12,0,0,1,112,84Z\"><\/path><\/svg><svg xmlns=\"http:\/\/www.w3.org\/2000\/svg\" class=\"close_icon\" width=\"28\" height=\"28\" fill=\"#FFF\" viewBox=\"0 0 256 256\"><path d=\"M165.66,101.66,139.31,128l26.35,26.34a8,8,0,0,1-11.32,11.32L128,139.31l-26.34,26.35a8,8,0,0,1-11.32-11.32L116.69,128,90.34,101.66a8,8,0,0,1,11.32-11.32L128,116.69l26.34-26.35a8,8,0,0,1,11.32,11.32ZM232,128A104,104,0,1,1,128,24,104.11,104.11,0,0,1,232,128Zm-16,0a88,88,0,1,0-88,88A88.1,88.1,0,0,0,216,128Z\"><\/path><\/svg><\/span><\/div><\/figure>\n\n\n<p>A <a href=\"https:\/\/www.rome.info\/attractions\/piazza-barberini\/\">Piazza Barberini<\/a> pode n\u00e3o ser t\u00e3o popular como muitas outras pra\u00e7as romanas, mas vale a pena visitar apenas pelas fontes barrocas de Bernini. A pra\u00e7a tem duas: a mais ostentosa Fonte do Trit\u00e3o, pe\u00e7a central da pra\u00e7a, e a mais modesta (mas igualmente impressionante) Fonte das Abelhas, projetada para um papa da fam\u00edlia Barberini, cujo s\u00edmbolo her\u00e1ldico era uma abelha.<\/p>\n\n\n\n<p>A pra\u00e7a \u00e9 tamb\u00e9m um \u00f3timo lugar para tomar uma bebida ou assistir a uma sess\u00e3o no cinema local.<\/p>\n\n\n\n<h2 class=\"wp-block-heading\">Decifra uma Coluna da Vit\u00f3ria de 2.000 Anos na Piazza Colonna<\/h2>\n\n\n<figure>\n                    <div class=\"ms-credits\"><img decoding=\"async\" class=\"gb-image gb-image-8d17cca1\" src=\"https:\/\/www.rome.info\/wp-content\/uploads\/f-piazza-colonna.jpg\" alt=\"Coluna de M\u00e1rmore de Marco Aur\u00e9lio na Piazza Colonna em Roma, It\u00e1lia.\"><span class='ms-credits__info' id='media775'><svg xmlns=\"http:\/\/www.w3.org\/2000\/svg\" width=\"20\" height=\"22\" fill=\"#000000\" viewBox=\"0 0 256 256\"><path d=\"M128,24A104,104,0,1,0,232,128,104.11,104.11,0,0,0,128,24Zm0,192a88,88,0,1,1,88-88A88.1,88.1,0,0,1,128,216ZM96,128a32,32,0,0,0,57.6,19.2,8,8,0,0,1,12.8,9.61,48,48,0,1,1,0-57.62,8,8,0,0,1-12.8,9.61A32,32,0,0,0,96,128Z\"><\/path><\/svg>kfritsch_69\/<a href=https:\/\/depositphotos.com\/358101472\/stock-photo-marble-column-marcus-aurelius-piazza.html rel='nofollow' target='_blank'>Depositphotos<\/a><\/span><span class='ms-credits__btn' id='btn_media775' onclick='ms_credits_trigger(\"#media775\", this)'><svg xmlns=\"http:\/\/www.w3.org\/2000\/svg\" class=\"info_icon\" width=\"28\" height=\"28\" fill=\"#FFF\" viewBox=\"0 0 256 256\"><path d=\"M128,24A104,104,0,1,0,232,128,104.11,104.11,0,0,0,128,24Zm0,192a88,88,0,1,1,88-88A88.1,88.1,0,0,1,128,216Zm16-40a8,8,0,0,1-8,8,16,16,0,0,1-16-16V128a8,8,0,0,1,0-16,16,16,0,0,1,16,16v40A8,8,0,0,1,144,176ZM112,84a12,12,0,1,1,12,12A12,12,0,0,1,112,84Z\"><\/path><\/svg><svg xmlns=\"http:\/\/www.w3.org\/2000\/svg\" class=\"close_icon\" width=\"28\" height=\"28\" fill=\"#FFF\" viewBox=\"0 0 256 256\"><path d=\"M165.66,101.66,139.31,128l26.35,26.34a8,8,0,0,1-11.32,11.32L128,139.31l-26.34,26.35a8,8,0,0,1-11.32-11.32L116.69,128,90.34,101.66a8,8,0,0,1,11.32-11.32L128,116.69l26.34-26.35a8,8,0,0,1,11.32,11.32ZM232,128A104,104,0,1,1,128,24,104.11,104.11,0,0,1,232,128Zm-16,0a88,88,0,1,0-88,88A88.1,88.1,0,0,0,216,128Z\"><\/path><\/svg><\/span><\/div><\/figure>\n\n\n<p>A <a href=\"https:\/\/www.rome.info\/attractions\/piazza-colonna\/\">Piazza Colonna<\/a> tem um nome bastante adequado devido \u00e0 coluna antiga colocada no centro da pra\u00e7a, mas n\u00e3o \u00e9 a sua \u00fanica atra\u00e7\u00e3o. Rodeada por uma s\u00e9rie de belos pal\u00e1cios hist\u00f3ricos e pol\u00edticos (incluindo a resid\u00eancia do primeiro-ministro) e situada numa movimentada rua comercial, a pra\u00e7a tornou-se s\u00edmbolo da fus\u00e3o de valores sociais, pol\u00edticos e culturais t\u00e3o profundamente enraizados em Roma.<\/p>\n\n\n\n<p>Enquanto estiveres l\u00e1, tenta decifrar a hist\u00f3ria de guerra representada em baixo-relevo na coluna da vit\u00f3ria do imperador Marco Aur\u00e9lio.<\/p>\n\n\n\n<h2 class=\"wp-block-heading\">V\u00ea Frescos Secretos de Rafael na Villa Farnesina<\/h2>\n\n\n<figure>\n                    <div class=\"ms-credits\"><img decoding=\"async\" class=\"gb-image gb-image-29d2bd80\" src=\"https:\/\/www.rome.info\/wp-content\/uploads\/f-villa-farnesina.jpg\" alt=\"Interior da Villa Farnesina renascentista, Roma.\"><span class='ms-credits__info' id='media755'><svg xmlns=\"http:\/\/www.w3.org\/2000\/svg\" width=\"20\" height=\"22\" fill=\"#000000\" viewBox=\"0 0 256 256\"><path d=\"M128,24A104,104,0,1,0,232,128,104.11,104.11,0,0,0,128,24Zm0,192a88,88,0,1,1,88-88A88.1,88.1,0,0,1,128,216ZM96,128a32,32,0,0,0,57.6,19.2,8,8,0,0,1,12.8,9.61,48,48,0,1,1,0-57.62,8,8,0,0,1-12.8,9.61A32,32,0,0,0,96,128Z\"><\/path><\/svg><a href=https:\/\/depositphotos.com\/247730870\/stock-photo-interior-of-renaissance-villa-farnesina.html rel='nofollow' target='_blank'>Depositphotos<\/a><\/span><span class='ms-credits__btn' id='btn_media755' onclick='ms_credits_trigger(\"#media755\", this)'><svg xmlns=\"http:\/\/www.w3.org\/2000\/svg\" class=\"info_icon\" width=\"28\" height=\"28\" fill=\"#FFF\" viewBox=\"0 0 256 256\"><path d=\"M128,24A104,104,0,1,0,232,128,104.11,104.11,0,0,0,128,24Zm0,192a88,88,0,1,1,88-88A88.1,88.1,0,0,1,128,216Zm16-40a8,8,0,0,1-8,8,16,16,0,0,1-16-16V128a8,8,0,0,1,0-16,16,16,0,0,1,16,16v40A8,8,0,0,1,144,176ZM112,84a12,12,0,1,1,12,12A12,12,0,0,1,112,84Z\"><\/path><\/svg><svg xmlns=\"http:\/\/www.w3.org\/2000\/svg\" class=\"close_icon\" width=\"28\" height=\"28\" fill=\"#FFF\" viewBox=\"0 0 256 256\"><path d=\"M165.66,101.66,139.31,128l26.35,26.34a8,8,0,0,1-11.32,11.32L128,139.31l-26.34,26.35a8,8,0,0,1-11.32-11.32L116.69,128,90.34,101.66a8,8,0,0,1,11.32-11.32L128,116.69l26.34-26.35a8,8,0,0,1,11.32,11.32ZM232,128A104,104,0,1,1,128,24,104.11,104.11,0,0,1,232,128Zm-16,0a88,88,0,1,0-88,88A88.1,88.1,0,0,0,216,128Z\"><\/path><\/svg><\/span><\/div><\/figure>\n\n\n<p>Hoje em dia n\u00e3o \u00e9 f\u00e1cil admirar obras do grande artista renascentista Rafael sem ter de fazer cotoveladas, mas a <a href=\"https:\/\/www.rome.info\/attractions\/villa-farnesina\/\">Villa Farnesina<\/a> \u00e9 um dos poucos lugares onde isso ainda \u00e9 poss\u00edvel.<\/p>\n\n\n\n<p>Esta opulenta e bela mans\u00e3o, constru\u00edda para um rico banqueiro do s\u00e9culo XVI, n\u00e3o s\u00f3 cont\u00e9m uma sala inteira de frescos com a hist\u00f3ria de Cupido e Psique por Rafael e a sua oficina, como os outros aposentos da villa est\u00e3o tamb\u00e9m intrincadamente decorados por uma s\u00e9rie de artistas impressionantes.<\/p>\n\n\n\n<h2 class=\"wp-block-heading\">Regate\u00eda no Maior Mercado de Pulgas de Roma: Porta Portese<\/h2>\n\n\n<figure>\n                    <div class=\"ms-credits\"><img decoding=\"async\" class=\"gb-image gb-image-f500ed19\" src=\"https:\/\/www.rome.info\/wp-content\/uploads\/f-porta-portese.jpg\" alt=\"Vista do animado mercado de pulgas romano conhecido como Porta Portese.\"><span class='ms-credits__info' id='media919'><svg xmlns=\"http:\/\/www.w3.org\/2000\/svg\" width=\"20\" height=\"22\" fill=\"#000000\" viewBox=\"0 0 256 256\"><path d=\"M128,24A104,104,0,1,0,232,128,104.11,104.11,0,0,0,128,24Zm0,192a88,88,0,1,1,88-88A88.1,88.1,0,0,1,128,216ZM96,128a32,32,0,0,0,57.6,19.2,8,8,0,0,1,12.8,9.61,48,48,0,1,1,0-57.62,8,8,0,0,1-12.8,9.61A32,32,0,0,0,96,128Z\"><\/path><\/svg><a href=https:\/\/depositphotos.com\/173408504\/stock-photo-porta-portese-market-rome.html rel='nofollow' target='_blank'>Depositphotos<\/a><\/span><span class='ms-credits__btn' id='btn_media919' onclick='ms_credits_trigger(\"#media919\", this)'><svg xmlns=\"http:\/\/www.w3.org\/2000\/svg\" class=\"info_icon\" width=\"28\" height=\"28\" fill=\"#FFF\" viewBox=\"0 0 256 256\"><path d=\"M128,24A104,104,0,1,0,232,128,104.11,104.11,0,0,0,128,24Zm0,192a88,88,0,1,1,88-88A88.1,88.1,0,0,1,128,216Zm16-40a8,8,0,0,1-8,8,16,16,0,0,1-16-16V128a8,8,0,0,1,0-16,16,16,0,0,1,16,16v40A8,8,0,0,1,144,176ZM112,84a12,12,0,1,1,12,12A12,12,0,0,1,112,84Z\"><\/path><\/svg><svg xmlns=\"http:\/\/www.w3.org\/2000\/svg\" class=\"close_icon\" width=\"28\" height=\"28\" fill=\"#FFF\" viewBox=\"0 0 256 256\"><path d=\"M165.66,101.66,139.31,128l26.35,26.34a8,8,0,0,1-11.32,11.32L128,139.31l-26.34,26.35a8,8,0,0,1-11.32-11.32L116.69,128,90.34,101.66a8,8,0,0,1,11.32-11.32L128,116.69l26.34-26.35a8,8,0,0,1,11.32,11.32ZM232,128A104,104,0,1,1,128,24,104.11,104.11,0,0,1,232,128Zm-16,0a88,88,0,1,0-88,88A88.1,88.1,0,0,0,216,128Z\"><\/path><\/svg><\/span><\/div><\/figure>\n\n\n<p>Se tiveres uma manh\u00e3 de domingo livre, dirige-te a Porta Portese, um dos mais antigos e populares <a href=\"https:\/\/www.rome.info\/shopping\/markets\/\">mercados de pulgas de Roma<\/a>. Este labir\u00edntico mercado tem centenas de bancas que vendem de tudo, desde roupas usadas e vintage a objetos antigos e muito mais.<\/p>\n\n\n\n<p>Tem havido alguma preocupa\u00e7\u00e3o nos \u00faltimos anos de que o mercado esteja saturado de quinquilharia importada barata, mas isso pode apenas significar que tens de cavar mais fundo.<\/p>\n\n\n\n<h2 class=\"wp-block-heading\">Mergulha na Arte Moderna na Galeria Nacional de Arte Moderna<\/h2>\n\n\n<figure>\n                    <div class=\"ms-credits\"><img decoding=\"async\" class=\"gb-image gb-image-51612d15\" src=\"https:\/\/www.rome.info\/wp-content\/uploads\/f-national-gallery-of-modern-art.jpg\" alt=\"Galeria Nacional de Arte Moderna.\"><span class='ms-credits__info' id='media757'><svg xmlns=\"http:\/\/www.w3.org\/2000\/svg\" width=\"20\" height=\"22\" fill=\"#000000\" viewBox=\"0 0 256 256\"><path d=\"M128,24A104,104,0,1,0,232,128,104.11,104.11,0,0,0,128,24Zm0,192a88,88,0,1,1,88-88A88.1,88.1,0,0,1,128,216ZM96,128a32,32,0,0,0,57.6,19.2,8,8,0,0,1,12.8,9.61,48,48,0,1,1,0-57.62,8,8,0,0,1-12.8,9.61A32,32,0,0,0,96,128Z\"><\/path><\/svg><a href=https:\/\/depositphotos.com\/215633616\/stock-photo-rome-italy-national-gallery-modern.html rel='nofollow' target='_blank'>Depositphotos<\/a><\/span><span class='ms-credits__btn' id='btn_media757' onclick='ms_credits_trigger(\"#media757\", this)'><svg xmlns=\"http:\/\/www.w3.org\/2000\/svg\" class=\"info_icon\" width=\"28\" height=\"28\" fill=\"#FFF\" viewBox=\"0 0 256 256\"><path d=\"M128,24A104,104,0,1,0,232,128,104.11,104.11,0,0,0,128,24Zm0,192a88,88,0,1,1,88-88A88.1,88.1,0,0,1,128,216Zm16-40a8,8,0,0,1-8,8,16,16,0,0,1-16-16V128a8,8,0,0,1,0-16,16,16,0,0,1,16,16v40A8,8,0,0,1,144,176ZM112,84a12,12,0,1,1,12,12A12,12,0,0,1,112,84Z\"><\/path><\/svg><svg xmlns=\"http:\/\/www.w3.org\/2000\/svg\" class=\"close_icon\" width=\"28\" height=\"28\" fill=\"#FFF\" viewBox=\"0 0 256 256\"><path d=\"M165.66,101.66,139.31,128l26.35,26.34a8,8,0,0,1-11.32,11.32L128,139.31l-26.34,26.35a8,8,0,0,1-11.32-11.32L116.69,128,90.34,101.66a8,8,0,0,1,11.32-11.32L128,116.69l26.34-26.35a8,8,0,0,1,11.32,11.32ZM232,128A104,104,0,1,1,128,24,104.11,104.11,0,0,1,232,128Zm-16,0a88,88,0,1,0-88,88A88.1,88.1,0,0,0,216,128Z\"><\/path><\/svg><\/span><\/div><\/figure>\n\n\n<p>Nem toda a arte em Roma \u00e9 antiga. A <a href=\"https:\/\/www.rome.info\/attractions\/national-gallery-of-modern-art\/\">Galeria Nacional de Arte Moderna<\/a> alberga a maior cole\u00e7\u00e3o de arte moderna de It\u00e1lia, com obras dos s\u00e9culos XIX ao XXI de artistas como Monet, Klimt, Van Gogh e Pollock.<\/p>\n\n\n\n<p>Imperd\u00edvel para os f\u00e3s de arte que precisam de uma pausa do Barroco.<\/p>\n\n\n\n<h2 class=\"wp-block-heading\">Descobre Tr\u00eas Camadas de Hist\u00f3ria na Bas\u00edlica de S\u00e3o Clemente<\/h2>\n\n\n<figure>\n                    <div class=\"ms-credits\"><img decoding=\"async\" class=\"gb-image gb-image-5c15bfe1\" src=\"https:\/\/www.rome.info\/wp-content\/uploads\/f-st-clement-basilica.jpg\" alt=\"Interior da Bas\u00edlica de S\u00e3o Clemente, Roma.\"><span class='ms-credits__info' id='media735'><svg xmlns=\"http:\/\/www.w3.org\/2000\/svg\" width=\"20\" height=\"22\" fill=\"#000000\" viewBox=\"0 0 256 256\"><path d=\"M128,24A104,104,0,1,0,232,128,104.11,104.11,0,0,0,128,24Zm0,192a88,88,0,1,1,88-88A88.1,88.1,0,0,1,128,216ZM96,128a32,32,0,0,0,57.6,19.2,8,8,0,0,1,12.8,9.61,48,48,0,1,1,0-57.62,8,8,0,0,1-12.8,9.61A32,32,0,0,0,96,128Z\"><\/path><\/svg>borisb17\/<a href=https:\/\/depositphotos.com\/62866283\/stock-photo-basilica-of-san-clemente-rome.html rel='nofollow' target='_blank'>Depositphotos<\/a><\/span><span class='ms-credits__btn' id='btn_media735' onclick='ms_credits_trigger(\"#media735\", this)'><svg xmlns=\"http:\/\/www.w3.org\/2000\/svg\" class=\"info_icon\" width=\"28\" height=\"28\" fill=\"#FFF\" viewBox=\"0 0 256 256\"><path d=\"M128,24A104,104,0,1,0,232,128,104.11,104.11,0,0,0,128,24Zm0,192a88,88,0,1,1,88-88A88.1,88.1,0,0,1,128,216Zm16-40a8,8,0,0,1-8,8,16,16,0,0,1-16-16V128a8,8,0,0,1,0-16,16,16,0,0,1,16,16v40A8,8,0,0,1,144,176ZM112,84a12,12,0,1,1,12,12A12,12,0,0,1,112,84Z\"><\/path><\/svg><svg xmlns=\"http:\/\/www.w3.org\/2000\/svg\" class=\"close_icon\" width=\"28\" height=\"28\" fill=\"#FFF\" viewBox=\"0 0 256 256\"><path d=\"M165.66,101.66,139.31,128l26.35,26.34a8,8,0,0,1-11.32,11.32L128,139.31l-26.34,26.35a8,8,0,0,1-11.32-11.32L116.69,128,90.34,101.66a8,8,0,0,1,11.32-11.32L128,116.69l26.34-26.35a8,8,0,0,1,11.32,11.32ZM232,128A104,104,0,1,1,128,24,104.11,104.11,0,0,1,232,128Zm-16,0a88,88,0,1,0-88,88A88.1,88.1,0,0,0,216,128Z\"><\/path><\/svg><\/span><\/div><\/figure>\n\n\n<p>Esta joia escondida, perto do Coliseu, pode parecer uma igreja comum por fora, mas esconde tr\u00eas n\u00edveis de hist\u00f3ria no seu interior.<\/p>\n\n\n\n<p>A atual <a href=\"https:\/\/www.rome.info\/attractions\/st-clement-basilica\/\">Bas\u00edlica de S\u00e3o Clemente<\/a>, no n\u00edvel superior, \u00e9 uma bela igreja rom\u00e2nica renovada no estilo barroco, mas o verdadeiro tesouro est\u00e1 l\u00e1 em baixo. Desce para explorar o n\u00edvel dois, que cont\u00e9m os restos da primeira bas\u00edlica constru\u00edda no s\u00e9culo IV. Se isso n\u00e3o chegar, desce ainda mais para explorar o Mitreum, um templo antigo do s\u00e9culo III.<\/p>\n\n\n\n<h2 class=\"wp-block-heading\">Admira Obras-Primas Escondidas no Palazzo Barberini<\/h2>\n\n\n<figure>\n                    <div class=\"ms-credits\"><img decoding=\"async\" class=\"gb-image gb-image-e99e60b3\" src=\"https:\/\/www.rome.info\/wp-content\/uploads\/f-palazzo-barberini.jpg\" alt=\"Vista ao p\u00f4r do sol do Palazzo Barberini em Roma.\"><span class='ms-credits__info' id='media750'><svg xmlns=\"http:\/\/www.w3.org\/2000\/svg\" width=\"20\" height=\"22\" fill=\"#000000\" viewBox=\"0 0 256 256\"><path d=\"M128,24A104,104,0,1,0,232,128,104.11,104.11,0,0,0,128,24Zm0,192a88,88,0,1,1,88-88A88.1,88.1,0,0,1,128,216ZM96,128a32,32,0,0,0,57.6,19.2,8,8,0,0,1,12.8,9.61,48,48,0,1,1,0-57.62,8,8,0,0,1-12.8,9.61A32,32,0,0,0,96,128Z\"><\/path><\/svg>stoyanh\/<a href=https:\/\/depositphotos.com\/183040282\/stock-photo-rome-italy-june-2017-sunset.html rel='nofollow' target='_blank'>Depositphotos<\/a><\/span><span class='ms-credits__btn' id='btn_media750' onclick='ms_credits_trigger(\"#media750\", this)'><svg xmlns=\"http:\/\/www.w3.org\/2000\/svg\" class=\"info_icon\" width=\"28\" height=\"28\" fill=\"#FFF\" viewBox=\"0 0 256 256\"><path d=\"M128,24A104,104,0,1,0,232,128,104.11,104.11,0,0,0,128,24Zm0,192a88,88,0,1,1,88-88A88.1,88.1,0,0,1,128,216Zm16-40a8,8,0,0,1-8,8,16,16,0,0,1-16-16V128a8,8,0,0,1,0-16,16,16,0,0,1,16,16v40A8,8,0,0,1,144,176ZM112,84a12,12,0,1,1,12,12A12,12,0,0,1,112,84Z\"><\/path><\/svg><svg xmlns=\"http:\/\/www.w3.org\/2000\/svg\" class=\"close_icon\" width=\"28\" height=\"28\" fill=\"#FFF\" viewBox=\"0 0 256 256\"><path d=\"M165.66,101.66,139.31,128l26.35,26.34a8,8,0,0,1-11.32,11.32L128,139.31l-26.34,26.35a8,8,0,0,1-11.32-11.32L116.69,128,90.34,101.66a8,8,0,0,1,11.32-11.32L128,116.69l26.34-26.35a8,8,0,0,1,11.32,11.32ZM232,128A104,104,0,1,1,128,24,104.11,104.11,0,0,1,232,128Zm-16,0a88,88,0,1,0-88,88A88.1,88.1,0,0,0,216,128Z\"><\/path><\/svg><\/span><\/div><\/figure>\n\n\n<p>O <a href=\"https:\/\/www.rome.info\/attractions\/palazzo-barberini\/\">Palazzo Barberini<\/a> pode ser um dos museus mais subestimados de Roma, mas isso s\u00f3 o torna mais valioso de visitar porque haver\u00e1 menos gente. A sua cole\u00e7\u00e3o apresenta obras-primas de artistas como Rafael, Caravaggio e Ticiano, entre outros, e o pr\u00f3prio pal\u00e1cio \u00e9 tamb\u00e9m deslumbrante.<\/p>\n\n\n\n<p>Observa as duas escadarias \u00fanicas projetadas pelos artistas rivais Bernini e Borromini e contempla o exuberante fresco do teto do grande sal\u00e3o com a fam\u00edlia Barberini em toda a sua gl\u00f3ria propagand\u00edstica.<\/p>\n\n\n\n<h2 class=\"wp-block-heading\">Arrepia-te na Cripta dos Capuchinhos<\/h2>\n\n\n<figure>\n                    <div class=\"ms-credits\"><img decoding=\"async\" class=\"gb-image gb-image-251ba844\" src=\"https:\/\/www.rome.info\/wp-content\/uploads\/f-bone-church.jpg\" alt=\"Cr\u00e2nios e ossos num oss\u00e1rio.\"><span class='ms-credits__info' id='media920'><svg xmlns=\"http:\/\/www.w3.org\/2000\/svg\" width=\"20\" height=\"22\" fill=\"#000000\" viewBox=\"0 0 256 256\"><path d=\"M128,24A104,104,0,1,0,232,128,104.11,104.11,0,0,0,128,24Zm0,192a88,88,0,1,1,88-88A88.1,88.1,0,0,1,128,216ZM96,128a32,32,0,0,0,57.6,19.2,8,8,0,0,1,12.8,9.61,48,48,0,1,1,0-57.62,8,8,0,0,1-12.8,9.61A32,32,0,0,0,96,128Z\"><\/path><\/svg><a href=https:\/\/depositphotos.com\/63398733\/stock-photo-human-bones-and-skulls.html rel='nofollow' target='_blank'>Depositphotos<\/a><\/span><span class='ms-credits__btn' id='btn_media920' onclick='ms_credits_trigger(\"#media920\", this)'><svg xmlns=\"http:\/\/www.w3.org\/2000\/svg\" class=\"info_icon\" width=\"28\" height=\"28\" fill=\"#FFF\" viewBox=\"0 0 256 256\"><path d=\"M128,24A104,104,0,1,0,232,128,104.11,104.11,0,0,0,128,24Zm0,192a88,88,0,1,1,88-88A88.1,88.1,0,0,1,128,216Zm16-40a8,8,0,0,1-8,8,16,16,0,0,1-16-16V128a8,8,0,0,1,0-16,16,16,0,0,1,16,16v40A8,8,0,0,1,144,176ZM112,84a12,12,0,1,1,12,12A12,12,0,0,1,112,84Z\"><\/path><\/svg><svg xmlns=\"http:\/\/www.w3.org\/2000\/svg\" class=\"close_icon\" width=\"28\" height=\"28\" fill=\"#FFF\" viewBox=\"0 0 256 256\"><path d=\"M165.66,101.66,139.31,128l26.35,26.34a8,8,0,0,1-11.32,11.32L128,139.31l-26.34,26.35a8,8,0,0,1-11.32-11.32L116.69,128,90.34,101.66a8,8,0,0,1,11.32-11.32L128,116.69l26.34-26.35a8,8,0,0,1,11.32,11.32ZM232,128A104,104,0,1,1,128,24,104.11,104.11,0,0,1,232,128Zm-16,0a88,88,0,1,0-88,88A88.1,88.1,0,0,0,216,128Z\"><\/path><\/svg><\/span><\/div><\/figure>\n\n\n<p>Esta cripta \u00fanica e fascinante definitivamente n\u00e3o \u00e9 para os de cora\u00e7\u00e3o fraco, pois cont\u00e9m os ossos e os restos mumificados de quase 4.000 indiv\u00edduos.<\/p>\n\n\n\n<p>O museu acima da cripta, dedicado \u00e0 hist\u00f3ria da Ordem Capuchinha, \u00e9 suficientemente normal, mas a maioria das pessoas passa por ele rapidamente a caminho do andar de baixo, onde est\u00e1 a principal atra\u00e7\u00e3o. Os ossos est\u00e3o contidos numa s\u00e9rie de cinco salas com nomes sugestivos, como a Cripta dos Cr\u00e2nios e a Cripta das P\u00e9lvises, e os nomes s\u00e3o bastante precisos.<\/p>\n\n\n\n<p>Embora a ordem cat\u00f3lica insista que n\u00e3o \u00e9 para ser macabro, mas um espa\u00e7o em que o visitante pode refletir sobre a sua pr\u00f3pria mortalidade, discordo.<\/p>\n\n\n\n<h2 class=\"wp-block-heading\">V\u00ea o Retrato de um Papa na Galeria Doria Pamphilj<\/h2>\n\n\n<figure>\n                    <div class=\"ms-credits\"><img decoding=\"async\" class=\"gb-image gb-image-afaf11dc\" src=\"https:\/\/www.rome.info\/wp-content\/uploads\/f-doria-pamphili-gallery-redroom.jpg\" alt=\"O interior de uma sala de paredes vermelhas e douradas repleta de pinturas no interior da Galeria Doria Pamphilj.\"><span class='ms-credits__info' id='media922'><svg xmlns=\"http:\/\/www.w3.org\/2000\/svg\" width=\"20\" height=\"22\" fill=\"#000000\" viewBox=\"0 0 256 256\"><path d=\"M128,24A104,104,0,1,0,232,128,104.11,104.11,0,0,0,128,24Zm0,192a88,88,0,1,1,88-88A88.1,88.1,0,0,1,128,216ZM96,128a32,32,0,0,0,57.6,19.2,8,8,0,0,1,12.8,9.61,48,48,0,1,1,0-57.62,8,8,0,0,1-12.8,9.61A32,32,0,0,0,96,128Z\"><\/path><\/svg>paanna\/<a href=https:\/\/depositphotos.com\/247723210\/stock-photo-interior-of-the-doria-pamphilj.html rel='nofollow' target='_blank'>Depositphotos<\/a><\/span><span class='ms-credits__btn' id='btn_media922' onclick='ms_credits_trigger(\"#media922\", this)'><svg xmlns=\"http:\/\/www.w3.org\/2000\/svg\" class=\"info_icon\" width=\"28\" height=\"28\" fill=\"#FFF\" viewBox=\"0 0 256 256\"><path d=\"M128,24A104,104,0,1,0,232,128,104.11,104.11,0,0,0,128,24Zm0,192a88,88,0,1,1,88-88A88.1,88.1,0,0,1,128,216Zm16-40a8,8,0,0,1-8,8,16,16,0,0,1-16-16V128a8,8,0,0,1,0-16,16,16,0,0,1,16,16v40A8,8,0,0,1,144,176ZM112,84a12,12,0,1,1,12,12A12,12,0,0,1,112,84Z\"><\/path><\/svg><svg xmlns=\"http:\/\/www.w3.org\/2000\/svg\" class=\"close_icon\" width=\"28\" height=\"28\" fill=\"#FFF\" viewBox=\"0 0 256 256\"><path d=\"M165.66,101.66,139.31,128l26.35,26.34a8,8,0,0,1-11.32,11.32L128,139.31l-26.34,26.35a8,8,0,0,1-11.32-11.32L116.69,128,90.34,101.66a8,8,0,0,1,11.32-11.32L128,116.69l26.34-26.35a8,8,0,0,1,11.32,11.32ZM232,128A104,104,0,1,1,128,24,104.11,104.11,0,0,1,232,128Zm-16,0a88,88,0,1,0-88,88A88.1,88.1,0,0,0,216,128Z\"><\/path><\/svg><\/span><\/div><\/figure>\n\n\n<p>A <a href=\"https:\/\/www.rome.info\/attractions\/doria-pamphilj-gallery\/\">Galeria Doria Pamphilj<\/a> \u00e9 sem d\u00favida a melhor galeria privada de Roma (embora, se leste toda a lista, saibas que a minha escolha \u00e9 a Galleria Borghese) e tem uma cole\u00e7\u00e3o impressionante com obras-primas de Rafael, Ticiano e Caravaggio.<\/p>\n\n\n\n<p>A joia da coroa da galeria \u00e9, no entanto, o <em>Retrato do Papa Inoc\u00eancio X<\/em> de Vel\u00e1zquez, que retratou o papa com tal realismo que foi considerado controverso aquando da sua apresenta\u00e7\u00e3o.<\/p>\n\n\n\n<h2 class=\"wp-block-heading\">Experimenta Duas Vers\u00f5es Diferentes do Campo de&#8217; Fiori<\/h2>\n\n\n<figure>\n                    <div class=\"ms-credits\"><img decoding=\"async\" class=\"gb-image gb-image-9c048fcd\" src=\"https:\/\/www.rome.info\/wp-content\/uploads\/f-campo-de-fiori.jpg\" alt=\"Mercado no Campo de' Fiori em Roma, It\u00e1lia.\"><span class='ms-credits__info' id='media859'><svg xmlns=\"http:\/\/www.w3.org\/2000\/svg\" width=\"20\" height=\"22\" fill=\"#000000\" viewBox=\"0 0 256 256\"><path d=\"M128,24A104,104,0,1,0,232,128,104.11,104.11,0,0,0,128,24Zm0,192a88,88,0,1,1,88-88A88.1,88.1,0,0,1,128,216ZM96,128a32,32,0,0,0,57.6,19.2,8,8,0,0,1,12.8,9.61,48,48,0,1,1,0-57.62,8,8,0,0,1-12.8,9.61A32,32,0,0,0,96,128Z\"><\/path><\/svg>Madrabothair\/<a href=https:\/\/depositphotos.com\/56635163\/stock-photo-market-on-the-campo-de.html rel='nofollow' target='_blank'>Depositphotos<\/a><\/span><span class='ms-credits__btn' id='btn_media859' onclick='ms_credits_trigger(\"#media859\", this)'><svg xmlns=\"http:\/\/www.w3.org\/2000\/svg\" class=\"info_icon\" width=\"28\" height=\"28\" fill=\"#FFF\" viewBox=\"0 0 256 256\"><path d=\"M128,24A104,104,0,1,0,232,128,104.11,104.11,0,0,0,128,24Zm0,192a88,88,0,1,1,88-88A88.1,88.1,0,0,1,128,216Zm16-40a8,8,0,0,1-8,8,16,16,0,0,1-16-16V128a8,8,0,0,1,0-16,16,16,0,0,1,16,16v40A8,8,0,0,1,144,176ZM112,84a12,12,0,1,1,12,12A12,12,0,0,1,112,84Z\"><\/path><\/svg><svg xmlns=\"http:\/\/www.w3.org\/2000\/svg\" class=\"close_icon\" width=\"28\" height=\"28\" fill=\"#FFF\" viewBox=\"0 0 256 256\"><path d=\"M165.66,101.66,139.31,128l26.35,26.34a8,8,0,0,1-11.32,11.32L128,139.31l-26.34,26.35a8,8,0,0,1-11.32-11.32L116.69,128,90.34,101.66a8,8,0,0,1,11.32-11.32L128,116.69l26.34-26.35a8,8,0,0,1,11.32,11.32ZM232,128A104,104,0,1,1,128,24,104.11,104.11,0,0,1,232,128Zm-16,0a88,88,0,1,0-88,88A88.1,88.1,0,0,0,216,128Z\"><\/path><\/svg><\/span><\/div><\/figure>\n\n\n<p><a href=\"https:\/\/www.rome.info\/pt\/atracoes\/campo-de-fiori\/\">Campo de&#8217; Fiori<\/a> deve o seu nome ao campo de flores que outrora foi, embora hoje seja uma pra\u00e7a movimentada e animada no centro hist\u00f3rico de Roma.<\/p>\n\n\n\n<p>Visita de manh\u00e3 para apreciar o mercado de fruta, legumes e flores que preenche a pra\u00e7a quase todos os dias, e regressa \u00e0 noite para tomar uma bebida num dos muitos bares que ladeia a piazza e viver uma pra\u00e7a completamente diferente.<\/p>\n\n\n\n<p>N\u00e3o te esque\u00e7as de contemplar a est\u00e1tua do fil\u00f3sofo her\u00e9tico Giordano Bruno, que foi queimado na fogueira no pr\u00f3prio lugar onde agora \u00e9 homenageado.<\/p>\n\n\n\n<h2 class=\"wp-block-heading\">Explora o S\u00edtio de Escava\u00e7\u00e3o Conhecido como Crypta Balbi<\/h2>\n\n\n\n<p>A Crypta Balbi e a \u00e1rea circundante \u00e9 um s\u00edtio de escava\u00e7\u00e3o dedicado \u00e0 preserva\u00e7\u00e3o de um bloco urbano romano inteiro, que consistia num teatro com uma cripta, um bloco de quatro apartamentos e um p\u00e1tio. Os visitantes deste local \u00fanico t\u00eam a oportunidade de explorar uma escava\u00e7\u00e3o arqueol\u00f3gica e ver as diferentes camadas de 2.000 anos de hist\u00f3ria descobertas com os seus pr\u00f3prios olhos.<\/p>\n\n\n\n<h2 class=\"wp-block-heading\">V\u00ea uma Ilus\u00e3o \u00d3tica Arquitet\u00f3nica na Galleria Spada<\/h2>\n\n\n<figure>\n                    <div class=\"ms-credits\"><img decoding=\"async\" class=\"gb-image gb-image-46cc76bb\" src=\"https:\/\/www.rome.info\/wp-content\/uploads\/f-galleria-spada.jpg\" alt=\"O corredor barroco do Palazzo Spada, a galeria de perspetiva for\u00e7ada.\"><span class='ms-credits__info' id='media770'><svg xmlns=\"http:\/\/www.w3.org\/2000\/svg\" width=\"20\" height=\"22\" fill=\"#000000\" viewBox=\"0 0 256 256\"><path d=\"M128,24A104,104,0,1,0,232,128,104.11,104.11,0,0,0,128,24Zm0,192a88,88,0,1,1,88-88A88.1,88.1,0,0,1,128,216ZM96,128a32,32,0,0,0,57.6,19.2,8,8,0,0,1,12.8,9.61,48,48,0,1,1,0-57.62,8,8,0,0,1-12.8,9.61A32,32,0,0,0,96,128Z\"><\/path><\/svg>marcovarro\/<a href=https:\/\/depositphotos.com\/109717616\/stock-photo-palazzo-spada-forced-perspective-gallery.html rel='nofollow' target='_blank'>Depositphotos<\/a><\/span><span class='ms-credits__btn' id='btn_media770' onclick='ms_credits_trigger(\"#media770\", this)'><svg xmlns=\"http:\/\/www.w3.org\/2000\/svg\" class=\"info_icon\" width=\"28\" height=\"28\" fill=\"#FFF\" viewBox=\"0 0 256 256\"><path d=\"M128,24A104,104,0,1,0,232,128,104.11,104.11,0,0,0,128,24Zm0,192a88,88,0,1,1,88-88A88.1,88.1,0,0,1,128,216Zm16-40a8,8,0,0,1-8,8,16,16,0,0,1-16-16V128a8,8,0,0,1,0-16,16,16,0,0,1,16,16v40A8,8,0,0,1,144,176ZM112,84a12,12,0,1,1,12,12A12,12,0,0,1,112,84Z\"><\/path><\/svg><svg xmlns=\"http:\/\/www.w3.org\/2000\/svg\" class=\"close_icon\" width=\"28\" height=\"28\" fill=\"#FFF\" viewBox=\"0 0 256 256\"><path d=\"M165.66,101.66,139.31,128l26.35,26.34a8,8,0,0,1-11.32,11.32L128,139.31l-26.34,26.35a8,8,0,0,1-11.32-11.32L116.69,128,90.34,101.66a8,8,0,0,1,11.32-11.32L128,116.69l26.34-26.35a8,8,0,0,1,11.32,11.32ZM232,128A104,104,0,1,1,128,24,104.11,104.11,0,0,1,232,128Zm-16,0a88,88,0,1,0-88,88A88.1,88.1,0,0,0,216,128Z\"><\/path><\/svg><\/span><\/div><\/figure>\n\n\n<p>Embora pequena, a <a href=\"https:\/\/www.rome.info\/attractions\/galleria-spada\/\">Galleria Spada<\/a> impressiona. A cole\u00e7\u00e3o, pendurada moldura a moldura no seu formato original do s\u00e9culo XVII, cont\u00e9m belas obras de arte de artistas como Ticiano e Artemisia Gentileschi.<\/p>\n\n\n\n<p>A grande atra\u00e7\u00e3o do museu, no entanto, \u00e9 o incr\u00edvel corredor em perspetiva de Borromini, uma proeza de engenhosidade arquitet\u00f3nica que te far\u00e1 desconfiar dos teus pr\u00f3prios olhos ao olhares por um corredor de 8 metros que parece ter mais de 40 metros de comprimento.<\/p>\n\n\n\n<h2 class=\"wp-block-heading\">V\u00ea uma Escultura Controversa em Santa Maria della Vittoria<\/h2>\n\n\n<figure>\n                    <div class=\"ms-credits\"><img decoding=\"async\" class=\"gb-image gb-image-b13d7a8c\" src=\"https:\/\/www.rome.info\/wp-content\/uploads\/f-bernini-ecstasy-of-saint-teresa.jpg\" alt=\"A escultura de Bernini do \u00caxtase de Santa Teresa dentro da Igreja de Santa Maria della Vittoria.\"><span class='ms-credits__info' id='media923'><svg xmlns=\"http:\/\/www.w3.org\/2000\/svg\" width=\"20\" height=\"22\" fill=\"#000000\" viewBox=\"0 0 256 256\"><path d=\"M128,24A104,104,0,1,0,232,128,104.11,104.11,0,0,0,128,24Zm0,192a88,88,0,1,1,88-88A88.1,88.1,0,0,1,128,216ZM96,128a32,32,0,0,0,57.6,19.2,8,8,0,0,1,12.8,9.61,48,48,0,1,1,0-57.62,8,8,0,0,1-12.8,9.61A32,32,0,0,0,96,128Z\"><\/path><\/svg><a href=https:\/\/depositphotos.com\/223270604\/stock-photo-rome-italy-famous-sculpture-bernini.html rel='nofollow' target='_blank'>Depositphotos<\/a><\/span><span class='ms-credits__btn' id='btn_media923' onclick='ms_credits_trigger(\"#media923\", this)'><svg xmlns=\"http:\/\/www.w3.org\/2000\/svg\" class=\"info_icon\" width=\"28\" height=\"28\" fill=\"#FFF\" viewBox=\"0 0 256 256\"><path d=\"M128,24A104,104,0,1,0,232,128,104.11,104.11,0,0,0,128,24Zm0,192a88,88,0,1,1,88-88A88.1,88.1,0,0,1,128,216Zm16-40a8,8,0,0,1-8,8,16,16,0,0,1-16-16V128a8,8,0,0,1,0-16,16,16,0,0,1,16,16v40A8,8,0,0,1,144,176ZM112,84a12,12,0,1,1,12,12A12,12,0,0,1,112,84Z\"><\/path><\/svg><svg xmlns=\"http:\/\/www.w3.org\/2000\/svg\" class=\"close_icon\" width=\"28\" height=\"28\" fill=\"#FFF\" viewBox=\"0 0 256 256\"><path d=\"M165.66,101.66,139.31,128l26.35,26.34a8,8,0,0,1-11.32,11.32L128,139.31l-26.34,26.35a8,8,0,0,1-11.32-11.32L116.69,128,90.34,101.66a8,8,0,0,1,11.32-11.32L128,116.69l26.34-26.35a8,8,0,0,1,11.32,11.32ZM232,128A104,104,0,1,1,128,24,104.11,104.11,0,0,1,232,128Zm-16,0a88,88,0,1,0-88,88A88.1,88.1,0,0,0,216,128Z\"><\/path><\/svg><\/span><\/div><\/figure>\n\n\n<p><a href=\"https:\/\/www.rome.info\/attractions\/santa-maria-della-vittoria\/\">Santa Maria della Vittoria<\/a> \u00e9 um belo exemplo ornamentado de uma igreja barroca tardia e j\u00e1 vale a pena uma visita s\u00f3 por isso, mas tornou-se famosa pela controversa escultura de Bernini da <em>\u00caxtase de Santa Teresa<\/em> que nela reside.<\/p>\n\n\n\n<p>Santa Teresa recosta-se com uma express\u00e3o de puro \u00eaxtase enquanto um anjo se inclina sobre ela, pronto a transpass\u00e1-la com uma seta dourada. O que choca os visitantes \u00e9 a natureza sexualmente carregada da cena, que muitos n\u00e3o esperam encontrar num contexto cat\u00f3lico. O atrevido Bernini safou-se.<\/p>\n\n\n\n<h2 class=\"wp-block-heading\">Descobre um T\u00famulo Invulgar em Santa Maria del Popolo<\/h2>\n\n\n<figure>\n                    <div class=\"ms-credits\"><img decoding=\"async\" class=\"gb-image gb-image-833ff7ce\" src=\"https:\/\/www.rome.info\/wp-content\/uploads\/f-basilica-of-santa-maria-del-popolo.jpg\" alt=\"A bela Cappella Chigi projetada por Rafael, na Bas\u00edlica de Santa Maria del Popolo em Roma.\"><span class='ms-credits__info' id='media763'><svg xmlns=\"http:\/\/www.w3.org\/2000\/svg\" width=\"20\" height=\"22\" fill=\"#000000\" viewBox=\"0 0 256 256\"><path d=\"M128,24A104,104,0,1,0,232,128,104.11,104.11,0,0,0,128,24Zm0,192a88,88,0,1,1,88-88A88.1,88.1,0,0,1,128,216ZM96,128a32,32,0,0,0,57.6,19.2,8,8,0,0,1,12.8,9.61,48,48,0,1,1,0-57.62,8,8,0,0,1-12.8,9.61A32,32,0,0,0,96,128Z\"><\/path><\/svg>e55evu\/<a href=https:\/\/depositphotos.com\/265251096\/stock-photo-beautiful-cappella-chigi-designed-raffaello.html rel='nofollow' target='_blank'>Depositphotos<\/a><\/span><span class='ms-credits__btn' id='btn_media763' onclick='ms_credits_trigger(\"#media763\", this)'><svg xmlns=\"http:\/\/www.w3.org\/2000\/svg\" class=\"info_icon\" width=\"28\" height=\"28\" fill=\"#FFF\" viewBox=\"0 0 256 256\"><path d=\"M128,24A104,104,0,1,0,232,128,104.11,104.11,0,0,0,128,24Zm0,192a88,88,0,1,1,88-88A88.1,88.1,0,0,1,128,216Zm16-40a8,8,0,0,1-8,8,16,16,0,0,1-16-16V128a8,8,0,0,1,0-16,16,16,0,0,1,16,16v40A8,8,0,0,1,144,176ZM112,84a12,12,0,1,1,12,12A12,12,0,0,1,112,84Z\"><\/path><\/svg><svg xmlns=\"http:\/\/www.w3.org\/2000\/svg\" class=\"close_icon\" width=\"28\" height=\"28\" fill=\"#FFF\" viewBox=\"0 0 256 256\"><path d=\"M165.66,101.66,139.31,128l26.35,26.34a8,8,0,0,1-11.32,11.32L128,139.31l-26.34,26.35a8,8,0,0,1-11.32-11.32L116.69,128,90.34,101.66a8,8,0,0,1,11.32-11.32L128,116.69l26.34-26.35a8,8,0,0,1,11.32,11.32ZM232,128A104,104,0,1,1,128,24,104.11,104.11,0,0,1,232,128Zm-16,0a88,88,0,1,0-88,88A88.1,88.1,0,0,0,216,128Z\"><\/path><\/svg><\/span><\/div><\/figure>\n\n\n<p>O exterior modesto de <a href=\"https:\/\/www.rome.info\/attractions\/basilica-of-santa-maria-del-popolo\/\">Santa Maria del Popolo<\/a> n\u00e3o corresponde \u00e0s extravagantes capelas do interior, a mais famosa das quais \u00e9 a Capela Chigi, projetada por Rafael e conclu\u00edda por Bernini. O que a torna \u00fanica \u00e9 o estranho t\u00famulo piramidal onde Agostino Chigi est\u00e1 sepultado.<\/p>\n\n\n\n<p>N\u00e3o te esque\u00e7as de visitar tamb\u00e9m a Capela Cerasi para admirar as duas dram\u00e1ticas pinturas de Caravaggio que adornam as paredes da capela.<\/p>\n\n\n\n<h2 class=\"wp-block-heading\">V\u00ea uma Fachada Dupla em Santa Maria Maggiore<\/h2>\n\n\n<figure>\n                    <div class=\"ms-credits\"><img decoding=\"async\" class=\"gb-image gb-image-a41de0f1\" src=\"https:\/\/www.rome.info\/wp-content\/uploads\/f-santa-maria-maggiore-facade.jpg\" alt=\"Vista aproximada da fachada dupla de Santa Maria Maggiore.\"><span class='ms-credits__info' id='media925'><svg xmlns=\"http:\/\/www.w3.org\/2000\/svg\" width=\"20\" height=\"22\" fill=\"#000000\" viewBox=\"0 0 256 256\"><path d=\"M128,24A104,104,0,1,0,232,128,104.11,104.11,0,0,0,128,24Zm0,192a88,88,0,1,1,88-88A88.1,88.1,0,0,1,128,216ZM96,128a32,32,0,0,0,57.6,19.2,8,8,0,0,1,12.8,9.61,48,48,0,1,1,0-57.62,8,8,0,0,1-12.8,9.61A32,32,0,0,0,96,128Z\"><\/path><\/svg><a href=https:\/\/depositphotos.com\/481436522\/stock-photo-rome-italy-august-2019-facade.html rel='nofollow' target='_blank'>Depositphotos<\/a><\/span><span class='ms-credits__btn' id='btn_media925' onclick='ms_credits_trigger(\"#media925\", this)'><svg xmlns=\"http:\/\/www.w3.org\/2000\/svg\" class=\"info_icon\" width=\"28\" height=\"28\" fill=\"#FFF\" viewBox=\"0 0 256 256\"><path d=\"M128,24A104,104,0,1,0,232,128,104.11,104.11,0,0,0,128,24Zm0,192a88,88,0,1,1,88-88A88.1,88.1,0,0,1,128,216Zm16-40a8,8,0,0,1-8,8,16,16,0,0,1-16-16V128a8,8,0,0,1,0-16,16,16,0,0,1,16,16v40A8,8,0,0,1,144,176ZM112,84a12,12,0,1,1,12,12A12,12,0,0,1,112,84Z\"><\/path><\/svg><svg xmlns=\"http:\/\/www.w3.org\/2000\/svg\" class=\"close_icon\" width=\"28\" height=\"28\" fill=\"#FFF\" viewBox=\"0 0 256 256\"><path d=\"M165.66,101.66,139.31,128l26.35,26.34a8,8,0,0,1-11.32,11.32L128,139.31l-26.34,26.35a8,8,0,0,1-11.32-11.32L116.69,128,90.34,101.66a8,8,0,0,1,11.32-11.32L128,116.69l26.34-26.35a8,8,0,0,1,11.32,11.32ZM232,128A104,104,0,1,1,128,24,104.11,104.11,0,0,1,232,128Zm-16,0a88,88,0,1,0-88,88A88.1,88.1,0,0,0,216,128Z\"><\/path><\/svg><\/span><\/div><\/figure>\n\n\n<p><a href=\"https:\/\/www.rome.info\/pt\/atracoes\/santa-maria-maior\/\">Santa Maria Maggiore<\/a> \u00e9 uma das quatro bas\u00edlicas papais maiores, uma das Sete Igrejas de Roma e a maior igreja dedicada \u00e0 Virgem Maria em Roma.<\/p>\n\n\n\n<p>Se esses t\u00edtulos impressionantes n\u00e3o forem suficientes para te fazer querer visit\u00e1-la, os deslumbrantes mosaicos da fachada do s\u00e9culo XIII, parcialmente escondidos atr\u00e1s da fachada barroca do s\u00e9culo XVIII, certamente ser\u00e3o.<\/p>\n\n\n\n<h2 class=\"wp-block-heading\">Visita a &#8220;M\u00e3e de todas as Igrejas&#8221;, a Bas\u00edlica de S\u00e3o Jo\u00e3o de Latr\u00e3o<\/h2>\n\n\n<figure>\n                    <div class=\"ms-credits\"><img decoding=\"async\" class=\"gb-image gb-image-c1097ded\" src=\"https:\/\/www.rome.info\/wp-content\/uploads\/f-basilica-of-st-john-lateran.jpg\" alt=\"Bas\u00edlica de S\u00e3o Jo\u00e3o de Latr\u00e3o, Roma.\"><span class='ms-credits__info' id='media732'><svg xmlns=\"http:\/\/www.w3.org\/2000\/svg\" width=\"20\" height=\"22\" fill=\"#000000\" viewBox=\"0 0 256 256\"><path d=\"M128,24A104,104,0,1,0,232,128,104.11,104.11,0,0,0,128,24Zm0,192a88,88,0,1,1,88-88A88.1,88.1,0,0,1,128,216ZM96,128a32,32,0,0,0,57.6,19.2,8,8,0,0,1,12.8,9.61,48,48,0,1,1,0-57.62,8,8,0,0,1-12.8,9.61A32,32,0,0,0,96,128Z\"><\/path><\/svg><a href=https:\/\/depositphotos.com\/62866203\/stock-photo-archbasilica-of-st-john-lateran.html rel='nofollow' target='_blank'>Depositphotos<\/a><\/span><span class='ms-credits__btn' id='btn_media732' onclick='ms_credits_trigger(\"#media732\", this)'><svg xmlns=\"http:\/\/www.w3.org\/2000\/svg\" class=\"info_icon\" width=\"28\" height=\"28\" fill=\"#FFF\" viewBox=\"0 0 256 256\"><path d=\"M128,24A104,104,0,1,0,232,128,104.11,104.11,0,0,0,128,24Zm0,192a88,88,0,1,1,88-88A88.1,88.1,0,0,1,128,216Zm16-40a8,8,0,0,1-8,8,16,16,0,0,1-16-16V128a8,8,0,0,1,0-16,16,16,0,0,1,16,16v40A8,8,0,0,1,144,176ZM112,84a12,12,0,1,1,12,12A12,12,0,0,1,112,84Z\"><\/path><\/svg><svg xmlns=\"http:\/\/www.w3.org\/2000\/svg\" class=\"close_icon\" width=\"28\" height=\"28\" fill=\"#FFF\" viewBox=\"0 0 256 256\"><path d=\"M165.66,101.66,139.31,128l26.35,26.34a8,8,0,0,1-11.32,11.32L128,139.31l-26.34,26.35a8,8,0,0,1-11.32-11.32L116.69,128,90.34,101.66a8,8,0,0,1,11.32-11.32L128,116.69l26.34-26.35a8,8,0,0,1,11.32,11.32ZM232,128A104,104,0,1,1,128,24,104.11,104.11,0,0,1,232,128Zm-16,0a88,88,0,1,0-88,88A88.1,88.1,0,0,0,216,128Z\"><\/path><\/svg><\/span><\/div><\/figure>\n\n\n<p>N\u00e3o s\u00f3 a <a href=\"https:\/\/www.rome.info\/attractions\/basilica-of-st-john-lateran\/\">Bas\u00edlica de S\u00e3o Jo\u00e3o de Latr\u00e3o<\/a> \u00e9 a bas\u00edlica mais antiga do mundo, como tamb\u00e9m \u00e9 a de maior hierarquia das quatro bas\u00edlicas papais de Roma, superando mesmo a de S\u00e3o Pedro no Vaticano.<\/p>\n\n\n\n<p>Entra no seu grandioso interior e s\u00ea bem-vindo pelas doze imponentes est\u00e1tuas dos ap\u00f3stolos, um ponto alto da igreja.<\/p>\n\n\n\n<p>N\u00e3o percas tamb\u00e9m o Claustro Cosmatesco nem o Baptist\u00e9rio octogonal, ambos perto da bas\u00edlica.<\/p>\n\n\n\n<h2 class=\"wp-block-heading\">D\u00e1 uma Volta no Circo M\u00e1ximo<\/h2>\n\n\n<figure>\n                    <div class=\"ms-credits\"><img decoding=\"async\" class=\"gb-image gb-image-dd43eeb6\" src=\"https:\/\/www.rome.info\/wp-content\/uploads\/f-circus-maximus.jpg\" alt=\"O Circo M\u00e1ximo e os monumentos da Roma antiga.\"><span class='ms-credits__info' id='media738'><svg xmlns=\"http:\/\/www.w3.org\/2000\/svg\" width=\"20\" height=\"22\" fill=\"#000000\" viewBox=\"0 0 256 256\"><path d=\"M128,24A104,104,0,1,0,232,128,104.11,104.11,0,0,0,128,24Zm0,192a88,88,0,1,1,88-88A88.1,88.1,0,0,1,128,216ZM96,128a32,32,0,0,0,57.6,19.2,8,8,0,0,1,12.8,9.61,48,48,0,1,1,0-57.62,8,8,0,0,1-12.8,9.61A32,32,0,0,0,96,128Z\"><\/path><\/svg><a href=https:\/\/depositphotos.com\/317438446\/stock-photo-the-circus-maximus-and-ancient.html rel='nofollow' target='_blank'>Depositphotos<\/a><\/span><span class='ms-credits__btn' id='btn_media738' onclick='ms_credits_trigger(\"#media738\", this)'><svg xmlns=\"http:\/\/www.w3.org\/2000\/svg\" class=\"info_icon\" width=\"28\" height=\"28\" fill=\"#FFF\" viewBox=\"0 0 256 256\"><path d=\"M128,24A104,104,0,1,0,232,128,104.11,104.11,0,0,0,128,24Zm0,192a88,88,0,1,1,88-88A88.1,88.1,0,0,1,128,216Zm16-40a8,8,0,0,1-8,8,16,16,0,0,1-16-16V128a8,8,0,0,1,0-16,16,16,0,0,1,16,16v40A8,8,0,0,1,144,176ZM112,84a12,12,0,1,1,12,12A12,12,0,0,1,112,84Z\"><\/path><\/svg><svg xmlns=\"http:\/\/www.w3.org\/2000\/svg\" class=\"close_icon\" width=\"28\" height=\"28\" fill=\"#FFF\" viewBox=\"0 0 256 256\"><path d=\"M165.66,101.66,139.31,128l26.35,26.34a8,8,0,0,1-11.32,11.32L128,139.31l-26.34,26.35a8,8,0,0,1-11.32-11.32L116.69,128,90.34,101.66a8,8,0,0,1,11.32-11.32L128,116.69l26.34-26.35a8,8,0,0,1,11.32,11.32ZM232,128A104,104,0,1,1,128,24,104.11,104.11,0,0,1,232,128Zm-16,0a88,88,0,1,0-88,88A88.1,88.1,0,0,0,216,128Z\"><\/path><\/svg><\/span><\/div><\/figure>\n\n\n<p>O <a href=\"https:\/\/www.rome.info\/pt\/atracoes\/circo-maximo\/\">Circo M\u00e1ximo<\/a> foi o primeiro e maior est\u00e1dio de Roma antiga, constru\u00eddo no s\u00e9culo VI a.C. Esta longa arena oval era principalmente usada para corridas de bigas e hoje, embora j\u00e1 n\u00e3o reste muito mais, ainda podes ver as pistas muito desgastadas do circuito.<\/p>\n\n\n\n<p>\u00c9 um \u00f3timo lugar para passear, fazer um piquenique e contemplar as ru\u00ednas no Monte Palatino do outro lado da estrada. \u00c9 tamb\u00e9m usado como local para concertos e outros eventos.<\/p>\n\n\n\n<h2 class=\"wp-block-heading\">Descobre um Claustro Projetado por Michelangelo nas Ru\u00ednas das Termas de Diocleciano<\/h2>\n\n\n<figure>\n                    <div class=\"ms-credits\"><img decoding=\"async\" class=\"gb-image gb-image-42b86429\" src=\"https:\/\/www.rome.info\/wp-content\/uploads\/f-baths-of-diocletian.jpg\" alt=\"As Termas de Diocleciano, Roma, It\u00e1lia.\"><span class='ms-credits__info' id='media753'><svg xmlns=\"http:\/\/www.w3.org\/2000\/svg\" width=\"20\" height=\"22\" fill=\"#000000\" viewBox=\"0 0 256 256\"><path d=\"M128,24A104,104,0,1,0,232,128,104.11,104.11,0,0,0,128,24Zm0,192a88,88,0,1,1,88-88A88.1,88.1,0,0,1,128,216ZM96,128a32,32,0,0,0,57.6,19.2,8,8,0,0,1,12.8,9.61,48,48,0,1,1,0-57.62,8,8,0,0,1-12.8,9.61A32,32,0,0,0,96,128Z\"><\/path><\/svg>mauriziobiso_1\/<a href=https:\/\/depositphotos.com\/58912351\/stock-photo-the-baths-of-diocletian-rome.html rel='nofollow' target='_blank'>Depositphotos<\/a><\/span><span class='ms-credits__btn' id='btn_media753' onclick='ms_credits_trigger(\"#media753\", this)'><svg xmlns=\"http:\/\/www.w3.org\/2000\/svg\" class=\"info_icon\" width=\"28\" height=\"28\" fill=\"#FFF\" viewBox=\"0 0 256 256\"><path d=\"M128,24A104,104,0,1,0,232,128,104.11,104.11,0,0,0,128,24Zm0,192a88,88,0,1,1,88-88A88.1,88.1,0,0,1,128,216Zm16-40a8,8,0,0,1-8,8,16,16,0,0,1-16-16V128a8,8,0,0,1,0-16,16,16,0,0,1,16,16v40A8,8,0,0,1,144,176ZM112,84a12,12,0,1,1,12,12A12,12,0,0,1,112,84Z\"><\/path><\/svg><svg xmlns=\"http:\/\/www.w3.org\/2000\/svg\" class=\"close_icon\" width=\"28\" height=\"28\" fill=\"#FFF\" viewBox=\"0 0 256 256\"><path d=\"M165.66,101.66,139.31,128l26.35,26.34a8,8,0,0,1-11.32,11.32L128,139.31l-26.34,26.35a8,8,0,0,1-11.32-11.32L116.69,128,90.34,101.66a8,8,0,0,1,11.32-11.32L128,116.69l26.34-26.35a8,8,0,0,1,11.32,11.32ZM232,128A104,104,0,1,1,128,24,104.11,104.11,0,0,1,232,128Zm-16,0a88,88,0,1,0-88,88A88.1,88.1,0,0,0,216,128Z\"><\/path><\/svg><\/span><\/div><\/figure>\n\n\n<p>As <a href=\"https:\/\/www.rome.info\/attractions\/baths-of-diocletian\/\">Termas de Diocleciano<\/a> foram outrora as maiores termas de Roma Antiga e podiam acomodar cerca de 3.000 pessoas de cada vez. Mil anos ap\u00f3s a sua constru\u00e7\u00e3o, Michelangelo foi contratado para construir uma igreja e uma cartuxa nas suas ru\u00ednas.<\/p>\n\n\n\n<p>Hoje o complexo cont\u00e9m tamb\u00e9m dois museus onde podes aprender sobre a proto-hist\u00f3ria dos povos latinos e ver uma das mais ricas cole\u00e7\u00f5es de inscri\u00e7\u00f5es antigas do mundo.<\/p>\n\n\n\n<h2 class=\"wp-block-heading\">Visita a Maior Cole\u00e7\u00e3o de Arte Etrusca de Roma na Villa Giulia<\/h2>\n\n\n<figure>\n                    <div class=\"ms-credits\"><img decoding=\"async\" class=\"gb-image gb-image-9156ee4a\" src=\"https:\/\/www.rome.info\/wp-content\/uploads\/f-villa-giulia.jpg\" alt=\"P\u00e1tio da Villa Giulia na cidade de Roma.\"><span class='ms-credits__info' id='media737'><svg xmlns=\"http:\/\/www.w3.org\/2000\/svg\" width=\"20\" height=\"22\" fill=\"#000000\" viewBox=\"0 0 256 256\"><path d=\"M128,24A104,104,0,1,0,232,128,104.11,104.11,0,0,0,128,24Zm0,192a88,88,0,1,1,88-88A88.1,88.1,0,0,1,128,216ZM96,128a32,32,0,0,0,57.6,19.2,8,8,0,0,1,12.8,9.61,48,48,0,1,1,0-57.62,8,8,0,0,1-12.8,9.61A32,32,0,0,0,96,128Z\"><\/path><\/svg>vvoennyy\/<a href=https:\/\/depositphotos.com\/133938684\/stock-photo-yard-of-villa-giulia-in.html rel='nofollow' target='_blank'>Depositphotos<\/a><\/span><span class='ms-credits__btn' id='btn_media737' onclick='ms_credits_trigger(\"#media737\", this)'><svg xmlns=\"http:\/\/www.w3.org\/2000\/svg\" class=\"info_icon\" width=\"28\" height=\"28\" fill=\"#FFF\" viewBox=\"0 0 256 256\"><path d=\"M128,24A104,104,0,1,0,232,128,104.11,104.11,0,0,0,128,24Zm0,192a88,88,0,1,1,88-88A88.1,88.1,0,0,1,128,216Zm16-40a8,8,0,0,1-8,8,16,16,0,0,1-16-16V128a8,8,0,0,1,0-16,16,16,0,0,1,16,16v40A8,8,0,0,1,144,176ZM112,84a12,12,0,1,1,12,12A12,12,0,0,1,112,84Z\"><\/path><\/svg><svg xmlns=\"http:\/\/www.w3.org\/2000\/svg\" class=\"close_icon\" width=\"28\" height=\"28\" fill=\"#FFF\" viewBox=\"0 0 256 256\"><path d=\"M165.66,101.66,139.31,128l26.35,26.34a8,8,0,0,1-11.32,11.32L128,139.31l-26.34,26.35a8,8,0,0,1-11.32-11.32L116.69,128,90.34,101.66a8,8,0,0,1,11.32-11.32L128,116.69l26.34-26.35a8,8,0,0,1,11.32,11.32ZM232,128A104,104,0,1,1,128,24,104.11,104.11,0,0,1,232,128Zm-16,0a88,88,0,1,0-88,88A88.1,88.1,0,0,0,216,128Z\"><\/path><\/svg><\/span><\/div><\/figure>\n\n\n<p>Instalado numa tranquila e bela villa renascentista nas imedia\u00e7\u00f5es do centro hist\u00f3rico est\u00e1 o <a href=\"https:\/\/www.rome.info\/attractions\/villa-giulia\/\">Museu Nacional Etrusco<\/a>, o \u00fanico museu dedicado \u00e0 arte etrusca em Roma.<\/p>\n\n\n\n<p>Depois de explorares a cole\u00e7\u00e3o pr\u00e9-romana e aprenderes sobre os misteriosos etruscos, sai para os exuberantes jardins da villa e visita o Ninfeu, um monumento dedicado \u00e0s ninfas num jardim aqu\u00e1tico.<\/p>\n\n\n\n<h2 class=\"wp-block-heading\">Explora a Maior Cole\u00e7\u00e3o de Arte Greco-Romana do Mundo no Museu Nacional Romano<\/h2>\n\n\n<figure>\n                    <div class=\"ms-credits\"><img decoding=\"async\" class=\"gb-image gb-image-a6b41dd8\" src=\"https:\/\/www.rome.info\/wp-content\/uploads\/f-palazzo-massimo-interior.jpg\" alt=\"Esculturas no interior do Palazzo Massimo.\"><span class='ms-credits__info' id='media926'><svg xmlns=\"http:\/\/www.w3.org\/2000\/svg\" width=\"20\" height=\"22\" fill=\"#000000\" viewBox=\"0 0 256 256\"><path d=\"M128,24A104,104,0,1,0,232,128,104.11,104.11,0,0,0,128,24Zm0,192a88,88,0,1,1,88-88A88.1,88.1,0,0,1,128,216ZM96,128a32,32,0,0,0,57.6,19.2,8,8,0,0,1,12.8,9.61,48,48,0,1,1,0-57.62,8,8,0,0,1-12.8,9.61A32,32,0,0,0,96,128Z\"><\/path><\/svg><a href=https:\/\/depositphotos.com\/220403694\/stock-photo-rome-italy-march-2018-palazzo.html rel='nofollow' target='_blank'>Depositphotos<\/a><\/span><span class='ms-credits__btn' id='btn_media926' onclick='ms_credits_trigger(\"#media926\", this)'><svg xmlns=\"http:\/\/www.w3.org\/2000\/svg\" class=\"info_icon\" width=\"28\" height=\"28\" fill=\"#FFF\" viewBox=\"0 0 256 256\"><path d=\"M128,24A104,104,0,1,0,232,128,104.11,104.11,0,0,0,128,24Zm0,192a88,88,0,1,1,88-88A88.1,88.1,0,0,1,128,216Zm16-40a8,8,0,0,1-8,8,16,16,0,0,1-16-16V128a8,8,0,0,1,0-16,16,16,0,0,1,16,16v40A8,8,0,0,1,144,176ZM112,84a12,12,0,1,1,12,12A12,12,0,0,1,112,84Z\"><\/path><\/svg><svg xmlns=\"http:\/\/www.w3.org\/2000\/svg\" class=\"close_icon\" width=\"28\" height=\"28\" fill=\"#FFF\" viewBox=\"0 0 256 256\"><path d=\"M165.66,101.66,139.31,128l26.35,26.34a8,8,0,0,1-11.32,11.32L128,139.31l-26.34,26.35a8,8,0,0,1-11.32-11.32L116.69,128,90.34,101.66a8,8,0,0,1,11.32-11.32L128,116.69l26.34-26.35a8,8,0,0,1,11.32,11.32ZM232,128A104,104,0,1,1,128,24,104.11,104.11,0,0,1,232,128Zm-16,0a88,88,0,1,0-88,88A88.1,88.1,0,0,0,216,128Z\"><\/path><\/svg><\/span><\/div><\/figure>\n\n\n<p>O <a href=\"https:\/\/www.rome.info\/attractions\/national-roman-museum\/\">Museu Nacional Romano<\/a> cont\u00e9m na verdade quatro museus num s\u00f3: as Termas de Diocleciano, o Palazzo Altemps, o Palazzo Massimo e a Crypta Balbi. Cada sec\u00e7\u00e3o apresenta a sua pr\u00f3pria cole\u00e7\u00e3o \u00fanica e tem a sua pr\u00f3pria localiza\u00e7\u00e3o, mas juntas formam a maior cole\u00e7\u00e3o de arte greco-romana do mundo.<\/p>\n\n\n\n<p>Ver pelo menos uma das sec\u00e7\u00f5es \u00e9 altamente recomendado \u2014 mas porque n\u00e3o comprar um <a href=\"https:\/\/www.rome.info\/plan__trashed\/tickets\/\">bilhete combinado<\/a> e ver todas as quatro?<\/p>\n\n\n\n<h2 class=\"wp-block-heading\">Posa com um Monumento Imperial, o Arco de Constantino<\/h2>\n\n\n<figure>\n                    <div class=\"ms-credits\"><img decoding=\"async\" class=\"gb-image gb-image-22c1640e\" src=\"https:\/\/www.rome.info\/wp-content\/uploads\/f-arch-of-constantine.jpg\" alt=\"Arco de Constantino, Roma.\"><span class='ms-credits__info' id='media740'><svg xmlns=\"http:\/\/www.w3.org\/2000\/svg\" width=\"20\" height=\"22\" fill=\"#000000\" viewBox=\"0 0 256 256\"><path d=\"M128,24A104,104,0,1,0,232,128,104.11,104.11,0,0,0,128,24Zm0,192a88,88,0,1,1,88-88A88.1,88.1,0,0,1,128,216ZM96,128a32,32,0,0,0,57.6,19.2,8,8,0,0,1,12.8,9.61,48,48,0,1,1,0-57.62,8,8,0,0,1-12.8,9.61A32,32,0,0,0,96,128Z\"><\/path><\/svg><a href=https:\/\/depositphotos.com\/109788312\/stock-photo-arch-of-constantine-rome.html rel='nofollow' target='_blank'>Depositphotos<\/a><\/span><span class='ms-credits__btn' id='btn_media740' onclick='ms_credits_trigger(\"#media740\", this)'><svg xmlns=\"http:\/\/www.w3.org\/2000\/svg\" class=\"info_icon\" width=\"28\" height=\"28\" fill=\"#FFF\" viewBox=\"0 0 256 256\"><path d=\"M128,24A104,104,0,1,0,232,128,104.11,104.11,0,0,0,128,24Zm0,192a88,88,0,1,1,88-88A88.1,88.1,0,0,1,128,216Zm16-40a8,8,0,0,1-8,8,16,16,0,0,1-16-16V128a8,8,0,0,1,0-16,16,16,0,0,1,16,16v40A8,8,0,0,1,144,176ZM112,84a12,12,0,1,1,12,12A12,12,0,0,1,112,84Z\"><\/path><\/svg><svg xmlns=\"http:\/\/www.w3.org\/2000\/svg\" class=\"close_icon\" width=\"28\" height=\"28\" fill=\"#FFF\" viewBox=\"0 0 256 256\"><path d=\"M165.66,101.66,139.31,128l26.35,26.34a8,8,0,0,1-11.32,11.32L128,139.31l-26.34,26.35a8,8,0,0,1-11.32-11.32L116.69,128,90.34,101.66a8,8,0,0,1,11.32-11.32L128,116.69l26.34-26.35a8,8,0,0,1,11.32,11.32ZM232,128A104,104,0,1,1,128,24,104.11,104.11,0,0,1,232,128Zm-16,0a88,88,0,1,0-88,88A88.1,88.1,0,0,0,216,128Z\"><\/path><\/svg><\/span><\/div><\/figure>\n\n\n<p>Situado mesmo ao lado do Coliseu no que foi outrora a Via Triumphalis de Roma (a estrada da vit\u00f3ria) est\u00e1 o que \u00e9 considerado o \u00faltimo grande monumento da Roma Imperial: o <a href=\"https:\/\/www.rome.info\/attractions\/arch-of-constantine\/\">Arco de Constantino<\/a>.<\/p>\n\n\n\n<p>O arco de Constantino era \u00fanico porque, al\u00e9m de mostrar frisos que celebravam as suas vit\u00f3rias militares, tamb\u00e9m cont\u00e9m elementos reciclados de monumentos romanos ainda mais antigos.<\/p>\n\n\n\n<p>Posar em frente ao arco com o Coliseu como pano de fundo faz uma fotografia muito &#8216;imperial&#8217;.<\/p>\n\n\n\n<h2 class=\"wp-block-heading\">V\u00ea Arte Propagandista Antiga na Ara Pacis<\/h2>\n\n\n<figure>\n                    <div class=\"ms-credits\"><img decoding=\"async\" class=\"gb-image gb-image-96d6a2b8\" src=\"https:\/\/www.rome.info\/wp-content\/uploads\/f-ara-pacis.jpg\" alt=\"Ara Pacis, Augusto Imperatore, Roma.\"><span class='ms-credits__info' id='media781'><svg xmlns=\"http:\/\/www.w3.org\/2000\/svg\" width=\"20\" height=\"22\" fill=\"#000000\" viewBox=\"0 0 256 256\"><path d=\"M128,24A104,104,0,1,0,232,128,104.11,104.11,0,0,0,128,24Zm0,192a88,88,0,1,1,88-88A88.1,88.1,0,0,1,128,216ZM96,128a32,32,0,0,0,57.6,19.2,8,8,0,0,1,12.8,9.61,48,48,0,1,1,0-57.62,8,8,0,0,1-12.8,9.61A32,32,0,0,0,96,128Z\"><\/path><\/svg><a href=https:\/\/depositphotos.com\/201448414\/stock-photo-ara-pacis-augusto-imperatore-rome.html rel='nofollow' target='_blank'>Depositphotos<\/a><\/span><span class='ms-credits__btn' id='btn_media781' onclick='ms_credits_trigger(\"#media781\", this)'><svg xmlns=\"http:\/\/www.w3.org\/2000\/svg\" class=\"info_icon\" width=\"28\" height=\"28\" fill=\"#FFF\" viewBox=\"0 0 256 256\"><path d=\"M128,24A104,104,0,1,0,232,128,104.11,104.11,0,0,0,128,24Zm0,192a88,88,0,1,1,88-88A88.1,88.1,0,0,1,128,216Zm16-40a8,8,0,0,1-8,8,16,16,0,0,1-16-16V128a8,8,0,0,1,0-16,16,16,0,0,1,16,16v40A8,8,0,0,1,144,176ZM112,84a12,12,0,1,1,12,12A12,12,0,0,1,112,84Z\"><\/path><\/svg><svg xmlns=\"http:\/\/www.w3.org\/2000\/svg\" class=\"close_icon\" width=\"28\" height=\"28\" fill=\"#FFF\" viewBox=\"0 0 256 256\"><path d=\"M165.66,101.66,139.31,128l26.35,26.34a8,8,0,0,1-11.32,11.32L128,139.31l-26.34,26.35a8,8,0,0,1-11.32-11.32L116.69,128,90.34,101.66a8,8,0,0,1,11.32-11.32L128,116.69l26.34-26.35a8,8,0,0,1,11.32,11.32ZM232,128A104,104,0,1,1,128,24,104.11,104.11,0,0,1,232,128Zm-16,0a88,88,0,1,0-88,88A88.1,88.1,0,0,0,216,128Z\"><\/path><\/svg><\/span><\/div><\/figure>\n\n\n<p>A <a href=\"https:\/\/www.rome.info\/attractions\/ara-pacis\/\">Ara Pacis<\/a>, ou altar da paz, foi uma pe\u00e7a de arte propagandista erigida por Augusto, o primeiro imperador de Roma, para ilustrar a paz e a prosperidade que afirmava ter trazido \u00e0 Rep\u00fablica Romana. Ironicamente, o pr\u00f3prio altar era usado para fazer sacrif\u00edcios de sangue em honra da deusa Pax.<\/p>\n\n\n\n<p>Hoje, o altar est\u00e1 instalado num elegante e moderno pavilh\u00e3o de vidro que \u00e9 em si mesmo uma obra de arte.<\/p>\n\n\n\n<h2 class=\"wp-block-heading\">V\u00ea Esculturas Antigas Numa Antiga Central El\u00e9trica<\/h2>\n\n\n<figure>\n                    <div class=\"ms-credits\"><img decoding=\"async\" class=\"gb-image gb-image-1d5eb0e1\" src=\"https:\/\/www.rome.info\/wp-content\/uploads\/f-centrale-montemartini-interior.jpg\" alt=\"Esculturas no interior da Centrale Montemartini, uma antiga central el\u00e9trica.\"><span class='ms-credits__info' id='media927'><svg xmlns=\"http:\/\/www.w3.org\/2000\/svg\" width=\"20\" height=\"22\" fill=\"#000000\" viewBox=\"0 0 256 256\"><path d=\"M128,24A104,104,0,1,0,232,128,104.11,104.11,0,0,0,128,24Zm0,192a88,88,0,1,1,88-88A88.1,88.1,0,0,1,128,216ZM96,128a32,32,0,0,0,57.6,19.2,8,8,0,0,1,12.8,9.61,48,48,0,1,1,0-57.62,8,8,0,0,1-12.8,9.61A32,32,0,0,0,96,128Z\"><\/path><\/svg><a href=https:\/\/depositphotos.com\/506350862\/stock-photo-montemartini-rome-roman-museum-electric.html rel='nofollow' target='_blank'>Depositphotos<\/a><\/span><span class='ms-credits__btn' id='btn_media927' onclick='ms_credits_trigger(\"#media927\", this)'><svg xmlns=\"http:\/\/www.w3.org\/2000\/svg\" class=\"info_icon\" width=\"28\" height=\"28\" fill=\"#FFF\" viewBox=\"0 0 256 256\"><path d=\"M128,24A104,104,0,1,0,232,128,104.11,104.11,0,0,0,128,24Zm0,192a88,88,0,1,1,88-88A88.1,88.1,0,0,1,128,216Zm16-40a8,8,0,0,1-8,8,16,16,0,0,1-16-16V128a8,8,0,0,1,0-16,16,16,0,0,1,16,16v40A8,8,0,0,1,144,176ZM112,84a12,12,0,1,1,12,12A12,12,0,0,1,112,84Z\"><\/path><\/svg><svg xmlns=\"http:\/\/www.w3.org\/2000\/svg\" class=\"close_icon\" width=\"28\" height=\"28\" fill=\"#FFF\" viewBox=\"0 0 256 256\"><path d=\"M165.66,101.66,139.31,128l26.35,26.34a8,8,0,0,1-11.32,11.32L128,139.31l-26.34,26.35a8,8,0,0,1-11.32-11.32L116.69,128,90.34,101.66a8,8,0,0,1,11.32-11.32L128,116.69l26.34-26.35a8,8,0,0,1,11.32,11.32ZM232,128A104,104,0,1,1,128,24,104.11,104.11,0,0,1,232,128Zm-16,0a88,88,0,1,0-88,88A88.1,88.1,0,0,0,216,128Z\"><\/path><\/svg><\/span><\/div><\/figure>\n\n\n<p>O que foi outrora a primeira central el\u00e9trica da cidade \u00e9 agora um invulgar museu que exp\u00f5e esculturas gregas e romanas antigas num cen\u00e1rio inusitado.<\/p>\n\n\n\n<p>Localizada no bairro de Ostiense, a Centrale Montemartini \u00e9 uma fus\u00e3o perfeita de Antiguidade Cl\u00e1ssica e industrialismo moderno. \u00c9 um \u00f3timo lugar para quem quer ver algumas das coisas \u00fanicas para fazer em Roma.<\/p>\n\n\n\n<h2 class=\"wp-block-heading\">Arrisca a M\u00e3o na Boca da Verdade<\/h2>\n\n\n<figure>\n                    <div class=\"ms-credits\"><img decoding=\"async\" class=\"gb-image gb-image-ff40ecb2\" src=\"https:\/\/www.rome.info\/wp-content\/uploads\/f-mouth-of-truth.jpg\" alt=\"Boca da Verdade, Roma.\"><span class='ms-credits__info' id='media747'><svg xmlns=\"http:\/\/www.w3.org\/2000\/svg\" width=\"20\" height=\"22\" fill=\"#000000\" viewBox=\"0 0 256 256\"><path d=\"M128,24A104,104,0,1,0,232,128,104.11,104.11,0,0,0,128,24Zm0,192a88,88,0,1,1,88-88A88.1,88.1,0,0,1,128,216ZM96,128a32,32,0,0,0,57.6,19.2,8,8,0,0,1,12.8,9.61,48,48,0,1,1,0-57.62,8,8,0,0,1-12.8,9.61A32,32,0,0,0,96,128Z\"><\/path><\/svg><a href=https:\/\/depositphotos.com\/46499701\/stock-photo-rome.html rel='nofollow' target='_blank'>Depositphotos<\/a><\/span><span class='ms-credits__btn' id='btn_media747' onclick='ms_credits_trigger(\"#media747\", this)'><svg xmlns=\"http:\/\/www.w3.org\/2000\/svg\" class=\"info_icon\" width=\"28\" height=\"28\" fill=\"#FFF\" viewBox=\"0 0 256 256\"><path d=\"M128,24A104,104,0,1,0,232,128,104.11,104.11,0,0,0,128,24Zm0,192a88,88,0,1,1,88-88A88.1,88.1,0,0,1,128,216Zm16-40a8,8,0,0,1-8,8,16,16,0,0,1-16-16V128a8,8,0,0,1,0-16,16,16,0,0,1,16,16v40A8,8,0,0,1,144,176ZM112,84a12,12,0,1,1,12,12A12,12,0,0,1,112,84Z\"><\/path><\/svg><svg xmlns=\"http:\/\/www.w3.org\/2000\/svg\" class=\"close_icon\" width=\"28\" height=\"28\" fill=\"#FFF\" viewBox=\"0 0 256 256\"><path d=\"M165.66,101.66,139.31,128l26.35,26.34a8,8,0,0,1-11.32,11.32L128,139.31l-26.34,26.35a8,8,0,0,1-11.32-11.32L116.69,128,90.34,101.66a8,8,0,0,1,11.32-11.32L128,116.69l26.34-26.35a8,8,0,0,1,11.32,11.32ZM232,128A104,104,0,1,1,128,24,104.11,104.11,0,0,1,232,128Zm-16,0a88,88,0,1,0-88,88A88.1,88.1,0,0,0,216,128Z\"><\/path><\/svg><\/span><\/div><\/figure>\n\n\n<p>A <a href=\"https:\/\/www.rome.info\/pt\/atracoes\/boca-da-verdade\/\">Boca da Verdade<\/a> pode muito bem ser o detetor de mentiras mais antigo do mundo. A lenda diz que se meteres a m\u00e3o dentro da boca escancarada deste enorme medalh\u00e3o, ela ser\u00e1 mordida se fores mentiroso.<\/p>\n\n\n\n<p>Embora n\u00e3o possa confirmar nem negar a veracidade destas afirma\u00e7\u00f5es, garanto que proporciona uma \u00f3tima oportunidade fotogr\u00e1fica para quem decidir arriscar.<\/p>\n\n\n\n<h2 class=\"wp-block-heading\">Visita o Centro Comercial Mais Antigo do Mundo no Mercado de Trajano<\/h2>\n\n\n<figure>\n                    <div class=\"ms-credits\"><img decoding=\"async\" class=\"gb-image gb-image-bf715408\" src=\"https:\/\/www.rome.info\/wp-content\/uploads\/f-trajans-market.jpg\" alt=\"Mercado de Trajano nas ru\u00ednas do F\u00f3rum de Trajano num dia soalheiro.\"><span class='ms-credits__info' id='media779'><svg xmlns=\"http:\/\/www.w3.org\/2000\/svg\" width=\"20\" height=\"22\" fill=\"#000000\" viewBox=\"0 0 256 256\"><path d=\"M128,24A104,104,0,1,0,232,128,104.11,104.11,0,0,0,128,24Zm0,192a88,88,0,1,1,88-88A88.1,88.1,0,0,1,128,216ZM96,128a32,32,0,0,0,57.6,19.2,8,8,0,0,1,12.8,9.61,48,48,0,1,1,0-57.62,8,8,0,0,1-12.8,9.61A32,32,0,0,0,96,128Z\"><\/path><\/svg><a href=https:\/\/depositphotos.com\/373057524\/stock-photo-trajan-market-forum-trajan-ruins.html rel='nofollow' target='_blank'>Depositphotos<\/a><\/span><span class='ms-credits__btn' id='btn_media779' onclick='ms_credits_trigger(\"#media779\", this)'><svg xmlns=\"http:\/\/www.w3.org\/2000\/svg\" class=\"info_icon\" width=\"28\" height=\"28\" fill=\"#FFF\" viewBox=\"0 0 256 256\"><path d=\"M128,24A104,104,0,1,0,232,128,104.11,104.11,0,0,0,128,24Zm0,192a88,88,0,1,1,88-88A88.1,88.1,0,0,1,128,216Zm16-40a8,8,0,0,1-8,8,16,16,0,0,1-16-16V128a8,8,0,0,1,0-16,16,16,0,0,1,16,16v40A8,8,0,0,1,144,176ZM112,84a12,12,0,1,1,12,12A12,12,0,0,1,112,84Z\"><\/path><\/svg><svg xmlns=\"http:\/\/www.w3.org\/2000\/svg\" class=\"close_icon\" width=\"28\" height=\"28\" fill=\"#FFF\" viewBox=\"0 0 256 256\"><path d=\"M165.66,101.66,139.31,128l26.35,26.34a8,8,0,0,1-11.32,11.32L128,139.31l-26.34,26.35a8,8,0,0,1-11.32-11.32L116.69,128,90.34,101.66a8,8,0,0,1,11.32-11.32L128,116.69l26.34-26.35a8,8,0,0,1,11.32,11.32ZM232,128A104,104,0,1,1,128,24,104.11,104.11,0,0,1,232,128Zm-16,0a88,88,0,1,0-88,88A88.1,88.1,0,0,0,216,128Z\"><\/path><\/svg><\/span><\/div><\/figure>\n\n\n<p>Percorre as ru\u00ednas do <a href=\"https:\/\/www.rome.info\/attractions\/trajans-market\/\">Mercado de Trajano<\/a>, um complexo comercial de 2.000 anos que outrora acomodava 150 lojas e vendedores diferentes. Cont\u00e9m tamb\u00e9m um dos poucos exemplos restantes de um edif\u00edcio de alta-rise romano com tr\u00eas andares.<\/p>\n\n\n\n<p>Quem diria que visitar um centro comercial podia ser considerado uma experi\u00eancia cultural?<\/p>\n\n\n\n<h2 class=\"wp-block-heading\">V\u00ea Roma a 360\u00b0 do Topo do &#8216;Vittoriano&#8217;<\/h2>\n\n\n<figure>\n                    <div class=\"ms-credits\"><img decoding=\"async\" class=\"gb-image gb-image-43df1c27\" src=\"https:\/\/www.rome.info\/wp-content\/uploads\/f-vittoriano-monument.jpg\" alt=\"O Monumento a V\u00edtor Emanuel II, tamb\u00e9m conhecido como Vittoriano ou Altar da P\u00e1tria.\"><span class='ms-credits__info' id='media928'><svg xmlns=\"http:\/\/www.w3.org\/2000\/svg\" width=\"20\" height=\"22\" fill=\"#000000\" viewBox=\"0 0 256 256\"><path d=\"M128,24A104,104,0,1,0,232,128,104.11,104.11,0,0,0,128,24Zm0,192a88,88,0,1,1,88-88A88.1,88.1,0,0,1,128,216ZM96,128a32,32,0,0,0,57.6,19.2,8,8,0,0,1,12.8,9.61,48,48,0,1,1,0-57.62,8,8,0,0,1-12.8,9.61A32,32,0,0,0,96,128Z\"><\/path><\/svg><a href=https:\/\/depositphotos.com\/70825245\/stock-photo-the-altar-of-the-fatherland.html rel='nofollow' target='_blank'>Depositphotos<\/a><\/span><span class='ms-credits__btn' id='btn_media928' onclick='ms_credits_trigger(\"#media928\", this)'><svg xmlns=\"http:\/\/www.w3.org\/2000\/svg\" class=\"info_icon\" width=\"28\" height=\"28\" fill=\"#FFF\" viewBox=\"0 0 256 256\"><path d=\"M128,24A104,104,0,1,0,232,128,104.11,104.11,0,0,0,128,24Zm0,192a88,88,0,1,1,88-88A88.1,88.1,0,0,1,128,216Zm16-40a8,8,0,0,1-8,8,16,16,0,0,1-16-16V128a8,8,0,0,1,0-16,16,16,0,0,1,16,16v40A8,8,0,0,1,144,176ZM112,84a12,12,0,1,1,12,12A12,12,0,0,1,112,84Z\"><\/path><\/svg><svg xmlns=\"http:\/\/www.w3.org\/2000\/svg\" class=\"close_icon\" width=\"28\" height=\"28\" fill=\"#FFF\" viewBox=\"0 0 256 256\"><path d=\"M165.66,101.66,139.31,128l26.35,26.34a8,8,0,0,1-11.32,11.32L128,139.31l-26.34,26.35a8,8,0,0,1-11.32-11.32L116.69,128,90.34,101.66a8,8,0,0,1,11.32-11.32L128,116.69l26.34-26.35a8,8,0,0,1,11.32,11.32ZM232,128A104,104,0,1,1,128,24,104.11,104.11,0,0,1,232,128Zm-16,0a88,88,0,1,0-88,88A88.1,88.1,0,0,0,216,128Z\"><\/path><\/svg><\/span><\/div><\/figure>\n\n\n<p>Entra num elevador de vidro e sobe ao topo do Monumento a V\u00edtor Emanuel II, vulgarmente conhecido como Vittoriano ou Altar da P\u00e1tria, para obter vistas panor\u00e2micas da Cidade Eterna l\u00e1 em baixo.<\/p>\n\n\n\n<p>O imponente monumento branco tamb\u00e9m merece bem uma visita por si s\u00f3, embora desde a sua inaugura\u00e7\u00e3o tenha sido considerado uma adi\u00e7\u00e3o controversa aos monumentos de Roma por muitos locais que o consideram exagerado e pomposo. Seja qual for a tua opini\u00e3o, \u00e9 certamente imponente.<\/p>\n\n\n\n<h2 class=\"wp-block-heading\">Compras a Fundo na Via del Corso e Via Condotti<\/h2>\n\n\n<figure>\n                    <div class=\"ms-credits\"><img decoding=\"async\" class=\"gb-image gb-image-eea2ff6c\" src=\"https:\/\/www.rome.info\/wp-content\/uploads\/f-via-del-corso-christmastime.jpg\" alt=\"Via del Corso, uma rua movimentada em Roma, na \u00e9poca de Natal.\"><span class='ms-credits__info' id='media930'><svg xmlns=\"http:\/\/www.w3.org\/2000\/svg\" width=\"20\" height=\"22\" fill=\"#000000\" viewBox=\"0 0 256 256\"><path d=\"M128,24A104,104,0,1,0,232,128,104.11,104.11,0,0,0,128,24Zm0,192a88,88,0,1,1,88-88A88.1,88.1,0,0,1,128,216ZM96,128a32,32,0,0,0,57.6,19.2,8,8,0,0,1,12.8,9.61,48,48,0,1,1,0-57.62,8,8,0,0,1-12.8,9.61A32,32,0,0,0,96,128Z\"><\/path><\/svg><a href=https:\/\/depositphotos.com\/260138440\/stock-photo-del-corso-rome-christmas-time.html rel='nofollow' target='_blank'>Depositphotos<\/a><\/span><span class='ms-credits__btn' id='btn_media930' onclick='ms_credits_trigger(\"#media930\", this)'><svg xmlns=\"http:\/\/www.w3.org\/2000\/svg\" class=\"info_icon\" width=\"28\" height=\"28\" fill=\"#FFF\" viewBox=\"0 0 256 256\"><path d=\"M128,24A104,104,0,1,0,232,128,104.11,104.11,0,0,0,128,24Zm0,192a88,88,0,1,1,88-88A88.1,88.1,0,0,1,128,216Zm16-40a8,8,0,0,1-8,8,16,16,0,0,1-16-16V128a8,8,0,0,1,0-16,16,16,0,0,1,16,16v40A8,8,0,0,1,144,176ZM112,84a12,12,0,1,1,12,12A12,12,0,0,1,112,84Z\"><\/path><\/svg><svg xmlns=\"http:\/\/www.w3.org\/2000\/svg\" class=\"close_icon\" width=\"28\" height=\"28\" fill=\"#FFF\" viewBox=\"0 0 256 256\"><path d=\"M165.66,101.66,139.31,128l26.35,26.34a8,8,0,0,1-11.32,11.32L128,139.31l-26.34,26.35a8,8,0,0,1-11.32-11.32L116.69,128,90.34,101.66a8,8,0,0,1,11.32-11.32L128,116.69l26.34-26.35a8,8,0,0,1,11.32,11.32ZM232,128A104,104,0,1,1,128,24,104.11,104.11,0,0,1,232,128Zm-16,0a88,88,0,1,0-88,88A88.1,88.1,0,0,0,216,128Z\"><\/path><\/svg><\/span><\/div><\/figure>\n\n\n<p>It\u00e1lia sempre foi considerada um dos principais destinos para os apaixonados por moda, e embora Mil\u00e3o leve a coroa como capital mundial da moda, Roma tamb\u00e9m \u00e9 muito apreciada.<\/p>\n\n\n\n<p>Duas das ruas comerciais mais populares de Roma atravessam o centro hist\u00f3rico. A Via del Corso para compras mais acess\u00edveis (embora a Fendi tenha uma loja flagship aqui) e uma rua perpendicular a ela, a Via Condotti, para marcas de luxo.<\/p>\n\n\n\n<h2 class=\"wp-block-heading\">Admira Reluzentes Mosaicos Dourados em Santa Maria in Trastevere<\/h2>\n\n\n<figure>\n                    <div class=\"ms-credits\"><img decoding=\"async\" class=\"gb-image gb-image-589457af\" src=\"https:\/\/www.rome.info\/wp-content\/uploads\/f-santa-maria-in-trastevere-facade.jpg\" alt=\"A fachada de mosaico dourado de Santa Maria in Trastevere.\"><span class='ms-credits__info' id='media931'><svg xmlns=\"http:\/\/www.w3.org\/2000\/svg\" width=\"20\" height=\"22\" fill=\"#000000\" viewBox=\"0 0 256 256\"><path d=\"M128,24A104,104,0,1,0,232,128,104.11,104.11,0,0,0,128,24Zm0,192a88,88,0,1,1,88-88A88.1,88.1,0,0,1,128,216ZM96,128a32,32,0,0,0,57.6,19.2,8,8,0,0,1,12.8,9.61,48,48,0,1,1,0-57.62,8,8,0,0,1-12.8,9.61A32,32,0,0,0,96,128Z\"><\/path><\/svg><a href=https:\/\/depositphotos.com\/6385984\/stock-photo-statues-on-santa-maria-in.html rel='nofollow' target='_blank'>Depositphotos<\/a><\/span><span class='ms-credits__btn' id='btn_media931' onclick='ms_credits_trigger(\"#media931\", this)'><svg xmlns=\"http:\/\/www.w3.org\/2000\/svg\" class=\"info_icon\" width=\"28\" height=\"28\" fill=\"#FFF\" viewBox=\"0 0 256 256\"><path d=\"M128,24A104,104,0,1,0,232,128,104.11,104.11,0,0,0,128,24Zm0,192a88,88,0,1,1,88-88A88.1,88.1,0,0,1,128,216Zm16-40a8,8,0,0,1-8,8,16,16,0,0,1-16-16V128a8,8,0,0,1,0-16,16,16,0,0,1,16,16v40A8,8,0,0,1,144,176ZM112,84a12,12,0,1,1,12,12A12,12,0,0,1,112,84Z\"><\/path><\/svg><svg xmlns=\"http:\/\/www.w3.org\/2000\/svg\" class=\"close_icon\" width=\"28\" height=\"28\" fill=\"#FFF\" viewBox=\"0 0 256 256\"><path d=\"M165.66,101.66,139.31,128l26.35,26.34a8,8,0,0,1-11.32,11.32L128,139.31l-26.34,26.35a8,8,0,0,1-11.32-11.32L116.69,128,90.34,101.66a8,8,0,0,1,11.32-11.32L128,116.69l26.34-26.35a8,8,0,0,1,11.32,11.32ZM232,128A104,104,0,1,1,128,24,104.11,104.11,0,0,1,232,128Zm-16,0a88,88,0,1,0-88,88A88.1,88.1,0,0,0,216,128Z\"><\/path><\/svg><\/span><\/div><\/figure>\n\n\n<p>Localizada no cora\u00e7\u00e3o de Trastevere, esta igreja rom\u00e2nica tem as suas origens no s\u00e9culo III, numa \u00e9poca em que o Cristianismo ainda n\u00e3o era aceite, tornando-a uma das igrejas mais antigas de Roma.<\/p>\n\n\n\n<p>\u00c9 mais not\u00e1vel pelos reluzentes mosaicos dourados na sua fachada e na abside e pela sua torre sineira do s\u00e9culo XII. Se estiveres em Trastevere, n\u00e3o a podes perder.<\/p>\n\n\n\n<h2 class=\"wp-block-heading\">Relaxa no Bairro de Monti, o Hotspot Hipster de Roma<\/h2>\n\n\n\n<p>Repleto de lojas vintage, boutiques artesanais e bares modernos que servem vinho e cervejas artesanais, Monti fez-se notar como um dos bairros mais descolados e art\u00edsticos de Roma.<\/p>\n\n\n\n<p>Mistura-te com os hipsters romanos nos degraus da fonte na Piazza della Madonna dei Monti, ou dirige-te ao Mercato Monti aos fins de semana para fazer compras vintage a s\u00e9rio.<\/p>\n\n\n\n<h2 class=\"wp-block-heading\">V\u00ea Arquitetura Fascista no EUR<\/h2>\n\n\n<figure>\n                    <div class=\"ms-credits\"><img decoding=\"async\" class=\"gb-image gb-image-44f94e09\" src=\"https:\/\/www.rome.info\/wp-content\/uploads\/f-eur-district.jpg\" alt=\"A fachada do Pal\u00e1cio da Civiliza\u00e7\u00e3o Italiana no EUR, Roma.\"><span class='ms-credits__info' id='media932'><svg xmlns=\"http:\/\/www.w3.org\/2000\/svg\" width=\"20\" height=\"22\" fill=\"#000000\" viewBox=\"0 0 256 256\"><path d=\"M128,24A104,104,0,1,0,232,128,104.11,104.11,0,0,0,128,24Zm0,192a88,88,0,1,1,88-88A88.1,88.1,0,0,1,128,216ZM96,128a32,32,0,0,0,57.6,19.2,8,8,0,0,1,12.8,9.61,48,48,0,1,1,0-57.62,8,8,0,0,1-12.8,9.61A32,32,0,0,0,96,128Z\"><\/path><\/svg><a href=https:\/\/depositphotos.com\/96677866\/stock-photo-palace-of-italian-civilization-in.html rel='nofollow' target='_blank'>Depositphotos<\/a><\/span><span class='ms-credits__btn' id='btn_media932' onclick='ms_credits_trigger(\"#media932\", this)'><svg xmlns=\"http:\/\/www.w3.org\/2000\/svg\" class=\"info_icon\" width=\"28\" height=\"28\" fill=\"#FFF\" viewBox=\"0 0 256 256\"><path d=\"M128,24A104,104,0,1,0,232,128,104.11,104.11,0,0,0,128,24Zm0,192a88,88,0,1,1,88-88A88.1,88.1,0,0,1,128,216Zm16-40a8,8,0,0,1-8,8,16,16,0,0,1-16-16V128a8,8,0,0,1,0-16,16,16,0,0,1,16,16v40A8,8,0,0,1,144,176ZM112,84a12,12,0,1,1,12,12A12,12,0,0,1,112,84Z\"><\/path><\/svg><svg xmlns=\"http:\/\/www.w3.org\/2000\/svg\" class=\"close_icon\" width=\"28\" height=\"28\" fill=\"#FFF\" viewBox=\"0 0 256 256\"><path d=\"M165.66,101.66,139.31,128l26.35,26.34a8,8,0,0,1-11.32,11.32L128,139.31l-26.34,26.35a8,8,0,0,1-11.32-11.32L116.69,128,90.34,101.66a8,8,0,0,1,11.32-11.32L128,116.69l26.34-26.35a8,8,0,0,1,11.32,11.32ZM232,128A104,104,0,1,1,128,24,104.11,104.11,0,0,1,232,128Zm-16,0a88,88,0,1,0-88,88A88.1,88.1,0,0,0,216,128Z\"><\/path><\/svg><\/span><\/div><\/figure>\n\n\n<p>Embora originalmente projetado por ordem do ditador fascista Mussolini para albergar a Exposi\u00e7\u00e3o Universal de 1942 e celebrar 20 anos de Fascismo, a exposi\u00e7\u00e3o planeada nunca aconteceu devido \u00e0 eclos\u00e3o da Segunda Guerra Mundial.<\/p>\n\n\n\n<p>Hoje, o bairro evoluiu para uma \u00e1rea empresarial e residencial, mas ainda \u00e9 uma paragem fascinante para os turistas que querem ver a austera arquitetura fascista \u2014 em particular, o edif\u00edcio conhecido como o &#8220;Coliseu Quadrado&#8221;.<\/p>\n\n\n\n<h2 class=\"wp-block-heading\">Esquece o Az\u00e1fama da Cidade na Villa Doria Pamphili<\/h2>\n\n\n<figure>\n                    <div class=\"ms-credits\"><img decoding=\"async\" class=\"gb-image gb-image-f0afe58c\" src=\"https:\/\/www.rome.info\/wp-content\/uploads\/f-villa-doria-pamphili-garden.jpg\" alt=\"O jardim secreto da Villa Doria Pamphili.\"><span class='ms-credits__info' id='media933'><svg xmlns=\"http:\/\/www.w3.org\/2000\/svg\" width=\"20\" height=\"22\" fill=\"#000000\" viewBox=\"0 0 256 256\"><path d=\"M128,24A104,104,0,1,0,232,128,104.11,104.11,0,0,0,128,24Zm0,192a88,88,0,1,1,88-88A88.1,88.1,0,0,1,128,216ZM96,128a32,32,0,0,0,57.6,19.2,8,8,0,0,1,12.8,9.61,48,48,0,1,1,0-57.62,8,8,0,0,1-12.8,9.61A32,32,0,0,0,96,128Z\"><\/path><\/svg><a href=https:\/\/depositphotos.com\/165615688\/stock-photo-secret-garden-inside-villa-doria.html rel='nofollow' target='_blank'>Depositphotos<\/a><\/span><span class='ms-credits__btn' id='btn_media933' onclick='ms_credits_trigger(\"#media933\", this)'><svg xmlns=\"http:\/\/www.w3.org\/2000\/svg\" class=\"info_icon\" width=\"28\" height=\"28\" fill=\"#FFF\" viewBox=\"0 0 256 256\"><path d=\"M128,24A104,104,0,1,0,232,128,104.11,104.11,0,0,0,128,24Zm0,192a88,88,0,1,1,88-88A88.1,88.1,0,0,1,128,216Zm16-40a8,8,0,0,1-8,8,16,16,0,0,1-16-16V128a8,8,0,0,1,0-16,16,16,0,0,1,16,16v40A8,8,0,0,1,144,176ZM112,84a12,12,0,1,1,12,12A12,12,0,0,1,112,84Z\"><\/path><\/svg><svg xmlns=\"http:\/\/www.w3.org\/2000\/svg\" class=\"close_icon\" width=\"28\" height=\"28\" fill=\"#FFF\" viewBox=\"0 0 256 256\"><path d=\"M165.66,101.66,139.31,128l26.35,26.34a8,8,0,0,1-11.32,11.32L128,139.31l-26.34,26.35a8,8,0,0,1-11.32-11.32L116.69,128,90.34,101.66a8,8,0,0,1,11.32-11.32L128,116.69l26.34-26.35a8,8,0,0,1,11.32,11.32ZM232,128A104,104,0,1,1,128,24,104.11,104.11,0,0,1,232,128Zm-16,0a88,88,0,1,0-88,88A88.1,88.1,0,0,0,216,128Z\"><\/path><\/svg><\/span><\/div><\/figure>\n\n\n<p>Ao caminhar pela Villa Doria Pamphili, o maior parque p\u00fablico urbano de Roma, \u00e9 f\u00e1cil esquecer que est\u00e1s dentro de uma grande e movimentada cidade.<\/p>\n\n\n\n<p>Localizado numa colina no bairro de Monteverde, este parque tranquilo oferece uma imers\u00e3o total na natureza \u2014 exceto pela villa barroca conhecida como Casino del Bel Respiro (&#8220;pequena villa do bom ar&#8221;) e pela presen\u00e7a de belas est\u00e1tuas e fontes. Afinal de contas, ainda est\u00e1s em Roma.<\/p>\n\n\n\n<h2 class=\"wp-block-heading\">Come Pizza al Taglio \u2014 o Street Food Favorito de Roma<\/h2>\n\n\n<figure>\n                    <div class=\"ms-credits\"><img decoding=\"async\" class=\"gb-image gb-image-4dca2a38\" src=\"https:\/\/www.rome.info\/wp-content\/uploads\/f-pizza-al-taglio.jpg\" alt=\"Fatias de 'pizza al taglio', pizza quadrada \u00e0 moda romana.\"><span class='ms-credits__info' id='media934'><svg xmlns=\"http:\/\/www.w3.org\/2000\/svg\" width=\"20\" height=\"22\" fill=\"#000000\" viewBox=\"0 0 256 256\"><path d=\"M128,24A104,104,0,1,0,232,128,104.11,104.11,0,0,0,128,24Zm0,192a88,88,0,1,1,88-88A88.1,88.1,0,0,1,128,216ZM96,128a32,32,0,0,0,57.6,19.2,8,8,0,0,1,12.8,9.61,48,48,0,1,1,0-57.62,8,8,0,0,1-12.8,9.61A32,32,0,0,0,96,128Z\"><\/path><\/svg><a href=https:\/\/depositphotos.com\/130400430\/stock-photo-delicious-pizza-slices.html rel='nofollow' target='_blank'>Depositphotos<\/a><\/span><span class='ms-credits__btn' id='btn_media934' onclick='ms_credits_trigger(\"#media934\", this)'><svg xmlns=\"http:\/\/www.w3.org\/2000\/svg\" class=\"info_icon\" width=\"28\" height=\"28\" fill=\"#FFF\" viewBox=\"0 0 256 256\"><path d=\"M128,24A104,104,0,1,0,232,128,104.11,104.11,0,0,0,128,24Zm0,192a88,88,0,1,1,88-88A88.1,88.1,0,0,1,128,216Zm16-40a8,8,0,0,1-8,8,16,16,0,0,1-16-16V128a8,8,0,0,1,0-16,16,16,0,0,1,16,16v40A8,8,0,0,1,144,176ZM112,84a12,12,0,1,1,12,12A12,12,0,0,1,112,84Z\"><\/path><\/svg><svg xmlns=\"http:\/\/www.w3.org\/2000\/svg\" class=\"close_icon\" width=\"28\" height=\"28\" fill=\"#FFF\" viewBox=\"0 0 256 256\"><path d=\"M165.66,101.66,139.31,128l26.35,26.34a8,8,0,0,1-11.32,11.32L128,139.31l-26.34,26.35a8,8,0,0,1-11.32-11.32L116.69,128,90.34,101.66a8,8,0,0,1,11.32-11.32L128,116.69l26.34-26.35a8,8,0,0,1,11.32,11.32ZM232,128A104,104,0,1,1,128,24,104.11,104.11,0,0,1,232,128Zm-16,0a88,88,0,1,0-88,88A88.1,88.1,0,0,0,216,128Z\"><\/path><\/svg><\/span><\/div><\/figure>\n\n\n<p>Espalhados por toda a cidade est\u00e3o milhares de lugares de pizza <em>al taglio<\/em> (pizza \u00e0 fatia) que servem, adivinhas, pizza \u00e0 fatia. Cozida em tabuleiros retangulares com uma variedade de coberturas diferentes, a <a href=\"https:\/\/www.rome.info\/restaurants\/pizzerie\/\">pizza<\/a> \u00e9 depois vendida por peso conforme a quantidade que queres, cortada em forma quadrada ou retangular.<\/p>\n\n\n\n<p>Muitos italianos apanham uma fatia ao almo\u00e7o ou como snack quando est\u00e3o demasiado ocupados para o habitual almo\u00e7o de duas horas, e \u00e9 a op\u00e7\u00e3o perfeita tamb\u00e9m quando est\u00e1s a visitar monumentos.<\/p>\n\n\n\n<p>Dica de insider de Roma: Para a melhor pizza <em>al taglio em Roma,<\/em> vai ao &#8220;I Suppli&#8221; no bairro de Trastevere e pede um <em>suppli<\/em> (bola de arroz de tomate frita) para acompanhar a tua fatia de pizza.<\/p>\n\n\n\n<h2 class=\"wp-block-heading\">Passa uma Noite na \u00d3pera nas Termas de Caracala<\/h2>\n\n\n<figure>\n                    <div class=\"ms-credits\"><img decoding=\"async\" class=\"gb-image gb-image-6ec841f9\" src=\"https:\/\/www.rome.info\/wp-content\/uploads\/f-baths-of-caracalla.jpg\" alt=\"As ru\u00ednas antigas das termas p\u00fablicas 'Termas de Caracala'.\"><span class='ms-credits__info' id='media707'><svg xmlns=\"http:\/\/www.w3.org\/2000\/svg\" width=\"20\" height=\"22\" fill=\"#000000\" viewBox=\"0 0 256 256\"><path d=\"M128,24A104,104,0,1,0,232,128,104.11,104.11,0,0,0,128,24Zm0,192a88,88,0,1,1,88-88A88.1,88.1,0,0,1,128,216ZM96,128a32,32,0,0,0,57.6,19.2,8,8,0,0,1,12.8,9.61,48,48,0,1,1,0-57.62,8,8,0,0,1-12.8,9.61A32,32,0,0,0,96,128Z\"><\/path><\/svg><a href=https:\/\/depositphotos.com\/160506732\/stock-photo-baths-of-caracalla-ancient-ruins.html rel='nofollow' target='_blank'>Depositphotos<\/a><\/span><span class='ms-credits__btn' id='btn_media707' onclick='ms_credits_trigger(\"#media707\", this)'><svg xmlns=\"http:\/\/www.w3.org\/2000\/svg\" class=\"info_icon\" width=\"28\" height=\"28\" fill=\"#FFF\" viewBox=\"0 0 256 256\"><path d=\"M128,24A104,104,0,1,0,232,128,104.11,104.11,0,0,0,128,24Zm0,192a88,88,0,1,1,88-88A88.1,88.1,0,0,1,128,216Zm16-40a8,8,0,0,1-8,8,16,16,0,0,1-16-16V128a8,8,0,0,1,0-16,16,16,0,0,1,16,16v40A8,8,0,0,1,144,176ZM112,84a12,12,0,1,1,12,12A12,12,0,0,1,112,84Z\"><\/path><\/svg><svg xmlns=\"http:\/\/www.w3.org\/2000\/svg\" class=\"close_icon\" width=\"28\" height=\"28\" fill=\"#FFF\" viewBox=\"0 0 256 256\"><path d=\"M165.66,101.66,139.31,128l26.35,26.34a8,8,0,0,1-11.32,11.32L128,139.31l-26.34,26.35a8,8,0,0,1-11.32-11.32L116.69,128,90.34,101.66a8,8,0,0,1,11.32-11.32L128,116.69l26.34-26.35a8,8,0,0,1,11.32,11.32ZM232,128A104,104,0,1,1,128,24,104.11,104.11,0,0,1,232,128Zm-16,0a88,88,0,1,0-88,88A88.1,88.1,0,0,0,216,128Z\"><\/path><\/svg><\/span><\/div><\/figure>\n\n\n<p>Todos os ver\u00f5es, de junho a agosto, as ru\u00ednas antigas das <a href=\"https:\/\/www.rome.info\/pt\/atracoes\/termas-de-caracalla\/\">Termas de Caracala<\/a> tornam-se o cen\u00e1rio de um festival de \u00f3pera ao ar livre. Esta \u00e9 uma tradi\u00e7\u00e3o anual que remonta a 1937, tendo-se mudado brevemente para o Circo M\u00e1ximo durante dois anos desde 2020 devido \u00e0s regras de distanciamento social da covid.<\/p>\n\n\n\n<p>Agora est\u00e3o de volta nas termas e podes desfrutar de \u00e1rias e arpejos num dos cen\u00e1rios mais impressionantes e dram\u00e1ticos que alguma vez viste.<\/p>\n\n\n\n<h2 class=\"wp-block-heading\">Presta Homenagem a Percy no Cemit\u00e9rio Protestante<\/h2>\n\n\n<figure>\n                    <div class=\"ms-credits\"><img decoding=\"async\" class=\"gb-image gb-image-306f9bb0\" src=\"https:\/\/www.rome.info\/wp-content\/uploads\/f-protestant-cemetery.jpg\" alt=\"Vista das l\u00e1pides do Cemit\u00e9rio Protestante em Roma.\"><span class='ms-credits__info' id='media935'><svg xmlns=\"http:\/\/www.w3.org\/2000\/svg\" width=\"20\" height=\"22\" fill=\"#000000\" viewBox=\"0 0 256 256\"><path d=\"M128,24A104,104,0,1,0,232,128,104.11,104.11,0,0,0,128,24Zm0,192a88,88,0,1,1,88-88A88.1,88.1,0,0,1,128,216ZM96,128a32,32,0,0,0,57.6,19.2,8,8,0,0,1,12.8,9.61,48,48,0,1,1,0-57.62,8,8,0,0,1-12.8,9.61A32,32,0,0,0,96,128Z\"><\/path><\/svg><a href=https:\/\/depositphotos.com\/320011978\/stock-photo-non-catholic-cemetery-for-foreigners.html rel='nofollow' target='_blank'>Depositphotos<\/a><\/span><span class='ms-credits__btn' id='btn_media935' onclick='ms_credits_trigger(\"#media935\", this)'><svg xmlns=\"http:\/\/www.w3.org\/2000\/svg\" class=\"info_icon\" width=\"28\" height=\"28\" fill=\"#FFF\" viewBox=\"0 0 256 256\"><path d=\"M128,24A104,104,0,1,0,232,128,104.11,104.11,0,0,0,128,24Zm0,192a88,88,0,1,1,88-88A88.1,88.1,0,0,1,128,216Zm16-40a8,8,0,0,1-8,8,16,16,0,0,1-16-16V128a8,8,0,0,1,0-16,16,16,0,0,1,16,16v40A8,8,0,0,1,144,176ZM112,84a12,12,0,1,1,12,12A12,12,0,0,1,112,84Z\"><\/path><\/svg><svg xmlns=\"http:\/\/www.w3.org\/2000\/svg\" class=\"close_icon\" width=\"28\" height=\"28\" fill=\"#FFF\" viewBox=\"0 0 256 256\"><path d=\"M165.66,101.66,139.31,128l26.35,26.34a8,8,0,0,1-11.32,11.32L128,139.31l-26.34,26.35a8,8,0,0,1-11.32-11.32L116.69,128,90.34,101.66a8,8,0,0,1,11.32-11.32L128,116.69l26.34-26.35a8,8,0,0,1,11.32,11.32ZM232,128A104,104,0,1,1,128,24,104.11,104.11,0,0,1,232,128Zm-16,0a88,88,0,1,0-88,88A88.1,88.1,0,0,0,216,128Z\"><\/path><\/svg><\/span><\/div><\/figure>\n\n\n<p>O Cimitero Acattolico (Cemit\u00e9rio N\u00e3o Cat\u00f3lico ou Protestante) \u00e9 tamb\u00e9m frequentemente chamado de Cemit\u00e9rio Ingl\u00eas porque n\u00e3o s\u00f3 parece ter sido tirado diretamente de um livro de hist\u00f3rias ingl\u00eas, como tamb\u00e9m alberga os t\u00famulos de dois famosos poetas ingleses: John Keats e Percy Bysshe Shelley, ambos os quais morreram durante uma estadia em Roma.<\/p>\n\n\n\n<p>Se te sentires particularmente &#8216;rom\u00e2ntico&#8217;, d\u00e1 um passeio pelos t\u00famulos enquanto contemplas o sentido da vida e a sublimidade da natureza.<\/p>\n\n\n\n<h2 class=\"wp-block-heading\">Apanha Sol Numa Praia Perto de Roma<\/h2>\n\n\n<figure>\n                    <div class=\"ms-credits\"><img decoding=\"async\" class=\"gb-image gb-image-9f94cedf\" src=\"https:\/\/www.rome.info\/wp-content\/uploads\/f-anzio-beach.jpg\" alt=\"Praia e grutas de Anzio perto de Roma.\"><span class='ms-credits__info' id='media936'><svg xmlns=\"http:\/\/www.w3.org\/2000\/svg\" width=\"20\" height=\"22\" fill=\"#000000\" viewBox=\"0 0 256 256\"><path d=\"M128,24A104,104,0,1,0,232,128,104.11,104.11,0,0,0,128,24Zm0,192a88,88,0,1,1,88-88A88.1,88.1,0,0,1,128,216ZM96,128a32,32,0,0,0,57.6,19.2,8,8,0,0,1,12.8,9.61,48,48,0,1,1,0-57.62,8,8,0,0,1-12.8,9.61A32,32,0,0,0,96,128Z\"><\/path><\/svg><a href=https:\/\/depositphotos.com\/534232650\/stock-photo-panorama-caves-emperor-nerone-beach.html rel='nofollow' target='_blank'>Depositphotos<\/a><\/span><span class='ms-credits__btn' id='btn_media936' onclick='ms_credits_trigger(\"#media936\", this)'><svg xmlns=\"http:\/\/www.w3.org\/2000\/svg\" class=\"info_icon\" width=\"28\" height=\"28\" fill=\"#FFF\" viewBox=\"0 0 256 256\"><path d=\"M128,24A104,104,0,1,0,232,128,104.11,104.11,0,0,0,128,24Zm0,192a88,88,0,1,1,88-88A88.1,88.1,0,0,1,128,216Zm16-40a8,8,0,0,1-8,8,16,16,0,0,1-16-16V128a8,8,0,0,1,0-16,16,16,0,0,1,16,16v40A8,8,0,0,1,144,176ZM112,84a12,12,0,1,1,12,12A12,12,0,0,1,112,84Z\"><\/path><\/svg><svg xmlns=\"http:\/\/www.w3.org\/2000\/svg\" class=\"close_icon\" width=\"28\" height=\"28\" fill=\"#FFF\" viewBox=\"0 0 256 256\"><path d=\"M165.66,101.66,139.31,128l26.35,26.34a8,8,0,0,1-11.32,11.32L128,139.31l-26.34,26.35a8,8,0,0,1-11.32-11.32L116.69,128,90.34,101.66a8,8,0,0,1,11.32-11.32L128,116.69l26.34-26.35a8,8,0,0,1,11.32,11.32ZM232,128A104,104,0,1,1,128,24,104.11,104.11,0,0,1,232,128Zm-16,0a88,88,0,1,0-88,88A88.1,88.1,0,0,0,216,128Z\"><\/path><\/svg><\/span><\/div><\/figure>\n\n\n<p>Um dia na praia pode n\u00e3o ser a primeira coisa que te vem \u00e0 cabe\u00e7a quando pensas em Roma, mas quando as temperaturas come\u00e7am a subir, pode ser exatamente o que precisas. Muitos visitantes de Roma n\u00e3o sabem que h\u00e1 muitas praias bonitas a apenas uma curta viagem de comboio.<\/p>\n\n\n\n<p>As melhores praias a menos de uma hora de Roma s\u00e3o: Fregene, Lido di Ostia, Anzio e Santa Marinella.<\/p>\n\n\n\n<p>Por isso passa protetor solar, pega num livro para a praia e prepara-te para apanhar sol na areia.<\/p>\n\n\n\n<h2 class=\"wp-block-heading\">V\u00ea um Filme num Cinema ao Ar Livre Numa Piazza Romana<\/h2>\n\n\n<figure>\n                    <div class=\"ms-credits\"><img decoding=\"async\" class=\"gb-image gb-image-c92fb2ec\" src=\"https:\/\/www.rome.info\/wp-content\/uploads\/f-open-air-cinema.jpg\" alt=\"Um casal partilha snacks em frente a um ecr\u00e3 de cinema num parque urbano.\"><span class='ms-credits__info' id='media937'><svg xmlns=\"http:\/\/www.w3.org\/2000\/svg\" width=\"20\" height=\"22\" fill=\"#000000\" viewBox=\"0 0 256 256\"><path d=\"M128,24A104,104,0,1,0,232,128,104.11,104.11,0,0,0,128,24Zm0,192a88,88,0,1,1,88-88A88.1,88.1,0,0,1,128,216ZM96,128a32,32,0,0,0,57.6,19.2,8,8,0,0,1,12.8,9.61,48,48,0,1,1,0-57.62,8,8,0,0,1-12.8,9.61A32,32,0,0,0,96,128Z\"><\/path><\/svg><a href=https:\/\/depositphotos.com\/289116882\/stock-photo-couple-sitting-in-camp-chairs.html rel='nofollow' target='_blank'>Depositphotos<\/a><\/span><span class='ms-credits__btn' id='btn_media937' onclick='ms_credits_trigger(\"#media937\", this)'><svg xmlns=\"http:\/\/www.w3.org\/2000\/svg\" class=\"info_icon\" width=\"28\" height=\"28\" fill=\"#FFF\" viewBox=\"0 0 256 256\"><path d=\"M128,24A104,104,0,1,0,232,128,104.11,104.11,0,0,0,128,24Zm0,192a88,88,0,1,1,88-88A88.1,88.1,0,0,1,128,216Zm16-40a8,8,0,0,1-8,8,16,16,0,0,1-16-16V128a8,8,0,0,1,0-16,16,16,0,0,1,16,16v40A8,8,0,0,1,144,176ZM112,84a12,12,0,1,1,12,12A12,12,0,0,1,112,84Z\"><\/path><\/svg><svg xmlns=\"http:\/\/www.w3.org\/2000\/svg\" class=\"close_icon\" width=\"28\" height=\"28\" fill=\"#FFF\" viewBox=\"0 0 256 256\"><path d=\"M165.66,101.66,139.31,128l26.35,26.34a8,8,0,0,1-11.32,11.32L128,139.31l-26.34,26.35a8,8,0,0,1-11.32-11.32L116.69,128,90.34,101.66a8,8,0,0,1,11.32-11.32L128,116.69l26.34-26.35a8,8,0,0,1,11.32,11.32ZM232,128A104,104,0,1,1,128,24,104.11,104.11,0,0,1,232,128Zm-16,0a88,88,0,1,0-88,88A88.1,88.1,0,0,0,216,128Z\"><\/path><\/svg><\/span><\/div><\/figure>\n\n\n<p>Durante os quentes meses de ver\u00e3o, Roma est\u00e1 mais viva depois do p\u00f4r do sol, quando as pessoas j\u00e1 n\u00e3o precisam de se refugiar do calor forte do meio-dia. Uma das formas mais agrad\u00e1veis de desfrutar de uma noite quente de ver\u00e3o \u00e9 assistir a uma sess\u00e3o num dos cinemas ao ar livre que surgem em piazzas e parques nesta \u00e9poca do ano.<\/p>\n\n\n\n<p>Experimenta o &#8216;Il Cinema in Piazza&#8217; na Piazza San Cosimato para sess\u00f5es gratuitas nos idiomas originais e a &#8216;L&#8217;Isola del Cinema&#8217; na ilha do Tibre pelo seu festival anual internacional de cinema e cultura.<\/p>\n\n\n\n<h2 class=\"wp-block-heading\">Caminha ao Longo de um Aqueduto Antigo no Parco delle Aquedotti<\/h2>\n\n\n<figure>\n                    <div class=\"ms-credits\"><img decoding=\"async\" class=\"gb-image gb-image-c9f5b740\" src=\"https:\/\/www.rome.info\/wp-content\/uploads\/f-aqueduct-park.jpg\" alt=\"Vista de um aqueduto antigo num parque em Roma.\"><span class='ms-credits__info' id='media938'><svg xmlns=\"http:\/\/www.w3.org\/2000\/svg\" width=\"20\" height=\"22\" fill=\"#000000\" viewBox=\"0 0 256 256\"><path d=\"M128,24A104,104,0,1,0,232,128,104.11,104.11,0,0,0,128,24Zm0,192a88,88,0,1,1,88-88A88.1,88.1,0,0,1,128,216ZM96,128a32,32,0,0,0,57.6,19.2,8,8,0,0,1,12.8,9.61,48,48,0,1,1,0-57.62,8,8,0,0,1-12.8,9.61A32,32,0,0,0,96,128Z\"><\/path><\/svg><a href=https:\/\/depositphotos.com\/484003506\/stock-photo-park-aqueducts-rome-imposing-arches.html rel='nofollow' target='_blank'>Depositphotos<\/a><\/span><span class='ms-credits__btn' id='btn_media938' onclick='ms_credits_trigger(\"#media938\", this)'><svg xmlns=\"http:\/\/www.w3.org\/2000\/svg\" class=\"info_icon\" width=\"28\" height=\"28\" fill=\"#FFF\" viewBox=\"0 0 256 256\"><path d=\"M128,24A104,104,0,1,0,232,128,104.11,104.11,0,0,0,128,24Zm0,192a88,88,0,1,1,88-88A88.1,88.1,0,0,1,128,216Zm16-40a8,8,0,0,1-8,8,16,16,0,0,1-16-16V128a8,8,0,0,1,0-16,16,16,0,0,1,16,16v40A8,8,0,0,1,144,176ZM112,84a12,12,0,1,1,12,12A12,12,0,0,1,112,84Z\"><\/path><\/svg><svg xmlns=\"http:\/\/www.w3.org\/2000\/svg\" class=\"close_icon\" width=\"28\" height=\"28\" fill=\"#FFF\" viewBox=\"0 0 256 256\"><path d=\"M165.66,101.66,139.31,128l26.35,26.34a8,8,0,0,1-11.32,11.32L128,139.31l-26.34,26.35a8,8,0,0,1-11.32-11.32L116.69,128,90.34,101.66a8,8,0,0,1,11.32-11.32L128,116.69l26.34-26.35a8,8,0,0,1,11.32,11.32ZM232,128A104,104,0,1,1,128,24,104.11,104.11,0,0,1,232,128Zm-16,0a88,88,0,1,0-88,88A88.1,88.1,0,0,0,216,128Z\"><\/path><\/svg><\/span><\/div><\/figure>\n\n\n<p>A apenas uma curta viagem de metro do centro hist\u00f3rico fica o Parco delle Aquedotti, um enorme parque suburbano que alberga os restos de dois <a href=\"https:\/\/www.rome.info\/ancient\/aqueducts\/\">aquedutos romanos antigos<\/a>. Os visitantes do parque t\u00eam a oportunidade de se aproximar destas incr\u00edveis estruturas que transportavam \u00e1gua das montanhas a leste do L\u00e1cio at\u00e9 ao centro de Roma, enquanto caminham, correm ou andam de bicicleta ao seu lado.<\/p>\n\n\n\n<h2 class=\"wp-block-heading\">V\u00ea a Magia do Cinema nos Est\u00fadios Cinecitt\u00e0<\/h2>\n\n\n<figure>\n                    <div class=\"ms-credits\"><img decoding=\"async\" class=\"gb-image gb-image-184a4dd1\" src=\"https:\/\/www.rome.info\/wp-content\/uploads\/f-cinecitta-studios.jpg\" alt=\"Exterior dos Est\u00fadios Cinecitt\u00e0.\"><span class='ms-credits__info' id='media939'><svg xmlns=\"http:\/\/www.w3.org\/2000\/svg\" width=\"20\" height=\"22\" fill=\"#000000\" viewBox=\"0 0 256 256\"><path d=\"M128,24A104,104,0,1,0,232,128,104.11,104.11,0,0,0,128,24Zm0,192a88,88,0,1,1,88-88A88.1,88.1,0,0,1,128,216ZM96,128a32,32,0,0,0,57.6,19.2,8,8,0,0,1,12.8,9.61,48,48,0,1,1,0-57.62,8,8,0,0,1-12.8,9.61A32,32,0,0,0,96,128Z\"><\/path><\/svg><a href=https:\/\/depositphotos.com\/24877065\/stock-photo-cinecitta-studios-in-rome-italy.html rel='nofollow' target='_blank'>Depositphotos<\/a><\/span><span class='ms-credits__btn' id='btn_media939' onclick='ms_credits_trigger(\"#media939\", this)'><svg xmlns=\"http:\/\/www.w3.org\/2000\/svg\" class=\"info_icon\" width=\"28\" height=\"28\" fill=\"#FFF\" viewBox=\"0 0 256 256\"><path d=\"M128,24A104,104,0,1,0,232,128,104.11,104.11,0,0,0,128,24Zm0,192a88,88,0,1,1,88-88A88.1,88.1,0,0,1,128,216Zm16-40a8,8,0,0,1-8,8,16,16,0,0,1-16-16V128a8,8,0,0,1,0-16,16,16,0,0,1,16,16v40A8,8,0,0,1,144,176ZM112,84a12,12,0,1,1,12,12A12,12,0,0,1,112,84Z\"><\/path><\/svg><svg xmlns=\"http:\/\/www.w3.org\/2000\/svg\" class=\"close_icon\" width=\"28\" height=\"28\" fill=\"#FFF\" viewBox=\"0 0 256 256\"><path d=\"M165.66,101.66,139.31,128l26.35,26.34a8,8,0,0,1-11.32,11.32L128,139.31l-26.34,26.35a8,8,0,0,1-11.32-11.32L116.69,128,90.34,101.66a8,8,0,0,1,11.32-11.32L128,116.69l26.34-26.35a8,8,0,0,1,11.32,11.32ZM232,128A104,104,0,1,1,128,24,104.11,104.11,0,0,1,232,128Zm-16,0a88,88,0,1,0-88,88A88.1,88.1,0,0,0,216,128Z\"><\/path><\/svg><\/span><\/div><\/figure>\n\n\n<p>Visita os ic\u00f3nicos est\u00fadios de cinema da Cinecitt\u00e0, usados para filmar muitos filmes italianos e internacionais vencedores de \u00d3scares. Inaugurados em 1937, os est\u00fadios cont\u00eam hoje muitos cen\u00e1rios e exposi\u00e7\u00f5es impressionantes. Aqui podes caminhar pela Roma antiga ou pela Floren\u00e7a do s\u00e9culo XVI, aprender tudo sobre o realizador Federico Fellini e descobrir a magia por tr\u00e1s da produ\u00e7\u00e3o cinematogr\u00e1fica.<\/p>\n\n\n\n<h2 class=\"wp-block-heading\">Mete o P\u00e9 na Ilha do Tibre, a \u00danica Ilha de Roma<\/h2>\n\n\n<figure>\n                    <div class=\"ms-credits\"><img decoding=\"async\" class=\"gb-image gb-image-3ecdbdc2\" src=\"https:\/\/www.rome.info\/wp-content\/uploads\/f-tiber-island.jpg\" alt=\"Ilha do Tibre em Roma.\"><span class='ms-credits__info' id='media940'><svg xmlns=\"http:\/\/www.w3.org\/2000\/svg\" width=\"20\" height=\"22\" fill=\"#000000\" viewBox=\"0 0 256 256\"><path d=\"M128,24A104,104,0,1,0,232,128,104.11,104.11,0,0,0,128,24Zm0,192a88,88,0,1,1,88-88A88.1,88.1,0,0,1,128,216ZM96,128a32,32,0,0,0,57.6,19.2,8,8,0,0,1,12.8,9.61,48,48,0,1,1,0-57.62,8,8,0,0,1-12.8,9.61A32,32,0,0,0,96,128Z\"><\/path><\/svg><a href=https:\/\/depositphotos.com\/249959328\/stock-photo-historic-tiber-island-rome-italy.html rel='nofollow' target='_blank'>Depositphotos<\/a><\/span><span class='ms-credits__btn' id='btn_media940' onclick='ms_credits_trigger(\"#media940\", this)'><svg xmlns=\"http:\/\/www.w3.org\/2000\/svg\" class=\"info_icon\" width=\"28\" height=\"28\" fill=\"#FFF\" viewBox=\"0 0 256 256\"><path d=\"M128,24A104,104,0,1,0,232,128,104.11,104.11,0,0,0,128,24Zm0,192a88,88,0,1,1,88-88A88.1,88.1,0,0,1,128,216Zm16-40a8,8,0,0,1-8,8,16,16,0,0,1-16-16V128a8,8,0,0,1,0-16,16,16,0,0,1,16,16v40A8,8,0,0,1,144,176ZM112,84a12,12,0,1,1,12,12A12,12,0,0,1,112,84Z\"><\/path><\/svg><svg xmlns=\"http:\/\/www.w3.org\/2000\/svg\" class=\"close_icon\" width=\"28\" height=\"28\" fill=\"#FFF\" viewBox=\"0 0 256 256\"><path d=\"M165.66,101.66,139.31,128l26.35,26.34a8,8,0,0,1-11.32,11.32L128,139.31l-26.34,26.35a8,8,0,0,1-11.32-11.32L116.69,128,90.34,101.66a8,8,0,0,1,11.32-11.32L128,116.69l26.34-26.35a8,8,0,0,1,11.32,11.32ZM232,128A104,104,0,1,1,128,24,104.11,104.11,0,0,1,232,128Zm-16,0a88,88,0,1,0-88,88A88.1,88.1,0,0,0,216,128Z\"><\/path><\/svg><\/span><\/div><\/figure>\n\n\n<p>A lend\u00e1ria ilha do rio conhecida como Ilha do Tibre foi outrora o local de um templo dedicado a Escul\u00e1pio, o deus grego da medicina e da cura. Hoje, esta ilha em forma de barco continua o seu legado de cura ao albergar um hospital em funcionamento fundado em 1585.<\/p>\n\n\n\n<p>Embora o hospital s\u00f3 deva ser visitado se fores doente, ainda h\u00e1 muito para fazer: visita a Bas\u00edlica de Santo Bartolomeu, que fica no local do antigo templo, admira a &#8216;Coluna Infame&#8217; ou desce \u00e0 base da ilha para ver a Pons Aemilius, os restos da ponte de pedra mais antiga de Roma.<\/p>\n\n\n\n<h2 class=\"wp-block-heading\">Faz Uma Dupla Tomada no Teatro de Marcelo<\/h2>\n\n\n<figure>\n                    <div class=\"ms-credits\"><img decoding=\"async\" class=\"gb-image gb-image-a86b8513\" src=\"https:\/\/www.rome.info\/wp-content\/uploads\/f-theatre-of-marcellus.jpg\" alt=\"Teatro de Marcelo e o parque circundante.\"><span class='ms-credits__info' id='media942'><svg xmlns=\"http:\/\/www.w3.org\/2000\/svg\" width=\"20\" height=\"22\" fill=\"#000000\" viewBox=\"0 0 256 256\"><path d=\"M128,24A104,104,0,1,0,232,128,104.11,104.11,0,0,0,128,24Zm0,192a88,88,0,1,1,88-88A88.1,88.1,0,0,1,128,216ZM96,128a32,32,0,0,0,57.6,19.2,8,8,0,0,1,12.8,9.61,48,48,0,1,1,0-57.62,8,8,0,0,1-12.8,9.61A32,32,0,0,0,96,128Z\"><\/path><\/svg><a href=https:\/\/depositphotos.com\/263416324\/stock-photo-theatre-marcellus-rome-sunny-summer.html rel='nofollow' target='_blank'>Depositphotos<\/a><\/span><span class='ms-credits__btn' id='btn_media942' onclick='ms_credits_trigger(\"#media942\", this)'><svg xmlns=\"http:\/\/www.w3.org\/2000\/svg\" class=\"info_icon\" width=\"28\" height=\"28\" fill=\"#FFF\" viewBox=\"0 0 256 256\"><path d=\"M128,24A104,104,0,1,0,232,128,104.11,104.11,0,0,0,128,24Zm0,192a88,88,0,1,1,88-88A88.1,88.1,0,0,1,128,216Zm16-40a8,8,0,0,1-8,8,16,16,0,0,1-16-16V128a8,8,0,0,1,0-16,16,16,0,0,1,16,16v40A8,8,0,0,1,144,176ZM112,84a12,12,0,1,1,12,12A12,12,0,0,1,112,84Z\"><\/path><\/svg><svg xmlns=\"http:\/\/www.w3.org\/2000\/svg\" class=\"close_icon\" width=\"28\" height=\"28\" fill=\"#FFF\" viewBox=\"0 0 256 256\"><path d=\"M165.66,101.66,139.31,128l26.35,26.34a8,8,0,0,1-11.32,11.32L128,139.31l-26.34,26.35a8,8,0,0,1-11.32-11.32L116.69,128,90.34,101.66a8,8,0,0,1,11.32-11.32L128,116.69l26.34-26.35a8,8,0,0,1,11.32,11.32ZM232,128A104,104,0,1,1,128,24,104.11,104.11,0,0,1,232,128Zm-16,0a88,88,0,1,0-88,88A88.1,88.1,0,0,0,216,128Z\"><\/path><\/svg><\/span><\/div><\/figure>\n\n\n<p>N\u00e3o, n\u00e3o est\u00e1s a olhar para o Coliseu. Embora se pare\u00e7am, o Teatro de Marcelo \u00e9 um teatro ao ar livre antigo que na verdade precede o Coliseu em quase 100 anos.<\/p>\n\n\n\n<p>Embora n\u00e3o possas entrar, podes caminhar pelos terrenos no meio das ru\u00ednas de colunas antigas acumuladas desordenadamente ou mesmo aproximar-te dos arcos do pr\u00f3prio teatro. E enquanto o Coliseu est\u00e1 sempre repleto de turistas, esta vers\u00e3o mini \u00e9 muito mais tranquila.<\/p>\n\n\n\n<h2 class=\"wp-block-heading\">Come Alcachofras Fritas no Gueto Judaico<\/h2>\n\n\n<figure>\n                    <div class=\"ms-credits\"><img decoding=\"async\" class=\"gb-image gb-image-8962ce7c\" src=\"https:\/\/www.rome.info\/wp-content\/uploads\/f-fried-artichokes.jpg\" alt=\"Alcachofras fritas num prato.\"><span class='ms-credits__info' id='media943'><svg xmlns=\"http:\/\/www.w3.org\/2000\/svg\" width=\"20\" height=\"22\" fill=\"#000000\" viewBox=\"0 0 256 256\"><path d=\"M128,24A104,104,0,1,0,232,128,104.11,104.11,0,0,0,128,24Zm0,192a88,88,0,1,1,88-88A88.1,88.1,0,0,1,128,216ZM96,128a32,32,0,0,0,57.6,19.2,8,8,0,0,1,12.8,9.61,48,48,0,1,1,0-57.62,8,8,0,0,1-12.8,9.61A32,32,0,0,0,96,128Z\"><\/path><\/svg><a href=https:\/\/depositphotos.com\/60473503\/stock-photo-fried-artichokes.html rel='nofollow' target='_blank'>Depositphotos<\/a><\/span><span class='ms-credits__btn' id='btn_media943' onclick='ms_credits_trigger(\"#media943\", this)'><svg xmlns=\"http:\/\/www.w3.org\/2000\/svg\" class=\"info_icon\" width=\"28\" height=\"28\" fill=\"#FFF\" viewBox=\"0 0 256 256\"><path d=\"M128,24A104,104,0,1,0,232,128,104.11,104.11,0,0,0,128,24Zm0,192a88,88,0,1,1,88-88A88.1,88.1,0,0,1,128,216Zm16-40a8,8,0,0,1-8,8,16,16,0,0,1-16-16V128a8,8,0,0,1,0-16,16,16,0,0,1,16,16v40A8,8,0,0,1,144,176ZM112,84a12,12,0,1,1,12,12A12,12,0,0,1,112,84Z\"><\/path><\/svg><svg xmlns=\"http:\/\/www.w3.org\/2000\/svg\" class=\"close_icon\" width=\"28\" height=\"28\" fill=\"#FFF\" viewBox=\"0 0 256 256\"><path d=\"M165.66,101.66,139.31,128l26.35,26.34a8,8,0,0,1-11.32,11.32L128,139.31l-26.34,26.35a8,8,0,0,1-11.32-11.32L116.69,128,90.34,101.66a8,8,0,0,1,11.32-11.32L128,116.69l26.34-26.35a8,8,0,0,1,11.32,11.32ZM232,128A104,104,0,1,1,128,24,104.11,104.11,0,0,1,232,128Zm-16,0a88,88,0,1,0-88,88A88.1,88.1,0,0,0,216,128Z\"><\/path><\/svg><\/span><\/div><\/figure>\n\n\n<p>O Gueto Romano, constru\u00eddo em 1555, \u00e9 o gueto mais antigo do mundo ocidental. Hoje \u00e9 considerado um dos bairros menos conhecidos mas mais bonitos de Roma, com muitas coisas para ver e fazer.<\/p>\n\n\n\n<p><br>Caminha pelas ru\u00ednas antigas do P\u00f3rtico de Ot\u00e1via, que remonta ao s\u00e9culo II a.C.; admira a famosa fonte das tartarugas de Bernini; visita a ic\u00f3nica Sinagoga, a maior de Roma; ou, se calhar na \u00e9poca certa, come <em>carciofi alla giudia<\/em>, alcachofras \u00e0 moda judaica fritas na perfei\u00e7\u00e3o.<\/p>\n\n\n\n<h2 class=\"wp-block-heading\">Come um Prato de Massa Romano Numa Trattoria Local<\/h2>\n\n\n<figure>\n                    <div class=\"ms-credits\"><img decoding=\"async\" class=\"gb-image gb-image-830b5d6b\" src=\"https:\/\/www.rome.info\/wp-content\/uploads\/f-roman-pasta.jpg\" alt=\"Um prato de 'Cacio e Pepe', um prato de massa romano, e um copo de vinho tinto.\"><span class='ms-credits__info' id='media944'><svg xmlns=\"http:\/\/www.w3.org\/2000\/svg\" width=\"20\" height=\"22\" fill=\"#000000\" viewBox=\"0 0 256 256\"><path d=\"M128,24A104,104,0,1,0,232,128,104.11,104.11,0,0,0,128,24Zm0,192a88,88,0,1,1,88-88A88.1,88.1,0,0,1,128,216ZM96,128a32,32,0,0,0,57.6,19.2,8,8,0,0,1,12.8,9.61,48,48,0,1,1,0-57.62,8,8,0,0,1-12.8,9.61A32,32,0,0,0,96,128Z\"><\/path><\/svg><a href=https:\/\/depositphotos.com\/332207486\/stock-photo-roman-pasta-spaghetti-with-black.html rel='nofollow' target='_blank'>Depositphotos<\/a><\/span><span class='ms-credits__btn' id='btn_media944' onclick='ms_credits_trigger(\"#media944\", this)'><svg xmlns=\"http:\/\/www.w3.org\/2000\/svg\" class=\"info_icon\" width=\"28\" height=\"28\" fill=\"#FFF\" viewBox=\"0 0 256 256\"><path d=\"M128,24A104,104,0,1,0,232,128,104.11,104.11,0,0,0,128,24Zm0,192a88,88,0,1,1,88-88A88.1,88.1,0,0,1,128,216Zm16-40a8,8,0,0,1-8,8,16,16,0,0,1-16-16V128a8,8,0,0,1,0-16,16,16,0,0,1,16,16v40A8,8,0,0,1,144,176ZM112,84a12,12,0,1,1,12,12A12,12,0,0,1,112,84Z\"><\/path><\/svg><svg xmlns=\"http:\/\/www.w3.org\/2000\/svg\" class=\"close_icon\" width=\"28\" height=\"28\" fill=\"#FFF\" viewBox=\"0 0 256 256\"><path d=\"M165.66,101.66,139.31,128l26.35,26.34a8,8,0,0,1-11.32,11.32L128,139.31l-26.34,26.35a8,8,0,0,1-11.32-11.32L116.69,128,90.34,101.66a8,8,0,0,1,11.32-11.32L128,116.69l26.34-26.35a8,8,0,0,1,11.32,11.32ZM232,128A104,104,0,1,1,128,24,104.11,104.11,0,0,1,232,128Zm-16,0a88,88,0,1,0-88,88A88.1,88.1,0,0,0,216,128Z\"><\/path><\/svg><\/span><\/div><\/figure>\n\n\n<p>Embora a massa se coma em toda a It\u00e1lia, h\u00e1 quatro pratos de massa considerados cl\u00e1ssicos em Roma e os principais a provar durante a visita \u00e0 cidade. S\u00e3o: Carbonara, Cacio e Pepe, Gricia e Amatriciana. Todas as quatro receitas usam pecorino romano, um queijo de leite de ovelha considerado fundamental para os pratos.<\/p>\n\n\n\n<p>Um romano de gema vai argumentar que o \u00fanico s\u00edtio do mundo para comer uma Carbonara &#8216;verdadeira&#8217; \u00e9 em Roma. Pede uma nas muitas trattorias locais espalhadas por Roma. S\u00f3 n\u00e3o pe\u00e7as parmes\u00e3o na massa, isso \u00e9 considerado heresia culin\u00e1ria.<\/p>\n\n\n\n<h2 class=\"wp-block-heading\">Absorve a Opul\u00eancia da Casa Dourada de Nero<\/h2>\n\n\n<figure>\n                    <div class=\"ms-credits\"><img decoding=\"async\" class=\"gb-image gb-image-5e6854c3\" src=\"https:\/\/www.rome.info\/wp-content\/uploads\/f-nero-domus-aurea.jpg\" alt=\"A c\u00fapula interior da Domus Aurea do Imperador Nero.\"><span class='ms-credits__info' id='media945'><svg xmlns=\"http:\/\/www.w3.org\/2000\/svg\" width=\"20\" height=\"22\" fill=\"#000000\" viewBox=\"0 0 256 256\"><path d=\"M128,24A104,104,0,1,0,232,128,104.11,104.11,0,0,0,128,24Zm0,192a88,88,0,1,1,88-88A88.1,88.1,0,0,1,128,216ZM96,128a32,32,0,0,0,57.6,19.2,8,8,0,0,1,12.8,9.61,48,48,0,1,1,0-57.62,8,8,0,0,1-12.8,9.61A32,32,0,0,0,96,128Z\"><\/path><\/svg><a href=https:\/\/depositphotos.com\/377282988\/stock-photo-view-circular-room-domus-aurea.html rel='nofollow' target='_blank'>Depositphotos<\/a><\/span><span class='ms-credits__btn' id='btn_media945' onclick='ms_credits_trigger(\"#media945\", this)'><svg xmlns=\"http:\/\/www.w3.org\/2000\/svg\" class=\"info_icon\" width=\"28\" height=\"28\" fill=\"#FFF\" viewBox=\"0 0 256 256\"><path d=\"M128,24A104,104,0,1,0,232,128,104.11,104.11,0,0,0,128,24Zm0,192a88,88,0,1,1,88-88A88.1,88.1,0,0,1,128,216Zm16-40a8,8,0,0,1-8,8,16,16,0,0,1-16-16V128a8,8,0,0,1,0-16,16,16,0,0,1,16,16v40A8,8,0,0,1,144,176ZM112,84a12,12,0,1,1,12,12A12,12,0,0,1,112,84Z\"><\/path><\/svg><svg xmlns=\"http:\/\/www.w3.org\/2000\/svg\" class=\"close_icon\" width=\"28\" height=\"28\" fill=\"#FFF\" viewBox=\"0 0 256 256\"><path d=\"M165.66,101.66,139.31,128l26.35,26.34a8,8,0,0,1-11.32,11.32L128,139.31l-26.34,26.35a8,8,0,0,1-11.32-11.32L116.69,128,90.34,101.66a8,8,0,0,1,11.32-11.32L128,116.69l26.34-26.35a8,8,0,0,1,11.32,11.32ZM232,128A104,104,0,1,1,128,24,104.11,104.11,0,0,1,232,128Zm-16,0a88,88,0,1,0-88,88A88.1,88.1,0,0,0,216,128Z\"><\/path><\/svg><\/span><\/div><\/figure>\n\n\n<p>Ap\u00f3s o grande inc\u00eandio de Roma em 64 d.C., o not\u00f3rio Imperador Nero ordenou a constru\u00e7\u00e3o da sua nova resid\u00eancia, a Domus Aurea. Era um enorme complexo decorado suntuosamente com ouro, pedras preciosas e m\u00e1rmore e \u00e9 considerada a constru\u00e7\u00e3o mais extravagante da hist\u00f3ria de Roma.<\/p>\n\n\n\n<p>Hoje, apenas algumas das \u00e1reas do Monte Opiano est\u00e3o abertas aos visitantes, mas mesmo sem o ouro, definitivamente valem a visita.<\/p>\n\n\n\n<h2 class=\"wp-block-heading\">V\u00ea o P\u00f4r do Sol no Jardim das Laranjeiras no Monte Aventino<\/h2>\n\n\n<figure>\n                    <div class=\"ms-credits\"><img decoding=\"async\" class=\"gb-image gb-image-1dbb13f2\" src=\"https:\/\/www.rome.info\/wp-content\/uploads\/f-sunset-aventine-hill.jpg\" alt=\"P\u00f4r do sol no jardim das laranjeiras no Monte Aventino.\"><span class='ms-credits__info' id='media946'><svg xmlns=\"http:\/\/www.w3.org\/2000\/svg\" width=\"20\" height=\"22\" fill=\"#000000\" viewBox=\"0 0 256 256\"><path d=\"M128,24A104,104,0,1,0,232,128,104.11,104.11,0,0,0,128,24Zm0,192a88,88,0,1,1,88-88A88.1,88.1,0,0,1,128,216ZM96,128a32,32,0,0,0,57.6,19.2,8,8,0,0,1,12.8,9.61,48,48,0,1,1,0-57.62,8,8,0,0,1-12.8,9.61A32,32,0,0,0,96,128Z\"><\/path><\/svg><a href=https:\/\/depositphotos.com\/304308400\/stock-photo-rome-italy-june-2019-people.html rel='nofollow' target='_blank'>Depositphotos<\/a><\/span><span class='ms-credits__btn' id='btn_media946' onclick='ms_credits_trigger(\"#media946\", this)'><svg xmlns=\"http:\/\/www.w3.org\/2000\/svg\" class=\"info_icon\" width=\"28\" height=\"28\" fill=\"#FFF\" viewBox=\"0 0 256 256\"><path d=\"M128,24A104,104,0,1,0,232,128,104.11,104.11,0,0,0,128,24Zm0,192a88,88,0,1,1,88-88A88.1,88.1,0,0,1,128,216Zm16-40a8,8,0,0,1-8,8,16,16,0,0,1-16-16V128a8,8,0,0,1,0-16,16,16,0,0,1,16,16v40A8,8,0,0,1,144,176ZM112,84a12,12,0,1,1,12,12A12,12,0,0,1,112,84Z\"><\/path><\/svg><svg xmlns=\"http:\/\/www.w3.org\/2000\/svg\" class=\"close_icon\" width=\"28\" height=\"28\" fill=\"#FFF\" viewBox=\"0 0 256 256\"><path d=\"M165.66,101.66,139.31,128l26.35,26.34a8,8,0,0,1-11.32,11.32L128,139.31l-26.34,26.35a8,8,0,0,1-11.32-11.32L116.69,128,90.34,101.66a8,8,0,0,1,11.32-11.32L128,116.69l26.34-26.35a8,8,0,0,1,11.32,11.32ZM232,128A104,104,0,1,1,128,24,104.11,104.11,0,0,1,232,128Zm-16,0a88,88,0,1,0-88,88A88.1,88.1,0,0,0,216,128Z\"><\/path><\/svg><\/span><\/div><\/figure>\n\n\n<p>O Monte Aventino pode n\u00e3o receber tanto amor como algumas das outras colinas de Roma, mas isso s\u00f3 o torna mais agrad\u00e1vel por ser menos movimentado.<\/p>\n\n\n\n<p>Para uma vista deslumbrante da <a href=\"https:\/\/www.rome.info\/pt\/atracoes\/basilica-de-sao-pedro\/\">Bas\u00edlica de S\u00e3o Pedro<\/a> e da cidade de Roma, sobe ao miradouro localizado no Jardim das Laranjeiras, um espetacular jardim p\u00fablico coberto de laranjeiras bonitas (embora n\u00e3o comest\u00edveis) e dos ic\u00f3nicos pinheiros romanos. Para mais romantismo, sobe ao p\u00f4r do sol e depois desce pelo Jardim das Rosas de Roma, que cont\u00e9m mais de mil variedades de rosas.<\/p>\n\n\n\n<h2 class=\"wp-block-heading\">Espreita S\u00e3o Pedro pelo Buraco da Fechadura do Aventino<\/h2>\n\n\n<figure>\n                    <div class=\"ms-credits\"><img decoding=\"async\" class=\"gb-image gb-image-526ecb5a\" src=\"https:\/\/www.rome.info\/wp-content\/uploads\/f-aventine-keyhole.jpg\" alt=\"Vista da Bas\u00edlica de S\u00e3o Pedro enquadrada por sebes pelo Buraco da Fechadura do Aventino.\"><span class='ms-credits__info' id='media947'><svg xmlns=\"http:\/\/www.w3.org\/2000\/svg\" width=\"20\" height=\"22\" fill=\"#000000\" viewBox=\"0 0 256 256\"><path d=\"M128,24A104,104,0,1,0,232,128,104.11,104.11,0,0,0,128,24Zm0,192a88,88,0,1,1,88-88A88.1,88.1,0,0,1,128,216ZM96,128a32,32,0,0,0,57.6,19.2,8,8,0,0,1,12.8,9.61,48,48,0,1,1,0-57.62,8,8,0,0,1-12.8,9.61A32,32,0,0,0,96,128Z\"><\/path><\/svg><a href=https:\/\/depositphotos.com\/158152368\/stock-photo-view-through-the-keyhole-aventine.html rel='nofollow' target='_blank'>Depositphotos<\/a><\/span><span class='ms-credits__btn' id='btn_media947' onclick='ms_credits_trigger(\"#media947\", this)'><svg xmlns=\"http:\/\/www.w3.org\/2000\/svg\" class=\"info_icon\" width=\"28\" height=\"28\" fill=\"#FFF\" viewBox=\"0 0 256 256\"><path d=\"M128,24A104,104,0,1,0,232,128,104.11,104.11,0,0,0,128,24Zm0,192a88,88,0,1,1,88-88A88.1,88.1,0,0,1,128,216Zm16-40a8,8,0,0,1-8,8,16,16,0,0,1-16-16V128a8,8,0,0,1,0-16,16,16,0,0,1,16,16v40A8,8,0,0,1,144,176ZM112,84a12,12,0,1,1,12,12A12,12,0,0,1,112,84Z\"><\/path><\/svg><svg xmlns=\"http:\/\/www.w3.org\/2000\/svg\" class=\"close_icon\" width=\"28\" height=\"28\" fill=\"#FFF\" viewBox=\"0 0 256 256\"><path d=\"M165.66,101.66,139.31,128l26.35,26.34a8,8,0,0,1-11.32,11.32L128,139.31l-26.34,26.35a8,8,0,0,1-11.32-11.32L116.69,128,90.34,101.66a8,8,0,0,1,11.32-11.32L128,116.69l26.34-26.35a8,8,0,0,1,11.32,11.32ZM232,128A104,104,0,1,1,128,24,104.11,104.11,0,0,1,232,128Zm-16,0a88,88,0,1,0-88,88A88.1,88.1,0,0,0,216,128Z\"><\/path><\/svg><\/span><\/div><\/figure>\n\n\n<p>O que foi outrora um dos segredos mais bem guardados de Roma \u00e9 agora uma atra\u00e7\u00e3o razoavelmente conhecida, embora ainda n\u00e3o sejam muitos os turistas que v\u00eam aqui.<\/p>\n\n\n\n<p>Pelo min\u00fasculo buraco da fechadura de uma porta verde an\u00f3nima (que leva ao priorado dos Cavaleiros de Malta) est\u00e1 a vista mais deslumbrante e \u00fanica de Roma. Espreita e ver\u00e1s a ic\u00f3nica c\u00fapula de S\u00e3o Pedro perfeitamente centrada e enquadrada pelas sebes bem podadas do jardim malt\u00eas.<\/p>\n\n\n\n<p>Ningu\u00e9m sabe se este miradouro foi planeado ou apenas uma feliz coincid\u00eancia.<\/p>\n\n\n\n<h2 class=\"wp-block-heading\">V\u00ea Arte de Rua Criativa em Ostiense<\/h2>\n\n\n<figure>\n                    <div class=\"ms-credits\"><img decoding=\"async\" class=\"gb-image gb-image-d6ba3493\" src=\"https:\/\/www.rome.info\/wp-content\/uploads\/f-ostiense-street-art.jpg\" alt=\"Carros passam por um edif\u00edcio em Ostiense coberto de arte de rua.\"><span class='ms-credits__info' id='media967'><svg xmlns=\"http:\/\/www.w3.org\/2000\/svg\" width=\"20\" height=\"22\" fill=\"#000000\" viewBox=\"0 0 256 256\"><path d=\"M128,24A104,104,0,1,0,232,128,104.11,104.11,0,0,0,128,24Zm0,192a88,88,0,1,1,88-88A88.1,88.1,0,0,1,128,216ZM96,128a32,32,0,0,0,57.6,19.2,8,8,0,0,1,12.8,9.61,48,48,0,1,1,0-57.62,8,8,0,0,1-12.8,9.61A32,32,0,0,0,96,128Z\"><\/path><\/svg><a href=https:\/\/depositphotos.com\/576287822\/stock-photo-street-art-renowned-artist-blu.html rel='nofollow' target='_blank'>Depositphotos<\/a><\/span><span class='ms-credits__btn' id='btn_media967' onclick='ms_credits_trigger(\"#media967\", this)'><svg xmlns=\"http:\/\/www.w3.org\/2000\/svg\" class=\"info_icon\" width=\"28\" height=\"28\" fill=\"#FFF\" viewBox=\"0 0 256 256\"><path d=\"M128,24A104,104,0,1,0,232,128,104.11,104.11,0,0,0,128,24Zm0,192a88,88,0,1,1,88-88A88.1,88.1,0,0,1,128,216Zm16-40a8,8,0,0,1-8,8,16,16,0,0,1-16-16V128a8,8,0,0,1,0-16,16,16,0,0,1,16,16v40A8,8,0,0,1,144,176ZM112,84a12,12,0,1,1,12,12A12,12,0,0,1,112,84Z\"><\/path><\/svg><svg xmlns=\"http:\/\/www.w3.org\/2000\/svg\" class=\"close_icon\" width=\"28\" height=\"28\" fill=\"#FFF\" viewBox=\"0 0 256 256\"><path d=\"M165.66,101.66,139.31,128l26.35,26.34a8,8,0,0,1-11.32,11.32L128,139.31l-26.34,26.35a8,8,0,0,1-11.32-11.32L116.69,128,90.34,101.66a8,8,0,0,1,11.32-11.32L128,116.69l26.34-26.35a8,8,0,0,1,11.32,11.32ZM232,128A104,104,0,1,1,128,24,104.11,104.11,0,0,1,232,128Zm-16,0a88,88,0,1,0-88,88A88.1,88.1,0,0,0,216,128Z\"><\/path><\/svg><\/span><\/div><\/figure>\n\n\n<p>A arte romana tende a ser do tipo mais antigo ou barroco, mas h\u00e1 um bairro que se est\u00e1 a distinguir como o principal distrito de arte de rua de Roma: Ostiense.<\/p>\n\n\n\n<p>O que foi outrora um bairro industrial em ru\u00ednas \u00e9 agora uma \u00e1rea emergente e descolada gra\u00e7as a um projeto de arte urbana lan\u00e7ado em 2015.<\/p>\n\n\n\n<p>Percorre este colorido bairro para ver alguns dos murais e da arte de rua mais espetaculares de Roma.<\/p>\n\n\n\n<h2 class=\"wp-block-heading\">Foge ao Az\u00e1fama da Cidade no Jardim Bot\u00e2nico<\/h2>\n\n\n<figure>\n                    <div class=\"ms-credits\"><img decoding=\"async\" class=\"gb-image gb-image-3f7c065f\" src=\"https:\/\/www.rome.info\/wp-content\/uploads\/f-rome-botanical-garden.jpg\" alt=\"Vista de uma igreja no interior do jardim bot\u00e2nico de Roma.\"><span class='ms-credits__info' id='media968'><svg xmlns=\"http:\/\/www.w3.org\/2000\/svg\" width=\"20\" height=\"22\" fill=\"#000000\" viewBox=\"0 0 256 256\"><path d=\"M128,24A104,104,0,1,0,232,128,104.11,104.11,0,0,0,128,24Zm0,192a88,88,0,1,1,88-88A88.1,88.1,0,0,1,128,216ZM96,128a32,32,0,0,0,57.6,19.2,8,8,0,0,1,12.8,9.61,48,48,0,1,1,0-57.62,8,8,0,0,1-12.8,9.61A32,32,0,0,0,96,128Z\"><\/path><\/svg><a href=https:\/\/depositphotos.com\/348955868\/stock-photo-rome-april-detail-fontana-dell.html rel='nofollow' target='_blank'>Depositphotos<\/a><\/span><span class='ms-credits__btn' id='btn_media968' onclick='ms_credits_trigger(\"#media968\", this)'><svg xmlns=\"http:\/\/www.w3.org\/2000\/svg\" class=\"info_icon\" width=\"28\" height=\"28\" fill=\"#FFF\" viewBox=\"0 0 256 256\"><path d=\"M128,24A104,104,0,1,0,232,128,104.11,104.11,0,0,0,128,24Zm0,192a88,88,0,1,1,88-88A88.1,88.1,0,0,1,128,216Zm16-40a8,8,0,0,1-8,8,16,16,0,0,1-16-16V128a8,8,0,0,1,0-16,16,16,0,0,1,16,16v40A8,8,0,0,1,144,176ZM112,84a12,12,0,1,1,12,12A12,12,0,0,1,112,84Z\"><\/path><\/svg><svg xmlns=\"http:\/\/www.w3.org\/2000\/svg\" class=\"close_icon\" width=\"28\" height=\"28\" fill=\"#FFF\" viewBox=\"0 0 256 256\"><path d=\"M165.66,101.66,139.31,128l26.35,26.34a8,8,0,0,1-11.32,11.32L128,139.31l-26.34,26.35a8,8,0,0,1-11.32-11.32L116.69,128,90.34,101.66a8,8,0,0,1,11.32-11.32L128,116.69l26.34-26.35a8,8,0,0,1,11.32,11.32ZM232,128A104,104,0,1,1,128,24,104.11,104.11,0,0,1,232,128Zm-16,0a88,88,0,1,0-88,88A88.1,88.1,0,0,0,216,128Z\"><\/path><\/svg><\/span><\/div><\/figure>\n\n\n<p>Entre o bairro de Trastevere e o Monte Jan\u00edculo fica um sereno o\u00e1sis verde pouco visitado pelos turistas. O Jardim Bot\u00e2nico de Roma cobre uma \u00e1rea de cerca de 12 hectares e tem cerca de 400 esp\u00e9cies de \u00e1rvores e plantas.<\/p>\n\n\n\n<p>Alguns dos destaques incluem a Estufa Corsini, que cont\u00e9m variedades de suculentas e cactos, a Estufa das Orqu\u00eddeas, algumas das quais s\u00e3o incrivelmente raras, e o Jardim Japon\u00eas, que ganha vida com cores na Primavera.<\/p>\n\n\n\n<h2 class=\"wp-block-heading\">V\u00ea Vistas Espetaculares de Roma da sua &#8216;Oitava Colina&#8217;<\/h2>\n\n\n<figure>\n                    <div class=\"ms-credits\"><img decoding=\"async\" class=\"gb-image gb-image-548830a3\" src=\"https:\/\/www.rome.info\/wp-content\/uploads\/f-janiculum-hill-view.jpg\" alt=\"Vista de Roma desde o Monte Jan\u00edculo.\"><span class='ms-credits__info' id='media970'><svg xmlns=\"http:\/\/www.w3.org\/2000\/svg\" width=\"20\" height=\"22\" fill=\"#000000\" viewBox=\"0 0 256 256\"><path d=\"M128,24A104,104,0,1,0,232,128,104.11,104.11,0,0,0,128,24Zm0,192a88,88,0,1,1,88-88A88.1,88.1,0,0,1,128,216ZM96,128a32,32,0,0,0,57.6,19.2,8,8,0,0,1,12.8,9.61,48,48,0,1,1,0-57.62,8,8,0,0,1-12.8,9.61A32,32,0,0,0,96,128Z\"><\/path><\/svg><a href=https:\/\/depositphotos.com\/112836542\/stock-photo-view-of-rome-from-janiculum.html rel='nofollow' target='_blank'>Depositphotos<\/a><\/span><span class='ms-credits__btn' id='btn_media970' onclick='ms_credits_trigger(\"#media970\", this)'><svg xmlns=\"http:\/\/www.w3.org\/2000\/svg\" class=\"info_icon\" width=\"28\" height=\"28\" fill=\"#FFF\" viewBox=\"0 0 256 256\"><path d=\"M128,24A104,104,0,1,0,232,128,104.11,104.11,0,0,0,128,24Zm0,192a88,88,0,1,1,88-88A88.1,88.1,0,0,1,128,216Zm16-40a8,8,0,0,1-8,8,16,16,0,0,1-16-16V128a8,8,0,0,1,0-16,16,16,0,0,1,16,16v40A8,8,0,0,1,144,176ZM112,84a12,12,0,1,1,12,12A12,12,0,0,1,112,84Z\"><\/path><\/svg><svg xmlns=\"http:\/\/www.w3.org\/2000\/svg\" class=\"close_icon\" width=\"28\" height=\"28\" fill=\"#FFF\" viewBox=\"0 0 256 256\"><path d=\"M165.66,101.66,139.31,128l26.35,26.34a8,8,0,0,1-11.32,11.32L128,139.31l-26.34,26.35a8,8,0,0,1-11.32-11.32L116.69,128,90.34,101.66a8,8,0,0,1,11.32-11.32L128,116.69l26.34-26.35a8,8,0,0,1,11.32,11.32ZM232,128A104,104,0,1,1,128,24,104.11,104.11,0,0,1,232,128Zm-16,0a88,88,0,1,0-88,88A88.1,88.1,0,0,0,216,128Z\"><\/path><\/svg><\/span><\/div><\/figure>\n\n\n<p>O Monte Jan\u00edculo, por vezes chamado de &#8220;Varanda de Roma&#8221;, oferece um dos mais deslumbrantes panoramas da cidade, com um ponto de vista completamente diferente de muitos outros. Alguns dizem que \u00e9 o melhor de Roma.<\/p>\n\n\n\n<p>Embora o p\u00f4r do sol e o nascer do sol sejam os momentos mais recomendados para subir l\u00e1, a vista ainda \u00e9 espetacular a qualquer hora do dia. S\u00f3 n\u00e3o te assustes com o tiro do canh\u00e3o que dispara todos os dias ao meio-dia.<\/p>\n\n\n\n<h2 class=\"wp-block-heading\">Visita um Santu\u00e1rio de Gatos Local com um Cen\u00e1rio Muito Dram\u00e1tico<\/h2>\n\n\n<figure>\n                    <div class=\"ms-credits\"><img decoding=\"async\" class=\"gb-image gb-image-29e201c6\" src=\"https:\/\/www.rome.info\/wp-content\/uploads\/f-largo-di-torre-argentina.jpg\" alt=\"Vista das ru\u00ednas no Largo di Torre Argentina.\"><span class='ms-credits__info' id='media971'><svg xmlns=\"http:\/\/www.w3.org\/2000\/svg\" width=\"20\" height=\"22\" fill=\"#000000\" viewBox=\"0 0 256 256\"><path d=\"M128,24A104,104,0,1,0,232,128,104.11,104.11,0,0,0,128,24Zm0,192a88,88,0,1,1,88-88A88.1,88.1,0,0,1,128,216ZM96,128a32,32,0,0,0,57.6,19.2,8,8,0,0,1,12.8,9.61,48,48,0,1,1,0-57.62,8,8,0,0,1-12.8,9.61A32,32,0,0,0,96,128Z\"><\/path><\/svg><a href=https:\/\/depositphotos.com\/175916864\/stock-photo-rome-italy-june-2017-amazing.html rel='nofollow' target='_blank'>Depositphotos<\/a><\/span><span class='ms-credits__btn' id='btn_media971' onclick='ms_credits_trigger(\"#media971\", this)'><svg xmlns=\"http:\/\/www.w3.org\/2000\/svg\" class=\"info_icon\" width=\"28\" height=\"28\" fill=\"#FFF\" viewBox=\"0 0 256 256\"><path d=\"M128,24A104,104,0,1,0,232,128,104.11,104.11,0,0,0,128,24Zm0,192a88,88,0,1,1,88-88A88.1,88.1,0,0,1,128,216Zm16-40a8,8,0,0,1-8,8,16,16,0,0,1-16-16V128a8,8,0,0,1,0-16,16,16,0,0,1,16,16v40A8,8,0,0,1,144,176ZM112,84a12,12,0,1,1,12,12A12,12,0,0,1,112,84Z\"><\/path><\/svg><svg xmlns=\"http:\/\/www.w3.org\/2000\/svg\" class=\"close_icon\" width=\"28\" height=\"28\" fill=\"#FFF\" viewBox=\"0 0 256 256\"><path d=\"M165.66,101.66,139.31,128l26.35,26.34a8,8,0,0,1-11.32,11.32L128,139.31l-26.34,26.35a8,8,0,0,1-11.32-11.32L116.69,128,90.34,101.66a8,8,0,0,1,11.32-11.32L128,116.69l26.34-26.35a8,8,0,0,1,11.32,11.32ZM232,128A104,104,0,1,1,128,24,104.11,104.11,0,0,1,232,128Zm-16,0a88,88,0,1,0-88,88A88.1,88.1,0,0,0,216,128Z\"><\/path><\/svg><\/span><\/div><\/figure>\n\n\n<p>No meio de um movimentado cruzamento fica Largo di Torre Argentina, um s\u00edtio arqueol\u00f3gico com quatro templos e o Teatro e C\u00faria de Pompeio \u2014 agora transformado num santu\u00e1rio de gatos.<\/p>\n\n\n\n<p>Este outrora tr\u00e1gico local, palco da trai\u00e7\u00e3o e assassinato de J\u00falio C\u00e9sar, \u00e9 agora uma \u00e1rea popular para observar gatos. Muitos v\u00eam aqui fotografar os felinos peludos a viver a sua melhor vida no meio das ru\u00ednas. Honestamente, uma das coisas mais \u00fanicas e divertidas para fazer em Roma.<\/p>\n\n\n\n<h2 class=\"wp-block-heading\">Contempla Pinturas de Caravaggio na Igreja de S\u00e3o Lu\u00eds dos Franceses<\/h2>\n\n\n<figure>\n                    <div class=\"ms-credits\"><img decoding=\"async\" class=\"gb-image gb-image-751c7cbb\" src=\"https:\/\/www.rome.info\/wp-content\/uploads\/f-caravaggio-st-luigi.jpg\" alt=\"Tr\u00eas pinturas de Caravaggio na Igreja de S\u00e3o Lu\u00eds dos Franceses.\"><span class='ms-credits__info' id='media972'><svg xmlns=\"http:\/\/www.w3.org\/2000\/svg\" width=\"20\" height=\"22\" fill=\"#000000\" viewBox=\"0 0 256 256\"><path d=\"M128,24A104,104,0,1,0,232,128,104.11,104.11,0,0,0,128,24Zm0,192a88,88,0,1,1,88-88A88.1,88.1,0,0,1,128,216ZM96,128a32,32,0,0,0,57.6,19.2,8,8,0,0,1,12.8,9.61,48,48,0,1,1,0-57.62,8,8,0,0,1-12.8,9.61A32,32,0,0,0,96,128Z\"><\/path><\/svg><a href=https:\/\/depositphotos.com\/242045884\/stock-photo-rome-italy-march-2018-church.html rel='nofollow' target='_blank'>Depositphotos<\/a><\/span><span class='ms-credits__btn' id='btn_media972' onclick='ms_credits_trigger(\"#media972\", this)'><svg xmlns=\"http:\/\/www.w3.org\/2000\/svg\" class=\"info_icon\" width=\"28\" height=\"28\" fill=\"#FFF\" viewBox=\"0 0 256 256\"><path d=\"M128,24A104,104,0,1,0,232,128,104.11,104.11,0,0,0,128,24Zm0,192a88,88,0,1,1,88-88A88.1,88.1,0,0,1,128,216Zm16-40a8,8,0,0,1-8,8,16,16,0,0,1-16-16V128a8,8,0,0,1,0-16,16,16,0,0,1,16,16v40A8,8,0,0,1,144,176ZM112,84a12,12,0,1,1,12,12A12,12,0,0,1,112,84Z\"><\/path><\/svg><svg xmlns=\"http:\/\/www.w3.org\/2000\/svg\" class=\"close_icon\" width=\"28\" height=\"28\" fill=\"#FFF\" viewBox=\"0 0 256 256\"><path d=\"M165.66,101.66,139.31,128l26.35,26.34a8,8,0,0,1-11.32,11.32L128,139.31l-26.34,26.35a8,8,0,0,1-11.32-11.32L116.69,128,90.34,101.66a8,8,0,0,1,11.32-11.32L128,116.69l26.34-26.35a8,8,0,0,1,11.32,11.32ZM232,128A104,104,0,1,1,128,24,104.11,104.11,0,0,1,232,128Zm-16,0a88,88,0,1,0-88,88A88.1,88.1,0,0,0,216,128Z\"><\/path><\/svg><\/span><\/div><\/figure>\n\n\n<p>Roma tem mais de 900 igrejas e \u00e9 praticamente imposs\u00edvel v\u00ea-las todas, por isso \u00e9 importante fazer uma sele\u00e7\u00e3o bem escolhida durante a tua visita a Roma. A Igreja de S\u00e3o Lu\u00eds dos Franceses deve definitivamente estar na tua lista.<\/p>\n\n\n\n<p>Embora possa parecer uma igreja como qualquer outra por fora, por dentro \u00e9 tudo menos isso. Esta igreja alberga um incr\u00edvel trio de pinturas de <a href=\"https:\/\/www.rome.info\/artists\/caravaggio\/\">Caravaggio<\/a> conhecido como o ciclo de S\u00e3o Mateus. \u00c9 um dos trabalhos mais celebrados de Caravaggio e um fabuloso exemplo da sua t\u00e9cnica de chiaroscuro, tornada ainda mais dram\u00e1tica pelo cen\u00e1rio da igreja.<\/p>\n\n\n\n<h2 class=\"wp-block-heading\">Descobre um Fant\u00e1stico Labirinto Arquitet\u00f3nico \u2014 o Quartiere Copped\u00e8<\/h2>\n\n\n<figure>\n                    <div class=\"ms-credits\"><img decoding=\"async\" class=\"gb-image gb-image-7124dca2\" src=\"https:\/\/www.rome.info\/wp-content\/uploads\/f-quartiere-coppede.jpg\" alt=\"Vista do Quartiere Copped\u00e8, um bairro romano.\"><span class='ms-credits__info' id='media973'><svg xmlns=\"http:\/\/www.w3.org\/2000\/svg\" width=\"20\" height=\"22\" fill=\"#000000\" viewBox=\"0 0 256 256\"><path d=\"M128,24A104,104,0,1,0,232,128,104.11,104.11,0,0,0,128,24Zm0,192a88,88,0,1,1,88-88A88.1,88.1,0,0,1,128,216ZM96,128a32,32,0,0,0,57.6,19.2,8,8,0,0,1,12.8,9.61,48,48,0,1,1,0-57.62,8,8,0,0,1-12.8,9.61A32,32,0,0,0,96,128Z\"><\/path><\/svg><a href=https:\/\/depositphotos.com\/109416076\/stock-photo-quartiere-coppede-rome.html rel='nofollow' target='_blank'>Depositphotos<\/a><\/span><span class='ms-credits__btn' id='btn_media973' onclick='ms_credits_trigger(\"#media973\", this)'><svg xmlns=\"http:\/\/www.w3.org\/2000\/svg\" class=\"info_icon\" width=\"28\" height=\"28\" fill=\"#FFF\" viewBox=\"0 0 256 256\"><path d=\"M128,24A104,104,0,1,0,232,128,104.11,104.11,0,0,0,128,24Zm0,192a88,88,0,1,1,88-88A88.1,88.1,0,0,1,128,216Zm16-40a8,8,0,0,1-8,8,16,16,0,0,1-16-16V128a8,8,0,0,1,0-16,16,16,0,0,1,16,16v40A8,8,0,0,1,144,176ZM112,84a12,12,0,1,1,12,12A12,12,0,0,1,112,84Z\"><\/path><\/svg><svg xmlns=\"http:\/\/www.w3.org\/2000\/svg\" class=\"close_icon\" width=\"28\" height=\"28\" fill=\"#FFF\" viewBox=\"0 0 256 256\"><path d=\"M165.66,101.66,139.31,128l26.35,26.34a8,8,0,0,1-11.32,11.32L128,139.31l-26.34,26.35a8,8,0,0,1-11.32-11.32L116.69,128,90.34,101.66a8,8,0,0,1,11.32-11.32L128,116.69l26.34-26.35a8,8,0,0,1,11.32,11.32ZM232,128A104,104,0,1,1,128,24,104.11,104.11,0,0,1,232,128Zm-16,0a88,88,0,1,0-88,88A88.1,88.1,0,0,0,216,128Z\"><\/path><\/svg><\/span><\/div><\/figure>\n\n\n<p>Na parte norte da cidade fica uma \u00e1rea fant\u00e1stica e francamente um pouco bizarra conhecida como Quartiere Copped\u00e8. Esta mistura de estilos arquitet\u00f3nicos: Grego Antigo, Barroco, Medieval, Renascentista e Art Nouveau, foi imaginada pelo arquiteto Gino Copped\u00e8, que trabalhou nela at\u00e9 \u00e0 sua morte em 1927.<\/p>\n\n\n\n<p>Este bairro fant\u00e1stico \u00e9 perfeito para os visitantes que querem sair dos caminhos mais batidos. Presta aten\u00e7\u00e3o a todos os detalhes florais e mitol\u00f3gicos fant\u00e1sticos que adornam os edif\u00edcios.<\/p>\n\n\n\n<h2 class=\"wp-block-heading\">Deixa-te Enganar por um Trompe L&#8217;oeil na Igreja de Santo In\u00e1cio<\/h2>\n\n\n<figure>\n                    <div class=\"ms-credits\"><img decoding=\"async\" class=\"gb-image gb-image-c62640ed\" src=\"https:\/\/www.rome.info\/wp-content\/uploads\/f-st-ignatius-church.jpg\" alt=\"O teto pintado em trompe d'oeil na Igreja de Santo In\u00e1cio.\"><span class='ms-credits__info' id='media974'><svg xmlns=\"http:\/\/www.w3.org\/2000\/svg\" width=\"20\" height=\"22\" fill=\"#000000\" viewBox=\"0 0 256 256\"><path d=\"M128,24A104,104,0,1,0,232,128,104.11,104.11,0,0,0,128,24Zm0,192a88,88,0,1,1,88-88A88.1,88.1,0,0,1,128,216ZM96,128a32,32,0,0,0,57.6,19.2,8,8,0,0,1,12.8,9.61,48,48,0,1,1,0-57.62,8,8,0,0,1-12.8,9.61A32,32,0,0,0,96,128Z\"><\/path><\/svg><a href=https:\/\/depositphotos.com\/247730372\/stock-photo-interior-of-church-of-st.html rel='nofollow' target='_blank'>Depositphotos<\/a><\/span><span class='ms-credits__btn' id='btn_media974' onclick='ms_credits_trigger(\"#media974\", this)'><svg xmlns=\"http:\/\/www.w3.org\/2000\/svg\" class=\"info_icon\" width=\"28\" height=\"28\" fill=\"#FFF\" viewBox=\"0 0 256 256\"><path d=\"M128,24A104,104,0,1,0,232,128,104.11,104.11,0,0,0,128,24Zm0,192a88,88,0,1,1,88-88A88.1,88.1,0,0,1,128,216Zm16-40a8,8,0,0,1-8,8,16,16,0,0,1-16-16V128a8,8,0,0,1,0-16,16,16,0,0,1,16,16v40A8,8,0,0,1,144,176ZM112,84a12,12,0,1,1,12,12A12,12,0,0,1,112,84Z\"><\/path><\/svg><svg xmlns=\"http:\/\/www.w3.org\/2000\/svg\" class=\"close_icon\" width=\"28\" height=\"28\" fill=\"#FFF\" viewBox=\"0 0 256 256\"><path d=\"M165.66,101.66,139.31,128l26.35,26.34a8,8,0,0,1-11.32,11.32L128,139.31l-26.34,26.35a8,8,0,0,1-11.32-11.32L116.69,128,90.34,101.66a8,8,0,0,1,11.32-11.32L128,116.69l26.34-26.35a8,8,0,0,1,11.32,11.32ZM232,128A104,104,0,1,1,128,24,104.11,104.11,0,0,1,232,128Zm-16,0a88,88,0,1,0-88,88A88.1,88.1,0,0,0,216,128Z\"><\/path><\/svg><\/span><\/div><\/figure>\n\n\n<p>A Igreja de Santo In\u00e1cio de Loyola \u00e9 uma das mais importantes igrejas jesu\u00edtas de Roma e \u00e9 frequentemente visitada por peregrinos. Mas uma das principais atra\u00e7\u00f5es para o visitante mais secular \u00e9 a falsa c\u00fapula habilmente representada em fresco por Andrea Pozzo.<\/p>\n\n\n\n<p>Ao que parece, faltavam fundos para construir uma c\u00fapula real, por isso Pozzo foi contratado para usar as suas habilidades para criar uma ilus\u00e3o de um espa\u00e7o maior. O efeito \u00e9 surpreendentemente realista. Usa o espelho colocado convenientemente para ver melhor os detalhes.<\/p>\n\n\n\n<h2 class=\"wp-block-heading\">Faz Compras com Estilo (Art Nouveau) na Galleria Alberto Sordi<\/h2>\n\n\n<figure>\n                    <div class=\"ms-credits\"><img decoding=\"async\" class=\"gb-image gb-image-e955e8e8\" src=\"https:\/\/www.rome.info\/wp-content\/uploads\/f-galleria-alberto-sordi.jpg\" alt=\"A galeria comercial Art Nouveau conhecida como Galleria Alberto Sordi.\"><span class='ms-credits__info' id='media975'><svg xmlns=\"http:\/\/www.w3.org\/2000\/svg\" width=\"20\" height=\"22\" fill=\"#000000\" viewBox=\"0 0 256 256\"><path d=\"M128,24A104,104,0,1,0,232,128,104.11,104.11,0,0,0,128,24Zm0,192a88,88,0,1,1,88-88A88.1,88.1,0,0,1,128,216ZM96,128a32,32,0,0,0,57.6,19.2,8,8,0,0,1,12.8,9.61,48,48,0,1,1,0-57.62,8,8,0,0,1-12.8,9.61A32,32,0,0,0,96,128Z\"><\/path><\/svg><a href=https:\/\/depositphotos.com\/198535432\/stock-photo-rome-italy-june-2014-shoppers.html rel='nofollow' target='_blank'>Depositphotos<\/a><\/span><span class='ms-credits__btn' id='btn_media975' onclick='ms_credits_trigger(\"#media975\", this)'><svg xmlns=\"http:\/\/www.w3.org\/2000\/svg\" class=\"info_icon\" width=\"28\" height=\"28\" fill=\"#FFF\" viewBox=\"0 0 256 256\"><path d=\"M128,24A104,104,0,1,0,232,128,104.11,104.11,0,0,0,128,24Zm0,192a88,88,0,1,1,88-88A88.1,88.1,0,0,1,128,216Zm16-40a8,8,0,0,1-8,8,16,16,0,0,1-16-16V128a8,8,0,0,1,0-16,16,16,0,0,1,16,16v40A8,8,0,0,1,144,176ZM112,84a12,12,0,1,1,12,12A12,12,0,0,1,112,84Z\"><\/path><\/svg><svg xmlns=\"http:\/\/www.w3.org\/2000\/svg\" class=\"close_icon\" width=\"28\" height=\"28\" fill=\"#FFF\" viewBox=\"0 0 256 256\"><path d=\"M165.66,101.66,139.31,128l26.35,26.34a8,8,0,0,1-11.32,11.32L128,139.31l-26.34,26.35a8,8,0,0,1-11.32-11.32L116.69,128,90.34,101.66a8,8,0,0,1,11.32-11.32L128,116.69l26.34-26.35a8,8,0,0,1,11.32,11.32ZM232,128A104,104,0,1,1,128,24,104.11,104.11,0,0,1,232,128Zm-16,0a88,88,0,1,0-88,88A88.1,88.1,0,0,0,216,128Z\"><\/path><\/svg><\/span><\/div><\/figure>\n\n\n<p>Localizada na Via del Corso, no cora\u00e7\u00e3o do centro hist\u00f3rico, fica a Galleria Alberto Sordi, batizada em homenagem a um dos atores mais queridos de Roma.<\/p>\n\n\n\n<p>Esta bela galeria comercial com o seu magn\u00edfico teto de vidro \u00e9 um dos poucos exemplos de arquitetura Art Nouveau no centro hist\u00f3rico.<\/p>\n\n\n\n<p>Hoje alberga cerca de 15 lojas, incluindo uma famosa livraria e uma cafeteria, mas tamb\u00e9m \u00e9 simplesmente agrad\u00e1vel passear por ela a caminho do centro hist\u00f3rico.<\/p>\n\n\n\n<h2 class=\"wp-block-heading\">V\u00ea Arquitetura Moderna Premiada no MAXXI<\/h2>\n\n\n<figure>\n                    <div class=\"ms-credits\"><img decoding=\"async\" class=\"gb-image gb-image-fdcdea6c\" src=\"https:\/\/www.rome.info\/wp-content\/uploads\/f-maxxi-museum.jpg\" alt=\"O exterior do Museu MAXXI.\"><span class='ms-credits__info' id='media976'><svg xmlns=\"http:\/\/www.w3.org\/2000\/svg\" width=\"20\" height=\"22\" fill=\"#000000\" viewBox=\"0 0 256 256\"><path d=\"M128,24A104,104,0,1,0,232,128,104.11,104.11,0,0,0,128,24Zm0,192a88,88,0,1,1,88-88A88.1,88.1,0,0,1,128,216ZM96,128a32,32,0,0,0,57.6,19.2,8,8,0,0,1,12.8,9.61,48,48,0,1,1,0-57.62,8,8,0,0,1-12.8,9.61A32,32,0,0,0,96,128Z\"><\/path><\/svg><a href=https:\/\/depositphotos.com\/187245876\/stock-photo-maxxi-museum-rome-italy.html rel='nofollow' target='_blank'>Depositphotos<\/a><\/span><span class='ms-credits__btn' id='btn_media976' onclick='ms_credits_trigger(\"#media976\", this)'><svg xmlns=\"http:\/\/www.w3.org\/2000\/svg\" class=\"info_icon\" width=\"28\" height=\"28\" fill=\"#FFF\" viewBox=\"0 0 256 256\"><path d=\"M128,24A104,104,0,1,0,232,128,104.11,104.11,0,0,0,128,24Zm0,192a88,88,0,1,1,88-88A88.1,88.1,0,0,1,128,216Zm16-40a8,8,0,0,1-8,8,16,16,0,0,1-16-16V128a8,8,0,0,1,0-16,16,16,0,0,1,16,16v40A8,8,0,0,1,144,176ZM112,84a12,12,0,1,1,12,12A12,12,0,0,1,112,84Z\"><\/path><\/svg><svg xmlns=\"http:\/\/www.w3.org\/2000\/svg\" class=\"close_icon\" width=\"28\" height=\"28\" fill=\"#FFF\" viewBox=\"0 0 256 256\"><path d=\"M165.66,101.66,139.31,128l26.35,26.34a8,8,0,0,1-11.32,11.32L128,139.31l-26.34,26.35a8,8,0,0,1-11.32-11.32L116.69,128,90.34,101.66a8,8,0,0,1,11.32-11.32L128,116.69l26.34-26.35a8,8,0,0,1,11.32,11.32ZM232,128A104,104,0,1,1,128,24,104.11,104.11,0,0,1,232,128Zm-16,0a88,88,0,1,0-88,88A88.1,88.1,0,0,0,216,128Z\"><\/path><\/svg><\/span><\/div><\/figure>\n\n\n<p>O MAXXI \u00e9 o primeiro museu nacional italiano de arte e arquitetura contempor\u00e2neas. \u00c9 um \u00f3timo lugar para visitar quando precisas de uma pausa das ru\u00ednas e queres aprender mais sobre o futuro de It\u00e1lia na arte.<\/p>\n\n\n\n<p>Uma das principais atra\u00e7\u00f5es, no entanto, \u00e9 a pr\u00f3pria arquitetura do museu. Projetado por Zaha Hadid em 2010, este edif\u00edcio premiado consegue destacar-se entre todos os monumentos antigos de Roma.<\/p>\n\n\n\n<h2 class=\"wp-block-heading\">Admira um Ador\u00e1vel Elefante na Piazza della Minerva<\/h2>\n\n\n<figure>\n                    <div class=\"ms-credits\"><img decoding=\"async\" class=\"gb-image gb-image-e58e0def\" src=\"https:\/\/www.rome.info\/wp-content\/uploads\/f-bernini-elephant.jpg\" alt=\"Vista aproximada do elefante de m\u00e1rmore de Bernini na Piazza della Minerva.\"><span class='ms-credits__info' id='media977'><svg xmlns=\"http:\/\/www.w3.org\/2000\/svg\" width=\"20\" height=\"22\" fill=\"#000000\" viewBox=\"0 0 256 256\"><path d=\"M128,24A104,104,0,1,0,232,128,104.11,104.11,0,0,0,128,24Zm0,192a88,88,0,1,1,88-88A88.1,88.1,0,0,1,128,216ZM96,128a32,32,0,0,0,57.6,19.2,8,8,0,0,1,12.8,9.61,48,48,0,1,1,0-57.62,8,8,0,0,1-12.8,9.61A32,32,0,0,0,96,128Z\"><\/path><\/svg><a href=https:\/\/depositphotos.com\/221493422\/stock-photo-church-santa-maria-sopra-minerva.html rel='nofollow' target='_blank'>Depositphotos<\/a><\/span><span class='ms-credits__btn' id='btn_media977' onclick='ms_credits_trigger(\"#media977\", this)'><svg xmlns=\"http:\/\/www.w3.org\/2000\/svg\" class=\"info_icon\" width=\"28\" height=\"28\" fill=\"#FFF\" viewBox=\"0 0 256 256\"><path d=\"M128,24A104,104,0,1,0,232,128,104.11,104.11,0,0,0,128,24Zm0,192a88,88,0,1,1,88-88A88.1,88.1,0,0,1,128,216Zm16-40a8,8,0,0,1-8,8,16,16,0,0,1-16-16V128a8,8,0,0,1,0-16,16,16,0,0,1,16,16v40A8,8,0,0,1,144,176ZM112,84a12,12,0,1,1,12,12A12,12,0,0,1,112,84Z\"><\/path><\/svg><svg xmlns=\"http:\/\/www.w3.org\/2000\/svg\" class=\"close_icon\" width=\"28\" height=\"28\" fill=\"#FFF\" viewBox=\"0 0 256 256\"><path d=\"M165.66,101.66,139.31,128l26.35,26.34a8,8,0,0,1-11.32,11.32L128,139.31l-26.34,26.35a8,8,0,0,1-11.32-11.32L116.69,128,90.34,101.66a8,8,0,0,1,11.32-11.32L128,116.69l26.34-26.35a8,8,0,0,1,11.32,11.32ZM232,128A104,104,0,1,1,128,24,104.11,104.11,0,0,1,232,128Zm-16,0a88,88,0,1,0-88,88A88.1,88.1,0,0,0,216,128Z\"><\/path><\/svg><\/span><\/div><\/figure>\n\n\n<p>Mesmo atr\u00e1s do Pante\u00e3o fica uma pequena pra\u00e7a maioritariamente ignorada conhecida como Piazza della Minerva. H\u00e1 duas raz\u00f5es para a visitares.<\/p>\n\n\n\n<p>Uma \u00e9 para ver a ador\u00e1vel escultura de um pequeno elefante a segurar um obelisco, projetada pelo pr\u00f3prio Bernini. A outra raz\u00e3o \u00e9 para ver o teto estrelado da igreja de Santa Maria sopra Minerva localizada na pra\u00e7a. \u00c9 diferente de muitos outros tetos de igrejas.<\/p>\n\n\n\n<h2 class=\"wp-block-heading\">Visita o T\u00famulo do Primeiro Imperador de Roma no Mausol\u00e9u de Augusto<\/h2>\n\n\n<figure>\n                    <div class=\"ms-credits\"><img decoding=\"async\" class=\"gb-image gb-image-afd7e576\" src=\"https:\/\/www.rome.info\/wp-content\/uploads\/f-mausoleum-of-augustus.jpg\" alt=\"Vista exterior do Mausol\u00e9u de Augusto num dia soalheiro.\"><span class='ms-credits__info' id='media978'><svg xmlns=\"http:\/\/www.w3.org\/2000\/svg\" width=\"20\" height=\"22\" fill=\"#000000\" viewBox=\"0 0 256 256\"><path d=\"M128,24A104,104,0,1,0,232,128,104.11,104.11,0,0,0,128,24Zm0,192a88,88,0,1,1,88-88A88.1,88.1,0,0,1,128,216ZM96,128a32,32,0,0,0,57.6,19.2,8,8,0,0,1,12.8,9.61,48,48,0,1,1,0-57.62,8,8,0,0,1-12.8,9.61A32,32,0,0,0,96,128Z\"><\/path><\/svg><a href=https:\/\/depositphotos.com\/48542959\/stock-photo-mausoleo-di-augusto.html rel='nofollow' target='_blank'>Depositphotos<\/a><\/span><span class='ms-credits__btn' id='btn_media978' onclick='ms_credits_trigger(\"#media978\", this)'><svg xmlns=\"http:\/\/www.w3.org\/2000\/svg\" class=\"info_icon\" width=\"28\" height=\"28\" fill=\"#FFF\" viewBox=\"0 0 256 256\"><path d=\"M128,24A104,104,0,1,0,232,128,104.11,104.11,0,0,0,128,24Zm0,192a88,88,0,1,1,88-88A88.1,88.1,0,0,1,128,216Zm16-40a8,8,0,0,1-8,8,16,16,0,0,1-16-16V128a8,8,0,0,1,0-16,16,16,0,0,1,16,16v40A8,8,0,0,1,144,176ZM112,84a12,12,0,1,1,12,12A12,12,0,0,1,112,84Z\"><\/path><\/svg><svg xmlns=\"http:\/\/www.w3.org\/2000\/svg\" class=\"close_icon\" width=\"28\" height=\"28\" fill=\"#FFF\" viewBox=\"0 0 256 256\"><path d=\"M165.66,101.66,139.31,128l26.35,26.34a8,8,0,0,1-11.32,11.32L128,139.31l-26.34,26.35a8,8,0,0,1-11.32-11.32L116.69,128,90.34,101.66a8,8,0,0,1,11.32-11.32L128,116.69l26.34-26.35a8,8,0,0,1,11.32,11.32ZM232,128A104,104,0,1,1,128,24,104.11,104.11,0,0,1,232,128Zm-16,0a88,88,0,1,0-88,88A88.1,88.1,0,0,0,216,128Z\"><\/path><\/svg><\/span><\/div><\/figure>\n\n\n<p>Em mar\u00e7o de 2021, ap\u00f3s 14 anos de encerramento, o Mausol\u00e9u do Imperador Augusto foi finalmente reaberto ao p\u00fablico.<\/p>\n\n\n\n<p>Agora os visitantes t\u00eam a oportunidade de explorar o t\u00famulo do primeiro imperador de Roma na maior tumba circular do mundo e aprender tudo sobre a hist\u00f3ria desta fascinante estrutura.<\/p>\n\n\n\n<h2 class=\"wp-block-heading\">Toma o Pequeno-Almo\u00e7o ao Estilo Italiano no Teu &#8216;Bar&#8217; Local<\/h2>\n\n\n<figure>\n                    <div class=\"ms-credits\"><img decoding=\"async\" class=\"gb-image gb-image-4aa28ec1\" src=\"https:\/\/www.rome.info\/wp-content\/uploads\/f-italian-breakfast.jpg\" alt=\"Um cappuccino e um croissant.\"><span class='ms-credits__info' id='media979'><svg xmlns=\"http:\/\/www.w3.org\/2000\/svg\" width=\"20\" height=\"22\" fill=\"#000000\" viewBox=\"0 0 256 256\"><path d=\"M128,24A104,104,0,1,0,232,128,104.11,104.11,0,0,0,128,24Zm0,192a88,88,0,1,1,88-88A88.1,88.1,0,0,1,128,216ZM96,128a32,32,0,0,0,57.6,19.2,8,8,0,0,1,12.8,9.61,48,48,0,1,1,0-57.62,8,8,0,0,1-12.8,9.61A32,32,0,0,0,96,128Z\"><\/path><\/svg><a href=https:\/\/depositphotos.com\/76495593\/stock-photo-croissant-and-coffe-for-breakfast.html rel='nofollow' target='_blank'>Depositphotos<\/a><\/span><span class='ms-credits__btn' id='btn_media979' onclick='ms_credits_trigger(\"#media979\", this)'><svg xmlns=\"http:\/\/www.w3.org\/2000\/svg\" class=\"info_icon\" width=\"28\" height=\"28\" fill=\"#FFF\" viewBox=\"0 0 256 256\"><path d=\"M128,24A104,104,0,1,0,232,128,104.11,104.11,0,0,0,128,24Zm0,192a88,88,0,1,1,88-88A88.1,88.1,0,0,1,128,216Zm16-40a8,8,0,0,1-8,8,16,16,0,0,1-16-16V128a8,8,0,0,1,0-16,16,16,0,0,1,16,16v40A8,8,0,0,1,144,176ZM112,84a12,12,0,1,1,12,12A12,12,0,0,1,112,84Z\"><\/path><\/svg><svg xmlns=\"http:\/\/www.w3.org\/2000\/svg\" class=\"close_icon\" width=\"28\" height=\"28\" fill=\"#FFF\" viewBox=\"0 0 256 256\"><path d=\"M165.66,101.66,139.31,128l26.35,26.34a8,8,0,0,1-11.32,11.32L128,139.31l-26.34,26.35a8,8,0,0,1-11.32-11.32L116.69,128,90.34,101.66a8,8,0,0,1,11.32-11.32L128,116.69l26.34-26.35a8,8,0,0,1,11.32,11.32ZM232,128A104,104,0,1,1,128,24,104.11,104.11,0,0,1,232,128Zm-16,0a88,88,0,1,0-88,88A88.1,88.1,0,0,0,216,128Z\"><\/path><\/svg><\/span><\/div><\/figure>\n\n\n<p>Se queres desfrutar da <em>colazione<\/em> (pequeno-almo\u00e7o) como um italiano, dirige-te ao caf\u00e9 local mais pr\u00f3ximo, que os italianos chamam de bar, e pede um cappuccino e um cornetto (croissant) ao balc\u00e3o de p\u00e9.<\/p>\n\n\n\n<p>Al\u00e9m de pagares menos do que se estivesses sentado, pode at\u00e9 ser confundido com um local. S\u00f3 n\u00e3o pe\u00e7as um cappuccino depois do meio-dia, pois os italianos acreditam que o leite provoca indigest\u00e3o mais tarde no dia. S\u00f3 &#8216;caff\u00e8s&#8217; depois das doze, e seja como for, n\u00e3o lhe chames espresso.<\/p>\n\n\n\n<h2 class=\"wp-block-heading\">Sai \u00e0 Noite em San Lorenzo, o Bairro Universit\u00e1rio de Roma<\/h2>\n\n\n<figure>\n                    <div class=\"ms-credits\"><img decoding=\"async\" class=\"gb-image gb-image-363602e5\" src=\"https:\/\/www.rome.info\/wp-content\/uploads\/f-bar-at-night.jpg\" alt=\"Quatro pessoas sentadas num bar escuro.\"><span class='ms-credits__info' id='media980'><svg xmlns=\"http:\/\/www.w3.org\/2000\/svg\" width=\"20\" height=\"22\" fill=\"#000000\" viewBox=\"0 0 256 256\"><path d=\"M128,24A104,104,0,1,0,232,128,104.11,104.11,0,0,0,128,24Zm0,192a88,88,0,1,1,88-88A88.1,88.1,0,0,1,128,216ZM96,128a32,32,0,0,0,57.6,19.2,8,8,0,0,1,12.8,9.61,48,48,0,1,1,0-57.62,8,8,0,0,1-12.8,9.61A32,32,0,0,0,96,128Z\"><\/path><\/svg><a href=https:\/\/depositphotos.com\/326355856\/stock-photo-group-of-people-drinking-at.html rel='nofollow' target='_blank'>Depositphotos<\/a><\/span><span class='ms-credits__btn' id='btn_media980' onclick='ms_credits_trigger(\"#media980\", this)'><svg xmlns=\"http:\/\/www.w3.org\/2000\/svg\" class=\"info_icon\" width=\"28\" height=\"28\" fill=\"#FFF\" viewBox=\"0 0 256 256\"><path d=\"M128,24A104,104,0,1,0,232,128,104.11,104.11,0,0,0,128,24Zm0,192a88,88,0,1,1,88-88A88.1,88.1,0,0,1,128,216Zm16-40a8,8,0,0,1-8,8,16,16,0,0,1-16-16V128a8,8,0,0,1,0-16,16,16,0,0,1,16,16v40A8,8,0,0,1,144,176ZM112,84a12,12,0,1,1,12,12A12,12,0,0,1,112,84Z\"><\/path><\/svg><svg xmlns=\"http:\/\/www.w3.org\/2000\/svg\" class=\"close_icon\" width=\"28\" height=\"28\" fill=\"#FFF\" viewBox=\"0 0 256 256\"><path d=\"M165.66,101.66,139.31,128l26.35,26.34a8,8,0,0,1-11.32,11.32L128,139.31l-26.34,26.35a8,8,0,0,1-11.32-11.32L116.69,128,90.34,101.66a8,8,0,0,1,11.32-11.32L128,116.69l26.34-26.35a8,8,0,0,1,11.32,11.32ZM232,128A104,104,0,1,1,128,24,104.11,104.11,0,0,1,232,128Zm-16,0a88,88,0,1,0-88,88A88.1,88.1,0,0,0,216,128Z\"><\/path><\/svg><\/span><\/div><\/figure>\n\n\n<p>Noutros tempos, o bairro de San Lorenzo era amplamente ignorado a favor de bairros mais amigos dos turistas, mas hoje em dia \u00e9 considerado um bairro emergente gra\u00e7as \u00e0 sua vibra\u00e7\u00e3o bo\u00e9mia e \u00e0 pujante popula\u00e7\u00e3o estudantil.<\/p>\n\n\n\n<p>Vai l\u00e1 \u00e0 noite para ver a arte de rua e tomar uma bebida num dos muitos novos bares que est\u00e3o a aparecer.<\/p>\n\n\n\n<h2 class=\"wp-block-heading\">Visita o Jardim de L\u00edvia no Palazzo Massimo<\/h2>\n\n\n<figure>\n                    <div class=\"ms-credits\"><img decoding=\"async\" class=\"gb-image gb-image-07c42ab2\" src=\"https:\/\/www.rome.info\/wp-content\/uploads\/f-livias-garden.jpg\" alt=\"As paredes pintadas a fresco do Jardim de L\u00edvia.\"><span class='ms-credits__info' id='media981'><svg xmlns=\"http:\/\/www.w3.org\/2000\/svg\" width=\"20\" height=\"22\" fill=\"#000000\" viewBox=\"0 0 256 256\"><path d=\"M128,24A104,104,0,1,0,232,128,104.11,104.11,0,0,0,128,24Zm0,192a88,88,0,1,1,88-88A88.1,88.1,0,0,1,128,216ZM96,128a32,32,0,0,0,57.6,19.2,8,8,0,0,1,12.8,9.61,48,48,0,1,1,0-57.62,8,8,0,0,1-12.8,9.61A32,32,0,0,0,96,128Z\"><\/path><\/svg><a href=https:\/\/depositphotos.com\/220403780\/stock-photo-rome-italy-march-2018-palazzo.html rel='nofollow' target='_blank'>Depositphotos<\/a><\/span><span class='ms-credits__btn' id='btn_media981' onclick='ms_credits_trigger(\"#media981\", this)'><svg xmlns=\"http:\/\/www.w3.org\/2000\/svg\" class=\"info_icon\" width=\"28\" height=\"28\" fill=\"#FFF\" viewBox=\"0 0 256 256\"><path d=\"M128,24A104,104,0,1,0,232,128,104.11,104.11,0,0,0,128,24Zm0,192a88,88,0,1,1,88-88A88.1,88.1,0,0,1,128,216Zm16-40a8,8,0,0,1-8,8,16,16,0,0,1-16-16V128a8,8,0,0,1,0-16,16,16,0,0,1,16,16v40A8,8,0,0,1,144,176ZM112,84a12,12,0,1,1,12,12A12,12,0,0,1,112,84Z\"><\/path><\/svg><svg xmlns=\"http:\/\/www.w3.org\/2000\/svg\" class=\"close_icon\" width=\"28\" height=\"28\" fill=\"#FFF\" viewBox=\"0 0 256 256\"><path d=\"M165.66,101.66,139.31,128l26.35,26.34a8,8,0,0,1-11.32,11.32L128,139.31l-26.34,26.35a8,8,0,0,1-11.32-11.32L116.69,128,90.34,101.66a8,8,0,0,1,11.32-11.32L128,116.69l26.34-26.35a8,8,0,0,1,11.32,11.32ZM232,128A104,104,0,1,1,128,24,104.11,104.11,0,0,1,232,128Zm-16,0a88,88,0,1,0-88,88A88.1,88.1,0,0,0,216,128Z\"><\/path><\/svg><\/span><\/div><\/figure>\n\n\n<p>Uma das minhas joias escondidas favoritas em Roma \u00e9 o paradis\u00edaco jardim de L\u00edvia, uma sala deliciosamente pintada a fresco descoberta em 1863 na casa da esposa do Imperador Augusto, a Villa de L\u00edvia. Agora pode ser encontrada numa sala especialmente constru\u00edda no Palazzo Massimo.<\/p>\n\n\n\n<p>As paredes foram pintadas a fresco entre 30 e 20 a.C., mas a cena semelhante ao \u00c9den que retrata ainda est\u00e1 v\u00edvida at\u00e9 hoje. Contemplar o exuberante jardim repleto de \u00e1rvores maduras e delicadas aves parece entrar num sonho, partilhado com uma imperatriz romana h\u00e1 mais de 2.000 anos.<\/p>\n\n\n\n<h2 class=\"wp-block-heading\">V\u00ea uma Planta \u00danica em Santo Stefano Rotondo al Celio<\/h2>\n\n\n<figure>\n                    <div class=\"ms-credits\"><img decoding=\"async\" class=\"gb-image gb-image-b960ac4d\" src=\"https:\/\/www.rome.info\/wp-content\/uploads\/f-santo-stefano-rotondo.jpg\" alt=\"O interior da Igreja de Santo Stefano Rotondo.\"><span class='ms-credits__info' id='media983'><svg xmlns=\"http:\/\/www.w3.org\/2000\/svg\" width=\"20\" height=\"22\" fill=\"#000000\" viewBox=\"0 0 256 256\"><path d=\"M128,24A104,104,0,1,0,232,128,104.11,104.11,0,0,0,128,24Zm0,192a88,88,0,1,1,88-88A88.1,88.1,0,0,1,128,216ZM96,128a32,32,0,0,0,57.6,19.2,8,8,0,0,1,12.8,9.61,48,48,0,1,1,0-57.62,8,8,0,0,1-12.8,9.61A32,32,0,0,0,96,128Z\"><\/path><\/svg><a href=https:\/\/depositphotos.com\/263411680\/stock-photo-basilica-santo-stefano-rotondo-saint.html rel='nofollow' target='_blank'>Depositphotos<\/a><\/span><span class='ms-credits__btn' id='btn_media983' onclick='ms_credits_trigger(\"#media983\", this)'><svg xmlns=\"http:\/\/www.w3.org\/2000\/svg\" class=\"info_icon\" width=\"28\" height=\"28\" fill=\"#FFF\" viewBox=\"0 0 256 256\"><path d=\"M128,24A104,104,0,1,0,232,128,104.11,104.11,0,0,0,128,24Zm0,192a88,88,0,1,1,88-88A88.1,88.1,0,0,1,128,216Zm16-40a8,8,0,0,1-8,8,16,16,0,0,1-16-16V128a8,8,0,0,1,0-16,16,16,0,0,1,16,16v40A8,8,0,0,1,144,176ZM112,84a12,12,0,1,1,12,12A12,12,0,0,1,112,84Z\"><\/path><\/svg><svg xmlns=\"http:\/\/www.w3.org\/2000\/svg\" class=\"close_icon\" width=\"28\" height=\"28\" fill=\"#FFF\" viewBox=\"0 0 256 256\"><path d=\"M165.66,101.66,139.31,128l26.35,26.34a8,8,0,0,1-11.32,11.32L128,139.31l-26.34,26.35a8,8,0,0,1-11.32-11.32L116.69,128,90.34,101.66a8,8,0,0,1,11.32-11.32L128,116.69l26.34-26.35a8,8,0,0,1,11.32,11.32ZM232,128A104,104,0,1,1,128,24,104.11,104.11,0,0,1,232,128Zm-16,0a88,88,0,1,0-88,88A88.1,88.1,0,0,0,216,128Z\"><\/path><\/svg><\/span><\/div><\/figure>\n\n\n<p>Esta igreja redonda, constru\u00edda em 483, foi a primeira em Roma a ter uma planta circular. No s\u00e9culo XV, a igreja ficou aos cuidados do Pai Paulino, uma ordem cat\u00f3lica fundada por h\u00fangaros, e hoje a igreja \u00e9 considerada a igreja nacional da Hungria em Roma.<\/p>\n\n\n\n<p>O que a torna especial \u00e9 a sua forma redonda \u00fanica, uma forma muitas vezes usada na constru\u00e7\u00e3o de mausol\u00e9us romanos. Diz-se que o famoso arquiteto Leon Battista Alberti ajudou a restaur\u00e1-la. Os amantes de arquitetura v\u00e3o adorar esta joia escondida.<\/p>\n\n\n\n<h2 class=\"wp-block-heading\">Saboreia um Caf\u00e9 Italiano na Antigua Tazza D&#8217;Oro<\/h2>\n\n\n<figure>\n                    <div class=\"ms-credits\"><img decoding=\"async\" class=\"gb-image gb-image-74257c5a\" src=\"https:\/\/www.rome.info\/wp-content\/uploads\/f-rome-coffee.jpg\" alt=\"Um espresso numa mesa rodeada de gr\u00e3os de caf\u00e9.\"><span class='ms-credits__info' id='media985'><svg xmlns=\"http:\/\/www.w3.org\/2000\/svg\" width=\"20\" height=\"22\" fill=\"#000000\" viewBox=\"0 0 256 256\"><path d=\"M128,24A104,104,0,1,0,232,128,104.11,104.11,0,0,0,128,24Zm0,192a88,88,0,1,1,88-88A88.1,88.1,0,0,1,128,216ZM96,128a32,32,0,0,0,57.6,19.2,8,8,0,0,1,12.8,9.61,48,48,0,1,1,0-57.62,8,8,0,0,1-12.8,9.61A32,32,0,0,0,96,128Z\"><\/path><\/svg><a href=https:\/\/depositphotos.com\/31275203\/stock-photo-italian-espresso.html rel='nofollow' target='_blank'>Depositphotos<\/a><\/span><span class='ms-credits__btn' id='btn_media985' onclick='ms_credits_trigger(\"#media985\", this)'><svg xmlns=\"http:\/\/www.w3.org\/2000\/svg\" class=\"info_icon\" width=\"28\" height=\"28\" fill=\"#FFF\" viewBox=\"0 0 256 256\"><path d=\"M128,24A104,104,0,1,0,232,128,104.11,104.11,0,0,0,128,24Zm0,192a88,88,0,1,1,88-88A88.1,88.1,0,0,1,128,216Zm16-40a8,8,0,0,1-8,8,16,16,0,0,1-16-16V128a8,8,0,0,1,0-16,16,16,0,0,1,16,16v40A8,8,0,0,1,144,176ZM112,84a12,12,0,1,1,12,12A12,12,0,0,1,112,84Z\"><\/path><\/svg><svg xmlns=\"http:\/\/www.w3.org\/2000\/svg\" class=\"close_icon\" width=\"28\" height=\"28\" fill=\"#FFF\" viewBox=\"0 0 256 256\"><path d=\"M165.66,101.66,139.31,128l26.35,26.34a8,8,0,0,1-11.32,11.32L128,139.31l-26.34,26.35a8,8,0,0,1-11.32-11.32L116.69,128,90.34,101.66a8,8,0,0,1,11.32-11.32L128,116.69l26.34-26.35a8,8,0,0,1,11.32,11.32ZM232,128A104,104,0,1,1,128,24,104.11,104.11,0,0,1,232,128Zm-16,0a88,88,0,1,0-88,88A88.1,88.1,0,0,0,216,128Z\"><\/path><\/svg><\/span><\/div><\/figure>\n\n\n<p>Localizada a poucos passos do <a href=\"https:\/\/www.rome.info\/pt\/atracoes\/panteao\/\">Pante\u00e3o<\/a>, a Casa del Caff\u00e8 Tazza D&#8217;Oro \u00e9 um dos caf\u00e9s favoritos de Roma. Adorada por turistas e locais pelo seu caf\u00e9 barato e delicioso, \u00e9 a \u00fanica empresa artesanal de caf\u00e9 antigo localizada no centro hist\u00f3rico.<\/p>\n\n\n\n<p>Experimenta a famosa granita di caff\u00e8, um caf\u00e9 gelado com chantilly por cima, perfeita para os meses de ver\u00e3o. Caso contr\u00e1rio, pede simplesmente um caff\u00e8 e toma-o ao balc\u00e3o antes de retomar as visitas tur\u00edsticas.<\/p>\n\n\n\n<h2 class=\"wp-block-heading\">Anda de Bicicleta ou a P\u00e9 pela Via Appia<\/h2>\n\n\n<figure>\n                    <div class=\"ms-credits\"><img decoding=\"async\" class=\"gb-image gb-image-80aeed17\" src=\"https:\/\/www.rome.info\/wp-content\/uploads\/f-appian-way.jpg\" alt=\"A antiga estrada romana de paralelep\u00edpedo conhecida como Via \u00c1pia.\"><span class='ms-credits__info' id='media986'><svg xmlns=\"http:\/\/www.w3.org\/2000\/svg\" width=\"20\" height=\"22\" fill=\"#000000\" viewBox=\"0 0 256 256\"><path d=\"M128,24A104,104,0,1,0,232,128,104.11,104.11,0,0,0,128,24Zm0,192a88,88,0,1,1,88-88A88.1,88.1,0,0,1,128,216ZM96,128a32,32,0,0,0,57.6,19.2,8,8,0,0,1,12.8,9.61,48,48,0,1,1,0-57.62,8,8,0,0,1-12.8,9.61A32,32,0,0,0,96,128Z\"><\/path><\/svg>paolosavegnago.gmail.com\/<a href=https:\/\/depositphotos.com\/394153862\/stock-photo-view-paving-appia-antica-one.html rel='nofollow' target='_blank'>Depositphotos<\/a><\/span><span class='ms-credits__btn' id='btn_media986' onclick='ms_credits_trigger(\"#media986\", this)'><svg xmlns=\"http:\/\/www.w3.org\/2000\/svg\" class=\"info_icon\" width=\"28\" height=\"28\" fill=\"#FFF\" viewBox=\"0 0 256 256\"><path d=\"M128,24A104,104,0,1,0,232,128,104.11,104.11,0,0,0,128,24Zm0,192a88,88,0,1,1,88-88A88.1,88.1,0,0,1,128,216Zm16-40a8,8,0,0,1-8,8,16,16,0,0,1-16-16V128a8,8,0,0,1,0-16,16,16,0,0,1,16,16v40A8,8,0,0,1,144,176ZM112,84a12,12,0,1,1,12,12A12,12,0,0,1,112,84Z\"><\/path><\/svg><svg xmlns=\"http:\/\/www.w3.org\/2000\/svg\" class=\"close_icon\" width=\"28\" height=\"28\" fill=\"#FFF\" viewBox=\"0 0 256 256\"><path d=\"M165.66,101.66,139.31,128l26.35,26.34a8,8,0,0,1-11.32,11.32L128,139.31l-26.34,26.35a8,8,0,0,1-11.32-11.32L116.69,128,90.34,101.66a8,8,0,0,1,11.32-11.32L128,116.69l26.34-26.35a8,8,0,0,1,11.32,11.32ZM232,128A104,104,0,1,1,128,24,104.11,104.11,0,0,1,232,128Zm-16,0a88,88,0,1,0-88,88A88.1,88.1,0,0,0,216,128Z\"><\/path><\/svg><\/span><\/div><\/figure>\n\n\n<p>A Via Appia Antica, ou <a href=\"https:\/\/www.rome.info\/ancient\/appian-way\/\">Via \u00c1pia<\/a>, \u00e9 uma das estradas mais antigas e estrategicamente mais importantes para a Rep\u00fablica Romana antiga. Ligava outrora Roma at\u00e9 Brindisi, localizada no calcanhar de It\u00e1lia.<\/p>\n\n\n\n<p>Hoje \u00e9 uma das estradas mais bonitas para caminhar ou andar de bicicleta, atravessando paisagens id\u00edlicas e catacumbas antigas. Alguns tro\u00e7os da estrada t\u00eam mesmo pedras de pavimenta\u00e7\u00e3o antigas com trilhos de carruagem vis\u00edveis.<\/p>\n\n\n\n<h2 class=\"wp-block-heading\">Galleria Sciarra<\/h2>\n\n\n<figure>\n                    <div class=\"ms-credits\"><img decoding=\"async\" class=\"gb-image gb-image-7f9d952d\" src=\"https:\/\/www.rome.info\/wp-content\/uploads\/f-galleria-sciarra.jpg\" alt=\"O p\u00e1tio Art Nouveau conhecido como Galleria Sciarra.\"><span class='ms-credits__info' id='media987'><svg xmlns=\"http:\/\/www.w3.org\/2000\/svg\" width=\"20\" height=\"22\" fill=\"#000000\" viewBox=\"0 0 256 256\"><path d=\"M128,24A104,104,0,1,0,232,128,104.11,104.11,0,0,0,128,24Zm0,192a88,88,0,1,1,88-88A88.1,88.1,0,0,1,128,216ZM96,128a32,32,0,0,0,57.6,19.2,8,8,0,0,1,12.8,9.61,48,48,0,1,1,0-57.62,8,8,0,0,1-12.8,9.61A32,32,0,0,0,96,128Z\"><\/path><\/svg><a href=https:\/\/depositphotos.com\/329979668\/stock-photo-galleria-sciarra-rome-lazio-italy.html rel='nofollow' target='_blank'>Depositphotos<\/a><\/span><span class='ms-credits__btn' id='btn_media987' onclick='ms_credits_trigger(\"#media987\", this)'><svg xmlns=\"http:\/\/www.w3.org\/2000\/svg\" class=\"info_icon\" width=\"28\" height=\"28\" fill=\"#FFF\" viewBox=\"0 0 256 256\"><path d=\"M128,24A104,104,0,1,0,232,128,104.11,104.11,0,0,0,128,24Zm0,192a88,88,0,1,1,88-88A88.1,88.1,0,0,1,128,216Zm16-40a8,8,0,0,1-8,8,16,16,0,0,1-16-16V128a8,8,0,0,1,0-16,16,16,0,0,1,16,16v40A8,8,0,0,1,144,176ZM112,84a12,12,0,1,1,12,12A12,12,0,0,1,112,84Z\"><\/path><\/svg><svg xmlns=\"http:\/\/www.w3.org\/2000\/svg\" class=\"close_icon\" width=\"28\" height=\"28\" fill=\"#FFF\" viewBox=\"0 0 256 256\"><path d=\"M165.66,101.66,139.31,128l26.35,26.34a8,8,0,0,1-11.32,11.32L128,139.31l-26.34,26.35a8,8,0,0,1-11.32-11.32L116.69,128,90.34,101.66a8,8,0,0,1,11.32-11.32L128,116.69l26.34-26.35a8,8,0,0,1,11.32,11.32ZM232,128A104,104,0,1,1,128,24,104.11,104.11,0,0,1,232,128Zm-16,0a88,88,0,1,0-88,88A88.1,88.1,0,0,0,216,128Z\"><\/path><\/svg><\/span><\/div><\/figure>\n\n\n<p>Localizado a apenas alguns passos da Fontana di Trevi, este escondido p\u00e1tio Art Nouveau cont\u00e9m opulentos frescos e um teto de vidro e ferro que te transportar\u00e1 de volta \u00e0 viragem do s\u00e9culo XX.<\/p>\n\n\n\n<p>Constru\u00edda para a abastada fam\u00edlia Sciarra, os elegantes desenhos florais e os coloridos frescos de mulheres em v\u00e1rias fases da vida, que tornam este edif\u00edcio t\u00e3o diferente dos que o rodeiam, valem bem uma visita r\u00e1pida.<\/p>\n\n\n\n<h2 class=\"wp-block-heading\">Assiste a um Jogo no Est\u00e1dio Ol\u00edmpico<\/h2>\n\n\n<figure>\n                    <div class=\"ms-credits\"><img decoding=\"async\" class=\"gb-image gb-image-8bb73cb8\" src=\"https:\/\/www.rome.info\/wp-content\/uploads\/f-stadio-olimpico.jpg\" alt=\"O interior do Est\u00e1dio Ol\u00edmpico de Roma.\"><span class='ms-credits__info' id='media988'><svg xmlns=\"http:\/\/www.w3.org\/2000\/svg\" width=\"20\" height=\"22\" fill=\"#000000\" viewBox=\"0 0 256 256\"><path d=\"M128,24A104,104,0,1,0,232,128,104.11,104.11,0,0,0,128,24Zm0,192a88,88,0,1,1,88-88A88.1,88.1,0,0,1,128,216ZM96,128a32,32,0,0,0,57.6,19.2,8,8,0,0,1,12.8,9.61,48,48,0,1,1,0-57.62,8,8,0,0,1-12.8,9.61A32,32,0,0,0,96,128Z\"><\/path><\/svg><a href=https:\/\/depositphotos.com\/45713371\/stock-photo-rome-italy-olympic-stadium.html rel='nofollow' target='_blank'>Depositphotos<\/a><\/span><span class='ms-credits__btn' id='btn_media988' onclick='ms_credits_trigger(\"#media988\", this)'><svg xmlns=\"http:\/\/www.w3.org\/2000\/svg\" class=\"info_icon\" width=\"28\" height=\"28\" fill=\"#FFF\" viewBox=\"0 0 256 256\"><path d=\"M128,24A104,104,0,1,0,232,128,104.11,104.11,0,0,0,128,24Zm0,192a88,88,0,1,1,88-88A88.1,88.1,0,0,1,128,216Zm16-40a8,8,0,0,1-8,8,16,16,0,0,1-16-16V128a8,8,0,0,1,0-16,16,16,0,0,1,16,16v40A8,8,0,0,1,144,176ZM112,84a12,12,0,1,1,12,12A12,12,0,0,1,112,84Z\"><\/path><\/svg><svg xmlns=\"http:\/\/www.w3.org\/2000\/svg\" class=\"close_icon\" width=\"28\" height=\"28\" fill=\"#FFF\" viewBox=\"0 0 256 256\"><path d=\"M165.66,101.66,139.31,128l26.35,26.34a8,8,0,0,1-11.32,11.32L128,139.31l-26.34,26.35a8,8,0,0,1-11.32-11.32L116.69,128,90.34,101.66a8,8,0,0,1,11.32-11.32L128,116.69l26.34-26.35a8,8,0,0,1,11.32,11.32ZM232,128A104,104,0,1,1,128,24,104.11,104.11,0,0,1,232,128Zm-16,0a88,88,0,1,0-88,88A88.1,88.1,0,0,0,216,128Z\"><\/path><\/svg><\/span><\/div><\/figure>\n\n\n<p>Com lugares para mais de 70.000 pessoas, o Est\u00e1dio Ol\u00edmpico \u00e9 a maior instala\u00e7\u00e3o desportiva de Roma. Chamado Est\u00e1dio Ol\u00edmpico por ter acolhido as cerim\u00f3nias de abertura e encerramento dos Jogos Ol\u00edmpicos de Ver\u00e3o de 1960, o est\u00e1dio \u00e9 agora mais conhecido por ser o est\u00e1dio dos clubes de futebol Roma e Lazio.<\/p>\n\n\n\n<p>Para qualquer adepto de futebol, assistir a um jogo no Est\u00e1dio Ol\u00edmpico \u00e9 uma pausa perfeita entre as visitas tur\u00edsticas.<\/p>\n\n\n\n<h2 class=\"wp-block-heading\">Participa numa Tradi\u00e7\u00e3o Italiana: o Aperitivo<\/h2>\n\n\n<figure>\n                    <div class=\"ms-credits\"><img decoding=\"async\" class=\"gb-image gb-image-1cc74bdc\" src=\"https:\/\/www.rome.info\/wp-content\/uploads\/f-aperol-spritz.jpg\" alt=\"Dois aperol spritz numa mesa em Roma.\"><span class='ms-credits__info' id='media989'><svg xmlns=\"http:\/\/www.w3.org\/2000\/svg\" width=\"20\" height=\"22\" fill=\"#000000\" viewBox=\"0 0 256 256\"><path d=\"M128,24A104,104,0,1,0,232,128,104.11,104.11,0,0,0,128,24Zm0,192a88,88,0,1,1,88-88A88.1,88.1,0,0,1,128,216ZM96,128a32,32,0,0,0,57.6,19.2,8,8,0,0,1,12.8,9.61,48,48,0,1,1,0-57.62,8,8,0,0,1-12.8,9.61A32,32,0,0,0,96,128Z\"><\/path><\/svg><a href=https:\/\/depositphotos.com\/113990126\/stock-photo-old-street-in-trastevere-in.html rel='nofollow' target='_blank'>Depositphotos<\/a><\/span><span class='ms-credits__btn' id='btn_media989' onclick='ms_credits_trigger(\"#media989\", this)'><svg xmlns=\"http:\/\/www.w3.org\/2000\/svg\" class=\"info_icon\" width=\"28\" height=\"28\" fill=\"#FFF\" viewBox=\"0 0 256 256\"><path d=\"M128,24A104,104,0,1,0,232,128,104.11,104.11,0,0,0,128,24Zm0,192a88,88,0,1,1,88-88A88.1,88.1,0,0,1,128,216Zm16-40a8,8,0,0,1-8,8,16,16,0,0,1-16-16V128a8,8,0,0,1,0-16,16,16,0,0,1,16,16v40A8,8,0,0,1,144,176ZM112,84a12,12,0,1,1,12,12A12,12,0,0,1,112,84Z\"><\/path><\/svg><svg xmlns=\"http:\/\/www.w3.org\/2000\/svg\" class=\"close_icon\" width=\"28\" height=\"28\" fill=\"#FFF\" viewBox=\"0 0 256 256\"><path d=\"M165.66,101.66,139.31,128l26.35,26.34a8,8,0,0,1-11.32,11.32L128,139.31l-26.34,26.35a8,8,0,0,1-11.32-11.32L116.69,128,90.34,101.66a8,8,0,0,1,11.32-11.32L128,116.69l26.34-26.35a8,8,0,0,1,11.32,11.32ZM232,128A104,104,0,1,1,128,24,104.11,104.11,0,0,1,232,128Zm-16,0a88,88,0,1,0-88,88A88.1,88.1,0,0,0,216,128Z\"><\/path><\/svg><\/span><\/div><\/figure>\n\n\n<p>\u00c9 do conhecimento geral que os italianos adoram comer\u2026 e que adoram comer tarde. Para alguns visitantes habituados a um hor\u00e1rio diferente, isso pode significar esperar muito tempo antes de os restaurantes abrirem.<\/p>\n\n\n\n<p>A solu\u00e7\u00e3o \u00e9 participar numa das tradi\u00e7\u00f5es favoritas de It\u00e1lia: o <em>aperitivo<\/em>. Concebido para agu\u00e7ar o apetite antes do jantar, o <em>aperitivo<\/em> \u00e9 uma bebida pr\u00e9-refei\u00e7\u00e3o (pensa num negroni) e um snack que ocorre entre as 18h e as 20h ap\u00f3s o fim do dia de trabalho.<\/p>\n\n\n\n<p>J\u00e1 se sabe: &#8216;Quando em Roma, faz como os romanos.&#8217;<\/p>\n\n\n\n<p>Dica de insider: Experimenta o Freni e Frizioni em Trastevere para um dos melhores <em>aperitivos<\/em> de Roma.<\/p>\n\n\n\n<h2 class=\"wp-block-heading\">Faz uma <em>Passeggiata<\/em> ao Longo do Rio Tibre<\/h2>\n\n\n<figure>\n                    <div class=\"ms-credits\"><img decoding=\"async\" class=\"gb-image gb-image-8d91bce5\" src=\"https:\/\/www.rome.info\/wp-content\/uploads\/f-tiber-riverbank.jpg\"><span class='ms-credits__info' id='media990'><svg xmlns=\"http:\/\/www.w3.org\/2000\/svg\" width=\"20\" height=\"22\" fill=\"#000000\" viewBox=\"0 0 256 256\"><path d=\"M128,24A104,104,0,1,0,232,128,104.11,104.11,0,0,0,128,24Zm0,192a88,88,0,1,1,88-88A88.1,88.1,0,0,1,128,216ZM96,128a32,32,0,0,0,57.6,19.2,8,8,0,0,1,12.8,9.61,48,48,0,1,1,0-57.62,8,8,0,0,1-12.8,9.61A32,32,0,0,0,96,128Z\"><\/path><\/svg><a href=https:\/\/depositphotos.com\/509554080\/stock-photo-view-castel-sant-angelo-ponte.html rel='nofollow' target='_blank'>Depositphotos<\/a><\/span><span class='ms-credits__btn' id='btn_media990' onclick='ms_credits_trigger(\"#media990\", this)'><svg xmlns=\"http:\/\/www.w3.org\/2000\/svg\" class=\"info_icon\" width=\"28\" height=\"28\" fill=\"#FFF\" viewBox=\"0 0 256 256\"><path d=\"M128,24A104,104,0,1,0,232,128,104.11,104.11,0,0,0,128,24Zm0,192a88,88,0,1,1,88-88A88.1,88.1,0,0,1,128,216Zm16-40a8,8,0,0,1-8,8,16,16,0,0,1-16-16V128a8,8,0,0,1,0-16,16,16,0,0,1,16,16v40A8,8,0,0,1,144,176ZM112,84a12,12,0,1,1,12,12A12,12,0,0,1,112,84Z\"><\/path><\/svg><svg xmlns=\"http:\/\/www.w3.org\/2000\/svg\" class=\"close_icon\" width=\"28\" height=\"28\" fill=\"#FFF\" viewBox=\"0 0 256 256\"><path d=\"M165.66,101.66,139.31,128l26.35,26.34a8,8,0,0,1-11.32,11.32L128,139.31l-26.34,26.35a8,8,0,0,1-11.32-11.32L116.69,128,90.34,101.66a8,8,0,0,1,11.32-11.32L128,116.69l26.34-26.35a8,8,0,0,1,11.32,11.32ZM232,128A104,104,0,1,1,128,24,104.11,104.11,0,0,1,232,128Zm-16,0a88,88,0,1,0-88,88A88.1,88.1,0,0,0,216,128Z\"><\/path><\/svg><\/span><\/div><\/figure>\n\n\n<p>Participa no ritual italiano conhecido como <em>passeggiata<\/em>, um passeio tranquilo geralmente feito ap\u00f3s as refei\u00e7\u00f5es. Em vez de caminhar pela cidade, porque n\u00e3o descer \u00e0s margens do rio Tibre ao p\u00f4r do sol e apreciar a vista?<\/p>\n\n\n\n<p>As margens do Tibre s\u00e3o preferidas por corredores e ciclistas, mas \u00e9 tamb\u00e9m uma \u00e1rea maravilhosa e geralmente tranquila para passear. O tro\u00e7o entre a Ilha do Tibre e Castel Sant&#8217;Angelo \u00e9 favorito.<\/p>\n\n\n\n<h2 class=\"wp-block-heading\">Sai dos Caminhos Batidos em Garbatella<\/h2>\n\n\n<figure>\n                    <div class=\"ms-credits\"><img decoding=\"async\" class=\"gb-image gb-image-490f562d\" src=\"https:\/\/www.rome.info\/wp-content\/uploads\/f-garbatella-district.jpg\" alt=\"Roupa pendurada de uma janela num edif\u00edcio em Garbatella.\"><span class='ms-credits__info' id='media991'><svg xmlns=\"http:\/\/www.w3.org\/2000\/svg\" width=\"20\" height=\"22\" fill=\"#000000\" viewBox=\"0 0 256 256\"><path d=\"M128,24A104,104,0,1,0,232,128,104.11,104.11,0,0,0,128,24Zm0,192a88,88,0,1,1,88-88A88.1,88.1,0,0,1,128,216ZM96,128a32,32,0,0,0,57.6,19.2,8,8,0,0,1,12.8,9.61,48,48,0,1,1,0-57.62,8,8,0,0,1-12.8,9.61A32,32,0,0,0,96,128Z\"><\/path><\/svg><a href=https:\/\/depositphotos.com\/10649300\/stock-photo-italy-rome-garbatella-old-building.html rel='nofollow' target='_blank'>Depositphotos<\/a><\/span><span class='ms-credits__btn' id='btn_media991' onclick='ms_credits_trigger(\"#media991\", this)'><svg xmlns=\"http:\/\/www.w3.org\/2000\/svg\" class=\"info_icon\" width=\"28\" height=\"28\" fill=\"#FFF\" viewBox=\"0 0 256 256\"><path d=\"M128,24A104,104,0,1,0,232,128,104.11,104.11,0,0,0,128,24Zm0,192a88,88,0,1,1,88-88A88.1,88.1,0,0,1,128,216Zm16-40a8,8,0,0,1-8,8,16,16,0,0,1-16-16V128a8,8,0,0,1,0-16,16,16,0,0,1,16,16v40A8,8,0,0,1,144,176ZM112,84a12,12,0,1,1,12,12A12,12,0,0,1,112,84Z\"><\/path><\/svg><svg xmlns=\"http:\/\/www.w3.org\/2000\/svg\" class=\"close_icon\" width=\"28\" height=\"28\" fill=\"#FFF\" viewBox=\"0 0 256 256\"><path d=\"M165.66,101.66,139.31,128l26.35,26.34a8,8,0,0,1-11.32,11.32L128,139.31l-26.34,26.35a8,8,0,0,1-11.32-11.32L116.69,128,90.34,101.66a8,8,0,0,1,11.32-11.32L128,116.69l26.34-26.35a8,8,0,0,1,11.32,11.32ZM232,128A104,104,0,1,1,128,24,104.11,104.11,0,0,1,232,128Zm-16,0a88,88,0,1,0-88,88A88.1,88.1,0,0,0,216,128Z\"><\/path><\/svg><\/span><\/div><\/figure>\n\n\n<p>Frequentemente ignorada pelos turistas, Garbatella \u00e9 mais recente e bem diferente dos outros bairros romanos. Fundada em 1920 como parte de uma comunidade planeada para trabalhadores, foi inspirada nos sub\u00farbios de cidade-jardim populares em Inglaterra na \u00e9poca.<\/p>\n\n\n\n<p>Caminhar pelos serenos espa\u00e7os verdes e pelas coloridas ruas de Garbatella d\u00e1-te a oportunidade de ver um lado completamente diferente de Roma.<\/p>\n\n\n\n<h2 class=\"wp-block-heading\">Pasa uma Noite no Agitado Pigneto<\/h2>\n\n\n\n<p>Frequentemente comparado ao Brooklyn ou a Shoreditch, Pigneto est\u00e1 a tornar-se rapidamente a zona mais descolada de Roma para tomar uma bebida, ouvir m\u00fasica ao vivo ou simplesmente passar o tempo.<\/p>\n\n\n\n<p>Localizado atr\u00e1s da esta\u00e7\u00e3o ferrovi\u00e1ria de Termini, Pigneto foi outrora considerado um pouco rude, mas \u00e9 agora conhecido pela sua vibra\u00e7\u00e3o alternativa. Vai l\u00e1 para coisas para fazer em Roma \u00e0 noite ou quando queres tomar uma bebida barata e conviver com os locais.<\/p>\n\n\n\n<h2 class=\"wp-block-heading\">Sai do Centro Hist\u00f3rico para ver S\u00e3o Paulo Fora dos Muros<\/h2>\n\n\n<figure>\n                    <div class=\"ms-credits\"><img decoding=\"async\" class=\"gb-image gb-image-e65cec82\" src=\"https:\/\/www.rome.info\/wp-content\/uploads\/f-san-paolo-outside-the-walls.jpg\" alt=\"O exterior de S\u00e3o Paulo Fora dos Muros.\"><span class='ms-credits__info' id='media992'><svg xmlns=\"http:\/\/www.w3.org\/2000\/svg\" width=\"20\" height=\"22\" fill=\"#000000\" viewBox=\"0 0 256 256\"><path d=\"M128,24A104,104,0,1,0,232,128,104.11,104.11,0,0,0,128,24Zm0,192a88,88,0,1,1,88-88A88.1,88.1,0,0,1,128,216ZM96,128a32,32,0,0,0,57.6,19.2,8,8,0,0,1,12.8,9.61,48,48,0,1,1,0-57.62,8,8,0,0,1-12.8,9.61A32,32,0,0,0,96,128Z\"><\/path><\/svg><a href=https:\/\/depositphotos.com\/137575574\/stock-photo-basilica-of-st-paul-outside.html rel='nofollow' target='_blank'>Depositphotos<\/a><\/span><span class='ms-credits__btn' id='btn_media992' onclick='ms_credits_trigger(\"#media992\", this)'><svg xmlns=\"http:\/\/www.w3.org\/2000\/svg\" class=\"info_icon\" width=\"28\" height=\"28\" fill=\"#FFF\" viewBox=\"0 0 256 256\"><path d=\"M128,24A104,104,0,1,0,232,128,104.11,104.11,0,0,0,128,24Zm0,192a88,88,0,1,1,88-88A88.1,88.1,0,0,1,128,216Zm16-40a8,8,0,0,1-8,8,16,16,0,0,1-16-16V128a8,8,0,0,1,0-16,16,16,0,0,1,16,16v40A8,8,0,0,1,144,176ZM112,84a12,12,0,1,1,12,12A12,12,0,0,1,112,84Z\"><\/path><\/svg><svg xmlns=\"http:\/\/www.w3.org\/2000\/svg\" class=\"close_icon\" width=\"28\" height=\"28\" fill=\"#FFF\" viewBox=\"0 0 256 256\"><path d=\"M165.66,101.66,139.31,128l26.35,26.34a8,8,0,0,1-11.32,11.32L128,139.31l-26.34,26.35a8,8,0,0,1-11.32-11.32L116.69,128,90.34,101.66a8,8,0,0,1,11.32-11.32L128,116.69l26.34-26.35a8,8,0,0,1,11.32,11.32ZM232,128A104,104,0,1,1,128,24,104.11,104.11,0,0,1,232,128Zm-16,0a88,88,0,1,0-88,88A88.1,88.1,0,0,0,216,128Z\"><\/path><\/svg><\/span><\/div><\/figure>\n\n\n<p>A Bas\u00edlica de S\u00e3o Paulo Fora dos Muros \u00e9 frequentemente ignorada pelos turistas devido \u00e0 sua localiza\u00e7\u00e3o longe do centro hist\u00f3rico, mas perder esta magn\u00edfica bas\u00edlica seria um erro.<\/p>\n\n\n\n<p>Fundada no local de sepultamento de S\u00e3o Paulo, \u00e9 uma das quatro grandes bas\u00edlicas papais em Roma e a segunda maior depois de S\u00e3o Pedro. Os belos mosaicos dourados por si s\u00f3s valem a pena sair do centro hist\u00f3rico.<\/p>\n\n\n\n<h2 class=\"wp-block-heading\">Come um Gelado (Fatamorgana)<\/h2>\n\n\n<figure>\n                    <div class=\"ms-credits\"><img decoding=\"async\" class=\"gb-image gb-image-363910e0\" src=\"https:\/\/www.rome.info\/wp-content\/uploads\/f-gelato.jpg\" alt=\"Diferentes sabores de gelado numa gelateria.\"><span class='ms-credits__info' id='media993'><svg xmlns=\"http:\/\/www.w3.org\/2000\/svg\" width=\"20\" height=\"22\" fill=\"#000000\" viewBox=\"0 0 256 256\"><path d=\"M128,24A104,104,0,1,0,232,128,104.11,104.11,0,0,0,128,24Zm0,192a88,88,0,1,1,88-88A88.1,88.1,0,0,1,128,216ZM96,128a32,32,0,0,0,57.6,19.2,8,8,0,0,1,12.8,9.61,48,48,0,1,1,0-57.62,8,8,0,0,1-12.8,9.61A32,32,0,0,0,96,128Z\"><\/path><\/svg><a href=https:\/\/depositphotos.com\/12072316\/stock-photo-ice-cream-parlor.html rel='nofollow' target='_blank'>Depositphotos<\/a><\/span><span class='ms-credits__btn' id='btn_media993' onclick='ms_credits_trigger(\"#media993\", this)'><svg xmlns=\"http:\/\/www.w3.org\/2000\/svg\" class=\"info_icon\" width=\"28\" height=\"28\" fill=\"#FFF\" viewBox=\"0 0 256 256\"><path d=\"M128,24A104,104,0,1,0,232,128,104.11,104.11,0,0,0,128,24Zm0,192a88,88,0,1,1,88-88A88.1,88.1,0,0,1,128,216Zm16-40a8,8,0,0,1-8,8,16,16,0,0,1-16-16V128a8,8,0,0,1,0-16,16,16,0,0,1,16,16v40A8,8,0,0,1,144,176ZM112,84a12,12,0,1,1,12,12A12,12,0,0,1,112,84Z\"><\/path><\/svg><svg xmlns=\"http:\/\/www.w3.org\/2000\/svg\" class=\"close_icon\" width=\"28\" height=\"28\" fill=\"#FFF\" viewBox=\"0 0 256 256\"><path d=\"M165.66,101.66,139.31,128l26.35,26.34a8,8,0,0,1-11.32,11.32L128,139.31l-26.34,26.35a8,8,0,0,1-11.32-11.32L116.69,128,90.34,101.66a8,8,0,0,1,11.32-11.32L128,116.69l26.34-26.35a8,8,0,0,1,11.32,11.32ZM232,128A104,104,0,1,1,128,24,104.11,104.11,0,0,1,232,128Zm-16,0a88,88,0,1,0-88,88A88.1,88.1,0,0,0,216,128Z\"><\/path><\/svg><\/span><\/div><\/figure>\n\n\n<p>Ge-la-to. Alguma outra combina\u00e7\u00e3o de s\u00edlabas \u00e9 t\u00e3o bela?<\/p>\n\n\n\n<p>Quer procures algo mais tradicional (Giolitti) ou queiras provar algo mais vanguardista (Fatamorgana), h\u00e1 algo para todos.<\/p>\n\n\n\n<p>Mas toda a gente tem uma opini\u00e3o diferente sobre qual \u00e9 a melhor gelateria de Roma, por isso a \u00fanica solu\u00e7\u00e3o poss\u00edvel para encontrar o teu favorito \u00e9 comer o m\u00e1ximo de gelado poss\u00edvel o maior n\u00famero de vezes por dia poss\u00edvel. Acredita, n\u00e3o vais arrepender-te.<\/p>\n\n\n\n<h2 class=\"wp-block-heading\">Interrompe as Tuas F\u00e9rias Romanas com uma Excurs\u00e3o de Um Dia<\/h2>\n\n\n<figure>\n                    <div class=\"ms-credits\"><img decoding=\"async\" class=\"gb-image gb-image-f33d39f6\" src=\"https:\/\/www.rome.info\/wp-content\/uploads\/f-pompeii.jpg\" alt=\"Vista das ru\u00ednas de Pompeia com o Ves\u00favio ao fundo.\"><span class='ms-credits__info' id='media994'><svg xmlns=\"http:\/\/www.w3.org\/2000\/svg\" width=\"20\" height=\"22\" fill=\"#000000\" viewBox=\"0 0 256 256\"><path d=\"M128,24A104,104,0,1,0,232,128,104.11,104.11,0,0,0,128,24Zm0,192a88,88,0,1,1,88-88A88.1,88.1,0,0,1,128,216ZM96,128a32,32,0,0,0,57.6,19.2,8,8,0,0,1,12.8,9.61,48,48,0,1,1,0-57.62,8,8,0,0,1-12.8,9.61A32,32,0,0,0,96,128Z\"><\/path><\/svg><a href=https:\/\/depositphotos.com\/40972491\/stock-photo-ancient-ruins-of-pompei-with.html rel='nofollow' target='_blank'>Depositphotos<\/a><\/span><span class='ms-credits__btn' id='btn_media994' onclick='ms_credits_trigger(\"#media994\", this)'><svg xmlns=\"http:\/\/www.w3.org\/2000\/svg\" class=\"info_icon\" width=\"28\" height=\"28\" fill=\"#FFF\" viewBox=\"0 0 256 256\"><path d=\"M128,24A104,104,0,1,0,232,128,104.11,104.11,0,0,0,128,24Zm0,192a88,88,0,1,1,88-88A88.1,88.1,0,0,1,128,216Zm16-40a8,8,0,0,1-8,8,16,16,0,0,1-16-16V128a8,8,0,0,1,0-16,16,16,0,0,1,16,16v40A8,8,0,0,1,144,176ZM112,84a12,12,0,1,1,12,12A12,12,0,0,1,112,84Z\"><\/path><\/svg><svg xmlns=\"http:\/\/www.w3.org\/2000\/svg\" class=\"close_icon\" width=\"28\" height=\"28\" fill=\"#FFF\" viewBox=\"0 0 256 256\"><path d=\"M165.66,101.66,139.31,128l26.35,26.34a8,8,0,0,1-11.32,11.32L128,139.31l-26.34,26.35a8,8,0,0,1-11.32-11.32L116.69,128,90.34,101.66a8,8,0,0,1,11.32-11.32L128,116.69l26.34-26.35a8,8,0,0,1,11.32,11.32ZM232,128A104,104,0,1,1,128,24,104.11,104.11,0,0,1,232,128Zm-16,0a88,88,0,1,0-88,88A88.1,88.1,0,0,0,216,128Z\"><\/path><\/svg><\/span><\/div><\/figure>\n\n\n<p>Uma das melhores coisas de Roma \u00e9 a sua proximidade a tantos outros lugares extraordin\u00e1rios. Se queres fazer uma breve viagem fora de Roma, as op\u00e7\u00f5es s\u00e3o infinitas.<\/p>\n\n\n\n<p>Vai a Pompeia para ver um s\u00edtio arqueol\u00f3gico; a Floren\u00e7a para uma cidade renascentista; a Bolsena para passar um dia num lago. Ou simplesmente fecha os olhos e aponta o dedo para o mapa ao acaso \u2014 vais certamente acabar num lugar espetacular.<\/p>\n\n\n\n<h2 class=\"wp-block-heading\">E Por \u00daltimo, Deita Fora Esta Lista e Segue os Teus P\u00e9s<\/h2>\n\n\n<figure>\n                    <div class=\"ms-credits\"><img decoding=\"async\" class=\"gb-image gb-image-cafaac95\" src=\"https:\/\/www.rome.info\/wp-content\/uploads\/f-happy-couple-rome-1.jpg\" alt=\"Um casal feliz caminha em frente ao Coliseu.\"><span class='ms-credits__info' id='media995'><svg xmlns=\"http:\/\/www.w3.org\/2000\/svg\" width=\"20\" height=\"22\" fill=\"#000000\" viewBox=\"0 0 256 256\"><path d=\"M128,24A104,104,0,1,0,232,128,104.11,104.11,0,0,0,128,24Zm0,192a88,88,0,1,1,88-88A88.1,88.1,0,0,1,128,216ZM96,128a32,32,0,0,0,57.6,19.2,8,8,0,0,1,12.8,9.61,48,48,0,1,1,0-57.62,8,8,0,0,1-12.8,9.61A32,32,0,0,0,96,128Z\"><\/path><\/svg><a href=https:\/\/depositphotos.com\/165413390\/stock-photo-couple-at-colosseum-rome.html rel='nofollow' target='_blank'>Depositphotos<\/a><\/span><span class='ms-credits__btn' id='btn_media995' onclick='ms_credits_trigger(\"#media995\", this)'><svg xmlns=\"http:\/\/www.w3.org\/2000\/svg\" class=\"info_icon\" width=\"28\" height=\"28\" fill=\"#FFF\" viewBox=\"0 0 256 256\"><path d=\"M128,24A104,104,0,1,0,232,128,104.11,104.11,0,0,0,128,24Zm0,192a88,88,0,1,1,88-88A88.1,88.1,0,0,1,128,216Zm16-40a8,8,0,0,1-8,8,16,16,0,0,1-16-16V128a8,8,0,0,1,0-16,16,16,0,0,1,16,16v40A8,8,0,0,1,144,176ZM112,84a12,12,0,1,1,12,12A12,12,0,0,1,112,84Z\"><\/path><\/svg><svg xmlns=\"http:\/\/www.w3.org\/2000\/svg\" class=\"close_icon\" width=\"28\" height=\"28\" fill=\"#FFF\" viewBox=\"0 0 256 256\"><path d=\"M165.66,101.66,139.31,128l26.35,26.34a8,8,0,0,1-11.32,11.32L128,139.31l-26.34,26.35a8,8,0,0,1-11.32-11.32L116.69,128,90.34,101.66a8,8,0,0,1,11.32-11.32L128,116.69l26.34-26.35a8,8,0,0,1,11.32,11.32ZM232,128A104,104,0,1,1,128,24,104.11,104.11,0,0,1,232,128Zm-16,0a88,88,0,1,0-88,88A88.1,88.1,0,0,0,216,128Z\"><\/path><\/svg><\/span><\/div><\/figure>\n\n\n<p>Roma tem mais de 2.000 anos e ainda est\u00e1 a evoluir hoje. Por muitas vezes que l\u00e1 v\u00e1s, haver\u00e1 sempre algo novo para descobrir. \u00c9 imposs\u00edvel para uma lista resumir toda a beleza e maravilha que comp\u00f5em Roma \u2014 tens de a ver por ti mesmo.<\/p>\n\n\n\n<p>Por isso, fecha o guia, guarda o telem\u00f3vel e deixa os teus p\u00e9s guiar-te a explorar mem\u00f3rias para guardar em Roma. Espreita cada porta aberta por onde passes e vagueia por cada ruela de paralelep\u00edpedo. E lembra-te de absorver tudo.<\/p>\n\n\n\n<p>Boa explora\u00e7\u00e3o.<\/p>\n","protected":false},"excerpt":{"rendered":"","protected":false},"author":9,"featured_media":457,"parent":0,"menu_order":0,"comment_status":"closed","ping_status":"closed","template":"","meta":{"_acf_changed":false,"footnotes":"","button_url":"https:\/\/www.tiqets.com\/pt\/rome-attractions-c71631\/?partner=romeinfo","ms_product_id":"","ms_product_name":"","ms_price":"","ms_currency":"","ms_rating_value":"","ms_review_count":"","rank_math_title":"%ms_list_items% Coisas Para Fazer em Roma | Atra\u00e7\u00f5es e Experi\u00eancias","rank_math_description":"101 coisas incr\u00edveis para fazer em Roma: principais atra\u00e7\u00f5es, gastronomia local, experi\u00eancias \u00fanicas e locais escondidos. Ideias para todo o tipo de viagem."},"post-style":[],"producer":[36],"class_list":["post-297","page","type-page","status-publish","has-post-thumbnail"],"acf":[],"product_schema":{"ms_product_id":"","ms_product_name":"","ms_price":"","ms_currency":"","ms_rating_value":"","ms_review_count":""},"_links":{"self":[{"href":"https:\/\/www.rome.info\/pt\/wp-json\/wp\/v2\/pages\/297","targetHints":{"allow":["GET"]}}],"collection":[{"href":"https:\/\/www.rome.info\/pt\/wp-json\/wp\/v2\/pages"}],"about":[{"href":"https:\/\/www.rome.info\/pt\/wp-json\/wp\/v2\/types\/page"}],"author":[{"embeddable":true,"href":"https:\/\/www.rome.info\/pt\/wp-json\/wp\/v2\/users\/9"}],"replies":[{"embeddable":true,"href":"https:\/\/www.rome.info\/pt\/wp-json\/wp\/v2\/comments?post=297"}],"version-history":[{"count":5,"href":"https:\/\/www.rome.info\/pt\/wp-json\/wp\/v2\/pages\/297\/revisions"}],"predecessor-version":[{"id":561,"href":"https:\/\/www.rome.info\/pt\/wp-json\/wp\/v2\/pages\/297\/revisions\/561"}],"wp:featuredmedia":[{"embeddable":true,"href":"https:\/\/www.rome.info\/pt\/wp-json\/wp\/v2\/media\/457"}],"wp:attachment":[{"href":"https:\/\/www.rome.info\/pt\/wp-json\/wp\/v2\/media?parent=297"}],"wp:term":[{"taxonomy":"post-style","embeddable":true,"href":"https:\/\/www.rome.info\/pt\/wp-json\/wp\/v2\/post-style?post=297"},{"taxonomy":"producer","embeddable":true,"href":"https:\/\/www.rome.info\/pt\/wp-json\/wp\/v2\/producer?post=297"}],"curies":[{"name":"wp","href":"https:\/\/api.w.org\/{rel}","templated":true}]}}