{"id":324,"date":"2026-04-25T18:28:36","date_gmt":"2026-04-25T16:28:36","guid":{"rendered":"https:\/\/www.rome.info\/pt\/?post_type=attraction&#038;p=324"},"modified":"2026-04-27T14:25:15","modified_gmt":"2026-04-27T12:25:15","slug":"capela-sistina","status":"publish","type":"attraction","link":"https:\/\/www.rome.info\/pt\/atracoes\/capela-sistina\/","title":{"rendered":"Capela Sistina"},"content":{"rendered":"\n<div class=\"ms-rounded ms-mb-last-child-0 ms-mb-block ms-tfs--contrast ms-p ms-tfs\">\n<h3 class=\"gb-text\">Bilhetes para os Museus do Vaticano &amp; Capela Sistina<\/h3>\n\n\n\n<p class=\"gb-text\">Se est\u00e1s a planear visitar os Museus do Vaticano e a Capela Sistina, deves reservar os bilhetes com anteced\u00eancia. As filas podem ser enormes, e reservar antes poupa-te muito tempo na entrada. H\u00e1 algumas op\u00e7\u00f5es diferentes consoante a forma como queres viver a experi\u00eancia.<\/p>\n\n\n\n<hr class=\"wp-block-separator has-alpha-channel-opacity\"\/>\n\n\n\n<p class=\"ms-link-unstyled\"><strong>\ud83c\udf9f\ufe0f <a href=\"https:\/\/www.tiqets.com\/pt\/checkout\/vatican-museums-sistine-chapel-fast-track-ticket-g1106279\/?partner=romeinfo\" rel=\"nofollow noopener\">Bilhete Fast Track: Museus do Vaticano &amp; Capela Sistina<\/a><\/strong><\/p>\n\n\n\n<p>\u00c9 uma \u00f3tima escolha se quiseres explorar ao teu ritmo sem fazer fila. Na p\u00e1gina de reserva, podes escolher a data da visita, ver as op\u00e7\u00f5es dispon\u00edveis (algumas incluem extras como audioguia ou at\u00e9 um tour de autocarro tur\u00edstico) e selecionar a que melhor te conv\u00e9m.<\/p>\n\n\n\n<p class=\"ms-link-unstyled\"><strong>\ud83d\udc63 <a href=\"https:\/\/www.tiqets.com\/pt\/checkout\/vatican-museums-sistine-chapel-st-peter-s-basilica-full-guided-tour-g1105898\/?partner=romeinfo\" rel=\"nofollow noopener\">Tour com Guia Completo: Museus do Vaticano, Capela Sistina &amp; Bas\u00edlica de S\u00e3o Pedro<\/a><\/strong><\/p>\n\n\n\n<p>Primeiro escolhes o idioma e a data da visita, depois decides entre tour em grupo ou privado. Todos os tours incluem <strong>entrada VIP na Bas\u00edlica de S\u00e3o Pedro<\/strong> e <strong>visitas guiadas aos Museus do Vaticano e \u00e0 Capela Sistina.<\/strong> Sem filas longas, e tens todo o contexto e hist\u00f3rias que \u00e9 f\u00e1cil perder quando se vai sozinho.<\/p>\n\n\n\n<p class=\"ms-link-unstyled\"><strong>\ud83c\udfdb\ufe0f <a href=\"https:\/\/www.tiqets.com\/pt\/rome-attractions-c71631\/the-vatican-city-pass-p1012497\/?partner=romeinfo\" rel=\"nofollow noopener\">Vatican City Pass<\/a><\/strong><\/p>\n\n\n\n<p>Um bom pack se o teu foco s\u00e3o os monumentos do Vaticano. Inclui acesso aos <strong>Museus do Vaticano, \u00e0 Capela Sistina e \u00e0 Bas\u00edlica de S\u00e3o Pedro<\/strong>, mais um audioguia da cidade ou uma visita ao <strong>Castel Sant&#8217;Angelo<\/strong>. Tens ainda um pequeno desconto noutras atra\u00e7\u00f5es de Roma.<\/p>\n\n\n\n<p class=\"ms-link-unstyled\"><strong>\ud83c\udfdb\ufe0f <a href=\"https:\/\/www.tiqets.com\/pt\/rome-attractions-c71631\/rome-tourist-card-p1013153\/?partner=romeinfo\" rel=\"nofollow noopener\">Rome Tourist Card<\/a><\/strong><\/p>\n\n\n\n<p>A melhor op\u00e7\u00e3o se planeias ver mais do que apenas o Vaticano. Inclui os <strong>Museus do Vaticano e a Capela Sistina, o Coliseu e o F\u00f3rum Romano<\/strong>, e permite escolher extras como o <strong>Pante\u00e3o, o Castel Sant&#8217;Angelo ou a Bas\u00edlica de S\u00e3o Pedro<\/strong>. Podes agora <strong>adicionar transferes do aeroporto<\/strong> e obter um <strong>desconto de 10%<\/strong> noutras atra\u00e7\u00f5es e tours.<\/p>\n\n\n\n<hr class=\"wp-block-separator has-alpha-channel-opacity\"\/>\n\n\n\n<div class=\"ms-cta-button-options ms-mb-block ms-cta\">\n<a class=\"gb-text ms-btn ms-btn--primary ms-shadow\" href=\"https:\/\/www.tiqets.com\/pt\/rome-attractions-c71631\/rome-tourist-card-p1013153\/?partner=romeinfo\" rel=\"nofollow noopener\">Rome Tourist Card<\/a>\n\n\n\n<a class=\"gb-text ms-btn ms-btn--outline-primary ms-shadow\" href=\"https:\/\/www.tiqets.com\/pt\/vatican-museums-tickets-l145158\/?partner=romeinfo\" rel=\"nofollow noopener\">Todas as op\u00e7\u00f5es de bilhetes<\/a>\n<\/div>\n<\/div>\n\n\n\n<h2 class=\"wp-block-heading\">Destaques<\/h2>\n\n\n\n<ul class=\"ms-icon-list ms-mb-block\">\n<figure><div class=\"ms-credits\">\n<img decoding=\"async\" class=\"gb-media-5c4be81c\" alt=\"Afresco do Ju\u00edzo Final de Miguel \u00c2ngelo na parede do altar da Capela Sistina, rodeado pelos afrescos das paredes laterais com as vidas de Mois\u00e9s e de Cristo.\" src=\"https:\/\/www.rome.info\/wp-content\/uploads\/sistine-chapel-last-judgment-1747026474.jpg\" title=\"sistine-chapel-last-judgment-1747026474\"\/>\n<span class='ms-credits__info' id='media2713'><svg xmlns=\"http:\/\/www.w3.org\/2000\/svg\" width=\"20\" height=\"22\" fill=\"#000000\" viewBox=\"0 0 256 256\"><path d=\"M128,24A104,104,0,1,0,232,128,104.11,104.11,0,0,0,128,24Zm0,192a88,88,0,1,1,88-88A88.1,88.1,0,0,1,128,216ZM96,128a32,32,0,0,0,57.6,19.2,8,8,0,0,1,12.8,9.61,48,48,0,1,1,0-57.62,8,8,0,0,1-12.8,9.61A32,32,0,0,0,96,128Z\"><\/path><\/svg>ilfede\/<a href=https:\/\/depositphotos.com\/editorial\/michelangelo-fresco-in-the-the-sistine-chapel-vatican-12080565.html rel='nofollow' target='_blank'>Depositphotos<\/a><\/span><span class='ms-credits__btn' id='btn_media2713' onclick='ms_credits_trigger(\"#media2713\", this)'><svg xmlns=\"http:\/\/www.w3.org\/2000\/svg\" class=\"info_icon\" width=\"28\" height=\"28\" fill=\"#FFF\" viewBox=\"0 0 256 256\"><path d=\"M128,24A104,104,0,1,0,232,128,104.11,104.11,0,0,0,128,24Zm0,192a88,88,0,1,1,88-88A88.1,88.1,0,0,1,128,216Zm16-40a8,8,0,0,1-8,8,16,16,0,0,1-16-16V128a8,8,0,0,1,0-16,16,16,0,0,1,16,16v40A8,8,0,0,1,144,176ZM112,84a12,12,0,1,1,12,12A12,12,0,0,1,112,84Z\"><\/path><\/svg><svg xmlns=\"http:\/\/www.w3.org\/2000\/svg\" class=\"close_icon\" width=\"28\" height=\"28\" fill=\"#FFF\" viewBox=\"0 0 256 256\"><path d=\"M165.66,101.66,139.31,128l26.35,26.34a8,8,0,0,1-11.32,11.32L128,139.31l-26.34,26.35a8,8,0,0,1-11.32-11.32L116.69,128,90.34,101.66a8,8,0,0,1,11.32-11.32L128,116.69l26.34-26.35a8,8,0,0,1,11.32,11.32ZM232,128A104,104,0,1,1,128,24,104.11,104.11,0,0,1,232,128Zm-16,0a88,88,0,1,0-88,88A88.1,88.1,0,0,0,216,128Z\"><\/path><\/svg><\/span><\/div>\n\n\n<figcaption class=\"gb-text\">Visita a Capela Sistina na Cidade do Vaticano.<\/figcaption>\n<\/figure>\n\n\n\n<li class=\"ms-icon-list__item\"><span class=\"gb-shape\"><svg viewBox=\"0 0 256 256\" fill=\"#000000\" height=\"32\" width=\"32\" xmlns=\"http:\/\/www.w3.org\/2000\/svg\"><path d=\"M232.49,80.49l-128,128a12,12,0,0,1-17,0l-56-56a12,12,0,1,1,17-17L96,183,215.51,63.51a12,12,0,0,1,17,17Z\"><\/path><\/svg><\/span><span class=\"gb-text\">Redescobre uma das imagens mais famosas da Arte Ocidental: a Cria\u00e7\u00e3o de Ad\u00e3o<\/span><\/li>\n\n\n\n<li class=\"ms-icon-list__item\"><span class=\"gb-shape\"><svg viewBox=\"0 0 256 256\" fill=\"#000000\" height=\"32\" width=\"32\" xmlns=\"http:\/\/www.w3.org\/2000\/svg\"><path d=\"M232.49,80.49l-128,128a12,12,0,0,1-17,0l-56-56a12,12,0,1,1,17-17L96,183,215.51,63.51a12,12,0,0,1,17,17Z\"><\/path><\/svg><\/span><span class=\"gb-text\">Explora os celestiais para\u00edsos e as ardentes profundezas do inferno no Ju\u00edzo Final de Miguel \u00c2ngelo<\/span><\/li>\n\n\n\n<li class=\"ms-icon-list__item\"><span class=\"gb-shape\"><svg viewBox=\"0 0 256 256\" fill=\"#000000\" height=\"32\" width=\"32\" xmlns=\"http:\/\/www.w3.org\/2000\/svg\"><path d=\"M232.49,80.49l-128,128a12,12,0,0,1-17,0l-56-56a12,12,0,1,1,17-17L96,183,215.51,63.51a12,12,0,0,1,17,17Z\"><\/path><\/svg><\/span><span class=\"gb-text\">Perde-te nos detalhes das paredes da capela, pintadas por uma equipa dos melhores artistas renascentistas, incluindo Botticelli e Perugino<\/span><\/li>\n<\/ul>\n\n\n\n<h2 class=\"wp-block-heading\">Como Visitar a Capela Sistina<\/h2>\n\n\n\n<p>Para visitar a Capela Sistina, tens de visitar tamb\u00e9m os <a href=\"https:\/\/www.rome.info\/attractions\/vatican-museums\/\">Museus Vaticanos<\/a>.&nbsp;<\/p>\n\n\n\n<p>Ou pelo menos comprar um bilhete para os Museus Vaticanos, percorr\u00ea-los de olhos fechados, e depois visitar a Capela Sistina. N\u00e3o h\u00e1 mesmo outra forma.&nbsp;<\/p>\n\n\n\n<p>O que acontece \u00e9 que visitar os Museus Vaticanos \u00e9 como ir a um restaurante com estrelas Michelin e fazer uma refei\u00e7\u00e3o de quinze pratos. Tudo \u00e9 excelente, mas o que realmente te entusiasma \u00e9 a sobremesa (neste caso, a Capela Sistina).<\/p>\n\n\n\n<p>O problema \u00e9 que, quando \u00e9 servida, mal sabes onde est\u00e1s ou o que est\u00e1s a ver.&nbsp;<\/p>\n\n\n\n<p>\u00c9 assim que os Museus Vaticanos est\u00e3o organizados, e \u00e9 assim que vai ser exigida a tua resist\u00eancia quando l\u00e1 fores.&nbsp;<\/p>\n\n\n\n<p>Vale a pena ir?<\/p>\n\n\n\n<p>Absolutamente.<\/p>\n\n\n\n<p>O que vai mudar tudo \u00e9 a forma como vais. A Capela Sistina \u00e9 mais do que apenas o teto de <a href=\"https:\/\/www.rome.info\/artists\/michelangelo\/\">Miguel \u00c2ngelo<\/a>.&nbsp;<\/p>\n\n\n\n<p>Mas primeiro as prioridades. Vamos tratar de l\u00e1 chegares e falar sobre o que vestir.<\/p>\n\n\n\n<h2 class=\"wp-block-heading\">Bilhetes &amp; Pre\u00e7os<\/h2>\n\n\n\n<p>A Capela Sistina fica dentro dos Museus Vaticanos, por isso precisas de um bilhete para os Museus Vaticanos para a visitar. Ao reservar online, evitas a fila \u2014 conhecida por ser a mais longa de Roma. Usa o tempo poupado para aproveitar ainda mais as galerias.<\/p>\n\n\n\n<p><strong>Visita a Capela Sistina com um destes bilhetes selecionados:<\/strong><\/p>\n\n\n\n<ul class=\"wp-block-list\">\n<li><a href=\"https:\/\/www.tiqets.com\/en\/rome-attractions-c71631\/tickets-for-vatican-museums-sistine-chapel-last-minute-tickets-p974863\/?partner=romeinfo\" rel=\"nofollow noopener\"><strong>Museus Vaticanos &amp; Capela Sistina (\u00daltima Hora)<\/strong><\/a>: Entrada acompanhada e tempo ilimitado dentro dos Museus Vaticanos.<\/li>\n\n\n\n<li><a href=\"https:\/\/www.tiqets.com\/en\/rome-attractions-c71631\/tickets-for-vatican-museums-sistine-chapel-skip-the-line-p973975\/?partner=romeinfo\" rel=\"nofollow noopener\"><strong>Museus Vaticanos &amp; Capela Sistina (Sem Fila)<\/strong><\/a>: Passa \u00e0 frente das longas filas e tem acesso r\u00e1pido tanto aos Museus Vaticanos como \u00e0 Capela Sistina.<\/li>\n<\/ul>\n\n\n\n<div class=\"ms-rounded ms-mb-last-child-0 ms-mb-block ms-tfs--contrast ms-p ms-tfs\">\n<h3 class=\"gb-text\">Poupa Tempo e Dinheiro com os Passes da Cidade de Roma<\/h3>\n\n\n\n<p class=\"gb-text\">Se vais visitar mais do que apenas a Capela Sistina durante a tua estadia em Roma, um passe da cidade agrupa as principais atra\u00e7\u00f5es numa \u00fanica reserva. Cada um destes passes inclui os Museus Vaticanos e a Capela Sistina, juntamente com outros destaques.<\/p>\n\n\n\n<ul class=\"ms-icon-list ms-mb-block\">\n<li class=\"ms-icon-list__item ms-link-unstyled\"><span class=\"gb-shape\"><svg viewBox=\"0 0 256 256\" fill=\"#000000\" height=\"32\" width=\"32\" xmlns=\"http:\/\/www.w3.org\/2000\/svg\"><path d=\"M243.31,136,144,36.69A15.86,15.86,0,0,0,132.69,32H40a8,8,0,0,0-8,8v92.69A15.86,15.86,0,0,0,36.69,144L136,243.31a16,16,0,0,0,22.63,0l84.68-84.68a16,16,0,0,0,0-22.63Zm-96,96L48,132.69V48h84.69L232,147.31ZM96,84A12,12,0,1,1,84,72,12,12,0,0,1,96,84Z\"><\/path><\/svg><\/span><span class=\"gb-text\"><strong><a href=\"https:\/\/www.rome.info\/city-passes\/rome-tourist-card\/\">Rome Tourist Card<\/a><\/strong>: Inclui entrada sem fila nos Museus Vaticanos e na Capela Sistina, mais o Coliseu, F\u00f3rum Romano e Monte Palatino. Podes tamb\u00e9m adicionar uma visita guiada \u00e0 Bas\u00edlica de S\u00e3o Pedro ou uma visita ao Pante\u00e3o ou ao Castel Sant&#8217;Angelo. A op\u00e7\u00e3o mais popular para quem visita pela primeira vez.<\/span><\/li>\n\n\n\n<li class=\"ms-icon-list__item ms-link-unstyled\"><span class=\"gb-shape\"><svg viewBox=\"0 0 256 256\" fill=\"#000000\" height=\"32\" width=\"32\" xmlns=\"http:\/\/www.w3.org\/2000\/svg\"><path d=\"M243.31,136,144,36.69A15.86,15.86,0,0,0,132.69,32H40a8,8,0,0,0-8,8v92.69A15.86,15.86,0,0,0,36.69,144L136,243.31a16,16,0,0,0,22.63,0l84.68-84.68a16,16,0,0,0,0-22.63Zm-96,96L48,132.69V48h84.69L232,147.31ZM96,84A12,12,0,1,1,84,72,12,12,0,0,1,96,84Z\"><\/path><\/svg><\/span><span class=\"gb-text\"><strong><a href=\"https:\/\/www.rome.info\/city-passes\/vatican-city-pass\/\">Vatican City Pass<\/a><\/strong>: Inclui acesso sem fila aos Museus Vaticanos e \u00e0 Capela Sistina, mais uma visita guiada \u00e0 Bas\u00edlica de S\u00e3o Pedro. Vem tamb\u00e9m com um audioguia da cidade ou entrada r\u00e1pida no Castel Sant&#8217;Angelo. Ideal se queres focar-te na zona do Vaticano.<\/span><\/li>\n<\/ul>\n<\/div>\n\n\n\n<h3 class=\"wp-block-heading\">Outros Passes da Cidade de Roma<\/h3>\n\n\n\n<p>\u00c0 procura de mais op\u00e7\u00f5es? Estes passes da cidade incluem todos a Capela Sistina e os Museus Vaticanos com hor\u00e1rios de entrada garantidos, mais atra\u00e7\u00f5es extra para aproveitar ao m\u00e1ximo a tua visita.<\/p>\n\n\n\n<div><\/div>\n\n\n\n<p><a href=\"https:\/\/www.rome.info\/city-passes\/comparison\/\" data-type=\"link\" data-id=\"https:\/\/www.rome.info\/city-passes\/comparison\/\"><\/a><a href=\"https:\/\/www.rome.info\/city-passes\/comparison\/\" data-type=\"link\" data-id=\"https:\/\/www.rome.info\/city-passes\/comparison\/\">Comparar Todos os Passes -&gt;<\/a><\/p>\n\n\n\n<h3 class=\"wp-block-heading\"><strong>Bom Saber<\/strong><\/h3>\n\n\n\n<ul class=\"wp-block-list\">\n<li>Reserva o teu hor\u00e1rio online e chega pelo menos 15 minutos antes do teu hor\u00e1rio designado.<\/li>\n\n\n\n<li>Os bilhetes chegam ao teu email, que podes depois mostrar impresso ou em formato digital.<\/li>\n\n\n\n<li>Bilhetes com desconto para crian\u00e7as entre os 12-17 anos e estudantes at\u00e9 25 anos (com cart\u00e3o de estudante v\u00e1lido).<\/li>\n\n\n\n<li>Audioguias opcionais dispon\u00edveis, por um custo adicional, em italiano, ingl\u00eas, franc\u00eas, alem\u00e3o, espanhol, portugu\u00eas ou russo.<\/li>\n<\/ul>\n\n\n\n<h2 class=\"wp-block-heading\">C\u00f3digo de Vestu\u00e1rio &amp; Etiqueta<\/h2>\n\n\n\n<p>\u00c9 um museu, mas a Capela Sistina continua a ser um local de culto, por isso respeita as regras de mod\u00e9stia.&nbsp;<\/p>\n\n\n\n<p>Basicamente, cal\u00e7\u00f5es de comprimento normal s\u00e3o aceites. Cal\u00e7\u00f5es muito curtos e tops de al\u00e7as n\u00e3o. Certifica-te de que tens um len\u00e7o fino para cobrir os ombros, s\u00f3 por precau\u00e7\u00e3o. Se planeias visitar <a href=\"https:\/\/www.rome.info\/attractions\/st-peters-basilica\/\">S\u00e3o Pedro<\/a> no mesmo dia, as mesmas regras se aplicam, por isso mant\u00e9m um len\u00e7o \u00e0 m\u00e3o.<\/p>\n\n\n\n<p>(As lojas de souvenirs e de conveni\u00eancia t\u00eam consci\u00eancia disto e muitas vezes vendem len\u00e7os, por isso se te esqueceres, dever\u00e1s conseguir comprar alguma coisa no caminho).<\/p>\n\n\n\n<h2 class=\"wp-block-heading\">Mapa &amp; Morada (Localiza\u00e7\u00e3o)<\/h2>\n\n\n\n<address class=\"ms-mapblock ms-mb-block\">\n\t\n\t\t<h4>\n\t\t\tSistine Chapel\t\t<\/h2>\n\n\t\t<p class=\"ms-mb-0\">\n            <img decoding=\"async\" class=\"ms-mapblock__map ms-rounded\" src=\"https:\/\/www.rome.info\/pt\/wp-content\/uploads\/sites\/11\/maps\/staticmap_41.9029468_12.4544835_14_768x432.png\" alt=\"Sistine Chapel\" \/>\n\t\t<\/p>\n\n\t\t<p class=\"ms-text-sm ms-text-muted\">\n\t\t\t00120, Vatican City \u00b7\n\t\t\t<a rel=\"nofollow noopener\" target=\"_blank\" href=\"https:\/\/maps.google.com\/?q=41.9029468,12.4544835\">Google Maps<\/a>\n\t\t<\/p>\n\n\t<\/address>\n\n\n<h2 class=\"wp-block-heading\">Como Chegar<\/h2>\n\n\n\n<h3 class=\"wp-block-heading\">Metro&nbsp;<\/h3>\n\n\n\n<p>A <a href=\"https:\/\/www.rome.info\/transport\/public-transport\/metro\/\">paragem de metro<\/a> mais pr\u00f3xima \u00e9 Ottaviano, na linha A (laranja). Fica a seis minutos a p\u00e9.&nbsp;<\/p>\n\n\n\n<p>Vale a pena saber que Roma tem apenas 2,5 linhas \u2014 a A, a B e a intermin\u00e1vel obra em curso da C.<\/p>\n\n\n\n<h3 class=\"wp-block-heading\">A P\u00e9<\/h3>\n\n\n\n<p>Se est\u00e1s alojado no centro hist\u00f3rico, j\u00e1 deves ter visto que as esta\u00e7\u00f5es de metro s\u00e3o escassas. Na maioria dos vezes, \u00e9 melhor ir a p\u00e9 (e consegues ver mais da cidade assim).&nbsp;<\/p>\n\n\n\n<p>Se optares por ir a p\u00e9 para <a href=\"https:\/\/www.rome.info\/attractions\/t\/vatican\/\">a Cidade do Vaticano<\/a>, experimenta o seguinte:<\/p>\n\n\n\n<h3 class=\"wp-block-heading\">Indica\u00e7\u00f5es a P\u00e9 a partir de Piazza Navona<\/h3>\n\n\n\n<p>Toma a Via dei Coronari at\u00e9 chegar \u00e0 Via del Panico e depois atravessa a Ponte Sant&#8217;Angelo. A partir da\u00ed, a c\u00fapula da Bas\u00edlica de S\u00e3o Pedro ser\u00e1 vis\u00edvel e haver\u00e1 muitas indica\u00e7\u00f5es para os Museus Vaticanos.&nbsp;<\/p>\n\n\n\n<p>S\u00e3o 25 minutos a p\u00e9 \u2014 apenas dez a mais do que o autocarro, mas \u00e9 uma rota muito mais pitoresca.<\/p>\n\n\n\n<h3 class=\"wp-block-heading\">Indica\u00e7\u00f5es a P\u00e9 a partir da Paragem de Metro Ottaviano (6 minutos)<\/h3>\n\n\n\n<p>Se est\u00e1s alojado perto de uma esta\u00e7\u00e3o de metro, sai em Ottaviano (A). Se precisas de apanhar a linha B (azul), tens de mudar em Termini.&nbsp;<\/p>\n\n\n\n<p>Em Ottaviano, toma uma das sa\u00eddas do lado esquerdo para subir.&nbsp;<\/p>\n\n\n\n<p>Ao chegar \u00e0 superf\u00edcie, come\u00e7ar\u00e1s a ver indica\u00e7\u00f5es para os museus.&nbsp;<\/p>\n\n\n\n<p>H\u00e1 alguns percursos poss\u00edveis (como os sinais contradit\u00f3rios indicam), mas recomendo o seguinte:<\/p>\n\n\n\n<ol class=\"wp-block-list\">\n<li>Toma a Via Ottaviano at\u00e9 \u00e0 loja gourmet Castroni \u00e0 tua direita<\/li>\n\n\n\n<li>Vira \u00e0 direita pela Via Germanico.&nbsp;<\/li>\n<\/ol>\n\n\n\n<p>Tr\u00eas raz\u00f5es para esta recomenda\u00e7\u00e3o:<\/p>\n\n\n\n<ul class=\"wp-block-list\">\n<li><strong>Castroni<\/strong>. Guarda a Castroni como uma loja de produtos gourmet italianos ou para artigos aleat\u00f3rios que anseias na sua sec\u00e7\u00e3o de produtos mundiais. H\u00e1 v\u00e1rias Castroni no centro de Roma e arredores.<\/li>\n\n\n\n<li><strong>Pam<\/strong>. Na Via Ottaviano, a um minuto a p\u00e9 da Castroni (no mesmo lado da rua),&nbsp; h\u00e1 um supermercado chamado Pam. Mais barato do que outros supermercados locais; vem aqui para \u00e1gua e snacks a pre\u00e7os honestos. Vais precisar deles.&nbsp;<\/li>\n\n\n\n<li><strong>Clementina<\/strong>. No in\u00edcio da Via Germanico, em frente \u00e0 Castroni, fica o Cafe Clementina. Vem aqui para ta\u00e7as de fruta, ovos, panquecas e saladas al\u00e9m dos pequenos-almo\u00e7os italianos tradicionais. Se gostas de um pequeno-almo\u00e7o substancial, este pode ser o s\u00edtio perfeito antes do museu.&nbsp;<\/li>\n<\/ul>\n\n\n\n<ol start=\"3\" class=\"wp-block-list\">\n<li>Continua pela Via Germanico at\u00e9 ao fim, onde encontras a Via Leone IV.&nbsp;<\/li>\n\n\n\n<li>Atravessa, e mesmo \u00e0 frente \u00e0 direita est\u00e1 o Viale del Vaticano, ladeado pelas imensas Muralhas da Cidade do Vaticano, onde o passeio foi dividido em dois por uma grade de metal.&nbsp;<\/li>\n<\/ol>\n\n\n\n<p>O lado esquerdo \u00e9 para quem n\u00e3o tem bilhete, o direito \u00e9 para quem tem. O pessoal oficial verificar\u00e1 contigo e guiar-te-\u00e1 para a fila correta.&nbsp;<\/p>\n\n\n\n<p>A fila dos portadores de bilhete ser\u00e1 muito mais curta e deve avan\u00e7ar rapidamente.&nbsp;<\/p>\n\n\n\n<p>(Este guia parte do pressuposto de que tens um bilhete pr\u00e9-reservado e uma visita guiada ao Vaticano).<\/p>\n\n\n\n<h2 class=\"wp-block-heading\">Entrada&nbsp;<\/h2>\n\n\n\n<p>Depois de subires o Viale del Vaticano, diriges-te a este toldo, onde o pessoal verifica os bilhetes e te indica a entrada.&nbsp;<\/p>\n\n\n\n<p>O pessoal dos Museus Vaticanos faz a leitura \u00f3tica do c\u00f3digo QR do teu bilhete \u00e0 porta. As malas passam pelos detetores de metais.&nbsp;<\/p>\n\n\n\n<p>(As garrafas de \u00e1gua s\u00e3o permitidas).&nbsp;<\/p>\n\n\n\n<h2 class=\"wp-block-heading\">Est\u00e1s Finalmente Dentro. E Agora?&nbsp;<\/h2>\n\n\n\n<p>Conforme indicado na aplica\u00e7\u00e3o, depois de passares pelos detetores de metais, procura o grande sinal &#8216;visitas guiadas&#8217;. Sobe um pequeno lance de escadas e \u00e0 tua direita ver\u00e1s o balc\u00e3o de bilhetes para visitas guiadas.&nbsp;<\/p>\n\n\n\n<p>Entra na fila e mostra a um funcion\u00e1rio o teu bilhete (impresso ou no telem\u00f3vel). Ele voltar\u00e1 a ler o c\u00f3digo e dar-te-\u00e1 em troca um recibo e um bilhete f\u00edsico. Guarda os dois.<\/p>\n\n\n\n<p>A letra que escrevem no recibo corresponde ao ponto de encontro onde deves esperar pelo teu guia.&nbsp;<\/p>\n\n\n\n<p>No Ponto de Encontro, algu\u00e9m trocar\u00e1 o teu recibo por um auricular para a visita.&nbsp;<\/p>\n\n\n\n<p>Vais precisar do bilhete f\u00edsico para passar pelas cancelas do museu com o teu guia depois de teres encontrado o grupo.&nbsp;<\/p>\n\n\n\n<p>L\u00eas o c\u00f3digo de barras no verso do bilhete, o que te permite passar pelas cancelas tal como no metro.&nbsp;<\/p>\n\n\n\n<p>Na \u00e9poca alta, os grupos podem atingir 30 pessoas. O teu guia dos Museus Vaticanos transportar\u00e1 um pau com uma bandeira amarela numerada no topo. Tem cuidado para n\u00e3o te atrasares muito, pois o sinal de r\u00e1dio enfraquece e n\u00e3o conseguir\u00e1s ouvir o guia.&nbsp;<\/p>\n\n\n\n<h2 class=\"wp-block-heading\">Como Tirar o M\u00e1ximo da Tua Visita \u00e0 Capela Sistina<\/h2>\n\n\n\n<p>As Visitas Guiadas Oficiais do Vaticano terminam logo ap\u00f3s as Salas de Rafael. Depois disso, recebes indica\u00e7\u00f5es para percorrer a Cole\u00e7\u00e3o de Arte Contempor\u00e2nea, no final da qual h\u00e1 um pequeno lance de escadas que te leva \u00e0 Capela Sistina.&nbsp;<\/p>\n\n\n\n<p>\u00c9 verdade que as coisas boas se fazem esperar, mas \u00e9 completamente injusto colocar o que \u00e9 na verdade uma cole\u00e7\u00e3o de arte moderna razo\u00e1vel entre as Salas de Rafael e a Capela Sistina.&nbsp;<\/p>\n\n\n\n<p>Como podes apreciar Matisse, Picasso e Van Gogh (sem mencionar in\u00fameros outros artistas contempor\u00e2neos) sabendo que est\u00e1s prestes a assistir a uma das maiores obras-primas da Arte Renascentista?&nbsp;<\/p>\n\n\n\n<p>\u00c9 aqui que vais precisar de resist\u00eancia e determina\u00e7\u00e3o. A Capela Sistina n\u00e3o \u00e9 sequer a linha de chegada nesta maratona do museu, por isso mant\u00e9m-te concentrado.<\/p>\n\n\n\n<p>No in\u00edcio da tua visita aos Museus Vaticanos, o guia leva-te a um ecr\u00e3 interativo como este ou a uma s\u00e9rie de pain\u00e9is no exterior, no P\u00e1tio do Belvedere.&nbsp;<\/p>\n\n\n\n<p>Ambos mostram detalhes da Capela Sistina.&nbsp;<\/p>\n\n\n\n<p>A raz\u00e3o \u00e9 que os guias (pelo menos os dos Museus Vaticanos) n\u00e3o entram contigo na capela. A visita termina mesmo antes.&nbsp;<\/p>\n\n\n\n<p>Por isso d\u00e3o-te a explica\u00e7\u00e3o antes e esperam que te lembres dos pontos principais quando l\u00e1 chegares.&nbsp;<\/p>\n\n\n\n<p>A nossa guia Kinga foi excelente \u2014 chamou a aten\u00e7\u00e3o para este detalhe do Ju\u00edzo Final.<\/p>\n\n\n\n<p>Aqui vemos uma alma infeliz, condenada ao inferno, com orelhas de burro e uma serpente aparentemente a morder a sua parte.&nbsp;<\/p>\n\n\n\n<p>Depois ficamos a saber que se trata, na verdade, de um arqui-inimigo de Miguel \u00c2ngelo, um padre puritano chamado Biagio da Cesena, aqui representado como Minos da mitologia grega.<\/p>\n\n\n\n<p>Op\u00f4s-se veementemente \u00e0 representa\u00e7\u00e3o dos anjos e santos em nudez total por Miguel \u00c2ngelo e ordenou que fossem imediatamente cobertos.&nbsp;<\/p>\n\n\n\n<p>(Outro pintor cobriu depois as partes \u00edntimas das pessoas com tanga de pano).&nbsp;<\/p>\n\n\n\n<p>Miguel \u00c2ngelo nunca lhe perdoou, e esta foi a sua vingan\u00e7a final.<\/p>\n\n\n\n<p>Neste ponto, o teu guia recolher\u00e1 os auriculares de r\u00e1dio e despedir-se-\u00e1.&nbsp;<\/p>\n\n\n\n<p>J\u00e1 est\u00e1s bastante entusiasmado para ver a Capela Sistina.&nbsp;<\/p>\n\n\n\n<p>Mas ainda h\u00e1 caminho a percorrer, lamento. Primeiro chegas \u00e0 bastante agrad\u00e1vel Sala Matisse. Que em qualquer outro museu seria um momento consider\u00e1vel de admira\u00e7\u00e3o, mas aqui \u00e9 do g\u00e9nero, &#8216;sim, sim&#8230; vamos continuar&#8217;.&nbsp;<\/p>\n\n\n\n<p>\u00c9 verdadeiramente not\u00e1vel. N\u00e3o consigo pensar em nenhum outro lugar no mundo onde algu\u00e9m seria t\u00e3o pouco impressionado por uma cole\u00e7\u00e3o de Matisse.<\/p>\n\n\n\n<p>Depois percorres v\u00e1rias outras salas com obras de Chagall, Picasso e at\u00e9 alguns Van Goghs pequenos. Se gostas de escultura moderna, este \u00e9 tamb\u00e9m um lugar para te demorar.&nbsp;<\/p>\n\n\n\n<p>Alternativamente, prepara-te mentalmente e mant\u00e9m os olhos em frente at\u00e9 chegares a um pequeno lance de escadas e finalmente a um sinal que te indica a entrada.<\/p>\n\n\n\n<p>Os seguran\u00e7as receber\u00e3o-te \u00e0 porta, e haver\u00e1 v\u00e1rios na plataforma elevada junto ao altar a vigiar. Prepara-te para ser lembrado regularmente:<\/p>\n\n\n\n<p>&#8216;No photo&#8217;.<\/p>\n\n\n\n<p>&#8216;No video&#8217;.<\/p>\n\n\n\n<p>&#8216;Silenzio&#8217;.<\/p>\n\n\n\n<p>J\u00e1 est\u00e1s quase.<\/p>\n\n\n\n<h2 class=\"wp-block-heading\">O que Fazer e N\u00e3o Fazer na Visita \u00e0 Capela Sistina<\/h2>\n\n\n\n<h3 class=\"wp-block-heading\"><strong>Faz<\/strong><\/h3>\n\n\n\n<ul class=\"wp-block-list\">\n<li>&#8230;<strong>prepara-te mentalmente<\/strong>. Arma-te de paci\u00eancia. Provavelmente estar\u00e1 muito movimentado. J\u00e1 ter\u00e1s visto muita coisa quando l\u00e1 chegares.<\/li>\n\n\n\n<li>&#8230;<strong>veste-te adequadamente<\/strong>. Lembra-te de cobrir os ombros. Tecnicamente, deves tamb\u00e9m tirar chap\u00e9us e bon\u00e9s.&nbsp;<\/li>\n\n\n\n<li><strong>&#8230;pesquisa um pouco antes de ir<\/strong>. N\u00e3o estou a dizer que tires um mestrado em Hist\u00f3ria da Arte antes de ir ou coisa do g\u00e9nero. Mas vai ajudar saber um pouco sobre o que vais ver, um pouco do contexto. (N\u00e3o te preocupes, vou ajudar-te neste ponto).&nbsp;<\/li>\n\n\n\n<li>\u2026<strong>descarrega m\u00fasica no teu telem\u00f3vel para ouvir<\/strong> (a rece\u00e7\u00e3o \u00e9 fraca l\u00e1 dentro, pode n\u00e3o conseguires aceder \u00e0 internet). Isto \u00e9 opcional, mas pode ajudar criar uma pequena atmosfera para ti no meio das multid\u00f5es.&nbsp;<\/li>\n<\/ul>\n\n\n\n<h3 class=\"wp-block-heading\"><strong>N\u00e3o fa\u00e7as<\/strong><\/h3>\n\n\n\n<ul class=\"wp-block-list\">\n<li>\u2026<strong>n\u00e3o machuques o pesco\u00e7o<\/strong> ao olhar demasiado para cima. A s\u00e9rio. Olhar para cima para todas aquelas maravilhas renascentistas fez-me fantasiar com sess\u00f5es VIP onde trazem espregui\u00e7adeiras para uma experi\u00eancia de visualiza\u00e7\u00e3o mais confort\u00e1vel em posi\u00e7\u00e3o &#8216;horizontal&#8217;.&nbsp;<\/li>\n\n\n\n<li><strong>\u2026tires fotografias. N\u00e3o o fa\u00e7as. <\/strong>Os seguran\u00e7as ficam mesmo irritados com isso, o que estraga o ambiente. Transforma a Capela Sistina numa grande visita escolar, com os seguran\u00e7as a controlar-nos como crian\u00e7as desobedientes. Tamb\u00e9m t\u00eam microfones e lembram regularmente a todos, &#8216;No photo, no video&#8217;. E depois acrescentam um solene (e arbitr\u00e1rio) &#8216;silenzio&#8217; quando as pessoas ficam demasiado barulhentas.&nbsp;<\/li>\n\n\n\n<li><strong>\u2026te esque\u00e7as do Ju\u00edzo Final<\/strong> atr\u00e1s do altar. N\u00e3o \u00e9 apenas o teto que impressiona.&nbsp;<\/li>\n<\/ul>\n\n\n\n<h2 class=\"wp-block-heading\">O que Ver &amp; Fazer (Fotos)<\/h2>\n\n\n\n<p>Sei que conheces <em><a href=\"https:\/\/www.rome.info\/artists\/michelangelo\/creation-of-adam\/\">A Cria\u00e7\u00e3o de Ad\u00e3o<\/a><\/em>\u2026 mas e depois?&nbsp;<\/p>\n\n\n\n<p>Vamos dividir a Capela Sistina em cinco partes mais f\u00e1ceis de gerir e depois escolher o melhor de cada uma. N\u00e3o sou historiador de arte, mas \u00e9 o que mais gostei.&nbsp;<\/p>\n\n\n\n<h3 class=\"wp-block-heading\"><strong>O Teto<\/strong> \u2014 esse \u00e9 \u00f3bvio. \u00c9 para isso que pag\u00e1mos, certo?<\/h3>\n\n\n\n<p>O teto, pintado por Miguel \u00c2ngelo entre 1508 e 1512, \u00e9 o verdadeiro ponto alto. Os nove pain\u00e9is representam cenas-chave do livro do G\u00e9nesis, desde A Separa\u00e7\u00e3o da Luz e das Trevas at\u00e9 O Dil\u00favio (Arca de No\u00e9).<\/p>\n\n\n\n<p>Toda a gente avan\u00e7ar\u00e1 para o centro da capela para ver A Cria\u00e7\u00e3o de Ad\u00e3o.&nbsp;<\/p>\n\n\n\n<p>Sim, os teus olhos v\u00e3o querer ir imediatamente para l\u00e1. \u00c9 um momento visual de &#8216;quero, quero&#8217;. Mas tens tempo. Porque n\u00e3o criar um pouco de antecipa\u00e7\u00e3o?<\/p>\n\n\n\n<figure><div class=\"ms-credits\">\n<img decoding=\"async\" class=\"gb-media-f7cc7898\" alt=\"Teto afrescado da Capela Sistina na Cidade do Vaticano, com as cenas b\u00edblicas de Miguel \u00c2ngelo e figuras renascentistas vibrantes.\" src=\"https:\/\/www.rome.info\/wp-content\/uploads\/sistine-chapel-ceiling-1747022596.jpg\" title=\"sistine-chapel-ceiling-1747022596\"\/>\n<span class='ms-credits__info' id='media2707'><svg xmlns=\"http:\/\/www.w3.org\/2000\/svg\" width=\"20\" height=\"22\" fill=\"#000000\" viewBox=\"0 0 256 256\"><path d=\"M128,24A104,104,0,1,0,232,128,104.11,104.11,0,0,0,128,24Zm0,192a88,88,0,1,1,88-88A88.1,88.1,0,0,1,128,216ZM96,128a32,32,0,0,0,57.6,19.2,8,8,0,0,1,12.8,9.61,48,48,0,1,1,0-57.62,8,8,0,0,1-12.8,9.61A32,32,0,0,0,96,128Z\"><\/path><\/svg>isogood\/<a href=https:\/\/depositphotos.com\/editorial\/vatican-city-vatican-june-2015-interiors-architectural-details-sistine-chapel-369686556.html rel='nofollow' target='_blank'>Depositphotos<\/a><\/span><span class='ms-credits__btn' id='btn_media2707' onclick='ms_credits_trigger(\"#media2707\", this)'><svg xmlns=\"http:\/\/www.w3.org\/2000\/svg\" class=\"info_icon\" width=\"28\" height=\"28\" fill=\"#FFF\" viewBox=\"0 0 256 256\"><path d=\"M128,24A104,104,0,1,0,232,128,104.11,104.11,0,0,0,128,24Zm0,192a88,88,0,1,1,88-88A88.1,88.1,0,0,1,128,216Zm16-40a8,8,0,0,1-8,8,16,16,0,0,1-16-16V128a8,8,0,0,1,0-16,16,16,0,0,1,16,16v40A8,8,0,0,1,144,176ZM112,84a12,12,0,1,1,12,12A12,12,0,0,1,112,84Z\"><\/path><\/svg><svg xmlns=\"http:\/\/www.w3.org\/2000\/svg\" class=\"close_icon\" width=\"28\" height=\"28\" fill=\"#FFF\" viewBox=\"0 0 256 256\"><path d=\"M165.66,101.66,139.31,128l26.35,26.34a8,8,0,0,1-11.32,11.32L128,139.31l-26.34,26.35a8,8,0,0,1-11.32-11.32L116.69,128,90.34,101.66a8,8,0,0,1,11.32-11.32L128,116.69l26.34-26.35a8,8,0,0,1,11.32,11.32ZM232,128A104,104,0,1,1,128,24,104.11,104.11,0,0,1,232,128Zm-16,0a88,88,0,1,0-88,88A88.1,88.1,0,0,0,216,128Z\"><\/path><\/svg><\/span><\/div>\n\n\n<figcaption class=\"gb-text\">Pain\u00e9is centrais do teto da Capela Sistina com os afrescos de Miguel \u00c2ngelo: A Cria\u00e7\u00e3o do Sol, da Lua e das Plantas, A Separa\u00e7\u00e3o da Luz das Trevas, e A Cria\u00e7\u00e3o de Eva.<\/figcaption>\n<\/figure>\n\n\n\n<p>Olha para A Cria\u00e7\u00e3o do Sol, da Lua e dos Planetas; \u00e9 o segundo painel. V\u00eas Deus com a barba longa? Agora v\u00eas um traseiro gracioso a voar para longe? Sim, \u00e9 tamb\u00e9m Deus, a partir novamente depois de criar os planetas. Como a nossa guia referiu, quantas vezes tens a oportunidade de ver uma pintura das costas de Deus?&nbsp;<\/p>\n\n\n\n<p>A Expuls\u00e3o de Ad\u00e3o e Eva do Para\u00edso, sexto painel. Repara como Eva se torna de repente grotesca agora que \u00e9 culpada pela queda de toda a humanidade.&nbsp;<\/p>\n\n\n\n<h3 class=\"wp-block-heading\"><strong>A Parede Norte<\/strong> &nbsp;(as Hist\u00f3rias de Jesus)<\/h3>\n\n\n\n<figure><div class=\"ms-credits\">\n<img decoding=\"async\" class=\"gb-media-1dbcab2d\" alt=\"Afrescos na parede norte da Capela Sistina na Cidade do Vaticano, representando cenas da vida de Jesus pintadas por artistas renascentistas.\" src=\"https:\/\/www.rome.info\/wp-content\/uploads\/sistine-chapel-north-wall-frescoes-1747024296.jpg\" title=\"sistine-chapel-north-wall-frescoes-1747024296\"\/>\n<span class='ms-credits__info' id='media2710'><svg viewBox=\"0 0 24 24\" fill=\"none\" xmlns=\"http:\/\/www.w3.org\/2000\/svg\" width=\"20\" height=\"22\"><g stroke-width=\"0\"><\/g><g stroke-linecap=\"round\" stroke-linejoin=\"round\"><\/g><g id=\"SVGRepo_iconCarrier\"> <path d=\"M12 22C6.48 22 2 17.52 2 12C2 6.48 6.48 2 12 2C17.52 2 22 6.48 22 12C22 17.52 17.52 22 12 22Z\" stroke=\"#000\" stroke-width=\"1.5\" stroke-linecap=\"round\" stroke-linejoin=\"round\"><\/path> <path d=\"M10.88 14.1499C10.37 14.5899 9.70999 14.8699 8.98999 14.8699C7.40999 14.8699 6.12 13.5899 6.12 11.9999C6.12 10.4099 7.39999 9.12988 8.98999 9.12988C9.71999 9.12988 10.38 9.39985 10.88 9.84985\" stroke=\"#000\" stroke-width=\"1.5\" stroke-linecap=\"round\" stroke-linejoin=\"round\"><\/path> <path d=\"M17.88 14.1499C17.37 14.5899 16.71 14.8699 15.99 14.8699C14.41 14.8699 13.12 13.5899 13.12 11.9999C13.12 10.4099 14.4 9.12988 15.99 9.12988C16.72 9.12988 17.38 9.39985 17.88 9.84985\" stroke=\"#000\" stroke-width=\"1.5\" stroke-linecap=\"round\" stroke-linejoin=\"round\"><\/path> <\/g><\/svg> BY-SA 2.0 Generic<a href=https:\/\/commons.wikimedia.org\/wiki\/File:Italy-3206_-_Sistine_Chapel_%285387277251%29.jpg rel='nofollow' target='_blank'>Wikimedia Commons<\/a><\/span><span class='ms-credits__btn' id='btn_media2710' onclick='ms_credits_trigger(\"#media2710\", this)'><svg xmlns=\"http:\/\/www.w3.org\/2000\/svg\" class=\"info_icon\" width=\"28\" height=\"28\" fill=\"#FFF\" viewBox=\"0 0 256 256\"><path d=\"M128,24A104,104,0,1,0,232,128,104.11,104.11,0,0,0,128,24Zm0,192a88,88,0,1,1,88-88A88.1,88.1,0,0,1,128,216Zm16-40a8,8,0,0,1-8,8,16,16,0,0,1-16-16V128a8,8,0,0,1,0-16,16,16,0,0,1,16,16v40A8,8,0,0,1,144,176ZM112,84a12,12,0,1,1,12,12A12,12,0,0,1,112,84Z\"><\/path><\/svg><svg xmlns=\"http:\/\/www.w3.org\/2000\/svg\" class=\"close_icon\" width=\"28\" height=\"28\" fill=\"#FFF\" viewBox=\"0 0 256 256\"><path d=\"M165.66,101.66,139.31,128l26.35,26.34a8,8,0,0,1-11.32,11.32L128,139.31l-26.34,26.35a8,8,0,0,1-11.32-11.32L116.69,128,90.34,101.66a8,8,0,0,1,11.32-11.32L128,116.69l26.34-26.35a8,8,0,0,1,11.32,11.32ZM232,128A104,104,0,1,1,128,24,104.11,104.11,0,0,1,232,128Zm-16,0a88,88,0,1,0-88,88A88.1,88.1,0,0,0,216,128Z\"><\/path><\/svg><\/span><\/div>\n\n\n<figcaption class=\"gb-text\">Afrescos na parede norte da Capela Sistina mostrando o Batismo de Cristo, a Voca\u00e7\u00e3o dos Primeiros Ap\u00f3stolos, o Serm\u00e3o da Montanha e Cristo a Entregar as Chaves a S\u00e3o Pedro.<\/figcaption>\n<\/figure>\n\n\n\n<p>Dedica algum tempo a apreciar Cristo a Entregar as Chaves a Pedro, de Perugino, representando Jesus a entregar as chaves do c\u00e9u a S\u00e3o Pedro. \u00c9 o quinto painel. Amplamente considerado como uma pedra angular da Arte Ocidental em termos de perspetiva linear (\u00e9 tudo matem\u00e1tica) \u2014 demora-te neste.<\/p>\n\n\n\n<p>O Batismo de Cristo, de Botticelli, o primeiro painel, tamb\u00e9m recebe o meu voto pela composi\u00e7\u00e3o agrad\u00e1vel. (Mas o que sei eu&#8230; gostamos do que gostamos).&nbsp;<\/p>\n\n\n\n<h3 class=\"wp-block-heading\"><strong>A Parede Sul<\/strong>&nbsp; (as hist\u00f3rias de Mois\u00e9s).<\/h3>\n\n\n\n<figure><div class=\"ms-credits\">\n<img decoding=\"async\" class=\"gb-media-287b22bb\" alt=\"Parede sul da Capela Sistina com os Profetas Joel e Ezequiel de Miguel \u00c2ngelo, a Sibila Eritreia e o painel de Mois\u00e9s de Rosselli.\" src=\"https:\/\/www.rome.info\/wp-content\/uploads\/sistine-chapel-south-wall-1747026120.jpg\" title=\"sistine-chapel-south-wall-1747026120\"\/>\n<span class='ms-credits__info' id='media2711'><svg viewBox=\"0 0 24 24\" fill=\"none\" xmlns=\"http:\/\/www.w3.org\/2000\/svg\" width=\"20\" height=\"22\"><g stroke-width=\"0\"><\/g><g stroke-linecap=\"round\" stroke-linejoin=\"round\"><\/g><g id=\"SVGRepo_iconCarrier\"> <path d=\"M12 22C6.48 22 2 17.52 2 12C2 6.48 6.48 2 12 2C17.52 2 22 6.48 22 12C22 17.52 17.52 22 12 22Z\" stroke=\"#000\" stroke-width=\"1.5\" stroke-linecap=\"round\" stroke-linejoin=\"round\"><\/path> <path d=\"M10.88 14.1499C10.37 14.5899 9.70999 14.8699 8.98999 14.8699C7.40999 14.8699 6.12 13.5899 6.12 11.9999C6.12 10.4099 7.39999 9.12988 8.98999 9.12988C9.71999 9.12988 10.38 9.39985 10.88 9.84985\" stroke=\"#000\" stroke-width=\"1.5\" stroke-linecap=\"round\" stroke-linejoin=\"round\"><\/path> <path d=\"M17.88 14.1499C17.37 14.5899 16.71 14.8699 15.99 14.8699C14.41 14.8699 13.12 13.5899 13.12 11.9999C13.12 10.4099 14.4 9.12988 15.99 9.12988C16.72 9.12988 17.38 9.39985 17.88 9.84985\" stroke=\"#000\" stroke-width=\"1.5\" stroke-linecap=\"round\" stroke-linejoin=\"round\"><\/path> <\/g><\/svg> BY-NC-ND 2.0 GenericSlices of Light \u2734\/<a href=https:\/\/www.flickr.com\/photos\/justaslice\/49927896542\/ rel='nofollow' target='_blank'>Flickr<\/a><\/span><span class='ms-credits__btn' id='btn_media2711' onclick='ms_credits_trigger(\"#media2711\", this)'><svg xmlns=\"http:\/\/www.w3.org\/2000\/svg\" class=\"info_icon\" width=\"28\" height=\"28\" fill=\"#FFF\" viewBox=\"0 0 256 256\"><path d=\"M128,24A104,104,0,1,0,232,128,104.11,104.11,0,0,0,128,24Zm0,192a88,88,0,1,1,88-88A88.1,88.1,0,0,1,128,216Zm16-40a8,8,0,0,1-8,8,16,16,0,0,1-16-16V128a8,8,0,0,1,0-16,16,16,0,0,1,16,16v40A8,8,0,0,1,144,176ZM112,84a12,12,0,1,1,12,12A12,12,0,0,1,112,84Z\"><\/path><\/svg><svg xmlns=\"http:\/\/www.w3.org\/2000\/svg\" class=\"close_icon\" width=\"28\" height=\"28\" fill=\"#FFF\" viewBox=\"0 0 256 256\"><path d=\"M165.66,101.66,139.31,128l26.35,26.34a8,8,0,0,1-11.32,11.32L128,139.31l-26.34,26.35a8,8,0,0,1-11.32-11.32L116.69,128,90.34,101.66a8,8,0,0,1,11.32-11.32L128,116.69l26.34-26.35a8,8,0,0,1,11.32,11.32ZM232,128A104,104,0,1,1,128,24,104.11,104.11,0,0,1,232,128Zm-16,0a88,88,0,1,0-88,88A88.1,88.1,0,0,0,216,128Z\"><\/path><\/svg><\/span><\/div>\n\n\n<figcaption class=\"gb-text\">A parede sul da Capela Sistina com os afrescos dos Profetas e Sibilas de Miguel \u00c2ngelo por cima, e a &#8216;Descida do Monte Sinai&#8217; de Cosimo Rosselli por baixo.<\/figcaption>\n<\/figure>\n\n\n\n<p>Aqui prefiro A Tenta\u00e7\u00e3o de Mois\u00e9s, de Botticelli.<\/p>\n\n\n\n<p>O que parece uma cena ca\u00f3tica s\u00e3o na verdade sete cenas cruciais diferentes da vida de Mois\u00e9s. Imediatamente reconhec\u00edveis est\u00e3o Mois\u00e9s a receber os dez mandamentos no canto superior esquerdo, seguido de liderar os judeus para fora do Egito por baixo.&nbsp;<\/p>\n\n\n\n<h3 class=\"wp-block-heading\"><strong>A Parede da Entrada<\/strong><\/h3>\n\n\n\n<p>Esta parede n\u00e3o recebe muita aten\u00e7\u00e3o, e esta sec\u00e7\u00e3o estar\u00e1 menos movimentada, por isso \u00e9 na verdade um bom lugar para ficar. Os dois afrescos n\u00e3o s\u00e3o os originais, pois no s\u00e9culo XVI a porta ruiu e as paredes desabaram, destruindo os afrescos e tirando a vida a um Guarda Su\u00ed\u00e7o, por pouco n\u00e3o ceifando tamb\u00e9m a vida do Papa Adriano VI.&nbsp;<\/p>\n\n\n\n<p>Os afrescos mostram a Ressurrei\u00e7\u00e3o de Cristo e o Arcanjo Miguel a defender o corpo de Mois\u00e9s.<\/p>\n\n\n\n<h3 class=\"wp-block-heading ms-link-unstyled\"><strong><a href=\"https:\/\/www.rome.info\/artists\/michelangelo\/last-judgement\/\">O Ju\u00edzo Final<\/a><\/strong><\/h3>\n\n\n<div class=\"ms-credits\">\n<img decoding=\"async\" class=\"gb-media-1be515ea\" alt=\"Figuras centrais do Ju\u00edzo Final de Miguel \u00c2ngelo na Capela Sistina, com Cristo Juiz, a Virgem Maria e os santos circundantes.\" src=\"https:\/\/www.rome.info\/wp-content\/uploads\/last-judgment-central-figures-1747026853.jpg\" title=\"last-judgment-central-figures-1747026853\"\/>\n<span class='ms-credits__info' id='media2715'><svg xmlns=\"http:\/\/www.w3.org\/2000\/svg\" width=\"20\" height=\"22\" fill=\"#000000\" viewBox=\"0 0 256 256\"><path d=\"M128,24A104,104,0,1,0,232,128,104.11,104.11,0,0,0,128,24Zm0,192a88,88,0,1,1,88-88A88.1,88.1,0,0,1,128,216ZM96,128a32,32,0,0,0,57.6,19.2,8,8,0,0,1,12.8,9.61,48,48,0,1,1,0-57.62,8,8,0,0,1-12.8,9.61A32,32,0,0,0,96,128Z\"><\/path><\/svg>savacoco\/<a href=https:\/\/depositphotos.com\/editorial\/the-last-judgment-by-michelangelo-23812039.html rel='nofollow' target='_blank'>Depositphotos<\/a><\/span><span class='ms-credits__btn' id='btn_media2715' onclick='ms_credits_trigger(\"#media2715\", this)'><svg xmlns=\"http:\/\/www.w3.org\/2000\/svg\" class=\"info_icon\" width=\"28\" height=\"28\" fill=\"#FFF\" viewBox=\"0 0 256 256\"><path d=\"M128,24A104,104,0,1,0,232,128,104.11,104.11,0,0,0,128,24Zm0,192a88,88,0,1,1,88-88A88.1,88.1,0,0,1,128,216Zm16-40a8,8,0,0,1-8,8,16,16,0,0,1-16-16V128a8,8,0,0,1,0-16,16,16,0,0,1,16,16v40A8,8,0,0,1,144,176ZM112,84a12,12,0,1,1,12,12A12,12,0,0,1,112,84Z\"><\/path><\/svg><svg xmlns=\"http:\/\/www.w3.org\/2000\/svg\" class=\"close_icon\" width=\"28\" height=\"28\" fill=\"#FFF\" viewBox=\"0 0 256 256\"><path d=\"M165.66,101.66,139.31,128l26.35,26.34a8,8,0,0,1-11.32,11.32L128,139.31l-26.34,26.35a8,8,0,0,1-11.32-11.32L116.69,128,90.34,101.66a8,8,0,0,1,11.32-11.32L128,116.69l26.34-26.35a8,8,0,0,1,11.32,11.32ZM232,128A104,104,0,1,1,128,24,104.11,104.11,0,0,1,232,128Zm-16,0a88,88,0,1,0-88,88A88.1,88.1,0,0,0,216,128Z\"><\/path><\/svg><\/span><\/div>\n\n\n<p>Por \u00faltimo, mas n\u00e3o menos importante, o Ju\u00edzo Final. Miguel \u00c2ngelo pintou-o quando tinha mais de 60 anos, entre 1533 e 1541, e \u00e9 imenso. Em todos os sentidos da palavra.&nbsp;<\/p>\n\n\n\n<p>H\u00e1 tanto para ver aqui. J\u00e1 cobrimos o retrato de vingan\u00e7a de Miguel \u00c2ngelo do padre puritano; est\u00e1 no canto inferior direito. J\u00e1 podes verificar na realidade.<\/p>\n\n\n\n<p>V\u00ea S\u00e3o Bartolomeu, abaixo e \u00e0 direita de Jesus, a segurar a pr\u00f3pria pele (uma refer\u00eancia ao facto de ter sido esfolado vivo). Acredita-se que o seu rosto \u00e9 um autorretrato do pr\u00f3prio Miguel \u00c2ngelo.&nbsp;<\/p>\n\n\n\n<p>Repara tamb\u00e9m na forma radical como Miguel \u00c2ngelo pintou Jesus. Para al\u00e9m de musculado (como toda a gente nesta pintura, incluindo as mulheres), diz-se que a forma como Miguel \u00c2ngelo pintou o seu torso foi inspirada pelo Torso do Belvedere. Essas refer\u00eancias s\u00e3o fant\u00e1sticas.&nbsp;<\/p>\n\n\n\n<p>O grupo de anjos esculturais (sem querubins gordos aqui) a tocar trompetes, no centro inferior, est\u00e3o a despertar os mortos \u2014 mas s\u00f3 Jesus pode decidir o destino de cada um.<\/p>\n\n\n\n<p>\ud83d\udca1<strong>Dica<\/strong>:<\/p>\n\n\n\n<ul class=\"wp-block-list\">\n<li>Volta \u00e0 Parede da Entrada. Est\u00e1 menos movimentada do que a nave principal, \u00e9 mais prov\u00e1vel encontrares lugares livres nos bancos e podes olhar para cima sem for\u00e7ar o pesco\u00e7o. Quando te tiveres recomposto, podes voltar \u00e0 parte principal da capela. Dirige-te ao Ju\u00edzo Final e observa todos os detalhes.&nbsp;<\/li>\n\n\n\n<li>Procura atentamente um lugar livre nos bancos contra as paredes.&nbsp;<\/li>\n\n\n\n<li>Se tens bons auscultadores, agora pode ser o momento de os usar. Ouve m\u00fasica tranquilizante e absorve tudo.&nbsp;<\/li>\n<\/ul>\n\n\n\n<h2 class=\"wp-block-heading\">Bares\/Restaurantes \/ Lojas de Presentes \/ Souvenirs Recomendados&nbsp;<\/h2>\n\n\n\n<p>Sai pela loja de presentes.<\/p>\n\n\n\n<p>Ap\u00f3s a Capela Sistina, ainda ter\u00e1s de percorrer o que parecer\u00e3o mais cinquenta galerias suntuosas como a que est\u00e1 abaixo.&nbsp;<\/p>\n\n\n\n<p>Os inteligentes profissionais de marketing do Vaticano posicionaram duas lojas de presentes improvisadas ao longo do caminho para quebrar a monotonia e proporcionar momentos de al\u00edvio para as compras. (Para o caso de estares mesmo a rebentar por ter um \u00edman).<\/p>\n\n\n\n<p>Por fim, chegar\u00e1s ao \u00e1trio principal \/ loja de presentes junto \u00e0 escadaria em espiral que anuncia o fim e te conduzir\u00e1 para fora.<\/p>\n\n\n\n<p>Aqui podes esperar livros de arte sobre Miguel \u00c2ngelo a pre\u00e7os elevados, v\u00e1rios artefactos e parafern\u00e1lia religiosa, e pratos decorativos com Papas de outros tempos. Honestamente, n\u00e3o h\u00e1 muito que n\u00e3o encontres fora das Muralhas da Cidade do Vaticano por uma fra\u00e7\u00e3o do pre\u00e7o.<\/p>\n\n\n\n<p>Quando estava prestes a sair, reparei na Farm\u00e1cia do Vaticano. N\u00e3o \u00e9 uma farm\u00e1cia a s\u00e9rio, mas uma loja de perfumes.<\/p>\n\n\n\n<p>Sabes que a Cidade do Vaticano tem os seus pr\u00f3prios laborat\u00f3rios? Com monges a criar e a destilar perfumes e col\u00f3nias, todos com as suas f\u00f3rmulas secretas? Imposs\u00edveis de comprar fora das Muralhas da Cidade do Vaticano e a pre\u00e7os acess\u00edveis, optei por este conjunto de oferta para a minha m\u00e3e.&nbsp;<\/p>\n\n\n\n<p>Encontrar\u00e1s a Farmacia Vaticana mesmo no final, antes de sa\u00edres da \u00e1rea da loja de presentes e desceres a escadaria em espiral.<\/p>\n\n\n\n<h3 class=\"wp-block-heading\">Restaurantes<\/h3>\n\n\n\n<p>H\u00e1 v\u00e1rios locais dispon\u00edveis para uma pausa, embora a pre\u00e7os inflacionados:&nbsp;<\/p>\n\n\n\n<p>Depois de sa\u00edres da Capela Sistina, procura indica\u00e7\u00f5es para a Caffetteria Il Forno \u2014 um caf\u00e9 em dois andares que oferece um momento de descanso bem-vindo antes de continuares.&nbsp;<\/p>\n\n\n\n<p>No Piso 1 (onde entras no museu depois de tirar o bilhete), encontras o Autoserv\u00edcio (comida ao estilo de cantina), a Caffetteria Centrale para um expresso r\u00e1pido, e a Pizzeria.<\/p>\n\n\n\n<p>O bistrot mais evocativo \u00e9 o La Pigna \u2014 instalado no meio do P\u00e1tio do Belvedere (Pinha), vis\u00edvel abaixo \u00e0 esquerda. Espera pre\u00e7os inflacionados e comida abaixo da m\u00e9dia (para padr\u00f5es italianos).<\/p>\n\n\n\n<p>\ud83d\udca1<strong>Dica<\/strong>:<\/p>\n\n\n\n<ul class=\"wp-block-list\">\n<li>Se o tempo n\u00e3o \u00e9 problema, planeia passar o dia.<\/li>\n\n\n\n<li>Compra um bilhete matinal para os Museus Vaticanos com uma visita guiada. A nossa guia vaticana Kinga era Doutora em Hist\u00f3ria da Arte e trouxe tudo \u00e0 vida.<\/li>\n\n\n\n<li>A minha melhor dica \u00e9 trazer um almo\u00e7o em caixa\/frutos secos, pois \u00e9 essencialmente uma maratona (mais de 7 km de galerias).&nbsp;<\/li>\n\n\n\n<li>Faz uma pausa merecida ap\u00f3s a Capela Sistina, mas n\u00e3o saias dos museus (pois n\u00e3o poder\u00e1s reentrar).&nbsp;<\/li>\n\n\n\n<li>Regressa ao Cortile della Pigna (acima), encontra um banco e descansa. Descansa os olhos. Hidrata-te. Recarrega com os frutos secos ou uma sandes do Pam.&nbsp;<\/li>\n<\/ul>\n\n\n\n<p>Foi muito.<\/p>\n\n\n\n<p>Agora volta a entrar.<\/p>\n\n\n\n<h2 class=\"wp-block-heading\">Atra\u00e7\u00f5es Pr\u00f3ximas \/ Comida &amp; Bebida<\/h2>\n\n\n\n<h3 class=\"wp-block-heading ms-link-unstyled\"><a href=\"https:\/\/www.rome.info\/attractions\/castel-sant-angelo\/\">Castel Sant&#8217;Angelo<\/a> &#8211; 15 minutos a p\u00e9<\/h3>\n\n\n\n<p>Outrora local do t\u00famulo do Imperador Adriano, depois fortaleza, castelo, e agora museu abrangendo dois mil anos de hist\u00f3ria romana.&nbsp;<\/p>\n\n\n\n<p>As vistas do topo s\u00e3o muito agrad\u00e1veis e as fotos na Ponte Sant&#8217;Angelo tiram-se praticamente sozinhas, \u00e9 assim t\u00e3o fotog\u00e9nico.&nbsp;<\/p>\n\n\n\n<p>A zona em si vale uma visita. H\u00e1 uma biblioteca\/bar ao ar livre \u00e0 direita chamada <em>Bibliobar<\/em> que tem ecos de Paris e do Sena.<\/p>\n\n\n\n<h3 class=\"wp-block-heading\">Comida &amp; Bebida&nbsp;<\/h3>\n\n\n\n<p>A zona mais pr\u00f3xima da Cidade do Vaticano \u00e9 Prati. Pode ser um pouco cara, mas isto \u00e9 ainda Roma, e boa comida a pre\u00e7os honestos nunca \u00e9 dif\u00edcil de encontrar.&nbsp;<\/p>\n\n\n\n<h4 class=\"wp-block-heading\">A 7 minutos a p\u00e9 (metro mais pr\u00f3ximo \u2014 Cipro na linha A):<\/h4>\n\n\n\n<ul class=\"wp-block-list\">\n<li><strong>Eroi della pizza<\/strong> &#8211; Piazzale degli Eroi, 4, 00192<\/li>\n<\/ul>\n\n\n\n<p>Pizza ao fatia excelente e suppl\u00ec irresist\u00edveis. Pessoal simp\u00e1tico e pre\u00e7os simp\u00e1ticos.&nbsp;<\/p>\n\n\n\n<ul class=\"wp-block-list\">\n<li><strong>Fischio<\/strong> &#8211; Piazzale degli Eroi, 00136&nbsp;<\/li>\n<\/ul>\n\n\n\n<p>Do outro lado encontras o Fischio (FISkio); um quiosque ao ar livre transformado em bar onde podes beber Spritz e gin t\u00f3nico em latas com estilo, ou um copo de vinho org\u00e2nico (bastante intenso). \u00c9 descontra\u00eddo e pode ser mesmo o que precisas depois de toda aquela alta cultura no Vaticano.&nbsp;<\/p>\n\n\n\n<h4 class=\"wp-block-heading\">A 10 minutos a p\u00e9:<\/h4>\n\n\n\n<ul class=\"wp-block-list\">\n<li><strong>Il Sorpasso<\/strong> &#8211; Via Properzio, 31\/33, 00193&nbsp;<\/li>\n<\/ul>\n\n\n\n<p>Bar de vinhos descontra\u00eddo com uma \u00f3tima sele\u00e7\u00e3o de vinhos (sem ser pretensioso). Experimenta uma das t\u00e1buas de fiambre e queijo italianos (com recomenda\u00e7\u00f5es sobre a ordem em que comer os queijos). Boa mistura de locais e residentes expatriados. O s\u00edtio onde os elegantes habitantes de Prati v\u00e3o para uma noite tranquila de vinho.&nbsp;<\/p>\n\n\n\n<h4 class=\"wp-block-heading\">A 15 minutos de metro e\/ou a p\u00e9:<\/h4>\n\n\n\n<ul class=\"wp-block-list\">\n<li><strong>Argot (Prati) <\/strong>&#8211; Via Alessandro Farnese 2, 00192 (Metro mais pr\u00f3ximo: Lepanto, uma paragem depois de Ottaviano na linha A).<\/li>\n<\/ul>\n\n\n\n<p>Cocktails superiores e comida no simp\u00e1tico bar\/restaurante de cocktails Argot. Os cocktails s\u00e3o um pouco caros, mas feitos por pessoas que sabem o que fazem e descem muito bem.<\/p>\n\n\n\n<h2 class=\"wp-block-heading\">Sabias Que: 5 Factos Curiosos<\/h2>\n\n\n\n<ol class=\"wp-block-list\">\n<li>Miguel \u00c2ngelo inicialmente nem queria pintar o teto da Capela Sistina, pois se considerava escultor e n\u00e3o pintor. Acabou por ser persuadido a aceitar pelo Papa J\u00falio II.<\/li>\n\n\n\n<li>Biagio de Cesena, o mestre de cerim\u00f3nias papal, foi um cr\u00edtico feroz da composi\u00e7\u00e3o do Ju\u00edzo Final, por isso Miguel \u00c2ngelo pintou-o nela como Minos, o supervisor dos condenados ao inferno. \u00c9 aquele com as orelhas de burro.<\/li>\n\n\n\n<li>Miguel \u00c2ngelo demorou quatro anos a concluir o teto, e a experi\u00eancia foi t\u00e3o desagrad\u00e1vel que escreveu um poema sobre o seu desconforto f\u00edsico.<\/li>\n\n\n\n<li>Os nus do Ju\u00edzo Final foram considerados impr\u00f3prios para uma encomenda papal, por isso o Papa Pio IV ordenou que muitos fossem cobertos com panos estrategicamente colocados. Felizmente, isso foi em grande parte desfeito durante trabalhos de restauro posteriores.<\/li>\n\n\n\n<li>Miguel \u00c2ngelo era muito mais h\u00e1bil a pintar o corpo masculino do que o feminino. De facto, as poucas figuras femininas representadas s\u00e3o consideradas por muitos como bastante &#8216;masculinas&#8217;.<\/li>\n<\/ol>\n\n\n\n<h2 class=\"wp-block-heading\">Hist\u00f3ria<\/h2>\n\n\n\n<p>A Capela Sistina come\u00e7ou como um espa\u00e7o papal funcional antes de Miguel \u00c2ngelo a transformar numa das maiores realiza\u00e7\u00f5es art\u00edsticas da humanidade. Hoje, o teto e o afresco do Ju\u00edzo Final continuam a inspirar milh\u00f5es, enquanto servem de espa\u00e7o sagrado onde s\u00e3o eleitos novos papas.<\/p>\n\n\n\n<div class=\"ms-timeline-list\">\n<div class=\"ms-timeline-item\">\n<p class=\"gb-text ms-timeline-item__time\">1473-1481<\/p>\n\n\n\n<p class=\"gb-text\">O Papa Sisto IV, de quem a capela recebe o nome, mandou-a construir. Era originalmente chamada Cappella Magna (&#8216;Grande Capela&#8217;) e servia como local de atividade religiosa e funcional papal.<\/p>\n<\/div>\n\n\n\n<div class=\"ms-timeline-item\">\n<p class=\"gb-text ms-timeline-item__time\">1482<\/p>\n\n\n\n<p class=\"gb-text\">Uma equipa de grandes artistas renascentistas terminou a pintura das paredes sob a encomenda de Sisto IV.<\/p>\n<\/div>\n\n\n\n<div class=\"ms-timeline-item\">\n<p class=\"gb-text ms-timeline-item__time\">1483<\/p>\n\n\n\n<p class=\"gb-text\">Sisto IV celebrou a primeira missa na capela, consagrando-a e dedicando-a \u00e0 Virgem Maria.<\/p>\n<\/div>\n\n\n\n<div class=\"ms-timeline-item\">\n<p class=\"gb-text ms-timeline-item__time\">1508<\/p>\n\n\n\n<p class=\"gb-text\">Miguel \u00c2ngelo Buonarroti recebeu a encomenda de pintar o teto pelo Papa J\u00falio II.<\/p>\n<\/div>\n\n\n\n<div class=\"ms-timeline-item\">\n<p class=\"gb-text ms-timeline-item__time\">1536<\/p>\n\n\n\n<p class=\"gb-text\">Vinte e dois anos ap\u00f3s terminar o teto, Miguel \u00c2ngelo regressou para pintar o Ju\u00edzo Final pelos Papas Clemente VII e Paulo III.<\/p>\n<\/div>\n\n\n\n<div class=\"ms-timeline-item\">\n<p class=\"gb-text ms-timeline-item__time\">D\u00e9cada de 1980<\/p>\n\n\n\n<p class=\"gb-text\">Come\u00e7aram grandes trabalhos de restauro nas obras de arte da capela. Muitas das figuras de Miguel \u00c2ngelo foram restitu\u00eddas ao seu estado original de nudez.<\/p>\n<\/div>\n\n\n\n<div class=\"ms-timeline-item\">\n<p class=\"gb-text ms-timeline-item__time\">Atualidade<\/p>\n\n\n\n<p class=\"gb-text\">Al\u00e9m de ser um destino tur\u00edstico muito popular, a capela serve ainda de local para o conclave papal, o processo pelo qual \u00e9 eleito um novo papa.<\/p>\n<\/div>\n<\/div>\n\n\n\n<h2 class=\"wp-block-heading\">Perguntas Frequentes<\/h2>\n\n\n\n<h3 class=\"wp-block-heading\"><strong>Onde fica a Capela Sistina?<\/strong><\/h3>\n\n\n\n<p>A Capela Sistina fica na Cidade do Vaticano, em Roma.<\/p>\n\n\n\n<h3 class=\"wp-block-heading\"><strong>Quanto tempo demorou Miguel \u00c2ngelo a pintar a Capela Sistina?<\/strong><\/h3>\n\n\n\n<p>Miguel \u00c2ngelo demorou 4 anos a pintar a Capela Sistina.<\/p>\n\n\n\n<h3 class=\"wp-block-heading\"><strong>Por que demorou Miguel \u00c2ngelo 4 anos a pintar a Capela Sistina?<\/strong><\/h3>\n\n\n\n<p>Miguel \u00c2ngelo demorou 4 anos a pintar a Capela Sistina devido \u00e0 dimens\u00e3o da tarefa e \u00e0 sua relut\u00e2ncia em a aceitar. Para al\u00e9m de fisicamente exigente, danificou permanentemente a sua vis\u00e3o.<\/p>\n\n\n\n<h3 class=\"wp-block-heading\"><strong>Quanto recebeu Miguel \u00c2ngelo pela Capela Sistina?<\/strong><\/h3>\n\n\n\n<p>Miguel \u00c2ngelo recebeu cerca de 3000 ducados por pintar a Capela Sistina.<\/p>\n","protected":false},"excerpt":{"rendered":"<p>Fica debaixo dos lend\u00e1rios afrescos do teto de Miguel \u00c2ngelo na capela mais famosa do mundo.<\/p>\n","protected":false},"author":9,"featured_media":484,"parent":0,"menu_order":0,"template":"","meta":{"_acf_changed":false,"button_url":"https:\/\/www.tiqets.com\/pt\/sistine-chapel-tickets-l155414\/?partner=romeinfo","product_id":"","street_address":", ","city":"Vatican City","country":"Vatican City","postal_code":"00120","lattitude":"41.9029468","longitude":"12.4544835","rank_math_title":"Bilhetes para a Capela Sistina \u2013 Guia, Hor\u00e1rios &amp; Dicas","rank_math_description":"Reserva bilhetes para a Capela Sistina e v\u00ea as obras-primas de Michel\u00e2ngelo: A Cria\u00e7\u00e3o de Ad\u00e3o e O Ju\u00edzo Final. Hor\u00e1rios, c\u00f3digo de vestu\u00e1rio e destaques dos Museus do Vaticano."},"attraction-types":[19],"producer":[32],"class_list":["post-324","attraction","type-attraction","status-publish","has-post-thumbnail","hentry","attraction-types-vaticano"],"acf":[],"location_schema":{"product_id":"","street_address":", ","city":"Vatican City","country":"Vatican City","postal_code":"00120","lattitude":"41.9029468","longitude":"12.4544835"},"_links":{"self":[{"href":"https:\/\/www.rome.info\/pt\/wp-json\/wp\/v2\/attraction\/324","targetHints":{"allow":["GET"]}}],"collection":[{"href":"https:\/\/www.rome.info\/pt\/wp-json\/wp\/v2\/attraction"}],"about":[{"href":"https:\/\/www.rome.info\/pt\/wp-json\/wp\/v2\/types\/attraction"}],"author":[{"embeddable":true,"href":"https:\/\/www.rome.info\/pt\/wp-json\/wp\/v2\/users\/9"}],"wp:featuredmedia":[{"embeddable":true,"href":"https:\/\/www.rome.info\/pt\/wp-json\/wp\/v2\/media\/484"}],"wp:attachment":[{"href":"https:\/\/www.rome.info\/pt\/wp-json\/wp\/v2\/media?parent=324"}],"wp:term":[{"taxonomy":"attraction-types","embeddable":true,"href":"https:\/\/www.rome.info\/pt\/wp-json\/wp\/v2\/attraction-types?post=324"},{"taxonomy":"producer","embeddable":true,"href":"https:\/\/www.rome.info\/pt\/wp-json\/wp\/v2\/producer?post=324"}],"curies":[{"name":"wp","href":"https:\/\/api.w.org\/{rel}","templated":true}]}}