{"id":319,"date":"2026-04-25T18:28:29","date_gmt":"2026-04-25T16:28:29","guid":{"rendered":"https:\/\/www.rome.info\/pt\/?post_type=attraction&#038;p=319"},"modified":"2026-04-27T14:18:56","modified_gmt":"2026-04-27T12:18:56","slug":"praca-sao-pedro","status":"publish","type":"attraction","link":"https:\/\/www.rome.info\/pt\/atracoes\/praca-sao-pedro\/","title":{"rendered":"Pra\u00e7a de S\u00e3o Pedro"},"content":{"rendered":"<div class=\"ms-credits\">\n<img decoding=\"async\" class=\"gb-media-228e70ef\" alt=\"Bas\u00edlica de S\u00e3o Pedro em Roma ao p\u00f4r do sol\" src=\"https:\/\/www.rome.info\/wp-content\/uploads\/f-st-peters-basilica.jpg\" title=\"f-st-peters-basilica\"\/>\n<span class='ms-credits__info' id='media685'><svg xmlns=\"http:\/\/www.w3.org\/2000\/svg\" width=\"20\" height=\"22\" fill=\"#000000\" viewBox=\"0 0 256 256\"><path d=\"M128,24A104,104,0,1,0,232,128,104.11,104.11,0,0,0,128,24Zm0,192a88,88,0,1,1,88-88A88.1,88.1,0,0,1,128,216ZM96,128a32,32,0,0,0,57.6,19.2,8,8,0,0,1,12.8,9.61,48,48,0,1,1,0-57.62,8,8,0,0,1-12.8,9.61A32,32,0,0,0,96,128Z\"><\/path><\/svg>TTstudio\/<a href=https:\/\/sp.depositphotos.com\/48760351\/stock-photo-vatican-rome-st-peters-basilica.html rel='nofollow' target='_blank'>Depositphotos<\/a><\/span><span class='ms-credits__btn' id='btn_media685' onclick='ms_credits_trigger(\"#media685\", this)'><svg xmlns=\"http:\/\/www.w3.org\/2000\/svg\" class=\"info_icon\" width=\"28\" height=\"28\" fill=\"#FFF\" viewBox=\"0 0 256 256\"><path d=\"M128,24A104,104,0,1,0,232,128,104.11,104.11,0,0,0,128,24Zm0,192a88,88,0,1,1,88-88A88.1,88.1,0,0,1,128,216Zm16-40a8,8,0,0,1-8,8,16,16,0,0,1-16-16V128a8,8,0,0,1,0-16,16,16,0,0,1,16,16v40A8,8,0,0,1,144,176ZM112,84a12,12,0,1,1,12,12A12,12,0,0,1,112,84Z\"><\/path><\/svg><svg xmlns=\"http:\/\/www.w3.org\/2000\/svg\" class=\"close_icon\" width=\"28\" height=\"28\" fill=\"#FFF\" viewBox=\"0 0 256 256\"><path d=\"M165.66,101.66,139.31,128l26.35,26.34a8,8,0,0,1-11.32,11.32L128,139.31l-26.34,26.35a8,8,0,0,1-11.32-11.32L116.69,128,90.34,101.66a8,8,0,0,1,11.32-11.32L128,116.69l26.34-26.35a8,8,0,0,1,11.32,11.32ZM232,128A104,104,0,1,1,128,24,104.11,104.11,0,0,1,232,128Zm-16,0a88,88,0,1,0-88,88A88.1,88.1,0,0,0,216,128Z\"><\/path><\/svg><\/span><\/div>\n\n\n<p>Nenhuma visita a Roma fica completa sem primeiro p\u00f4r os p\u00e9s noutro pa\u00eds. A Cidade do Vaticano \u00e9 o microestado mais pequeno do mundo, e a Pra\u00e7a de S\u00e3o Pedro \u00e9 a introdu\u00e7\u00e3o perfeita a este lugar. Junta-te a milh\u00f5es de outros visitantes na descoberta de tudo o que esta pra\u00e7a monumental tem para oferecer.<\/p>\n\n\n\n<h2 class=\"wp-block-heading\">Destaques<\/h2>\n\n\n\n<ul class=\"ms-icon-list\">\n<li class=\"ms-icon-list__item\"><span class=\"gb-shape\"><svg viewBox=\"0 0 256 256\" fill=\"#000000\" height=\"32\" width=\"32\" xmlns=\"http:\/\/www.w3.org\/2000\/svg\"><path d=\"M232.49,80.49l-128,128a12,12,0,0,1-17,0l-56-56a12,12,0,1,1,17-17L96,183,215.51,63.51a12,12,0,0,1,17,17Z\"><\/path><\/svg><\/span><span class=\"gb-text\">S\u00ea recebido na pra\u00e7a pelas deslumbrantes colunatas de Bernini.<\/span><\/li>\n\n\n\n<li class=\"ms-icon-list__item\"><span class=\"gb-shape\"><svg viewBox=\"0 0 256 256\" fill=\"#000000\" height=\"32\" width=\"32\" xmlns=\"http:\/\/www.w3.org\/2000\/svg\"><path d=\"M232.49,80.49l-128,128a12,12,0,0,1-17,0l-56-56a12,12,0,1,1,17-17L96,183,215.51,63.51a12,12,0,0,1,17,17Z\"><\/path><\/svg><\/span><span class=\"gb-text\">Admira o antigo obelisco eg\u00edpcio no centro da pra\u00e7a.<\/span><\/li>\n\n\n\n<li class=\"ms-icon-list__item\"><span class=\"gb-shape\"><svg viewBox=\"0 0 256 256\" fill=\"#000000\" height=\"32\" width=\"32\" xmlns=\"http:\/\/www.w3.org\/2000\/svg\"><path d=\"M232.49,80.49l-128,128a12,12,0,0,1-17,0l-56-56a12,12,0,1,1,17-17L96,183,215.51,63.51a12,12,0,0,1,17,17Z\"><\/path><\/svg><\/span><span class=\"gb-text\">Visita a Bas\u00edlica de S\u00e3o Pedro, a igreja mais importante da Cristandade.<\/span><\/li>\n<\/ul>\n\n\n\n<div class=\"ms-rounded ms-mb-last-child-0 ms-mb-block ms-tfs--contrast ms-p ms-tfs\">\n<h3 class=\"gb-text ms-link-unstyled\">Bilhetes para a Bas\u00edlica de S\u00e3o Pedro<\/h3>\n\n\n\n<p class=\"ms-link-unstyled has-ms-color-neutral-darkest-color has-text-color has-link-color wp-elements-3a0990f902924c547d1d80ec3b353eed\">Se est\u00e1s a planear visitar a Bas\u00edlica de S\u00e3o Pedro, h\u00e1 v\u00e1rias formas de a explorar, consoante o teu or\u00e7amento e se queres ou n\u00e3o um guia. A entrada \u00e9 gratuita, mas as filas podem ser longas, por isso reservar um tour ou passe ajuda-te a poupar tempo.<\/p>\n\n\n\n<hr class=\"wp-block-separator has-alpha-channel-opacity\"\/>\n\n\n\n<p class=\"ms-link-unstyled has-ms-color-neutral-darkest-color has-text-color has-link-color wp-elements-5d5539d10bfba67af545cbcc8f1c3b7e\"><strong>\u2b50 Melhor Rela\u00e7\u00e3o Qualidade-Pre\u00e7o<\/strong><\/p>\n\n\n\n<ul class=\"wp-block-list has-ms-color-primary-color has-text-color has-link-color wp-elements-699c3245bbb7b62692ca48526b4c67a1\">\n<li class=\"ms-link-unstyled has-ms-color-neutral-darkest-color has-text-color has-link-color wp-elements-cbacee919a4b3e95507cae0448ea5767\"><a href=\"https:\/\/www.tiqets.com\/pt\/rome-attractions-c71631\/rome-tourist-card-p1013153\/?partner=romeinfo\" rel=\"nofollow noopener\"><strong><mark style=\"background-color:var(--ms-color-contrast-lightest)\" class=\"has-inline-color has-ms-color-primary-color\">Rome Tourist Card (mais vendido)<\/mark><\/strong><\/a> \u2013 Este passe abrangente inclui o <strong>Coliseu, F\u00f3rum Romano, Monte Palatino, Museus do Vaticano e Capela Sistina<\/strong>. Podes ainda escolher mais um: <strong>Bas\u00edlica de S\u00e3o Pedro (visita guiada de 1 hora), Castel Sant&#8217;Angelo ou Pante\u00e3o<\/strong>. Inclui tamb\u00e9m uma app de audioguia da cidade, <strong>10% de desconto<\/strong> noutras atra\u00e7\u00f5es e tours, e a op\u00e7\u00e3o de adicionar <strong>transfers do aeroporto<\/strong> na reserva.<\/li>\n\n\n\n<li class=\"ms-link-unstyled has-ms-color-neutral-darkest-color has-text-color has-link-color wp-elements-73ff1751b43500d0166b43d5e7aa13ed\"><a href=\"https:\/\/www.tiqets.com\/pt\/rome-attractions-c71631\/the-vatican-city-pass-p1012497\/?partner=romeinfo\" rel=\"nofollow noopener\"><strong><mark style=\"background-color:var(--ms-color-contrast-lightest)\" class=\"has-inline-color has-ms-color-primary-color\">Vatican City Pass<\/mark><\/strong><\/a> \u2013 Se o teu interesse s\u00e3o principalmente os monumentos do Vaticano, este passe cobre os <strong>Museus do Vaticano, a Capela Sistina e a Bas\u00edlica de S\u00e3o Pedro<\/strong> com acesso sem fila. Inclui tamb\u00e9m um audioguia de Roma ou entrada fast track no <strong>Castel Sant&#8217;Angelo<\/strong>.<\/li>\n\n\n\n<li class=\"ms-link-unstyled has-ms-color-neutral-darkest-color has-text-color has-link-color wp-elements-7ca3ec1426f881e7d941fef87a585ad4\"><a href=\"https:\/\/www.tiqets.com\/pt\/rome-attractions-c71631\/tickets-for-vatican-st-peters-basilica-audio-guide-p1054791\/?partner=romeinfo\" rel=\"nofollow noopener\"><mark style=\"background-color:var(--ms-color-contrast-lightest)\" class=\"has-inline-color has-ms-color-primary-color\"><strong>S\u00f3 Audioguia Digital<\/strong><\/mark><\/a> \u2013 <em>A op\u00e7\u00e3o mais econ\u00f3mica<\/em>. Explora ao teu ritmo com coment\u00e1rios \u00e1udio dispon\u00edveis em v\u00e1rios idiomas (chin\u00eas, ingl\u00eas, franc\u00eas, alem\u00e3o, italiano, espanhol).<\/li>\n<\/ul>\n\n\n\n<hr class=\"wp-block-separator has-alpha-channel-opacity\"\/>\n\n\n\n<p class=\"has-ms-text-color-color has-text-color has-link-color wp-elements-6ae331728c09183e35b60e55a57b0c3a\"><strong>\ud83c\udfad Melhor Experi\u00eancia<\/strong><\/p>\n\n\n\n<ul class=\"wp-block-list has-ms-color-primary-color has-text-color has-link-color wp-elements-016aa8f62ab49f0358d9f7a34205c9b6\">\n<li class=\"ms-link-unstyled has-ms-color-neutral-darkest-color has-text-color has-link-color wp-elements-1300c614dc0de9469151610d758b2c8f\"><a href=\"https:\/\/www.tiqets.com\/pt\/rome-attractions-c71631\/tickets-for-vatican-museums-sistine-chapel-st-peter-s-basilica-guided-tour-p1105898\/?partner=romeinfo\" rel=\"nofollow noopener\"><mark style=\"background-color:var(--ms-color-contrast-lightest)\" class=\"has-inline-color has-ms-color-primary-color\"><strong>Tour com Guia Completo<\/strong><\/mark><\/a> \u2013 Visita guiada de 3 horas \u00e0 <strong>Bas\u00edlica de S\u00e3o Pedro, Museus do Vaticano e Capela Sistina<\/strong>. Inclui acesso fast track, guia experiente e auriculares. Dispon\u00edvel em ingl\u00eas, franc\u00eas, alem\u00e3o, italiano e espanhol.<\/li>\n\n\n\n<li class=\"ms-link-unstyled has-ms-color-neutral-darkest-color has-text-color has-link-color wp-elements-1602f8d3cb3e281262b86a49e6e957a6\"><a href=\"https:\/\/www.tiqets.com\/pt\/rome-attractions-c71631\/tickets-for-st-peters-basilica-1-hour-express-guided-tour-p1092191\/?partner=romeinfo\" rel=\"nofollow noopener\"><mark style=\"background-color:var(--ms-color-contrast-lightest)\" class=\"has-inline-color has-ms-color-primary-color\"><strong>Tour Express com Guia (1 Hora)<\/strong><\/mark><\/a> \u2013 Se tens pouco tempo mas queres mesmo apreciar as maravilhas da <strong>Bas\u00edlica de S\u00e3o Pedro<\/strong>, o tour express de 1 hora \u00e9 uma boa escolha. Abrange a hist\u00f3ria, a arquitetura e as obras de arte mais importantes (incluindo as esculturas incr\u00edveis que parecem desafiar a gravidade).<\/li>\n<\/ul>\n\n\n\n<hr class=\"wp-block-separator has-alpha-channel-opacity\"\/>\n\n\n\n<p class=\"has-ms-color-neutral-darkest-color has-text-color has-link-color wp-elements-e2c56d4d58e607d68ee26c03465fd9f4\"><strong>\u2139\ufe0f Bom Saber<\/strong><\/p>\n\n\n\n<ul class=\"wp-block-list\">\n<li class=\"has-ms-text-color-color has-text-color has-link-color wp-elements-55b73d09d451633e0bb97c6da9db1e84\">Chega 15 a 30 minutos antes para garantir um in\u00edcio tranquilo da visita.<\/li>\n\n\n\n<li class=\"has-ms-text-color-color has-text-color has-link-color wp-elements-c73b00152d86103f3aeb0f52c6a73c8e\">A entrada na Bas\u00edlica de S\u00e3o Pedro \u00e9 gratuita, mas espera filas longas \u2014 at\u00e9 25 minutos nas horas de ponta.<\/li>\n\n\n\n<li class=\"has-ms-text-color-color has-text-color has-link-color wp-elements-503d2833f0fac8891c3f210919b082b7\">Cancelamento gratuito at\u00e9 24 horas em todos os bilhetes.<\/li>\n\n\n\n<li class=\"has-ms-text-color-color has-text-color has-link-color wp-elements-773e07b7eb2fe15560eeb5eb4e60888d\">A acessibilidade para cadeiras de rodas varia consoante o tour \u2014 consulta os detalhes antes de reservar.<\/li>\n<\/ul>\n\n\n\n<hr class=\"wp-block-separator has-alpha-channel-opacity\"\/>\n\n\n\n<div class=\"ms-cta-button-options ms-mb-block ms-cta\">\n<a class=\"gb-text ms-btn ms-btn--primary ms-shadow\" href=\"https:\/\/www.tiqets.com\/pt\/rome-attractions-c71631\/rome-tourist-card-p1013153\/?partner=romeinfo\" rel=\"nofollow noopener\">Rome Tourist Card<\/a>\n\n\n\n<a class=\"gb-text ms-btn ms-btn--outline-primary ms-shadow\" href=\"https:\/\/www.tiqets.com\/pt\/st-peters-basilica-tickets-l144143\/?partner=romeinfo\" rel=\"nofollow noopener\">Todas as op\u00e7\u00f5es de bilhetes<\/a>\n<\/div>\n<\/div>\n\n\n\n<div class=\"ms-query-section ms-mb-block\">\n<div class=\"ms-query-section-header\">\n<h3 class=\"gb-text ms-query-section__title\">Passes da Cidade de Roma<\/h3>\n<\/div>\n\n\n\n<p class=\"gb-text ms-query-section__description ms-text-sm\">Planeias visitar a Bas\u00edlica de S\u00e3o Pedro e outros locais? Estes passes incluem tudo numa \u00fanica reserva.<\/p>\n\n\n\n<div><\/div>\n<\/div>\n\n\n\n<p><a href=\"https:\/\/www.rome.info\/city-passes\/comparison\/\" data-type=\"link\" data-id=\"https:\/\/www.rome.info\/city-passes\/comparison\/\">Comparar Todos os Passes -&gt;<\/a><\/p>\n\n\n\n<h2 class=\"wp-block-heading\">O que Ver &amp; Fazer (Fotos)<\/h2>\n\n\n\n<p>A Pra\u00e7a de S\u00e3o Pedro \u00e9 uma das maiores e mais belas do mundo. Eis tudo o que n\u00e3o deves perder:<\/p>\n\n\n\n<h3 class=\"wp-block-heading\">A Forma e o Pavimento<\/h3>\n\n\n\n<figure><div class=\"ms-credits\">\n<img decoding=\"async\" class=\"gb-media-8510f87e\" alt=\"Vista da c\u00fapula da Bas\u00edlica de S\u00e3o Pedro para a Pra\u00e7a de S\u00e3o Pedro, as colunatas e a cidade de Roma ao fundo.\" src=\"https:\/\/www.rome.info\/wp-content\/uploads\/st-peters-basilica-dome-view-1747034799.jpg\" title=\"st-peters-basilica-dome-view-1747034799\"\/>\n<span class='ms-credits__info' id='media2720'><svg viewBox=\"0 0 24 24\" fill=\"none\" xmlns=\"http:\/\/www.w3.org\/2000\/svg\" width=\"20\" height=\"22\"><g stroke-width=\"0\"><\/g><g stroke-linecap=\"round\" stroke-linejoin=\"round\"><\/g><g id=\"SVGRepo_iconCarrier\"> <path d=\"M12 22C6.48 22 2 17.52 2 12C2 6.48 6.48 2 12 2C17.52 2 22 6.48 22 12C22 17.52 17.52 22 12 22Z\" stroke=\"#000\" stroke-width=\"1.5\" stroke-linecap=\"round\" stroke-linejoin=\"round\"><\/path> <path d=\"M10.88 14.1499C10.37 14.5899 9.70999 14.8699 8.98999 14.8699C7.40999 14.8699 6.12 13.5899 6.12 11.9999C6.12 10.4099 7.39999 9.12988 8.98999 9.12988C9.71999 9.12988 10.38 9.39985 10.88 9.84985\" stroke=\"#000\" stroke-width=\"1.5\" stroke-linecap=\"round\" stroke-linejoin=\"round\"><\/path> <path d=\"M17.88 14.1499C17.37 14.5899 16.71 14.8699 15.99 14.8699C14.41 14.8699 13.12 13.5899 13.12 11.9999C13.12 10.4099 14.4 9.12988 15.99 9.12988C16.72 9.12988 17.38 9.39985 17.88 9.84985\" stroke=\"#000\" stroke-width=\"1.5\" stroke-linecap=\"round\" stroke-linejoin=\"round\"><\/path> <\/g><\/svg> BY-SA 2.5 GenericG CHP\/<a href=https:\/\/commons.wikimedia.org\/wiki\/File:Rome_Saint_Peter%27s_Square_view_from_the_dome_of_Saint_Peter%27s_Basilica_3.jpg rel='nofollow' target='_blank'>Wikimedia Commons<\/a><\/span><span class='ms-credits__btn' id='btn_media2720' onclick='ms_credits_trigger(\"#media2720\", this)'><svg xmlns=\"http:\/\/www.w3.org\/2000\/svg\" class=\"info_icon\" width=\"28\" height=\"28\" fill=\"#FFF\" viewBox=\"0 0 256 256\"><path d=\"M128,24A104,104,0,1,0,232,128,104.11,104.11,0,0,0,128,24Zm0,192a88,88,0,1,1,88-88A88.1,88.1,0,0,1,128,216Zm16-40a8,8,0,0,1-8,8,16,16,0,0,1-16-16V128a8,8,0,0,1,0-16,16,16,0,0,1,16,16v40A8,8,0,0,1,144,176ZM112,84a12,12,0,1,1,12,12A12,12,0,0,1,112,84Z\"><\/path><\/svg><svg xmlns=\"http:\/\/www.w3.org\/2000\/svg\" class=\"close_icon\" width=\"28\" height=\"28\" fill=\"#FFF\" viewBox=\"0 0 256 256\"><path d=\"M165.66,101.66,139.31,128l26.35,26.34a8,8,0,0,1-11.32,11.32L128,139.31l-26.34,26.35a8,8,0,0,1-11.32-11.32L116.69,128,90.34,101.66a8,8,0,0,1,11.32-11.32L128,116.69l26.34-26.35a8,8,0,0,1,11.32,11.32ZM232,128A104,104,0,1,1,128,24,104.11,104.11,0,0,1,232,128Zm-16,0a88,88,0,1,0-88,88A88.1,88.1,0,0,0,216,128Z\"><\/path><\/svg><\/span><\/div>\n\n\n<figcaption class=\"gb-text\">Vista a\u00e9rea da Pra\u00e7a de S\u00e3o Pedro.<\/figcaption>\n<\/figure>\n\n\n\n<p>A Pra\u00e7a de S\u00e3o Pedro \u00e9 bastante singular porque \u00e9 composta por duas partes de formas diferentes: o corpo principal da pra\u00e7a, que \u00e9 el\u00edptico, e a sec\u00e7\u00e3o trapezoidal em frente \u00e0 bas\u00edlica.&nbsp;<\/p>\n\n\n\n<p>Bernini desenhou a sec\u00e7\u00e3o trapezoidal por necessidade, pois tinha pouco espa\u00e7o dispon\u00edvel, mas hoje \u00e9 considerada uma &#8220;obra-prima do teatro Barroco&#8221; por criar uma perspetiva elevada para os visitantes que saem da bas\u00edlica.<\/p>\n\n\n\n<p>A pra\u00e7a, pavimentada a paralelep\u00edpedos (como a maioria de Roma), est\u00e1 tamb\u00e9m decorada com linhas de travertino branco em padr\u00e3o geom\u00e9trico, conferindo-lhe um aspeto harmonioso.<\/p>\n\n\n\n<p>Anos mais tarde, foram adicionadas pedras com os signos do zod\u00edaco na base do obelisco, transformando-o no gn\u00f4mon de um rel\u00f3gio de sol. Ao meio-dia, a sombra indica o signo atual.<\/p>\n\n\n\n<h3 class=\"wp-block-heading\">O Obelisco<\/h3>\n\n\n<div class=\"ms-credits\">\n<img decoding=\"async\" class=\"gb-media-d70c7cb8\" alt=\"O obelisco central da Pra\u00e7a de S\u00e3o Pedro com a Bas\u00edlica de S\u00e3o Pedro e a sua c\u00fapula ao fundo.\" src=\"https:\/\/www.rome.info\/wp-content\/uploads\/st-peters-square-obelisk-1747035954.jpg\" title=\"st-peters-square-obelisk-1747035954\"\/>\n<span class='ms-credits__info' id='media2721'>Pexels LicenseSlimMars 13\/<a href=https:\/\/www.pexels.com\/photo\/city-place-with-cathedral-and-monument-12044711\/ rel='nofollow' target='_blank'>Pexels<\/a><\/span><span class='ms-credits__btn' id='btn_media2721' onclick='ms_credits_trigger(\"#media2721\", this)'><svg xmlns=\"http:\/\/www.w3.org\/2000\/svg\" class=\"info_icon\" width=\"28\" height=\"28\" fill=\"#FFF\" viewBox=\"0 0 256 256\"><path d=\"M128,24A104,104,0,1,0,232,128,104.11,104.11,0,0,0,128,24Zm0,192a88,88,0,1,1,88-88A88.1,88.1,0,0,1,128,216Zm16-40a8,8,0,0,1-8,8,16,16,0,0,1-16-16V128a8,8,0,0,1,0-16,16,16,0,0,1,16,16v40A8,8,0,0,1,144,176ZM112,84a12,12,0,1,1,12,12A12,12,0,0,1,112,84Z\"><\/path><\/svg><svg xmlns=\"http:\/\/www.w3.org\/2000\/svg\" class=\"close_icon\" width=\"28\" height=\"28\" fill=\"#FFF\" viewBox=\"0 0 256 256\"><path d=\"M165.66,101.66,139.31,128l26.35,26.34a8,8,0,0,1-11.32,11.32L128,139.31l-26.34,26.35a8,8,0,0,1-11.32-11.32L116.69,128,90.34,101.66a8,8,0,0,1,11.32-11.32L128,116.69l26.34-26.35a8,8,0,0,1,11.32,11.32ZM232,128A104,104,0,1,1,128,24,104.11,104.11,0,0,1,232,128Zm-16,0a88,88,0,1,0-88,88A88.1,88.1,0,0,0,216,128Z\"><\/path><\/svg><\/span><\/div>\n\n\n<p>O elemento central da pra\u00e7a \u00e9 um obelisco do Antigo Egito trazido para Roma no ano 37 d.C. pelo Imperador Cal\u00edgula. Inicialmente colocado no centro do Circo de Nero, foi transferido para o local atual em 1586 por ordem do Papa Sisto V.<\/p>\n\n\n\n<p>O obelisco foi na verdade transferido para o Vaticano quase cem anos antes de a pra\u00e7a atual ser constru\u00edda. Por isso, em vez de o obelisco ter sido colocado na pra\u00e7a de Bernini, a pra\u00e7a de Bernini foi desenhada em torno do obelisco.<\/p>\n\n\n\n<h3 class=\"wp-block-heading\">As Fontes<\/h3>\n\n\n\n<p>De cada lado do obelisco ficam duas grandes fontes. A primeira tamb\u00e9m \u00e9 anterior \u00e0 pra\u00e7a e foi constru\u00edda pelo arquiteto Carlo Maderno. Tem uma base octogonal, uma grande bacia e uma tampa em forma de cogumelo de onde jorra a \u00e1gua. Foi constru\u00edda sobre um aqueduto restaurado.<\/p>\n\n\n\n<figure><div class=\"ms-credits\">\n<img decoding=\"async\" class=\"gb-media-cb6df2c6\" alt=\"A fonte de Bernini na Pra\u00e7a de S\u00e3o Pedro com a fachada iluminada da Bas\u00edlica de S\u00e3o Pedro.\" src=\"https:\/\/www.rome.info\/wp-content\/uploads\/st-peters-square-bernini-fountain-1747036867.jpg\" title=\"st-peters-square-bernini-fountain-1747036867\"\/>\n<span class='ms-credits__info' id='media2724'><svg xmlns=\"http:\/\/www.w3.org\/2000\/svg\" width=\"20\" height=\"22\" fill=\"#000000\" viewBox=\"0 0 256 256\"><path d=\"M128,24A104,104,0,1,0,232,128,104.11,104.11,0,0,0,128,24Zm0,192a88,88,0,1,1,88-88A88.1,88.1,0,0,1,128,216ZM96,128a32,32,0,0,0,57.6,19.2,8,8,0,0,1,12.8,9.61,48,48,0,1,1,0-57.62,8,8,0,0,1-12.8,9.61A32,32,0,0,0,96,128Z\"><\/path><\/svg>pyty\/<a href=https:\/\/depositphotos.com\/photo\/bernini-fountain-at-st-peters-basilica-st-peters-square-vatican-271314140.html rel='nofollow' target='_blank'>Depositphotos<\/a><\/span><span class='ms-credits__btn' id='btn_media2724' onclick='ms_credits_trigger(\"#media2724\", this)'><svg xmlns=\"http:\/\/www.w3.org\/2000\/svg\" class=\"info_icon\" width=\"28\" height=\"28\" fill=\"#FFF\" viewBox=\"0 0 256 256\"><path d=\"M128,24A104,104,0,1,0,232,128,104.11,104.11,0,0,0,128,24Zm0,192a88,88,0,1,1,88-88A88.1,88.1,0,0,1,128,216Zm16-40a8,8,0,0,1-8,8,16,16,0,0,1-16-16V128a8,8,0,0,1,0-16,16,16,0,0,1,16,16v40A8,8,0,0,1,144,176ZM112,84a12,12,0,1,1,12,12A12,12,0,0,1,112,84Z\"><\/path><\/svg><svg xmlns=\"http:\/\/www.w3.org\/2000\/svg\" class=\"close_icon\" width=\"28\" height=\"28\" fill=\"#FFF\" viewBox=\"0 0 256 256\"><path d=\"M165.66,101.66,139.31,128l26.35,26.34a8,8,0,0,1-11.32,11.32L128,139.31l-26.34,26.35a8,8,0,0,1-11.32-11.32L116.69,128,90.34,101.66a8,8,0,0,1,11.32-11.32L128,116.69l26.34-26.35a8,8,0,0,1,11.32,11.32ZM232,128A104,104,0,1,1,128,24,104.11,104.11,0,0,1,232,128Zm-16,0a88,88,0,1,0-88,88A88.1,88.1,0,0,0,216,128Z\"><\/path><\/svg><\/span><\/div>\n\n\n<figcaption class=\"gb-text\">A fonte de Bernini no lado sul da Pra\u00e7a de S\u00e3o Pedro.<\/figcaption>\n<\/figure>\n\n\n\n<p>A outra fonte, constru\u00edda por Bernini anos mais tarde, foi desenhada para se assemelhar \u00e0 sua companheira, tornando a pra\u00e7a sim\u00e9trica, embora seja muito diferente do estilo elaborado habitual de Bernini.<\/p>\n\n\n\n<h3 class=\"wp-block-heading\">As Colunatas<\/h3>\n\n\n\n<figure><div class=\"ms-credits\">\n<img decoding=\"async\" class=\"gb-media-08b272da\" alt=\"Est\u00e1tuas de santos no topo da colunata curva da Pra\u00e7a de S\u00e3o Pedro.\" src=\"https:\/\/www.rome.info\/wp-content\/uploads\/st-peters-square-colonnade-statues-1747036290.jpg\" title=\"st-peters-square-colonnade-statues-1747036290\"\/>\n<span class='ms-credits__info' id='media2723'>Pexels LicenseJiri Ikonomidis\/<a href=https:\/\/www.pexels.com\/photo\/sculptures-on-rooftop-of-st-peters-basilica-24981455\/ rel='nofollow' target='_blank'>Pexels<\/a><\/span><span class='ms-credits__btn' id='btn_media2723' onclick='ms_credits_trigger(\"#media2723\", this)'><svg xmlns=\"http:\/\/www.w3.org\/2000\/svg\" class=\"info_icon\" width=\"28\" height=\"28\" fill=\"#FFF\" viewBox=\"0 0 256 256\"><path d=\"M128,24A104,104,0,1,0,232,128,104.11,104.11,0,0,0,128,24Zm0,192a88,88,0,1,1,88-88A88.1,88.1,0,0,1,128,216Zm16-40a8,8,0,0,1-8,8,16,16,0,0,1-16-16V128a8,8,0,0,1,0-16,16,16,0,0,1,16,16v40A8,8,0,0,1,144,176ZM112,84a12,12,0,1,1,12,12A12,12,0,0,1,112,84Z\"><\/path><\/svg><svg xmlns=\"http:\/\/www.w3.org\/2000\/svg\" class=\"close_icon\" width=\"28\" height=\"28\" fill=\"#FFF\" viewBox=\"0 0 256 256\"><path d=\"M165.66,101.66,139.31,128l26.35,26.34a8,8,0,0,1-11.32,11.32L128,139.31l-26.34,26.35a8,8,0,0,1-11.32-11.32L116.69,128,90.34,101.66a8,8,0,0,1,11.32-11.32L128,116.69l26.34-26.35a8,8,0,0,1,11.32,11.32ZM232,128A104,104,0,1,1,128,24,104.11,104.11,0,0,1,232,128Zm-16,0a88,88,0,1,0-88,88A88.1,88.1,0,0,0,216,128Z\"><\/path><\/svg><\/span><\/div>\n\n\n<figcaption class=\"gb-text\">Est\u00e1tuas de santos nas colunatas da Pra\u00e7a de S\u00e3o Pedro.<\/figcaption>\n<\/figure>\n\n\n\n<p>As colunatas s\u00e3o sem d\u00favida o elemento mais impressionante da pra\u00e7a. Constru\u00eddas em torno da forma el\u00edptica da pra\u00e7a, as colunatas t\u00eam quatro filas de profundidade e foram erguidas a uma escala imponente. Bernini optou deliberadamente pelo estilo mais simples, a ordem d\u00f3rica, para que as colunas n\u00e3o entrassem em conflito com as mais elaboradas da fachada da bas\u00edlica.<\/p>\n\n\n\n<p>No topo das colunatas est\u00e3o 140 est\u00e1tuas maiores do que o natural. Representam v\u00e1rios Santos e M\u00e1rtires e levaram mais de dez anos a concluir.<\/p>\n\n\n\n<p>As colunatas foram desenhadas para parecer acolhedoras. Segundo o arquiteto que as projetou, Bernini, destinavam-se a abra\u00e7ar os visitantes nos &#8220;bra\u00e7os maternais da Igreja&#8221;.<\/p>\n\n\n\n<h3 class=\"wp-block-heading\">Bas\u00edlica de S\u00e3o Pedro<\/h3>\n\n\n\n<p>Nenhuma visita \u00e0 Pra\u00e7a de S\u00e3o Pedro fica completa sem uma visita \u00e0 bas\u00edlica para a qual foi desenhada. A Bas\u00edlica de S\u00e3o Pedro n\u00e3o \u00e9 apenas a maior igreja do mundo, mas tamb\u00e9m a sede da Igreja Cat\u00f3lica Romana.<\/p>\n\n\n\n<figure><div class=\"ms-credits\">\n<img decoding=\"async\" class=\"gb-media-a12a0058\" alt=\"C\u00fapula da Bas\u00edlica de S\u00e3o Pedro\" src=\"https:\/\/www.rome.info\/wp-content\/uploads\/f-cupola-dome-of-st-peters-basilica.jpg\" title=\"Cupola Dome of St. Peter's Basilica\"\/>\n<span class='ms-credits__info' id='media822'>Pixabay LicenseBMeyendriesch\/<a href=https:\/\/pixabay.com\/photos\/building-church-sacred-building-6862617\/ rel='nofollow' target='_blank'>Pixabay<\/a><\/span><span class='ms-credits__btn' id='btn_media822' onclick='ms_credits_trigger(\"#media822\", this)'><svg xmlns=\"http:\/\/www.w3.org\/2000\/svg\" class=\"info_icon\" width=\"28\" height=\"28\" fill=\"#FFF\" viewBox=\"0 0 256 256\"><path d=\"M128,24A104,104,0,1,0,232,128,104.11,104.11,0,0,0,128,24Zm0,192a88,88,0,1,1,88-88A88.1,88.1,0,0,1,128,216Zm16-40a8,8,0,0,1-8,8,16,16,0,0,1-16-16V128a8,8,0,0,1,0-16,16,16,0,0,1,16,16v40A8,8,0,0,1,144,176ZM112,84a12,12,0,1,1,12,12A12,12,0,0,1,112,84Z\"><\/path><\/svg><svg xmlns=\"http:\/\/www.w3.org\/2000\/svg\" class=\"close_icon\" width=\"28\" height=\"28\" fill=\"#FFF\" viewBox=\"0 0 256 256\"><path d=\"M165.66,101.66,139.31,128l26.35,26.34a8,8,0,0,1-11.32,11.32L128,139.31l-26.34,26.35a8,8,0,0,1-11.32-11.32L116.69,128,90.34,101.66a8,8,0,0,1,11.32-11.32L128,116.69l26.34-26.35a8,8,0,0,1,11.32,11.32ZM232,128A104,104,0,1,1,128,24,104.11,104.11,0,0,1,232,128Zm-16,0a88,88,0,1,0-88,88A88.1,88.1,0,0,0,216,128Z\"><\/path><\/svg><\/span><\/div>\n\n\n<figcaption class=\"gb-text\">Interior da Bas\u00edlica de S\u00e3o Pedro \u2014 a olhar para a magn\u00edfica c\u00fapula desenhada por Miguel \u00c2ngelo.<\/figcaption>\n<\/figure>\n\n\n\n<p>Embora o pr\u00f3prio edif\u00edcio seja uma obra de arte extraordin\u00e1ria, o interior est\u00e1 tamb\u00e9m repleto de obras-primas art\u00edsticas e arquitet\u00f3nicas de artistas como Rafael e Miguel \u00c2ngelo.&nbsp;<\/p>\n\n\n\n<p>Se estiveres na pra\u00e7a na P\u00e1scoa, no Natal ou ocasionalmente nas manh\u00e3s de quarta-feira, podes mesmo ver o Papa a acenar da varanda da fachada.<\/p>\n\n\n\n<h2 class=\"wp-block-heading\">Como Chegar<\/h2>\n\n\n\n<p>A Pra\u00e7a de S\u00e3o Pedro fica na Cidade do Vaticano, a norte do centro de Roma. \u00c9 facilmente acess\u00edvel de <a href=\"https:\/\/www.rome.info\/transport\/public-transport\/\">transportes p\u00fablicos<\/a>.<\/p>\n\n\n\n<ul class=\"wp-block-list\">\n<li><a href=\"https:\/\/www.rome.info\/transport\/public-transport\/metro\/\">Metro<\/a>: Linha A &#8211; <em>Ottaviano-S. Pietro <\/em>ou <em>Cipro<\/em><\/li>\n\n\n\n<li><a href=\"https:\/\/www.rome.info\/transport\/public-transport\/bus\/\">Autocarro<\/a>: As linhas 40, 46, 64, 23, 98, 280, 881, 916 e 982 t\u00eam paragem nas proximidades.<\/li>\n\n\n\n<li><a href=\"https:\/\/www.rome.info\/transport\/public-transport\/tram\/\">El\u00e9trico<\/a>: 19 &#8211; <em>Piazza del Risorgimento<\/em><\/li>\n\n\n\n<li><a href=\"https:\/\/www.rome.info\/transport\/trains\/\">Comboio<\/a>: <em>San Pietro<\/em><\/li>\n<\/ul>\n\n\n\n<h2 class=\"wp-block-heading\">Mapa &amp; Morada (Localiza\u00e7\u00e3o)<\/h2>\n\n\n\n<address class=\"ms-mapblock ms-mb-block\">\n\t\n\t\t<h4>\n\t\t\tSt. Peter&#8217;s Square\t\t<\/h2>\n\n\t\t<p class=\"ms-mb-0\">\n            <img decoding=\"async\" class=\"ms-mapblock__map ms-rounded\" src=\"https:\/\/www.rome.info\/pt\/wp-content\/uploads\/sites\/11\/maps\/staticmap_-33.9424837_18.4667742_14_768x432.png\" alt=\"St. Peter&#039;s Square\" \/>\n\t\t<\/p>\n\n\t\t<p class=\"ms-text-sm ms-text-muted\">\n\t\t\t423 Main Rd, Corner Of, SHOP9, Anzio Rd, Observatory, Cape Town, 7925, South Africa \u00b7\n\t\t\t<a rel=\"nofollow noopener\" target=\"_blank\" href=\"https:\/\/maps.google.com\/?q=-33.9424837,18.4667742\">Google Maps<\/a>\n\t\t<\/p>\n\n\t<\/address>\n\n\n<h2 class=\"wp-block-heading\">Sabias Que: (5 Factos Curiosos)<\/h2>\n\n\n\n<ol class=\"wp-block-list\">\n<li>Esta pra\u00e7a gigantesca tem 320 m de comprimento e 240 m de largura, e pode acolher a impressionante cifra de 300 000 pessoas.<\/li>\n\n\n\n<li>O obelisco no centro da pra\u00e7a \u00e9 o \u00fanico obelisco de Roma que n\u00e3o foi derrubado desde a Antiguidade.<\/li>\n\n\n\n<li>A estrada de 500 metros conhecida como Via della Conciliazione, que liga a Pra\u00e7a de S\u00e3o Pedro ao Castel Sant&#8217;Angelo, foi encomendada pelo ditador fascista Mussolini nos anos 30. Oferece uma vista espetacular e desimpedida da igreja, embora muitos edif\u00edcios hist\u00f3ricos tenham sido demolidos para a criar.<\/li>\n\n\n\n<li>A Cidade do Vaticano tem o seu pr\u00f3prio correio na pra\u00e7a, onde podes enviar uma carta a um ente querido com um selo \u00fanico do Vaticano.<\/li>\n\n\n\n<li>A pra\u00e7a tem um total de 284 colunas e 88 pilastras.<\/li>\n<\/ol>\n\n\n\n<h2 class=\"wp-block-heading\">Hist\u00f3ria<\/h2>\n\n\n\n<p>A Pra\u00e7a de S\u00e3o Pedro \u00e9 um dos espa\u00e7os p\u00fablicos mais ic\u00f3nicos do mundo, desenhado para abra\u00e7ar os visitantes nos bra\u00e7os da Igreja Cat\u00f3lica. A obra-prima de Bernini cria uma chegada dram\u00e1tica \u00e0 bas\u00edlica mais importante do Cristianismo.<\/p>\n\n\n\n<div class=\"ms-timeline-list\">\n<div class=\"ms-timeline-item\">\n<p class=\"gb-text ms-timeline-item__time\">S\u00e9culo XVII<\/p>\n\n\n\n<p class=\"gb-text\">O Papa Alexandre VII encomendou a constru\u00e7\u00e3o de uma nova pra\u00e7a para real\u00e7ar a magnific\u00eancia da Bas\u00edlica de S\u00e3o Pedro e acolher grandes multid\u00f5es.<\/p>\n<\/div>\n\n\n\n<div class=\"ms-timeline-item\">\n<p class=\"gb-text ms-timeline-item__time\">1656-1667<\/p>\n\n\n\n<p class=\"gb-text\">Gian Lorenzo Bernini construiu a pra\u00e7a sob a supervis\u00e3o do Papa Alexandre VII.<\/p>\n<\/div>\n\n\n\n<div class=\"ms-timeline-item\">\n<p class=\"gb-text ms-timeline-item__time\">1670<\/p>\n\n\n\n<p class=\"gb-text\">Os disc\u00edpulos de Bernini continuaram o trabalho, adicionando est\u00e1tuas de santos no topo das colunatas.<\/p>\n<\/div>\n\n\n\n<div class=\"ms-timeline-item\">\n<p class=\"gb-text ms-timeline-item__time\">1675<\/p>\n\n\n\n<p class=\"gb-text\">Bernini regressou para construir uma segunda fonte \u00e0 imagem da de Carlo Maderno, de 1614.<\/p>\n<\/div>\n\n\n\n<div class=\"ms-timeline-item\">\n<p class=\"gb-text ms-timeline-item__time\">1680<\/p>\n\n\n\n<p class=\"gb-text\">Bernini morreu cinco anos ap\u00f3s concluir o seu \u00faltimo trabalho na pra\u00e7a.<\/p>\n<\/div>\n\n\n\n<div class=\"ms-timeline-item\">\n<p class=\"gb-text ms-timeline-item__time\">Atualidade<\/p>\n\n\n\n<p class=\"gb-text\">A pra\u00e7a recebe milh\u00f5es de peregrinos e turistas por ano e serve de local para as Audi\u00eancias Papais.<\/p>\n<\/div>\n<\/div>\n","protected":false},"excerpt":{"rendered":"<p>Visita o papa numa das pra\u00e7as mais famosas do mundo.<\/p>\n","protected":false},"author":9,"featured_media":479,"parent":0,"menu_order":0,"template":"","meta":{"_acf_changed":false,"button_url":"https:\/\/www.tiqets.com\/pt\/saint-peter's-square-l145161\/?partner=romeinfo","product_id":"","street_address":", ","city":"","country":"","postal_code":"00120","lattitude":"41.9022225","longitude":"12.4567283","rank_math_title":"Pra\u00e7a de S\u00e3o Pedro (Piazza San Pietro): Guia de Visita %currentyear%","rank_math_description":"Planeia a tua visita \u00e0 Pra\u00e7a de S\u00e3o Pedro na Cidade do Vaticano: colunatas de Bernini, o obelisco eg\u00edpcio e a Bas\u00edlica de S\u00e3o Pedro."},"attraction-types":[19,24],"producer":[36],"class_list":["post-319","attraction","type-attraction","status-publish","has-post-thumbnail","hentry","attraction-types-vaticano","attraction-types-pracas"],"acf":[],"location_schema":{"product_id":"","street_address":", ","city":"","country":"","postal_code":"00120","lattitude":"41.9022225","longitude":"12.4567283"},"_links":{"self":[{"href":"https:\/\/www.rome.info\/pt\/wp-json\/wp\/v2\/attraction\/319","targetHints":{"allow":["GET"]}}],"collection":[{"href":"https:\/\/www.rome.info\/pt\/wp-json\/wp\/v2\/attraction"}],"about":[{"href":"https:\/\/www.rome.info\/pt\/wp-json\/wp\/v2\/types\/attraction"}],"author":[{"embeddable":true,"href":"https:\/\/www.rome.info\/pt\/wp-json\/wp\/v2\/users\/9"}],"wp:featuredmedia":[{"embeddable":true,"href":"https:\/\/www.rome.info\/pt\/wp-json\/wp\/v2\/media\/479"}],"wp:attachment":[{"href":"https:\/\/www.rome.info\/pt\/wp-json\/wp\/v2\/media?parent=319"}],"wp:term":[{"taxonomy":"attraction-types","embeddable":true,"href":"https:\/\/www.rome.info\/pt\/wp-json\/wp\/v2\/attraction-types?post=319"},{"taxonomy":"producer","embeddable":true,"href":"https:\/\/www.rome.info\/pt\/wp-json\/wp\/v2\/producer?post=319"}],"curies":[{"name":"wp","href":"https:\/\/api.w.org\/{rel}","templated":true}]}}