{"id":317,"date":"2026-04-25T18:28:26","date_gmt":"2026-04-25T16:28:26","guid":{"rendered":"https:\/\/www.rome.info\/pt\/?post_type=attraction&#038;p=317"},"modified":"2026-04-27T14:18:56","modified_gmt":"2026-04-27T12:18:56","slug":"forum-romano","status":"publish","type":"attraction","link":"https:\/\/www.rome.info\/pt\/atracoes\/forum-romano\/","title":{"rendered":"F\u00f3rum Romano"},"content":{"rendered":"\n<p>Descobre o centro da sociedade romana no F\u00f3rum, onde as leis eram decretadas, a pol\u00edtica discutida e os bens trocados.&nbsp;<\/p>\n\n\n\n<p>Este \u00e9 o cora\u00e7\u00e3o pulsante da Roma Antiga: um inigual\u00e1vel centro social, econ\u00f3mico, religioso e pol\u00edtico.<\/p>\n\n\n\n<figure><div class=\"ms-credits\">\n<img decoding=\"async\" class=\"gb-media-17a6a02f\" alt=\"Vista a\u00e9rea do F\u00f3rum Romano\" src=\"https:\/\/www.rome.info\/wp-content\/uploads\/f-roman-forum-aerial-view.jpg\" title=\"Aerial View of the Roman Forum\" \/>\n<span class='ms-credits__info' id='media837'>Pixabay LicenseSCAPIN\/<a href=https:\/\/pixabay.com\/photos\/rome-italy-antique-roman-forum-953367\/ rel='nofollow' target='_blank'>Pixabay<\/a><\/span><span class='ms-credits__btn' id='btn_media837' onclick='ms_credits_trigger(\"#media837\", this)'><svg xmlns=\"http:\/\/www.w3.org\/2000\/svg\" class=\"info_icon\" width=\"28\" height=\"28\" fill=\"#FFF\" viewBox=\"0 0 256 256\"><path d=\"M128,24A104,104,0,1,0,232,128,104.11,104.11,0,0,0,128,24Zm0,192a88,88,0,1,1,88-88A88.1,88.1,0,0,1,128,216Zm16-40a8,8,0,0,1-8,8,16,16,0,0,1-16-16V128a8,8,0,0,1,0-16,16,16,0,0,1,16,16v40A8,8,0,0,1,144,176ZM112,84a12,12,0,1,1,12,12A12,12,0,0,1,112,84Z\"><\/path><\/svg><svg xmlns=\"http:\/\/www.w3.org\/2000\/svg\" class=\"close_icon\" width=\"28\" height=\"28\" fill=\"#FFF\" viewBox=\"0 0 256 256\"><path d=\"M165.66,101.66,139.31,128l26.35,26.34a8,8,0,0,1-11.32,11.32L128,139.31l-26.34,26.35a8,8,0,0,1-11.32-11.32L116.69,128,90.34,101.66a8,8,0,0,1,11.32-11.32L128,116.69l26.34-26.35a8,8,0,0,1,11.32,11.32ZM232,128A104,104,0,1,1,128,24,104.11,104.11,0,0,1,232,128Zm-16,0a88,88,0,1,0-88,88A88.1,88.1,0,0,0,216,128Z\"><\/path><\/svg><\/span><\/div>\n\n\n<figcaption class=\"gb-text\">O F\u00f3rum Romano fica no centro da cidade antiga de Roma.<\/figcaption>\n<\/figure>\n\n\n\n<div class=\"ms-rounded ms-mb-last-child-0 ms-mb-block ms-tfs--contrast ms-p ms-tfs\">\n<h3 class=\"gb-text\">Bilhetes para o F\u00f3rum Romano<\/h3>\n\n\n\n<p class=\"gb-text\">Se est\u00e1s a planear visitar o F\u00f3rum Romano, \u00e9 boa ideia reservar os bilhetes com anteced\u00eancia. Evitas as grandes filas e aproveitras melhor a visita. H\u00e1 algumas op\u00e7\u00f5es consoante a forma como gostas de explorar; aqui ficam as que recomendo:<\/p>\n\n\n\n<hr class=\"wp-block-separator has-alpha-channel-opacity\"\/>\n\n\n\n<p class=\"gb-text\"><em>Nota: Os bilhetes para o Coliseu, o Monte Palatino e o F\u00f3rum Romano s\u00e3o geralmente combinados, uma vez que os locais ficam mesmo ao lado uns dos outros e estavam historicamente ligados.<\/em><\/p>\n\n\n\n<hr class=\"wp-block-separator has-alpha-channel-opacity\"\/>\n\n\n\n<p class=\"ms-link-unstyled\"><strong>\ud83c\udfa7 <a href=\"https:\/\/www.tiqets.com\/pt\/rome-attractions-c71631\/admission-for-colosseum-roman-forum-audio-guide-p975871\/?partner=romeinfo\" rel=\"nofollow noopener\">Coliseu &amp; F\u00f3rum Romano &amp; Monte Palatino com Audioguia<\/a><\/strong><\/p>\n\n\n\n<p>A op\u00e7\u00e3o mais econ\u00f3mica para visitar os tr\u00eas monumentos principais com uma app de audioguia digital que explica a hist\u00f3ria enquanto explores. Dispon\u00edvel em 7 idiomas: chin\u00eas, ingl\u00eas, franc\u00eas, alem\u00e3o, italiano, portugu\u00eas e espanhol.<\/p>\n\n\n\n<p class=\"ms-link-unstyled\"><strong>\ud83c\udfa5 <a href=\"https:\/\/www.tiqets.com\/pt\/rome-attractions-c71631\/tickets-for-roman-forum-and-palatine-hill-entry-with-multimedia-video-p1052591\/?partner=romeinfo\" rel=\"nofollow noopener\">F\u00f3rum Romano &amp; Monte Palatino com V\u00eddeo Multim\u00e9dia<\/a><\/strong><\/p>\n\n\n\n<p>Tens bilhetes de entrada para o <strong>F\u00f3rum Romano e o Monte Palatino,<\/strong> mais um v\u00eddeo de 25 minutos sobre os locais. Sem guia ao vivo, mas podes mover-te ao teu ritmo. Boa op\u00e7\u00e3o se queres algum contexto visual mas preferes explorar sozinho.<\/p>\n\n\n\n<p class=\"ms-link-unstyled\"><strong>\ud83c\udfab <a href=\"https:\/\/www.tiqets.com\/pt\/rome-attractions-c71631\/tickets-for-roman-forum-palatine-hill-guided-tour-p1098077\/?partner=romeinfo\" rel=\"nofollow noopener\">Tour Guiado pelo F\u00f3rum Romano &amp; Monte Palatino<\/a><\/strong><\/p>\n\n\n\n<p>Este tem um guia que te acompanha durante 3 horas, a partir das 9h30. Em ingl\u00eas, com auriculares inclu\u00eddos, e a entrada fica a cargo deles. Limitado a 24 pessoas para uma experi\u00eancia mais personalizada.<\/p>\n\n\n\n<p class=\"ms-link-unstyled\"><strong>\ud83c\udfdb\ufe0f <a href=\"https:\/\/www.tiqets.com\/pt\/rome-attractions-c71631\/rome-tourist-card-p1013153\/?partner=romeinfo\" rel=\"nofollow noopener\">Rome Tourist Card<\/a><\/strong><\/p>\n\n\n\n<p>Este passe abrangente inclui <strong>o Coliseu, o F\u00f3rum Romano, o Monte Palatino, os Museus do Vaticano e muito mais<\/strong>, juntamente com um audioguia da cidade e um desconto de 10% noutras atra\u00e7\u00f5es.<\/p>\n\n\n\n<p>Podes agora tamb\u00e9m <strong>reservar o transfer do aeroporto<\/strong> ao comprar o cart\u00e3o. Isso inclui os <strong>autocarros dos aeroportos de Fiumicino e Ciampino<\/strong>, ou o comboio <strong>Leonardo Express<\/strong>. \u00c9 uma boa escolha se planeias visitar v\u00e1rios monumentos em Roma.<\/p>\n\n\n\n<hr class=\"wp-block-separator has-alpha-channel-opacity\"\/>\n\n\n\n<div class=\"ms-cta-button-options ms-mb-block ms-cta\">\n<a class=\"gb-text ms-btn ms-btn--primary ms-shadow\" href=\"https:\/\/www.tiqets.com\/pt\/rome-attractions-c71631\/rome-tourist-card-p1013153\/?partner=romeinfo&#038;tq_campaign=ticket_options\" rel=\"nofollow noopener\">Rome Tourist Card<\/a>\n\n\n\n<a class=\"gb-text ms-btn ms-btn--outline-primary ms-shadow\" rel=\"nofollow noopener\" href=\"https:\/\/www.tiqets.com\/pt\/roman-forum-tickets-l146049\/?partner=romeinfo\">Todas as op\u00e7\u00f5es de bilhetes \u2192<\/a>\n<\/div>\n<\/div>\n\n\n\n<h2 class=\"wp-block-heading\">Destaques<\/h2>\n\n\n\n<ul class=\"ms-icon-list ms-mb-block\">\n<li class=\"ms-icon-list__item\"><span class=\"gb-shape\"><svg viewBox=\"0 0 256 256\" fill=\"#000000\" height=\"32\" width=\"32\" xmlns=\"http:\/\/www.w3.org\/2000\/svg\"><path d=\"M232.49,80.49l-128,128a12,12,0,0,1-17,0l-56-56a12,12,0,1,1,17-17L96,183,215.51,63.51a12,12,0,0,1,17,17Z\"><\/path><\/svg><\/span><span class=\"gb-text\">Passeia pela Via Sacra, a Rua Principal da Roma Antiga.<\/span><\/li>\n\n\n\n<li class=\"ms-icon-list__item\"><span class=\"gb-shape\"><svg viewBox=\"0 0 256 256\" fill=\"#000000\" height=\"32\" width=\"32\" xmlns=\"http:\/\/www.w3.org\/2000\/svg\"><path d=\"M232.49,80.49l-128,128a12,12,0,0,1-17,0l-56-56a12,12,0,1,1,17-17L96,183,215.51,63.51a12,12,0,0,1,17,17Z\"><\/path><\/svg><\/span><span class=\"gb-text\">Visita o templo e a casa das Virgens Vestais e descobre onde cuidavam da chama sagrada e eterna de Roma.<\/span><\/li>\n\n\n\n<li class=\"ms-icon-list__item\"><span class=\"gb-shape\"><svg viewBox=\"0 0 256 256\" fill=\"#000000\" height=\"32\" width=\"32\" xmlns=\"http:\/\/www.w3.org\/2000\/svg\"><path d=\"M232.49,80.49l-128,128a12,12,0,0,1-17,0l-56-56a12,12,0,1,1,17-17L96,183,215.51,63.51a12,12,0,0,1,17,17Z\"><\/path><\/svg><\/span><span class=\"gb-text\">Serpenteia entre as ru\u00ednas de templos, assembleias e monumentos no F\u00f3rum e v\u00ea o local de sepultura do infame J\u00falio C\u00e9sar.<\/span><\/li>\n<\/ul>\n\n\n\n<h2 class=\"wp-block-heading\">Tudo o Que Precisas de Saber Sobre Visitar o F\u00f3rum<\/h2>\n\n\n\n<p>A tua entrada no F\u00f3rum Romano e no <a href=\"https:\/\/www.rome.info\/attractions\/palatine-hill\/\">Monte Palatino<\/a> est\u00e1 normalmente inclu\u00edda no teu <a href=\"https:\/\/www.rome.info\/attractions\/colosseum\/tickets\/\" data-type=\"link\" data-id=\"https:\/\/www.rome.info\/attractions\/colosseum\/tickets\/\">bilhete do Coliseu<\/a>, uma vez que o F\u00f3rum faz parte do mesmo parque arqueol\u00f3gico (<em>Parco Archeologico del Colosseo<\/em>).&nbsp;<\/p>\n\n\n\n<p>O \u00f3timo \u00e9 que \u00e9 v\u00e1lido por 24 horas antes ou depois da tua entrada no <a href=\"https:\/\/www.rome.info\/attractions\/colosseum\/\" data-type=\"link\" data-id=\"https:\/\/www.rome.info\/attractions\/colosseum\/\">Coliseu<\/a>. Isso significa que n\u00e3o \u00e9s obrigado a ver ambos no mesmo dia. Na verdade, por raz\u00f5es que vou explicar a seguir, recomendo sinceramente que vejas primeiro o F\u00f3rum Romano (idealmente na tarde anterior) e depois o Coliseu na manh\u00e3 seguinte.<\/p>\n\n\n\n<p>Para chegar l\u00e1, tens duas op\u00e7\u00f5es. Ou tomas a entrada principal pela Via Sacra (em frente ao Coliseu), entrando pelo Arco de Tito, ou entras pela Via di Gregorio (logo ap\u00f3s o Arco de Constantino), uma forma de entrar mais tranquila.&nbsp;<\/p>\n\n\n\n<p>Vou mostrar-te a entrada pela Via Sacra, que, embora seja a mais movimentada, \u00e9 tamb\u00e9m a mais evocativa. Mas a escolha \u00e9 tua.<\/p>\n\n\n\n<p>Este guia parte do princ\u00edpio de que tens um bilhete pr\u00e9-reservado sem guia.&nbsp;<\/p>\n\n\n\n<h2 class=\"wp-block-heading\">Bilhetes &amp; Pre\u00e7os<\/h2>\n\n\n\n<p>Explora o F\u00f3rum Romano sem stress ao comprar um bilhete antecipadamente. N\u00e3o ter\u00e1s de desperdi\u00e7ar tempo extra nas filas de compra e podes circular livremente pelo s\u00edtio antigo.<\/p>\n\n\n\n<p>Descobre qual destes bilhetes para o F\u00f3rum Romano \u00e9 o mais indicado para ti:<\/p>\n\n\n\n<ul class=\"wp-block-list\">\n<li><strong><a href=\"https:\/\/www.tiqets.com\/pt\/rome-attractions-c71631\/tickets-for-colosseum-roman-forum-palatine-hill-priority-entrance-ancient-rome-video-p975446\/?partner=romeinfo\" rel=\"nofollow noopener\">Coliseu, F\u00f3rum Romano &amp; Monte Palatino (Entrada Priorit\u00e1ria)<\/a><\/strong> \u2014 Salta a fila com este bilhete de entrada priorit\u00e1ria.<\/li>\n\n\n\n<li><strong><a href=\"https:\/\/www.tiqets.com\/pt\/rome-attractions-c71631\/tickets-for-colosseum-roman-forum-palatine-hill-last-minute-entrance-p1027028\/?partner=romeinfo\" rel=\"nofollow noopener\">Coliseu, F\u00f3rum Romano &amp; Monte Palatino (Entrada Priorit\u00e1ria de \u00daltima Hora)<\/a><\/strong> \u2014 Bilhete de \u00faltima hora para entrada no Coliseu.<\/li>\n\n\n\n<li><strong><a href=\"https:\/\/www.tiqets.com\/pt\/rome-attractions-c71631\/rome-tourist-card-p1013153\/?partner=romeinfo\" rel=\"nofollow noopener\">Rome Tourist Card (Mais Vendido)<\/a><\/strong> \u2014 V\u00ea o melhor de Roma com este popular bilhete combinado. Inclui acesso ao Coliseu, F\u00f3rum Romano e Monte Palatino, Museus Vaticanos &amp; Capela Sistina, Bas\u00edlica de S\u00e3o Pedro (tour guiado oficial), e mais\u2026<\/li>\n\n\n\n<li><strong><a href=\"https:\/\/www.tiqets.com\/pt\/rome-attractions-c71631\/tickets-for-rome-super-pass-p975066\/?partner=romeinfo\" rel=\"nofollow noopener\">Rome Super Pass com Transporte P\u00fablico<\/a><\/strong> \u2014 Entrada sem fila em algumas das melhores atra\u00e7\u00f5es de Roma com este bilhete combinado. Inclui passe de transporte p\u00fablico ilimitado (metro, autocarro, el\u00e9trico).<\/li>\n<\/ul>\n\n\n\n<h3 class=\"wp-block-heading\">Bilhetes para o Coliseu, F\u00f3rum Romano &amp; Monte Palatino<\/h3>\n\n\n\n<p>A entrada nos s\u00edtios antigos vizinhos do Coliseu e do Monte Palatino est\u00e1 tamb\u00e9m inclu\u00edda nestes bilhetes. Saltas as filas e podes ainda descarregar um guia digital para te ensinar a hist\u00f3ria dos arredores. Para uma experi\u00eancia mais imersiva, os <a href=\"https:\/\/www.rome.info\/attractions\/colosseum\/tours\/\">tours do Coliseu<\/a> oferecem coment\u00e1rios guiados por especialistas e acesso a \u00e1reas restritas como o subterr\u00e2neo e o piso da arena.<\/p>\n\n\n\n<p><strong>Informa\u00e7\u00e3o Importante sobre Bilhetes:<\/strong><\/p>\n\n\n\n<ul class=\"wp-block-list\">\n<li>Os bilhetes s\u00e3o v\u00e1lidos por dois dias (incluindo o dia de activa\u00e7\u00e3o).<\/li>\n\n\n\n<li>N\u00e3o \u00e9 poss\u00edvel reentrar depois de sair do s\u00edtio.<\/li>\n\n\n\n<li>O Monte Palatino abre \u00e0s 9:00 e o hor\u00e1rio de fecho varia consoante a \u00e9poca. O Coliseu est\u00e1 aberto das 8:30 \u00e0s 16:30 e o F\u00f3rum Romano das 9:00 \u00e0s 16:30. A \u00faltima entrada \u00e9 uma hora antes do fecho.<\/li>\n\n\n\n<li>Deves dirigir-te \u00e0 entrada da Via dei Fori Imperiali para entrar no F\u00f3rum Romano.<\/li>\n\n\n\n<li>Podes escolher entre 5 percursos de visita, que variam entre 30 minutos e 2,5 horas.<\/li>\n<\/ul>\n\n\n\n<h3 class=\"wp-block-heading ms-link-unstyled\"><a href=\"https:\/\/www.rome.info\/city-passes\/rome-tourist-card\/\" data-type=\"link\" data-id=\"https:\/\/www.rome.info\/city-passes\/rome-tourist-card\/\">Rome Tourist Card<\/a><\/h3>\n\n\n\n<!-- Put this wherever you would like your player to appear -->\n<img decoding=\"async\" style=\"width: 100%;margin:auto auto 0\" class=\"vidyard-player-embed\" src=\"https:\/\/play.vidyard.com\/6x7iL1B3Ao4SUgXEdPXMaE.jpg\" data-uuid=\"6x7iL1B3Ao4SUgXEdPXMaE\" data-v=\"4\" data-type=\"inline\" \/>\n\n\n<div class=\"gb-container gb-container-1731804d ms-cta-button ms-mb-block\">\n\n<a class=\"gb-button gb-button-4a978507 gb-button-text ms-btn ms-btn--primary ms-shadow\" href=\"https:\/\/www.tiqets.com\/en\/rome-attractions-c71631\/rome-tourist-card-p1013153\/?partner=romeinfo\" rel=\"nofollow noopener\">Ler mais sobre o Rome Tourist Card<\/a>\n\n<\/div>\n\n\n<p>O Rome Tourist Card \u00e9 o passe definitivo para novos visitantes de Roma. D\u00e1-te acesso aos monumentos mais ic\u00f3nicos da cidade, desde o F\u00f3rum Romano e o Coliseu at\u00e9 \u00e0 <a href=\"https:\/\/www.rome.info\/attractions\/sistine-chapel\/\">Capela Sistina<\/a>.&nbsp;<\/p>\n\n\n\n<p>\u00c9 perfeito para quem espera visitar todos os principais pontos tur\u00edsticos durante a sua visita.<\/p>\n\n\n\n<p>\u2728&nbsp;<strong>Novidade: <\/strong>Agora podes adicionar <strong>transfer do aeroporto<\/strong> na altura da compra, com op\u00e7\u00f5es como autocarros de Fiumicino ou Ciampino, ou o comboio Leonardo Express para o centro da cidade.<\/p>\n\n\n\n<p>Ap\u00f3s a reserva, recebes tamb\u00e9m um <strong>desconto de 10%<\/strong> noutros locais e tours, como os Museus Capitolinos, autocarros hop-on hop-off ou at\u00e9 tours de bicicleta.<\/p>\n\n\n\n<div class=\"ms-query-section ms-mb-block\">\n<div class=\"ms-query-section-header\">\n<h3 class=\"gb-text ms-query-section__title\">Outros Passes para Explorar o F\u00f3rum Romano<\/h3>\n<\/div>\n\n\n\n<p class=\"gb-text ms-query-section__description ms-text-sm\">Queres visitar o F\u00f3rum Romano &amp; outras atra\u00e7\u00f5es de topo? Um city pass pode poupar-te dinheiro e tempo.<\/p>\n\n\n\n<div><\/div>\n<\/div>\n\n\n\n<p><a href=\"https:\/\/www.rome.info\/city-passes\/comparison\/\" data-type=\"link\" data-id=\"https:\/\/www.rome.info\/city-passes\/comparison\/\">Comparar Todos os Passes -&gt;<\/a><\/p>\n\n\n\n<p><strong>Informa\u00e7\u00e3o Importante sobre Bilhetes:<\/strong><\/p>\n\n\n\n<ul class=\"wp-block-list\">\n<li>Inclui acesso sem fila.<\/li>\n\n\n\n<li>O Coliseu, o F\u00f3rum Romano e o Monte Palatino, a Bas\u00edlica de S\u00e3o Pedro, o Vaticano e a Capela Sistina s\u00e3o as atra\u00e7\u00f5es inclu\u00eddas.<\/li>\n\n\n\n<li>\u00c9 um passe digital.<\/li>\n\n\n\n<li>O Rome Tourist Card n\u00e3o tem limite de tempo, pode ser usado e manter-se v\u00e1lido durante toda a tua estadia.<\/li>\n\n\n\n<li>Podes reservar hor\u00e1rios online.<\/li>\n<\/ul>\n\n\n\n<h2 class=\"wp-block-heading\">Mapa &amp; Morada (Localiza\u00e7\u00e3o)<\/h2>\n\n\n\n<address class=\"ms-mapblock ms-mb-block\">\n\t\n\t\t<h4>\n\t\t\tRoman Forum\t\t<\/h2>\n\n\t\t<p class=\"ms-mb-0\">\n            <img decoding=\"async\" class=\"ms-mapblock__map ms-rounded\" src=\"https:\/\/www.rome.info\/pt\/wp-content\/uploads\/sites\/11\/maps\/staticmap_41.8920906_12.4864378_14_768x432.png\" alt=\"Roman Forum\" \/>\n\t\t<\/p>\n\n\t\t<p class=\"ms-text-sm ms-text-muted\">\n\t\t\t00186 Rome, Metropolitan City of Rome Capital, Italy \u00b7\n\t\t\t<a rel=\"nofollow noopener\" target=\"_blank\" href=\"https:\/\/maps.google.com\/?q=41.8920906,12.4864378\">Google Maps<\/a>\n\t\t<\/p>\n\n\t<\/address>\n\n\n<h2 class=\"wp-block-heading\">Como Chegar<\/h2>\n\n\n\n<p><a href=\"https:\/\/www.rome.info\/transport\/public-transport\/metro\/\">Toma o Metro at\u00e9 ao Colosseo<\/a> \u2014 na linha B (azul), duas paragens depois de Termini.&nbsp;<\/p>\n\n\n\n<p>Sai da esta\u00e7\u00e3o e o Coliseu estar\u00e1 mesmo \u00e0 tua frente.&nbsp;<\/p>\n\n\n\n<p>Ter\u00e1s vontade de come\u00e7ar a tirar fotos imediatamente, mas confia em mim, h\u00e1 s\u00edtios muito melhores para uma selfie.<\/p>\n\n\n\n<figure><div class=\"ms-credits\">\n<img decoding=\"async\" class=\"gb-media-810abbc7\" alt=\"Pessoas a entrar e a sair da esta\u00e7\u00e3o de metro do Colosseo em Roma, perto do Coliseu.\" src=\"https:\/\/www.rome.info\/wp-content\/uploads\/colosseo-metro-station-1747108629.jpg\" title=\"colosseo-metro-station-1747108629\" \/>\n<span class='ms-credits__info' id='media2733'><svg xmlns=\"http:\/\/www.w3.org\/2000\/svg\" width=\"20\" height=\"22\" fill=\"#000000\" viewBox=\"0 0 256 256\"><path d=\"M128,24A104,104,0,1,0,232,128,104.11,104.11,0,0,0,128,24Zm0,192a88,88,0,1,1,88-88A88.1,88.1,0,0,1,128,216ZM96,128a32,32,0,0,0,57.6,19.2,8,8,0,0,1,12.8,9.61,48,48,0,1,1,0-57.62,8,8,0,0,1-12.8,9.61A32,32,0,0,0,96,128Z\"><\/path><\/svg>tupungato\/<a href=https:\/\/depositphotos.com\/editorial\/rome-metro-29935221.html rel='nofollow' target='_blank'>Depositphotos<\/a><\/span><span class='ms-credits__btn' id='btn_media2733' onclick='ms_credits_trigger(\"#media2733\", this)'><svg xmlns=\"http:\/\/www.w3.org\/2000\/svg\" class=\"info_icon\" width=\"28\" height=\"28\" fill=\"#FFF\" viewBox=\"0 0 256 256\"><path d=\"M128,24A104,104,0,1,0,232,128,104.11,104.11,0,0,0,128,24Zm0,192a88,88,0,1,1,88-88A88.1,88.1,0,0,1,128,216Zm16-40a8,8,0,0,1-8,8,16,16,0,0,1-16-16V128a8,8,0,0,1,0-16,16,16,0,0,1,16,16v40A8,8,0,0,1,144,176ZM112,84a12,12,0,1,1,12,12A12,12,0,0,1,112,84Z\"><\/path><\/svg><svg xmlns=\"http:\/\/www.w3.org\/2000\/svg\" class=\"close_icon\" width=\"28\" height=\"28\" fill=\"#FFF\" viewBox=\"0 0 256 256\"><path d=\"M165.66,101.66,139.31,128l26.35,26.34a8,8,0,0,1-11.32,11.32L128,139.31l-26.34,26.35a8,8,0,0,1-11.32-11.32L116.69,128,90.34,101.66a8,8,0,0,1,11.32-11.32L128,116.69l26.34-26.35a8,8,0,0,1,11.32,11.32ZM232,128A104,104,0,1,1,128,24,104.11,104.11,0,0,1,232,128Zm-16,0a88,88,0,1,0-88,88A88.1,88.1,0,0,0,216,128Z\"><\/path><\/svg><\/span><\/div>\n\n\n<figcaption class=\"gb-text\">Pessoas a sair da esta\u00e7\u00e3o de Metro.<\/figcaption>\n<\/figure>\n\n\n\n<figure><div class=\"ms-credits\">\n<img decoding=\"async\" class=\"gb-media-cc2ea426\" alt=\"Turistas a caminhar em dire\u00e7\u00e3o ao Coliseu em Roma num dia soalheiro.\" src=\"https:\/\/www.rome.info\/wp-content\/uploads\/colosseum-tourist-crowd-1747108626.jpg\" title=\"colosseum-tourist-crowd-1747108626\" \/>\n<span class='ms-credits__info' id='media2732'><svg xmlns=\"http:\/\/www.w3.org\/2000\/svg\" width=\"20\" height=\"22\" fill=\"#000000\" viewBox=\"0 0 256 256\"><path d=\"M128,24A104,104,0,1,0,232,128,104.11,104.11,0,0,0,128,24Zm0,192a88,88,0,1,1,88-88A88.1,88.1,0,0,1,128,216ZM96,128a32,32,0,0,0,57.6,19.2,8,8,0,0,1,12.8,9.61,48,48,0,1,1,0-57.62,8,8,0,0,1-12.8,9.61A32,32,0,0,0,96,128Z\"><\/path><\/svg>modesto3\/<a href=https:\/\/depositphotos.com\/editorial\/tourists-visiting-colosseum-rome-sunny-day-807937088.html rel='nofollow' target='_blank'>Depositphotos<\/a><\/span><span class='ms-credits__btn' id='btn_media2732' onclick='ms_credits_trigger(\"#media2732\", this)'><svg xmlns=\"http:\/\/www.w3.org\/2000\/svg\" class=\"info_icon\" width=\"28\" height=\"28\" fill=\"#FFF\" viewBox=\"0 0 256 256\"><path d=\"M128,24A104,104,0,1,0,232,128,104.11,104.11,0,0,0,128,24Zm0,192a88,88,0,1,1,88-88A88.1,88.1,0,0,1,128,216Zm16-40a8,8,0,0,1-8,8,16,16,0,0,1-16-16V128a8,8,0,0,1,0-16,16,16,0,0,1,16,16v40A8,8,0,0,1,144,176ZM112,84a12,12,0,1,1,12,12A12,12,0,0,1,112,84Z\"><\/path><\/svg><svg xmlns=\"http:\/\/www.w3.org\/2000\/svg\" class=\"close_icon\" width=\"28\" height=\"28\" fill=\"#FFF\" viewBox=\"0 0 256 256\"><path d=\"M165.66,101.66,139.31,128l26.35,26.34a8,8,0,0,1-11.32,11.32L128,139.31l-26.34,26.35a8,8,0,0,1-11.32-11.32L116.69,128,90.34,101.66a8,8,0,0,1,11.32-11.32L128,116.69l26.34-26.35a8,8,0,0,1,11.32,11.32ZM232,128A104,104,0,1,1,128,24,104.11,104.11,0,0,1,232,128Zm-16,0a88,88,0,1,0-88,88A88.1,88.1,0,0,0,216,128Z\"><\/path><\/svg><\/span><\/div>\n\n\n<figcaption class=\"gb-text\">O Coliseu fica mesmo em frente \u00e0 esta\u00e7\u00e3o de Metro.<\/figcaption>\n<\/figure>\n\n\n\n<p>O painel branco e amarelo esconde um estaleiro de obras para uma nova paragem de Metro da Linha C.&nbsp;<\/p>\n\n\n\n<p>Est\u00e1 em constru\u00e7\u00e3o h\u00e1 mais de 20 anos, por isso \u00e9 uma piada recorrente entre os romanos.<\/p>\n\n\n\n<p>\ud83d\udca1 <strong>Dica:<\/strong> Aten\u00e7\u00e3o \u2014 h\u00e1 duas sa\u00eddas: n\u00edvel inferior e n\u00edvel superior. Depois de subires as escadas e passares as catracas, est\u00e1s no n\u00edvel inferior. Sai directamente. Est\u00e1s a cheirar o Coliseu. N\u00e3o podes errar.&nbsp;<br>(Muitos tours guiados t\u00eam o seu ponto de encontro nesta sa\u00edda do Metro do Colosseo.)<\/p>\n\n\n\n<p>Se, por outro lado, foste a p\u00e9 ou de <a href=\"https:\/\/www.rome.info\/transport\/taxi\/\">t\u00e1xi<\/a>, provavelmente foste levado para a sa\u00edda do n\u00edvel superior (quer pelo GPS do telem\u00f3vel quer pelo taxista).&nbsp;<\/p>\n\n\n\n<p>Entra na esta\u00e7\u00e3o de Metro e desce as escadas. Chegar\u00e1s ao n\u00edvel inferior da esta\u00e7\u00e3o, em frente ao Coliseu.&nbsp;<\/p>\n\n\n\n<h3 class=\"wp-block-heading\">Aten\u00e7\u00e3o<\/h3>\n\n\n\n<p>H\u00e1 muitos revendedores ilegais de bilhetes ainda a operar nesta zona. Pensa neles como o sol. Nunca fa\u00e7as contacto visual directo. Nunca. N\u00e3o precisas de ser rude ou de te zangar com eles se te importunarem. Continua a andar.<\/p>\n\n\n\n<figure><div class=\"ms-credits\">\n<img decoding=\"async\" class=\"gb-media-892b74ce\" alt=\"Longa fila de visitantes \u00e0 espera de entrar no Coliseu em Roma perto da sua entrada em arco.\" src=\"https:\/\/www.rome.info\/wp-content\/uploads\/colosseum-entry-queue-1747108633.jpg\" title=\"colosseum-entry-queue-1747108633\" \/>\n<span class='ms-credits__info' id='media2734'><svg xmlns=\"http:\/\/www.w3.org\/2000\/svg\" width=\"20\" height=\"22\" fill=\"#000000\" viewBox=\"0 0 256 256\"><path d=\"M128,24A104,104,0,1,0,232,128,104.11,104.11,0,0,0,128,24Zm0,192a88,88,0,1,1,88-88A88.1,88.1,0,0,1,128,216ZM96,128a32,32,0,0,0,57.6,19.2,8,8,0,0,1,12.8,9.61,48,48,0,1,1,0-57.62,8,8,0,0,1-12.8,9.61A32,32,0,0,0,96,128Z\"><\/path><\/svg>YaseminOlgunozBerber\/<a href=https:\/\/depositphotos.com\/editorial\/colosseum-rome-italy-november-2012-colosseum-most-famous-impressive-monument-332076040.html rel='nofollow' target='_blank'>Depositphotos<\/a><\/span><span class='ms-credits__btn' id='btn_media2734' onclick='ms_credits_trigger(\"#media2734\", this)'><svg xmlns=\"http:\/\/www.w3.org\/2000\/svg\" class=\"info_icon\" width=\"28\" height=\"28\" fill=\"#FFF\" viewBox=\"0 0 256 256\"><path d=\"M128,24A104,104,0,1,0,232,128,104.11,104.11,0,0,0,128,24Zm0,192a88,88,0,1,1,88-88A88.1,88.1,0,0,1,128,216Zm16-40a8,8,0,0,1-8,8,16,16,0,0,1-16-16V128a8,8,0,0,1,0-16,16,16,0,0,1,16,16v40A8,8,0,0,1,144,176ZM112,84a12,12,0,1,1,12,12A12,12,0,0,1,112,84Z\"><\/path><\/svg><svg xmlns=\"http:\/\/www.w3.org\/2000\/svg\" class=\"close_icon\" width=\"28\" height=\"28\" fill=\"#FFF\" viewBox=\"0 0 256 256\"><path d=\"M165.66,101.66,139.31,128l26.35,26.34a8,8,0,0,1-11.32,11.32L128,139.31l-26.34,26.35a8,8,0,0,1-11.32-11.32L116.69,128,90.34,101.66a8,8,0,0,1,11.32-11.32L128,116.69l26.34-26.35a8,8,0,0,1,11.32,11.32ZM232,128A104,104,0,1,1,128,24,104.11,104.11,0,0,1,232,128Zm-16,0a88,88,0,1,0-88,88A88.1,88.1,0,0,0,216,128Z\"><\/path><\/svg><\/span><\/div>\n\n\n<figcaption class=\"gb-text\">Uma longa fila de visitantes \u00e0 espera de entrar no Coliseu.<\/figcaption>\n<\/figure>\n\n\n\n<p>A partir da esta\u00e7\u00e3o, atravessa a estrada e ao passares pelo painel de obras, provavelmente ver\u00e1s uma fila muito longa como esta.&nbsp;<\/p>\n\n\n\n<p>Esta fila \u00e9 para detentores de bilhetes de grupo. Est\u00e3o com o seu guia tur\u00edstico.&nbsp;<\/p>\n\n\n\n<p>Segue a fila mais uns 20 metros at\u00e9 chegares a uma esp\u00e9cie de pra\u00e7a arborizada, do outro lado da qual haver\u00e1 outra longa fila de pessoas \u00e0 espera na bilheteira (v\u00ea abaixo).&nbsp;<\/p>\n\n\n\n<p>Atravessa, passa pela bilheteira e pela fila de pessoas e vai em frente at\u00e9 chegares \u00e0 Via Sacra e a um sinal a indicar a entrada que tem este aspecto:<\/p>\n\n\n\n<p>\ud83d\udca1<strong>Dica:<\/strong> A Via Sacra \u00e9 feita de enormes cal\u00e7adas antigas e brilhantes (muito maiores do que as do centro de Roma, conhecidas como San Pietrini). Vais querer usar sapatos com boa ader\u00eancia.<\/p>\n\n\n\n<p>N\u00e3o tenho a certeza de quanto isto \u00e9 motivo de orgulho \u2014 h\u00e1 literalmente centenas de bebedouros gratuitos em Roma. Mas \u00e9 o \u00fanico bebedouro no F\u00f3rum e, sem caf\u00e9s ou restaurantes, vais precisar dele. Encontr\u00e1-lo-\u00e1s logo ap\u00f3s o Arco de Tito.&nbsp;<\/p>\n\n\n\n<p>\ud83d\udca1<strong>Dica:<\/strong> Leva uma garrafa de \u00e1gua reutiliz\u00e1vel. H\u00e1 bastante caminhada no Monte Palatino e n\u00e3o h\u00e1 restaurantes. (O que \u00e9 uma pena, porque seria muito agrad\u00e1vel se os houvesse).&nbsp;<\/p>\n\n\n\n<p>Sobe a Via Sacra e ser\u00e1s recebido pelo pessoal que vai digitalizar o teu bilhete. Passas por uma catraca e depois, assim, o \u00e9pico Arco de Tito d\u00e1-te as boas-vindas.&nbsp;<\/p>\n\n\n\n<p>(Fui em Maio de 2023, que teve muitos dias que come\u00e7aram com um c\u00e9u azul perfeito e terminaram com uma trovoada. Mas gostei; o c\u00e9u, embora amea\u00e7ador, tornava tudo muito mais dram\u00e1tico.&nbsp;<\/p>\n\n\n\n<p>\ud83d\udca1<strong>Dica:<\/strong> Descarrega a <a href=\"https:\/\/colosseo.it\/en\/my-colosseum-app\/\" rel=\"nofollow noopener\">App do Parco Archeologico<\/a>. Podes encontr\u00e1-la no site oficial do Coliseu ou digitalizando o c\u00f3digo QR nos pain\u00e9is de informa\u00e7\u00e3o de bilhetes junto \u00e0 bilheteira.<br><br>\u00c9 indispens\u00e1vel para te orientares no enganosamente grande F\u00f3rum Romano e Monte Palatino.&nbsp;<\/p>\n\n\n\n<h2 class=\"wp-block-heading\">O Que Ver &amp; Fazer (Fotos)<\/h2>\n\n\n\n<h3 class=\"wp-block-heading\">&nbsp;Bas\u00edlica de Max\u00eancio e Constantino \u2014 (313 d.C.)<\/h3>\n\n\n\n<figure><div class=\"ms-credits\">\n<img decoding=\"async\" class=\"gb-media-dba9b3df\" alt=\"Ru\u00ednas da Bas\u00edlica de Max\u00eancio no F\u00f3rum Romano.\" src=\"https:\/\/www.rome.info\/wp-content\/uploads\/basilica-of-maxentius-roman-forum-1747111833.jpg\" title=\"basilica-of-maxentius-roman-forum-1747111833\" \/>\n<span class='ms-credits__info' id='media2745'><svg viewBox=\"0 0 24 24\" fill=\"none\" xmlns=\"http:\/\/www.w3.org\/2000\/svg\" width=\"20\" height=\"22\"><g stroke-width=\"0\"><\/g><g stroke-linecap=\"round\" stroke-linejoin=\"round\"><\/g><g id=\"SVGRepo_iconCarrier\"> <path d=\"M12 22C6.48 22 2 17.52 2 12C2 6.48 6.48 2 12 2C17.52 2 22 6.48 22 12C22 17.52 17.52 22 12 22Z\" stroke=\"#000\" stroke-width=\"1.5\" stroke-linecap=\"round\" stroke-linejoin=\"round\"><\/path> <path d=\"M10.88 14.1499C10.37 14.5899 9.70999 14.8699 8.98999 14.8699C7.40999 14.8699 6.12 13.5899 6.12 11.9999C6.12 10.4099 7.39999 9.12988 8.98999 9.12988C9.71999 9.12988 10.38 9.39985 10.88 9.84985\" stroke=\"#000\" stroke-width=\"1.5\" stroke-linecap=\"round\" stroke-linejoin=\"round\"><\/path> <path d=\"M17.88 14.1499C17.37 14.5899 16.71 14.8699 15.99 14.8699C14.41 14.8699 13.12 13.5899 13.12 11.9999C13.12 10.4099 14.4 9.12988 15.99 9.12988C16.72 9.12988 17.38 9.39985 17.88 9.84985\" stroke=\"#000\" stroke-width=\"1.5\" stroke-linecap=\"round\" stroke-linejoin=\"round\"><\/path> <\/g><\/svg> BY 2.0 GenericPaul VanDerWerf\/<a href=https:\/\/www.flickr.com\/photos\/pavdw\/52491692988 rel='nofollow' target='_blank'>Flickr<\/a><\/span><span class='ms-credits__btn' id='btn_media2745' onclick='ms_credits_trigger(\"#media2745\", this)'><svg xmlns=\"http:\/\/www.w3.org\/2000\/svg\" class=\"info_icon\" width=\"28\" height=\"28\" fill=\"#FFF\" viewBox=\"0 0 256 256\"><path d=\"M128,24A104,104,0,1,0,232,128,104.11,104.11,0,0,0,128,24Zm0,192a88,88,0,1,1,88-88A88.1,88.1,0,0,1,128,216Zm16-40a8,8,0,0,1-8,8,16,16,0,0,1-16-16V128a8,8,0,0,1,0-16,16,16,0,0,1,16,16v40A8,8,0,0,1,144,176ZM112,84a12,12,0,1,1,12,12A12,12,0,0,1,112,84Z\"><\/path><\/svg><svg xmlns=\"http:\/\/www.w3.org\/2000\/svg\" class=\"close_icon\" width=\"28\" height=\"28\" fill=\"#FFF\" viewBox=\"0 0 256 256\"><path d=\"M165.66,101.66,139.31,128l26.35,26.34a8,8,0,0,1-11.32,11.32L128,139.31l-26.34,26.35a8,8,0,0,1-11.32-11.32L116.69,128,90.34,101.66a8,8,0,0,1,11.32-11.32L128,116.69l26.34-26.35a8,8,0,0,1,11.32,11.32ZM232,128A104,104,0,1,1,128,24,104.11,104.11,0,0,1,232,128Zm-16,0a88,88,0,1,0-88,88A88.1,88.1,0,0,0,216,128Z\"><\/path><\/svg><\/span><\/div>\n\n\n<figcaption class=\"gb-text\">\u00c9 realmente a escala que \u00e9 mais impressionante aqui.<\/figcaption>\n<\/figure>\n\n\n\n<p>A maior estrutura no F\u00f3rum, e de enorme import\u00e2ncia arquitect\u00f3nica; diz-se que o seu design influenciou o design da <a href=\"https:\/\/www.rome.info\/attractions\/st-peters-basilica\/\">Bas\u00edlica de S\u00e3o Pedro<\/a>.<\/p>\n\n\n\n<p>As representa\u00e7\u00f5es art\u00edsticas d\u00e3o-lhe vida, d\u00e1 uma olhadela antes de ir.<\/p>\n\n\n\n<h3 class=\"wp-block-heading\">O Templo de R\u00f3mulo \u2014 (300 d.C.)<\/h3>\n\n\n<div class=\"ms-credits\">\n<img decoding=\"async\" class=\"gb-media-8144ef6c\" alt=\"Templo de R\u00f3mulo no F\u00f3rum Romano.\" src=\"https:\/\/www.rome.info\/wp-content\/uploads\/temple-of-romulus-roman-forum-1747111851.jpg\" title=\"temple-of-romulus-roman-forum-1747111851\" \/>\n<span class='ms-credits__info' id='media2751'><svg viewBox=\"0 0 24 24\" fill=\"none\" xmlns=\"http:\/\/www.w3.org\/2000\/svg\" width=\"20\" height=\"22\"><g stroke-width=\"0\"><\/g><g stroke-linecap=\"round\" stroke-linejoin=\"round\"><\/g><g id=\"SVGRepo_iconCarrier\"> <path d=\"M12 22C6.48 22 2 17.52 2 12C2 6.48 6.48 2 12 2C17.52 2 22 6.48 22 12C22 17.52 17.52 22 12 22Z\" stroke=\"#000\" stroke-width=\"1.5\" stroke-linecap=\"round\" stroke-linejoin=\"round\"><\/path> <path d=\"M10.88 14.1499C10.37 14.5899 9.70999 14.8699 8.98999 14.8699C7.40999 14.8699 6.12 13.5899 6.12 11.9999C6.12 10.4099 7.39999 9.12988 8.98999 9.12988C9.71999 9.12988 10.38 9.39985 10.88 9.84985\" stroke=\"#000\" stroke-width=\"1.5\" stroke-linecap=\"round\" stroke-linejoin=\"round\"><\/path> <path d=\"M17.88 14.1499C17.37 14.5899 16.71 14.8699 15.99 14.8699C14.41 14.8699 13.12 13.5899 13.12 11.9999C13.12 10.4099 14.4 9.12988 15.99 9.12988C16.72 9.12988 17.38 9.39985 17.88 9.84985\" stroke=\"#000\" stroke-width=\"1.5\" stroke-linecap=\"round\" stroke-linejoin=\"round\"><\/path> <\/g><\/svg> BY-NC-SA 2.0 GenericSebasti\u00e0 Giralt\/<a href=https:\/\/www.flickr.com\/photos\/sebastiagiralt\/ rel='nofollow' target='_blank'>Flickr<\/a><\/span><span class='ms-credits__btn' id='btn_media2751' onclick='ms_credits_trigger(\"#media2751\", this)'><svg xmlns=\"http:\/\/www.w3.org\/2000\/svg\" class=\"info_icon\" width=\"28\" height=\"28\" fill=\"#FFF\" viewBox=\"0 0 256 256\"><path d=\"M128,24A104,104,0,1,0,232,128,104.11,104.11,0,0,0,128,24Zm0,192a88,88,0,1,1,88-88A88.1,88.1,0,0,1,128,216Zm16-40a8,8,0,0,1-8,8,16,16,0,0,1-16-16V128a8,8,0,0,1,0-16,16,16,0,0,1,16,16v40A8,8,0,0,1,144,176ZM112,84a12,12,0,1,1,12,12A12,12,0,0,1,112,84Z\"><\/path><\/svg><svg xmlns=\"http:\/\/www.w3.org\/2000\/svg\" class=\"close_icon\" width=\"28\" height=\"28\" fill=\"#FFF\" viewBox=\"0 0 256 256\"><path d=\"M165.66,101.66,139.31,128l26.35,26.34a8,8,0,0,1-11.32,11.32L128,139.31l-26.34,26.35a8,8,0,0,1-11.32-11.32L116.69,128,90.34,101.66a8,8,0,0,1,11.32-11.32L128,116.69l26.34-26.35a8,8,0,0,1,11.32,11.32ZM232,128A104,104,0,1,1,128,24,104.11,104.11,0,0,1,232,128Zm-16,0a88,88,0,1,0-88,88A88.1,88.1,0,0,0,216,128Z\"><\/path><\/svg><\/span><\/div>\n\n\n<p>N\u00e3o \u00e9 claro para que servia realmente o Templo do Divus Romulus a n\u00e3o ser como antec\u00e2mara para o templo atr\u00e1s.<\/p>\n\n\n\n<p>No entanto, a porta de bronze, ainda em uso hoje, \u00e9 100% original.&nbsp;Foi convertido numa igreja no s\u00e9culo VI.&nbsp;<\/p>\n\n\n\n<figure><div class=\"ms-credits\">\n<img decoding=\"async\" class=\"gb-media-7fb15019\" alt=\"Interior do Templo de R\u00f3mulo a mostrar frescos paleocrist\u00e3os desbotados numa parede absidia curva.\" src=\"https:\/\/www.rome.info\/wp-content\/uploads\/frescoes-temple-of-romulus-interior-1747111836.jpg\" title=\"frescoes-temple-of-romulus-interior-1747111836\" \/>\n<span class='ms-credits__info' id='media2746'><svg viewBox=\"0 0 24 24\" fill=\"none\" xmlns=\"http:\/\/www.w3.org\/2000\/svg\" width=\"20\" height=\"22\"><g stroke-width=\"0\"><\/g><g stroke-linecap=\"round\" stroke-linejoin=\"round\"><\/g><g id=\"SVGRepo_iconCarrier\"> <path d=\"M12 22C6.48 22 2 17.52 2 12C2 6.48 6.48 2 12 2C17.52 2 22 6.48 22 12C22 17.52 17.52 22 12 22Z\" stroke=\"#000\" stroke-width=\"1.5\" stroke-linecap=\"round\" stroke-linejoin=\"round\"><\/path> <path d=\"M10.88 14.1499C10.37 14.5899 9.70999 14.8699 8.98999 14.8699C7.40999 14.8699 6.12 13.5899 6.12 11.9999C6.12 10.4099 7.39999 9.12988 8.98999 9.12988C9.71999 9.12988 10.38 9.39985 10.88 9.84985\" stroke=\"#000\" stroke-width=\"1.5\" stroke-linecap=\"round\" stroke-linejoin=\"round\"><\/path> <path d=\"M17.88 14.1499C17.37 14.5899 16.71 14.8699 15.99 14.8699C14.41 14.8699 13.12 13.5899 13.12 11.9999C13.12 10.4099 14.4 9.12988 15.99 9.12988C16.72 9.12988 17.38 9.39985 17.88 9.84985\" stroke=\"#000\" stroke-width=\"1.5\" stroke-linecap=\"round\" stroke-linejoin=\"round\"><\/path> <\/g><\/svg> BY-SA 3.0 UnportedM0tty\/<a href=https:\/\/commons.wikimedia.org\/wiki\/File:Wall_painting_-_Temple_of_Romulus_inside-2.jpg rel='nofollow' target='_blank'>Wikimedia Commons<\/a><\/span><span class='ms-credits__btn' id='btn_media2746' onclick='ms_credits_trigger(\"#media2746\", this)'><svg xmlns=\"http:\/\/www.w3.org\/2000\/svg\" class=\"info_icon\" width=\"28\" height=\"28\" fill=\"#FFF\" viewBox=\"0 0 256 256\"><path d=\"M128,24A104,104,0,1,0,232,128,104.11,104.11,0,0,0,128,24Zm0,192a88,88,0,1,1,88-88A88.1,88.1,0,0,1,128,216Zm16-40a8,8,0,0,1-8,8,16,16,0,0,1-16-16V128a8,8,0,0,1,0-16,16,16,0,0,1,16,16v40A8,8,0,0,1,144,176ZM112,84a12,12,0,1,1,12,12A12,12,0,0,1,112,84Z\"><\/path><\/svg><svg xmlns=\"http:\/\/www.w3.org\/2000\/svg\" class=\"close_icon\" width=\"28\" height=\"28\" fill=\"#FFF\" viewBox=\"0 0 256 256\"><path d=\"M165.66,101.66,139.31,128l26.35,26.34a8,8,0,0,1-11.32,11.32L128,139.31l-26.34,26.35a8,8,0,0,1-11.32-11.32L116.69,128,90.34,101.66a8,8,0,0,1,11.32-11.32L128,116.69l26.34-26.35a8,8,0,0,1,11.32,11.32ZM232,128A104,104,0,1,1,128,24,104.11,104.11,0,0,1,232,128Zm-16,0a88,88,0,1,0-88,88A88.1,88.1,0,0,0,216,128Z\"><\/path><\/svg><\/span><\/div>\n\n\n<figcaption class=\"gb-text\">Frescos paleocrist\u00e3os desbotados no interior do Templo de R\u00f3mulo<\/figcaption>\n<\/figure>\n\n\n\n<h3 class=\"wp-block-heading\">O Templo de Antonino e Faustina (141 d.C.)<\/h3>\n\n\n<div class=\"ms-credits\">\n<img decoding=\"async\" class=\"gb-media-3c2eb4e3\" alt=\"Templo de Antonino e Faustina no F\u00f3rum Romano.\" src=\"https:\/\/www.rome.info\/wp-content\/uploads\/temple-of-antoninus-and-faustina-roman-forum-1747111831.jpg\" title=\"temple-of-antoninus-and-faustina-roman-forum-1747111831\" \/>\n<span class='ms-credits__info' id='media2744'><svg viewBox=\"0 0 24 24\" fill=\"none\" xmlns=\"http:\/\/www.w3.org\/2000\/svg\" width=\"20\" height=\"22\"><g stroke-width=\"0\"><\/g><g stroke-linecap=\"round\" stroke-linejoin=\"round\"><\/g><g id=\"SVGRepo_iconCarrier\"> <path d=\"M12 22C6.48 22 2 17.52 2 12C2 6.48 6.48 2 12 2C17.52 2 22 6.48 22 12C22 17.52 17.52 22 12 22Z\" stroke=\"#000\" stroke-width=\"1.5\" stroke-linecap=\"round\" stroke-linejoin=\"round\"><\/path> <path d=\"M10.88 14.1499C10.37 14.5899 9.70999 14.8699 8.98999 14.8699C7.40999 14.8699 6.12 13.5899 6.12 11.9999C6.12 10.4099 7.39999 9.12988 8.98999 9.12988C9.71999 9.12988 10.38 9.39985 10.88 9.84985\" stroke=\"#000\" stroke-width=\"1.5\" stroke-linecap=\"round\" stroke-linejoin=\"round\"><\/path> <path d=\"M17.88 14.1499C17.37 14.5899 16.71 14.8699 15.99 14.8699C14.41 14.8699 13.12 13.5899 13.12 11.9999C13.12 10.4099 14.4 9.12988 15.99 9.12988C16.72 9.12988 17.38 9.39985 17.88 9.84985\" stroke=\"#000\" stroke-width=\"1.5\" stroke-linecap=\"round\" stroke-linejoin=\"round\"><\/path> <\/g><\/svg> BY 3.0 UnportedF l a n k e r\/<a href=https:\/\/commons.wikimedia.org\/wiki\/File:Temple_of_Antoninus_and_Faustina_-_10.jpg rel='nofollow' target='_blank'>Wikimedia Commons<\/a><\/span><span class='ms-credits__btn' id='btn_media2744' onclick='ms_credits_trigger(\"#media2744\", this)'><svg xmlns=\"http:\/\/www.w3.org\/2000\/svg\" class=\"info_icon\" width=\"28\" height=\"28\" fill=\"#FFF\" viewBox=\"0 0 256 256\"><path d=\"M128,24A104,104,0,1,0,232,128,104.11,104.11,0,0,0,128,24Zm0,192a88,88,0,1,1,88-88A88.1,88.1,0,0,1,128,216Zm16-40a8,8,0,0,1-8,8,16,16,0,0,1-16-16V128a8,8,0,0,1,0-16,16,16,0,0,1,16,16v40A8,8,0,0,1,144,176ZM112,84a12,12,0,1,1,12,12A12,12,0,0,1,112,84Z\"><\/path><\/svg><svg xmlns=\"http:\/\/www.w3.org\/2000\/svg\" class=\"close_icon\" width=\"28\" height=\"28\" fill=\"#FFF\" viewBox=\"0 0 256 256\"><path d=\"M165.66,101.66,139.31,128l26.35,26.34a8,8,0,0,1-11.32,11.32L128,139.31l-26.34,26.35a8,8,0,0,1-11.32-11.32L116.69,128,90.34,101.66a8,8,0,0,1,11.32-11.32L128,116.69l26.34-26.35a8,8,0,0,1,11.32,11.32ZM232,128A104,104,0,1,1,128,24,104.11,104.11,0,0,1,232,128Zm-16,0a88,88,0,1,0-88,88A88.1,88.1,0,0,0,216,128Z\"><\/path><\/svg><\/span><\/div>\n\n\n<p>Este requer um segundo olhar.&nbsp;<\/p>\n\n\n\n<p>O que est\u00e1 aquela porta a fazer l\u00e1 em cima?<\/p>\n\n\n\n<p>As escava\u00e7\u00f5es do s\u00e9culo XIX revelaram a diferen\u00e7a nos n\u00edveis de rua entre a \u00e9poca romana e o s\u00e9culo XVII.&nbsp;Compara o limiar da porta verde com a base dos degraus que levam \u00e0s colunas.&nbsp;<\/p>\n\n\n\n<p>A Igreja, dedicada a S\u00e3o Louren\u00e7o in Miranda, \u00e9 conhecida como &#8220;a igreja dentro de um templo&#8221; por raz\u00f5es \u00f3bvias.<\/p>\n\n\n\n<h3 class=\"wp-block-heading\">O Templo de Vesta&nbsp;<\/h3>\n\n\n\n<figure><div class=\"ms-credits\">\n<img decoding=\"async\" class=\"gb-media-9fab5aeb\" alt=\"Templo de Antonino e Faustina com as ru\u00ednas circulares do Templo de Vesta no F\u00f3rum Romano.\" src=\"https:\/\/www.rome.info\/wp-content\/uploads\/temple-of-antoninus-and-faustina-and-temple-of-vesta-1747111845.jpg\" title=\"temple-of-antoninus-and-faustina-and-temple-of-vesta-1747111845\" \/>\n<span class='ms-credits__info' id='media2749'><svg viewBox=\"0 0 24 24\" fill=\"none\" xmlns=\"http:\/\/www.w3.org\/2000\/svg\" width=\"20\" height=\"22\"><g stroke-width=\"0\"><\/g><g stroke-linecap=\"round\" stroke-linejoin=\"round\"><\/g><g id=\"SVGRepo_iconCarrier\"> <path d=\"M12 22C6.48 22 2 17.52 2 12C2 6.48 6.48 2 12 2C17.52 2 22 6.48 22 12C22 17.52 17.52 22 12 22Z\" stroke=\"#000\" stroke-width=\"1.5\" stroke-linecap=\"round\" stroke-linejoin=\"round\"><\/path> <path d=\"M10.88 14.1499C10.37 14.5899 9.70999 14.8699 8.98999 14.8699C7.40999 14.8699 6.12 13.5899 6.12 11.9999C6.12 10.4099 7.39999 9.12988 8.98999 9.12988C9.71999 9.12988 10.38 9.39985 10.88 9.84985\" stroke=\"#000\" stroke-width=\"1.5\" stroke-linecap=\"round\" stroke-linejoin=\"round\"><\/path> <path d=\"M17.88 14.1499C17.37 14.5899 16.71 14.8699 15.99 14.8699C14.41 14.8699 13.12 13.5899 13.12 11.9999C13.12 10.4099 14.4 9.12988 15.99 9.12988C16.72 9.12988 17.38 9.39985 17.88 9.84985\" stroke=\"#000\" stroke-width=\"1.5\" stroke-linecap=\"round\" stroke-linejoin=\"round\"><\/path> <\/g><\/svg> BY-NC-ND 2.0 Generic\u2588 Slices of Light \u2734 \u2588\u2580 \u2580 \u2580\/<a href=https:\/\/www.flickr.com\/photos\/justaslice\/51821108174\/ rel='nofollow' target='_blank'>Flickr<\/a><\/span><span class='ms-credits__btn' id='btn_media2749' onclick='ms_credits_trigger(\"#media2749\", this)'><svg xmlns=\"http:\/\/www.w3.org\/2000\/svg\" class=\"info_icon\" width=\"28\" height=\"28\" fill=\"#FFF\" viewBox=\"0 0 256 256\"><path d=\"M128,24A104,104,0,1,0,232,128,104.11,104.11,0,0,0,128,24Zm0,192a88,88,0,1,1,88-88A88.1,88.1,0,0,1,128,216Zm16-40a8,8,0,0,1-8,8,16,16,0,0,1-16-16V128a8,8,0,0,1,0-16,16,16,0,0,1,16,16v40A8,8,0,0,1,144,176ZM112,84a12,12,0,1,1,12,12A12,12,0,0,1,112,84Z\"><\/path><\/svg><svg xmlns=\"http:\/\/www.w3.org\/2000\/svg\" class=\"close_icon\" width=\"28\" height=\"28\" fill=\"#FFF\" viewBox=\"0 0 256 256\"><path d=\"M165.66,101.66,139.31,128l26.35,26.34a8,8,0,0,1-11.32,11.32L128,139.31l-26.34,26.35a8,8,0,0,1-11.32-11.32L116.69,128,90.34,101.66a8,8,0,0,1,11.32-11.32L128,116.69l26.34-26.35a8,8,0,0,1,11.32,11.32ZM232,128A104,104,0,1,1,128,24,104.11,104.11,0,0,1,232,128Zm-16,0a88,88,0,1,0-88,88A88.1,88.1,0,0,0,216,128Z\"><\/path><\/svg><\/span><\/div>\n\n\n<figcaption class=\"gb-text\">O Templo de Antonino e Faustina ao lado das ru\u00ednas do Templo de Vesta (\u00e0 direita).<\/figcaption>\n<\/figure>\n\n\n\n<p>O mais antigo e importante santu\u00e1rio, era o lar da lareira que guardava o fogo sagrado do estado.&nbsp;&nbsp;<\/p>\n\n\n\n<p>Estima-se que a actividade religiosa neste local remonte ao s\u00e9culo VII a.C.<\/p>\n\n\n\n<h3 class=\"wp-block-heading\">Templo de Castor e P\u00f3lux (Tempio dei Dioscuri)<\/h3>\n\n\n<div class=\"ms-credits\">\n<img decoding=\"async\" class=\"gb-media-528af18c\" alt=\"Ru\u00ednas do Templo de Castor e P\u00f3lux no Vale dos Templos.\" src=\"https:\/\/www.rome.info\/wp-content\/uploads\/temple-of-castor-and-pollux-valley-of-temples-1747111848.jpg\" title=\"temple-of-castor-and-pollux-valley-of-temples-1747111848\" \/>\n<span class='ms-credits__info' id='media2750'><svg viewBox=\"0 0 24 24\" fill=\"none\" xmlns=\"http:\/\/www.w3.org\/2000\/svg\" width=\"20\" height=\"22\"><g stroke-width=\"0\"><\/g><g stroke-linecap=\"round\" stroke-linejoin=\"round\"><\/g><g id=\"SVGRepo_iconCarrier\"> <path d=\"M12 22C6.48 22 2 17.52 2 12C2 6.48 6.48 2 12 2C17.52 2 22 6.48 22 12C22 17.52 17.52 22 12 22Z\" stroke=\"#000\" stroke-width=\"1.5\" stroke-linecap=\"round\" stroke-linejoin=\"round\"><\/path> <path d=\"M10.88 14.1499C10.37 14.5899 9.70999 14.8699 8.98999 14.8699C7.40999 14.8699 6.12 13.5899 6.12 11.9999C6.12 10.4099 7.39999 9.12988 8.98999 9.12988C9.71999 9.12988 10.38 9.39985 10.88 9.84985\" stroke=\"#000\" stroke-width=\"1.5\" stroke-linecap=\"round\" stroke-linejoin=\"round\"><\/path> <path d=\"M17.88 14.1499C17.37 14.5899 16.71 14.8699 15.99 14.8699C14.41 14.8699 13.12 13.5899 13.12 11.9999C13.12 10.4099 14.4 9.12988 15.99 9.12988C16.72 9.12988 17.38 9.39985 17.88 9.84985\" stroke=\"#000\" stroke-width=\"1.5\" stroke-linecap=\"round\" stroke-linejoin=\"round\"><\/path> <\/g><\/svg> BY-SA 4.0 InternationalMboesch\/<a href=https:\/\/commons.wikimedia.org\/wiki\/File:Valle-dei-templi-tempio-dei-dioscuri-a.JPG rel='nofollow' target='_blank'>Wikimedia Commons<\/a><\/span><span class='ms-credits__btn' id='btn_media2750' onclick='ms_credits_trigger(\"#media2750\", this)'><svg xmlns=\"http:\/\/www.w3.org\/2000\/svg\" class=\"info_icon\" width=\"28\" height=\"28\" fill=\"#FFF\" viewBox=\"0 0 256 256\"><path d=\"M128,24A104,104,0,1,0,232,128,104.11,104.11,0,0,0,128,24Zm0,192a88,88,0,1,1,88-88A88.1,88.1,0,0,1,128,216Zm16-40a8,8,0,0,1-8,8,16,16,0,0,1-16-16V128a8,8,0,0,1,0-16,16,16,0,0,1,16,16v40A8,8,0,0,1,144,176ZM112,84a12,12,0,1,1,12,12A12,12,0,0,1,112,84Z\"><\/path><\/svg><svg xmlns=\"http:\/\/www.w3.org\/2000\/svg\" class=\"close_icon\" width=\"28\" height=\"28\" fill=\"#FFF\" viewBox=\"0 0 256 256\"><path d=\"M165.66,101.66,139.31,128l26.35,26.34a8,8,0,0,1-11.32,11.32L128,139.31l-26.34,26.35a8,8,0,0,1-11.32-11.32L116.69,128,90.34,101.66a8,8,0,0,1,11.32-11.32L128,116.69l26.34-26.35a8,8,0,0,1,11.32,11.32ZM232,128A104,104,0,1,1,128,24,104.11,104.11,0,0,1,232,128Zm-16,0a88,88,0,1,0-88,88A88.1,88.1,0,0,0,216,128Z\"><\/path><\/svg><\/span><\/div>\n\n\n<p>A lenda diz que os filhos de J\u00fapiter e Leda apareceram neste local para ajudar os soldados da Rep\u00fablica Romana a derrotar o \u00faltimo rei de Roma.&nbsp;<\/p>\n\n\n\n<p>Restam apenas estas tr\u00eas colunas, mas s\u00e3o ic\u00f3nicas.<\/p>\n\n\n\n<h3 class=\"wp-block-heading\">O Atrium Vestae&nbsp;<\/h3>\n\n\n\n<figure><div class=\"ms-credits\">\n<img decoding=\"async\" class=\"gb-media-90dd956e\" alt=\"P\u00e1tio com est\u00e1tuas da Casa das Virgens Vestais com o Templo de Antonino e Faustina atr\u00e1s.\" src=\"https:\/\/www.rome.info\/wp-content\/uploads\/house-of-the-vestal-virgins-roman-forum-1747111838.jpg\" title=\"house-of-the-vestal-virgins-roman-forum-1747111838\" \/>\n<span class='ms-credits__info' id='media2747'><svg xmlns=\"http:\/\/www.w3.org\/2000\/svg\" width=\"20\" height=\"22\" fill=\"#000000\" viewBox=\"0 0 256 256\"><path d=\"M128,24A104,104,0,1,0,232,128,104.11,104.11,0,0,0,128,24Zm0,192a88,88,0,1,1,88-88A88.1,88.1,0,0,1,128,216ZM96,128a32,32,0,0,0,57.6,19.2,8,8,0,0,1,12.8,9.61,48,48,0,1,1,0-57.62,8,8,0,0,1-12.8,9.61A32,32,0,0,0,96,128Z\"><\/path><\/svg>anamejia18\/<a href=https:\/\/depositphotos.com\/editorial\/tourists-visiting-the-ancient-ruins-of-the-house-of-the-vestal-virgins-at-the-roman-303219866.html rel='nofollow' target='_blank'>Depositphotos<\/a><\/span><span class='ms-credits__btn' id='btn_media2747' onclick='ms_credits_trigger(\"#media2747\", this)'><svg xmlns=\"http:\/\/www.w3.org\/2000\/svg\" class=\"info_icon\" width=\"28\" height=\"28\" fill=\"#FFF\" viewBox=\"0 0 256 256\"><path d=\"M128,24A104,104,0,1,0,232,128,104.11,104.11,0,0,0,128,24Zm0,192a88,88,0,1,1,88-88A88.1,88.1,0,0,1,128,216Zm16-40a8,8,0,0,1-8,8,16,16,0,0,1-16-16V128a8,8,0,0,1,0-16,16,16,0,0,1,16,16v40A8,8,0,0,1,144,176ZM112,84a12,12,0,1,1,12,12A12,12,0,0,1,112,84Z\"><\/path><\/svg><svg xmlns=\"http:\/\/www.w3.org\/2000\/svg\" class=\"close_icon\" width=\"28\" height=\"28\" fill=\"#FFF\" viewBox=\"0 0 256 256\"><path d=\"M165.66,101.66,139.31,128l26.35,26.34a8,8,0,0,1-11.32,11.32L128,139.31l-26.34,26.35a8,8,0,0,1-11.32-11.32L116.69,128,90.34,101.66a8,8,0,0,1,11.32-11.32L128,116.69l26.34-26.35a8,8,0,0,1,11.32,11.32ZM232,128A104,104,0,1,1,128,24,104.11,104.11,0,0,1,232,128Zm-16,0a88,88,0,1,0-88,88A88.1,88.1,0,0,0,216,128Z\"><\/path><\/svg><\/span><\/div>\n\n\n<figcaption class=\"gb-text\">P\u00e1tio da Casa das Virgens Vestais no F\u00f3rum Romano.<\/figcaption>\n<\/figure>\n\n\n\n<p>Uma das minhas \u00e1reas favoritas foi o Atrium Vestae ou a Casa das Virgens Vestais.<\/p>\n\n\n\n<p>(As Virgens Vestais eram mulheres que cuidavam do Templo de Vesta durante um mandato de trinta anos. Como o t\u00edtulo sugere, eram virgens e esperava-se que permanecessem c\u00e9libas).&nbsp;<\/p>\n\n\n\n<p>H\u00e1 bancos e \u00e9 um \u00f3timo lugar para sentar, absorver a atmosfera, tomar consci\u00eancia do espa\u00e7o e preparares-te para o Monte Palatino.&nbsp;<\/p>\n\n\n\n<p>(Ver abaixo uma li\u00e7\u00e3o de hist\u00f3ria r\u00e1pida e por que isto \u00e9 especialmente relevante.)<\/p>\n\n\n\n<figure><div class=\"ms-credits\">\n<img decoding=\"async\" class=\"gb-media-f8a36f23\" alt=\"Jardim e est\u00e1tuas da Casa das Virgens Vestais rodeados de ru\u00ednas de tijolo antigo no F\u00f3rum Romano.\" src=\"https:\/\/www.rome.info\/wp-content\/uploads\/house-of-vestals-garden-1747111842.jpg\" title=\"house-of-vestals-garden-1747111842\" \/>\n<span class='ms-credits__info' id='media2748'><svg viewBox=\"0 0 24 24\" fill=\"none\" xmlns=\"http:\/\/www.w3.org\/2000\/svg\" width=\"20\" height=\"22\"><g stroke-width=\"0\"><\/g><g stroke-linecap=\"round\" stroke-linejoin=\"round\"><\/g><g id=\"SVGRepo_iconCarrier\"> <path d=\"M12 22C6.48 22 2 17.52 2 12C2 6.48 6.48 2 12 2C17.52 2 22 6.48 22 12C22 17.52 17.52 22 12 22Z\" stroke=\"#000\" stroke-width=\"1.5\" stroke-linecap=\"round\" stroke-linejoin=\"round\"><\/path> <path d=\"M10.88 14.1499C10.37 14.5899 9.70999 14.8699 8.98999 14.8699C7.40999 14.8699 6.12 13.5899 6.12 11.9999C6.12 10.4099 7.39999 9.12988 8.98999 9.12988C9.71999 9.12988 10.38 9.39985 10.88 9.84985\" stroke=\"#000\" stroke-width=\"1.5\" stroke-linecap=\"round\" stroke-linejoin=\"round\"><\/path> <path d=\"M17.88 14.1499C17.37 14.5899 16.71 14.8699 15.99 14.8699C14.41 14.8699 13.12 13.5899 13.12 11.9999C13.12 10.4099 14.4 9.12988 15.99 9.12988C16.72 9.12988 17.38 9.39985 17.88 9.84985\" stroke=\"#000\" stroke-width=\"1.5\" stroke-linecap=\"round\" stroke-linejoin=\"round\"><\/path> <\/g><\/svg> BY-NC-ND 2.0 Generic\u2588 Slices of Light \u2734 \u2588\u2580 \u2580 \u2580\/<a href=https:\/\/www.flickr.com\/photos\/justaslice\/51819820052 rel='nofollow' target='_blank'>Flickr<\/a><\/span><span class='ms-credits__btn' id='btn_media2748' onclick='ms_credits_trigger(\"#media2748\", this)'><svg xmlns=\"http:\/\/www.w3.org\/2000\/svg\" class=\"info_icon\" width=\"28\" height=\"28\" fill=\"#FFF\" viewBox=\"0 0 256 256\"><path d=\"M128,24A104,104,0,1,0,232,128,104.11,104.11,0,0,0,128,24Zm0,192a88,88,0,1,1,88-88A88.1,88.1,0,0,1,128,216Zm16-40a8,8,0,0,1-8,8,16,16,0,0,1-16-16V128a8,8,0,0,1,0-16,16,16,0,0,1,16,16v40A8,8,0,0,1,144,176ZM112,84a12,12,0,1,1,12,12A12,12,0,0,1,112,84Z\"><\/path><\/svg><svg xmlns=\"http:\/\/www.w3.org\/2000\/svg\" class=\"close_icon\" width=\"28\" height=\"28\" fill=\"#FFF\" viewBox=\"0 0 256 256\"><path d=\"M165.66,101.66,139.31,128l26.35,26.34a8,8,0,0,1-11.32,11.32L128,139.31l-26.34,26.35a8,8,0,0,1-11.32-11.32L116.69,128,90.34,101.66a8,8,0,0,1,11.32-11.32L128,116.69l26.34-26.35a8,8,0,0,1,11.32,11.32ZM232,128A104,104,0,1,1,128,24,104.11,104.11,0,0,1,232,128Zm-16,0a88,88,0,1,0-88,88A88.1,88.1,0,0,0,216,128Z\"><\/path><\/svg><\/span><\/div>\n\n\n<figcaption class=\"gb-text\">Vista do Tempio dei Dioscuri e do Templo de Antonino e Faustina a partir da Casa das Virgens Vestais, agora um jardim de rosas muito sereno.&nbsp;<\/figcaption>\n<\/figure>\n\n\n\n<h3 class=\"wp-block-heading\">Virgens Vestais<\/h3>\n\n\n\n<p>Segundo a mitologia romana, uma vestal chamada R\u00e9ia S\u00edlvia foi engravidada pelo deus Marte. Deu \u00e0 luz g\u00e9meos a quem chamou R\u00f3mulo e Remo.&nbsp;<\/p>\n\n\n\n<p>O Rei considerou os filhos de Marte uma amea\u00e7a directa e ordenou que fossem mortos. Foram abandonados junto ao rio, mas salvos pelo deus Tiberino, Pai do Rio.&nbsp;<\/p>\n\n\n\n<p>Em crian\u00e7as, foram amamentados por uma loba (Lupa), e acredita-se que a gruta (<em>o Luperco<\/em>) onde ela deles cuidou ficava no Monte Palatino.&nbsp;<\/p>\n\n\n\n<p>(Caso alguma vez te tivesses perguntado por que o s\u00edmbolo de Roma \u00e9 uma loba.)<\/p>\n\n\n\n<p>Anos mais tarde, R\u00f3mulo e Remo entraram numa amarga disputa sobre onde construir a cidade. R\u00f3mulo preferia o Monte Palatino. Remo n\u00e3o, por isso o seu irm\u00e3o mandou mat\u00e1-lo. R\u00f3mulo fundou a cidade, chamou-lhe Roma e o resto \u00e9 hist\u00f3ria.&nbsp;<\/p>\n\n\n\n<h2 class=\"wp-block-heading\">Vis\u00e3o Geral do Monte Palatino<\/h2>\n\n\n<div class=\"ms-credits\">\n<img decoding=\"async\" class=\"gb-media-7e59e555\" alt=\"Vista do Monte Palatino em Roma\" src=\"https:\/\/www.rome.info\/wp-content\/uploads\/f-palatine-hill.jpg\" title=\"Palatine Hill\" \/>\n<span class='ms-credits__info' id='media712'><svg xmlns=\"http:\/\/www.w3.org\/2000\/svg\" width=\"20\" height=\"22\" fill=\"#000000\" viewBox=\"0 0 256 256\"><path d=\"M128,24A104,104,0,1,0,232,128,104.11,104.11,0,0,0,128,24Zm0,192a88,88,0,1,1,88-88A88.1,88.1,0,0,1,128,216ZM96,128a32,32,0,0,0,57.6,19.2,8,8,0,0,1,12.8,9.61,48,48,0,1,1,0-57.62,8,8,0,0,1-12.8,9.61A32,32,0,0,0,96,128Z\"><\/path><\/svg>grafalex\/<a href=https:\/\/depositphotos.com\/4753967\/stock-photo-palatine-hill.html rel='nofollow' target='_blank'>Depositphotos<\/a><\/span><span class='ms-credits__btn' id='btn_media712' onclick='ms_credits_trigger(\"#media712\", this)'><svg xmlns=\"http:\/\/www.w3.org\/2000\/svg\" class=\"info_icon\" width=\"28\" height=\"28\" fill=\"#FFF\" viewBox=\"0 0 256 256\"><path d=\"M128,24A104,104,0,1,0,232,128,104.11,104.11,0,0,0,128,24Zm0,192a88,88,0,1,1,88-88A88.1,88.1,0,0,1,128,216Zm16-40a8,8,0,0,1-8,8,16,16,0,0,1-16-16V128a8,8,0,0,1,0-16,16,16,0,0,1,16,16v40A8,8,0,0,1,144,176ZM112,84a12,12,0,1,1,12,12A12,12,0,0,1,112,84Z\"><\/path><\/svg><svg xmlns=\"http:\/\/www.w3.org\/2000\/svg\" class=\"close_icon\" width=\"28\" height=\"28\" fill=\"#FFF\" viewBox=\"0 0 256 256\"><path d=\"M165.66,101.66,139.31,128l26.35,26.34a8,8,0,0,1-11.32,11.32L128,139.31l-26.34,26.35a8,8,0,0,1-11.32-11.32L116.69,128,90.34,101.66a8,8,0,0,1,11.32-11.32L128,116.69l26.34-26.35a8,8,0,0,1,11.32,11.32ZM232,128A104,104,0,1,1,128,24,104.11,104.11,0,0,1,232,128Zm-16,0a88,88,0,1,0-88,88A88.1,88.1,0,0,0,216,128Z\"><\/path><\/svg><\/span><\/div>\n\n\n<p><a href=\"https:\/\/www.rome.info\/attractions\/palatine-hill\/\">O Monte Palatino<\/a> tem tantas camadas; tanto hist\u00f3rica como mitologicamente.<\/p>\n\n\n\n<p>Foi o lar das classes dirigentes de Roma durante literalmente mil\u00e9nios. \u00c9 dominado pelas ru\u00ednas de uma rede de pal\u00e1cios imperiais do primeiro s\u00e9culo chamados Domus Augustana.<\/p>\n\n\n\n<p>Ap\u00f3s um breve per\u00edodo de decl\u00ednio durante a Idade M\u00e9dia, as coisas melhoraram no s\u00e9culo XVI, quando o Monte Palatino se tornou o lar dos primeiros jardins bot\u00e2nicos da Europa gra\u00e7as \u00e0 fam\u00edlia Farnese.&nbsp;<\/p>\n\n\n\n<p>Apenas alguns pavilh\u00f5es e uma fonte do que foram outrora os jardins de recreio mais bem classificados da Europa.<\/p>\n\n\n\n<p>O Museu Palatino no topo da colina ajudar\u00e1 a preencher as lacunas, mostrando a riqueza e o esplendor dos seus antigos habitantes e das suas respectivas resid\u00eancias.<\/p>\n\n\n\n<p>Termina com as deslumbrantes vistas sobre o <a href=\"https:\/\/www.rome.info\/attractions\/circus-maximus\/\">Circo M\u00e1ximo<\/a> a partir da Domus Augustana, antes de sa\u00edres pela Vigna Barberini de volta \u00e0 Via di San Gregorio em dire\u00e7\u00e3o ao Circo M\u00e1ximo.&nbsp;<\/p>\n\n\n\n<h3 class=\"wp-block-heading\">A Explorar o Monte Palatino<\/h3>\n\n\n\n<p>Comecei por explorar o vasto complexo imperial Domus Augustana. Para aumentar a sensa\u00e7\u00e3o de nobreza, m\u00fasica cl\u00e1ssica \u00e9 tocada pela \u00e1rea da Domus a partir de altifalantes discretamente colocados, o que, para mim, combinava perfeitamente com os arredores. Transmitia uma maravilhosa sensa\u00e7\u00e3o de calma:<\/p>\n\n\n\n<p>Apesar de todos os sinais, tamb\u00e9m \u00e9 bastante agrad\u00e1vel explorar o parque e depois encontrares-te organicamente nos Jardins Farnese.&nbsp;<\/p>\n\n\n\n<h3 class=\"wp-block-heading\">O Ninfeu dos Espelhos<\/h3>\n\n\n\n<figure class=\"gb-block-image gb-block-image-898c4dc2\"><img decoding=\"async\" class=\"gb-image gb-image-898c4dc2\" src=\"https:\/\/www.rome.info\/wp-content\/uploads\/IMG_1844.jpeg\" \/><\/figure>\n\n\n\n<p>Daqui, ainda conseguia ouvir a m\u00fasica cl\u00e1ssica a tocar na colina acima. Sentei num banco em frente ao Ninfeu dos Espelhos \u2014 ou ao que resta destes fant\u00e1sticos repuxos e fontes do s\u00e9culo XVI.&nbsp;<\/p>\n\n\n\n<p>Ainda n\u00e3o conseguia superar a tranquilidade e paz que havia ali.&nbsp;<\/p>\n\n\n\n<p>\ud83d\udca1<strong>Dica<\/strong>: aponta a tua visita para o final do dia. Para al\u00e9m de poderes ter a sorte de desfrutar de vistas rom\u00e2nticas ao crep\u00fasculo sobre o Circo M\u00e1ximo de cima, estar\u00e1 muito mais tranquilo. Al\u00e9m disso, acabar\u00e1s tudo mesmo a tempo de um aperitivo (entre as 18h e as 19h), e tenho o lugar ideal em mente.<\/p>\n\n\n\n<h2 class=\"wp-block-heading\">A Sair<\/h2>\n\n\n\n<p>Em vez de voltares pelo mesmo caminho e tomares o Metro em Colosseo, sai aqui pela Vigna Barberini. Esta agrad\u00e1vel descida quase rural ao lado de fragmentos aleat\u00f3rios de aqueduto romano levar\u00e1-te \u00e0 entrada\/sa\u00edda na Via di Gregorio, perto do Circo M\u00e1ximo.<\/p>\n\n\n\n<figure class=\"gb-block-image gb-block-image-06435138\"><img decoding=\"async\" class=\"gb-image gb-image-06435138\" src=\"https:\/\/www.rome.info\/wp-content\/uploads\/IMG_1854.jpeg\" \/><\/figure>\n\n\n\n<h3 class=\"wp-block-heading\">A Vinha da Fam\u00edlia Barberini<\/h3>\n\n\n\n<figure class=\"gb-block-image gb-block-image-fd04dd92\"><img decoding=\"async\" class=\"gb-image gb-image-fd04dd92\" src=\"https:\/\/www.rome.info\/wp-content\/uploads\/IMG_1848.jpeg\" \/><\/figure>\n\n\n\n<p>Ora aqui est\u00e1 uma fam\u00edlia que p\u00f4s a m\u00e3o em muito. Era uma fam\u00edlia nobre do s\u00e9culo XVII que tinha os dedos em muitos pratos. (Ver\u00e1s o seu bras\u00e3o em S\u00e3o Pedro e t\u00eam at\u00e9 uma esta\u00e7\u00e3o de Metro com o seu nome)<\/p>\n\n\n\n<p>Eram propriet\u00e1rios de um terreno neste local no s\u00e9culo XVII, mas a vinha que vemos hoje foi cuidadosamente plantada em 2020 e os viticultores t\u00eam orgulho em cultivar uma uva muito antiga chamada Bellone, conhecida por ter sido usada no tempo de Pl\u00ednio, o Velho.&nbsp;<\/p>\n\n\n\n<p>Visitei perto do final da tarde e tive o lugar para mim.&nbsp;<\/p>\n\n\n\n<p>O caminho acima levar\u00e1-te todo o caminho at\u00e9 \u00e0 Via di Gregorio e ao magn\u00edfico arco abaixo.<\/p>\n\n\n\n<figure class=\"gb-block-image gb-block-image-5c134091\"><img decoding=\"async\" class=\"gb-image gb-image-5c134091\" src=\"https:\/\/www.rome.info\/wp-content\/uploads\/IMG_1861.jpeg\" \/><\/figure>\n\n\n\n<p>A entrada na Via San Gregorio, ou a sa\u00edda se escolheres a sa\u00edda do Circo M\u00e1ximo. A entrada original para os Jardins Farnese, quando ainda existiam.&nbsp;<\/p>\n\n\n\n<p>Ao sa\u00edres por este magn\u00edfico arco, o Arco de Constantino e o Coliseu ficar\u00e3o \u00e0 tua esquerda, e o Circo M\u00e1ximo \u00e0 tua direita.&nbsp;<\/p>\n\n\n\n<p>Podes tamb\u00e9m optar por fazer o inverso e come\u00e7ar a visita a partir daqui.&nbsp;<\/p>\n\n\n\n<figure class=\"gb-block-image gb-block-image-44a9247d\"><img decoding=\"async\" class=\"gb-image gb-image-44a9247d\" src=\"https:\/\/www.rome.info\/wp-content\/uploads\/IMG_1862.jpeg\" \/><\/figure>\n\n\n\n<p>It\u00e1lia tem uma paix\u00e3o absoluta pelos c\u00f3digos QR. T\u00eam-nos para tudo.<\/p>\n\n\n\n<p>Este sinal de informa\u00e7\u00e3o de bilhetes tamb\u00e9m tem o c\u00f3digo QR que precisas para descarregar a App do Parco Colosseo, que inclui tamb\u00e9m um itiner\u00e1rio detalhado para o F\u00f3rum. Muito recomendado.&nbsp;<\/p>\n\n\n\n<p>Encontrar\u00e1s outro sinal como este junto \u00e0 bilheteira em frente ao Coliseu, ao lado da Via Sacra.&nbsp;<\/p>\n\n\n\n<p>Aten\u00e7\u00e3o, n\u00e3o h\u00e1 lojas de prendas, caf\u00e9s ou restaurantes no F\u00f3rum Romano ou no Monte Palatino. Por isso leva snacks. As \u00fanicas lojas de prendas oficiais ficam dentro do Coliseu.<\/p>\n\n\n\n<h2 class=\"wp-block-heading\">Atra\u00e7\u00f5es Pr\u00f3ximas<\/h2>\n\n\n\n<h3 class=\"wp-block-heading\"><a href=\"https:\/\/www.circomaximoexperience.it\/en\/\" rel=\"nofollow noopener\">Circo Maximo Experience<\/a> \u2014 Viale Aventino, 00186<\/h3>\n\n\n\n<p>Atrav\u00e9s de headsets de Realidade Virtual, ser\u00e1s transportado de volta ao s\u00e9culo I d.C. e assistir\u00e1s a corridas de carros e a um peda\u00e7o da vida romana antiga no Circo M\u00e1ximo. Um tour a p\u00e9 de 40 minutos; fica a apenas cinco minutos do Arco de Constantino.&nbsp;<\/p>\n\n\n\n<h3 class=\"wp-block-heading\"><a href=\"https:\/\/www.rome.info\/attractions\/st-clement-basilica\/\">Bas\u00edlica de S\u00e3o Clemente<\/a> \u2014 Piazza di S. Clemente, 00184.<\/h3>\n\n\n\n<p>A cinco minutos a p\u00e9 fica uma deslumbrante igreja do s\u00e9culo XII.&nbsp;<\/p>\n\n\n\n<p>Por baixo encontram-se escava\u00e7\u00f5es arqueol\u00f3gicas que te levam numa viagem no tempo. Descer\u00e1s aos restos de uma igreja do s\u00e9culo IV e depois descer\u00e1s novamente a um templo pag\u00e3o do s\u00e9culo I.<\/p>\n\n\n\n<p>Ter\u00e1s de reservar com anteced\u00eancia. A bas\u00edlica em si n\u00e3o oferece tours guiados (as operadoras tur\u00edsticas locais tratam disso), e deves certificar-te de te vestires adequadamente. Sem ombros a descoberto ou cal\u00e7\u00f5es curtos.&nbsp;<\/p>\n\n\n\n<h2 class=\"wp-block-heading\">Comida e Bebidas<\/h2>\n\n\n\n<p>Os bares e restaurantes mesmo em frente ao Coliseu s\u00e3o, como seria de esperar, armadilhas para turistas. Tinha de se dizer. Em vez disso, vai ao Viale Aventino; a longa e cosmopolita avenida (gra\u00e7as a todo o pessoal expatriado da ONU que frequenta os seus bares) que liga o Circo M\u00e1ximo a Ostiense. Est\u00e1 repleta de v\u00e1rios bares e restaurantes, incluindo:&nbsp;<\/p>\n\n\n\n<h3 class=\"wp-block-heading\">So Good \u2014 Viale Aventino, 87, 00153.<\/h3>\n\n\n\n<p>Cerveja artesanal na torneira e bagels de pastrami. Os bagels n\u00e3o s\u00e3o exatamente aut\u00eanticos de Nova Iorque, mas as doses s\u00e3o generosas e tens a op\u00e7\u00e3o de pickles e mostarda (o que n\u00e3o \u00e9 garantido em It\u00e1lia).<\/p>\n\n\n\n<p>A 14 minutos a p\u00e9 do Arco de Constantino.&nbsp;<\/p>\n\n\n\n<h3 class=\"wp-block-heading\">Gusto Massimo Bar \u2014 Via del Circo Massimo, 5a, 00153.<\/h3>\n\n\n\n<p>Aperitivo, pizza e boa comida quente ao almo\u00e7o. Um local frequentado pelo pessoal da ONU (que trabalha no impressionante edif\u00edcio da Organiza\u00e7\u00e3o das Na\u00e7\u00f5es Unidas para a Alimenta\u00e7\u00e3o e a Agricultura do outro lado da estrada), e a cinco segundos da esta\u00e7\u00e3o de Metro do Circo Massimo.<\/p>\n\n\n\n<p>A 8 minutos a p\u00e9 do Arco de Constantino.<\/p>\n\n\n\n<h3 class=\"wp-block-heading\">Elleniko \u2014 Viale Aventino, 83, 00153.<\/h3>\n\n\n\n<p>Comida de rua grega barata. Se queres uma pausa dos hidratos de carbono italianos, experimenta os gregos.&nbsp;<\/p>\n\n\n\n<p>O Elleniko oferece comida de rua grega aut\u00eantica a pre\u00e7os acess\u00edveis.&nbsp;<\/p>\n\n\n\n<p>Ao lado do So Good. A 14 minutos a p\u00e9 do Arco de Constantino.&nbsp;<\/p>\n\n\n\n<h2 class=\"wp-block-heading\">Sabias Que: 5 Factos Interessantes&nbsp;<\/h2>\n\n\n\n<ol class=\"wp-block-list\">\n<li>No seu ponto mais baixo, o F\u00f3rum era usado como pasto para o gado. Era conhecido como o &#8220;Campo das Vacas&#8221; durante a Idade M\u00e9dia.<\/li>\n\n\n\n<li>Grande parte do F\u00f3rum estava em bom estado at\u00e9 ao s\u00e9culo XVI, embora algumas partes tivessem sido danificadas por terramotos e abandono. O Papa Paulo III ordenou o saque e reaproveitamento dos materiais do F\u00f3rum para construir a Bas\u00edlica de S\u00e3o Pedro, causando danos imensur\u00e1veis.<\/li>\n\n\n\n<li>O Arco do Triunfo em Paris foi modelado com base no Arco de Tito.<\/li>\n\n\n\n<li>Ap\u00f3s o brutal assassinato de J\u00falio C\u00e9sar, o seu corpo foi cremado no interior do F\u00f3rum Romano. Ap\u00f3s a sua morte, o lend\u00e1rio general e estadista foi divinizado, e o Templo de C\u00e9sar foi constru\u00eddo no local da sua crema\u00e7\u00e3o. Grande parte do templo foi destru\u00edda, mas ainda podes ver os restos do altar hoje, que seriam tratados como o t\u00famulo de C\u00e9sar.<\/li>\n\n\n\n<li>Para al\u00e9m de ser um espa\u00e7o para reuni\u00f5es sociais, pol\u00edtica e cerim\u00f3nias religiosas, o F\u00f3rum Romano era usado como local para julgamentos criminais. As cabe\u00e7as dos inimigos eram frequentemente expostas nos anos de crep\u00fasculo do Imp\u00e9rio.<\/li>\n<\/ol>\n\n\n\n<h2 class=\"wp-block-heading\">Hist\u00f3ria<\/h2>\n\n\n\n<p>Uma cronologia do lugar do F\u00f3rum Romano na <a href=\"https:\/\/www.rome.info\/ancient\/\">Roma Antiga<\/a>:<\/p>\n\n\n\n<div class=\"ms-timeline-list\">\n<div class=\"ms-timeline-item\">\n<p class=\"gb-text ms-timeline-item__time\">753 a.C.<\/p>\n\n\n\n<p class=\"gb-text\">Roma foi fundada pelos irm\u00e3os g\u00e9meos R\u00f3mulo e Remo. Os edif\u00edcios surgem rapidamente para formar o F\u00f3rum, uma \u00e1rea comunit\u00e1ria que os romanos usar\u00e3o como mercado, centro religioso e espa\u00e7o pol\u00edtico.<\/p>\n<\/div>\n\n\n\n<div class=\"ms-timeline-item\">\n<p class=\"gb-text ms-timeline-item__time\">497 a.C.<\/p>\n\n\n\n<p class=\"gb-text\">O Templo de Saturno original foi constru\u00eddo. Ser\u00e1 a primeira de muitas vers\u00f5es.<\/p>\n<\/div>\n\n\n\n<div class=\"ms-timeline-item\">\n<p class=\"gb-text ms-timeline-item__time\">44 a.C.<\/p>\n\n\n\n<p class=\"gb-text\">J\u00falio C\u00e9sar foi assassinado. O seu corpo \u00e9 cremado no F\u00f3rum.<\/p>\n<\/div>\n\n\n\n<div class=\"ms-timeline-item\">\n<p class=\"gb-text ms-timeline-item__time\">203 d.C.<\/p>\n\n\n\n<p class=\"gb-text\">O Arco de Sept\u00edmio Severo foi constru\u00eddo para comemorar as vit\u00f3rias militares do Imperador contra os Partos.<\/p>\n<\/div>\n\n\n\n<div class=\"ms-timeline-item\">\n<p class=\"gb-text ms-timeline-item__time\">394 d.C.<\/p>\n\n\n\n<p class=\"gb-text\">O culto n\u00e3o crist\u00e3o \u00e9 proibido. O F\u00f3rum Romano caiu lentamente em desuso.&nbsp;<\/p>\n<\/div>\n\n\n\n<div class=\"ms-timeline-item\">\n<p class=\"gb-text ms-timeline-item__time\">410 d.C.<\/p>\n\n\n\n<p class=\"gb-text\">Queda do Imp\u00e9rio Romano. O Imp\u00e9rio Romano do Ocidente caiu, e o F\u00f3rum sofreu grandes danos no processo.<\/p>\n<\/div>\n\n\n\n<div class=\"ms-timeline-item\">\n<p class=\"gb-text ms-timeline-item__time\">608 d.C.<\/p>\n\n\n\n<p class=\"gb-text\">A Coluna de Focas \u00e9 erguida. \u00c9 considerada o \u00faltimo monumento antigo constru\u00eddo no F\u00f3rum.<\/p>\n<\/div>\n\n\n\n<div class=\"ms-timeline-item\">\n<p class=\"gb-text ms-timeline-item__time\">847 d.C.<\/p>\n\n\n\n<p class=\"gb-text\">Um violento terramoto danificou muitos dos edif\u00edcios do F\u00f3rum Romano.<\/p>\n<\/div>\n\n\n\n<div class=\"ms-timeline-item\">\n<p class=\"gb-text ms-timeline-item__time\">1539 d.C.<\/p>\n\n\n\n<p class=\"gb-text\">Danos adicionais foram causados por ordem do Papa Paulo III. Materiais do F\u00f3rum s\u00e3o usados para construir outros locais, incluindo a Bas\u00edlica de S\u00e3o Pedro.<\/p>\n<\/div>\n\n\n\n<div class=\"ms-timeline-item\">\n<p class=\"gb-text ms-timeline-item__time\">1803 d.C.<\/p>\n\n\n\n<p class=\"gb-text\">O arque\u00f3logo Carlo Fea iniciou os trabalhos de escava\u00e7\u00e3o no F\u00f3rum Romano. A extens\u00e3o total do projeto demoraria mais de 100 anos.<\/p>\n<\/div>\n<\/div>\n\n\n\n<h2 class=\"wp-block-heading\">Perguntas Frequentes<\/h2>\n\n\n\n<h3 class=\"wp-block-heading\"><strong>Para que era usado o F\u00f3rum Romano?<\/strong><\/h3>\n\n\n\n<p>O F\u00f3rum Romano era usado como centro da sociedade romana. As pessoas reuniam-se aqui publicamente para discutir pol\u00edtica, aprovar leis, vender mercadorias e realizar cerim\u00f3nias religiosas.<\/p>\n\n\n\n<h3 class=\"wp-block-heading\"><strong>O que aconteceu ao F\u00f3rum Romano?<\/strong><\/h3>\n\n\n\n<p>O F\u00f3rum Romano sofreu danos ao longo dos anos atrav\u00e9s de ocorr\u00eancias naturais como terramotos, polui\u00e7\u00e3o e desgaste. Muitas das pedras e colunas tamb\u00e9m foram roubadas por ladr\u00f5es.<\/p>\n\n\n\n<p><\/p>\n","protected":false},"excerpt":{"rendered":"<p>Viaja ao cora\u00e7\u00e3o da Roma Antiga no F\u00f3rum Romano.<\/p>\n","protected":false},"author":9,"featured_media":477,"parent":0,"menu_order":0,"template":"","meta":{"_acf_changed":false,"button_url":"https:\/\/www.tiqets.com\/pt\/roman-forum-tickets-l146049\/?partner=romeinfo","product_id":"","street_address":", ","city":"Rome","country":"Italy","postal_code":"00186","lattitude":"41.8920906","longitude":"12.4864378","rank_math_title":"F\u00f3rum Romano: Bilhetes, Hor\u00e1rios &amp; O Que Ver","rank_math_description":"Compra bilhetes para o F\u00f3rum Romano e explora o cora\u00e7\u00e3o da Roma Antiga. Tours guiados, hor\u00e1rios, ru\u00ednas imperd\u00edveis e atra\u00e7\u00f5es pr\u00f3ximas."},"attraction-types":[18],"producer":[32],"class_list":["post-317","attraction","type-attraction","status-publish","has-post-thumbnail","hentry","attraction-types-monumentos"],"acf":[],"location_schema":{"product_id":"","street_address":", ","city":"Rome","country":"Italy","postal_code":"00186","lattitude":"41.8920906","longitude":"12.4864378"},"_links":{"self":[{"href":"https:\/\/www.rome.info\/pt\/wp-json\/wp\/v2\/attraction\/317","targetHints":{"allow":["GET"]}}],"collection":[{"href":"https:\/\/www.rome.info\/pt\/wp-json\/wp\/v2\/attraction"}],"about":[{"href":"https:\/\/www.rome.info\/pt\/wp-json\/wp\/v2\/types\/attraction"}],"author":[{"embeddable":true,"href":"https:\/\/www.rome.info\/pt\/wp-json\/wp\/v2\/users\/9"}],"wp:featuredmedia":[{"embeddable":true,"href":"https:\/\/www.rome.info\/pt\/wp-json\/wp\/v2\/media\/477"}],"wp:attachment":[{"href":"https:\/\/www.rome.info\/pt\/wp-json\/wp\/v2\/media?parent=317"}],"wp:term":[{"taxonomy":"attraction-types","embeddable":true,"href":"https:\/\/www.rome.info\/pt\/wp-json\/wp\/v2\/attraction-types?post=317"},{"taxonomy":"producer","embeddable":true,"href":"https:\/\/www.rome.info\/pt\/wp-json\/wp\/v2\/producer?post=317"}],"curies":[{"name":"wp","href":"https:\/\/api.w.org\/{rel}","templated":true}]}}