{"id":314,"date":"2026-04-25T18:28:21","date_gmt":"2026-04-25T16:28:21","guid":{"rendered":"https:\/\/www.rome.info\/pt\/?post_type=attraction&#038;p=314"},"modified":"2026-04-27T22:48:43","modified_gmt":"2026-04-27T20:48:43","slug":"basilica-de-sao-pedro","status":"publish","type":"attraction","link":"https:\/\/www.rome.info\/pt\/atracoes\/basilica-de-sao-pedro\/","title":{"rendered":"Bas\u00edlica de S\u00e3o Pedro"},"content":{"rendered":"\n<p>A Bas\u00edlica de S\u00e3o Pedro \u00e9 uma das maiores igrejas do mundo e a sede da Igreja Cat\u00f3lica Romana. Quer esperes ver o papa ou examinar a arte e arquitetura deslumbrantes, este local sagrado \u00e9 imperd\u00edvel.<\/p>\n\n\n\n<div class=\"ms-rounded ms-mb-last-child-0 ms-mb-block ms-tfs--contrast ms-p ms-tfs\">\n<h3 class=\"gb-text ms-link-unstyled\">Bilhetes para a Bas\u00edlica de S\u00e3o Pedro<\/h3>\n\n\n\n<p class=\"ms-link-unstyled has-ms-color-neutral-darkest-color has-text-color has-link-color wp-elements-3a0990f902924c547d1d80ec3b353eed\">Se est\u00e1s a planear visitar a Bas\u00edlica de S\u00e3o Pedro, h\u00e1 v\u00e1rias formas de a explorar, consoante o teu or\u00e7amento e se queres ou n\u00e3o um guia. A entrada \u00e9 gratuita, mas as filas podem ser longas, por isso reservar um tour ou passe ajuda-te a poupar tempo.<\/p>\n\n\n\n<hr class=\"wp-block-separator has-alpha-channel-opacity\"\/>\n\n\n\n<p class=\"ms-link-unstyled has-ms-color-neutral-darkest-color has-text-color has-link-color wp-elements-5d5539d10bfba67af545cbcc8f1c3b7e\"><strong>\u2b50 Melhor Rela\u00e7\u00e3o Qualidade-Pre\u00e7o<\/strong><\/p>\n\n\n\n<ul class=\"wp-block-list has-ms-color-primary-color has-text-color has-link-color wp-elements-699c3245bbb7b62692ca48526b4c67a1\">\n<li class=\"ms-link-unstyled has-ms-color-neutral-darkest-color has-text-color has-link-color wp-elements-cbacee919a4b3e95507cae0448ea5767\"><a href=\"https:\/\/www.tiqets.com\/pt\/rome-attractions-c71631\/rome-tourist-card-p1013153\/?partner=romeinfo\" rel=\"nofollow noopener\"><strong><mark style=\"background-color:var(--ms-color-contrast-lightest)\" class=\"has-inline-color has-ms-color-primary-color\">Rome Tourist Card (mais vendido)<\/mark><\/strong><\/a> \u2013 Este passe abrangente inclui o <strong>Coliseu, F\u00f3rum Romano, Monte Palatino, Museus do Vaticano e Capela Sistina<\/strong>. Podes ainda escolher mais um: <strong>Bas\u00edlica de S\u00e3o Pedro (visita guiada de 1 hora), Castel Sant&#8217;Angelo ou Pante\u00e3o<\/strong>. Inclui tamb\u00e9m uma app de audioguia da cidade, <strong>10% de desconto<\/strong> noutras atra\u00e7\u00f5es e tours, e a op\u00e7\u00e3o de adicionar <strong>transfers do aeroporto<\/strong> na reserva.<\/li>\n\n\n\n<li class=\"ms-link-unstyled has-ms-color-neutral-darkest-color has-text-color has-link-color wp-elements-73ff1751b43500d0166b43d5e7aa13ed\"><a href=\"https:\/\/www.tiqets.com\/pt\/rome-attractions-c71631\/the-vatican-city-pass-p1012497\/?partner=romeinfo\" rel=\"nofollow noopener\"><strong><mark style=\"background-color:var(--ms-color-contrast-lightest)\" class=\"has-inline-color has-ms-color-primary-color\">Vatican City Pass<\/mark><\/strong><\/a> \u2013 Se o teu interesse s\u00e3o principalmente os monumentos do Vaticano, este passe cobre os <strong>Museus do Vaticano, a Capela Sistina e a Bas\u00edlica de S\u00e3o Pedro<\/strong> com acesso sem fila. Inclui tamb\u00e9m um audioguia de Roma ou entrada fast track no <strong>Castel Sant&#8217;Angelo<\/strong>.<\/li>\n\n\n\n<li class=\"ms-link-unstyled has-ms-color-neutral-darkest-color has-text-color has-link-color wp-elements-7ca3ec1426f881e7d941fef87a585ad4\"><a href=\"https:\/\/www.tiqets.com\/pt\/rome-attractions-c71631\/tickets-for-vatican-st-peters-basilica-audio-guide-p1054791\/?partner=romeinfo\" rel=\"nofollow noopener\"><mark style=\"background-color:var(--ms-color-contrast-lightest)\" class=\"has-inline-color has-ms-color-primary-color\"><strong>S\u00f3 Audioguia Digital<\/strong><\/mark><\/a> \u2013 <em>A op\u00e7\u00e3o mais econ\u00f3mica<\/em>. Explora ao teu ritmo com coment\u00e1rios \u00e1udio dispon\u00edveis em v\u00e1rios idiomas (chin\u00eas, ingl\u00eas, franc\u00eas, alem\u00e3o, italiano, espanhol).<\/li>\n<\/ul>\n\n\n\n<hr class=\"wp-block-separator has-alpha-channel-opacity\"\/>\n\n\n\n<p class=\"has-ms-text-color-color has-text-color has-link-color wp-elements-6ae331728c09183e35b60e55a57b0c3a\"><strong>\ud83c\udfad Melhor Experi\u00eancia<\/strong><\/p>\n\n\n\n<ul class=\"wp-block-list has-ms-color-primary-color has-text-color has-link-color wp-elements-016aa8f62ab49f0358d9f7a34205c9b6\">\n<li class=\"ms-link-unstyled has-ms-color-neutral-darkest-color has-text-color has-link-color wp-elements-1300c614dc0de9469151610d758b2c8f\"><a href=\"https:\/\/www.tiqets.com\/pt\/rome-attractions-c71631\/tickets-for-vatican-museums-sistine-chapel-st-peter-s-basilica-guided-tour-p1105898\/?partner=romeinfo\" rel=\"nofollow noopener\"><mark style=\"background-color:var(--ms-color-contrast-lightest)\" class=\"has-inline-color has-ms-color-primary-color\"><strong>Tour com Guia Completo<\/strong><\/mark><\/a> \u2013 Visita guiada de 3 horas \u00e0 <strong>Bas\u00edlica de S\u00e3o Pedro, Museus do Vaticano e Capela Sistina<\/strong>. Inclui acesso fast track, guia experiente e auriculares. Dispon\u00edvel em ingl\u00eas, franc\u00eas, alem\u00e3o, italiano e espanhol.<\/li>\n\n\n\n<li class=\"ms-link-unstyled has-ms-color-neutral-darkest-color has-text-color has-link-color wp-elements-1602f8d3cb3e281262b86a49e6e957a6\"><a href=\"https:\/\/www.tiqets.com\/pt\/rome-attractions-c71631\/tickets-for-st-peters-basilica-1-hour-express-guided-tour-p1092191\/?partner=romeinfo\" rel=\"nofollow noopener\"><mark style=\"background-color:var(--ms-color-contrast-lightest)\" class=\"has-inline-color has-ms-color-primary-color\"><strong>Tour Express com Guia (1 Hora)<\/strong><\/mark><\/a> \u2013 Se tens pouco tempo mas queres mesmo apreciar as maravilhas da <strong>Bas\u00edlica de S\u00e3o Pedro<\/strong>, o tour express de 1 hora \u00e9 uma boa escolha. Abrange a hist\u00f3ria, a arquitetura e as obras de arte mais importantes (incluindo as esculturas incr\u00edveis que parecem desafiar a gravidade).<\/li>\n<\/ul>\n\n\n\n<hr class=\"wp-block-separator has-alpha-channel-opacity\"\/>\n\n\n\n<p class=\"has-ms-color-neutral-darkest-color has-text-color has-link-color wp-elements-e2c56d4d58e607d68ee26c03465fd9f4\"><strong>\u2139\ufe0f Bom Saber<\/strong><\/p>\n\n\n\n<ul class=\"wp-block-list\">\n<li class=\"has-ms-text-color-color has-text-color has-link-color wp-elements-55b73d09d451633e0bb97c6da9db1e84\">Chega 15 a 30 minutos antes para garantir um in\u00edcio tranquilo da visita.<\/li>\n\n\n\n<li class=\"has-ms-text-color-color has-text-color has-link-color wp-elements-c73b00152d86103f3aeb0f52c6a73c8e\">A entrada na Bas\u00edlica de S\u00e3o Pedro \u00e9 gratuita, mas espera filas longas \u2014 at\u00e9 25 minutos nas horas de ponta.<\/li>\n\n\n\n<li class=\"has-ms-text-color-color has-text-color has-link-color wp-elements-503d2833f0fac8891c3f210919b082b7\">Cancelamento gratuito at\u00e9 24 horas em todos os bilhetes.<\/li>\n\n\n\n<li class=\"has-ms-text-color-color has-text-color has-link-color wp-elements-773e07b7eb2fe15560eeb5eb4e60888d\">A acessibilidade para cadeiras de rodas varia consoante o tour \u2014 consulta os detalhes antes de reservar.<\/li>\n<\/ul>\n\n\n\n<hr class=\"wp-block-separator has-alpha-channel-opacity\"\/>\n\n\n\n<div class=\"ms-cta-button-options ms-mb-block ms-cta\">\n<a class=\"gb-text ms-btn ms-btn--primary ms-shadow\" href=\"https:\/\/www.tiqets.com\/pt\/rome-attractions-c71631\/rome-tourist-card-p1013153\/?partner=romeinfo\" rel=\"nofollow noopener\">Rome Tourist Card<\/a>\n\n\n\n<a class=\"gb-text ms-btn ms-btn--outline-primary ms-shadow\" href=\"https:\/\/www.tiqets.com\/pt\/st-peters-basilica-tickets-l144143\/?partner=romeinfo\" rel=\"nofollow noopener\">Todas as op\u00e7\u00f5es de bilhetes<\/a>\n<\/div>\n<\/div>\n\n\n\n<h2 class=\"wp-block-heading\">Destaques<\/h2>\n\n\n<figure>\n                    <div class=\"ms-credits\"><img decoding=\"async\" class=\"gb-image gb-image-1bb38991\" src=\"https:\/\/www.rome.info\/wp-content\/uploads\/f-shot-of-st-peters-basilica.jpg\" alt=\"Fotografia da Bas\u00edlica de S\u00e3o Pedro \u00e0 dist\u00e2ncia\"><span class='ms-credits__info' id='media817'>Pixabay Licenseptra\/<a href=https:\/\/pixabay.com\/photos\/st-peter-s-basilica-rome-catholic-2677061\/ rel='nofollow' target='_blank'>Pixabay<\/a><\/span><span class='ms-credits__btn' id='btn_media817' onclick='ms_credits_trigger(\"#media817\", this)'><svg xmlns=\"http:\/\/www.w3.org\/2000\/svg\" class=\"info_icon\" width=\"28\" height=\"28\" fill=\"#FFF\" viewBox=\"0 0 256 256\"><path d=\"M128,24A104,104,0,1,0,232,128,104.11,104.11,0,0,0,128,24Zm0,192a88,88,0,1,1,88-88A88.1,88.1,0,0,1,128,216Zm16-40a8,8,0,0,1-8,8,16,16,0,0,1-16-16V128a8,8,0,0,1,0-16,16,16,0,0,1,16,16v40A8,8,0,0,1,144,176ZM112,84a12,12,0,1,1,12,12A12,12,0,0,1,112,84Z\"><\/path><\/svg><svg xmlns=\"http:\/\/www.w3.org\/2000\/svg\" class=\"close_icon\" width=\"28\" height=\"28\" fill=\"#FFF\" viewBox=\"0 0 256 256\"><path d=\"M165.66,101.66,139.31,128l26.35,26.34a8,8,0,0,1-11.32,11.32L128,139.31l-26.34,26.35a8,8,0,0,1-11.32-11.32L116.69,128,90.34,101.66a8,8,0,0,1,11.32-11.32L128,116.69l26.34-26.35a8,8,0,0,1,11.32,11.32ZM232,128A104,104,0,1,1,128,24,104.11,104.11,0,0,1,232,128Zm-16,0a88,88,0,1,0-88,88A88.1,88.1,0,0,0,216,128Z\"><\/path><\/svg><\/span><\/div><figcaption class=\"gb-headline gb-headline-a538d2c3 gb-headline-text\">A Bas\u00edlica de S\u00e3o Pedro fica na Cidade do Vaticano.<\/figcaption><\/figure>\n\n\n<ul class=\"ms-icon-list ms-mb-block\">\n<li class=\"ms-icon-list__item\"><span class=\"gb-shape\"><svg viewBox=\"0 0 256 256\" fill=\"#000000\" height=\"32\" width=\"32\" xmlns=\"http:\/\/www.w3.org\/2000\/svg\"><path d=\"M232.49,80.49l-128,128a12,12,0,0,1-17,0l-56-56a12,12,0,1,1,17-17L96,183,215.51,63.51a12,12,0,0,1,17,17Z\"><\/path><\/svg><\/span><span class=\"gb-text\">Admira o realismo da escultura &#8216;<em>La Piet\u00e0<\/em>&#8216; de Miguel \u00c2ngelo.<\/span><\/li>\n\n\n\n<li class=\"ms-icon-list__item\"><span class=\"gb-shape\"><svg viewBox=\"0 0 256 256\" fill=\"#000000\" height=\"32\" width=\"32\" xmlns=\"http:\/\/www.w3.org\/2000\/svg\"><path d=\"M232.49,80.49l-128,128a12,12,0,0,1-17,0l-56-56a12,12,0,1,1,17-17L96,183,215.51,63.51a12,12,0,0,1,17,17Z\"><\/path><\/svg><\/span><span class=\"gb-text\">Fica deslumbrado pelo Baldaquino de Bernini \u2014 um dossel de bronze sobre o Altar-Mor, constru\u00eddo sobre o t\u00famulo de S\u00e3o Pedro.<\/span><\/li>\n\n\n\n<li class=\"ms-icon-list__item\"><span class=\"gb-shape\"><svg viewBox=\"0 0 256 256\" fill=\"#000000\" height=\"32\" width=\"32\" xmlns=\"http:\/\/www.w3.org\/2000\/svg\"><path d=\"M232.49,80.49l-128,128a12,12,0,0,1-17,0l-56-56a12,12,0,1,1,17-17L96,183,215.51,63.51a12,12,0,0,1,17,17Z\"><\/path><\/svg><\/span><span class=\"gb-text\">Maravilha-te com a C\u00fapula desenhada por Miguel \u00c2ngelo \u2014 uma das maiores c\u00fapulas do mundo.<\/span><\/li>\n<\/ul>\n\n\n\n<h2 class=\"wp-block-heading\">Bilhetes &amp; Pre\u00e7os<\/h2>\n\n\n\n<p>A Bas\u00edlica de S\u00e3o Pedro n\u00e3o \u00e9 uma igreja qualquer; \u00e9 a mais importante do mundo para a Igreja Cat\u00f3lica. A sua impressionante hist\u00f3ria, obras de arte inestim\u00e1veis e arquitetura de cortar a respira\u00e7\u00e3o descobrem-se melhor num tour guiado ou com um city pass que te permite saltar a fila e tirar muito mais partido da visita.<\/p>\n\n\n\n<p><strong>Descobre qual o bilhete para a Bas\u00edlica de S\u00e3o Pedro que melhor se adapta \u00e0s tuas necessidades<\/strong>:<\/p>\n\n\n\n<ul class=\"wp-block-list\">\n<li><a href=\"https:\/\/www.tiqets.com\/pt\/rome-attractions-c71631\/tickets-for-st-peters-basilica-audio-guide-dome-access-p1126403\/?partner=romeinfo\" data-type=\"link\" data-id=\"https:\/\/www.tiqets.com\/pt\/rome-attractions-c71631\/tickets-for-st-peters-basilica-audio-guide-dome-access-p1126403\/?partner=romeinfo\" rel=\"noopener\"><strong>Bilhete de Entrada com Audioguia + Acesso \u00e0 C\u00fapula<\/strong><\/a><strong>:<\/strong> Explora a Bas\u00edlica com um audioguia descarreg\u00e1vel e depois sobe \u00e0 c\u00fapula para vistas deslumbrantes sobre Roma. Escolhe entre escadas ou elevador na altura da compra.<\/li>\n\n\n\n<li><strong><a href=\"https:\/\/www.tiqets.com\/pt\/rome-attractions-c71631\/tickets-for-st-peter-s-basilica-guided-tour-p1111295\/?partner=romeinfo\" rel=\"nofollow noopener\">Tour Guiado<\/a><\/strong>: Tour de 1 hora pela Bas\u00edlica de S\u00e3o Pedro com um guia oficial do Vaticano. V\u00ea a Piet\u00e0 de Miguel \u00c2ngelo, o Baldaquino de Bernini e as obras mais importantes de perto. Tempo livre depois para explorar ao teu ritmo.<\/li>\n\n\n\n<li><a href=\"https:\/\/www.tiqets.com\/pt\/rome-attractions-c71631\/tickets-for-st-peter-s-basilica-dome-vatican-grottoes-guided-tour-p1126260\/?partner=romeinfo\" rel=\"nofollow noopener\"><strong>Tour Guiado: Bas\u00edlica de S\u00e3o Pedro, C\u00fapula &amp; Grutas Vaticanas<\/strong><\/a>: uma experi\u00eancia guiada mais longa que cobre tamb\u00e9m a Pra\u00e7a de S\u00e3o Pedro e as Grutas Papais por baixo da Bas\u00edlica.<\/li>\n\n\n\n<li><strong><a href=\"https:\/\/www.tiqets.com\/pt\/rome-attractions-c71631\/tickets-for-st-peters-basilica-guided-tour-dome-access-p1107346\/?partner=romeinfo\" rel=\"nofollow noopener\">Subida \u00e0 C\u00fapula com Guia<\/a><\/strong>: Sobe ao topo da famosa c\u00fapula de Miguel \u00c2ngelo para vistas panor\u00e2micas sobre Roma.<\/li>\n<\/ul>\n\n\n\n<div class=\"ms-rounded ms-mb-last-child-0 ms-mb-block ms-tfs--contrast ms-p ms-tfs\">\n<h3 class=\"gb-text gb-text-43cd7d69\">Poupa Tempo e Dinheiro com os Passes de Cidade de Roma<\/h3>\n\n\n\n<p class=\"gb-text\">Se planeias visitar mais do que apenas a Bas\u00edlica de S\u00e3o Pedro durante o teu tempo em Roma, um city pass pode ser uma boa aposta. Cada um destes passes inclui a Bas\u00edlica de S\u00e3o Pedro juntamente com outras atra\u00e7\u00f5es de topo e evita as filas mais longas.<\/p>\n\n\n\n<ul class=\"ms-icon-list ms-mb-block\">\n<li class=\"ms-icon-list__item ms-link-unstyled\"><span class=\"gb-shape\"><svg viewBox=\"0 0 256 256\" fill=\"#000000\" height=\"32\" width=\"32\" xmlns=\"http:\/\/www.w3.org\/2000\/svg\"><path d=\"M243.31,136,144,36.69A15.86,15.86,0,0,0,132.69,32H40a8,8,0,0,0-8,8v92.69A15.86,15.86,0,0,0,36.69,144L136,243.31a16,16,0,0,0,22.63,0l84.68-84.68a16,16,0,0,0,0-22.63Zm-96,96L48,132.69V48h84.69L232,147.31ZM96,84A12,12,0,1,1,84,72,12,12,0,0,1,96,84Z\"><\/path><\/svg><\/span><span class=\"gb-text\"><strong><a href=\"https:\/\/www.rome.info\/city-passes\/rome-tourist-card\/\">Rome Tourist Card<\/a><\/strong>: Inclui um tour guiado da Bas\u00edlica de S\u00e3o Pedro, mais entrada sem fila nos Museus Vaticanos, na Capela Sistina e no Coliseu. A op\u00e7\u00e3o mais popular para os visitantes de primeira vez que querem ver todos os pontos de interesse numa \u00fanica reserva.<\/span><\/li>\n\n\n\n<li class=\"ms-icon-list__item ms-link-unstyled\"><span class=\"gb-shape\"><svg viewBox=\"0 0 256 256\" fill=\"#000000\" height=\"32\" width=\"32\" xmlns=\"http:\/\/www.w3.org\/2000\/svg\"><path d=\"M243.31,136,144,36.69A15.86,15.86,0,0,0,132.69,32H40a8,8,0,0,0-8,8v92.69A15.86,15.86,0,0,0,36.69,144L136,243.31a16,16,0,0,0,22.63,0l84.68-84.68a16,16,0,0,0,0-22.63Zm-96,96L48,132.69V48h84.69L232,147.31ZM96,84A12,12,0,1,1,84,72,12,12,0,0,1,96,84Z\"><\/path><\/svg><\/span><span class=\"gb-text\"><strong><a href=\"https:\/\/www.rome.info\/city-passes\/vatican-city-pass\/\">Vatican City Pass<\/a><\/strong>: Inclui um tour guiado da Bas\u00edlica de S\u00e3o Pedro, mais acesso sem fila aos Museus Vaticanos e \u00e0 Capela Sistina. Ideal se queres passar um dia inteiro a explorar tudo na \u00e1rea do Vaticano.<\/span><\/li>\n\n\n\n<li class=\"ms-icon-list__item ms-link-unstyled\"><span class=\"gb-shape\"><svg viewBox=\"0 0 256 256\" fill=\"#000000\" height=\"32\" width=\"32\" xmlns=\"http:\/\/www.w3.org\/2000\/svg\"><path d=\"M243.31,136,144,36.69A15.86,15.86,0,0,0,132.69,32H40a8,8,0,0,0-8,8v92.69A15.86,15.86,0,0,0,36.69,144L136,243.31a16,16,0,0,0,22.63,0l84.68-84.68a16,16,0,0,0,0-22.63Zm-96,96L48,132.69V48h84.69L232,147.31ZM96,84A12,12,0,1,1,84,72,12,12,0,0,1,96,84Z\"><\/path><\/svg><\/span><span class=\"gb-text\"><strong><a href=\"https:\/\/www.rome.info\/city-passes\/omnia-card\/\">Omnia Card<\/a><\/strong>: Inclui acesso sem fila \u00e0 Bas\u00edlica de S\u00e3o Pedro, aos Museus Vaticanos, \u00e0 Capela Sistina, ao Coliseu e a mais de 30 atra\u00e7\u00f5es da cidade. Tamb\u00e9m inclui autocarros hop-on hop-off e transportes p\u00fablicos. Bom para estadias mais longas quando queres m\u00e1xima flexibilidade.<\/span><\/li>\n<\/ul>\n\n\n\n<div class=\"ms-cta-button-options ms-mb-block ms-cta\">\n<a class=\"gb-text ms-btn ms-btn--primary ms-shadow\" href=\"https:\/\/www.rome.info\/city-passes\/comparison\/\">Comparar Todos os Passes de Cidade de Roma<\/a>\n<\/div>\n<\/div>\n\n\n\n<h3 class=\"wp-block-heading\"><strong>Bom Saber<\/strong><\/h3>\n\n\n\n<ul class=\"wp-block-list\">\n<li>Os guias ao vivo est\u00e3o dispon\u00edveis em ingl\u00eas, italiano, franc\u00eas, alem\u00e3o ou espanhol.<\/li>\n\n\n\n<li>As crian\u00e7as entre os 7 e os 17 anos (com documento de identifica\u00e7\u00e3o com foto v\u00e1lido) t\u00eam bilhete com desconto.<\/li>\n\n\n\n<li>Seleciona a tua data e hora online e chega 15 minutos antes do tour agendado.<\/li>\n\n\n\n<li>Os bilhetes s\u00e3o enviados por e-mail, podendo apresent\u00e1-los impressos ou em formato digital.<\/li>\n\n\n\n<li>O teu encontro com o guia ser\u00e1 no balc\u00e3o de boas-vindas no \u00e1trio da bas\u00edlica.<\/li>\n<\/ul>\n\n\n\n<h2 class=\"wp-block-heading\">5 Coisas que Precisas de Saber Antes de Visitar a Bas\u00edlica de S\u00e3o Pedro<\/h2>\n\n\n\n<ol class=\"wp-block-list\">\n<li>N\u00e3o existe forma de saltar a fila. S\u00f3 o pr\u00f3prio Papa tem esse privil\u00e9gio.&nbsp;<\/li>\n\n\n\n<li>As filas de seguran\u00e7a s\u00e3o longas. Toda a gente tem de passar pelos detectores de metais antes de entrar. N\u00e3o h\u00e1 forma de acelerar.<\/li>\n\n\n\n<li>Faz calor no ver\u00e3o na Pra\u00e7a de S\u00e3o Pedro. Vai de manh\u00e3 se conseguires. Leva um chap\u00e9u e um guarda-chuva. Pode ser bastante brutal esperar na pra\u00e7a para passar pelos detectores de metais.&nbsp;<\/li>\n\n\n\n<li>H\u00e1 um c\u00f3digo de vestu\u00e1rio. Apesar do calor, as regras pro\u00edbem ombros a descoberto e pernas demasiado expostas. O pessoal verifica antes de entrares. O teu guia dir-te-\u00e1 se est\u00e1 tudo bem.<\/li>\n\n\n\n<li>O T\u00famulo de S\u00e3o Pedro est\u00e1 atr\u00e1s de um ecr\u00e3 de vidro. H\u00e1 informa\u00e7\u00f5es contradit\u00f3rias na internet sobre isto. Basicamente, vais v\u00ea-lo, mas n\u00e3o podes chegar muito perto, s\u00f3 isso.&nbsp;<\/li>\n<\/ol>\n\n\n\n<h2 class=\"wp-block-heading\">Mapa &amp; Morada (Localiza\u00e7\u00e3o)<\/h2>\n\n\n\n<address class=\"ms-mapblock ms-mb-block\">\n\t\n\t\t<h4>\n\t\t\tSt. Peter&#8217;s Basilica\t\t<\/h2>\n\n\t\t<p class=\"ms-mb-0\">\n            <img decoding=\"async\" class=\"ms-mapblock__map ms-rounded\" src=\"https:\/\/www.rome.info\/pt\/wp-content\/uploads\/sites\/11\/maps\/staticmap_41.9021667_12.4539367_14_768x432.png\" alt=\"St. Peter&#039;s Basilica\" \/>\n\t\t<\/p>\n\n\t\t<p class=\"ms-text-sm ms-text-muted\">\n\t\t\tPiazza San Pietro, 00120 Citt\u00e0 del Vaticano, Vatican City \u00b7\n\t\t\t<a rel=\"nofollow noopener\" target=\"_blank\" href=\"https:\/\/maps.google.com\/?q=41.9021667,12.4539367\">Google Maps<\/a>\n\t\t<\/p>\n\n\t<\/address>\n\n\n<h2 class=\"wp-block-heading\">Como Chegar<\/h2>\n\n\n\n<p>Este guia parte do princ\u00edpio de que tens um tour guiado pr\u00e9-reservado. Usei a App da Tiqets, que vem com instru\u00e7\u00f5es muito \u00fateis e um mapa a mostrar-te a localiza\u00e7\u00e3o exata do teu ponto de encontro.<\/p>\n\n\n\n<p>Dito isto, percebo. Tens muita coisa em m\u00e3os. H\u00e1 muito para ver. Ainda est\u00e1s cansado da viagem, por isso deixa-me simplificar. Roma \u00e9 incr\u00edvel, mas n\u00e3o estamos exatamente a trabalhar com uma grelha de ruas. O GPS do teu telem\u00f3vel vai certamente ter um ou dois colapsos, por isso \u00e9 melhor agu\u00e7ares as tuas compet\u00eancias de orienta\u00e7\u00e3o.&nbsp;<\/p>\n\n\n\n<h3 class=\"wp-block-heading\">Vamos a Isso<\/h3>\n\n\n\n<p>O meu tour foi organizado por uma operadora tur\u00edstica local chamada Touriks (parceira da Tiqets). Reservei um tour guiado da Bas\u00edlica de S\u00e3o Pedro, que inclu\u00eda a Subida \u00e0 C\u00fapula.&nbsp;<\/p>\n\n\n\n<p>O ponto de encontro (no Largo del Colonnato, mesmo fora da Pra\u00e7a de S\u00e3o Pedro) \u00e9 usado por muitas outras operadoras tur\u00edsticas tamb\u00e9m, por isso \u00e9 bastante prov\u00e1vel que, se reservares um tour guiado, seja tamb\u00e9m a\u00ed que te encontres.&nbsp;<\/p>\n\n\n\n<h3 class=\"wp-block-heading\">Transportes P\u00fablicos<\/h3>\n\n\n\n<ul class=\"wp-block-list\">\n<li><a href=\"https:\/\/www.rome.info\/transport\/public-transport\/bus\/\">Bus:<\/a> \n<ul class=\"wp-block-list\">\n<li>40 \u2014 Traspontina\/Conciliazione<\/li>\n\n\n\n<li>64 \u2014 Cavalleggeri\/S. Pietro<\/li>\n\n\n\n<li>32, 81, 982 \u2014 Piazza del Risorgimento<\/li>\n\n\n\n<li>492, 990 \u2014 Via Leone IV \/ Via degli Scipioni<\/li>\n<\/ul>\n<\/li>\n\n\n\n<li><a href=\"https:\/\/www.rome.info\/transport\/public-transport\/tram\/\">El\u00e9trico:<\/a> 19 \u2014 Piazza del Risorgimento<\/li>\n\n\n\n<li><a href=\"https:\/\/www.rome.info\/transport\/trains\/\">Comboio:<\/a> San Pietro<\/li>\n\n\n\n<li><a href=\"https:\/\/www.rome.info\/transport\/public-transport\/metro\/\">Metro<\/a> \u2014 esta\u00e7\u00e3o mais pr\u00f3xima, Ottaviano. 10 minutos a p\u00e9.<\/li>\n<\/ul>\n\n\n\n<p>A partir do Metro de Ottaviano, toma a sa\u00edda Via Ottaviano e caminha toda a Via Ottaviano at\u00e9 chegares \u00e0 Piazza del Risorgimento (uma grande pra\u00e7a oval no meio de uma art\u00e9ria).&nbsp;<\/p>\n\n\n\n<p>No caminho, passar\u00e1s pela loja de alimentos gourmet Castroni \u00e0 tua direita (o que tamb\u00e9m te dir\u00e1 que est\u00e1s a ir na dire\u00e7\u00e3o certa).&nbsp;<\/p>\n\n\n\n<p>Atravessa para a Piazza del Risorgimento e continua em frente pela Via di Porta Angelica.&nbsp;<\/p>\n\n\n\n<p>Continua at\u00e9 ao fim da rua. \u00c0 tua esquerda ver\u00e1s uma fonte, \u00e9 aqui que come\u00e7a a curta rua Largo del Colonnato (a desviar para a tua direita). Segue-a at\u00e9 ao fim at\u00e9 veres uma loja de prendas chamada Galleria San Pietro. Ter\u00e1s as colunatas da Pra\u00e7a de S\u00e3o Pedro do teu lado direito.&nbsp;<\/p>\n\n\n\n<p>A morada exata do ponto de encontro \u00e9 Largo del Colonnato 5. Podes ver o pequeno n\u00famero 5 na parede. (Ou 5 Largo del Colonnato se assim fizer mais sentido para ti). \u00c9 a morada de uma popular e bem abastecida loja de prendas chamada Galleria San Pietro.&nbsp;<\/p>\n\n\n\n<p>\ud83d\udca1<strong>Dica:<\/strong><\/p>\n\n\n\n<ul class=\"wp-block-list\">\n<li><em>Largo, neste contexto, significa pra\u00e7a\/rua<\/em>. Algo entre os dois. (Tamb\u00e9m significa &#8220;largo&#8221; em contextos mais quotidianos).&nbsp;<\/li>\n\n\n\n<li>Em italiano, os n\u00fameros de rua ficam no final dos nomes de rua.&nbsp;<\/li>\n\n\n\n<li>Por fim, <em>Colonnato<\/em> significa colunata. Portanto, Largo del Colonnato 5 em portugu\u00eas seria <em>Rua da Colunata, 5<\/em> (e n\u00e3o a coluna n.\u00ba 5).&nbsp;<\/li>\n\n\n\n<li>Se o teu tour for com a operadora local Touriks, encontrar\u00e1s pessoal simp\u00e1tico e multilingue com etiquetas amarelas como estas em frente \u00e0 loja de prendas Galleria San Pietro.&nbsp;<\/li>\n\n\n\n<li>Vai ter com eles, apresenta-te e ser\u00e1s atribu\u00eddo a um grupo. Ser\u00e1s depois instru\u00eddo a aguardar num local designado pelo teu guia, que distribuir\u00e1 os vossos r\u00e1dios e auriculares.&nbsp;<\/li>\n\n\n\n<li>Usei os meus pr\u00f3prios auriculares \u2014 se tamb\u00e9m o quiseres fazer, precisar\u00e1s dos de tipo antigo com jack. Auriculares Bluetooth n\u00e3o funcionam. Caso contr\u00e1rio, os auriculares ser\u00e3o fornecidos.&nbsp;<\/li>\n<\/ul>\n\n\n\n<h2 class=\"wp-block-heading\">Entrada<\/h2>\n\n\n\n<p>O nosso guia era um romano imenso chamado Marco, com um ingl\u00eas encantador e gestos atenciosos como pausas para casa de banho e \u00e1gua sempre que poss\u00edvel dentro e \u00e0 volta da bas\u00edlica.<\/p>\n\n\n\n<p>Manteve-nos entretidos no calor do meio-dia com hist\u00f3ria e curiosidades sem parar.&nbsp;<\/p>\n\n\n\n<p>Quando fui (em finais de Maio), no total, demorou cerca de quarenta minutos desde o momento em que comecei a fazer fila at\u00e9 entrar fisicamente na igreja. Em \u00e9poca alta, podes contar com pelo menos uma hora de espera.<\/p>\n\n\n\n<p>A Bas\u00edlica de S\u00e3o Pedro fica na Cidade do Vaticano, que \u00e9 um pa\u00eds diferente. Por isso, tens de passar pela seguran\u00e7a tal como no aeroporto. No entanto, n\u00e3o precisar\u00e1s de mostrar o teu passaporte.&nbsp;<\/p>\n\n\n\n<p>A seguran\u00e7a \u00e9 gerida pela Pol\u00edcia Italiana debaixo das colunatas \u00e0 sombra. Uma vez passada a seguran\u00e7a, est\u00e1s num pa\u00eds diferente e ficar\u00e1s entregue \u00e0 Guarda Su\u00ed\u00e7a (Pol\u00edcia da Cidade do Vaticano).&nbsp;<\/p>\n\n\n\n<h2 class=\"wp-block-heading\">O Que N\u00e3o Podes Perder na Bas\u00edlica<\/h2>\n\n\n\n<p>H\u00e1 in\u00fameras coisas para ver e absorver, mas aqui ficam os momentos mais marcantes do meu tour. O nosso guia Marco foi fant\u00e1stico, mas o que \u00e9 \u00f3timo nos tours guiados \u00e9 que n\u00e3o h\u00e1 dois iguais. Mesmo com o mesmo guia.&nbsp;<\/p>\n\n\n\n<p>A primeira coisa que te vai impressionar ao entrares na bas\u00edlica \u00e9 a escala imensa do lugar.&nbsp;<\/p>\n\n\n\n<h3 class=\"wp-block-heading\">La Piet\u00e0 \u2014 Miguel \u00c2ngelo<\/h3>\n\n\n<figure>\n                    <div class=\"ms-credits\"><img decoding=\"async\" class=\"gb-image gb-image-24f8bdcb\" src=\"https:\/\/www.rome.info\/wp-content\/uploads\/f-chapel-of-the-pieta.jpg\" alt=\"Visitantes a admirar a Capela da Piet\u00e0 dentro da Bas\u00edlica de S\u00e3o Pedro\"><span class='ms-credits__info' id='media818'>Pixabay Licensecains\/<a href=https:\/\/pixabay.com\/photos\/basilica-di-san-pietro-in-vaticano-4477328\/ rel='nofollow' target='_blank'>Pixabay<\/a><\/span><span class='ms-credits__btn' id='btn_media818' onclick='ms_credits_trigger(\"#media818\", this)'><svg xmlns=\"http:\/\/www.w3.org\/2000\/svg\" class=\"info_icon\" width=\"28\" height=\"28\" fill=\"#FFF\" viewBox=\"0 0 256 256\"><path d=\"M128,24A104,104,0,1,0,232,128,104.11,104.11,0,0,0,128,24Zm0,192a88,88,0,1,1,88-88A88.1,88.1,0,0,1,128,216Zm16-40a8,8,0,0,1-8,8,16,16,0,0,1-16-16V128a8,8,0,0,1,0-16,16,16,0,0,1,16,16v40A8,8,0,0,1,144,176ZM112,84a12,12,0,1,1,12,12A12,12,0,0,1,112,84Z\"><\/path><\/svg><svg xmlns=\"http:\/\/www.w3.org\/2000\/svg\" class=\"close_icon\" width=\"28\" height=\"28\" fill=\"#FFF\" viewBox=\"0 0 256 256\"><path d=\"M165.66,101.66,139.31,128l26.35,26.34a8,8,0,0,1-11.32,11.32L128,139.31l-26.34,26.35a8,8,0,0,1-11.32-11.32L116.69,128,90.34,101.66a8,8,0,0,1,11.32-11.32L128,116.69l26.34-26.35a8,8,0,0,1,11.32,11.32ZM232,128A104,104,0,1,1,128,24,104.11,104.11,0,0,1,232,128Zm-16,0a88,88,0,1,0-88,88A88.1,88.1,0,0,0,216,128Z\"><\/path><\/svg><\/span><\/div><\/figure>\n\n\n<p>A primeira paragem em qualquer tour \u00e9 sempre <a href=\"https:\/\/www.rome.info\/artists\/michelangelo\/pieta\/\">La Piet\u00e0<\/a>, conclu\u00edda por Miguel \u00c2ngelo em 1499.&nbsp;<\/p>\n\n\n\n<p>Em 1972, uma pessoa com problemas mentais graves, sob o del\u00edrio de ser Jesus Cristo, atacou brutalmente esta bela escultura com um martelo. Foi pacientemente restaurada e desde ent\u00e3o est\u00e1 protegida por um ecr\u00e3 de acr\u00edlico \u00e0 prova de balas.<\/p>\n\n\n\n<p>Um retrato anacr\u00f3nico de Maria (que parece demasiado jovem para ter um filho de 33 anos, a idade a que Jesus morreu); alguns historiadores de arte argumentam que o seu rosto \u00e9 na verdade uma representa\u00e7\u00e3o da pr\u00f3pria m\u00e3e de Miguel \u00c2ngelo, que morreu quando ele era apenas um rapaz.&nbsp;<\/p>\n\n\n\n<p>Dedica um momento a apreciar o realismo angustiante da sua express\u00e3o facial.&nbsp;<\/p>\n\n\n\n<h3 class=\"wp-block-heading\">Est\u00e1tua de Bronze Antiga de S\u00e3o Pedro (S\u00e9culo XIII)<\/h3>\n\n\n\n<p>A tradi\u00e7\u00e3o cat\u00f3lica leva os peregrinos a beijar e tocar o p\u00e9 direito de S\u00e3o Pedro quando visitam a igreja. Isto acontece desde o s\u00e9culo XIV, por isso perceber\u00e1s por que motivo o seu p\u00e9 direito est\u00e1 agora visivelmente desgastado.&nbsp;<\/p>\n\n\n\n<p>Tem tido uma pausa de todo o beijo no p\u00e9 desde a pandemia, por raz\u00f5es \u00f3bvias. Quando visitei em Maio de 2023, ainda estava vedado. Mas nota o p\u00e9 desgastado.<\/p>\n\n\n\n<h3 class=\"wp-block-heading\">Baldaquino di San Pietro \u2014 1634<br><\/h3>\n\n\n<figure>\n                    <div class=\"ms-credits\"><img decoding=\"async\" class=\"gb-image gb-image-38ce8c3c\" src=\"https:\/\/www.rome.info\/wp-content\/uploads\/f-alter-of-st-peters-basilica.jpg\" alt=\"Vista do altar na Bas\u00edlica de S\u00e3o Pedro\"><span class='ms-credits__info' id='media823'>Pixabay LicenseGlavo\/<a href=https:\/\/pixabay.com\/photos\/st-peter-s-basilica-vatican-4773749\/ rel='nofollow' target='_blank'>Pixabay<\/a><\/span><span class='ms-credits__btn' id='btn_media823' onclick='ms_credits_trigger(\"#media823\", this)'><svg xmlns=\"http:\/\/www.w3.org\/2000\/svg\" class=\"info_icon\" width=\"28\" height=\"28\" fill=\"#FFF\" viewBox=\"0 0 256 256\"><path d=\"M128,24A104,104,0,1,0,232,128,104.11,104.11,0,0,0,128,24Zm0,192a88,88,0,1,1,88-88A88.1,88.1,0,0,1,128,216Zm16-40a8,8,0,0,1-8,8,16,16,0,0,1-16-16V128a8,8,0,0,1,0-16,16,16,0,0,1,16,16v40A8,8,0,0,1,144,176ZM112,84a12,12,0,1,1,12,12A12,12,0,0,1,112,84Z\"><\/path><\/svg><svg xmlns=\"http:\/\/www.w3.org\/2000\/svg\" class=\"close_icon\" width=\"28\" height=\"28\" fill=\"#FFF\" viewBox=\"0 0 256 256\"><path d=\"M165.66,101.66,139.31,128l26.35,26.34a8,8,0,0,1-11.32,11.32L128,139.31l-26.34,26.35a8,8,0,0,1-11.32-11.32L116.69,128,90.34,101.66a8,8,0,0,1,11.32-11.32L128,116.69l26.34-26.35a8,8,0,0,1,11.32,11.32ZM232,128A104,104,0,1,1,128,24,104.11,104.11,0,0,1,232,128Zm-16,0a88,88,0,1,0-88,88A88.1,88.1,0,0,0,216,128Z\"><\/path><\/svg><\/span><\/div><\/figure>\n\n\n<p>Este enorme dossel de bronze, com 20 metros de altura (66 p\u00e9s), foi desenhado por <a href=\"https:\/\/www.rome.info\/artists\/bernini\/\">Gian Lorenzo Bernini<\/a> e conclu\u00eddo em 1634. A sua localiza\u00e7\u00e3o precisa marca o t\u00famulo de S\u00e3o Pedro.<\/p>\n\n\n\n<p>\ud83d\udca1<strong>Dica:<\/strong> Miguel \u00c2ngelo, referido como &#8220;O Divino&#8221; ainda em vida, est\u00e1 \u00e0 altura do hype. Mas informa-te um pouco sobre Bernini. Vais ouvir o nome dele muitas vezes tamb\u00e9m.&nbsp;<\/p>\n\n\n\n<h3 class=\"wp-block-heading\">T\u00famulo do Papa Alexandre VII por Bernini \u2014 1678<\/h3>\n\n\n<div class=\"ms-credits\">\n<img decoding=\"async\" class=\"gb-media-0f707531\" alt=\"T\u00famulo barroco do Papa Alexandre VII na Bas\u00edlica de S\u00e3o Pedro, com est\u00e1tuas de m\u00e1rmore de Bernini e um esqueleto drapeado por baixo.\" src=\"https:\/\/www.rome.info\/wp-content\/uploads\/tomb-of-pope-alexander-vii-st-peters-1747033487.jpg\" title=\"tomb-of-pope-alexander-vii-st-peters-1747033487\"\/>\n<span class='ms-credits__info' id='media2717'><svg viewBox=\"0 0 24 24\" fill=\"none\" xmlns=\"http:\/\/www.w3.org\/2000\/svg\" width=\"20\" height=\"22\"><g stroke-width=\"0\"><\/g><g stroke-linecap=\"round\" stroke-linejoin=\"round\"><\/g><g id=\"SVGRepo_iconCarrier\"> <path d=\"M12 22C6.48 22 2 17.52 2 12C2 6.48 6.48 2 12 2C17.52 2 22 6.48 22 12C22 17.52 17.52 22 12 22Z\" stroke=\"#000\" stroke-width=\"1.5\" stroke-linecap=\"round\" stroke-linejoin=\"round\"><\/path> <path d=\"M10.88 14.1499C10.37 14.5899 9.70999 14.8699 8.98999 14.8699C7.40999 14.8699 6.12 13.5899 6.12 11.9999C6.12 10.4099 7.39999 9.12988 8.98999 9.12988C9.71999 9.12988 10.38 9.39985 10.88 9.84985\" stroke=\"#000\" stroke-width=\"1.5\" stroke-linecap=\"round\" stroke-linejoin=\"round\"><\/path> <path d=\"M17.88 14.1499C17.37 14.5899 16.71 14.8699 15.99 14.8699C14.41 14.8699 13.12 13.5899 13.12 11.9999C13.12 10.4099 14.4 9.12988 15.99 9.12988C16.72 9.12988 17.38 9.39985 17.88 9.84985\" stroke=\"#000\" stroke-width=\"1.5\" stroke-linecap=\"round\" stroke-linejoin=\"round\"><\/path> <\/g><\/svg> BY 2.0 GenericRodney\/<a href=https:\/\/www.flickr.com\/photos\/9685675@N04\/1351431500 rel='nofollow' target='_blank'>Flickr<\/a><\/span><span class='ms-credits__btn' id='btn_media2717' onclick='ms_credits_trigger(\"#media2717\", this)'><svg xmlns=\"http:\/\/www.w3.org\/2000\/svg\" class=\"info_icon\" width=\"28\" height=\"28\" fill=\"#FFF\" viewBox=\"0 0 256 256\"><path d=\"M128,24A104,104,0,1,0,232,128,104.11,104.11,0,0,0,128,24Zm0,192a88,88,0,1,1,88-88A88.1,88.1,0,0,1,128,216Zm16-40a8,8,0,0,1-8,8,16,16,0,0,1-16-16V128a8,8,0,0,1,0-16,16,16,0,0,1,16,16v40A8,8,0,0,1,144,176ZM112,84a12,12,0,1,1,12,12A12,12,0,0,1,112,84Z\"><\/path><\/svg><svg xmlns=\"http:\/\/www.w3.org\/2000\/svg\" class=\"close_icon\" width=\"28\" height=\"28\" fill=\"#FFF\" viewBox=\"0 0 256 256\"><path d=\"M165.66,101.66,139.31,128l26.35,26.34a8,8,0,0,1-11.32,11.32L128,139.31l-26.34,26.35a8,8,0,0,1-11.32-11.32L116.69,128,90.34,101.66a8,8,0,0,1,11.32-11.32L128,116.69l26.34-26.35a8,8,0,0,1,11.32,11.32ZM232,128A104,104,0,1,1,128,24,104.11,104.11,0,0,1,232,128Zm-16,0a88,88,0,1,0-88,88A88.1,88.1,0,0,0,216,128Z\"><\/path><\/svg><\/span><\/div>\n\n\n<p>Bernini. V\u00eas. Est\u00e1 outra vez aqui. H\u00e1 muito hype sobre o T\u00famulo de S\u00e3o Pedro \u2014 mas honestamente n\u00e3o percebo por que motivo o T\u00famulo do Papa Alexandre n\u00e3o recebe mais aten\u00e7\u00e3o. \u00c9 absolutamente incr\u00edvel.&nbsp;<\/p>\n\n\n\n<p>O Papa Alexandre est\u00e1 sentado no topo de uma porta em ora\u00e7\u00e3o acima da figura da morte representada aqui como um esqueleto de bronze dourado a segurar uma ampulheta drapeada em tecido (na verdade pacientemente esculpido em jaspe).&nbsp;<\/p>\n\n\n\n<p>H\u00e1 tamb\u00e9m quatro est\u00e1tuas a representar as Virtudes. Mas procura a Virtude da Verdade \u00e0 tua direita. Tem o p\u00e9 num globo, com um espinho sa\u00eddo de Inglaterra a furar o dedo grande do p\u00e9.&nbsp;<\/p>\n\n\n\n<p>Isto representava a batalha cont\u00ednua do Papa com a Igreja de Inglaterra (o espinho no lado do Papa Alexandre).&nbsp;<\/p>\n\n\n\n<p>A s\u00e9rio, h\u00e1 muita coisa para ver. \u00c9 uma viagem louca e incr\u00edvel.&nbsp;<\/p>\n\n\n\n<h3 class=\"wp-block-heading\">Grutas Papais<\/h3>\n\n\n\n<figure><div class=\"ms-credits\">\n<img decoding=\"async\" class=\"gb-media-d2745559\" alt=\"T\u00famulo do Papa Calisto III nas Grutas Papais por baixo da Bas\u00edlica de S\u00e3o Pedro.\" src=\"https:\/\/www.rome.info\/wp-content\/uploads\/papal-grottoes-tomb-of-pope-callistus-iii-1747034337.jpg\" title=\"papal-grottoes-tomb-of-pope-callistus-iii-1747034337\"\/>\n<span class='ms-credits__info' id='media2719'><svg viewBox=\"0 0 24 24\" fill=\"none\" xmlns=\"http:\/\/www.w3.org\/2000\/svg\" width=\"20\" height=\"22\"><g stroke-width=\"0\"><\/g><g stroke-linecap=\"round\" stroke-linejoin=\"round\"><\/g><g id=\"SVGRepo_iconCarrier\"> <path d=\"M12 22C6.48 22 2 17.52 2 12C2 6.48 6.48 2 12 2C17.52 2 22 6.48 22 12C22 17.52 17.52 22 12 22Z\" stroke=\"#000\" stroke-width=\"1.5\" stroke-linecap=\"round\" stroke-linejoin=\"round\"><\/path> <path d=\"M10.88 14.1499C10.37 14.5899 9.70999 14.8699 8.98999 14.8699C7.40999 14.8699 6.12 13.5899 6.12 11.9999C6.12 10.4099 7.39999 9.12988 8.98999 9.12988C9.71999 9.12988 10.38 9.39985 10.88 9.84985\" stroke=\"#000\" stroke-width=\"1.5\" stroke-linecap=\"round\" stroke-linejoin=\"round\"><\/path> <path d=\"M17.88 14.1499C17.37 14.5899 16.71 14.8699 15.99 14.8699C14.41 14.8699 13.12 13.5899 13.12 11.9999C13.12 10.4099 14.4 9.12988 15.99 9.12988C16.72 9.12988 17.38 9.39985 17.88 9.84985\" stroke=\"#000\" stroke-width=\"1.5\" stroke-linecap=\"round\" stroke-linejoin=\"round\"><\/path> <\/g><\/svg> BY-NC-ND 2.0 GenericTjflex2\/<a href=https:\/\/www.flickr.com\/photos\/tjflex\/50050774 rel='nofollow' target='_blank'>Flickr<\/a><\/span><span class='ms-credits__btn' id='btn_media2719' onclick='ms_credits_trigger(\"#media2719\", this)'><svg xmlns=\"http:\/\/www.w3.org\/2000\/svg\" class=\"info_icon\" width=\"28\" height=\"28\" fill=\"#FFF\" viewBox=\"0 0 256 256\"><path d=\"M128,24A104,104,0,1,0,232,128,104.11,104.11,0,0,0,128,24Zm0,192a88,88,0,1,1,88-88A88.1,88.1,0,0,1,128,216Zm16-40a8,8,0,0,1-8,8,16,16,0,0,1-16-16V128a8,8,0,0,1,0-16,16,16,0,0,1,16,16v40A8,8,0,0,1,144,176ZM112,84a12,12,0,1,1,12,12A12,12,0,0,1,112,84Z\"><\/path><\/svg><svg xmlns=\"http:\/\/www.w3.org\/2000\/svg\" class=\"close_icon\" width=\"28\" height=\"28\" fill=\"#FFF\" viewBox=\"0 0 256 256\"><path d=\"M165.66,101.66,139.31,128l26.35,26.34a8,8,0,0,1-11.32,11.32L128,139.31l-26.34,26.35a8,8,0,0,1-11.32-11.32L116.69,128,90.34,101.66a8,8,0,0,1,11.32-11.32L128,116.69l26.34-26.35a8,8,0,0,1,11.32,11.32ZM232,128A104,104,0,1,1,128,24,104.11,104.11,0,0,1,232,128Zm-16,0a88,88,0,1,0-88,88A88.1,88.1,0,0,0,216,128Z\"><\/path><\/svg><\/span><\/div>\n\n\n<figcaption class=\"gb-text\">T\u00famulo do Papa Calisto III nas Grutas Papais da Bas\u00edlica de S\u00e3o Pedro.<\/figcaption>\n<\/figure>\n\n\n\n<p>N\u00e3o eram permitidas fotografias l\u00e1 em baixo, por isso cumpri as regras.&nbsp;<\/p>\n\n\n\n<p>Ver\u00e1s o T\u00famulo de S\u00e3o Pedro de tr\u00e1s de um ecr\u00e3.&nbsp;<\/p>\n\n\n\n<p>A menos que tenhas paix\u00e3o por este tipo de coisa, acho que \u00e9 a parte mais sobrevalorizada do tour. Talvez se n\u00e3o fosse pelo Bernini e o Miguel \u00c2ngelo, tivesse ficado mais impressionado. Mas na verdade, os t\u00famulos papais e as cripta antigas n\u00e3o me fazem grande impress\u00e3o.&nbsp;<\/p>\n\n\n\n<p>Ser\u00e1 tamb\u00e9m a parte mais apressada do teu tour, pois tecnicamente os guias n\u00e3o devem parar a falar l\u00e1 em baixo. N\u00e3o tires fotos e continua a andar \u00e9 a regra.&nbsp;<\/p>\n\n\n\n<h3 class=\"wp-block-heading\">A Seguir<\/h3>\n\n\n\n<p>O elevador sobe ao interior da c\u00fapula para ver os mosaicos.<\/p>\n\n\n\n<p>Se optaste pelo Tour da Bas\u00edlica + Subida \u00e0 C\u00fapula, estar\u00e1 inclu\u00eddo no teu tour guiado.&nbsp;<\/p>\n\n\n\n<p>No entanto, s\u00f3 \u00e9 poss\u00edvel comprar os bilhetes do elevador no pr\u00f3prio dia. Por isso ter\u00e1s de fazer fila com o teu guia e esperar que ele consiga todos os vossos bilhetes e depois entrar novamente e fazer fila para o elevador (h\u00e1 apenas um). Esta vai ser a parte mais entediante do tour&#8230; mas valer\u00e1 a pena.&nbsp;<\/p>\n\n\n\n<p>J\u00e1 esperaste em filas mais longas em parques tem\u00e1ticos. Vais ver algo incr\u00edvel, prometo. Tem paci\u00eancia.&nbsp;<\/p>\n\n\n\n<p>O elevador leva-te ao telhado da Bas\u00edlica. J\u00e1 \u00e9 bastante emocionante aqui em cima, embora n\u00e3o consigas ver muito ainda.&nbsp;<\/p>\n\n\n\n<p>H\u00e1 uma loja de prendas e casas de banho aqui em cima caso precises de uma breve paragem antes de ver o interior da c\u00fapula de perto e te preparares para a exigente Subida \u00e0 C\u00fapula.<\/p>\n\n\n\n<p>Prepara-te para ficar impressionado.&nbsp;<\/p>\n\n\n\n<p>A partir da varanda de observa\u00e7\u00e3o, que circula o interior da c\u00fapula, tens realmente a no\u00e7\u00e3o da escala do lugar. Os visitantes l\u00e1 em baixo, min\u00fasculos e indistingu\u00edveis.&nbsp;<\/p>\n\n\n\n<p><strong>A seguir:<\/strong> Hora de subir.<\/p>\n\n\n\n<p>N\u00e3o \u00e9 s\u00f3 a quantidade de degraus. \u00c9 que a caixa de escada fica extremamente estreita em v\u00e1rios pontos, e depois, ao subir a c\u00fapula, h\u00e1 um momento em que as paredes come\u00e7am a inclinar-se ligeiramente e te v\u00eas obrigado a dobrar o corpo para o lado enquanto subes para acomodar a curvatura da c\u00fapula.&nbsp;<\/p>\n\n\n\n<p>No entanto, se n\u00e3o sofreres de claustrofobia, ser\u00e1s recompensado quando chegares ao topo.<\/p>\n\n\n\n<p>Curiosamente, quando cheg\u00e1mos ao topo da C\u00fapula, o c\u00e9u estava prestes a abrir. Dito isto, mesmo com o c\u00e9u cinzento, continuou a ser hipn\u00f3tico e belo. De alguma forma, achei-o mais agrad\u00e1vel com o c\u00e9u cinzento. Talvez depois de todo aquele est\u00edmulo visual dos mosaicos da c\u00fapula.&nbsp;<\/p>\n\n\n\n<figure><div class=\"ms-credits\">\n<img decoding=\"async\" class=\"gb-media-aceaa266\" alt=\"Vista a partir da c\u00fapula da Bas\u00edlica de S\u00e3o Pedro sobre a Pra\u00e7a de S\u00e3o Pedro, as colunatas e a cidade de Roma al\u00e9m.\" src=\"https:\/\/www.rome.info\/wp-content\/uploads\/st-peters-basilica-dome-view-1747034799.jpg\" title=\"st-peters-basilica-dome-view-1747034799\"\/>\n<span class='ms-credits__info' id='media2720'><svg viewBox=\"0 0 24 24\" fill=\"none\" xmlns=\"http:\/\/www.w3.org\/2000\/svg\" width=\"20\" height=\"22\"><g stroke-width=\"0\"><\/g><g stroke-linecap=\"round\" stroke-linejoin=\"round\"><\/g><g id=\"SVGRepo_iconCarrier\"> <path d=\"M12 22C6.48 22 2 17.52 2 12C2 6.48 6.48 2 12 2C17.52 2 22 6.48 22 12C22 17.52 17.52 22 12 22Z\" stroke=\"#000\" stroke-width=\"1.5\" stroke-linecap=\"round\" stroke-linejoin=\"round\"><\/path> <path d=\"M10.88 14.1499C10.37 14.5899 9.70999 14.8699 8.98999 14.8699C7.40999 14.8699 6.12 13.5899 6.12 11.9999C6.12 10.4099 7.39999 9.12988 8.98999 9.12988C9.71999 9.12988 10.38 9.39985 10.88 9.84985\" stroke=\"#000\" stroke-width=\"1.5\" stroke-linecap=\"round\" stroke-linejoin=\"round\"><\/path> <path d=\"M17.88 14.1499C17.37 14.5899 16.71 14.8699 15.99 14.8699C14.41 14.8699 13.12 13.5899 13.12 11.9999C13.12 10.4099 14.4 9.12988 15.99 9.12988C16.72 9.12988 17.38 9.39985 17.88 9.84985\" stroke=\"#000\" stroke-width=\"1.5\" stroke-linecap=\"round\" stroke-linejoin=\"round\"><\/path> <\/g><\/svg> BY-SA 2.5 GenericG CHP\/<a href=https:\/\/commons.wikimedia.org\/wiki\/File:Rome_Saint_Peter%27s_Square_view_from_the_dome_of_Saint_Peter%27s_Basilica_3.jpg rel='nofollow' target='_blank'>Wikimedia Commons<\/a><\/span><span class='ms-credits__btn' id='btn_media2720' onclick='ms_credits_trigger(\"#media2720\", this)'><svg xmlns=\"http:\/\/www.w3.org\/2000\/svg\" class=\"info_icon\" width=\"28\" height=\"28\" fill=\"#FFF\" viewBox=\"0 0 256 256\"><path d=\"M128,24A104,104,0,1,0,232,128,104.11,104.11,0,0,0,128,24Zm0,192a88,88,0,1,1,88-88A88.1,88.1,0,0,1,128,216Zm16-40a8,8,0,0,1-8,8,16,16,0,0,1-16-16V128a8,8,0,0,1,0-16,16,16,0,0,1,16,16v40A8,8,0,0,1,144,176ZM112,84a12,12,0,1,1,12,12A12,12,0,0,1,112,84Z\"><\/path><\/svg><svg xmlns=\"http:\/\/www.w3.org\/2000\/svg\" class=\"close_icon\" width=\"28\" height=\"28\" fill=\"#FFF\" viewBox=\"0 0 256 256\"><path d=\"M165.66,101.66,139.31,128l26.35,26.34a8,8,0,0,1-11.32,11.32L128,139.31l-26.34,26.35a8,8,0,0,1-11.32-11.32L116.69,128,90.34,101.66a8,8,0,0,1,11.32-11.32L128,116.69l26.34-26.35a8,8,0,0,1,11.32,11.32ZM232,128A104,104,0,1,1,128,24,104.11,104.11,0,0,1,232,128Zm-16,0a88,88,0,1,0-88,88A88.1,88.1,0,0,0,216,128Z\"><\/path><\/svg><\/span><\/div>\n\n\n<figcaption class=\"gb-text\">A Pra\u00e7a de S\u00e3o Pedro e a vista da cidade a partir da c\u00fapula da Bas\u00edlica de S\u00e3o Pedro.<\/figcaption>\n<\/figure>\n\n\n\n<p>O c\u00e9u correspondia \u00e0 paleta de cores geral da cidade vista l\u00e1 de cima; os tons past\u00e9is e creme dos edif\u00edcios e as cal\u00e7adas de basalto cinzento da Pra\u00e7a de S\u00e3o Pedro e a Via della Conciliazione em frente.<\/p>\n\n\n\n<h2 class=\"wp-block-heading\">Lembran\u00e7as e Lojas de Prendas Recomendadas&nbsp;<\/h2>\n\n\n\n<p>H\u00e1 uma loja de prendas no telhado junto \u00e0 c\u00fapula depois de tomares o elevador e antes de voltares a entrar para ver os mosaicos.&nbsp;<\/p>\n\n\n\n<p>N\u00e3o tive oportunidade de entrar, pois fui apressado pelo meu guia e tive de acompanhar o grupo, mas fui informado de que podes comprar ter\u00e7os l\u00e1 \u00e0s freiras que gerem a loja.&nbsp;<\/p>\n\n\n\n<ul class=\"wp-block-list\">\n<li><strong>Selos da Cidade do Vaticano<\/strong> \u2014 outrora um ponto de venda \u00fanico porque tecnicamente a Cidade do Vaticano \u00e9 um pa\u00eds separado. Apesar de ser algo bastante t\u00edpico dos mais velhos para exibir, muitos guias tur\u00edsticos ainda o incluem no seu repert\u00f3rio. Acho que \u00e9 uma lembran\u00e7a simp\u00e1tica para a pessoa certa.<\/li>\n<\/ul>\n\n\n\n<p>Se tiveres interesse, vai ao Ponto de Informa\u00e7\u00e3o dos Museus Vaticanos, localizado \u00e0 sa\u00edda de S\u00e3o Pedro, \u00e0 direita da pra\u00e7a (se tiveres a Bas\u00edlica atr\u00e1s de ti).&nbsp;<\/p>\n\n\n\n<p>\u00d3timo para B\u00edblias, biografias de papas, postais e selos. Tamb\u00e9m podes enviar os teus postais a partir daqui.&nbsp;<\/p>\n\n\n\n<p>Se procuras figuras para adicionar ao teu (ou da tua av\u00f3) Pres\u00e9pio, experimenta a Galleria San Pietro (o ponto de encontro do tour). Tamb\u00e9m \u00e9 boa op\u00e7\u00e3o se procuras uma sweatshirt ou t-shirt gen\u00e9rica de Roma.&nbsp;<\/p>\n\n\n\n<p>O lugar mais evocador para lembran\u00e7as, no entanto, na minha opini\u00e3o, \u00e9 a rua vizinha, Borgo Pio. Regressa \u00e0 Via di Porta Angelica, \u00e9 a segunda \u00e0 direita depois da fonte.<\/p>\n\n\n\n<p>Encontrar\u00e1s aqui uma cena mais tradicional. Adoro esta loja no n\u00famero 129 por arte de \u00edcones religiosos em papiro. Parece realmente parada no tempo. Em frente h\u00e1 outra loja (Turella Adriana) a vender artefactos religiosos, caso procures ter\u00e7os ou \u00edcones da Virgem Maria.<\/p>\n\n\n\n<p>Se tens predilec\u00e7\u00e3o por artefactos religiosos cat\u00f3licos a raiar o kitsch (o que \u00e9 o meu caso, totalmente), vale a pena dar uma volta pelo Borgo Pio, pela Galleria San Pietro e pelas in\u00fameras outras lojas de lembran\u00e7as ao longo da Via della Conciliazione.&nbsp;<\/p>\n\n\n\n<p>Cuidado com os pre\u00e7os inflacionados \u2014 a santidade do local n\u00e3o significa necessariamente honestidade nos pre\u00e7os. Mas se comparares, podes sair com algo memor\u00e1vel.&nbsp;<\/p>\n\n\n\n<p>E por fim&#8230;.<\/p>\n\n\n\n<p>Temos de falar sobre os &#8220;padres bonitos&#8221;.<\/p>\n\n\n\n<p>J\u00e1 no seu 20.\u00ba ano de publica\u00e7\u00e3o, o &#8216;<a href=\"https:\/\/nypost.com\/2022\/12\/16\/hot-priests-calendar-sets-pulses-racing-in-rome-and-sells-out-fast\/\" rel=\"noopener\">calend\u00e1rio dos padres bonitos<\/a>&#8216;&nbsp; (n\u00e3o \u00e9 o seu nome oficial) \u00e9 oficialmente uma lembran\u00e7a cl\u00e1ssica de Roma.<\/p>\n\n\n\n<p>Desde que 2023 viu o lan\u00e7amento da sua edi\u00e7\u00e3o de 20.\u00ba anivers\u00e1rio, t\u00eam-se vendido como p\u00e3o quente (os padres).&nbsp; Fotografado por Piero Pazzi, n\u00e3o \u00e9 ir\u00f3nico e nem sequer \u00e9 afiliado ao Vaticano.&nbsp;<\/p>\n\n\n\n<p>\u00c9 apenas um rapaz que gosta de tirar muito boas fotografias a preto e branco de padres que, objectivamente, n\u00e3o s\u00e3o maus de se ver.<\/p>\n\n\n\n<p>Interpreta isso como quiseres e, se te apetecer, boa sorte em encontrar um. (Encontr\u00e1-los-\u00e1s espalhados pela maioria dos quiosques e lojas de lembran\u00e7as no centro hist\u00f3rico e perto de S\u00e3o Pedro).&nbsp;<\/p>\n\n\n\n<h2 class=\"wp-block-heading\">Atra\u00e7\u00f5es Pr\u00f3ximas<\/h2>\n\n\n\n<h3 class=\"wp-block-heading\"><a href=\"https:\/\/www.rome.info\/attractions\/castel-sant-angelo\/\">Castel Sant&#8217;Angelo<\/a> \u2014 10 Minutos a P\u00e9<\/h3>\n\n\n\n<p>Anteriormente o local do t\u00famulo do Imperador Adriano e erguido por volta de 134 d.C., os imperadores e papas seguintes converteram-no numa fortaleza e depois num castelo. \u00c9 agora um museu, com dois mil\u00e9nios de hist\u00f3ria, e tem vistas bastante bonitas do topo.&nbsp;<\/p>\n\n\n\n<p>S\u00f3 para constar: \u00e9 o mesmo imperador Adriano que mandou construir a Muralha de Adriano no norte de Inglaterra e a Villa Adriana em Tivoli.<\/p>\n\n\n\n<p>A ponte adornada com anjos que leva at\u00e9 l\u00e1 \u00e9 encantadora, especialmente ao entardecer.&nbsp;<\/p>\n\n\n\n<p>Se entrar parece demasiado, os arredores ainda valem a pena. H\u00e1 uma biblioteca\/bar ao ar livre \u00e0 direita enquanto caminhas ao longo do rio, chamado <em>Bibliobar,<\/em> com um subtil ambiente parisiense.<\/p>\n\n\n\n<h3 class=\"wp-block-heading\">Comida e Bebidas<\/h3>\n\n\n\n<ul class=\"wp-block-list\">\n<li>A 8 minutos a p\u00e9: <strong>Il Sorpasso \u2014 Via Properzio, 31\/33, 00193&nbsp;<\/strong><\/li>\n<\/ul>\n\n\n\n<p>Bar de vinhos elegante mas descontra\u00eddo com uma boa selec\u00e7\u00e3o de vinhos (sem ser pretensioso). Tudo dispon\u00edvel a pre\u00e7os razo\u00e1veis. Desfruta dos seus tabuleiros de presunto e queijo italianos (e dos conselhos sobre a ordem correcta para comer o queijo). Boa mistura de clientes expatriados e locais. Um bom lugar para observar as gentes do Prati.&nbsp;<\/p>\n\n\n\n<ul class=\"wp-block-list\">\n<li>A 15 minutos a p\u00e9: <strong>Argot (Prati) \u2014 Via Alessandro Farnese 2, 00192<\/strong> (Metro mais pr\u00f3ximo: Lepanto na linha A).<\/li>\n<\/ul>\n\n\n\n<p>Depois de uma agrad\u00e1vel caminhada pela rua comercial Via Cola di Rienzo a partir da Piazza del Risorgimento, experimenta o Argot, onde encontrar\u00e1s cocktails e comida acima da m\u00e9dia. \u00c9 trendy mas acolhedor. Os cocktails s\u00e3o um pouco caros, mas n\u00e3o s\u00e3o vulgares. Todos feitos por pessoas que percebem do assunto.&nbsp;<\/p>\n\n\n\n<ul class=\"wp-block-list\">\n<li>A 7 minutos a p\u00e9: <strong>Morrison&#8217;s \u2014 Piazza del Risorgimento, 16, 00192 Roma RM, It\u00e1lia<\/strong><\/li>\n<\/ul>\n\n\n\n<p>Se apetece uma imperial (e talvez um hamb\u00farguer para acompanhar), n\u00e3o procures mais do que o <a href=\"https:\/\/morrisons.it\/\" rel=\"noopener\">Morrison&#8217;s.<\/a> Podes esperar algo ligeiramente melhor do que &#8220;comida de pub&#8221;; os seus pratos do dia, em particular, s\u00e3o surpreendentemente razo\u00e1veis, com op\u00e7\u00f5es italianas tradicionais para al\u00e9m dos cl\u00e1ssicos de pub.&nbsp;&nbsp;<\/p>\n\n\n\n<p>E para um pub &#8220;irland\u00eas&#8221;, n\u00e3o \u00e9 muito for\u00e7ado.&nbsp;<\/p>\n\n\n\n<h2 class=\"wp-block-heading\">Sabias Que: 4 Factos Interessantes&nbsp;<\/h2>\n\n\n\n<ol class=\"wp-block-list\">\n<li>A bas\u00edlica recebeu o nome de S\u00e3o Pedro, o l\u00edder dos 12 disc\u00edpulos de Jesus. Foi condenado \u00e0 morte pelo Imperador Nero e crucificado de cabe\u00e7a para baixo.<\/li>\n\n\n\n<li>A localiza\u00e7\u00e3o da bas\u00edlica n\u00e3o foi escolhida ao acaso. Foi constru\u00edda no local da crucifica\u00e7\u00e3o de S\u00e3o Pedro.<\/li>\n\n\n\n<li>Em 1950 foram encontrados restos humanos debaixo do altar, datando do s\u00e9culo I d.C. Acredita-se amplamente que pertencem ao pr\u00f3prio S\u00e3o Pedro.<\/li>\n\n\n\n<li>A Porta Santa \u00e9 aberta apenas de 25 em 25 anos pelo papa. A \u00faltima vez foi no ano 2000.<\/li>\n<\/ol>\n\n\n\n<h2 class=\"wp-block-heading\">Hist\u00f3ria<\/h2>\n\n\n\n<p>A Bas\u00edlica de S\u00e3o Pedro demorou 120 anos a construir e representa o g\u00e9nio combinado de mestres renascentistas incluindo Miguel \u00c2ngelo, Bramante e Bernini. A sua hist\u00f3ria vai desde a igreja original de Constantino at\u00e9 ao deslumbrante centro do mundo cat\u00f3lico dos dias de hoje.<\/p>\n\n\n\n<div class=\"ms-timeline-list\">\n<div class=\"ms-timeline-item\">\n<p class=\"gb-text ms-timeline-item__time\">S\u00e9culo IV<\/p>\n\n\n\n<p class=\"gb-text\">A bas\u00edlica original foi constru\u00edda sob o Imperador Constantino, conhecido por tornar o cristianismo a principal religi\u00e3o do Imp\u00e9rio Romano.<\/p>\n<\/div>\n\n\n\n<div class=\"ms-timeline-item\">\n<p class=\"gb-text ms-timeline-item__time\">S\u00e9cs. IV\u2013XVI<\/p>\n\n\n\n<p class=\"gb-text\">A bas\u00edlica existiu durante 1200 anos.<\/p>\n<\/div>\n\n\n\n<div class=\"ms-timeline-item\">\n<p class=\"gb-text ms-timeline-item__time\">1506<\/p>\n\n\n\n<p class=\"gb-text\">O Papa J\u00falio II demoliu a antiga bas\u00edlica e iniciou a constru\u00e7\u00e3o da nova. Donato Bramante criou o design original.<\/p>\n<\/div>\n\n\n\n<div class=\"ms-timeline-item\">\n<p class=\"gb-text ms-timeline-item__time\">1514<\/p>\n\n\n\n<p class=\"gb-text\">Bramante morreu antes de completar o projeto.<\/p>\n<\/div>\n\n\n\n<div class=\"ms-timeline-item\">\n<p class=\"gb-text ms-timeline-item__time\">1514-1547<\/p>\n\n\n\n<p class=\"gb-text\">Rafael e Ant\u00f3nio da Sangallo continuaram os trabalhos, mas pouco progresso foi feito.<\/p>\n<\/div>\n\n\n\n<div class=\"ms-timeline-item\">\n<p class=\"gb-text ms-timeline-item__time\">1547<\/p>\n\n\n\n<p class=\"gb-text\">Miguel \u00c2ngelo assumiu o projeto e fez progressos reais. Simplificou os planos originais de Bramante e concebeu a impressionante c\u00fapula, a maior realiza\u00e7\u00e3o arquitect\u00f3nica da sua vida. N\u00e3o viveu para a ver constru\u00edda.<\/p>\n<\/div>\n\n\n\n<div class=\"ms-timeline-item\">\n<p class=\"gb-text ms-timeline-item__time\">1605<\/p>\n\n\n\n<p class=\"gb-text\">Carlo Maderno assumiu o projeto. Prolongou a nave e concebeu a magn\u00edfica fachada.<\/p>\n<\/div>\n\n\n\n<div class=\"ms-timeline-item\">\n<p class=\"gb-text ms-timeline-item__time\">Meados do s\u00e9c. XVII<\/p>\n\n\n\n<p class=\"gb-text\">Gian Lorenzo Bernini adicionou as \u00faltimas grandes adi\u00e7\u00f5es, incluindo o Baldaquino e a Cadeira de S\u00e3o Pedro.<\/p>\n<\/div>\n\n\n\n<div class=\"ms-timeline-item\">\n<p class=\"gb-text ms-timeline-item__time\">1626<\/p>\n\n\n\n<p class=\"gb-text\">Ap\u00f3s 120 anos de constru\u00e7\u00e3o, a bas\u00edlica foi finalmente conclu\u00edda.<\/p>\n<\/div>\n\n\n\n<div class=\"ms-timeline-item\">\n<p class=\"gb-text ms-timeline-item__time\">Dias de hoje<\/p>\n\n\n\n<p class=\"gb-text\">A bas\u00edlica continua a ser o edif\u00edcio mais importante da cristandade, recebendo milh\u00f5es de visitantes todos os anos, entre peregrinos e turistas.<\/p>\n<\/div>\n<\/div>\n\n\n\n<h2 class=\"wp-block-heading\">Perguntas Frequentes<\/h2>\n\n\n\n<h3 class=\"wp-block-heading\"><strong>Pelo que \u00e9 famosa a Bas\u00edlica de S\u00e3o Pedro?<\/strong><\/h3>\n\n\n\n<p>A Bas\u00edlica de S\u00e3o Pedro \u00e9 famosa por ser uma das maiores e mais importantes igrejas do mundo para a Igreja Cat\u00f3lica.<\/p>\n\n\n\n<h3 class=\"wp-block-heading\"><strong>A Bas\u00edlica de S\u00e3o Pedro \u00e9 gratuita?<\/strong><\/h3>\n\n\n\n<p>A Bas\u00edlica de S\u00e3o Pedro tem entrada gratuita, no entanto, podes contar com filas de at\u00e9 2 horas. Recomendamos a compra de bilhetes sem fila para evitar a espera.<\/p>\n\n\n\n<h3 class=\"wp-block-heading\"><strong>Qual \u00e9 a diferen\u00e7a entre o Vaticano e a Bas\u00edlica de S\u00e3o Pedro?<\/strong><\/h3>\n\n\n\n<p>Os Museus Vaticanos e a Bas\u00edlica de S\u00e3o Pedro s\u00e3o edif\u00edcios diferentes e n\u00e3o est\u00e3o ligados entre si, embora ambos se localizem na Cidade do Vaticano.<\/p>\n","protected":false},"excerpt":{"rendered":"<p>Visita a maior igreja do mundo e o cora\u00e7\u00e3o espiritual do catolicismo.<\/p>\n","protected":false},"author":9,"featured_media":474,"parent":0,"menu_order":17,"template":"","meta":{"_acf_changed":false,"button_url":"https:\/\/www.tiqets.com\/pt\/st-peters-basilica-tickets-l144143\/?partner=romeinfo","product_id":"","street_address":"Piazza San Pietro, ","city":"Citt\u00e0 del Vaticano","country":"Vatican City","postal_code":"00120","lattitude":"41.9021667","longitude":"12.4539367","rank_math_title":"Bas\u00edlica de S\u00e3o Pedro: Bilhetes &amp; Como Visitar em %currentyear%","rank_math_description":"Visita a Bas\u00edlica de S\u00e3o Pedro na Cidade do Vaticano: c\u00fapula magn\u00edfica e interior sagrado. Bilhetes sem fila, tours guiados, hor\u00e1rios e dicas de visita."},"attraction-types":[19,21],"producer":[32],"class_list":["post-314","attraction","type-attraction","status-publish","has-post-thumbnail","hentry","attraction-types-vaticano","attraction-types-igrejas"],"acf":[],"location_schema":{"product_id":"","street_address":"Piazza San Pietro, ","city":"Citt\u00e0 del Vaticano","country":"Vatican City","postal_code":"00120","lattitude":"41.9021667","longitude":"12.4539367"},"_links":{"self":[{"href":"https:\/\/www.rome.info\/pt\/wp-json\/wp\/v2\/attraction\/314","targetHints":{"allow":["GET"]}}],"collection":[{"href":"https:\/\/www.rome.info\/pt\/wp-json\/wp\/v2\/attraction"}],"about":[{"href":"https:\/\/www.rome.info\/pt\/wp-json\/wp\/v2\/types\/attraction"}],"author":[{"embeddable":true,"href":"https:\/\/www.rome.info\/pt\/wp-json\/wp\/v2\/users\/9"}],"wp:featuredmedia":[{"embeddable":true,"href":"https:\/\/www.rome.info\/pt\/wp-json\/wp\/v2\/media\/474"}],"wp:attachment":[{"href":"https:\/\/www.rome.info\/pt\/wp-json\/wp\/v2\/media?parent=314"}],"wp:term":[{"taxonomy":"attraction-types","embeddable":true,"href":"https:\/\/www.rome.info\/pt\/wp-json\/wp\/v2\/attraction-types?post=314"},{"taxonomy":"producer","embeddable":true,"href":"https:\/\/www.rome.info\/pt\/wp-json\/wp\/v2\/producer?post=314"}],"curies":[{"name":"wp","href":"https:\/\/api.w.org\/{rel}","templated":true}]}}