{"id":311,"date":"2026-04-25T18:28:17","date_gmt":"2026-04-25T16:28:17","guid":{"rendered":"https:\/\/www.rome.info\/pt\/?post_type=attraction&#038;p=311"},"modified":"2026-04-27T14:18:51","modified_gmt":"2026-04-27T12:18:51","slug":"piazza-venezia","status":"publish","type":"attraction","link":"https:\/\/www.rome.info\/pt\/atracoes\/piazza-venezia\/","title":{"rendered":"Piazza Venezia"},"content":{"rendered":"\n<p>Situada na base do Colina Capitolina, uma das sete colinas de Roma, a Piazza Venezia alberga edif\u00edcios belos, um monumento ic\u00f3nico e at\u00e9 uma bas\u00edlica antiga. N\u00e3o passes apenas por aqui. Dedica um momento a saborear esta bela pra\u00e7a.<\/p>\n\n\n<div class=\"ms-credits\">\n<img decoding=\"async\" class=\"gb-media-6a376675\" alt=\"Vista a\u00e9rea da Piazza Venezia em Roma vista do Altare della Patria.\" src=\"https:\/\/www.rome.info\/wp-content\/uploads\/piazza-venezia-view-from-altare-della-patria-1746785911.jpg\" title=\"piazza-venezia-view-from-altare-della-patria-1746785911\"\/>\n<span class='ms-credits__info' id='media2701'><svg xmlns=\"http:\/\/www.w3.org\/2000\/svg\" width=\"20\" height=\"22\" fill=\"#000000\" viewBox=\"0 0 256 256\"><path d=\"M128,24A104,104,0,1,0,232,128,104.11,104.11,0,0,0,128,24Zm0,192a88,88,0,1,1,88-88A88.1,88.1,0,0,1,128,216ZM96,128a32,32,0,0,0,57.6,19.2,8,8,0,0,1,12.8,9.61,48,48,0,1,1,0-57.62,8,8,0,0,1-12.8,9.61A32,32,0,0,0,96,128Z\"><\/path><\/svg>calinstan\/<a href=https:\/\/depositphotos.com\/photo\/rome-venice-plazza-as-seen-from-above-piazza-venezia-187473298.html rel='nofollow' target='_blank'>Depositphotos<\/a><\/span><span class='ms-credits__btn' id='btn_media2701' onclick='ms_credits_trigger(\"#media2701\", this)'><svg xmlns=\"http:\/\/www.w3.org\/2000\/svg\" class=\"info_icon\" width=\"28\" height=\"28\" fill=\"#FFF\" viewBox=\"0 0 256 256\"><path d=\"M128,24A104,104,0,1,0,232,128,104.11,104.11,0,0,0,128,24Zm0,192a88,88,0,1,1,88-88A88.1,88.1,0,0,1,128,216Zm16-40a8,8,0,0,1-8,8,16,16,0,0,1-16-16V128a8,8,0,0,1,0-16,16,16,0,0,1,16,16v40A8,8,0,0,1,144,176ZM112,84a12,12,0,1,1,12,12A12,12,0,0,1,112,84Z\"><\/path><\/svg><svg xmlns=\"http:\/\/www.w3.org\/2000\/svg\" class=\"close_icon\" width=\"28\" height=\"28\" fill=\"#FFF\" viewBox=\"0 0 256 256\"><path d=\"M165.66,101.66,139.31,128l26.35,26.34a8,8,0,0,1-11.32,11.32L128,139.31l-26.34,26.35a8,8,0,0,1-11.32-11.32L116.69,128,90.34,101.66a8,8,0,0,1,11.32-11.32L128,116.69l26.34-26.35a8,8,0,0,1,11.32,11.32ZM232,128A104,104,0,1,1,128,24,104.11,104.11,0,0,1,232,128Zm-16,0a88,88,0,1,0-88,88A88.1,88.1,0,0,0,216,128Z\"><\/path><\/svg><\/span><\/div>\n\n\n<h2 class=\"wp-block-heading\">Destaques<\/h2>\n\n\n\n<ul class=\"ms-icon-list ms-mb-block\">\n<li class=\"ms-icon-list__item\"><span class=\"gb-shape\"><svg viewBox=\"0 0 256 256\" fill=\"#000000\" height=\"32\" width=\"32\" xmlns=\"http:\/\/www.w3.org\/2000\/svg\"><path d=\"M232.49,80.49l-128,128a12,12,0,0,1-17,0l-56-56a12,12,0,1,1,17-17L96,183,215.51,63.51a12,12,0,0,1,17,17Z\"><\/path><\/svg><\/span><span class=\"gb-text\">Admira uma enorme est\u00e1tua equestre no <a href=\"https:\/\/www.rome.info\/attractions\/altare-della-patria\/\">Altar da P\u00e1tria<\/a>.<\/span><\/li>\n\n\n\n<li class=\"ms-icon-list__item\"><span class=\"gb-shape\"><svg viewBox=\"0 0 256 256\" fill=\"#000000\" height=\"32\" width=\"32\" xmlns=\"http:\/\/www.w3.org\/2000\/svg\"><path d=\"M232.49,80.49l-128,128a12,12,0,0,1-17,0l-56-56a12,12,0,1,1,17-17L96,183,215.51,63.51a12,12,0,0,1,17,17Z\"><\/path><\/svg><\/span><span class=\"gb-text\">Mergulha no passado renascentista da pra\u00e7a no Palazzo Venezia.<\/span><\/li>\n\n\n\n<li class=\"ms-icon-list__item\"><span class=\"gb-shape\"><svg viewBox=\"0 0 256 256\" fill=\"#000000\" height=\"32\" width=\"32\" xmlns=\"http:\/\/www.w3.org\/2000\/svg\"><path d=\"M232.49,80.49l-128,128a12,12,0,0,1-17,0l-56-56a12,12,0,1,1,17-17L96,183,215.51,63.51a12,12,0,0,1,17,17Z\"><\/path><\/svg><\/span><span class=\"gb-text\">Conversa sobre pol\u00edtica com Madame Lucrezia \u2014 uma &#8220;est\u00e1tua falante&#8221;.<\/span><\/li>\n<\/ul>\n\n\n\n<h2 class=\"wp-block-heading\">Como Chegar<\/h2>\n\n\n\n<p>A Piazza Venezia fica mesmo no cora\u00e7\u00e3o do centro da cidade. Est\u00e1 no percurso de muitas linhas de autocarro e \u00e9 facilmente acess\u00edvel a p\u00e9 da maioria dos s\u00edtios do centro. Aqui ficam algumas formas de chegar a esta pra\u00e7a:<\/p>\n\n\n\n<ul class=\"wp-block-list\">\n<li><a href=\"https:\/\/www.rome.info\/transport\/public-transport\/bus\/\">Autocarro:<\/a> As linhas 40, 63, 64, 70, 75, 81, 87, 95, 160, 170, 204, 628, 630 e 716 param na pra\u00e7a ou nas suas imedia\u00e7\u00f5es.<\/li>\n\n\n\n<li><a href=\"https:\/\/www.rome.info\/transport\/public-transport\/metro\/\">Metro:<\/a> \n<ul class=\"wp-block-list\">\n<li>Linha A \u2014 <em>Barberini<\/em> (15 min.)<\/li>\n\n\n\n<li>Linha B \u2014 <em>Colosseo<\/em> (12 min.)<\/li>\n<\/ul>\n<\/li>\n\n\n\n<li><a href=\"https:\/\/www.rome.info\/transport\/public-transport\/tram\/\">El\u00e9trico:<\/a> A linha 8 tem o seu terminal aqui.<\/li>\n<\/ul>\n\n\n\n<h2 class=\"wp-block-heading\">Mapa &amp; Morada (Localiza\u00e7\u00e3o)<\/h2>\n\n\n\n<address class=\"ms-mapblock ms-mb-block\">\n\t\n\t\t<h4>\n\t\t\tPiazza Venezia\t\t<\/h2>\n\n\t\t<p class=\"ms-mb-0\">\n            <img decoding=\"async\" class=\"ms-mapblock__map ms-rounded\" src=\"https:\/\/www.rome.info\/pt\/wp-content\/uploads\/sites\/11\/maps\/staticmap_45.6472059_13.7623052_14_768x432.png\" alt=\"Piazza Venezia\" \/>\n\t\t<\/p>\n\n\t\t<p class=\"ms-text-sm ms-text-muted\">\n\t\t\tPiazza Venezia, Trieste TS, Italy \u00b7\n\t\t\t<a rel=\"nofollow noopener\" target=\"_blank\" href=\"https:\/\/maps.google.com\/?q=45.6472059,13.7623052\">Google Maps<\/a>\n\t\t<\/p>\n\n\t<\/address>\n\n\n<h2 class=\"wp-block-heading\">O Que Ver &amp; Fazer (Fotos)<\/h2>\n\n\n\n<h3 class=\"wp-block-heading\">Monumento Nacional a Vittorio Emanuele II<\/h3>\n\n\n<div class=\"ms-credits\">\n<img decoding=\"async\" class=\"gb-media-14375a10\" alt=\"Monumento a V\u00edtor Emanuel II em Roma com grande fachada de m\u00e1rmore branco, bandeiras italianas e est\u00e1tua equestre sob um c\u00e9u azul.\" src=\"https:\/\/www.rome.info\/wp-content\/uploads\/vittorio-emanuele-ii-monument-rome-1745814624.jpg\" title=\"vittorio-emanuele-ii-monument-rome-1745814624\"\/>\n<span class='ms-credits__info' id='media2553'>Unsplash LicenseJoshi Milestoner\/<a href=https:\/\/unsplash.com\/photos\/a-large-building-with-a-lot-of-cars-parked-in-front-of-it-0qkPbsz688I rel='nofollow' target='_blank'>Unsplash<\/a><\/span><span class='ms-credits__btn' id='btn_media2553' onclick='ms_credits_trigger(\"#media2553\", this)'><svg xmlns=\"http:\/\/www.w3.org\/2000\/svg\" class=\"info_icon\" width=\"28\" height=\"28\" fill=\"#FFF\" viewBox=\"0 0 256 256\"><path d=\"M128,24A104,104,0,1,0,232,128,104.11,104.11,0,0,0,128,24Zm0,192a88,88,0,1,1,88-88A88.1,88.1,0,0,1,128,216Zm16-40a8,8,0,0,1-8,8,16,16,0,0,1-16-16V128a8,8,0,0,1,0-16,16,16,0,0,1,16,16v40A8,8,0,0,1,144,176ZM112,84a12,12,0,1,1,12,12A12,12,0,0,1,112,84Z\"><\/path><\/svg><svg xmlns=\"http:\/\/www.w3.org\/2000\/svg\" class=\"close_icon\" width=\"28\" height=\"28\" fill=\"#FFF\" viewBox=\"0 0 256 256\"><path d=\"M165.66,101.66,139.31,128l26.35,26.34a8,8,0,0,1-11.32,11.32L128,139.31l-26.34,26.35a8,8,0,0,1-11.32-11.32L116.69,128,90.34,101.66a8,8,0,0,1,11.32-11.32L128,116.69l26.34-26.35a8,8,0,0,1,11.32,11.32ZM232,128A104,104,0,1,1,128,24,104.11,104.11,0,0,1,232,128Zm-16,0a88,88,0,1,0-88,88A88.1,88.1,0,0,0,216,128Z\"><\/path><\/svg><\/span><\/div>\n\n\n<p>Tamb\u00e9m conhecido como <a href=\"https:\/\/www.rome.info\/attractions\/altare-della-patria\/\">Altare della Patria<\/a>. Foi constru\u00eddo em honra de It\u00e1lia, com V\u00edtor Emanuel II, o primeiro rei de It\u00e1lia, a segurar uma chama que simboliza a eternidade, sendo no seu conjunto um s\u00edmbolo da democracia italiana.<\/p>\n\n\n\n<p>Os visitantes podem subir ao topo do monumento para obter uma vista deslumbrante de Roma. Usando os elevadores panor\u00e2micos, podes chegar ao espetacular terra\u00e7o no topo do monumento, a &#8220;Terrazza delle Quadrighe&#8221;. Os bilhetes para esta experi\u00eancia totalmente imersiva podem ser comprados<a href=\"https:\/\/vive.eventim-inhouse.de\/webshop\/webticket\/timeslot\" rel=\"nofollow noopener\"> aqui<\/a>.<\/p>\n\n\n\n<h3 class=\"wp-block-heading\">O Museu Central do Risorgimento<\/h3>\n\n\n\n<p>O museu cont\u00e9m informa\u00e7\u00f5es sobre as principais etapas do processo do Risorgimento, desde a difus\u00e3o dos ideais da Revolu\u00e7\u00e3o Francesa na segunda metade do s\u00e9culo XVIII at\u00e9 ao fim da Primeira Guerra Mundial.<\/p>\n\n\n\n<p>Est\u00e3o abertos todos os dias, das 9h30 \u00e0s 19h30.<\/p>\n\n\n\n<p>A entrada para o exterior \u00e9 gratuita. Podes comprar bilhetes ou ver os pre\u00e7os para tours ou outras experi\u00eancias<a href=\"https:\/\/vive.eventim-inhouse.de\/webshop\/webticket\/timeslot\" rel=\"nofollow noopener\"> aqui<\/a>.<\/p>\n\n\n\n<p>Tamb\u00e9m recomendo visitar o caf\u00e9 na parte traseira do edif\u00edcio. Podes refrescar-te e tirar uns minutos para relaxar com uma vista deslumbrante.<\/p>\n\n\n\n<h3 class=\"wp-block-heading\">Palazzo Venezia<\/h3>\n\n\n<div class=\"ms-credits\">\n<img decoding=\"async\" class=\"gb-media-683ce050\" alt=\"Palazzo Venezia e Piazza Venezia em Roma\" src=\"https:\/\/www.rome.info\/wp-content\/uploads\/f-venezia-palace.jpg\" title=\"Venezia Palace\"\/>\n<span class='ms-credits__info' id='media759'><svg xmlns=\"http:\/\/www.w3.org\/2000\/svg\" width=\"20\" height=\"22\" fill=\"#000000\" viewBox=\"0 0 256 256\"><path d=\"M128,24A104,104,0,1,0,232,128,104.11,104.11,0,0,0,128,24Zm0,192a88,88,0,1,1,88-88A88.1,88.1,0,0,1,128,216ZM96,128a32,32,0,0,0,57.6,19.2,8,8,0,0,1,12.8,9.61,48,48,0,1,1,0-57.62,8,8,0,0,1-12.8,9.61A32,32,0,0,0,96,128Z\"><\/path><\/svg>pab_map\/<a href=https:\/\/depositphotos.com\/249513052\/stock-photo-venezia-palace-and-venice-square.html rel='nofollow' target='_blank'>Depositphotos<\/a><\/span><span class='ms-credits__btn' id='btn_media759' onclick='ms_credits_trigger(\"#media759\", this)'><svg xmlns=\"http:\/\/www.w3.org\/2000\/svg\" class=\"info_icon\" width=\"28\" height=\"28\" fill=\"#FFF\" viewBox=\"0 0 256 256\"><path d=\"M128,24A104,104,0,1,0,232,128,104.11,104.11,0,0,0,128,24Zm0,192a88,88,0,1,1,88-88A88.1,88.1,0,0,1,128,216Zm16-40a8,8,0,0,1-8,8,16,16,0,0,1-16-16V128a8,8,0,0,1,0-16,16,16,0,0,1,16,16v40A8,8,0,0,1,144,176ZM112,84a12,12,0,1,1,12,12A12,12,0,0,1,112,84Z\"><\/path><\/svg><svg xmlns=\"http:\/\/www.w3.org\/2000\/svg\" class=\"close_icon\" width=\"28\" height=\"28\" fill=\"#FFF\" viewBox=\"0 0 256 256\"><path d=\"M165.66,101.66,139.31,128l26.35,26.34a8,8,0,0,1-11.32,11.32L128,139.31l-26.34,26.35a8,8,0,0,1-11.32-11.32L116.69,128,90.34,101.66a8,8,0,0,1,11.32-11.32L128,116.69l26.34-26.35a8,8,0,0,1,11.32,11.32ZM232,128A104,104,0,1,1,128,24,104.11,104.11,0,0,1,232,128Zm-16,0a88,88,0,1,0-88,88A88.1,88.1,0,0,0,216,128Z\"><\/path><\/svg><\/span><\/div>\n\n\n<p>Este edif\u00edcio foi outrora a resid\u00eancia papal e mais tarde tornou-se a sede do governo de Mussolini durante a Segunda Guerra Mundial. Hoje alberga um museu dedicado \u00e0 arte medieval e renascentista; podes encontrar uma grande variedade de pe\u00e7as, desde pinturas a esculturas em madeira policromada, tape\u00e7arias, armas, armaduras e esculturas em terracota.<\/p>\n\n\n\n<p>O edif\u00edcio abre \u00e0s 9h30, e podes decidir passear pelo museu ou explorar o seu incr\u00edvel jardim, repleto de v\u00e1rias esp\u00e9cies de p\u00e1ssaros. A entrada no jardim \u00e9 gratuita. O museu tem pre\u00e7os especiais para estudantes, jovens adultos e idosos; tamb\u00e9m t\u00eam dias em que a entrada \u00e9 gratuita.<\/p>\n\n\n\n<p>Podes saber mais, reservar e comprar bilhetes<a href=\"https:\/\/vive.eventim-inhouse.de\/webshop\/webticket\/timeslot\" rel=\"nofollow noopener\"> aqui<\/a>. Existem <a href=\"https:\/\/www.rome.info\/city-passes\/\">bilhetes combinados<\/a>, v\u00e1lidos por 7 dias, que permitem o acesso ao Museu Central do Risorgimento, ao Palazzo Venezia e \u00e0 Terrazza delle Quadrighe. Recomendo compr\u00e1-los se planeias visitar todas as <a href=\"https:\/\/www.rome.info\/attractions\/\">atra\u00e7\u00f5es<\/a>.<\/p>\n\n\n\n<h3 class=\"wp-block-heading\">Colina Capitolina<\/h3>\n\n\n<div class=\"ms-credits\">\n<img decoding=\"async\" class=\"gb-media-243f82f8\" alt=\"Vista frontal dos Museus Capitolinos em Roma\" src=\"https:\/\/www.rome.info\/wp-content\/uploads\/f-capitoline-museums.jpg\" title=\"Capitoline Museums\"\/>\n<span class='ms-credits__info' id='media701'><svg xmlns=\"http:\/\/www.w3.org\/2000\/svg\" width=\"20\" height=\"22\" fill=\"#000000\" viewBox=\"0 0 256 256\"><path d=\"M128,24A104,104,0,1,0,232,128,104.11,104.11,0,0,0,128,24Zm0,192a88,88,0,1,1,88-88A88.1,88.1,0,0,1,128,216ZM96,128a32,32,0,0,0,57.6,19.2,8,8,0,0,1,12.8,9.61,48,48,0,1,1,0-57.62,8,8,0,0,1-12.8,9.61A32,32,0,0,0,96,128Z\"><\/path><\/svg>Michael6882\/<a href=https:\/\/depositphotos.com\/206999720\/stock-photo-rome-italy-june-29th-2015.html rel='nofollow' target='_blank'>Depositphotos<\/a><\/span><span class='ms-credits__btn' id='btn_media701' onclick='ms_credits_trigger(\"#media701\", this)'><svg xmlns=\"http:\/\/www.w3.org\/2000\/svg\" class=\"info_icon\" width=\"28\" height=\"28\" fill=\"#FFF\" viewBox=\"0 0 256 256\"><path d=\"M128,24A104,104,0,1,0,232,128,104.11,104.11,0,0,0,128,24Zm0,192a88,88,0,1,1,88-88A88.1,88.1,0,0,1,128,216Zm16-40a8,8,0,0,1-8,8,16,16,0,0,1-16-16V128a8,8,0,0,1,0-16,16,16,0,0,1,16,16v40A8,8,0,0,1,144,176ZM112,84a12,12,0,1,1,12,12A12,12,0,0,1,112,84Z\"><\/path><\/svg><svg xmlns=\"http:\/\/www.w3.org\/2000\/svg\" class=\"close_icon\" width=\"28\" height=\"28\" fill=\"#FFF\" viewBox=\"0 0 256 256\"><path d=\"M165.66,101.66,139.31,128l26.35,26.34a8,8,0,0,1-11.32,11.32L128,139.31l-26.34,26.35a8,8,0,0,1-11.32-11.32L116.69,128,90.34,101.66a8,8,0,0,1,11.32-11.32L128,116.69l26.34-26.35a8,8,0,0,1,11.32,11.32ZM232,128A104,104,0,1,1,128,24,104.11,104.11,0,0,1,232,128Zm-16,0a88,88,0,1,0-88,88A88.1,88.1,0,0,0,216,128Z\"><\/path><\/svg><\/span><\/div>\n\n\n<p>No lado direito da Piazza Venezia, na Piazza del Campidoglio, encontras os <a href=\"https:\/\/www.rome.info\/attractions\/capitoline-museums\/\">Museus Capitolinos<\/a>, uma visita obrigat\u00f3ria para os amantes de arte e hist\u00f3ria. Os museus albergam uma vasta cole\u00e7\u00e3o de arte e artefactos romanos antigos, incluindo obras de <a href=\"https:\/\/www.rome.info\/artists\/michelangelo\/\">Miguel \u00c2ngelo<\/a> e <a href=\"https:\/\/www.rome.info\/artists\/caravaggio\/\">Caravaggio<\/a>.<\/p>\n\n\n\n<p>Tenho a certeza de que j\u00e1 viste a escultura da loba com duas crian\u00e7as, R\u00f3mulo e Remo; este \u00e9 o s\u00edmbolo da funda\u00e7\u00e3o de Roma e est\u00e1, claro, dentro dos Museus Capitolinos.<\/p>\n\n\n\n<p>H\u00e1 sempre<a href=\"https:\/\/www.museicapitolini.org\/it\/mostre_ed_eventi\/mostre\" rel=\"nofollow noopener\"> novas exposi\u00e7\u00f5es tempor\u00e1rias<\/a>, por isso recomendo que as consultes antes de visitar.<\/p>\n\n\n\n<p>Podes ver os bilhetes e as ofertas combinadas<a href=\"https:\/\/www.museicapitolini.org\/it\/informazioni_pratiche\/biglietti_e_videoguide\" rel=\"nofollow noopener\"> aqui<\/a>.<\/p>\n\n\n\n<h3 class=\"wp-block-heading\">Bas\u00edlica di Santa Maria in Ara Coeli<\/h3>\n\n\n<div class=\"ms-credits\">\n<img decoding=\"async\" class=\"gb-media-875bd00f\" alt=\"Interior ornamentado de Santa Maria in Aracoeli em Roma com tecto caixotado, arcos, frescos e lustres.\" src=\"https:\/\/www.rome.info\/wp-content\/uploads\/santa-maria-in-aracoeli-interior-1747017509.jpg\" title=\"santa-maria-in-aracoeli-interior-1747017509\"\/>\n<span class='ms-credits__info' id='media2704'><svg xmlns=\"http:\/\/www.w3.org\/2000\/svg\" width=\"20\" height=\"22\" fill=\"#000000\" viewBox=\"0 0 256 256\"><path d=\"M128,24A104,104,0,1,0,232,128,104.11,104.11,0,0,0,128,24Zm0,192a88,88,0,1,1,88-88A88.1,88.1,0,0,1,128,216ZM96,128a32,32,0,0,0,57.6,19.2,8,8,0,0,1,12.8,9.61,48,48,0,1,1,0-57.62,8,8,0,0,1-12.8,9.61A32,32,0,0,0,96,128Z\"><\/path><\/svg>e55evu\/<a href=https:\/\/depositphotos.com\/editorial\/basilica-santa-maria-ara-coeli-rome-italy-november-2017-262108840.html rel='nofollow' target='_blank'>Depositphotos<\/a><\/span><span class='ms-credits__btn' id='btn_media2704' onclick='ms_credits_trigger(\"#media2704\", this)'><svg xmlns=\"http:\/\/www.w3.org\/2000\/svg\" class=\"info_icon\" width=\"28\" height=\"28\" fill=\"#FFF\" viewBox=\"0 0 256 256\"><path d=\"M128,24A104,104,0,1,0,232,128,104.11,104.11,0,0,0,128,24Zm0,192a88,88,0,1,1,88-88A88.1,88.1,0,0,1,128,216Zm16-40a8,8,0,0,1-8,8,16,16,0,0,1-16-16V128a8,8,0,0,1,0-16,16,16,0,0,1,16,16v40A8,8,0,0,1,144,176ZM112,84a12,12,0,1,1,12,12A12,12,0,0,1,112,84Z\"><\/path><\/svg><svg xmlns=\"http:\/\/www.w3.org\/2000\/svg\" class=\"close_icon\" width=\"28\" height=\"28\" fill=\"#FFF\" viewBox=\"0 0 256 256\"><path d=\"M165.66,101.66,139.31,128l26.35,26.34a8,8,0,0,1-11.32,11.32L128,139.31l-26.34,26.35a8,8,0,0,1-11.32-11.32L116.69,128,90.34,101.66a8,8,0,0,1,11.32-11.32L128,116.69l26.34-26.35a8,8,0,0,1,11.32,11.32ZM232,128A104,104,0,1,1,128,24,104.11,104.11,0,0,1,232,128Zm-16,0a88,88,0,1,0-88,88A88.1,88.1,0,0,0,216,128Z\"><\/path><\/svg><\/span><\/div>\n\n\n<p>Esta bela e hist\u00f3rica igreja fica mesmo ao lado da Piazza Venezia, no alto da Colina Capitolina. \u00c9 conhecida pela sua arquitetura deslumbrante, frescos intrincados e hist\u00f3ria rica. A igreja remonta ao s\u00e9culo VI. No interior, os visitantes podem admirar belas obras de arte, incluindo a famosa &#8220;Madonna com o Menino&#8221; de Arnolfo di Cambio.<\/p>\n\n\n\n<p>Se sobreviveres \u00e0 longa caminhada pelas escadas para chegar \u00e0 igreja, poder\u00e1s ver n\u00e3o s\u00f3 uma vista deslumbrante de Roma como tamb\u00e9m os incr\u00edveis tectos da igreja. A vista por si s\u00f3 vale a escalada. A Bas\u00edlica di Santa Maria in Ara Coeli \u00e9 uma visita obrigat\u00f3ria; \u00e9 uma das minhas preferidas.<\/p>\n\n\n\n<h3 class=\"wp-block-heading\">A Coluna de Trajano<\/h3>\n\n\n<div class=\"ms-credits\">\n<img decoding=\"async\" class=\"gb-media-56b73abf\" alt=\"Entalhes detalhados na Coluna de Trajano em Roma a retratar soldados romanos a construir e a marchar durante as Guerras D\u00e1cicas.\" src=\"https:\/\/www.rome.info\/wp-content\/uploads\/trajan-column-reliefs-1747017512.jpg\" title=\"trajan-column-reliefs-1747017512\"\/>\n<span class='ms-credits__info' id='media2705'><svg xmlns=\"http:\/\/www.w3.org\/2000\/svg\" width=\"20\" height=\"22\" fill=\"#000000\" viewBox=\"0 0 256 256\"><path d=\"M128,24A104,104,0,1,0,232,128,104.11,104.11,0,0,0,128,24Zm0,192a88,88,0,1,1,88-88A88.1,88.1,0,0,1,128,216ZM96,128a32,32,0,0,0,57.6,19.2,8,8,0,0,1,12.8,9.61,48,48,0,1,1,0-57.62,8,8,0,0,1-12.8,9.61A32,32,0,0,0,96,128Z\"><\/path><\/svg>_fla\/<a href=https:\/\/depositphotos.com\/photo\/details-trajan-column-ancient-column-streets-rome-colosseum-trajan-forum-552456654.html rel='nofollow' target='_blank'>Depositphotos<\/a><\/span><span class='ms-credits__btn' id='btn_media2705' onclick='ms_credits_trigger(\"#media2705\", this)'><svg xmlns=\"http:\/\/www.w3.org\/2000\/svg\" class=\"info_icon\" width=\"28\" height=\"28\" fill=\"#FFF\" viewBox=\"0 0 256 256\"><path d=\"M128,24A104,104,0,1,0,232,128,104.11,104.11,0,0,0,128,24Zm0,192a88,88,0,1,1,88-88A88.1,88.1,0,0,1,128,216Zm16-40a8,8,0,0,1-8,8,16,16,0,0,1-16-16V128a8,8,0,0,1,0-16,16,16,0,0,1,16,16v40A8,8,0,0,1,144,176ZM112,84a12,12,0,1,1,12,12A12,12,0,0,1,112,84Z\"><\/path><\/svg><svg xmlns=\"http:\/\/www.w3.org\/2000\/svg\" class=\"close_icon\" width=\"28\" height=\"28\" fill=\"#FFF\" viewBox=\"0 0 256 256\"><path d=\"M165.66,101.66,139.31,128l26.35,26.34a8,8,0,0,1-11.32,11.32L128,139.31l-26.34,26.35a8,8,0,0,1-11.32-11.32L116.69,128,90.34,101.66a8,8,0,0,1,11.32-11.32L128,116.69l26.34-26.35a8,8,0,0,1,11.32,11.32ZM232,128A104,104,0,1,1,128,24,104.11,104.11,0,0,1,232,128Zm-16,0a88,88,0,1,0-88,88A88.1,88.1,0,0,0,216,128Z\"><\/path><\/svg><\/span><\/div>\n\n\n<p>Podes encontr\u00e1-la no lado esquerdo da Piazza Venezia. Comemora as vit\u00f3rias do Imperador Trajano nas Guerras D\u00e1cicas. A coluna \u00e9 constitu\u00edda por 17 &#8220;rochas&#8221; cil\u00edndricas.&nbsp;<\/p>\n\n\n\n<p><strong>Curiosidade<\/strong>: A coluna tamb\u00e9m cont\u00e9m uma escadaria em espiral com 185 degraus que leva ao topo.<\/p>\n\n\n\n<h2 class=\"wp-block-heading\">Arredores<\/h2>\n\n\n\n<p>Depois de visitares a Piazza Venezia e as suas atra\u00e7\u00f5es, podes ir visitar outros locais pr\u00f3ximos.<\/p>\n\n\n\n<ul class=\"wp-block-list\">\n<li><a href=\"https:\/\/www.rome.info\/attractions\/roman-forum\/\">F\u00f3rum Romano:<\/a> Este s\u00edtio antigo fica a curta dist\u00e2ncia a p\u00e9 da Piazza Venezia e alberga algumas das ru\u00ednas mais impressionantes da Roma Antiga, incluindo o Templo de Saturno e o Arco de Tito.<\/li>\n\n\n\n<li><a href=\"https:\/\/www.rome.info\/attractions\/colosseum\/\">Coliseu:<\/a> O ic\u00f3nico local fica tamb\u00e9m nas proximidades, mesmo em frente ao metro B, e \u00e9 uma visita obrigat\u00f3ria para qualquer visitante em Roma. Este anfiteatro antigo foi outrora o palco de batalhas de gladiadores e outros espect\u00e1culos p\u00fablicos.<\/li>\n\n\n\n<li><a href=\"https:\/\/www.rome.info\/attractions\/trevi-fountain\/\">Fontana di Trevi:<\/a> Uma das fontes mais famosas do mundo, a Fontana di Trevi fica a poucos quarteir\u00f5es da Piazza Venezia.<\/li>\n\n\n\n<li><a href=\"https:\/\/www.rome.info\/attractions\/pantheon\/\">Pante\u00e3o:<\/a> Este templo antigo \u00e9 um dos edif\u00edcios mais bem preservados da Roma Antiga e fica a curta dist\u00e2ncia a p\u00e9 da Piazza Venezia. \u00c9 famoso pela sua enorme c\u00fapula e impressionante interior.<\/li>\n<\/ul>\n\n\n\n<h2 class=\"wp-block-heading\">Compras e Restaura\u00e7\u00e3o<\/h2>\n\n\n\n<p>A zona em redor da Piazza Venezia tem muitas lojas, caf\u00e9s e restaurantes. Os visitantes podem explorar as ruas e ruelas estreitas do centro hist\u00f3rico e descobrir joias escondidas.<\/p>\n\n\n\n<p>No geral, a Piazza Venezia \u00e9 um lugar pelo qual passar\u00e1s com certeza e que n\u00e3o podes deixar de ver quando est\u00e1s em Roma. Com os seus monumentos impressionantes, edif\u00edcios hist\u00f3ricos e arredores animados, oferece um vislumbre da rica hist\u00f3ria e cultura da Cidade Eterna, sem falar nas vistas incr\u00edveis.<\/p>\n\n\n\n<p>A sua localiza\u00e7\u00e3o estrat\u00e9gica torna-a ideal para um dia de visitas a m\u00faltiplos locais. A maioria dos museus s\u00e3o visitas r\u00e1pidas, por isso recomendo visit\u00e1-los no mesmo dia que o <a href=\"https:\/\/www.rome.info\/attractions\/colosseum\/\" data-type=\"link\" data-id=\"https:\/\/www.rome.info\/attractions\/colosseum\/\">Coliseu<\/a>, a Fontana di Trevi, o Pante\u00e3o, o <a href=\"https:\/\/www.rome.info\/attractions\/circus-maximus\/\">Circo M\u00e1ximo<\/a> ou outras atra\u00e7\u00f5es pr\u00f3ximas, para aproveitares ao m\u00e1ximo o dia, especialmente se est\u00e1s em Roma por um <a href=\"https:\/\/www.rome.info\/itineraries\/\">curto per\u00edodo de tempo<\/a>.<\/p>\n\n\n\n<h2 class=\"wp-block-heading\">Sabias Que: 4 Factos Interessantes&nbsp;<\/h2>\n\n\n\n<ol class=\"wp-block-list\">\n<li>Quando Veneza ficou sob dom\u00ednio austr\u00edaco, o muito hist\u00f3rico edif\u00edcio medieval, o Palazzo Venezia, tornou-se a sua embaixada em It\u00e1lia.<\/li>\n\n\n\n<li>Em 1770, no Palazzo Venezia, Mozart, com apenas 14 anos, deu um concerto que contou com a presen\u00e7a do pr\u00f3prio Papa Paulo II.<\/li>\n\n\n\n<li>Todos os anos, a 2 de Junho, no Dia da Independ\u00eancia de It\u00e1lia, a Piazza Venezia \u00e9 a base donde parte o desfile militar e onde se pode ver os famosos avi\u00f5es A350-900 a disparar as cores da bandeira italiana.<\/li>\n\n\n\n<li>Uma das salas do Palazzo Venezia, a &#8220;Sala del Concistoro&#8221;, tinha cinco lustres trazidos directamente de Murano. \u00c9 por isso que a sala \u00e9 conhecida como a Sala das 5 Luzes.<\/li>\n<\/ol>\n\n\n\n<h2 class=\"wp-block-heading\">Hist\u00f3ria<\/h2>\n\n\n\n<p>A Piazza Venezia \u00e9 o grande cora\u00e7\u00e3o c\u00edvico de Roma, dominada pelo enorme Altar da P\u00e1tria em m\u00e1rmore branco. Esta movimentada intersec\u00e7\u00e3o liga os bairros antigos e modernos da cidade, simbolizando a jornada de It\u00e1lia rumo \u00e0 na\u00e7\u00e3o.<\/p>\n\n\n\n<div class=\"ms-timeline-list\">\n<div class=\"ms-timeline-item\">\n<p class=\"gb-text ms-timeline-item__time\">Antes de 1800<\/p>\n\n\n\n<p class=\"gb-text\">A zona era um vasto bairro medieval e renascentista.<\/p>\n<\/div>\n\n\n\n<div class=\"ms-timeline-item\">\n<p class=\"gb-text ms-timeline-item__time\">Final do s\u00e9c. XIX \u2013 in\u00edcio do s\u00e9c. XX<\/p>\n\n\n\n<p class=\"gb-text\">Ap\u00f3s a proclama\u00e7\u00e3o de Roma como capital e a morte do Rei V\u00edtor Emanuel II, um grande planeamento urbano transformou a zona na sua forma actual.<\/p>\n<\/div>\n\n\n\n<div class=\"ms-timeline-item\">\n<p class=\"gb-text ms-timeline-item__time\">1885<\/p>\n\n\n\n<p class=\"gb-text\">Come\u00e7ou a constru\u00e7\u00e3o do Altar da P\u00e1tria (Monumento Nacional a V\u00edtor Emanuel II). Muitas estruturas foram demolidas para o construir e renovar a pra\u00e7a. O Palazzo Venezia (1455) foi um dos poucos edif\u00edcios mais antigos preservados.<\/p>\n<\/div>\n\n\n\n<div class=\"ms-timeline-item\">\n<p class=\"gb-text ms-timeline-item__time\">Final do s\u00e9c. XIX<\/p>\n\n\n\n<p class=\"gb-text\">O Palazzetto San Marco foi demolido para permitir uma vis\u00e3o desimpedida do altar a partir da Via del Corso, uma importante rua de 1,5 km.<\/p>\n<\/div>\n\n\n\n<div class=\"ms-timeline-item\">\n<p class=\"gb-text ms-timeline-item__time\">1906-1911<\/p>\n\n\n\n<p class=\"gb-text\">O Palazzo delle Assicurazioni Generali foi constru\u00eddo, substituindo outros dois edif\u00edcios. Este edif\u00edcio de seguros foi concebido para refletir o Palazzo Venezia e tornar a pra\u00e7a mais ampla visualmente.<\/p>\n<\/div>\n\n\n\n<div class=\"ms-timeline-item\">\n<p class=\"gb-text ms-timeline-item__time\">1911<\/p>\n\n\n\n<p class=\"gb-text\">O Altar da P\u00e1tria foi inaugurado, embora ainda n\u00e3o completamente terminado.<\/p>\n<\/div>\n\n\n\n<div class=\"ms-timeline-item\">\n<p class=\"gb-text ms-timeline-item__time\">1921<\/p>\n\n\n\n<p class=\"gb-text\">Os restos de um Soldado Desconhecido, v\u00edtima da Primeira Guerra Mundial, foram sepultados num t\u00famulo por baixo da est\u00e1tua da deusa Roma no topo do altar.<\/p>\n<\/div>\n\n\n\n<div class=\"ms-timeline-item\">\n<p class=\"gb-text ms-timeline-item__time\">Anos 1920\u20131940<\/p>\n\n\n\n<p class=\"gb-text\">O ditador fascista Mussolini usou o Palazzo Venezia como sede do governo. Fazia os seus infames discursos a partir da sua varanda para as multid\u00f5es na pra\u00e7a abaixo.<\/p>\n<\/div>\n\n\n\n<div class=\"ms-timeline-item\">\n<p class=\"gb-text ms-timeline-item__time\">Dias de hoje<\/p>\n\n\n\n<p class=\"gb-text\">A pra\u00e7a \u00e9 o centro de uma das intersec\u00e7\u00f5es mais movimentadas de Roma. Turistas e locais passam por aqui diariamente, e muitos param para admirar esta pra\u00e7a ic\u00f3nica e tudo o que tem para oferecer.<\/p>\n<\/div>\n<\/div>\n\n\n\n<h2 class=\"wp-block-heading\">Perguntas Frequentes<\/h2>\n\n\n\n<h3 class=\"wp-block-heading\"><strong>Por que \u00e9 que a Piazza Venezia \u00e9 famosa?<\/strong><\/h3>\n\n\n\n<p>A Piazza Venezia \u00e9 famosa pelo seu monumento ic\u00f3nico, belos edif\u00edcios e bas\u00edlica antiga.<\/p>\n\n\n\n<h3 class=\"wp-block-heading\"><strong>A Piazza Venezia ainda est\u00e1 em uso hoje?<\/strong><\/h3>\n\n\n\n<p>A Piazza Venezia ainda est\u00e1 em uso hoje. Actualmente, \u00e9 a sede do Museu Nacional do Palazzo Venezia e do Instituto Nacional de Arqueologia e Hist\u00f3ria da Arte.<\/p>\n\n\n\n<h3 class=\"wp-block-heading\"><strong>Quanto custa visitar a Piazza Venezia?<\/strong><\/h3>\n\n\n\n<p>\u00c9 gratuito passear pela pra\u00e7a da Piazza Venezia. Tamb\u00e9m podes passear pelo Vittoriano (um grande jardim no Palazzo Venezia) gratuitamente. No entanto, tens de pagar bilhete de entrada para aceder ao Museu Nacional do Palazzo Venezia e ao Instituto Nacional de Arqueologia e Hist\u00f3ria da Arte.<\/p>\n\n\n\n<div style=\"height:30px\" aria-hidden=\"true\" class=\"wp-block-spacer\"><\/div>\n","protected":false},"excerpt":{"rendered":"<p>Descobre um monumento ic\u00f3nico moderno nesta movimentada pra\u00e7a.<\/p>\n","protected":false},"author":9,"featured_media":471,"parent":0,"menu_order":0,"template":"","meta":{"_acf_changed":false,"button_url":"https:\/\/www.tiqets.com\/pt\/piazza-venezia-l146689\/?partner=romeinfo","product_id":"","street_address":", ","city":"Roma","country":"Italy","postal_code":"","lattitude":"41.8957663","longitude":"12.4825739","rank_math_title":"Piazza Venezia: Pontos de Interesse e Dicas de Visita","rank_math_description":"Explora a Piazza Venezia em Roma: Altare della Patria, Palazzo Venezia e o Monte Capitolino. Hist\u00f3ria, como chegar e o que fazer nas redondezas."},"attraction-types":[24],"producer":[35],"class_list":["post-311","attraction","type-attraction","status-publish","has-post-thumbnail","hentry","attraction-types-pracas"],"acf":[],"location_schema":{"product_id":"","street_address":", ","city":"Roma","country":"Italy","postal_code":"","lattitude":"41.8957663","longitude":"12.4825739"},"_links":{"self":[{"href":"https:\/\/www.rome.info\/pt\/wp-json\/wp\/v2\/attraction\/311","targetHints":{"allow":["GET"]}}],"collection":[{"href":"https:\/\/www.rome.info\/pt\/wp-json\/wp\/v2\/attraction"}],"about":[{"href":"https:\/\/www.rome.info\/pt\/wp-json\/wp\/v2\/types\/attraction"}],"author":[{"embeddable":true,"href":"https:\/\/www.rome.info\/pt\/wp-json\/wp\/v2\/users\/9"}],"wp:featuredmedia":[{"embeddable":true,"href":"https:\/\/www.rome.info\/pt\/wp-json\/wp\/v2\/media\/471"}],"wp:attachment":[{"href":"https:\/\/www.rome.info\/pt\/wp-json\/wp\/v2\/media?parent=311"}],"wp:term":[{"taxonomy":"attraction-types","embeddable":true,"href":"https:\/\/www.rome.info\/pt\/wp-json\/wp\/v2\/attraction-types?post=311"},{"taxonomy":"producer","embeddable":true,"href":"https:\/\/www.rome.info\/pt\/wp-json\/wp\/v2\/producer?post=311"}],"curies":[{"name":"wp","href":"https:\/\/api.w.org\/{rel}","templated":true}]}}