{"id":303,"date":"2026-04-27T19:06:09","date_gmt":"2026-04-27T17:06:09","guid":{"rendered":"https:\/\/www.rome.info\/pl\/?post_type=attraction&#038;p=303"},"modified":"2026-04-29T08:29:25","modified_gmt":"2026-04-29T06:29:25","slug":"plac-sw-piotra","status":"publish","type":"attraction","link":"https:\/\/www.rome.info\/pl\/atrakcje\/plac-sw-piotra\/","title":{"rendered":"Plac \u015awi\u0119tego Piotra"},"content":{"rendered":"<div class=\"ms-credits\">\n<img decoding=\"async\" class=\"gb-media-228e70ef\" alt=\"Basilica di San Pietro w Rzymie o zachodzie s\u0142o\u0144ca.\" src=\"https:\/\/www.rome.info\/wp-content\/uploads\/f-st-peters-basilica.jpg\" title=\"f-st-peters-basilica\"\/>\n<span class='ms-credits__info' id='media685'><svg xmlns=\"http:\/\/www.w3.org\/2000\/svg\" width=\"20\" height=\"22\" fill=\"#000000\" viewBox=\"0 0 256 256\"><path d=\"M128,24A104,104,0,1,0,232,128,104.11,104.11,0,0,0,128,24Zm0,192a88,88,0,1,1,88-88A88.1,88.1,0,0,1,128,216ZM96,128a32,32,0,0,0,57.6,19.2,8,8,0,0,1,12.8,9.61,48,48,0,1,1,0-57.62,8,8,0,0,1-12.8,9.61A32,32,0,0,0,96,128Z\"><\/path><\/svg>TTstudio\/<a href=https:\/\/sp.depositphotos.com\/48760351\/stock-photo-vatican-rome-st-peters-basilica.html rel='nofollow' target='_blank'>Depositphotos<\/a><\/span><span class='ms-credits__btn' id='btn_media685' onclick='ms_credits_trigger(\"#media685\", this)'><svg xmlns=\"http:\/\/www.w3.org\/2000\/svg\" class=\"info_icon\" width=\"28\" height=\"28\" fill=\"#FFF\" viewBox=\"0 0 256 256\"><path d=\"M128,24A104,104,0,1,0,232,128,104.11,104.11,0,0,0,128,24Zm0,192a88,88,0,1,1,88-88A88.1,88.1,0,0,1,128,216Zm16-40a8,8,0,0,1-8,8,16,16,0,0,1-16-16V128a8,8,0,0,1,0-16,16,16,0,0,1,16,16v40A8,8,0,0,1,144,176ZM112,84a12,12,0,1,1,12,12A12,12,0,0,1,112,84Z\"><\/path><\/svg><svg xmlns=\"http:\/\/www.w3.org\/2000\/svg\" class=\"close_icon\" width=\"28\" height=\"28\" fill=\"#FFF\" viewBox=\"0 0 256 256\"><path d=\"M165.66,101.66,139.31,128l26.35,26.34a8,8,0,0,1-11.32,11.32L128,139.31l-26.34,26.35a8,8,0,0,1-11.32-11.32L116.69,128,90.34,101.66a8,8,0,0,1,11.32-11.32L128,116.69l26.34-26.35a8,8,0,0,1,11.32,11.32ZM232,128A104,104,0,1,1,128,24,104.11,104.11,0,0,1,232,128Zm-16,0a88,88,0,1,0-88,88A88.1,88.1,0,0,0,216,128Z\"><\/path><\/svg><\/span><\/div>\n\n\n<p>\u017badna wizyta w Rzymie nie jest kompletna bez postawienia nogi w innym pa\u0144stwie. Watykan to najmniejsze micronation na \u015bwiecie, a Plac \u015awi\u0119tego Piotra (po w\u0142osku Piazza San Pietro) to idealne wprowadzenie do niego. Do\u0142\u0105cz do milion\u00f3w odwiedzaj\u0105cych i odkryj wszystko, co ten monumentalny plac ma do zaoferowania.<\/p>\n\n\n\n<h2 class=\"wp-block-heading\">Najwa\u017cniejsze atrakcje<\/h2>\n\n\n\n<ul class=\"ms-icon-list\">\n<li class=\"ms-icon-list__item\"><span class=\"gb-shape\"><svg viewBox=\"0 0 256 256\" fill=\"#000000\" height=\"32\" width=\"32\" xmlns=\"http:\/\/www.w3.org\/2000\/svg\"><path d=\"M232.49,80.49l-128,128a12,12,0,0,1-17,0l-56-56a12,12,0,1,1,17-17L96,183,215.51,63.51a12,12,0,0,1,17,17Z\"><\/path><\/svg><\/span><span class=\"gb-text\">Wejd\u017a na plac powitany przez imponuj\u0105ce kolumnady Berniniego.<\/span><\/li>\n\n\n\n<li class=\"ms-icon-list__item\"><span class=\"gb-shape\"><svg viewBox=\"0 0 256 256\" fill=\"#000000\" height=\"32\" width=\"32\" xmlns=\"http:\/\/www.w3.org\/2000\/svg\"><path d=\"M232.49,80.49l-128,128a12,12,0,0,1-17,0l-56-56a12,12,0,1,1,17-17L96,183,215.51,63.51a12,12,0,0,1,17,17Z\"><\/path><\/svg><\/span><span class=\"gb-text\">Podziwiaj staro\u017cytny egipski obelisk w centrum placu.<\/span><\/li>\n\n\n\n<li class=\"ms-icon-list__item\"><span class=\"gb-shape\"><svg viewBox=\"0 0 256 256\" fill=\"#000000\" height=\"32\" width=\"32\" xmlns=\"http:\/\/www.w3.org\/2000\/svg\"><path d=\"M232.49,80.49l-128,128a12,12,0,0,1-17,0l-56-56a12,12,0,1,1,17-17L96,183,215.51,63.51a12,12,0,0,1,17,17Z\"><\/path><\/svg><\/span><span class=\"gb-text\">Odwied\u017a Bazylik\u0119 \u015awi\u0119tego Piotra \u2014 najwa\u017cniejszy ko\u015bci\u00f3\u0142 chrze\u015bcija\u0144stwa.<\/span><\/li>\n<\/ul>\n\n\n\n<div class=\"ms-rounded ms-mb-last-child-0 ms-mb-block ms-tfs--contrast ms-p ms-tfs\">\n<h3 class=\"gb-text ms-link-unstyled\">Bilety do Bazyliki \u015awi\u0119tego Piotra<\/h3>\n\n\n\n<p class=\"ms-link-unstyled has-ms-color-neutral-darkest-color has-text-color has-link-color wp-elements-0c49c6a8c052961c2d84182e18e29a74\">Je\u015bli planujesz wizyt\u0119 w Bazylice \u015awi\u0119tego Piotra, masz kilka opcji zwiedzania, zale\u017cnie od bud\u017cetu i tego, czy chcesz przewodnika. Wst\u0119p jest bezp\u0142atny, ale kolejki mog\u0105 by\u0107 d\u0142ugie \u2014 rezerwacja wycieczki lub karnetu pozwoli Ci zaoszcz\u0119dzi\u0107 czas.<\/p>\n\n\n\n<hr class=\"wp-block-separator has-alpha-channel-opacity\"\/>\n\n\n\n<p class=\"ms-link-unstyled has-ms-color-neutral-darkest-color has-text-color has-link-color wp-elements-5841a55ffa461888435c07754fc8d2aa\"><strong>\u2b50 Najlepsza warto\u015b\u0107<\/strong><\/p>\n\n\n\n<ul class=\"wp-block-list has-ms-color-primary-color has-text-color has-link-color wp-elements-d589b4fe7779cbde087fc21230f1ec6d\">\n<li class=\"ms-link-unstyled has-ms-color-neutral-darkest-color has-text-color has-link-color wp-elements-3c4ed8289b3597bf4fec173b3f38789d\"><a href=\"https:\/\/www.tiqets.com\/pl\/rome-attractions-c71631\/rome-tourist-card-p1013153\/?partner=romeinfo\" rel=\"nofollow noopener\"><strong><mark style=\"background-color:var(--ms-color-contrast-lightest)\" class=\"has-inline-color has-ms-color-primary-color\">Rome Tourist Card (bestseller)<\/mark><\/strong><\/a> \u2014 Ten kompleksowy karnet obejmuje <strong>Koloseum, Forum Romanum, Wzg\u00f3rze Palaty\u0144skie, Muzea Watyka\u0144skie i Kaplic\u0119 Syksty\u0144sk\u0105<\/strong>. Mo\u017cesz te\u017c wybra\u0107 jedn\u0105 dodatkow\u0105 atrakcj\u0119: <strong>Bazylika \u015awi\u0119tego Piotra (godzinna wycieczka z przewodnikiem), Zamek \u015awi\u0119tego Anio\u0142a lub Panteon<\/strong>. Obejmuje te\u017c aplikacj\u0119 z audioprzewodnikiem po mie\u015bcie, <strong>10% rabatu<\/strong> na inne atrakcje i wycieczki, a przy zakupie mo\u017cesz do\u0142o\u017cy\u0107 <strong>transfer lotniskowy<\/strong>.<\/li>\n\n\n\n<li class=\"ms-link-unstyled has-ms-color-neutral-darkest-color has-text-color has-link-color wp-elements-82da190b1de736807ae541c067534a82\"><a href=\"https:\/\/www.tiqets.com\/pl\/rome-attractions-c71631\/the-vatican-city-pass-p1012497\/?partner=romeinfo\" rel=\"nofollow noopener\"><strong><mark style=\"background-color:var(--ms-color-contrast-lightest)\" class=\"has-inline-color has-ms-color-primary-color\">Vatican City Pass<\/mark><\/strong><\/a> \u2014 Je\u015bli interesuj\u0105 Ci\u0119 g\u0142\u00f3wnie atrakcje watyka\u0144skie, ten karnet obejmuje <strong>Muzea Watyka\u0144skie, Kaplic\u0119 Syksty\u0144sk\u0105 i Bazylik\u0119 \u015awi\u0119tego Piotra<\/strong> z wej\u015bciem bez kolejki. Obejmuje te\u017c audioprzewodnik po Rzymie lub szybkie wej\u015bcie do <strong>Zamku \u015awi\u0119tego Anio\u0142a<\/strong>.<\/li>\n\n\n\n<li class=\"ms-link-unstyled has-ms-color-neutral-darkest-color has-text-color has-link-color wp-elements-aa3e11f82d269c85299b5ddb67d880c3\"><a href=\"https:\/\/www.tiqets.com\/pl\/rome-attractions-c71631\/tickets-for-vatican-st-peters-basilica-audio-guide-p1054791\/?partner=rzyminforze\" rel=\"nofollow noopener\"><mark style=\"background-color:var(--ms-color-contrast-lightest)\" class=\"has-inline-color has-ms-color-primary-color\"><strong>Tylko cyfrowy audioprzewodnik<\/strong><\/mark><\/a> \u2014 <em>Najta\u0144sza opcja<\/em>. Zwiedzaj we w\u0142asnym tempie z komentarzem audio dost\u0119pnym w wielu j\u0119zykach (chi\u0144ski, angielski, francuski, niemiecki, w\u0142oski, hiszpa\u0144ski).<\/li>\n<\/ul>\n\n\n\n<hr class=\"wp-block-separator has-alpha-channel-opacity\"\/>\n\n\n\n<p class=\"has-ms-text-color-color has-text-color has-link-color wp-elements-0e4699eba1f4a4011fc8193356b57c00\"><strong>\ud83c\udfad Najlepsze do\u015bwiadczenie<\/strong><\/p>\n\n\n\n<ul class=\"wp-block-list has-ms-color-primary-color has-text-color has-link-color wp-elements-035e9b97a293b87e0b7135b21a0b2495\">\n<li class=\"ms-link-unstyled has-ms-color-neutral-darkest-color has-text-color has-link-color wp-elements-18718dfb8802023f49144dbb3486173c\"><a href=\"https:\/\/www.tiqets.com\/pl\/rome-attractions-c71631\/tickets-for-vatican-museums-sistine-chapel-st-peter-s-basilica-guided-tour-p1105898\/?partner=rzyminforze\" rel=\"nofollow noopener\"><mark style=\"background-color:var(--ms-color-contrast-lightest)\" class=\"has-inline-color has-ms-color-primary-color\"><strong>Pe\u0142na wycieczka z przewodnikiem<\/strong><\/mark><\/a> \u2014 3-godzinna wycieczka z przewodnikiem po <strong>Bazylice \u015awi\u0119tego Piotra, Muzeach Watyka\u0144skich i Kaplicy Syksty\u0144skiej<\/strong>. Obejmuje szybkie wej\u015bcie, do\u015bwiadczonego przewodnika i s\u0142uchawki. Dost\u0119pna w j\u0119zyku angielskim, francuskim, niemieckim, w\u0142oskim i hiszpa\u0144skim.<\/li>\n\n\n\n<li class=\"ms-link-unstyled has-ms-color-neutral-darkest-color has-text-color has-link-color wp-elements-1da0476811708774a594c7482a8036b7\"><a href=\"https:\/\/www.tiqets.com\/pl\/rome-attractions-c71631\/tickets-for-st-peters-basilica-1-hour-express-guided-tour-p1092191\/?partner=rzyminforze\" rel=\"nofollow noopener\"><mark style=\"background-color:var(--ms-color-contrast-lightest)\" class=\"has-inline-color has-ms-color-primary-color\"><strong>Ekspresowa wycieczka z przewodnikiem (1 godzina)<\/strong><\/mark><\/a> \u2014 Je\u015bli masz napi\u0119ty harmonogram, ale chcesz pozna\u0107 cuda <strong>Bazyliki \u015awi\u0119tego Piotra<\/strong>, godzinna wycieczka ekspresowa mo\u017ce by\u0107 dobrym wyborem. Obejmuje histori\u0119, architektur\u0119 i najwa\u017cniejsze dzie\u0142a sztuki (w tym niesamowite rze\u017aby, kt\u00f3re zdaj\u0105 si\u0119 przekracza\u0107 prawa grawitacji).<\/li>\n<\/ul>\n\n\n\n<hr class=\"wp-block-separator has-alpha-channel-opacity\"\/>\n\n\n\n<p class=\"has-ms-color-neutral-darkest-color has-text-color has-link-color wp-elements-00f4ffa4b8025ecd47f2c0d714c9b85a\"><strong>\u2139\ufe0f Warto wiedzie\u0107<\/strong><\/p>\n\n\n\n<ul class=\"wp-block-list\">\n<li class=\"has-ms-text-color-color has-text-color has-link-color wp-elements-559f34bdccc43afae3ce55c2be6446af\">Przyjed\u017a 15\u201330 minut wcze\u015bniej, \u017ceby zapewni\u0107 sobie sprawny start wizyty.<\/li>\n\n\n\n<li class=\"has-ms-text-color-color has-text-color has-link-color wp-elements-ca784d471edbc87e1d6231372dd24dc7\">Wst\u0119p do Bazyliki \u015awi\u0119tego Piotra jest bezp\u0142atny, ale spodziewaj si\u0119 d\u0142ugich kolejek \u2014 do 25 minut w szczycie.<\/li>\n\n\n\n<li class=\"has-ms-text-color-color has-text-color has-link-color wp-elements-72de461868e90c1e61666b6daaf97004\">Bezp\u0142atna anulacja przez 24 godziny od zakupu na wszystkie bilety.<\/li>\n\n\n\n<li class=\"has-ms-text-color-color has-text-color has-link-color wp-elements-6c47797cd2e0a15add86e045a1a34c11\">Dost\u0119pno\u015b\u0107 dla os\u00f3b poruszaj\u0105cych si\u0119 na w\u00f3zkach inwalidzkich zale\u017cy od wycieczki \u2014 sprawd\u017a szczeg\u00f3\u0142y przed rezerwacj\u0105.<\/li>\n<\/ul>\n\n\n\n<hr class=\"wp-block-separator has-alpha-channel-opacity\"\/>\n\n\n\n<div class=\"ms-cta-button-options ms-mb-block ms-cta\">\n<a class=\"gb-text ms-btn ms-btn--primary ms-shadow\" href=\"https:\/\/www.tiqets.com\/pl\/rome-attractions-c71631\/rome-tourist-card-p1013153\/?partner=romeinfo\" rel=\"nofollow noopener\">Rome Tourist Card<\/a>\n\n\n\n<a class=\"gb-text ms-btn ms-btn--outline-primary ms-shadow\" href=\"https:\/\/www.tiqets.com\/pl\/st-peters-basilica-tickets-l144143\/?partner=romeinfo\" rel=\"nofollow noopener\">Wszystkie opcje bilet\u00f3w<\/a>\n<\/div>\n<\/div>\n\n\n\n<div class=\"ms-query-section ms-mb-block\">\n<div class=\"ms-query-section-header\">\n<h3 class=\"gb-text ms-query-section__title\">Karnety miejskie do Rzymu<\/h3>\n<\/div>\n\n\n\n<p class=\"gb-text ms-query-section__description ms-text-sm\">Planujesz odwiedzi\u0107 Bazylik\u0119 \u015awi\u0119tego Piotra i inne miejsca? Te karnety \u0142\u0105cz\u0105 wszystko w jednym.<\/p>\n\n\n\n<div><div class=\"gb-looper-f80f416a\">\n<div class=\"gb-loop-item post-277 page type-page status-publish has-post-thumbnail\">\n<div class=\"ms-card-h ms-card\">\n<aside class=\"gb-element-59385eea\">\n<img decoding=\"async\" alt=\"\" data-media-id=\"459\" class=\"ms-rounded ms-card-h__image ms-card__image\" src=\"https:\/\/www.rome.info\/wp-content\/uploads\/rome-tourist-card-1754904695-768x432.jpg\"\/>\n<\/aside>\n\n\n\n<header class=\"ms-p-sm\">\n<h3 class=\"gb-text ms-text-lg ms-card-h__title ms-container-link ms-link-unstyled\"><a href=\"https:\/\/www.rome.info\/pl\/karty-turystyczne\/rome-tourist-card\/\">Rome Tourist Card<\/a><\/h3>\n\n\n\n<p class=\"gb-text ms-text-sm ms-mb-0 ms-card-h__excerpt\">Omi\u0144 kolejki w Koloseum, Muzeach Watyka\u0144skich, Panteonie, Bazylice \u015bw. Piotra i nie tylko \u2014 plus audioguide po mie\u015bcie.<\/p>\n<\/header>\n<\/div>\n<\/div>\n\n<div class=\"gb-loop-item post-279 page type-page status-publish has-post-thumbnail\">\n<div class=\"ms-card-h ms-card\">\n<aside class=\"gb-element-59385eea\">\n<img decoding=\"async\" alt=\"\" data-media-id=\"461\" class=\"ms-rounded ms-card-h__image ms-card__image\" src=\"https:\/\/www.rome.info\/wp-content\/uploads\/vatican-city-pass-1747300138-768x432.jpg\"\/>\n<\/aside>\n\n\n\n<header class=\"ms-p-sm\">\n<h3 class=\"gb-text ms-text-lg ms-card-h__title ms-container-link ms-link-unstyled\"><a href=\"https:\/\/www.rome.info\/pl\/karty-turystyczne\/vatican-city-pass\/\">Vatican City Pass<\/a><\/h3>\n\n\n\n<p class=\"gb-text ms-text-sm ms-mb-0 ms-card-h__excerpt\">Wej\u015bcie z pomini\u0119ciem kolejki i wycieczki z przewodnikiem po czo\u0142owych atrakcjach Watykanu, plus audioguide po mie\u015bcie.<\/p>\n<\/header>\n<\/div>\n<\/div>\n\n<div class=\"gb-loop-item post-294 page type-page status-publish has-post-thumbnail\">\n<div class=\"ms-card-h ms-card\">\n<aside class=\"gb-element-59385eea\">\n<img decoding=\"async\" alt=\"\" data-media-id=\"478\" class=\"ms-rounded ms-card-h__image ms-card__image\" src=\"https:\/\/www.rome.info\/wp-content\/uploads\/omnia-card-1754973489-768x432.jpg\"\/>\n<\/aside>\n\n\n\n<header class=\"ms-p-sm\">\n<h3 class=\"gb-text ms-text-lg ms-card-h__title ms-container-link ms-link-unstyled\"><a href=\"https:\/\/www.rome.info\/pl\/karty-turystyczne\/omnia-card\/\">Omnia Card<\/a><\/h3>\n\n\n\n<p class=\"gb-text ms-text-sm ms-mb-0 ms-card-h__excerpt\">Szybki wst\u0119p do Watykanu, autobusy Hop-on Hop-off i wi\u0119cej \u2014 wybierz wariant 24h lub 72h z dodatkowymi korzy\u015bciami.<\/p>\n<\/header>\n<\/div>\n<\/div>\n<\/div><\/div>\n<\/div>\n\n\n\n<p><a href=\"https:\/\/www.rome.info\/pl\/karty-turystyczne\/porownanie\/\" data-type=\"link\" data-id=\"https:\/\/www.rome.info\/pl\/karty-turystyczne\/porownanie\/\">Por\u00f3wnaj wszystkie karnety -&gt;<\/a><\/p>\n\n\n\n<h2 class=\"wp-block-heading\">Co zobaczy\u0107 i robi\u0107 (zdj\u0119cia)<\/h2>\n\n\n\n<p>Plac \u015awi\u0119tego Piotra to jeden z najwi\u0119kszych i najpi\u0119kniejszych plac\u00f3w na \u015bwiecie. Oto, czego nie powiniene\u015b przegapi\u0107:<\/p>\n\n\n\n<h3 class=\"wp-block-heading\">Kszta\u0142t i bruk<\/h3>\n\n\n\n<figure><div class=\"ms-credits\">\n<img decoding=\"async\" class=\"gb-media-8510f87e\" alt=\"Widok z kopu\u0142y Bazyliki \u015awi\u0119tego Piotra na Plac \u015awi\u0119tego Piotra, kolumnady i Rzym w tle.\" src=\"https:\/\/www.rome.info\/wp-content\/uploads\/st-peters-basilica-dome-view-1747034799.jpg\" title=\"st-peters-basilica-dome-view-1747034799\"\/>\n<span class='ms-credits__info' id='media2720'><svg viewBox=\"0 0 24 24\" fill=\"none\" xmlns=\"http:\/\/www.w3.org\/2000\/svg\" width=\"20\" height=\"22\"><g stroke-width=\"0\"><\/g><g stroke-linecap=\"round\" stroke-linejoin=\"round\"><\/g><g id=\"SVGRepo_iconCarrier\"> <path d=\"M12 22C6.48 22 2 17.52 2 12C2 6.48 6.48 2 12 2C17.52 2 22 6.48 22 12C22 17.52 17.52 22 12 22Z\" stroke=\"#000\" stroke-width=\"1.5\" stroke-linecap=\"round\" stroke-linejoin=\"round\"><\/path> <path d=\"M10.88 14.1499C10.37 14.5899 9.70999 14.8699 8.98999 14.8699C7.40999 14.8699 6.12 13.5899 6.12 11.9999C6.12 10.4099 7.39999 9.12988 8.98999 9.12988C9.71999 9.12988 10.38 9.39985 10.88 9.84985\" stroke=\"#000\" stroke-width=\"1.5\" stroke-linecap=\"round\" stroke-linejoin=\"round\"><\/path> <path d=\"M17.88 14.1499C17.37 14.5899 16.71 14.8699 15.99 14.8699C14.41 14.8699 13.12 13.5899 13.12 11.9999C13.12 10.4099 14.4 9.12988 15.99 9.12988C16.72 9.12988 17.38 9.39985 17.88 9.84985\" stroke=\"#000\" stroke-width=\"1.5\" stroke-linecap=\"round\" stroke-linejoin=\"round\"><\/path> <\/g><\/svg> BY-SA 2.5 GenericG CHP\/<a href=https:\/\/commons.wikimedia.org\/wiki\/File:Rome_Saint_Peter%27s_Square_view_from_the_dome_of_Saint_Peter%27s_Basilica_3.jpg rel='nofollow' target='_blank'>Wikimedia Commons<\/a><\/span><span class='ms-credits__btn' id='btn_media2720' onclick='ms_credits_trigger(\"#media2720\", this)'><svg xmlns=\"http:\/\/www.w3.org\/2000\/svg\" class=\"info_icon\" width=\"28\" height=\"28\" fill=\"#FFF\" viewBox=\"0 0 256 256\"><path d=\"M128,24A104,104,0,1,0,232,128,104.11,104.11,0,0,0,128,24Zm0,192a88,88,0,1,1,88-88A88.1,88.1,0,0,1,128,216Zm16-40a8,8,0,0,1-8,8,16,16,0,0,1-16-16V128a8,8,0,0,1,0-16,16,16,0,0,1,16,16v40A8,8,0,0,1,144,176ZM112,84a12,12,0,1,1,12,12A12,12,0,0,1,112,84Z\"><\/path><\/svg><svg xmlns=\"http:\/\/www.w3.org\/2000\/svg\" class=\"close_icon\" width=\"28\" height=\"28\" fill=\"#FFF\" viewBox=\"0 0 256 256\"><path d=\"M165.66,101.66,139.31,128l26.35,26.34a8,8,0,0,1-11.32,11.32L128,139.31l-26.34,26.35a8,8,0,0,1-11.32-11.32L116.69,128,90.34,101.66a8,8,0,0,1,11.32-11.32L128,116.69l26.34-26.35a8,8,0,0,1,11.32,11.32ZM232,128A104,104,0,1,1,128,24,104.11,104.11,0,0,1,232,128Zm-16,0a88,88,0,1,0-88,88A88.1,88.1,0,0,0,216,128Z\"><\/path><\/svg><\/span><\/div>\n\n\n<figcaption class=\"gb-text\">Widok z lotu ptaka na Plac \u015awi\u0119tego Piotra.<\/figcaption>\n<\/figure>\n\n\n\n<p>Plac \u015awi\u0119tego Piotra jest wyj\u0105tkowa, bo sk\u0142ada si\u0119 z dw\u00f3ch r\u00f3\u017cnych cz\u0119\u015bci: g\u0142\u00f3wnego korpusu placu o kszta\u0142cie eliptycznym oraz trapezoidalnego odcinka przed bazylik\u0105.&nbsp;<\/p>\n\n\n\n<p>Bernini zaprojektowa\u0142 cz\u0119\u015b\u0107 trapezoidaln\u0105 z konieczno\u015bci, bo brakowa\u0142o mu miejsca. Dzi\u015b uznawana jest za \u201earcydzie\u0142o teatru barokowego&#8221;, poniewa\u017c tworzy wyrazist\u0105 perspektyw\u0119 dla odwiedzaj\u0105cych wychodz\u0105cych z bazyliki.<\/p>\n\n\n\n<p>Plac wybrukowany jest kocimi \u0142bami \u2014 jak wi\u0119kszo\u015b\u0107 Rzymu \u2014 i ozdobiony liniami bia\u0142ego trawertynu w geometryczny wz\u00f3r, nadaj\u0105c mu harmonijny wygl\u0105d.<\/p>\n\n\n\n<p>Lata p\u00f3\u017aniej wok\u00f3\u0142 podstawy obelisku dodano kamienie z wyrytymi znakami zodiaku, zamieniaj\u0105c go w gnomon zegara s\u0142onecznego. W po\u0142udnie cie\u0144 wskazuje aktualny znak zodiaku.<\/p>\n\n\n\n<h3 class=\"wp-block-heading\">Obelisk<\/h3>\n\n\n<div class=\"ms-credits\">\n<img decoding=\"async\" class=\"gb-media-d70c7cb8\" alt=\"Centralny obelisk na Plac \u015awi\u0119tego Piotra z Bazylik\u0105 \u015awi\u0119tego Piotra i jej kopu\u0142\u0105 w tle.\" src=\"https:\/\/www.rome.info\/wp-content\/uploads\/st-peters-square-obelisk-1747035954.jpg\" title=\"st-peters-square-obelisk-1747035954\"\/>\n<span class='ms-credits__info' id='media2721'>Pexels LicenseSlimMars 13\/<a href=https:\/\/www.pexels.com\/photo\/city-place-with-cathedral-and-monument-12044711\/ rel='nofollow' target='_blank'>Pexels<\/a><\/span><span class='ms-credits__btn' id='btn_media2721' onclick='ms_credits_trigger(\"#media2721\", this)'><svg xmlns=\"http:\/\/www.w3.org\/2000\/svg\" class=\"info_icon\" width=\"28\" height=\"28\" fill=\"#FFF\" viewBox=\"0 0 256 256\"><path d=\"M128,24A104,104,0,1,0,232,128,104.11,104.11,0,0,0,128,24Zm0,192a88,88,0,1,1,88-88A88.1,88.1,0,0,1,128,216Zm16-40a8,8,0,0,1-8,8,16,16,0,0,1-16-16V128a8,8,0,0,1,0-16,16,16,0,0,1,16,16v40A8,8,0,0,1,144,176ZM112,84a12,12,0,1,1,12,12A12,12,0,0,1,112,84Z\"><\/path><\/svg><svg xmlns=\"http:\/\/www.w3.org\/2000\/svg\" class=\"close_icon\" width=\"28\" height=\"28\" fill=\"#FFF\" viewBox=\"0 0 256 256\"><path d=\"M165.66,101.66,139.31,128l26.35,26.34a8,8,0,0,1-11.32,11.32L128,139.31l-26.34,26.35a8,8,0,0,1-11.32-11.32L116.69,128,90.34,101.66a8,8,0,0,1,11.32-11.32L128,116.69l26.34-26.35a8,8,0,0,1,11.32,11.32ZM232,128A104,104,0,1,1,128,24,104.11,104.11,0,0,1,232,128Zm-16,0a88,88,0,1,0-88,88A88.1,88.1,0,0,0,216,128Z\"><\/path><\/svg><\/span><\/div>\n\n\n<p>Centralnym punktem placu jest staro\u017cytny egipski obelisk przywieziony do Rzymu w 37 roku n.e. przez cesarza Kaligul\u0119. Ustawiony pierwotnie w centrum Cyrku Nerona, w 1586 roku na rozkaz papie\u017ca Sykstusa V przeniesiono go na obecne miejsce.<\/p>\n\n\n\n<p>Obelisk trafi\u0142 do Watykanu prawie sto lat przed zbudowaniem dzisiejszego placu. To nie obelisk zosta\u0142 ustawiony na placu Berniniego \u2014 to plac Berniniego zaprojektowano wok\u00f3\u0142 obelisku.<\/p>\n\n\n\n<h3 class=\"wp-block-heading\">Fontanny<\/h3>\n\n\n\n<p>Po obu stronach obelisku stoj\u0105 dwie du\u017ce fontanny. Pierwsza z nich, starsza od samego placu, zosta\u0142a zbudowana przez architekta Carla Maderno. Ma o\u015bmiok\u0105tn\u0105 podstaw\u0119, du\u017c\u0105 mis\u0119 i grzybiaste przykrycie, z kt\u00f3rego tryska woda. Wzniesiono j\u0105 nad odnowionym akweduktem.<\/p>\n\n\n\n<figure><div class=\"ms-credits\">\n<img decoding=\"async\" class=\"gb-media-cb6df2c6\" alt=\"Fontanna Berniniego na Plac \u015awi\u0119tego Piotra z roz\u015bwietlon\u0105 fasad\u0105 Bazyliki \u015awi\u0119tego Piotra.\" src=\"https:\/\/www.rome.info\/wp-content\/uploads\/st-peters-square-bernini-fountain-1747036867.jpg\" title=\"st-peters-square-bernini-fountain-1747036867\"\/>\n<span class='ms-credits__info' id='media2724'><svg xmlns=\"http:\/\/www.w3.org\/2000\/svg\" width=\"20\" height=\"22\" fill=\"#000000\" viewBox=\"0 0 256 256\"><path d=\"M128,24A104,104,0,1,0,232,128,104.11,104.11,0,0,0,128,24Zm0,192a88,88,0,1,1,88-88A88.1,88.1,0,0,1,128,216ZM96,128a32,32,0,0,0,57.6,19.2,8,8,0,0,1,12.8,9.61,48,48,0,1,1,0-57.62,8,8,0,0,1-12.8,9.61A32,32,0,0,0,96,128Z\"><\/path><\/svg>pyty\/<a href=https:\/\/depositphotos.com\/photo\/bernini-fountain-at-st-peters-basilica-st-peters-square-vatican-271314140.html rel='nofollow' target='_blank'>Depositphotos<\/a><\/span><span class='ms-credits__btn' id='btn_media2724' onclick='ms_credits_trigger(\"#media2724\", this)'><svg xmlns=\"http:\/\/www.w3.org\/2000\/svg\" class=\"info_icon\" width=\"28\" height=\"28\" fill=\"#FFF\" viewBox=\"0 0 256 256\"><path d=\"M128,24A104,104,0,1,0,232,128,104.11,104.11,0,0,0,128,24Zm0,192a88,88,0,1,1,88-88A88.1,88.1,0,0,1,128,216Zm16-40a8,8,0,0,1-8,8,16,16,0,0,1-16-16V128a8,8,0,0,1,0-16,16,16,0,0,1,16,16v40A8,8,0,0,1,144,176ZM112,84a12,12,0,1,1,12,12A12,12,0,0,1,112,84Z\"><\/path><\/svg><svg xmlns=\"http:\/\/www.w3.org\/2000\/svg\" class=\"close_icon\" width=\"28\" height=\"28\" fill=\"#FFF\" viewBox=\"0 0 256 256\"><path d=\"M165.66,101.66,139.31,128l26.35,26.34a8,8,0,0,1-11.32,11.32L128,139.31l-26.34,26.35a8,8,0,0,1-11.32-11.32L116.69,128,90.34,101.66a8,8,0,0,1,11.32-11.32L128,116.69l26.34-26.35a8,8,0,0,1,11.32,11.32ZM232,128A104,104,0,1,1,128,24,104.11,104.11,0,0,1,232,128Zm-16,0a88,88,0,1,0-88,88A88.1,88.1,0,0,0,216,128Z\"><\/path><\/svg><\/span><\/div>\n\n\n<figcaption class=\"gb-text\">Fontanna Berniniego po po\u0142udniowej stronie Plac \u015awi\u0119tego Piotra.<\/figcaption>\n<\/figure>\n\n\n\n<p>Druga fontanna, zbudowana przez Berniniego kilka lat p\u00f3\u017aniej, zosta\u0142a zaprojektowana tak, by przypomina\u0142a swoj\u0105 towarzyszk\u0119 i nadawa\u0142a placowi symetryczny wygl\u0105d \u2014 cho\u0107 bardzo r\u00f3\u017cni si\u0119 od zwykle bujnego stylu Berniniego.<\/p>\n\n\n\n<h3 class=\"wp-block-heading\">Kolumnady<\/h3>\n\n\n\n<figure><div class=\"ms-credits\">\n<img decoding=\"async\" class=\"gb-media-08b272da\" alt=\"Pos\u0105gi \u015bwi\u0119tych na szczycie zakrzywionej kolumnady Plac \u015awi\u0119tego Piotra.\" src=\"https:\/\/www.rome.info\/wp-content\/uploads\/st-peters-square-colonnade-statues-1747036290.jpg\" title=\"st-peters-square-colonnade-statues-1747036290\"\/>\n<span class='ms-credits__info' id='media2723'>Pexels LicenseJiri Ikonomidis\/<a href=https:\/\/www.pexels.com\/photo\/sculptures-on-rooftop-of-st-peters-basilica-24981455\/ rel='nofollow' target='_blank'>Pexels<\/a><\/span><span class='ms-credits__btn' id='btn_media2723' onclick='ms_credits_trigger(\"#media2723\", this)'><svg xmlns=\"http:\/\/www.w3.org\/2000\/svg\" class=\"info_icon\" width=\"28\" height=\"28\" fill=\"#FFF\" viewBox=\"0 0 256 256\"><path d=\"M128,24A104,104,0,1,0,232,128,104.11,104.11,0,0,0,128,24Zm0,192a88,88,0,1,1,88-88A88.1,88.1,0,0,1,128,216Zm16-40a8,8,0,0,1-8,8,16,16,0,0,1-16-16V128a8,8,0,0,1,0-16,16,16,0,0,1,16,16v40A8,8,0,0,1,144,176ZM112,84a12,12,0,1,1,12,12A12,12,0,0,1,112,84Z\"><\/path><\/svg><svg xmlns=\"http:\/\/www.w3.org\/2000\/svg\" class=\"close_icon\" width=\"28\" height=\"28\" fill=\"#FFF\" viewBox=\"0 0 256 256\"><path d=\"M165.66,101.66,139.31,128l26.35,26.34a8,8,0,0,1-11.32,11.32L128,139.31l-26.34,26.35a8,8,0,0,1-11.32-11.32L116.69,128,90.34,101.66a8,8,0,0,1,11.32-11.32L128,116.69l26.34-26.35a8,8,0,0,1,11.32,11.32ZM232,128A104,104,0,1,1,128,24,104.11,104.11,0,0,1,232,128Zm-16,0a88,88,0,1,0-88,88A88.1,88.1,0,0,0,216,128Z\"><\/path><\/svg><\/span><\/div>\n\n\n<figcaption class=\"gb-text\">Pos\u0105gi \u015bwi\u0119tych na kolumnadach Plac \u015awi\u0119tego Piotra.<\/figcaption>\n<\/figure>\n\n\n\n<p>Kolumnady to chyba najbardziej imponuj\u0105ca cz\u0119\u015b\u0107 placu. Zbudowane wok\u00f3\u0142 eliptycznego kszta\u0142tu piazzy, maj\u0105 cztery rz\u0119dy g\u0142\u0119boko\u015bci i ogromn\u0105 skal\u0119. Bernini celowo wybra\u0142 najprostszy porz\u0105dek \u2014 dorycki \u2014 by kolumny nie kolidowa\u0142y z bardziej ozdobnymi kolumnami na fasadzie bazyliki.<\/p>\n\n\n\n<p>Na szczycie kolumnad stoj\u0105 140 pos\u0105g\u00f3w wi\u0119kszych ni\u017c naturalne rozmiary, przedstawiaj\u0105cych r\u00f3\u017cnych \u015bwi\u0119tych i m\u0119czennik\u00f3w. Ich tworzenie zaj\u0119\u0142o ponad dziesi\u0119\u0107 lat.<\/p>\n\n\n\n<p>Kolumnady zosta\u0142y zaprojektowane tak, by sprawia\u0107 wra\u017cenie go\u015bcinnych. Wed\u0142ug samego Berniniego mia\u0142y obejmowa\u0107 odwiedzaj\u0105cych w \u201ematczyne ramiona Ko\u015bcio\u0142a&#8221;.<\/p>\n\n\n\n<h3 class=\"wp-block-heading\">Basilica di San Pietro<\/h3>\n\n\n\n<p>Wizyta na Plac \u015awi\u0119tego Piotra nie jest kompletna bez wej\u015bcia do bazyliki, dla kt\u00f3rej plac zosta\u0142 stworzony. Basilica di San Pietro to nie tylko najwi\u0119kszy ko\u015bci\u00f3\u0142 na \u015bwiecie, lecz tak\u017ce siedziba Ko\u015bcio\u0142a katolickiego.<\/p>\n\n\n\n<figure><div class=\"ms-credits\">\n<img decoding=\"async\" class=\"gb-media-a12a0058\" alt=\"Kopu\u0142a Bazyliki \u015awi\u0119tego Piotra.\" src=\"https:\/\/www.rome.info\/wp-content\/uploads\/f-cupola-dome-of-st-peters-basilica.jpg\" title=\"Cupola Dome of St. Peter's Basilica\"\/>\n<span class='ms-credits__info' id='media822'>Pixabay LicenseBMeyendriesch\/<a href=https:\/\/pixabay.com\/photos\/building-church-sacred-building-6862617\/ rel='nofollow' target='_blank'>Pixabay<\/a><\/span><span class='ms-credits__btn' id='btn_media822' onclick='ms_credits_trigger(\"#media822\", this)'><svg xmlns=\"http:\/\/www.w3.org\/2000\/svg\" class=\"info_icon\" width=\"28\" height=\"28\" fill=\"#FFF\" viewBox=\"0 0 256 256\"><path d=\"M128,24A104,104,0,1,0,232,128,104.11,104.11,0,0,0,128,24Zm0,192a88,88,0,1,1,88-88A88.1,88.1,0,0,1,128,216Zm16-40a8,8,0,0,1-8,8,16,16,0,0,1-16-16V128a8,8,0,0,1,0-16,16,16,0,0,1,16,16v40A8,8,0,0,1,144,176ZM112,84a12,12,0,1,1,12,12A12,12,0,0,1,112,84Z\"><\/path><\/svg><svg xmlns=\"http:\/\/www.w3.org\/2000\/svg\" class=\"close_icon\" width=\"28\" height=\"28\" fill=\"#FFF\" viewBox=\"0 0 256 256\"><path d=\"M165.66,101.66,139.31,128l26.35,26.34a8,8,0,0,1-11.32,11.32L128,139.31l-26.34,26.35a8,8,0,0,1-11.32-11.32L116.69,128,90.34,101.66a8,8,0,0,1,11.32-11.32L128,116.69l26.34-26.35a8,8,0,0,1,11.32,11.32ZM232,128A104,104,0,1,1,128,24,104.11,104.11,0,0,1,232,128Zm-16,0a88,88,0,1,0-88,88A88.1,88.1,0,0,0,216,128Z\"><\/path><\/svg><\/span><\/div>\n\n\n<figcaption class=\"gb-text\">Wn\u0119trze Bazyliki \u015awi\u0119tego Piotra \u2014 widok na zapieraj\u0105c\u0105 dech w piersiach kopu\u0142\u0119 zaprojektowan\u0105 przez Micha\u0142a Anio\u0142a.<\/figcaption>\n<\/figure>\n\n\n\n<p>Cho\u0107 sama budowla jest niesamowitym dzie\u0142em sztuki, wn\u0119trze kryje kolejne arcydzie\u0142a architektury i sztuki \u2014 m.in. prace Rafaela i Micha\u0142a Anio\u0142a.&nbsp;<\/p>\n\n\n\n<p>Je\u015bli znajdziesz si\u0119 na placu w Wielkanoc, Bo\u017ce Narodzenie lub niekiedy w \u015brodowe poranki, mo\u017cesz zobaczy\u0107 papie\u017ca, kt\u00f3ry wychodzi na balkon fasady i macha do t\u0142umu.<\/p>\n\n\n\n<h2 class=\"wp-block-heading\">Jak dojecha\u0107<\/h2>\n\n\n\n<p>Plac \u015awi\u0119tego Piotra le\u017cy w Watykanie, na p\u00f3\u0142noc od centrum Rzymu. Mo\u017cna tu \u0142atwo dotrze\u0107 <a href=\"https:\/\/www.rome.info\/pl\/transport\/komunikacja-miejska\/\">komunikacj\u0105 miejsk\u0105<\/a>.<\/p>\n\n\n\n<ul class=\"wp-block-list\">\n<li><a href=\"https:\/\/www.rome.info\/pl\/transport\/komunikacja-miejska\/metro\/\">Metro:<\/a> Linia A \u2013 <em>Ottaviano-S. Pietro<\/em> lub <em>Cipro<\/em><\/li>\n\n\n\n<li><a href=\"https:\/\/www.rome.info\/pl\/transport\/komunikacja-miejska\/autobus\/\">Autobus:<\/a> Linie 40, 46, 64, 23, 98, 280, 881, 916 i 982 zatrzymuj\u0105 si\u0119 w pobli\u017cu.<\/li>\n\n\n\n<li><a href=\"https:\/\/www.rome.info\/pl\/transport\/komunikacja-miejska\/tramwaj\/\">Tramwaj:<\/a> 19 \u2013 <em>Piazza del Risorgimento<\/em><\/li>\n\n\n\n<li><a href=\"https:\/\/www.rome.info\/pl\/transport\/pociagi\/\">Poci\u0105g:<\/a> <em>San Pietro<\/em><\/li>\n<\/ul>\n\n\n\n<h2 class=\"wp-block-heading\">Mapa i adres (lokalizacja)<\/h2>\n\n\n\n<address class=\"wp-block-ms-blocks-staticmap ms-mapblock ms-mb-block\"><h4>St. Peter&#8217;s Square (Plac \u015awi\u0119tego Piotra)<\/h4><p class=\"ms-mb-0\"><img decoding=\"async\" class=\"ms-mapblock__map ms-rounded\" src=\"https:\/\/www.rome.info\/pl\/wp-content\/uploads\/sites\/12\/maps\/staticmap_41.9022309_12.4567302_14_600x400.png\" alt=\"Map of St. Peter's Square (Plac \u015awi\u0119tego Piotra)\"\/><\/p><p class=\"ms-text-sm ms-text-muted\">Plac \u015awi\u0119tego Piotra, 00120 Citt\u00e0 del Vaticano, Vatican City \u00b7 <a rel=\"nofollow noopener\" target=\"_blank\" href=\"https:\/\/maps.google.com\/?q=41.9022309,12.4567302\">Google Maps<\/a><\/p><\/address>\n\n\n\n<h2 class=\"wp-block-heading\">Czy wiedzia\u0142e\u015b? 5 ciekawostek<\/h2>\n\n\n\n<ol class=\"wp-block-list\">\n<li>Ten ogromny plac ma 320 m d\u0142ugo\u015bci i 240 m szeroko\u015bci \u2014 mo\u017ce pomie\u015bci\u0107 a\u017c 300 000 os\u00f3b.<\/li>\n\n\n\n<li>Obelisk w centrum placu to jedyny obelisk w Rzymie, kt\u00f3ry nie zosta\u0142 obalony od czas\u00f3w staro\u017cytnych.<\/li>\n\n\n\n<li>500-metrowa Via della Conciliazione \u0142\u0105cz\u0105ca Plac \u015awi\u0119tego Piotra z Zamkiem \u015awi\u0119tego Anio\u0142a (Castel Sant&#8217;Angelo) powsta\u0142a w latach 30. XX wieku z rozkazu faszystowskiego dyktatora Mussoliniego. Oferuje spektakularny, niezak\u0142\u00f3cony widok na ko\u015bci\u00f3\u0142, cho\u0107 przy jej budowie zburzono wiele historycznych budynk\u00f3w.<\/li>\n\n\n\n<li>Watykan ma w\u0142asny urz\u0105d pocztowy na placu, gdzie mo\u017cna wys\u0142a\u0107 list do bliskich ze specjalnym watykanem stemplem.<\/li>\n\n\n\n<li>Plac liczy \u0142\u0105cznie 284 kolumny i 88 pilastr\u00f3w.<\/li>\n<\/ol>\n\n\n\n<h2 class=\"wp-block-heading\">Historia<\/h2>\n\n\n\n<p>Plac \u015awi\u0119tego Piotra to jedno z najbardziej kultowych miejsc publicznych na \u015bwiecie, zaprojektowane tak, by otwiera\u0107 si\u0119 na odwiedzaj\u0105cych niczym ramiona Ko\u015bcio\u0142a katolickiego. Arcydzie\u0142o Berniniego tworzy dramatyczne podej\u015bcie do najwa\u017cniejszej bazyliki chrze\u015bcija\u0144stwa.<\/p>\n\n\n\n<div class=\"ms-timeline-list\">\n<div class=\"ms-timeline-item\">\n<p class=\"gb-text ms-timeline-item__time\">Wiek XVII<\/p>\n\n\n\n<p class=\"gb-text\">Papie\u017c Aleksander VII zleci\u0142 budow\u0119 nowego placu, by podkre\u015bli\u0107 wspania\u0142o\u015b\u0107 Bazyliki \u015awi\u0119tego Piotra i pomie\u015bci\u0107 du\u017ce t\u0142umy.<\/p>\n<\/div>\n\n\n\n<div class=\"ms-timeline-item\">\n<p class=\"gb-text ms-timeline-item__time\">1656-1667<\/p>\n\n\n\n<p class=\"gb-text\">Gian Lorenzo Bernini wzni\u00f3s\u0142 plac pod nadzorem papie\u017ca Aleksandra VII.<\/p>\n<\/div>\n\n\n\n<div class=\"ms-timeline-item\">\n<p class=\"gb-text ms-timeline-item__time\">1670<\/p>\n\n\n\n<p class=\"gb-text\">Uczniowie Berniniego kontynuowali prace, dodaj\u0105c pos\u0105gi \u015bwi\u0119tych na szczycie kolumnad.<\/p>\n<\/div>\n\n\n\n<div class=\"ms-timeline-item\">\n<p class=\"gb-text ms-timeline-item__time\">1675<\/p>\n\n\n\n<p class=\"gb-text\">Bernini wr\u00f3ci\u0142, by zbudowa\u0107 drug\u0105 fontann\u0119, wzorowan\u0105 na fontannie Carla Maderno z 1614 roku.<\/p>\n<\/div>\n\n\n\n<div class=\"ms-timeline-item\">\n<p class=\"gb-text ms-timeline-item__time\">1680<\/p>\n\n\n\n<p class=\"gb-text\">Bernini zmar\u0142 pi\u0119\u0107 lat po uko\u0144czeniu ostatnich prac na placu.<\/p>\n<\/div>\n\n\n\n<div class=\"ms-timeline-item\">\n<p class=\"gb-text ms-timeline-item__time\">Dzie\u0144 dzisiejszy<\/p>\n\n\n\n<p class=\"gb-text\">Plac co roku wita miliony pielgrzym\u00f3w i turyst\u00f3w i jest miejscem audiencji papieskich.<\/p>\n<\/div>\n<\/div>\n","protected":false},"excerpt":{"rendered":"<p>Odwied\u017a papie\u017ca na jednym z najs\u0142awniejszych plac\u00f3w \u015bwiata.<\/p>\n","protected":false},"author":9,"featured_media":488,"parent":0,"menu_order":12,"template":"","meta":{"_acf_changed":true,"button_url":"https:\/\/www.tiqets.com\/pl\/saint-peter's-square-l145161\/?partner=romeinfo","product_id":"","street_address":", ","city":"","country":"","postal_code":"00120","lattitude":"41.9022225","longitude":"12.4567283","rank_math_title":"Plac \u015awi\u0119tego Piotra (Piazza San Pietro): Przewodnik zwiedzaj\u0105cego %currentyear%","rank_math_description":"Zaplanuj wizyt\u0119 na Placu \u015awi\u0119tego Piotra w Watykanie. Kolumnada Berniniego, staro\u017cytny egipski obelisk i Bazylika \u015awi\u0119tego Piotra."},"attraction-types":[20,25],"producer":[37],"class_list":["post-303","attraction","type-attraction","status-publish","has-post-thumbnail","hentry","attraction-types-watykan","attraction-types-place"],"acf":[],"location_schema":{"product_id":"","street_address":", ","city":"","country":"","postal_code":"00120","lattitude":"41.9022225","longitude":"12.4567283"},"_links":{"self":[{"href":"https:\/\/www.rome.info\/pl\/wp-json\/wp\/v2\/attraction\/303","targetHints":{"allow":["GET"]}}],"collection":[{"href":"https:\/\/www.rome.info\/pl\/wp-json\/wp\/v2\/attraction"}],"about":[{"href":"https:\/\/www.rome.info\/pl\/wp-json\/wp\/v2\/types\/attraction"}],"author":[{"embeddable":true,"href":"https:\/\/www.rome.info\/pl\/wp-json\/wp\/v2\/users\/9"}],"wp:featuredmedia":[{"embeddable":true,"href":"https:\/\/www.rome.info\/pl\/wp-json\/wp\/v2\/media\/488"}],"wp:attachment":[{"href":"https:\/\/www.rome.info\/pl\/wp-json\/wp\/v2\/media?parent=303"}],"wp:term":[{"taxonomy":"attraction-types","embeddable":true,"href":"https:\/\/www.rome.info\/pl\/wp-json\/wp\/v2\/attraction-types?post=303"},{"taxonomy":"producer","embeddable":true,"href":"https:\/\/www.rome.info\/pl\/wp-json\/wp\/v2\/producer?post=303"}],"curies":[{"name":"wp","href":"https:\/\/api.w.org\/{rel}","templated":true}]}}