{"id":283,"date":"2026-04-27T19:05:38","date_gmt":"2026-04-27T17:05:38","guid":{"rendered":"https:\/\/www.rome.info\/pl\/?post_type=attraction&#038;p=283"},"modified":"2026-04-27T19:05:38","modified_gmt":"2026-04-27T17:05:38","slug":"oltarz-ojczyzny","status":"publish","type":"attraction","link":"https:\/\/www.rome.info\/pl\/atrakcje\/oltarz-ojczyzny\/","title":{"rendered":"O\u0142tarz Ojczyzny (Altare della Patria)"},"content":{"rendered":"\n<p>Jedni uwa\u017caj\u0105 O\u0142tarz Ojczyzny za pi\u0119kny i pouczaj\u0105cy, inni za pompatyczny i krzykliwy \u2014 jedno jest pewne: to miejsce, kt\u00f3rego nie mo\u017cesz pomin\u0105\u0107. Przyjd\u017a i wyrobij sobie w\u0142asn\u0105 opini\u0119 o jednym z nowszych pomnik\u00f3w Rzymu.<\/p>\n\n\n\n<p>Jako tutejszy wychowa\u0142em si\u0119, s\u0142ysz\u0105c, jak moi rodzice i dziadkowie opisywali Altare della Patria jako brzydkie i twierdzili, \u017ce doceniaj\u0105 go tylko tury\u015bci. Mimo to osobi\u015bcie fascynowa\u0142 mnie ten ogromny bia\u0142y pomnik w samym sercu Piazza Venezia.<\/p>\n\n\n<div class=\"ms-credits\">\n<img decoding=\"async\" class=\"gb-media-86e8afa9\" src=\"https:\/\/www.rome.info\/wp-content\/uploads\/vittorio-emanuele-ii-monument-rome-1745814624.jpg\" alt=\"Monument Wiktora Emanuela II w Rzymie z okaza\u0142\u0105 bia\u0142\u0105 marmurow\u0105 fasad\u0105, w\u0142oskimi flagami i pos\u0105giem konnym pod b\u0142\u0119kitnym niebem.\" title=\"vittorio-emanuele-ii-monument-rome-1745814624\" \/>\n<span class='ms-credits__info' id='media2553'>Unsplash LicenseJoshi Milestoner\/<a href=https:\/\/unsplash.com\/photos\/a-large-building-with-a-lot-of-cars-parked-in-front-of-it-0qkPbsz688I rel='nofollow' target='_blank'>Unsplash<\/a><\/span><span class='ms-credits__btn' id='btn_media2553' onclick='ms_credits_trigger(\"#media2553\", this)'><svg xmlns=\"http:\/\/www.w3.org\/2000\/svg\" class=\"info_icon\" width=\"28\" height=\"28\" fill=\"#FFF\" viewBox=\"0 0 256 256\"><path d=\"M128,24A104,104,0,1,0,232,128,104.11,104.11,0,0,0,128,24Zm0,192a88,88,0,1,1,88-88A88.1,88.1,0,0,1,128,216Zm16-40a8,8,0,0,1-8,8,16,16,0,0,1-16-16V128a8,8,0,0,1,0-16,16,16,0,0,1,16,16v40A8,8,0,0,1,144,176ZM112,84a12,12,0,1,1,12,12A12,12,0,0,1,112,84Z\"><\/path><\/svg><svg xmlns=\"http:\/\/www.w3.org\/2000\/svg\" class=\"close_icon\" width=\"28\" height=\"28\" fill=\"#FFF\" viewBox=\"0 0 256 256\"><path d=\"M165.66,101.66,139.31,128l26.35,26.34a8,8,0,0,1-11.32,11.32L128,139.31l-26.34,26.35a8,8,0,0,1-11.32-11.32L116.69,128,90.34,101.66a8,8,0,0,1,11.32-11.32L128,116.69l26.34-26.35a8,8,0,0,1,11.32,11.32ZM232,128A104,104,0,1,1,128,24,104.11,104.11,0,0,1,232,128Zm-16,0a88,88,0,1,0-88,88A88.1,88.1,0,0,0,216,128Z\"><\/path><\/svg><\/span><\/div>\n\n\n<h2 class=\"wp-block-heading\">Historia i znaczenie O\u0142tarza Ojczyzny<\/h2>\n\n\n\n<p>Altare della Patria to po polsku O\u0142tarz Ojczyzny. Jest to nazwa nadana Monumento Nazionale a Vittorio Emanuele II, znanaemu te\u017c jako kompleks Vittoriano.<\/p>\n\n\n\n<p>Kompleks obejmuje:<\/p>\n\n\n\n<ul class=\"wp-block-list\">\n<li>Monument Wiktora Emanuela II<\/li>\n\n\n\n<li>Gr\u00f3b Nieznanego \u017bo\u0142nierza (Tomba del Milite Ignoto).&nbsp;<\/li>\n\n\n\n<li><a href=\"https:\/\/www.rome.info\/attractions\/venezia-palace\/\" data-type=\"link\" data-id=\"https:\/\/www.rome.info\/attractions\/venezia-palace\/\">Palazzo Venezia<\/a> i jego muzeum<\/li>\n\n\n\n<li>Muzeum Risorgimento<\/li>\n\n\n\n<li>Ogrody Palazzo Venezia<\/li>\n<\/ul>\n\n\n\n<p>Budow\u0119 monumentu rozpocz\u0119to w 1885 roku, a uko\u0144czono w 1935. Oficjalnie inaugurowano go jednak i udost\u0119pniono publicznie w 1911 roku, podczas obchod\u00f3w pi\u0119\u0107dziesi\u0119ciolecia zjednoczenia W\u0142och.<\/p>\n\n\n\n<p>W\u0142ochy by\u0142y zbiorem mniejszych pa\u0144stw a\u017c do 1868 roku, kiedy sta\u0142y si\u0119 jednym krajem. W 1885 roku, po \u015bmierci Wiktora Emanuela II \u2014 pierwszego kr\u00f3la zjednoczonych W\u0142och \u2014 architekt Giuseppe Sacconi rozpocz\u0105\u0142 budow\u0119 tego wspania\u0142ego kompleksu.<\/p>\n\n\n\n<p>Decyzja o wzniesieniu go przy ko\u0144cu Via dei Fori Imperiali odzwierciedla ch\u0119\u0107 nawi\u0105zania \u0142\u0105czno\u015bci mi\u0119dzy staro\u017cytnym a nowoczesnym Rzymem i symbolizuje, \u017ce zjednoczenie W\u0142och by\u0142o prze\u0142omowym momentem w historii tego kraju.<\/p>\n\n\n\n<h2 class=\"wp-block-heading\">Wszyscy kochaj\u0105 O\u0142tarz Ojczyzny \u2014 z wyj\u0105tkiem Rzymian<\/h2>\n\n\n\n<p>Na pami\u0105tk\u0119 Wiktora Emanuela II i zjednoczenia W\u0142och wyburzono wiele budynk\u00f3w i wzniesiono ogromny monument, zas\u0142aniaj\u0105cy widok na <a href=\"https:\/\/www.rome.info\/pl\/atrakcje\/forum-romanum\/\">Forum Romanum<\/a> i <a href=\"https:\/\/www.rome.info\/pl\/atrakcje\/koloseum\/\">Koloseum<\/a> z <a href=\"https:\/\/www.rome.info\/pl\/atrakcje\/piazza-venezia\/\" data-type=\"link\" data-id=\"https:\/\/www.rome.info\/pl\/atrakcje\/piazza-venezia\/\">Piazza Venezia<\/a>. W jego miejscu stan\u0105\u0142 majestatyczny monument z bia\u0142ego marmuru, kt\u00f3rego styl razi swoj\u0105 odmienno\u015bci\u0105 od staro\u017cytnych budowli. I to w\u0142a\u015bnie dlatego moja rodzina nazywa\u0142a go brzydkim.<\/p>\n\n\n\n<h2 class=\"wp-block-heading\">Mapa i wskaz\u00f3wki dojazdu (lokalizacja)<\/h2>\n\n\n\n<p>O\u0142tarz Ojczyzny (Altare della Patria) stoi na Piazza Venezia, ruchliwym placu w samym centrum Rzymu.&nbsp; Jest w odleg\u0142o\u015bci spaceru od wielu wa\u017cnych miejsc, takich jak <a href=\"https:\/\/www.rome.info\/pl\/atrakcje\/koloseum\/\">Koloseum<\/a> i <a href=\"https:\/\/www.rome.info\/pl\/atrakcje\/forum-romanum\/\">Forum Romanum<\/a>. \u0141atwo dotrze\u0107 tu komunikacj\u0105 miejsk\u0105.<\/p>\n\n\n\n<ul class=\"wp-block-list\">\n<li><a href=\"https:\/\/www.rome.info\/pl\/transport\/komunikacja-miejska\/metro\/\">Metro<\/a>: \n<ul class=\"wp-block-list\">\n<li>Linia A \u2013 Barberini (15 min.)<\/li>\n\n\n\n<li>Linia B \u2013 Colosseo (12 min.)<\/li>\n<\/ul>\n<\/li>\n\n\n\n<li><a href=\"https:\/\/www.rome.info\/pl\/transport\/komunikacja-miejska\/tramwaj\/\">Tramwaj<\/a>: Linia 8 ma przystanek ko\u0144cowy przy <a href=\"https:\/\/www.rome.info\/pl\/atrakcje\/piazza-venezia\/\">Piazza Venezia<\/a>, tu\u017c naprzeciwko monumentu.<\/li>\n\n\n\n<li><a href=\"https:\/\/www.rome.info\/pl\/transport\/komunikacja-miejska\/autobus\/\">Autobus<\/a>: Linie 40, 44, 63, 64, 70, 75, 81, 84, 87, 95, 160, 170, 204, 628, 630, 716, 780 i 810 zatrzymuj\u0105 si\u0119 przy Piazza Venezia lub w jej pobli\u017cu.<\/li>\n<\/ul>\n\n\n\n<p>G\u0142\u00f3wne przystanki, kt\u00f3rych szukasz:<\/p>\n\n\n\n<ul class=\"wp-block-list\">\n<li>Przed Palazzo Venezia<\/li>\n\n\n\n<li>Na Piazza San Marco<\/li>\n<\/ul>\n\n\n\n<address class=\"ms-mapblock ms-mb-block\">\n\t\n\t\t<h4>\n\t\t\tAltare della Patria\t\t<\/h2>\n\n\t\t<p class=\"ms-mb-0\">\n            <img decoding=\"async\" class=\"ms-mapblock__map ms-rounded\" src=\"https:\/\/www.rome.info\/pl\/wp-content\/uploads\/sites\/12\/maps\/staticmap_41.8945976_12.4831269_14_768x432.png\" alt=\"Altare della Patria\" \/>\n\t\t<\/p>\n\n\t\t<p class=\"ms-text-sm ms-text-muted\">\n\t\t\tPiazza Venezia, 00186 Roma RM, Italy \u00b7\n\t\t\t<a rel=\"nofollow noopener\" target=\"_blank\" href=\"https:\/\/maps.google.com\/?q=41.8945976,12.4831269\">Google Maps<\/a>\n\t\t<\/p>\n\n\t<\/address>\n\n\n<p><em>Przystanek autobusowy przy Piazza San Marco<\/em><\/p>\n\n\n\n<p>Jak zawsze, na O\u0142tarz Ojczyzny mo\u017cesz dotrze\u0107 te\u017c <a href=\"https:\/\/www.rome.info\/pl\/transport\/taksowka\/\">taks\u00f3wk\u0105<\/a>, <a href=\"https:\/\/www.rome.info\/pl\/wycieczki\/segway\/\">wypo\u017cyczonym skuterem<\/a> lub <a href=\"https:\/\/www.rome.info\/tours\/bike\/\">rowerem<\/a>.&nbsp;<\/p>\n\n\n\n<p>Odradzam jazd\u0119 w\u0142asnym samochodem: nawet je\u015bli tw\u00f3j samoch\u00f3d ma dost\u0119p do ZTL (strefy ograniczonego ruchu), parking w ca\u0142ej okolicy jest mocno ograniczony i nie jest dozwolony na Piazza Venezia ani na okolicznych ulicach.<\/p>\n\n\n\n<h2 class=\"wp-block-heading\">Co zobaczy\u0107 i robi\u0107 (zdj\u0119cia)<\/h2>\n\n\n\n<h3 class=\"wp-block-heading\">O\u0142tarz Ojczyzny: Vittoriano<\/h3>\n\n\n\n<figure><div class=\"ms-credits\">\n<img decoding=\"async\" class=\"gb-media-c5f384d9\" src=\"https:\/\/www.rome.info\/wp-content\/uploads\/rome-cityscape-vittorio-emanuele-ii-view-1745814779.jpg\" alt=\"Kolorowa panorama Rzymu widziana z O\u0142tarza Ojczyzny z historycznymi kopulastymi ko\u015bcio\u0142ami i barwnymi dachami.\" title=\"rome-cityscape-vittorio-emanuele-ii-view-1745814779\" \/>\n<span class='ms-credits__info' id='media2554'><svg xmlns=\"http:\/\/www.w3.org\/2000\/svg\" width=\"20\" height=\"22\" fill=\"#000000\" viewBox=\"0 0 256 256\"><path d=\"M128,24A104,104,0,1,0,232,128,104.11,104.11,0,0,0,128,24Zm0,192a88,88,0,1,1,88-88A88.1,88.1,0,0,1,128,216ZM96,128a32,32,0,0,0,57.6,19.2,8,8,0,0,1,12.8,9.61,48,48,0,1,1,0-57.62,8,8,0,0,1-12.8,9.61A32,32,0,0,0,96,128Z\"><\/path><\/svg>olgacov\/<a href=https:\/\/depositphotos.com\/photo\/ancient-trajan-forum-in-rome-italy-169438796.html rel='nofollow' target='_blank'>Depositphotos<\/a><\/span><span class='ms-credits__btn' id='btn_media2554' onclick='ms_credits_trigger(\"#media2554\", this)'><svg xmlns=\"http:\/\/www.w3.org\/2000\/svg\" class=\"info_icon\" width=\"28\" height=\"28\" fill=\"#FFF\" viewBox=\"0 0 256 256\"><path d=\"M128,24A104,104,0,1,0,232,128,104.11,104.11,0,0,0,128,24Zm0,192a88,88,0,1,1,88-88A88.1,88.1,0,0,1,128,216Zm16-40a8,8,0,0,1-8,8,16,16,0,0,1-16-16V128a8,8,0,0,1,0-16,16,16,0,0,1,16,16v40A8,8,0,0,1,144,176ZM112,84a12,12,0,1,1,12,12A12,12,0,0,1,112,84Z\"><\/path><\/svg><svg xmlns=\"http:\/\/www.w3.org\/2000\/svg\" class=\"close_icon\" width=\"28\" height=\"28\" fill=\"#FFF\" viewBox=\"0 0 256 256\"><path d=\"M165.66,101.66,139.31,128l26.35,26.34a8,8,0,0,1-11.32,11.32L128,139.31l-26.34,26.35a8,8,0,0,1-11.32-11.32L116.69,128,90.34,101.66a8,8,0,0,1,11.32-11.32L128,116.69l26.34-26.35a8,8,0,0,1,11.32,11.32ZM232,128A104,104,0,1,1,128,24,104.11,104.11,0,0,1,232,128Zm-16,0a88,88,0,1,0-88,88A88.1,88.1,0,0,0,216,128Z\"><\/path><\/svg><\/span><\/div>\n\n\n<figcaption class=\"gb-text\">Kolorowy widok na Piazza Venezia ze schod\u00f3w Monumentu Wiktora Emanuela II.<\/figcaption>\n<\/figure>\n\n\n\n<p>Wizyta w O\u0142tarzu Ojczyzny obejmuje zwiedzanie ca\u0142ego kompleksu Vittoriano i Palazzo Venezia.<\/p>\n\n\n\n<p>Wst\u0119p do Vittoriano jest bezp\u0142atny i zdecydowanie wart wizyty. Dlaczego? Bo oferuje zapieraj\u0105ce dech widoki na staro\u017cytny Rzym z g\u00f3ry.<\/p>\n\n\n\n<p>Kompleks sk\u0142ada si\u0119 z kilku poziom\u00f3w, do kt\u00f3rych mo\u017cna dosta\u0107 si\u0119 wchodz\u0105c po schodach. Przygotuj si\u0119 na troch\u0119 ruchu, a latem unikaj wchodzenia w \u015brodku dnia \u2014 nie ma tam cienia.<\/p>\n\n\n\n<p>Alternatywnie mo\u017cesz wjecha\u0107 wind\u0105 na Taras W\u0142och \u2014 jest on zawsze uwzgl\u0119dniony w wycieczkach z przewodnikiem po kompleksie.<\/p>\n\n\n\n<h3 class=\"wp-block-heading\">O\u0142tarz Ojczyzny: Gr\u00f3b Nieznanego \u017bo\u0142nierza<\/h3>\n\n\n\n<figure><div class=\"ms-credits\">\n<img decoding=\"async\" class=\"gb-media-6c6cfc45\" src=\"https:\/\/www.rome.info\/wp-content\/uploads\/vittorio-emanuele-ii-tomb-unknown-soldier-1745815265.jpg\" alt=\"Gr\u00f3b Nieznanego \u017bo\u0142nierza przy Monumencie Wiktora Emanuela II w Rzymie, strze\u017cony przez dw\u00f3ch \u017co\u0142nierzy w bia\u0142ych mundurach.\" title=\"vittorio-emanuele-ii-tomb-unknown-soldier-1745815265\" \/>\n<span class='ms-credits__info' id='media2555'><svg xmlns=\"http:\/\/www.w3.org\/2000\/svg\" width=\"20\" height=\"22\" fill=\"#000000\" viewBox=\"0 0 256 256\"><path d=\"M128,24A104,104,0,1,0,232,128,104.11,104.11,0,0,0,128,24Zm0,192a88,88,0,1,1,88-88A88.1,88.1,0,0,1,128,216ZM96,128a32,32,0,0,0,57.6,19.2,8,8,0,0,1,12.8,9.61,48,48,0,1,1,0-57.62,8,8,0,0,1-12.8,9.61A32,32,0,0,0,96,128Z\"><\/path><\/svg>pio3\/<a href=https:\/\/depositphotos.com\/editorial\/rome-september-13-soldier-guarding-altar-of-the-fatherland-14178396.html rel='nofollow' target='_blank'>Depositphotos<\/a><\/span><span class='ms-credits__btn' id='btn_media2555' onclick='ms_credits_trigger(\"#media2555\", this)'><svg xmlns=\"http:\/\/www.w3.org\/2000\/svg\" class=\"info_icon\" width=\"28\" height=\"28\" fill=\"#FFF\" viewBox=\"0 0 256 256\"><path d=\"M128,24A104,104,0,1,0,232,128,104.11,104.11,0,0,0,128,24Zm0,192a88,88,0,1,1,88-88A88.1,88.1,0,0,1,128,216Zm16-40a8,8,0,0,1-8,8,16,16,0,0,1-16-16V128a8,8,0,0,1,0-16,16,16,0,0,1,16,16v40A8,8,0,0,1,144,176ZM112,84a12,12,0,1,1,12,12A12,12,0,0,1,112,84Z\"><\/path><\/svg><svg xmlns=\"http:\/\/www.w3.org\/2000\/svg\" class=\"close_icon\" width=\"28\" height=\"28\" fill=\"#FFF\" viewBox=\"0 0 256 256\"><path d=\"M165.66,101.66,139.31,128l26.35,26.34a8,8,0,0,1-11.32,11.32L128,139.31l-26.34,26.35a8,8,0,0,1-11.32-11.32L116.69,128,90.34,101.66a8,8,0,0,1,11.32-11.32L128,116.69l26.34-26.35a8,8,0,0,1,11.32,11.32ZM232,128A104,104,0,1,1,128,24,104.11,104.11,0,0,1,232,128Zm-16,0a88,88,0,1,0-88,88A88.1,88.1,0,0,0,216,128Z\"><\/path><\/svg><\/span><\/div>\n\n\n<figcaption class=\"gb-text\">Gr\u00f3b Nieznanego \u017bo\u0142nierza przy Monumencie Wiktora Emanuela II.<\/figcaption>\n<\/figure>\n\n\n\n<p><em>Monumento al Milite Ignoto<\/em> (Monument Nieznanego \u017bo\u0142nierza) zawiera szcz\u0105tki niezidentyfikowanego \u017co\u0142nierza, kt\u00f3ry symbolizuje wszystkich poleg\u0142ych w I wojnie \u015bwiatowej, kt\u00f3rych imiona pozostaj\u0105 nieznane. Przy grobie p\u0142onie wieczny ogie\u0144 strze\u017cony przez dw\u00f3ch w\u0142oskich \u017co\u0142nierzy \u2014 symbol wiecznej pami\u0119ci tych, kt\u00f3rzy oddali \u017cycie za ojczyzn\u0119.<\/p>\n\n\n\n<h3 class=\"wp-block-heading\">Palazzo Venezia<\/h3>\n\n\n<div class=\"ms-credits\">\n<img decoding=\"async\" class=\"gb-media-27c12598\" alt=\"\" src=\"https:\/\/www.rome.info\/wp-content\/uploads\/palazzo-venezia-exterior-1746686653.jpg\" title=\"palazzo-venezia-exterior-1746686653\" \/>\n<span class='ms-credits__info' id='media2685'><svg viewBox=\"0 0 24 24\" fill=\"none\" xmlns=\"http:\/\/www.w3.org\/2000\/svg\" width=\"20\" height=\"22\"><g stroke-width=\"0\"><\/g><g stroke-linecap=\"round\" stroke-linejoin=\"round\"><\/g><g id=\"SVGRepo_iconCarrier\"> <path d=\"M12 22C6.48 22 2 17.52 2 12C2 6.48 6.48 2 12 2C17.52 2 22 6.48 22 12C22 17.52 17.52 22 12 22Z\" stroke=\"#000\" stroke-width=\"1.5\" stroke-linecap=\"round\" stroke-linejoin=\"round\"><\/path> <path d=\"M10.88 14.1499C10.37 14.5899 9.70999 14.8699 8.98999 14.8699C7.40999 14.8699 6.12 13.5899 6.12 11.9999C6.12 10.4099 7.39999 9.12988 8.98999 9.12988C9.71999 9.12988 10.38 9.39985 10.88 9.84985\" stroke=\"#000\" stroke-width=\"1.5\" stroke-linecap=\"round\" stroke-linejoin=\"round\"><\/path> <path d=\"M17.88 14.1499C17.37 14.5899 16.71 14.8699 15.99 14.8699C14.41 14.8699 13.12 13.5899 13.12 11.9999C13.12 10.4099 14.4 9.12988 15.99 9.12988C16.72 9.12988 17.38 9.39985 17.88 9.84985\" stroke=\"#000\" stroke-width=\"1.5\" stroke-linecap=\"round\" stroke-linejoin=\"round\"><\/path> <\/g><\/svg> BY-NC-SA 2.0 GenericGrotevriendelijkereus\/<a href=https:\/\/www.flickr.com\/photos\/johanbakker\/18575395748\/ rel='nofollow' target='_blank'>Flickr<\/a><\/span><span class='ms-credits__btn' id='btn_media2685' onclick='ms_credits_trigger(\"#media2685\", this)'><svg xmlns=\"http:\/\/www.w3.org\/2000\/svg\" class=\"info_icon\" width=\"28\" height=\"28\" fill=\"#FFF\" viewBox=\"0 0 256 256\"><path d=\"M128,24A104,104,0,1,0,232,128,104.11,104.11,0,0,0,128,24Zm0,192a88,88,0,1,1,88-88A88.1,88.1,0,0,1,128,216Zm16-40a8,8,0,0,1-8,8,16,16,0,0,1-16-16V128a8,8,0,0,1,0-16,16,16,0,0,1,16,16v40A8,8,0,0,1,144,176ZM112,84a12,12,0,1,1,12,12A12,12,0,0,1,112,84Z\"><\/path><\/svg><svg xmlns=\"http:\/\/www.w3.org\/2000\/svg\" class=\"close_icon\" width=\"28\" height=\"28\" fill=\"#FFF\" viewBox=\"0 0 256 256\"><path d=\"M165.66,101.66,139.31,128l26.35,26.34a8,8,0,0,1-11.32,11.32L128,139.31l-26.34,26.35a8,8,0,0,1-11.32-11.32L116.69,128,90.34,101.66a8,8,0,0,1,11.32-11.32L128,116.69l26.34-26.35a8,8,0,0,1,11.32,11.32ZM232,128A104,104,0,1,1,128,24,104.11,104.11,0,0,1,232,128Zm-16,0a88,88,0,1,0-88,88A88.1,88.1,0,0,0,216,128Z\"><\/path><\/svg><\/span><\/div>\n\n\n<p>Palazzo Venezia by\u0142o \u015bwiadkiem wzlot\u00f3w i upadk\u00f3w imperi\u00f3w. Zbudowane pierwotnie w XV wieku z trawertyna pozyskanego z Koloseum i Teatru Marcellusa, s\u0142u\u017cy\u0142o niegdy\u015b jako rezydencja papieska.&nbsp;<\/p>\n\n\n\n<p>Pa\u0142ac pozostawa\u0142 w\u0142asno\u015bci\u0105 papiesk\u0105 do 1564 roku, gdy przekazano go Republice Weneckiej, kt\u00f3ra urz\u0105dzi\u0142a w nim swoj\u0105 ambasad\u0119. St\u0105d do dzi\u015b nosi nazw\u0119 Palazzo Venezia.<\/p>\n\n\n\n<p>P\u00f3\u017aniej sta\u0142 si\u0119 siedzib\u0105 Mussoliniego w czasach jego faszystowskiego re\u017cimu. Dzi\u015b mie\u015bci Narodowe Muzeum Palazzo Venezia i jest siedzib\u0105 Narodowego Instytutu Archeologii i Historii Sztuki (INASA), w tym wa\u017cnej biblioteki archeologii i historii sztuki.<\/p>\n\n\n\n<h3 class=\"wp-block-heading\">Ogrody Palazzo Venezia<\/h3>\n\n\n\n<p>Wst\u0119p do ma\u0142ych ogrod\u00f3w Palazzo Venezia jest bezp\u0142atny. Mo\u017cna wej\u015b\u0107 od:<\/p>\n\n\n\n<ul class=\"wp-block-list\">\n<li>Piazza San Marco&nbsp;<\/li>\n\n\n\n<li>Via del Plebiscito<\/li>\n<\/ul>\n\n\n\n<p>S\u0105 zazwyczaj spokojne i idealne do relaksu po zwiedzeniu muze\u00f3w.<\/p>\n\n\n\n<h2 class=\"wp-block-heading\">Bilety, godziny otwarcia i wst\u0119p<\/h2>\n\n\n\n<ul class=\"wp-block-list\">\n<li><strong><a href=\"https:\/\/www.tiqets.com\/pl\/rome-attractions-c71631\/tickets-for-palazzo-venezia-vittoriano-monument-risorgimento-museum-p1023203\/?partner=romeinfo\" rel=\"nofollow noopener\">Bilet z rezerwacj\u0105<\/a><\/strong> \u2014 ten bilet zapewnia wst\u0119p do Muzeum Palazzo Venezia, Muzeum Risorgimento i na panoramiczn\u0105 wind\u0119.<\/li>\n\n\n\n<li>Bilet \u0142\u0105czony jest wa\u017cny przez 7 dni.<\/li>\n\n\n\n<li>Standardowy bilet normalny (dla zwiedzaj\u0105cych mi\u0119dzy 18. a 25. rokiem \u017cycia).<\/li>\n\n\n\n<li>Bezp\u0142atny wst\u0119p przys\u0142uguje w pierwsz\u0105 niedziel\u0119 miesi\u0105ca \u2014 darmowy bilet jest wa\u017cny tylko na wst\u0119p jednorazowy (nie przez 7 dni).<\/li>\n\n\n\n<li>Bilet normalny \u2014 przeznaczony dla wszystkich doros\u0142ych powy\u017cej 18. roku \u017cycia.<\/li>\n\n\n\n<li>Bilet ulgowy \u2014 przeznaczony dla m\u0142odzie\u017cy poni\u017cej 18. roku \u017cycia i senior\u00f3w powy\u017cej 65. roku \u017cycia.<\/li>\n\n\n\n<li>O\u0142tarz Ojczyzny jest czynny codziennie od 9:30 do 16:30.&nbsp;<\/li>\n\n\n\n<li>Palazzo Venezia zamyka si\u0119 o 18:30.<\/li>\n<\/ul>\n\n\n\n<p>Mo\u017cesz kupi\u0107 wygodny bilet \u0142\u0105czony online obejmuj\u0105cy wszystko albo zwiedza\u0107 poszczeg\u00f3lne cz\u0119\u015bci osobno. Dost\u0119pne s\u0105 te\u017c wycieczki z przewodnikiem po O\u0142tarzu Ojczyzny \u2014 to prawdopodobnie najlepsza opcja, je\u015bli jeste\u015b w Rzymie po raz pierwszy, bo masz szans\u0119 dowiedzie\u0107 si\u0119 wi\u0119cej o miejscu i jego historii.<\/p>\n\n\n\n<p>Cho\u0107 wst\u0119p na teren monumentu i do znajduj\u0105cego si\u0119 w nim muzeum jest bezp\u0142atny, korzystanie ze szklanej windy na panoramiczny taras na szczycie wi\u0105\u017ce si\u0119 z niewielk\u0105 op\u0142at\u0105. Wszystkie atrakcje s\u0105 oddzielne i mo\u017cna mi\u0119dzy nimi przej\u015b\u0107 pieszo, wi\u0119c mo\u017cesz sam zdecydowa\u0107, co zobaczy\u0107 najpierw, i zwiedza\u0107 kompleks we w\u0142asnym tempie.<\/p>\n\n\n\n<p>Vittoriano i Ogrody Palazzo Venezia mo\u017cna zwiedza\u0107 bezp\u0142atnie.<\/p>\n\n\n\n<h2 class=\"wp-block-heading\">Udogodnienia<\/h2>\n\n\n\n<p>Na szczycie O\u0142tarza Ojczyzny znajduje si\u0119 urokliwy bar na tarasie z niesamowitym widokiem na Forum Romanum \u2014 zdecydowanie warto si\u0119 tu zatrzyma\u0107.<\/p>\n\n\n\n<figure><div class=\"ms-credits\">\n<img decoding=\"async\" class=\"gb-media-6df6185b\" src=\"https:\/\/www.rome.info\/wp-content\/uploads\/rome-panoramic-view-altar-of-the-fatherland-1745816188.jpg\" alt=\"Panoramiczny widok Rzymu z tarasu O\u0142tarza Ojczyzny.\" title=\"rome-panoramic-view-altar-of-the-fatherland-1745816188\" \/>\n<span class='ms-credits__info' id='media2556'><svg xmlns=\"http:\/\/www.w3.org\/2000\/svg\" width=\"20\" height=\"22\" fill=\"#000000\" viewBox=\"0 0 256 256\"><path d=\"M128,24A104,104,0,1,0,232,128,104.11,104.11,0,0,0,128,24Zm0,192a88,88,0,1,1,88-88A88.1,88.1,0,0,1,128,216ZM96,128a32,32,0,0,0,57.6,19.2,8,8,0,0,1,12.8,9.61,48,48,0,1,1,0-57.62,8,8,0,0,1-12.8,9.61A32,32,0,0,0,96,128Z\"><\/path><\/svg>paolosavegnago.gmail.com\/<a href=https:\/\/depositphotos.com\/photo\/rome-panorama-city-terrace-altar-fatherland-monument-vittorio-emanuele-piazza-474702280.html rel='nofollow' target='_blank'>Depositphotos<\/a><\/span><span class='ms-credits__btn' id='btn_media2556' onclick='ms_credits_trigger(\"#media2556\", this)'><svg xmlns=\"http:\/\/www.w3.org\/2000\/svg\" class=\"info_icon\" width=\"28\" height=\"28\" fill=\"#FFF\" viewBox=\"0 0 256 256\"><path d=\"M128,24A104,104,0,1,0,232,128,104.11,104.11,0,0,0,128,24Zm0,192a88,88,0,1,1,88-88A88.1,88.1,0,0,1,128,216Zm16-40a8,8,0,0,1-8,8,16,16,0,0,1-16-16V128a8,8,0,0,1,0-16,16,16,0,0,1,16,16v40A8,8,0,0,1,144,176ZM112,84a12,12,0,1,1,12,12A12,12,0,0,1,112,84Z\"><\/path><\/svg><svg xmlns=\"http:\/\/www.w3.org\/2000\/svg\" class=\"close_icon\" width=\"28\" height=\"28\" fill=\"#FFF\" viewBox=\"0 0 256 256\"><path d=\"M165.66,101.66,139.31,128l26.35,26.34a8,8,0,0,1-11.32,11.32L128,139.31l-26.34,26.35a8,8,0,0,1-11.32-11.32L116.69,128,90.34,101.66a8,8,0,0,1,11.32-11.32L128,116.69l26.34-26.35a8,8,0,0,1,11.32,11.32ZM232,128A104,104,0,1,1,128,24,104.11,104.11,0,0,1,232,128Zm-16,0a88,88,0,1,0-88,88A88.1,88.1,0,0,0,216,128Z\"><\/path><\/svg><\/span><\/div>\n\n\n<figcaption class=\"gb-text\">Panoramiczny widok Rzymu z tarasu.<\/figcaption>\n<\/figure>\n\n\n\n<p>Wewn\u0105trz muze\u00f3w znajdziesz bezp\u0142atne toalety.<\/p>\n\n\n\n<h2 class=\"wp-block-heading\">Co robi\u0107 po wizycie w O\u0142tarzu Ojczyzny<\/h2>\n\n\n\n<p>W okolicy jest bardzo wiele do robienia.<\/p>\n\n\n\n<h3 class=\"wp-block-heading\">Via del Corso<\/h3>\n\n\n\n<p>Ruszaj na Via del Corso po zakupy. Znajdziesz tu wiele luksusowych butik\u00f3w i sieci\u00f3wek high street do eksploracji.<\/p>\n\n\n\n<h3 class=\"wp-block-heading ms-link-unstyled\"><a href=\"https:\/\/www.rome.info\/pl\/atrakcje\/panteon\/\">Panteon<\/a><\/h3>\n\n\n\n<p>Odwied\u017a Panteon \u2014 jeden z najstarszych ko\u015bcio\u0142\u00f3w Rzymu.<\/p>\n\n\n\n<h3 class=\"wp-block-heading\">Largo Argentina<\/h3>\n\n\n\n<p>Largo Argentina, w odleg\u0142o\u015bci spaceru, skrywa w centrum ruiny staro\u017cytnych \u015bwi\u0105ty\u0144 rzymskich. Mieszka tu s\u0142ynna kolonia kot\u00f3w, kt\u00f3rymi opiekuj\u0105 si\u0119 wolontariusze. Na Largo Argentina znajdziesz te\u017c La Feltrinelli \u2014 znane ksi\u0119garnie z szerokim wyborem ksi\u0105\u017cek w r\u00f3\u017cnych j\u0119zykach.<\/p>\n\n\n\n<h3 class=\"wp-block-heading ms-link-unstyled\"><a href=\"https:\/\/www.rome.info\/pl\/atrakcje\/fontanna-di-trevi\/\">Fontanna di Trevi<\/a><\/h3>\n\n\n\n<p>Jedna z najbardziej spektakularnych fontann barokowego Rzymu \u2014 t\u0142oczna przez ca\u0142y dzie\u0144, ale zdecydowanie warta wizyty. Kiedy tu jeste\u015b, odwr\u00f3\u0107 si\u0119 plecami do fontanny i wrzu\u0107 monet\u0119. Wed\u0142ug tradycji zapewnia to powr\u00f3t do Rzymu!<\/p>\n\n\n\n<h3 class=\"wp-block-heading ms-link-unstyled\"><a href=\"https:\/\/www.rome.info\/pl\/atrakcje\/muzea-kapitolinskie\/\">Muzea Kapitoli\u0144skie<\/a><\/h3>\n\n\n\n<p>Muzea Kapitoli\u0144skie le\u017c\u0105 na szczycie Wzg\u00f3rza Kapitoli\u0144skiego. Odwied\u017a je, \u017ceby zobaczy\u0107 bogat\u0105 kolekcj\u0119 staro\u017cytnej sztuki rzymskiej i skorzystaj z zapieraj\u0105cego dech widoku na Forum Romanum z ich okien.<\/p>\n\n\n\n<h3 class=\"wp-block-heading ms-link-unstyled\"><a href=\"https:\/\/www.rome.info\/pl\/atrakcje\/koloseum\/\">Koloseum<\/a> i <a href=\"https:\/\/www.rome.info\/pl\/atrakcje\/forum-romanum\/\">Forum Romanum<\/a><\/h3>\n\n\n\n<p>Prawdopodobnie najs\u0142ynniejsze atrakcje Rzymu. I tak \u2014 zdecydowanie warto je zobaczy\u0107.&nbsp;Mo\u017cesz kupi\u0107 <a href=\"https:\/\/www.rome.info\/pl\/atrakcje\/koloseum\/bilety\/\" data-type=\"link\" data-id=\"https:\/\/www.rome.info\/pl\/atrakcje\/koloseum\/bilety\/\">bilety<\/a> lub wzi\u0105\u0107 udzia\u0142 w <a href=\"https:\/\/www.rome.info\/pl\/atrakcje\/koloseum\/wycieczki\/\" data-type=\"link\" data-id=\"https:\/\/www.rome.info\/pl\/atrakcje\/koloseum\/wycieczki\/\">wycieczce z przewodnikiem<\/a>, \u017ceby omin\u0105\u0107 d\u0142ugie kolejki.<\/p>\n\n\n\n<h2 class=\"wp-block-heading\">Czy wiedzia\u0142e\u015b? 4 ciekawostki&nbsp;<\/h2>\n\n\n\n<ol class=\"wp-block-list\">\n<li>Monument ma wiele przydomk\u00f3w, mniej lub bardziej powa\u017cnych. Nale\u017c\u0105 do nich: &#8222;Maszyna do pisania&#8221;, &#8222;Tort weselny&#8221; i &#8222;Sztuczna szcz\u0119ka&#8221;.<\/li>\n\n\n\n<li>Najstarszym przedmiotem znalezionym podczas wykopalisk pod budow\u0119 monumentu nie by\u0142a ruina rzymska, lecz szkielet s\u0142onia z epoki lodowcowej.<\/li>\n\n\n\n<li>Wielu dziennikarzy i krytyk\u00f3w sztuki uwa\u017ca\u0142o monument za nieco zbyt ostentacyjny. Cz\u0119\u015b\u0107 z nich postrzega\u0142a jego budow\u0119 jako nieudan\u0105 pr\u00f3b\u0119 wskrzeszenia Cesarstwa Rzymskiego.<\/li>\n\n\n\n<li>Plac, na kt\u00f3rym wzniesiono monument, by\u0142 cz\u0119\u015bci\u0105 starej dzielnicy \u015bredniowiecznej. Wiele \u015bredniowiecznych budynk\u00f3w i cz\u0119\u015b\u0107 Wzg\u00f3rza Kapitoli\u0144skiego zosta\u0142y wyburzone pod budow\u0119 o\u0142tarza, ku niezadowoleniu wielu Rzymian.<\/li>\n<\/ol>\n","protected":false},"excerpt":{"rendered":"<p>Odwied\u017a jeden z najbardziej kontrowersyjnych pomnik\u00f3w Rzymu.<\/p>\n","protected":false},"author":9,"featured_media":467,"parent":0,"menu_order":24,"template":"","meta":{"_acf_changed":false,"button_url":"https:\/\/www.tiqets.com\/pl\/altare-della-patria-tickets-l189091\/?partner=romeinfo","product_id":"","street_address":"Piazza Venezia, ","city":"Roma","country":"Italy","postal_code":"00186","lattitude":"41.8945976","longitude":"12.4831269","rank_math_title":"Altare della Patria \u2014 Pomnik Wiktora Emanuela II | Bilety i informacje","rank_math_description":"Odwied\u017a Altare della Patria (O\u0142tarz Ojczyzny) \u2014 pomnik Wiktora Emanuela II. Bilety na panoramiczne windy i zapieraj\u0105ce dech widoki."},"attraction-types":[19],"producer":[34],"class_list":["post-283","attraction","type-attraction","status-publish","has-post-thumbnail","hentry","attraction-types-zabytki"],"acf":[],"location_schema":{"product_id":"","street_address":"Piazza Venezia, ","city":"Roma","country":"Italy","postal_code":"00186","lattitude":"41.8945976","longitude":"12.4831269"},"_links":{"self":[{"href":"https:\/\/www.rome.info\/pl\/wp-json\/wp\/v2\/attraction\/283","targetHints":{"allow":["GET"]}}],"collection":[{"href":"https:\/\/www.rome.info\/pl\/wp-json\/wp\/v2\/attraction"}],"about":[{"href":"https:\/\/www.rome.info\/pl\/wp-json\/wp\/v2\/types\/attraction"}],"author":[{"embeddable":true,"href":"https:\/\/www.rome.info\/pl\/wp-json\/wp\/v2\/users\/9"}],"wp:featuredmedia":[{"embeddable":true,"href":"https:\/\/www.rome.info\/pl\/wp-json\/wp\/v2\/media\/467"}],"wp:attachment":[{"href":"https:\/\/www.rome.info\/pl\/wp-json\/wp\/v2\/media?parent=283"}],"wp:term":[{"taxonomy":"attraction-types","embeddable":true,"href":"https:\/\/www.rome.info\/pl\/wp-json\/wp\/v2\/attraction-types?post=283"},{"taxonomy":"producer","embeddable":true,"href":"https:\/\/www.rome.info\/pl\/wp-json\/wp\/v2\/producer?post=283"}],"curies":[{"name":"wp","href":"https:\/\/api.w.org\/{rel}","templated":true}]}}