{"id":236,"date":"2026-04-24T06:56:00","date_gmt":"2026-04-24T06:56:00","guid":{"rendered":"https:\/\/www.rome.info\/es\/?post_type=attraction&#038;p=236"},"modified":"2026-04-27T12:25:20","modified_gmt":"2026-04-27T12:25:20","slug":"capilla-sixtina","status":"publish","type":"attraction","link":"https:\/\/www.rome.info\/es\/atracciones\/capilla-sixtina\/","title":{"rendered":"Capilla Sixtina"},"content":{"rendered":"\n<div class=\"ms-rounded ms-mb-last-child-0 ms-mb-block ms-tfs--contrast ms-p ms-tfs\">\n<h3 class=\"gb-text\">Museos Vaticanos &amp; Entradas Capilla Sixtina<\/h3>\n\n\n\n<p class=\"gb-text\">Si vas a visitar los Museos Vaticanos y la Capilla Sixtina, conviene reservar las entradas con antelaci\u00f3n. Las colas pueden ser enormes, y comprar antes te ahorra mucho tiempo en la entrada. Hay varias opciones seg\u00fan c\u00f3mo quieras vivir la visita.<\/p>\n\n\n\n<hr class=\"wp-block-separator has-alpha-channel-opacity\"\/>\n\n\n\n<p class=\"ms-link-unstyled\"><strong>\ud83c\udf9f\ufe0f <a href=\"https:\/\/www.tiqets.com\/es\/checkout\/vatican-museums-sistine-chapel-fast-track-ticket-g1106279\/?partner=romeinfo\" rel=\"nofollow noopener\">Entrada sin colas: Museos Vaticanos &amp; Capilla Sixtina<\/a><\/strong><\/p>\n\n\n\n<p>Perfecta si quieres explorar a tu ritmo sin esperar en la cola. Una vez en la p\u00e1gina de reserva, eliges la fecha de visita, ves las opciones disponibles (algunas incluyen extras como audiogu\u00eda o incluso un tour en autob\u00fas) y eliges la que m\u00e1s te conviene.<\/p>\n\n\n\n<p class=\"ms-link-unstyled\"><strong>\ud83d\udc63 <a href=\"https:\/\/www.tiqets.com\/es\/checkout\/vatican-museums-sistine-chapel-st-peter-s-basilica-full-guided-tour-g1105898\/?partner=romeinfo\" rel=\"nofollow noopener\">Tour Guiado Completo: Museos Vaticanos, Capilla Sixtina &amp; Bas\u00edlica de San Pedro<\/a><\/strong><\/p>\n\n\n\n<p>Primero eliges el idioma y la fecha, y luego optas por un tour general o privado seg\u00fan tus preferencias. Todos los tours incluyen <strong>entrada VIP a la Bas\u00edlica de San Pedro<\/strong> y <strong>visita guiada a los Museos Vaticanos y la Capilla Sixtina.<\/strong> Sin colas largas, y con todo el contexto e historias que es f\u00e1cil perderse cuando visitas solo.<\/p>\n\n\n\n<p class=\"ms-link-unstyled\"><strong>\ud83c\udfdb\ufe0f <a href=\"https:\/\/www.tiqets.com\/es\/rome-attractions-c71631\/the-vatican-city-pass-p1012497\/?partner=romeinfo\" rel=\"nofollow noopener\">Vatican City Pass<\/a><\/strong><\/p>\n\n\n\n<p>Un buen pack si te centras en los lugares del Vaticano. Incluye acceso a los <strong>Museos Vaticanos, la Capilla Sixtina y la Bas\u00edlica de San Pedro<\/strong>, m\u00e1s una audiogu\u00eda de la ciudad o entrada a <strong>Castel Sant&#8217;Angelo<\/strong>. Tambi\u00e9n tienes un peque\u00f1o descuento en otras atracciones de Roma.<\/p>\n\n\n\n<p class=\"ms-link-unstyled\"><strong>\ud83c\udfdb\ufe0f <a href=\"https:\/\/www.tiqets.com\/es\/rome-attractions-c71631\/rome-tourist-card-p1013153\/?partner=romeinfo\" rel=\"nofollow noopener\">Rome Tourist Card<\/a><\/strong><\/p>\n\n\n\n<p>La mejor opci\u00f3n si quieres ver m\u00e1s que solo el Vaticano. Incluye <strong>los Museos Vaticanos y la Capilla Sixtina, el Coliseo y el Foro Romano<\/strong>, y puedes a\u00f1adir extras como el <strong>Pante\u00f3n, Castel Sant&#8217;Angelo o la Bas\u00edlica de San Pedro<\/strong>. Ahora tambi\u00e9n puedes <strong>a\u00f1adir traslados al aeropuerto<\/strong> y tienes un <strong>10% de descuento<\/strong> en otras atracciones y tours destacados.<\/p>\n\n\n\n<hr class=\"wp-block-separator has-alpha-channel-opacity\"\/>\n\n\n\n<div class=\"ms-cta-button-options ms-mb-block ms-cta\">\n<a class=\"gb-text ms-btn ms-btn--primary ms-shadow\" href=\"https:\/\/www.tiqets.com\/es\/rome-attractions-c71631\/rome-tourist-card-p1013153\/?partner=romeinfo\" rel=\"nofollow noopener\">Rome Tourist Card<\/a>\n\n\n\n<a class=\"gb-text ms-btn ms-btn--outline-primary ms-shadow\" href=\"https:\/\/www.tiqets.com\/es\/vatican-museums-tickets-l145158\/?partner=romeinfo\" rel=\"nofollow noopener\">Todas las opciones de entradas<\/a>\n<\/div>\n<\/div>\n\n\n\n<h2 class=\"wp-block-heading\">Lo m\u00e1s destacado<\/h2>\n\n\n\n<ul class=\"ms-icon-list ms-mb-block\">\n<figure><div class=\"ms-credits\">\n<img decoding=\"async\" class=\"gb-media-5c4be81c\" alt=\"El fresco del Juicio Final de Miguel \u00c1ngel en la pared del altar de la Capilla Sixtina, rodeado de frescos en las paredes laterales con escenas de las vidas de Mois\u00e9s y Cristo.\" src=\"https:\/\/www.rome.info\/wp-content\/uploads\/sistine-chapel-last-judgment-1747026474.jpg\" title=\"sistine-chapel-last-judgment-1747026474\"\/>\n<span class='ms-credits__info' id='media2713'><svg xmlns=\"http:\/\/www.w3.org\/2000\/svg\" width=\"20\" height=\"22\" fill=\"#000000\" viewBox=\"0 0 256 256\"><path d=\"M128,24A104,104,0,1,0,232,128,104.11,104.11,0,0,0,128,24Zm0,192a88,88,0,1,1,88-88A88.1,88.1,0,0,1,128,216ZM96,128a32,32,0,0,0,57.6,19.2,8,8,0,0,1,12.8,9.61,48,48,0,1,1,0-57.62,8,8,0,0,1-12.8,9.61A32,32,0,0,0,96,128Z\"><\/path><\/svg>ilfede\/<a href=https:\/\/depositphotos.com\/editorial\/michelangelo-fresco-in-the-the-sistine-chapel-vatican-12080565.html rel='nofollow' target='_blank'>Depositphotos<\/a><\/span><span class='ms-credits__btn' id='btn_media2713' onclick='ms_credits_trigger(\"#media2713\", this)'><svg xmlns=\"http:\/\/www.w3.org\/2000\/svg\" class=\"info_icon\" width=\"28\" height=\"28\" fill=\"#FFF\" viewBox=\"0 0 256 256\"><path d=\"M128,24A104,104,0,1,0,232,128,104.11,104.11,0,0,0,128,24Zm0,192a88,88,0,1,1,88-88A88.1,88.1,0,0,1,128,216Zm16-40a8,8,0,0,1-8,8,16,16,0,0,1-16-16V128a8,8,0,0,1,0-16,16,16,0,0,1,16,16v40A8,8,0,0,1,144,176ZM112,84a12,12,0,1,1,12,12A12,12,0,0,1,112,84Z\"><\/path><\/svg><svg xmlns=\"http:\/\/www.w3.org\/2000\/svg\" class=\"close_icon\" width=\"28\" height=\"28\" fill=\"#FFF\" viewBox=\"0 0 256 256\"><path d=\"M165.66,101.66,139.31,128l26.35,26.34a8,8,0,0,1-11.32,11.32L128,139.31l-26.34,26.35a8,8,0,0,1-11.32-11.32L116.69,128,90.34,101.66a8,8,0,0,1,11.32-11.32L128,116.69l26.34-26.35a8,8,0,0,1,11.32,11.32ZM232,128A104,104,0,1,1,128,24,104.11,104.11,0,0,1,232,128Zm-16,0a88,88,0,1,0-88,88A88.1,88.1,0,0,0,216,128Z\"><\/path><\/svg><\/span><\/div>\n\n\n<figcaption class=\"gb-text\">Visita la Capilla Sixtina en la Ciudad del Vaticano.<\/figcaption>\n<\/figure>\n\n\n\n<li class=\"ms-icon-list__item\"><span class=\"gb-shape\"><svg viewBox=\"0 0 256 256\" fill=\"#000000\" height=\"32\" width=\"32\" xmlns=\"http:\/\/www.w3.org\/2000\/svg\"><path d=\"M232.49,80.49l-128,128a12,12,0,0,1-17,0l-56-56a12,12,0,1,1,17-17L96,183,215.51,63.51a12,12,0,0,1,17,17Z\"><\/path><\/svg><\/span><span class=\"gb-text\">Redescubre una de las im\u00e1genes m\u00e1s famosas del arte occidental: La Creaci\u00f3n de Ad\u00e1n<\/span><\/li>\n\n\n\n<li class=\"ms-icon-list__item\"><span class=\"gb-shape\"><svg viewBox=\"0 0 256 256\" fill=\"#000000\" height=\"32\" width=\"32\" xmlns=\"http:\/\/www.w3.org\/2000\/svg\"><path d=\"M232.49,80.49l-128,128a12,12,0,0,1-17,0l-56-56a12,12,0,1,1,17-17L96,183,215.51,63.51a12,12,0,0,1,17,17Z\"><\/path><\/svg><\/span><span class=\"gb-text\">Explora los excelsos cielos y las profundidades ardientes del infierno en el Juicio Final de Miguel \u00c1ngel<\/span><\/li>\n\n\n\n<li class=\"ms-icon-list__item\"><span class=\"gb-shape\"><svg viewBox=\"0 0 256 256\" fill=\"#000000\" height=\"32\" width=\"32\" xmlns=\"http:\/\/www.w3.org\/2000\/svg\"><path d=\"M232.49,80.49l-128,128a12,12,0,0,1-17,0l-56-56a12,12,0,1,1,17-17L96,183,215.51,63.51a12,12,0,0,1,17,17Z\"><\/path><\/svg><\/span><span class=\"gb-text\">Pi\u00e9rdete en los detalles de las paredes de la capilla, pintadas por un equipo de los mejores artistas renacentistas, entre ellos Botticelli y Perugino<\/span><\/li>\n<\/ul>\n\n\n\n<h2 class=\"wp-block-heading\">Visitar la Capilla Sixtina<\/h2>\n\n\n\n<p>Para visitar la Capilla Sixtina, tambi\u00e9n debes visitar los <a href=\"https:\/\/www.rome.info\/attractions\/vatican-museums\/\">Museos Vaticanos<\/a>.&nbsp;<\/p>\n\n\n\n<p>O al menos comprar una entrada para los Museos Vaticanos, recorrerlos con los ojos vendados y luego visitar la Capilla Sixtina. No hay otra manera.&nbsp;<\/p>\n\n\n\n<p>La cuesti\u00f3n es que visitar los Museos Vaticanos es como ir a un restaurante con estrella Michelin y pedir un men\u00fa de quince platos. Todo est\u00e1 bueno, pero lo que de verdad te emociona es el postre (en este caso, la Capilla Sixtina).<\/p>\n\n\n\n<p>El problema es que, para cuando te lo sirven, apenas sabes d\u00f3nde est\u00e1s ni qu\u00e9 est\u00e1s mirando.&nbsp;<\/p>\n\n\n\n<p>As\u00ed est\u00e1n distribuidos los Museos Vaticanos, y as\u00ed de enorme es la resistencia que se te va a exigir cuando vayas.&nbsp;<\/p>\n\n\n\n<p>\u00bfDeber\u00edas ir?<\/p>\n\n\n\n<p>Absolutamente.<\/p>\n\n\n\n<p>La clave est\u00e1 en c\u00f3mo vas a hacerlo. La Capilla Sixtina es mucho m\u00e1s que el techo de <a href=\"https:\/\/www.rome.info\/artists\/michelangelo\/\">Miguel \u00c1ngel<\/a>.&nbsp;<\/p>\n\n\n\n<p>Pero primero lo primero. D\u00e9jame explicarte c\u00f3mo llegar y qu\u00e9 llevar puesto.<\/p>\n\n\n\n<h2 class=\"wp-block-heading\">Entradas y precios<\/h2>\n\n\n\n<p>La Capilla Sixtina est\u00e1 dentro de los Museos Vaticanos, as\u00ed que necesitas una entrada a los Museos Vaticanos para visitarla. Al reservar online, evitar\u00e1s la cola, famosa por ser la m\u00e1s larga de Roma. Aprovecha el tiempo ahorrado para disfrutar a\u00fan m\u00e1s de las galer\u00edas.<\/p>\n\n\n\n<p><strong>Visita la Capilla Sixtina con una de estas entradas seleccionadas:<\/strong><\/p>\n\n\n\n<ul class=\"wp-block-list\">\n<li><a href=\"https:\/\/www.tiqets.com\/en\/rome-attractions-c71631\/tickets-for-vatican-museums-sistine-chapel-last-minute-tickets-p974863\/?partner=romeinfo\" rel=\"nofollow noopener\"><strong>Museos Vaticanos y Capilla Sixtina (\u00daltima hora)<\/strong><\/a>: Entrada acompa\u00f1ada y tiempo ilimitado dentro de los Museos Vaticanos.<\/li>\n\n\n\n<li><a href=\"https:\/\/www.tiqets.com\/en\/rome-attractions-c71631\/tickets-for-vatican-museums-sistine-chapel-skip-the-line-p973975\/?partner=romeinfo\" rel=\"nofollow noopener\"><strong>Museos Vaticanos y Capilla Sixtina (Sin colas)<\/strong><\/a>: Salta las largas colas y accede r\u00e1pidamente a los Museos Vaticanos y la Capilla Sixtina.<\/li>\n<\/ul>\n\n\n\n<div class=\"ms-rounded ms-mb-last-child-0 ms-mb-block ms-tfs--contrast ms-p ms-tfs\">\n<h3 class=\"gb-text\">Ahorra tiempo y dinero con los pases de ciudad de Roma<\/h3>\n\n\n\n<p class=\"gb-text\">Si visitas m\u00e1s que solo la Capilla Sixtina durante tu estancia en Roma, un pase de ciudad agrupa tus principales atracciones en una sola reserva. Cada uno de estos pases incluye los Museos Vaticanos y la Capilla Sixtina junto con otros puntos destacados.<\/p>\n\n\n\n<ul class=\"ms-icon-list ms-mb-block\">\n<li class=\"ms-icon-list__item ms-link-unstyled\"><span class=\"gb-shape\"><svg viewBox=\"0 0 256 256\" fill=\"#000000\" height=\"32\" width=\"32\" xmlns=\"http:\/\/www.w3.org\/2000\/svg\"><path d=\"M243.31,136,144,36.69A15.86,15.86,0,0,0,132.69,32H40a8,8,0,0,0-8,8v92.69A15.86,15.86,0,0,0,36.69,144L136,243.31a16,16,0,0,0,22.63,0l84.68-84.68a16,16,0,0,0,0-22.63Zm-96,96L48,132.69V48h84.69L232,147.31ZM96,84A12,12,0,1,1,84,72,12,12,0,0,1,96,84Z\"><\/path><\/svg><\/span><span class=\"gb-text\"><strong><a href=\"https:\/\/www.rome.info\/city-passes\/rome-tourist-card\/\">Rome Tourist Card<\/a><\/strong>: incluye entrada sin colas a los Museos Vaticanos y la Capilla Sixtina, m\u00e1s el Coliseo, el Foro Romano y el Monte Palatino. Tambi\u00e9n puedes a\u00f1adir un tour guiado a la Bas\u00edlica de San Pedro o una visita al Pante\u00f3n o a Castel Sant&#8217;Angelo. La opci\u00f3n m\u00e1s popular para los visitantes primerizos.<\/span><\/li>\n\n\n\n<li class=\"ms-icon-list__item ms-link-unstyled\"><span class=\"gb-shape\"><svg viewBox=\"0 0 256 256\" fill=\"#000000\" height=\"32\" width=\"32\" xmlns=\"http:\/\/www.w3.org\/2000\/svg\"><path d=\"M243.31,136,144,36.69A15.86,15.86,0,0,0,132.69,32H40a8,8,0,0,0-8,8v92.69A15.86,15.86,0,0,0,36.69,144L136,243.31a16,16,0,0,0,22.63,0l84.68-84.68a16,16,0,0,0,0-22.63Zm-96,96L48,132.69V48h84.69L232,147.31ZM96,84A12,12,0,1,1,84,72,12,12,0,0,1,96,84Z\"><\/path><\/svg><\/span><span class=\"gb-text\"><strong><a href=\"https:\/\/www.rome.info\/city-passes\/vatican-city-pass\/\">Vatican City Pass<\/a><\/strong>: incluye acceso sin colas a los Museos Vaticanos y la Capilla Sixtina, m\u00e1s una visita guiada a la Bas\u00edlica de San Pedro. Tambi\u00e9n incluye audiogu\u00eda de la ciudad o acceso r\u00e1pido a Castel Sant&#8217;Angelo. Ideal si quieres centrarte en el \u00e1rea del Vaticano.<\/span><\/li>\n<\/ul>\n<\/div>\n\n\n\n<h3 class=\"wp-block-heading\">Otros pases de ciudad de Roma<\/h3>\n\n\n\n<p>\u00bfBuscas m\u00e1s opciones? Todos estos pases incluyen la Capilla Sixtina y los Museos Vaticanos con horarios de entrada garantizados, m\u00e1s atracciones adicionales para aprovechar al m\u00e1ximo tu viaje.<\/p>\n\n\n\n<div><\/div>\n\n\n\n<p><a href=\"https:\/\/www.rome.info\/city-passes\/comparison\/\" data-type=\"link\" data-id=\"https:\/\/www.rome.info\/city-passes\/comparison\/\"><\/a><a href=\"https:\/\/www.rome.info\/city-passes\/comparison\/\" data-type=\"link\" data-id=\"https:\/\/www.rome.info\/city-passes\/comparison\/\">Comparar todos los pases -&gt;<\/a><\/p>\n\n\n\n<h3 class=\"wp-block-heading\"><strong>Es bueno saber<\/strong><\/h3>\n\n\n\n<ul class=\"wp-block-list\">\n<li>Reserva tu horario online y llega al menos 15 minutos antes de tu hora designada.<\/li>\n\n\n\n<li>Las entradas llegar\u00e1n a tu correo electr\u00f3nico y podr\u00e1s mostrarlas impresas o en formato digital.<\/li>\n\n\n\n<li>Entradas con descuento para ni\u00f1os de 12 a 17 a\u00f1os y estudiantes de hasta 25 a\u00f1os (con carn\u00e9 de estudiante v\u00e1lido).<\/li>\n\n\n\n<li>Las audiogu\u00edas opcionales est\u00e1n disponibles, con un coste adicional, en italiano, ingl\u00e9s, franc\u00e9s, alem\u00e1n, espa\u00f1ol, portugu\u00e9s o ruso.<\/li>\n<\/ul>\n\n\n\n<h2 class=\"wp-block-heading\">C\u00f3digo de vestimenta y etiqueta<\/h2>\n\n\n\n<p>Es un museo, pero la Capilla Sixtina sigue siendo un lugar de culto de verdad, as\u00ed que ten en cuenta las normas de vestimenta modesta.&nbsp;<\/p>\n\n\n\n<p>B\u00e1sicamente, los pantalones cortos de largo normal son aceptables. Los pantalones muy cortos y las camisetas de tirantes no. Aseg\u00farate de tener un pa\u00f1uelo fino para cubrir esos hombros, por si acaso. Si planeas visitar la <a href=\"https:\/\/www.rome.info\/attractions\/st-peters-basilica\/\">Bas\u00edlica de San Pedro<\/a> el mismo d\u00eda, se aplicar\u00e1n las mismas normas, as\u00ed que lleva el pa\u00f1uelo a mano.<\/p>\n\n\n\n<p>(Las tiendas de recuerdos y los comercios son conscientes de ello y a menudo venden pa\u00f1uelos, as\u00ed que si se te olvida, deber\u00edas poder conseguir uno por el camino).<\/p>\n\n\n\n<h2 class=\"wp-block-heading\">Mapa y direcci\u00f3n (Ubicaci\u00f3n)<\/h2>\n\n\n\n<address class=\"ms-mapblock ms-mb-block\">\n\t\n\t\t<h4>\n\t\t\tSistine Chapel\t\t<\/h2>\n\n\t\t<p class=\"ms-mb-0\">\n            <img decoding=\"async\" class=\"ms-mapblock__map ms-rounded\" src=\"https:\/\/www.rome.info\/es\/wp-content\/uploads\/sites\/10\/maps\/staticmap_41.9029468_12.4544835_14_768x432.png\" alt=\"Sistine Chapel\" \/>\n\t\t<\/p>\n\n\t\t<p class=\"ms-text-sm ms-text-muted\">\n\t\t\t00120, Vatican City \u00b7\n\t\t\t<a rel=\"nofollow noopener\" target=\"_blank\" href=\"https:\/\/maps.google.com\/?q=41.9029468,12.4544835\">Google Maps<\/a>\n\t\t<\/p>\n\n\t<\/address>\n\n\n<h2 class=\"wp-block-heading\">C\u00f3mo llegar<\/h2>\n\n\n\n<h3 class=\"wp-block-heading\">Metro&nbsp;<\/h3>\n\n\n\n<p>La parada de <a href=\"https:\/\/www.rome.info\/transport\/public-transport\/metro\/\">metro<\/a> m\u00e1s cercana es Ottaviano en la l\u00ednea A (naranja). Est\u00e1 a seis minutos a pie.&nbsp;<\/p>\n\n\n\n<p>Conviene saber que Roma solo tiene 2,5 l\u00edneas: la A, la B y la interminable obra en progreso C.<\/p>\n\n\n\n<h3 class=\"wp-block-heading\">A pie<\/h3>\n\n\n\n<p>Si te alojas en el centro hist\u00f3rico, ya habr\u00e1s visto que las estaciones de metro escasean. La mayor\u00eda de las veces es mejor ir caminando (as\u00ed ver\u00e1s m\u00e1s de la ciudad).&nbsp;<\/p>\n\n\n\n<p>Si decides ir caminando a <a href=\"https:\/\/www.rome.info\/attractions\/t\/vatican\/\">la Ciudad del Vaticano<\/a>, prueba lo siguiente:<\/p>\n\n\n\n<h3 class=\"wp-block-heading\">Instrucciones a pie desde Piazza Navona<\/h3>\n\n\n\n<p>Toma la Via dei Coronari hasta la Via del Panico y luego cruza el Ponte Sant&#8217;Angelo. Desde all\u00ed, la c\u00fapula de la Bas\u00edlica de San Pedro ser\u00e1 visible y habr\u00e1 se\u00f1ales hacia los Museos Vaticanos a montones.&nbsp;<\/p>\n\n\n\n<p>Son 25 minutos a pie, solo diez m\u00e1s que en autob\u00fas, y un recorrido mucho m\u00e1s pintoresco.<\/p>\n\n\n\n<h3 class=\"wp-block-heading\">Instrucciones a pie desde la parada de metro Ottaviano (6 minutos)<\/h3>\n\n\n\n<p>Si te alojas cerca de una parada de metro, baja en Ottaviano (l\u00ednea A). Si necesitas coger la l\u00ednea B (azul), deber\u00e1s hacer transbordo en Termini.&nbsp;<\/p>\n\n\n\n<p>En Ottaviano, coge una de las salidas del lado izquierdo hacia arriba.&nbsp;<\/p>\n\n\n\n<p>Al subir a la calle, empezar\u00e1s a ver se\u00f1ales hacia los museos.&nbsp;<\/p>\n\n\n\n<p>Hay varias rutas (como indican los carteles contradictorios), pero te recomiendo la siguiente:<\/p>\n\n\n\n<ol class=\"wp-block-list\">\n<li>Toma la Via Ottaviano hasta la tienda gourmet Castroni a tu derecha<\/li>\n\n\n\n<li>Gira a la derecha por Via Germanico.&nbsp;<\/li>\n<\/ol>\n\n\n\n<p>Tres razones para esta recomendaci\u00f3n:<\/p>\n\n\n\n<ul class=\"wp-block-list\">\n<li><strong>Castroni<\/strong>. Guarda Castroni como una tienda de productos italianos gourmet o como lugar para encontrar art\u00edculos que echas de menos de tu pa\u00eds en su secci\u00f3n de alimentos del mundo. Hay varios Castroni en y alrededor del centro de Roma.<\/li>\n\n\n\n<li><strong>Pam<\/strong>. En la Via Ottaviano, a un minuto a pie de Castroni (en el mismo lado de la calle), hay un supermercado llamado Pam. M\u00e1s barato que otros supermercados locales; ven aqu\u00ed a por agua y tentempi\u00e9s a buen precio. Los vas a necesitar.&nbsp;<\/li>\n\n\n\n<li><strong>Clementina<\/strong>. Al comienzo de Via Germanico, frente a Castroni, est\u00e1 el Caf\u00e9 Clementina. Ven aqu\u00ed a por cuencos de fruta, huevos, tortitas y ensaladas adem\u00e1s de desayunos italianos tradicionales. Si te gusta desayunar bien, puede ser el lugar perfecto para desayunar antes del museo.&nbsp;<\/li>\n<\/ul>\n\n\n\n<ol start=\"3\" class=\"wp-block-list\">\n<li>Contin\u00faa por Via Germanico hasta el final, donde llega a Via Leone IV.&nbsp;<\/li>\n\n\n\n<li>Cruza y, justo enfrente a la derecha, est\u00e1 el Viale del Vaticano flanqueado por los enormes muros de la Ciudad del Vaticano, donde la acera est\u00e1 dividida en dos por una valla met\u00e1lica.&nbsp;<\/li>\n<\/ol>\n\n\n\n<p>El lado izquierdo es para los que no tienen entrada, mientras que el derecho es para los titulares de entrada. El personal oficial comprobar\u00e1 tu situaci\u00f3n y te guiar\u00e1 al carril apropiado.&nbsp;<\/p>\n\n\n\n<p>La cola de titulares de entrada ser\u00e1 mucho m\u00e1s corta y deber\u00eda avanzar bastante r\u00e1pido.&nbsp;<\/p>\n\n\n\n<p>(Esta gu\u00eda da por hecho que tienes una entrada prereservada y un tour guiado por el Vaticano).<\/p>\n\n\n\n<h2 class=\"wp-block-heading\">Entrada&nbsp;<\/h2>\n\n\n\n<p>Una vez que hayas caminado por el Viale del Vaticano, dir\u00edgete a esta marquesina, donde el personal comprueba las entradas y te dirige hacia la entrada.&nbsp;<\/p>\n\n\n\n<p>El personal de los Museos Vaticanos escanear\u00e1 el c\u00f3digo QR de tu entrada en la puerta. Las bolsas pasan por los detectores de metales.&nbsp;<\/p>\n\n\n\n<p>(Las botellas de agua est\u00e1n permitidas).&nbsp;<\/p>\n\n\n\n<h2 class=\"wp-block-heading\">\u00a1Ya est\u00e1s dentro! \u00bfY ahora qu\u00e9?&nbsp;<\/h2>\n\n\n\n<p>Seg\u00fan indica la app de Tiqets, despu\u00e9s de pasar los detectores de metales, busca el gran cartel de \u00abtours guiados\u00bb. Sube un corto tramo de escaleras y, a tu derecha, ver\u00e1s la taquilla de los tours guiados.&nbsp;<\/p>\n\n\n\n<p>Haz cola y muestra a un miembro del personal tu entrada (una copia impresa o en el m\u00f3vil). Escanear\u00e1n de nuevo el c\u00f3digo y te dar\u00e1n un recibo y una entrada f\u00edsica a cambio. Guarda ambas.<\/p>\n\n\n\n<p>La letra que escriben en el recibo corresponde al punto de encuentro donde tienes que esperar a tu gu\u00eda.&nbsp;<\/p>\n\n\n\n<p>En el punto de encuentro, alguien te tomar\u00e1 el recibo a cambio de un auricular para el tour.&nbsp;<\/p>\n\n\n\n<p>Necesitar\u00e1s la entrada f\u00edsica para pasar por los torniquetes del museo con tu gu\u00eda una vez que te hayas unido a tu grupo.&nbsp;<\/p>\n\n\n\n<p>Escaneas el c\u00f3digo de barras del reverso de la entrada, que te permite pasar por los torniquetes igual que en el metro.&nbsp;<\/p>\n\n\n\n<p>En temporada alta, los grupos pueden llegar a 30 personas. Tu gu\u00eda de los Museos Vaticanos llevar\u00e1 un palo con una bandera amarilla numerada en la parte superior. Ten cuidado de no quedarte demasiado atr\u00e1s, ya que la se\u00f1al de radio se debilita y no podr\u00e1s o\u00edr al gu\u00eda.&nbsp;<\/p>\n\n\n\n<h2 class=\"wp-block-heading\">C\u00f3mo aprovechar al m\u00e1ximo la visita a la Capilla Sixtina<\/h2>\n\n\n\n<p>Los tours guiados oficiales del Vaticano terminan justo despu\u00e9s de las Estancias de Rafael. Despu\u00e9s de esto, te indican que camines por la Colecci\u00f3n de Arte Contempor\u00e1neo, al final de la cual hay un corto tramo de escaleras que te lleva a la Capilla Sixtina.&nbsp;<\/p>\n\n\n\n<p>Aunque es verdad que las cosas buenas se hacen esperar, es completamente injusto \u00abs\u00e1ndwichar\u00bb lo que en realidad es una colecci\u00f3n bastante decente de arte moderno entre las Estancias de Rafael y la Capilla Sixtina.&nbsp;<\/p>\n\n\n\n<p>\u00bfC\u00f3mo puedes asimilar a Matisse, Picasso y Van Gogh (sin mencionar a incontables otros artistas contempor\u00e1neos) sabiendo que est\u00e1s a punto de contemplar una de las mayores obras maestras del arte renacentista?&nbsp;<\/p>\n\n\n\n<p>Aqu\u00ed es donde necesitar\u00e1s esa resistencia y esa determinaci\u00f3n. La Capilla Sixtina ni siquiera es la meta de esta marat\u00f3n en el museo, as\u00ed que mantente centrado.<\/p>\n\n\n\n<p>Al comienzo de tu tour por los Museos Vaticanos, tu gu\u00eda te llevar\u00e1 a una pantalla interactiva como esta o a una serie de paneles cl\u00e1sicos fuera, en el Patio del Belvedere.&nbsp;<\/p>\n\n\n\n<p>Ambos muestran detalles de la Capilla Sixtina.&nbsp;<\/p>\n\n\n\n<p>La raz\u00f3n es que los gu\u00edas (al menos los de los tours de los Museos Vaticanos) no entran contigo a la capilla. El tour termina justo antes.&nbsp;<\/p>\n\n\n\n<p>As\u00ed que te dan la informaci\u00f3n de antemano y esperan que recuerdes los puntos clave para cuando llegues.&nbsp;<\/p>\n\n\n\n<p>Nuestra gu\u00eda Kinga era fant\u00e1stica: se\u00f1al\u00f3 este detalle del Juicio Final.<\/p>\n\n\n\n<p>Aqu\u00ed vemos a un pobre alma condenada al infierno, con orejas de burro y una serpiente aparentemente mordi\u00e9ndole un lugar \u00edntimo.&nbsp;<\/p>\n\n\n\n<p>Entonces descubrimos que es, de hecho, un archienemigo de Miguel \u00c1ngel, un sacerdote puritano llamado Biagio da Cesena, representado aqu\u00ed como Minos de la mitolog\u00eda griega.<\/p>\n\n\n\n<p>Se opuso violentamente a la representaci\u00f3n de \u00e1ngeles y santos en total desnudez por parte de Miguel \u00c1ngel y orden\u00f3 que los cubrieran de inmediato.&nbsp;<\/p>\n\n\n\n<p>(Otro pintor m\u00e1s tarde cubri\u00f3 las partes \u00edntimas de la gente con taparrabos).&nbsp;<\/p>\n\n\n\n<p>Miguel \u00c1ngel nunca le perdon\u00f3 y esta fue su venganza definitiva.<\/p>\n\n\n\n<p>En este punto, tu gu\u00eda recoger\u00e1 los auriculares de radio y se despedir\u00e1 de ti.&nbsp;<\/p>\n\n\n\n<p>Para entonces estar\u00e1s bastante emocionado por ver la Capilla Sixtina.&nbsp;<\/p>\n\n\n\n<p>Pero me temo que todav\u00eda queda camino. Primero llegar\u00e1s a la bastante bonita Sala Matisse. Que en cualquier otro museo ser\u00eda un momento de gran impacto, pero aqu\u00ed es como: \u00abs\u00ed, s\u00ed&#8230; sigamos avanzando\u00bb.&nbsp;<\/p>\n\n\n\n<p>Es realmente notable. En serio, no se me ocurre ning\u00fan otro lugar en el mundo donde uno ser\u00eda tan desde\u00f1oso con una colecci\u00f3n de Matisse.<\/p>\n\n\n\n<p>Luego pasar\u00e1s por varias salas m\u00e1s con obras de Chagall, Picasso e incluso un par de peque\u00f1os Van Gogh. Si te gusta la escultura moderna, aqu\u00ed tambi\u00e9n puedes entretenerte un rato.&nbsp;<\/p>\n\n\n\n<p>Alternativamente, armate de valor y mant\u00e9n los ojos fijos al frente hasta llegar a un corto tramo de escaleras y finalmente a un cartel que te indica la entrada.<\/p>\n\n\n\n<p>Los guardias te recibir\u00e1n en la puerta y habr\u00e1 varios en la plataforma elevada junto al altar vigilando. Espera que te recuerden a intervalos regulares:<\/p>\n\n\n\n<p>\u00abNo foto\u00bb.<\/p>\n\n\n\n<p>\u00abNo video\u00bb.<\/p>\n\n\n\n<p>\u00abSilenzio\u00bb.<\/p>\n\n\n\n<p>Ya casi est\u00e1s.<\/p>\n\n\n\n<h2 class=\"wp-block-heading\">Lo que debes y no debes hacer en la Capilla Sixtina<\/h2>\n\n\n\n<h3 class=\"wp-block-heading\"><strong>Lo que debes hacer<\/strong><\/h3>\n\n\n\n<ul class=\"wp-block-list\">\n<li>&#8230;<strong>prep\u00e1rate mentalmente<\/strong>. \u00c1rmate de paciencia. Probablemente estar\u00e1 muy concurrido. Para cuando llegues, ya habr\u00e1s visto mucho.<\/li>\n\n\n\n<li>&#8230;<strong>viste adecuadamente<\/strong>. Recuerda cubrir los hombros. T\u00e9cnicamente, tambi\u00e9n deber\u00edas quitarte los sombreros y las gorras.&nbsp;<\/li>\n\n\n\n<li><strong>&#8230;inf\u00f3rmate un poco antes de ir<\/strong>. Oye, no te pido que te saques un m\u00e1ster en Historia del Arte antes de ir ni nada por el estilo. Pero te ayudar\u00e1 saber un poco sobre lo que vas a ver, algo de contexto. (No te preocupes, en esto te voy a echar una mano).&nbsp;<\/li>\n\n\n\n<li>\u2026<strong>descarga m\u00fasica en el m\u00f3vil para escuchar<\/strong> (la recepci\u00f3n es intermitente all\u00ed, puede que no tengas conexi\u00f3n). Es opcional, pero puede ayudarte a crear un poco de ambiente para ti mismo en medio de la multitud.&nbsp;<\/li>\n<\/ul>\n\n\n\n<h3 class=\"wp-block-heading\"><strong>Lo que no debes hacer<\/strong><\/h3>\n\n\n\n<ul class=\"wp-block-list\">\n<li>\u2026<strong>forzar el cuello<\/strong> mirando hacia arriba demasiado. En serio. Mirar hacia arriba contemplando todas esas maravillas renacentistas me hizo fantasear con sesiones VIP donde traen tumbonas para una experiencia de visualizaci\u00f3n \u00abhorizontal\u00bb m\u00e1s c\u00f3moda.&nbsp;<\/li>\n\n\n\n<li><strong>\u2026sacar fotos. No lo hagas. <\/strong>Los guardias se ponen muy desagradables con eso, lo que arruina el ambiente. Convierte la Capilla Sixtina en una gran excursi\u00f3n escolar con los guardias manteniendo a raya a los ni\u00f1os revoltosos. Tambi\u00e9n tienen micr\u00f3fonos y recuerdan rutinariamente a todos: \u00abNo foto, no video\u00bb. Y a\u00f1aden un solemne (y arbitrario) \u00absilenzio\u00bb cuando la gente se pone muy ruidosa.&nbsp;<\/li>\n\n\n\n<li><strong>\u2026olvidar el Juicio Final<\/strong> detr\u00e1s del altar. No solo el techo es impresionante.&nbsp;<\/li>\n<\/ul>\n\n\n\n<h2 class=\"wp-block-heading\">Qu\u00e9 ver y hacer (Fotos)<\/h2>\n\n\n\n<p>S\u00e9 que conoces <em><a href=\"https:\/\/www.rome.info\/artists\/michelangelo\/creation-of-adam\/\">La Creaci\u00f3n de Ad\u00e1n<\/a><\/em>&#8230; \u00bfpero qu\u00e9 m\u00e1s?&nbsp;<\/p>\n\n\n\n<p>Vamos a dividir la Capilla Sixtina en cinco partes m\u00e1s manejables y luego elegir lo mejor de cada una. No soy historiador del arte, pero esto es lo que m\u00e1s me gust\u00f3.&nbsp;<\/p>\n\n\n\n<h3 class=\"wp-block-heading\"><strong>El techo<\/strong>: eso est\u00e1 claro. \u00bfEsto es por lo que pagamos, verdad?<\/h3>\n\n\n\n<p>El techo, pintado por Miguel \u00c1ngel entre 1508 y 1512, es el gran espect\u00e1culo. Los nueve paneles representan escenas clave del libro del G\u00e9nesis, desde La separaci\u00f3n de la luz y las tinieblas hasta El Diluvio (el Arca de No\u00e9).<\/p>\n\n\n\n<p>Todos ir\u00e1n avanzando hacia el centro de la capilla para ver La Creaci\u00f3n de Ad\u00e1n.&nbsp;<\/p>\n\n\n\n<p>S\u00ed, tus ojos van a querer ir all\u00ed de inmediato. Es un momento de \u00abquiero, quiero\u00bb visual. Pero tienes tiempo. \u00bfPor qu\u00e9 no crear algo de expectaci\u00f3n?<\/p>\n\n\n\n<figure><div class=\"ms-credits\">\n<img decoding=\"async\" class=\"gb-media-f7cc7898\" alt=\"Techo con frescos de la Capilla Sixtina en la Ciudad del Vaticano, con las escenas b\u00edblicas de Miguel \u00c1ngel y vibrantes figuras renacentistas.\" src=\"https:\/\/www.rome.info\/wp-content\/uploads\/sistine-chapel-ceiling-1747022596.jpg\" title=\"sistine-chapel-ceiling-1747022596\"\/>\n<span class='ms-credits__info' id='media2707'><svg xmlns=\"http:\/\/www.w3.org\/2000\/svg\" width=\"20\" height=\"22\" fill=\"#000000\" viewBox=\"0 0 256 256\"><path d=\"M128,24A104,104,0,1,0,232,128,104.11,104.11,0,0,0,128,24Zm0,192a88,88,0,1,1,88-88A88.1,88.1,0,0,1,128,216ZM96,128a32,32,0,0,0,57.6,19.2,8,8,0,0,1,12.8,9.61,48,48,0,1,1,0-57.62,8,8,0,0,1-12.8,9.61A32,32,0,0,0,96,128Z\"><\/path><\/svg>isogood\/<a href=https:\/\/depositphotos.com\/editorial\/vatican-city-vatican-june-2015-interiors-architectural-details-sistine-chapel-369686556.html rel='nofollow' target='_blank'>Depositphotos<\/a><\/span><span class='ms-credits__btn' id='btn_media2707' onclick='ms_credits_trigger(\"#media2707\", this)'><svg xmlns=\"http:\/\/www.w3.org\/2000\/svg\" class=\"info_icon\" width=\"28\" height=\"28\" fill=\"#FFF\" viewBox=\"0 0 256 256\"><path d=\"M128,24A104,104,0,1,0,232,128,104.11,104.11,0,0,0,128,24Zm0,192a88,88,0,1,1,88-88A88.1,88.1,0,0,1,128,216Zm16-40a8,8,0,0,1-8,8,16,16,0,0,1-16-16V128a8,8,0,0,1,0-16,16,16,0,0,1,16,16v40A8,8,0,0,1,144,176ZM112,84a12,12,0,1,1,12,12A12,12,0,0,1,112,84Z\"><\/path><\/svg><svg xmlns=\"http:\/\/www.w3.org\/2000\/svg\" class=\"close_icon\" width=\"28\" height=\"28\" fill=\"#FFF\" viewBox=\"0 0 256 256\"><path d=\"M165.66,101.66,139.31,128l26.35,26.34a8,8,0,0,1-11.32,11.32L128,139.31l-26.34,26.35a8,8,0,0,1-11.32-11.32L116.69,128,90.34,101.66a8,8,0,0,1,11.32-11.32L128,116.69l26.34-26.35a8,8,0,0,1,11.32,11.32ZM232,128A104,104,0,1,1,128,24,104.11,104.11,0,0,1,232,128Zm-16,0a88,88,0,1,0-88,88A88.1,88.1,0,0,0,216,128Z\"><\/path><\/svg><\/span><\/div>\n\n\n<figcaption class=\"gb-text\">Paneles centrales del techo de la Capilla Sixtina con los frescos de Miguel \u00c1ngel: La creaci\u00f3n del Sol, la Luna y las plantas, La separaci\u00f3n de la luz de las tinieblas y La creaci\u00f3n de Eva.<\/figcaption>\n<\/figure>\n\n\n\n<p>F\u00edjate en La creaci\u00f3n del Sol, la Luna y los planetas; es el segundo panel. \u00bfVes a Dios con la larga barba? Bien. \u00bfY ves una silueta volando de espaldas? S\u00ed, tambi\u00e9n es Dios, alej\u00e1ndose despu\u00e9s de crear los planetas. Como se\u00f1al\u00f3 nuestra gu\u00eda, \u00bfcon qu\u00e9 frecuencia ves un cuadro que muestra las espaldas de Dios?&nbsp;<\/p>\n\n\n\n<p>La expulsi\u00f3n de Ad\u00e1n y Eva del Para\u00edso, el sexto panel. F\u00edjate en lo fea que aparece de repente Eva ahora que es la culpable de la ca\u00edda de toda la humanidad.&nbsp;<\/p>\n\n\n\n<h3 class=\"wp-block-heading\"><strong>La pared norte<\/strong>&nbsp;(Las historias de Jes\u00fas)<\/h3>\n\n\n\n<figure><div class=\"ms-credits\">\n<img decoding=\"async\" class=\"gb-media-1dbcab2d\" alt=\"Frescos de la pared norte de la Capilla Sixtina en la Ciudad del Vaticano, con escenas de la vida de Jes\u00fas pintadas por artistas renacentistas.\" src=\"https:\/\/www.rome.info\/wp-content\/uploads\/sistine-chapel-north-wall-frescoes-1747024296.jpg\" title=\"sistine-chapel-north-wall-frescoes-1747024296\"\/>\n<span class='ms-credits__info' id='media2710'><svg viewBox=\"0 0 24 24\" fill=\"none\" xmlns=\"http:\/\/www.w3.org\/2000\/svg\" width=\"20\" height=\"22\"><g stroke-width=\"0\"><\/g><g stroke-linecap=\"round\" stroke-linejoin=\"round\"><\/g><g id=\"SVGRepo_iconCarrier\"> <path d=\"M12 22C6.48 22 2 17.52 2 12C2 6.48 6.48 2 12 2C17.52 2 22 6.48 22 12C22 17.52 17.52 22 12 22Z\" stroke=\"#000\" stroke-width=\"1.5\" stroke-linecap=\"round\" stroke-linejoin=\"round\"><\/path> <path d=\"M10.88 14.1499C10.37 14.5899 9.70999 14.8699 8.98999 14.8699C7.40999 14.8699 6.12 13.5899 6.12 11.9999C6.12 10.4099 7.39999 9.12988 8.98999 9.12988C9.71999 9.12988 10.38 9.39985 10.88 9.84985\" stroke=\"#000\" stroke-width=\"1.5\" stroke-linecap=\"round\" stroke-linejoin=\"round\"><\/path> <path d=\"M17.88 14.1499C17.37 14.5899 16.71 14.8699 15.99 14.8699C14.41 14.8699 13.12 13.5899 13.12 11.9999C13.12 10.4099 14.4 9.12988 15.99 9.12988C16.72 9.12988 17.38 9.39985 17.88 9.84985\" stroke=\"#000\" stroke-width=\"1.5\" stroke-linecap=\"round\" stroke-linejoin=\"round\"><\/path> <\/g><\/svg> BY-SA 2.0 Generic<a href=https:\/\/commons.wikimedia.org\/wiki\/File:Italy-3206_-_Sistine_Chapel_%285387277251%29.jpg rel='nofollow' target='_blank'>Wikimedia Commons<\/a><\/span><span class='ms-credits__btn' id='btn_media2710' onclick='ms_credits_trigger(\"#media2710\", this)'><svg xmlns=\"http:\/\/www.w3.org\/2000\/svg\" class=\"info_icon\" width=\"28\" height=\"28\" fill=\"#FFF\" viewBox=\"0 0 256 256\"><path d=\"M128,24A104,104,0,1,0,232,128,104.11,104.11,0,0,0,128,24Zm0,192a88,88,0,1,1,88-88A88.1,88.1,0,0,1,128,216Zm16-40a8,8,0,0,1-8,8,16,16,0,0,1-16-16V128a8,8,0,0,1,0-16,16,16,0,0,1,16,16v40A8,8,0,0,1,144,176ZM112,84a12,12,0,1,1,12,12A12,12,0,0,1,112,84Z\"><\/path><\/svg><svg xmlns=\"http:\/\/www.w3.org\/2000\/svg\" class=\"close_icon\" width=\"28\" height=\"28\" fill=\"#FFF\" viewBox=\"0 0 256 256\"><path d=\"M165.66,101.66,139.31,128l26.35,26.34a8,8,0,0,1-11.32,11.32L128,139.31l-26.34,26.35a8,8,0,0,1-11.32-11.32L116.69,128,90.34,101.66a8,8,0,0,1,11.32-11.32L128,116.69l26.34-26.35a8,8,0,0,1,11.32,11.32ZM232,128A104,104,0,1,1,128,24,104.11,104.11,0,0,1,232,128Zm-16,0a88,88,0,1,0-88,88A88.1,88.1,0,0,0,216,128Z\"><\/path><\/svg><\/span><\/div>\n\n\n<figcaption class=\"gb-text\">Frescos de la pared norte de la Capilla Sixtina con el Bautismo de Cristo, la Vocaci\u00f3n de los primeros ap\u00f3stoles, el Serm\u00f3n de la Monta\u00f1a y Cristo entregando las llaves a San Pedro.<\/figcaption>\n<\/figure>\n\n\n\n<p>T\u00f3mate un tiempo para apreciar Cristo dando las llaves a Pedro, de Perugino, que representa a Jes\u00fas entregando las llaves del cielo a San Pedro. Es el quinto panel. Ampliamente considerada una piedra angular del arte occidental en t\u00e9rminos de perspectiva lineal (es todo matem\u00e1ticas): detente aqu\u00ed.<\/p>\n\n\n\n<p>El Bautismo de Cristo, de Botticelli, primer panel, tambi\u00e9n recibe mi voto por la agradable composici\u00f3n. (Pero qu\u00e9 s\u00e9 yo&#8230; nos gusta lo que nos gusta).&nbsp;<\/p>\n\n\n\n<h3 class=\"wp-block-heading\"><strong>La pared sur<\/strong>&nbsp;(Las historias de Mois\u00e9s).<\/h3>\n\n\n\n<figure><div class=\"ms-credits\">\n<img decoding=\"async\" class=\"gb-media-287b22bb\" alt=\"Pared sur de la Capilla Sixtina con los Profetas Joel y Ezequiel de Miguel \u00c1ngel, la Sibila de Eritrea y el panel de Mois\u00e9s de Rosselli.\" src=\"https:\/\/www.rome.info\/wp-content\/uploads\/sistine-chapel-south-wall-1747026120.jpg\" title=\"sistine-chapel-south-wall-1747026120\"\/>\n<span class='ms-credits__info' id='media2711'><svg viewBox=\"0 0 24 24\" fill=\"none\" xmlns=\"http:\/\/www.w3.org\/2000\/svg\" width=\"20\" height=\"22\"><g stroke-width=\"0\"><\/g><g stroke-linecap=\"round\" stroke-linejoin=\"round\"><\/g><g id=\"SVGRepo_iconCarrier\"> <path d=\"M12 22C6.48 22 2 17.52 2 12C2 6.48 6.48 2 12 2C17.52 2 22 6.48 22 12C22 17.52 17.52 22 12 22Z\" stroke=\"#000\" stroke-width=\"1.5\" stroke-linecap=\"round\" stroke-linejoin=\"round\"><\/path> <path d=\"M10.88 14.1499C10.37 14.5899 9.70999 14.8699 8.98999 14.8699C7.40999 14.8699 6.12 13.5899 6.12 11.9999C6.12 10.4099 7.39999 9.12988 8.98999 9.12988C9.71999 9.12988 10.38 9.39985 10.88 9.84985\" stroke=\"#000\" stroke-width=\"1.5\" stroke-linecap=\"round\" stroke-linejoin=\"round\"><\/path> <path d=\"M17.88 14.1499C17.37 14.5899 16.71 14.8699 15.99 14.8699C14.41 14.8699 13.12 13.5899 13.12 11.9999C13.12 10.4099 14.4 9.12988 15.99 9.12988C16.72 9.12988 17.38 9.39985 17.88 9.84985\" stroke=\"#000\" stroke-width=\"1.5\" stroke-linecap=\"round\" stroke-linejoin=\"round\"><\/path> <\/g><\/svg> BY-NC-ND 2.0 GenericSlices of Light \u2734\/<a href=https:\/\/www.flickr.com\/photos\/justaslice\/49927896542\/ rel='nofollow' target='_blank'>Flickr<\/a><\/span><span class='ms-credits__btn' id='btn_media2711' onclick='ms_credits_trigger(\"#media2711\", this)'><svg xmlns=\"http:\/\/www.w3.org\/2000\/svg\" class=\"info_icon\" width=\"28\" height=\"28\" fill=\"#FFF\" viewBox=\"0 0 256 256\"><path d=\"M128,24A104,104,0,1,0,232,128,104.11,104.11,0,0,0,128,24Zm0,192a88,88,0,1,1,88-88A88.1,88.1,0,0,1,128,216Zm16-40a8,8,0,0,1-8,8,16,16,0,0,1-16-16V128a8,8,0,0,1,0-16,16,16,0,0,1,16,16v40A8,8,0,0,1,144,176ZM112,84a12,12,0,1,1,12,12A12,12,0,0,1,112,84Z\"><\/path><\/svg><svg xmlns=\"http:\/\/www.w3.org\/2000\/svg\" class=\"close_icon\" width=\"28\" height=\"28\" fill=\"#FFF\" viewBox=\"0 0 256 256\"><path d=\"M165.66,101.66,139.31,128l26.35,26.34a8,8,0,0,1-11.32,11.32L128,139.31l-26.34,26.35a8,8,0,0,1-11.32-11.32L116.69,128,90.34,101.66a8,8,0,0,1,11.32-11.32L128,116.69l26.34-26.35a8,8,0,0,1,11.32,11.32ZM232,128A104,104,0,1,1,128,24,104.11,104.11,0,0,1,232,128Zm-16,0a88,88,0,1,0-88,88A88.1,88.1,0,0,0,216,128Z\"><\/path><\/svg><\/span><\/div>\n\n\n<figcaption class=\"gb-text\">La pared sur de la Capilla Sixtina con los frescos de Profetas y Sibilas de Miguel \u00c1ngel arriba, y el \u00abDescenso del monte Sina\u00ed\u00bb de Cosimo Rosselli abajo.<\/figcaption>\n<\/figure>\n\n\n\n<p>Aqu\u00ed me gust\u00f3 m\u00e1s La tentaci\u00f3n de Mois\u00e9s, de Botticelli.<\/p>\n\n\n\n<p>Lo que parece una escena ca\u00f3tica son en realidad siete escenas cruciales de la vida de Mois\u00e9s. Reconocer\u00e1s de inmediato a Mois\u00e9s recibiendo los diez mandamientos en la parte superior izquierda, seguido de su gu\u00eda del pueblo jud\u00edo saliendo de Egipto debajo.&nbsp;<\/p>\n\n\n\n<h3 class=\"wp-block-heading\"><strong>La pared de la entrada<\/strong><\/h3>\n\n\n\n<p>A esta pared no se le presta mucha atenci\u00f3n y habr\u00e1 menos gente en esta secci\u00f3n, as\u00ed que en realidad es un buen lugar para rezagarse. Los dos frescos no son los originales, ya que en el siglo XVI el umbral se derrumb\u00f3 y las paredes colapsaron, destruyendo los frescos y costando la vida a un guardia suizo, y por poco tambi\u00e9n la del papa Adriano VI.&nbsp;<\/p>\n\n\n\n<p>Los frescos muestran la Resurrecci\u00f3n de Cristo y el Arc\u00e1ngel Miguel defendiendo el cuerpo de Mois\u00e9s.<\/p>\n\n\n\n<h3 class=\"wp-block-heading ms-link-unstyled\"><strong><a href=\"https:\/\/www.rome.info\/artists\/michelangelo\/last-judgement\/\">El Juicio Final<\/a><\/strong><\/h3>\n\n\n<div class=\"ms-credits\">\n<img decoding=\"async\" class=\"gb-media-1be515ea\" alt=\"Figuras centrales del Juicio Final de Miguel \u00c1ngel en la Capilla Sixtina, con Cristo Juez, la Virgen Mar\u00eda y los santos circundantes.\" src=\"https:\/\/www.rome.info\/wp-content\/uploads\/last-judgment-central-figures-1747026853.jpg\" title=\"last-judgment-central-figures-1747026853\"\/>\n<span class='ms-credits__info' id='media2715'><svg xmlns=\"http:\/\/www.w3.org\/2000\/svg\" width=\"20\" height=\"22\" fill=\"#000000\" viewBox=\"0 0 256 256\"><path d=\"M128,24A104,104,0,1,0,232,128,104.11,104.11,0,0,0,128,24Zm0,192a88,88,0,1,1,88-88A88.1,88.1,0,0,1,128,216ZM96,128a32,32,0,0,0,57.6,19.2,8,8,0,0,1,12.8,9.61,48,48,0,1,1,0-57.62,8,8,0,0,1-12.8,9.61A32,32,0,0,0,96,128Z\"><\/path><\/svg>savacoco\/<a href=https:\/\/depositphotos.com\/editorial\/the-last-judgment-by-michelangelo-23812039.html rel='nofollow' target='_blank'>Depositphotos<\/a><\/span><span class='ms-credits__btn' id='btn_media2715' onclick='ms_credits_trigger(\"#media2715\", this)'><svg xmlns=\"http:\/\/www.w3.org\/2000\/svg\" class=\"info_icon\" width=\"28\" height=\"28\" fill=\"#FFF\" viewBox=\"0 0 256 256\"><path d=\"M128,24A104,104,0,1,0,232,128,104.11,104.11,0,0,0,128,24Zm0,192a88,88,0,1,1,88-88A88.1,88.1,0,0,1,128,216Zm16-40a8,8,0,0,1-8,8,16,16,0,0,1-16-16V128a8,8,0,0,1,0-16,16,16,0,0,1,16,16v40A8,8,0,0,1,144,176ZM112,84a12,12,0,1,1,12,12A12,12,0,0,1,112,84Z\"><\/path><\/svg><svg xmlns=\"http:\/\/www.w3.org\/2000\/svg\" class=\"close_icon\" width=\"28\" height=\"28\" fill=\"#FFF\" viewBox=\"0 0 256 256\"><path d=\"M165.66,101.66,139.31,128l26.35,26.34a8,8,0,0,1-11.32,11.32L128,139.31l-26.34,26.35a8,8,0,0,1-11.32-11.32L116.69,128,90.34,101.66a8,8,0,0,1,11.32-11.32L128,116.69l26.34-26.35a8,8,0,0,1,11.32,11.32ZM232,128A104,104,0,1,1,128,24,104.11,104.11,0,0,1,232,128Zm-16,0a88,88,0,1,0-88,88A88.1,88.1,0,0,0,216,128Z\"><\/path><\/svg><\/span><\/div>\n\n\n<p>Por \u00faltimo, pero no menos importante, el Juicio Final. Miguel \u00c1ngel lo pint\u00f3 cuando ten\u00eda m\u00e1s de 60 a\u00f1os, entre 1533 y 1541, y es inmenso. En todos los sentidos de la palabra.&nbsp;<\/p>\n\n\n\n<p>Hay mucho que ver aqu\u00ed. Ya hemos repasado el retrato de venganza del travieso Miguel \u00c1ngel al sacerdote puritano; est\u00e1 en la esquina inferior derecha. Ahora puedes comprobarlo de verdad.<\/p>\n\n\n\n<p>F\u00edjate en San Bartolom\u00e9, debajo y a la derecha de Jes\u00fas, sosteniendo su propia piel (una referencia a haber sido desollado vivo). Se cree que su rostro es un autorretrato del propio Miguel \u00c1ngel.&nbsp;<\/p>\n\n\n\n<p>F\u00edjate tambi\u00e9n en la forma radical en que Miguel \u00c1ngel pint\u00f3 a Jes\u00fas. Adem\u00e1s de tener un f\u00edsico imponente (como todo el mundo en esta pintura, mujeres incluidas), se dice que la forma en que Miguel \u00c1ngel pint\u00f3 su torso est\u00e1 inspirada en el Torso Belvedere. Estas referencias cruzadas son estupendas.&nbsp;<\/p>\n\n\n\n<p>El grupo de \u00e1ngeles super esculturales (sin querubines regordetes aqu\u00ed) tocando trompetas, en el centro inferior, est\u00e1n despertando a los muertos, pero solo Jes\u00fas puede decidir su destino.<\/p>\n\n\n\n<p>\ud83d\udca1<strong>Consejo extra<\/strong>:<\/p>\n\n\n\n<ul class=\"wp-block-list\">\n<li>Vuelve caminando a la Pared de la Entrada. Hay menos gente que en la sala principal, es m\u00e1s probable que encuentres asientos libres y puedes mirar hacia arriba sin forzar el cuello. Cuando te hayas recuperado, puedes volver a la parte principal de la capilla. Dir\u00edgete al Juicio Final y observa todos los detalles.&nbsp;<\/li>\n\n\n\n<li>Estate atento a ver si hay alg\u00fan asiento libre en los bancos contra las paredes.&nbsp;<\/li>\n\n\n\n<li>Si tienes buenos auriculares, ahora podr\u00eda ser el momento de usarlos. Escucha m\u00fasica relajante y abs\u00f3rbelo todo.&nbsp;<\/li>\n<\/ul>\n\n\n\n<h2 class=\"wp-block-heading\">Bares, restaurantes, tiendas de regalos y souvenirs recomendados&nbsp;<\/h2>\n\n\n\n<p>La salida por las tiendas de regalos.<\/p>\n\n\n\n<p>Despu\u00e9s de la Capilla Sixtina, todav\u00eda te quedar\u00e1n por recorrer lo que parecer\u00e1n cincuenta galer\u00edas m\u00e1s igual de suntuosas.&nbsp;<\/p>\n\n\n\n<p>Los habilidosos mercad\u00f3logos del Vaticano han colocado dos tiendas de regalos ef\u00edmeras a lo largo del camino para romper la monoton\u00eda y ofrecer momentos de alivio comercial. (Por si tienes un antojo irresistible de un im\u00e1n).<\/p>\n\n\n\n<p>Con el tiempo, llegar\u00e1s al vest\u00edbulo principal o tienda de regalos junto a la escalera de caracol que anuncia el final y te llevar\u00e1 a la salida.<\/p>\n\n\n\n<p>Aqu\u00ed puedes esperar libros de arte sobre Miguel \u00c1ngel a precios desorbitados, varios objetos y parafernalia religiosa, y platos decorativos con papas de \u00e9pocas pasadas. Francamente, nada que no pudieras encontrar fuera de los muros de la Ciudad del Vaticano por una fracci\u00f3n del precio.<\/p>\n\n\n\n<p>Justo cuando estaba a punto de irme, me fij\u00e9 en la Farmacia Vaticana. No es una farmacia de verdad, sino una perfumer\u00eda.<\/p>\n\n\n\n<p>\u00bfSab\u00edas que la Ciudad del Vaticano tiene sus propios laboratorios? Con monjes elaborando y destilando perfumes y colonias, con sus propias f\u00f3rmulas secretas. No se pueden comprar fuera de los muros de la Ciudad del Vaticano y est\u00e1n a precios razonables; compr\u00e9 este estuche para mi madre.&nbsp;<\/p>\n\n\n\n<p>Encontrar\u00e1s la Farmacia Vaticana al final del todo, justo antes de salir de la zona de tiendas de regalos y bajar por la escalera de caracol.<\/p>\n\n\n\n<h3 class=\"wp-block-heading\">Restaurantes<\/h3>\n\n\n\n<p>Hay varios lugares disponibles para hacer una parada, aunque a precios inflados:&nbsp;<\/p>\n\n\n\n<p>Al salir de la Capilla Sixtina, busca los carteles para dirigirte al Caffetteria Il Forno, una cafeter\u00eda distribuida en dos niveles que te ofrece un momento de descanso bienvenido antes de continuar.&nbsp;<\/p>\n\n\n\n<p>En la planta 1 (donde se entra al museo despu\u00e9s de pasar el control de entradas) encontrar\u00e1s el Autoservicio (con comida estilo cafeter\u00eda), la Caffetteria Centrale para un espresso r\u00e1pido y la Pizzeria.<\/p>\n\n\n\n<p>El bistrot m\u00e1s evocador tiene que ser La Pigna, situado en el centro del Patio del Belvedere (Patio de la Pi\u00f1a), en la imagen de abajo a la izquierda. Espera precios inflados y comida por debajo de la media (para los est\u00e1ndares italianos).<\/p>\n\n\n\n<p>\ud83d\udca1<strong>Consejo extra<\/strong>:<\/p>\n\n\n\n<ul class=\"wp-block-list\">\n<li>Si tienes tiempo de sobra, planifica un d\u00eda entero.<\/li>\n\n\n\n<li>Consigue una entrada de ma\u00f1ana para los Museos Vaticanos con un tour guiado. Nuestra gu\u00eda en el Vaticano, Kinga, era doctora en Historia del Arte y dio vida a todo.<\/li>\n\n\n\n<li>Mi mejor consejo es llevar un almuerzo preparado o algo de picar, ya que es b\u00e1sicamente una marat\u00f3n (m\u00e1s de 7 km de galer\u00edas).&nbsp;<\/li>\n\n\n\n<li>Descansa bien merecidamente despu\u00e9s de la Capilla Sixtina, pero no salgas de los museos (ya que no podr\u00e1s volver a entrar).&nbsp;<\/li>\n\n\n\n<li>Vuelve al Cortile della Pigna (arriba), encuentra un banco y descansa. Deja descansar la vista. Hidr\u00e1tate. Rep\u00f3n fuerzas con lo que has tra\u00eddo o con un s\u00e1ndwich de Pam.&nbsp;<\/li>\n<\/ul>\n\n\n\n<p>Ha sido mucho.<\/p>\n\n\n\n<p>Ahora vuelve a entrar.<\/p>\n\n\n\n<h2 class=\"wp-block-heading\">Atracciones cercanas \/ Comida y bebida<\/h2>\n\n\n\n<h3 class=\"wp-block-heading ms-link-unstyled\"><a href=\"https:\/\/www.rome.info\/attractions\/castel-sant-angelo\/\">Castel Sant&#8217;Angelo<\/a> &#8211; 15 minutos a pie<\/h3>\n\n\n\n<p>Fue el lugar del mausoleo del emperador Adriano, luego una fortaleza, un castillo y ahora un museo que cubre dos mil a\u00f1os de historia romana.&nbsp;<\/p>\n\n\n\n<p>Muy buenas vistas desde la cima y las fotos en el Ponte Sant&#8217;Angelo pr\u00e1cticamente se sacan solas, es tan fotog\u00e9nico.&nbsp;<\/p>\n\n\n\n<p>La zona sola merece una visita. Hay una biblioteca o bar al aire libre a la derecha llamado <em>Bibliobar<\/em> que tiene resonancias de Par\u00eds y el Sena.<\/p>\n\n\n\n<h3 class=\"wp-block-heading\">Comida y bebida&nbsp;<\/h3>\n\n\n\n<p>La zona m\u00e1s cercana a la Ciudad del Vaticano es Prati. Puede ser algo caro, pero esto sigue siendo Roma, y la buena comida a precios honestos nunca est\u00e1 demasiado lejos.&nbsp;<\/p>\n\n\n\n<h4 class=\"wp-block-heading\">A 7 minutos a pie (metro m\u00e1s cercano: Cipro en la l\u00ednea A):<\/h4>\n\n\n\n<ul class=\"wp-block-list\">\n<li><strong>Eroi della pizza<\/strong> &#8211; Piazzale degli Eroi, 4, 00192<\/li>\n<\/ul>\n\n\n\n<p>Pizza por porciones excelente y unas <strong>suppl\u00ec<\/strong> estupendas. Personal simp\u00e1tico y precios m\u00e1s simp\u00e1ticos a\u00fan.&nbsp;<\/p>\n\n\n\n<ul class=\"wp-block-list\">\n<li><strong>Fischio<\/strong> &#8211; Piazzale degli Eroi, 00136&nbsp;<\/li>\n<\/ul>\n\n\n\n<p>Cruza la calle y encontrar\u00e1s Fischio (FISkio); un kiosco convertido en bar al aire libre donde puedes tomar spritz y gin-tonic en latas hipster, o una copa de vino org\u00e1nico (bastante arom\u00e1tico). Es relajado y potencialmente justo lo que necesitas despu\u00e9s de tanta alta cultura en el Vaticano.&nbsp;<\/p>\n\n\n\n<h4 class=\"wp-block-heading\">A 10 minutos a pie:<\/h4>\n\n\n\n<ul class=\"wp-block-list\">\n<li><strong>Il Sorpasso<\/strong> &#8211; Via Properzio, 31\/33, 00193&nbsp;<\/li>\n<\/ul>\n\n\n\n<p>Relajado bar de vinos con una excelente selecci\u00f3n de vinos (sin ser pretencioso). Prueba sus tablas de jam\u00f3n y quesos italianos (con consejos sobre el orden correcto para comer el queso). Buena mezcla de locales y residentes expatriados. Adonde va la gente guapa de Prati para tomarse una copa de vino tranquilo.&nbsp;<\/p>\n\n\n\n<h4 class=\"wp-block-heading\">A 15 minutos en metro y\/o a pie:<\/h4>\n\n\n\n<ul class=\"wp-block-list\">\n<li><strong>Argot (Prati)<\/strong> &#8211; Via Alessandro Farnese 2, 00192 (Metro m\u00e1s cercano: Lepanto, una parada despu\u00e9s de Ottaviano en la l\u00ednea A).<\/li>\n<\/ul>\n\n\n\n<p>C\u00f3cteles y comida superiores en el moderno pero acogedor c\u00f3cteler\u00eda-restaurante Argot. Los c\u00f3cteles son algo caros, pero elaborados por gente que sabe lo que hace y van de maravilla.<\/p>\n\n\n\n<h2 class=\"wp-block-heading\">\u00bfSab\u00edas que? 5 datos curiosos<\/h2>\n\n\n\n<ol class=\"wp-block-list\">\n<li>Al principio, Miguel \u00c1ngel ni siquiera quer\u00eda pintar el techo de la Capilla Sixtina porque se consideraba escultor y no pintor. Finalmente se le convenci\u00f3 para aceptar por el papa Julio II.<\/li>\n\n\n\n<li>Biagio da Cesena, el maestro de ceremonias pontificio, fue un duro cr\u00edtico de la composici\u00f3n del Juicio Final, as\u00ed que Miguel \u00c1ngel lo pint\u00f3 en \u00e9l como Minos, el supervisor de los condenados al infierno. Es el de las orejas de burro.<\/li>\n\n\n\n<li>Miguel \u00c1ngel tard\u00f3 cuatro a\u00f1os en completar el techo, y la experiencia fue tan desagradable que escribi\u00f3 un poema sobre su malestar f\u00edsico.<\/li>\n\n\n\n<li>Los desnudos del Juicio Final se consideraron impropios para un encargo papal, por lo que el papa P\u00edo IV orden\u00f3 que muchos fueran cubiertos con pa\u00f1os estrat\u00e9gicamente colocados. Por suerte, eso se deshizo en gran parte durante trabajos de restauraci\u00f3n posteriores.<\/li>\n\n\n\n<li>Miguel \u00c1ngel era mucho m\u00e1s h\u00e1bil pintando el cuerpo masculino que el femenino. De hecho, muchos consideran que las pocas figuras femeninas representadas son bastante \u00abmasculinas\u00bb.<\/li>\n<\/ol>\n\n\n\n<h2 class=\"wp-block-heading\">Historia<\/h2>\n\n\n\n<p>La Capilla Sixtina comenz\u00f3 como un lugar de reuni\u00f3n papal funcional antes de que Miguel \u00c1ngel la transformara en uno de los mayores logros art\u00edsticos de la humanidad. Hoy, su techo y el fresco del Juicio Final siguen inspirando a millones de personas mientras sirve de espacio sagrado donde se eligen los nuevos papas.<\/p>\n\n\n\n<div class=\"ms-timeline-list\">\n<div class=\"ms-timeline-item\">\n<p class=\"gb-text ms-timeline-item__time\">1473-1481<\/p>\n\n\n\n<p class=\"gb-text\">El papa Sixto IV, del que la capilla toma su nombre, mand\u00f3 construirla. Se llamaba originalmente Cappella Magna (\u00abGran Capilla\u00bb) y serv\u00eda como lugar de actividad papal religiosa y funcional.<\/p>\n<\/div>\n\n\n\n<div class=\"ms-timeline-item\">\n<p class=\"gb-text ms-timeline-item__time\">1482<\/p>\n\n\n\n<p class=\"gb-text\">Un equipo de grandes artistas renacentistas termin\u00f3 de pintar las paredes por encargo de Sixto IV.<\/p>\n<\/div>\n\n\n\n<div class=\"ms-timeline-item\">\n<p class=\"gb-text ms-timeline-item__time\">1483<\/p>\n\n\n\n<p class=\"gb-text\">Sixto IV celebr\u00f3 la primera misa en la capilla, consagr\u00e1ndola y dedic\u00e1ndola a la Virgen Mar\u00eda.<\/p>\n<\/div>\n\n\n\n<div class=\"ms-timeline-item\">\n<p class=\"gb-text ms-timeline-item__time\">1508<\/p>\n\n\n\n<p class=\"gb-text\">A Miguel \u00c1ngel Buonarroti se le encarg\u00f3 pintar el techo bajo el mecenazgo del papa Julio II.<\/p>\n<\/div>\n\n\n\n<div class=\"ms-timeline-item\">\n<p class=\"gb-text ms-timeline-item__time\">1536<\/p>\n\n\n\n<p class=\"gb-text\">Veintid\u00f3s a\u00f1os despu\u00e9s de terminar el techo, Miguel \u00c1ngel volvi\u00f3 para pintar el Juicio Final por encargo de los papas Clemente VII y Pablo III.<\/p>\n<\/div>\n\n\n\n<div class=\"ms-timeline-item\">\n<p class=\"gb-text ms-timeline-item__time\">D\u00e9cada de 1980<\/p>\n\n\n\n<p class=\"gb-text\">Comenzaron importantes trabajos de restauraci\u00f3n en las obras de arte de la capilla. Muchas figuras de Miguel \u00c1ngel fueron devueltas a su estado original de desnudez.<\/p>\n<\/div>\n\n\n\n<div class=\"ms-timeline-item\">\n<p class=\"gb-text ms-timeline-item__time\">Actualidad<\/p>\n\n\n\n<p class=\"gb-text\">M\u00e1s all\u00e1 de ser un destino tur\u00edstico muy popular, la capilla sigue sirviendo de sede del c\u00f3nclave papal, el proceso por el que se elige a un nuevo papa.<\/p>\n<\/div>\n<\/div>\n\n\n\n<h2 class=\"wp-block-heading\">Preguntas frecuentes<\/h2>\n\n\n\n<h3 class=\"wp-block-heading\"><strong>\u00bfD\u00f3nde est\u00e1 la Capilla Sixtina?<\/strong><\/h3>\n\n\n\n<p>La Capilla Sixtina est\u00e1 en la Ciudad del Vaticano de Roma.<\/p>\n\n\n\n<h3 class=\"wp-block-heading\"><strong>\u00bfCu\u00e1nto tard\u00f3 Miguel \u00c1ngel en pintar la Capilla Sixtina?<\/strong><\/h3>\n\n\n\n<p>Miguel \u00c1ngel tard\u00f3 4 a\u00f1os en pintar la Capilla Sixtina.<\/p>\n\n\n\n<h3 class=\"wp-block-heading\"><strong>\u00bfPor qu\u00e9 tard\u00f3 4 a\u00f1os Miguel \u00c1ngel en pintar la Capilla Sixtina?<\/strong><\/h3>\n\n\n\n<p>Miguel \u00c1ngel tard\u00f3 4 a\u00f1os en pintar la Capilla Sixtina debido a la escala de la tarea y a su reticencia a aceptarla. No solo fue f\u00edsicamente agotador, sino que adem\u00e1s le da\u00f1\u00f3 permanentemente la vista.<\/p>\n\n\n\n<h3 class=\"wp-block-heading\"><strong>\u00bfCu\u00e1nto le pagaron a Miguel \u00c1ngel por la Capilla Sixtina?<\/strong><\/h3>\n\n\n\n<p>A Miguel \u00c1ngel le pagaron unos 3.000 ducados por pintar la Capilla Sixtina.<\/p>\n","protected":false},"excerpt":{"rendered":"<p>Contempla los legendarios frescos del techo de Miguel \u00c1ngel en la capilla m\u00e1s famosa del mundo.<\/p>\n","protected":false},"author":9,"featured_media":391,"parent":0,"menu_order":5,"template":"","meta":{"_acf_changed":false,"button_url":"https:\/\/www.tiqets.com\/es\/sistine-chapel-tickets-l155414\/?partner=romeinfo","product_id":"","street_address":", ","city":"Vatican City","country":"Vatican City","postal_code":"00120","lattitude":"41.9029468","longitude":"12.4544835","rank_math_title":"Entradas a la Capilla Sixtina: gu\u00eda de los Museos Vaticanos, horarios y consejos","rank_math_description":"Reserva entradas a la Capilla Sixtina para ver las obras maestras de Miguel \u00c1ngel: La creaci\u00f3n de Ad\u00e1n y El juicio final. Horarios, c\u00f3digo de vestimenta e imprescindibles de los Museos Vaticanos."},"attraction-types":[19],"producer":[32],"class_list":["post-236","attraction","type-attraction","status-publish","has-post-thumbnail","hentry","attraction-types-vaticano"],"acf":[],"location_schema":{"product_id":"","street_address":", ","city":"Vatican City","country":"Vatican City","postal_code":"00120","lattitude":"41.9029468","longitude":"12.4544835"},"_links":{"self":[{"href":"https:\/\/www.rome.info\/es\/wp-json\/wp\/v2\/attraction\/236","targetHints":{"allow":["GET"]}}],"collection":[{"href":"https:\/\/www.rome.info\/es\/wp-json\/wp\/v2\/attraction"}],"about":[{"href":"https:\/\/www.rome.info\/es\/wp-json\/wp\/v2\/types\/attraction"}],"author":[{"embeddable":true,"href":"https:\/\/www.rome.info\/es\/wp-json\/wp\/v2\/users\/9"}],"wp:featuredmedia":[{"embeddable":true,"href":"https:\/\/www.rome.info\/es\/wp-json\/wp\/v2\/media\/391"}],"wp:attachment":[{"href":"https:\/\/www.rome.info\/es\/wp-json\/wp\/v2\/media?parent=236"}],"wp:term":[{"taxonomy":"attraction-types","embeddable":true,"href":"https:\/\/www.rome.info\/es\/wp-json\/wp\/v2\/attraction-types?post=236"},{"taxonomy":"producer","embeddable":true,"href":"https:\/\/www.rome.info\/es\/wp-json\/wp\/v2\/producer?post=236"}],"curies":[{"name":"wp","href":"https:\/\/api.w.org\/{rel}","templated":true}]}}