{"id":231,"date":"2026-04-24T06:55:53","date_gmt":"2026-04-24T06:55:53","guid":{"rendered":"https:\/\/www.rome.info\/es\/?post_type=attraction&#038;p=231"},"modified":"2026-04-27T12:19:17","modified_gmt":"2026-04-27T12:19:17","slug":"plaza-de-san-pedro","status":"publish","type":"attraction","link":"https:\/\/www.rome.info\/es\/atracciones\/plaza-de-san-pedro\/","title":{"rendered":"Plaza de San Pedro"},"content":{"rendered":"<div class=\"ms-credits\">\n<img decoding=\"async\" class=\"gb-media-228e70ef\" alt=\"La Bas\u00edlica de San Pedro en Roma al atardecer\" src=\"https:\/\/www.rome.info\/wp-content\/uploads\/f-st-peters-basilica.jpg\" title=\"f-st-peters-basilica\"\/>\n<span class='ms-credits__info' id='media685'><svg xmlns=\"http:\/\/www.w3.org\/2000\/svg\" width=\"20\" height=\"22\" fill=\"#000000\" viewBox=\"0 0 256 256\"><path d=\"M128,24A104,104,0,1,0,232,128,104.11,104.11,0,0,0,128,24Zm0,192a88,88,0,1,1,88-88A88.1,88.1,0,0,1,128,216ZM96,128a32,32,0,0,0,57.6,19.2,8,8,0,0,1,12.8,9.61,48,48,0,1,1,0-57.62,8,8,0,0,1-12.8,9.61A32,32,0,0,0,96,128Z\"><\/path><\/svg>TTstudio\/<a href=https:\/\/sp.depositphotos.com\/48760351\/stock-photo-vatican-rome-st-peters-basilica.html rel='nofollow' target='_blank'>Depositphotos<\/a><\/span><span class='ms-credits__btn' id='btn_media685' onclick='ms_credits_trigger(\"#media685\", this)'><svg xmlns=\"http:\/\/www.w3.org\/2000\/svg\" class=\"info_icon\" width=\"28\" height=\"28\" fill=\"#FFF\" viewBox=\"0 0 256 256\"><path d=\"M128,24A104,104,0,1,0,232,128,104.11,104.11,0,0,0,128,24Zm0,192a88,88,0,1,1,88-88A88.1,88.1,0,0,1,128,216Zm16-40a8,8,0,0,1-8,8,16,16,0,0,1-16-16V128a8,8,0,0,1,0-16,16,16,0,0,1,16,16v40A8,8,0,0,1,144,176ZM112,84a12,12,0,1,1,12,12A12,12,0,0,1,112,84Z\"><\/path><\/svg><svg xmlns=\"http:\/\/www.w3.org\/2000\/svg\" class=\"close_icon\" width=\"28\" height=\"28\" fill=\"#FFF\" viewBox=\"0 0 256 256\"><path d=\"M165.66,101.66,139.31,128l26.35,26.34a8,8,0,0,1-11.32,11.32L128,139.31l-26.34,26.35a8,8,0,0,1-11.32-11.32L116.69,128,90.34,101.66a8,8,0,0,1,11.32-11.32L128,116.69l26.34-26.35a8,8,0,0,1,11.32,11.32ZM232,128A104,104,0,1,1,128,24,104.11,104.11,0,0,1,232,128Zm-16,0a88,88,0,1,0-88,88A88.1,88.1,0,0,0,216,128Z\"><\/path><\/svg><\/span><\/div>\n\n\n<p>Ninguna visita a Roma est\u00e1 completa sin poner primero un pie en otro pa\u00eds. La Ciudad del Vaticano es el microestado m\u00e1s peque\u00f1o del mundo, y la Plaza de San Pedro es la mejor introducci\u00f3n a \u00e9l. \u00danete a millones de visitantes para explorar todo lo que esta monumental plaza tiene que ofrecer.<\/p>\n\n\n\n<h2 class=\"wp-block-heading\">Lo m\u00e1s destacado<\/h2>\n\n\n\n<ul class=\"ms-icon-list\">\n<li class=\"ms-icon-list__item\"><span class=\"gb-shape\"><svg viewBox=\"0 0 256 256\" fill=\"#000000\" height=\"32\" width=\"32\" xmlns=\"http:\/\/www.w3.org\/2000\/svg\"><path d=\"M232.49,80.49l-128,128a12,12,0,0,1-17,0l-56-56a12,12,0,1,1,17-17L96,183,215.51,63.51a12,12,0,0,1,17,17Z\"><\/path><\/svg><\/span><span class=\"gb-text\">D\u00e9jate acoger en la plaza por las impresionantes columnatas de Bernini.<\/span><\/li>\n\n\n\n<li class=\"ms-icon-list__item\"><span class=\"gb-shape\"><svg viewBox=\"0 0 256 256\" fill=\"#000000\" height=\"32\" width=\"32\" xmlns=\"http:\/\/www.w3.org\/2000\/svg\"><path d=\"M232.49,80.49l-128,128a12,12,0,0,1-17,0l-56-56a12,12,0,1,1,17-17L96,183,215.51,63.51a12,12,0,0,1,17,17Z\"><\/path><\/svg><\/span><span class=\"gb-text\">Marav\u00edllate ante el antiguo obelisco egipcio en el centro de la plaza.<\/span><\/li>\n\n\n\n<li class=\"ms-icon-list__item\"><span class=\"gb-shape\"><svg viewBox=\"0 0 256 256\" fill=\"#000000\" height=\"32\" width=\"32\" xmlns=\"http:\/\/www.w3.org\/2000\/svg\"><path d=\"M232.49,80.49l-128,128a12,12,0,0,1-17,0l-56-56a12,12,0,1,1,17-17L96,183,215.51,63.51a12,12,0,0,1,17,17Z\"><\/path><\/svg><\/span><span class=\"gb-text\">Visita la Bas\u00edlica de San Pedro, la iglesia m\u00e1s importante de la cristiandad.<\/span><\/li>\n<\/ul>\n\n\n\n<div class=\"ms-rounded ms-mb-last-child-0 ms-mb-block ms-tfs--contrast ms-p ms-tfs\">\n<h3 class=\"gb-text ms-link-unstyled\">Entradas para la Bas\u00edlica de San Pedro<\/h3>\n\n\n\n<p class=\"ms-link-unstyled has-ms-color-neutral-darkest-color has-text-color has-link-color wp-elements-a9476e9613d3beaaf408c17cbf749cdd\">Si vas a visitar la Bas\u00edlica de San Pedro, tienes varias formas de hacerlo seg\u00fan tu presupuesto y si prefieres ir con gu\u00eda. La entrada es gratuita, pero las colas pueden ser largas, as\u00ed que reservar un tour o un pase te ayuda a ahorrar tiempo.<\/p>\n\n\n\n<hr class=\"wp-block-separator has-alpha-channel-opacity\"\/>\n\n\n\n<p class=\"ms-link-unstyled has-ms-color-neutral-darkest-color has-text-color has-link-color wp-elements-5e8989916acee0a70f213e20bd0c81bf\"><strong>\u2b50 Mejor relaci\u00f3n calidad-precio<\/strong><\/p>\n\n\n\n<ul class=\"wp-block-list has-ms-color-primary-color has-text-color has-link-color wp-elements-feb17d90106ad06f63fdda818626e9c7\">\n<li class=\"ms-link-unstyled has-ms-color-neutral-darkest-color has-text-color has-link-color wp-elements-ec917032294bc5bea061beb3d1bd668b\"><a href=\"https:\/\/www.tiqets.com\/es\/rome-attractions-c71631\/rome-tourist-card-p1013153\/?partner=romeinfo\" rel=\"nofollow noopener\"><strong><mark style=\"background-color:var(--ms-color-contrast-lightest)\" class=\"has-inline-color has-ms-color-primary-color\">Rome Tourist Card (m\u00e1s vendido)<\/mark><\/strong><\/a> \u2013 Este pase completo incluye el <strong>Coliseo, el Foro Romano, el Monte Palatino, los Museos Vaticanos y la Capilla Sixtina<\/strong>. Tambi\u00e9n puedes elegir una opci\u00f3n m\u00e1s: <strong>la Bas\u00edlica de San Pedro (tour guiado de 1 hora), el Castel Sant&#8217;Angelo o el Pante\u00f3n<\/strong>. Incluye adem\u00e1s una audiogu\u00eda de la ciudad en app, un <strong>10% de descuento<\/strong> en otras atracciones y tours, y la posibilidad de a\u00f1adir <strong>traslados al aeropuerto<\/strong> al finalizar la compra.<\/li>\n\n\n\n<li class=\"ms-link-unstyled has-ms-color-neutral-darkest-color has-text-color has-link-color wp-elements-6db95c3b05bc970c635666c34bed51db\"><a href=\"https:\/\/www.tiqets.com\/es\/rome-attractions-c71631\/the-vatican-city-pass-p1012497\/?partner=romeinfo\" rel=\"nofollow noopener\"><strong><mark style=\"background-color:var(--ms-color-contrast-lightest)\" class=\"has-inline-color has-ms-color-primary-color\">Vatican City Pass<\/mark><\/strong><\/a> \u2013 Si te interesa sobre todo el Vaticano, este pase cubre los <strong>Museos Vaticanos, la Capilla Sixtina y la Bas\u00edlica de San Pedro<\/strong> con acceso sin colas. Incluye tambi\u00e9n una audiogu\u00eda de Roma o entrada r\u00e1pida al <strong>Castel Sant&#8217;Angelo<\/strong>.<\/li>\n\n\n\n<li class=\"ms-link-unstyled has-ms-color-neutral-darkest-color has-text-color has-link-color wp-elements-9c2b264f5a36d76f987fa38ceab8a2e5\"><a href=\"https:\/\/www.tiqets.com\/es\/rome-attractions-c71631\/tickets-for-vatican-st-peters-basilica-audio-guide-p1054791\/?partner=romeinfo\" rel=\"nofollow noopener\"><mark style=\"background-color:var(--ms-color-contrast-lightest)\" class=\"has-inline-color has-ms-color-primary-color\"><strong>Solo audiogu\u00eda digital<\/strong><\/mark><\/a> \u2013 <em>La opci\u00f3n m\u00e1s econ\u00f3mica<\/em>. Explora a tu ritmo con comentarios en audio disponibles en varios idiomas (chino, ingl\u00e9s, franc\u00e9s, alem\u00e1n, italiano, espa\u00f1ol).<\/li>\n<\/ul>\n\n\n\n<hr class=\"wp-block-separator has-alpha-channel-opacity\"\/>\n\n\n\n<p class=\"has-ms-text-color-color has-text-color has-link-color wp-elements-c796aefdb3da572568196fe60e9f62ee\"><strong>\ud83c\udfad Mejor experiencia<\/strong><\/p>\n\n\n\n<ul class=\"wp-block-list has-ms-color-primary-color has-text-color has-link-color wp-elements-353d906d2b277a27f6f52bf718524a47\">\n<li class=\"ms-link-unstyled has-ms-color-neutral-darkest-color has-text-color has-link-color wp-elements-4838555c6b4df397082b2d700c109853\"><a href=\"https:\/\/www.tiqets.com\/es\/rome-attractions-c71631\/tickets-for-vatican-museums-sistine-chapel-st-peter-s-basilica-guided-tour-p1105898\/?partner=romeinfo\" rel=\"nofollow noopener\"><mark style=\"background-color:var(--ms-color-contrast-lightest)\" class=\"has-inline-color has-ms-color-primary-color\"><strong>Tour guiado completo<\/strong><\/mark><\/a> \u2013 Visita guiada de 3 horas a la <strong>Bas\u00edlica de San Pedro, los Museos Vaticanos y la Capilla Sixtina<\/strong>. Incluye acceso r\u00e1pido, gu\u00eda experto y auriculares. Disponible en ingl\u00e9s, franc\u00e9s, alem\u00e1n, italiano y espa\u00f1ol.<\/li>\n\n\n\n<li class=\"ms-link-unstyled has-ms-color-neutral-darkest-color has-text-color has-link-color wp-elements-3363bc9228ced00a4ff1a35ed63ca1c5\"><a href=\"https:\/\/www.tiqets.com\/es\/rome-attractions-c71631\/tickets-for-st-peters-basilica-1-hour-express-guided-tour-p1092191\/?partner=romeinfo\" rel=\"nofollow noopener\"><mark style=\"background-color:var(--ms-color-contrast-lightest)\" class=\"has-inline-color has-ms-color-primary-color\"><strong>Tour expr\u00e9s guiado (1 hora)<\/strong><\/mark><\/a> \u2013 Si tienes poco tiempo pero quieres disfrutar de las maravillas de la <strong>Bas\u00edlica de San Pedro<\/strong>, el tour expr\u00e9s de 1 hora es una buena opci\u00f3n. Cubre la historia, la arquitectura y las obras de arte m\u00e1s importantes (incluidas las incre\u00edbles esculturas que parecen desafiar la gravedad).<\/li>\n<\/ul>\n\n\n\n<hr class=\"wp-block-separator has-alpha-channel-opacity\"\/>\n\n\n\n<p class=\"has-ms-color-neutral-darkest-color has-text-color has-link-color wp-elements-c2d6c1b68a57103d540f491821a44598\"><strong>\u2139\ufe0f Informaci\u00f3n pr\u00e1ctica<\/strong><\/p>\n\n\n\n<ul class=\"wp-block-list\">\n<li class=\"has-ms-text-color-color has-text-color has-link-color wp-elements-f1df029deb88e35f6be82492067a29f1\">Llega 15-30 minutos antes para que el inicio de tu visita sea tranquilo.<\/li>\n\n\n\n<li class=\"has-ms-text-color-color has-text-color has-link-color wp-elements-229c0f9f14d9343c4e9160ef47f2c3a5\">La entrada a la Bas\u00edlica de San Pedro es gratuita, pero espera colas de hasta 25 minutos en horas punta.<\/li>\n\n\n\n<li class=\"has-ms-text-color-color has-text-color has-link-color wp-elements-f242db982a7d437b671717d997c082bf\">Cancelaci\u00f3n gratuita hasta 24 horas antes en todas las entradas.<\/li>\n\n\n\n<li class=\"has-ms-text-color-color has-text-color has-link-color wp-elements-a6881e99a455c96ea16c5f489839e757\">La accesibilidad para sillas de ruedas var\u00eda seg\u00fan el tour. Consulta los detalles antes de reservar.<\/li>\n<\/ul>\n\n\n\n<hr class=\"wp-block-separator has-alpha-channel-opacity\"\/>\n\n\n\n<div class=\"ms-cta-button-options ms-mb-block ms-cta\">\n<a class=\"gb-text ms-btn ms-btn--primary ms-shadow\" href=\"https:\/\/www.tiqets.com\/es\/rome-attractions-c71631\/rome-tourist-card-p1013153\/?partner=romeinfo\" rel=\"nofollow noopener\">Rome Tourist Card<\/a>\n\n\n\n<a class=\"gb-text ms-btn ms-btn--outline-primary ms-shadow\" href=\"https:\/\/www.tiqets.com\/es\/st-peters-basilica-tickets-l144143\/?partner=romeinfo\" rel=\"nofollow noopener\">Todas las opciones de entradas<\/a>\n<\/div>\n<\/div>\n\n\n\n<div class=\"ms-query-section ms-mb-block\">\n<div class=\"ms-query-section-header\">\n<h3 class=\"gb-text ms-query-section__title\">Pases de ciudad de Roma<\/h3>\n<\/div>\n\n\n\n<p class=\"gb-text ms-query-section__description ms-text-sm\">\u00bfPlaneas visitar la Bas\u00edlica de San Pedro y otros lugares? Estos pases lo agrupan todo.<\/p>\n\n\n\n<div><\/div>\n<\/div>\n\n\n\n<p><a href=\"https:\/\/www.rome.info\/city-passes\/comparison\/\" data-type=\"link\" data-id=\"https:\/\/www.rome.info\/city-passes\/comparison\/\">Comparar todos los pases -&gt;<\/a><\/p>\n\n\n\n<h2 class=\"wp-block-heading\">Qu\u00e9 ver y hacer (Fotos)<\/h2>\n\n\n\n<p>La Plaza de San Pedro es una de las m\u00e1s grandes y bellas del mundo. Esto es lo que no debes perderte:<\/p>\n\n\n\n<h3 class=\"wp-block-heading\">La forma y el pavimento<\/h3>\n\n\n\n<figure><div class=\"ms-credits\">\n<img decoding=\"async\" class=\"gb-media-8510f87e\" alt=\"Vista desde la c\u00fapula de la Bas\u00edlica de San Pedro hacia la Plaza de San Pedro, las columnatas y la ciudad de Roma m\u00e1s all\u00e1.\" src=\"https:\/\/www.rome.info\/wp-content\/uploads\/st-peters-basilica-dome-view-1747034799.jpg\" title=\"st-peters-basilica-dome-view-1747034799\"\/>\n<span class='ms-credits__info' id='media2720'><svg viewBox=\"0 0 24 24\" fill=\"none\" xmlns=\"http:\/\/www.w3.org\/2000\/svg\" width=\"20\" height=\"22\"><g stroke-width=\"0\"><\/g><g stroke-linecap=\"round\" stroke-linejoin=\"round\"><\/g><g id=\"SVGRepo_iconCarrier\"> <path d=\"M12 22C6.48 22 2 17.52 2 12C2 6.48 6.48 2 12 2C17.52 2 22 6.48 22 12C22 17.52 17.52 22 12 22Z\" stroke=\"#000\" stroke-width=\"1.5\" stroke-linecap=\"round\" stroke-linejoin=\"round\"><\/path> <path d=\"M10.88 14.1499C10.37 14.5899 9.70999 14.8699 8.98999 14.8699C7.40999 14.8699 6.12 13.5899 6.12 11.9999C6.12 10.4099 7.39999 9.12988 8.98999 9.12988C9.71999 9.12988 10.38 9.39985 10.88 9.84985\" stroke=\"#000\" stroke-width=\"1.5\" stroke-linecap=\"round\" stroke-linejoin=\"round\"><\/path> <path d=\"M17.88 14.1499C17.37 14.5899 16.71 14.8699 15.99 14.8699C14.41 14.8699 13.12 13.5899 13.12 11.9999C13.12 10.4099 14.4 9.12988 15.99 9.12988C16.72 9.12988 17.38 9.39985 17.88 9.84985\" stroke=\"#000\" stroke-width=\"1.5\" stroke-linecap=\"round\" stroke-linejoin=\"round\"><\/path> <\/g><\/svg> BY-SA 2.5 GenericG CHP\/<a href=https:\/\/commons.wikimedia.org\/wiki\/File:Rome_Saint_Peter%27s_Square_view_from_the_dome_of_Saint_Peter%27s_Basilica_3.jpg rel='nofollow' target='_blank'>Wikimedia Commons<\/a><\/span><span class='ms-credits__btn' id='btn_media2720' onclick='ms_credits_trigger(\"#media2720\", this)'><svg xmlns=\"http:\/\/www.w3.org\/2000\/svg\" class=\"info_icon\" width=\"28\" height=\"28\" fill=\"#FFF\" viewBox=\"0 0 256 256\"><path d=\"M128,24A104,104,0,1,0,232,128,104.11,104.11,0,0,0,128,24Zm0,192a88,88,0,1,1,88-88A88.1,88.1,0,0,1,128,216Zm16-40a8,8,0,0,1-8,8,16,16,0,0,1-16-16V128a8,8,0,0,1,0-16,16,16,0,0,1,16,16v40A8,8,0,0,1,144,176ZM112,84a12,12,0,1,1,12,12A12,12,0,0,1,112,84Z\"><\/path><\/svg><svg xmlns=\"http:\/\/www.w3.org\/2000\/svg\" class=\"close_icon\" width=\"28\" height=\"28\" fill=\"#FFF\" viewBox=\"0 0 256 256\"><path d=\"M165.66,101.66,139.31,128l26.35,26.34a8,8,0,0,1-11.32,11.32L128,139.31l-26.34,26.35a8,8,0,0,1-11.32-11.32L116.69,128,90.34,101.66a8,8,0,0,1,11.32-11.32L128,116.69l26.34-26.35a8,8,0,0,1,11.32,11.32ZM232,128A104,104,0,1,1,128,24,104.11,104.11,0,0,1,232,128Zm-16,0a88,88,0,1,0-88,88A88.1,88.1,0,0,0,216,128Z\"><\/path><\/svg><\/span><\/div>\n\n\n<figcaption class=\"gb-text\">Vista a\u00e9rea de la Plaza de San Pedro.<\/figcaption>\n<\/figure>\n\n\n\n<p>La Plaza de San Pedro es bastante singular porque consta de dos partes de diferente forma: el cuerpo principal de la plaza, que es el\u00edptico, y la secci\u00f3n trapezoidal frente a la bas\u00edlica.&nbsp;<\/p>\n\n\n\n<p>Bernini dise\u00f1\u00f3 la secci\u00f3n trapezoidal por necesidad al carecer de espacio, pero hoy se considera una \u00abobra maestra del teatro barroco\u00bb porque crea una perspectiva realzada para los visitantes que salen de la bas\u00edlica.<\/p>\n\n\n\n<p>La plaza, que est\u00e1 pavimentada con adoquines (como la mayor parte de Roma), tambi\u00e9n est\u00e1 decorada con l\u00edneas de travertino blanco en un patr\u00f3n geom\u00e9trico, dando a la plaza un aspecto armonioso.<\/p>\n\n\n\n<p>A\u00f1os m\u00e1s tarde, se a\u00f1adieron piedras con los signos del zod\u00edaco alrededor de la base del obelisco, convirti\u00e9ndolo en el gnomon de un reloj de sol. Al mediod\u00eda, la sombra marca el signo zodiacal actual.<\/p>\n\n\n\n<h3 class=\"wp-block-heading\">El obelisco<\/h3>\n\n\n<div class=\"ms-credits\">\n<img decoding=\"async\" class=\"gb-media-d70c7cb8\" alt=\"El obelisco central en la Plaza de San Pedro con la Bas\u00edlica de San Pedro y su c\u00fapula al fondo.\" src=\"https:\/\/www.rome.info\/wp-content\/uploads\/st-peters-square-obelisk-1747035954.jpg\" title=\"st-peters-square-obelisk-1747035954\"\/>\n<span class='ms-credits__info' id='media2721'>Pexels LicenseSlimMars 13\/<a href=https:\/\/www.pexels.com\/photo\/city-place-with-cathedral-and-monument-12044711\/ rel='nofollow' target='_blank'>Pexels<\/a><\/span><span class='ms-credits__btn' id='btn_media2721' onclick='ms_credits_trigger(\"#media2721\", this)'><svg xmlns=\"http:\/\/www.w3.org\/2000\/svg\" class=\"info_icon\" width=\"28\" height=\"28\" fill=\"#FFF\" viewBox=\"0 0 256 256\"><path d=\"M128,24A104,104,0,1,0,232,128,104.11,104.11,0,0,0,128,24Zm0,192a88,88,0,1,1,88-88A88.1,88.1,0,0,1,128,216Zm16-40a8,8,0,0,1-8,8,16,16,0,0,1-16-16V128a8,8,0,0,1,0-16,16,16,0,0,1,16,16v40A8,8,0,0,1,144,176ZM112,84a12,12,0,1,1,12,12A12,12,0,0,1,112,84Z\"><\/path><\/svg><svg xmlns=\"http:\/\/www.w3.org\/2000\/svg\" class=\"close_icon\" width=\"28\" height=\"28\" fill=\"#FFF\" viewBox=\"0 0 256 256\"><path d=\"M165.66,101.66,139.31,128l26.35,26.34a8,8,0,0,1-11.32,11.32L128,139.31l-26.34,26.35a8,8,0,0,1-11.32-11.32L116.69,128,90.34,101.66a8,8,0,0,1,11.32-11.32L128,116.69l26.34-26.35a8,8,0,0,1,11.32,11.32ZM232,128A104,104,0,1,1,128,24,104.11,104.11,0,0,1,232,128Zm-16,0a88,88,0,1,0-88,88A88.1,88.1,0,0,0,216,128Z\"><\/path><\/svg><\/span><\/div>\n\n\n<p>La pieza central de la plaza es un antiguo obelisco egipcio tra\u00eddo a Roma en el a\u00f1o 37 d.C. por el emperador Cal\u00edgula. Colocado inicialmente en el centro del Circo de Ner\u00f3n, fue trasladado a su ubicaci\u00f3n actual en 1586 por orden del papa Sixto V.<\/p>\n\n\n\n<p>El obelisco fue trasladado al Vaticano casi cien a\u00f1os antes de que se construyera la plaza actual. As\u00ed que, en lugar de colocar el obelisco en la plaza de Bernini, la plaza de Bernini fue dise\u00f1ada alrededor del obelisco.<\/p>\n\n\n\n<h3 class=\"wp-block-heading\">Las fuentes<\/h3>\n\n\n\n<p>A ambos lados del obelisco se encuentran dos grandes fuentes. La primera tambi\u00e9n precedi\u00f3 a la plaza y fue construida por el arquitecto Carlo Maderno. Tiene una base octagonal, una gran pila y una tapa en forma de seta de la que brota el agua. Fue construida sobre un acueducto restaurado.<\/p>\n\n\n\n<figure><div class=\"ms-credits\">\n<img decoding=\"async\" class=\"gb-media-cb6df2c6\" alt=\"La fuente de Bernini en la Plaza de San Pedro con la fachada iluminada de la Bas\u00edlica de San Pedro.\" src=\"https:\/\/www.rome.info\/wp-content\/uploads\/st-peters-square-bernini-fountain-1747036867.jpg\" title=\"st-peters-square-bernini-fountain-1747036867\"\/>\n<span class='ms-credits__info' id='media2724'><svg xmlns=\"http:\/\/www.w3.org\/2000\/svg\" width=\"20\" height=\"22\" fill=\"#000000\" viewBox=\"0 0 256 256\"><path d=\"M128,24A104,104,0,1,0,232,128,104.11,104.11,0,0,0,128,24Zm0,192a88,88,0,1,1,88-88A88.1,88.1,0,0,1,128,216ZM96,128a32,32,0,0,0,57.6,19.2,8,8,0,0,1,12.8,9.61,48,48,0,1,1,0-57.62,8,8,0,0,1-12.8,9.61A32,32,0,0,0,96,128Z\"><\/path><\/svg>pyty\/<a href=https:\/\/depositphotos.com\/photo\/bernini-fountain-at-st-peters-basilica-st-peters-square-vatican-271314140.html rel='nofollow' target='_blank'>Depositphotos<\/a><\/span><span class='ms-credits__btn' id='btn_media2724' onclick='ms_credits_trigger(\"#media2724\", this)'><svg xmlns=\"http:\/\/www.w3.org\/2000\/svg\" class=\"info_icon\" width=\"28\" height=\"28\" fill=\"#FFF\" viewBox=\"0 0 256 256\"><path d=\"M128,24A104,104,0,1,0,232,128,104.11,104.11,0,0,0,128,24Zm0,192a88,88,0,1,1,88-88A88.1,88.1,0,0,1,128,216Zm16-40a8,8,0,0,1-8,8,16,16,0,0,1-16-16V128a8,8,0,0,1,0-16,16,16,0,0,1,16,16v40A8,8,0,0,1,144,176ZM112,84a12,12,0,1,1,12,12A12,12,0,0,1,112,84Z\"><\/path><\/svg><svg xmlns=\"http:\/\/www.w3.org\/2000\/svg\" class=\"close_icon\" width=\"28\" height=\"28\" fill=\"#FFF\" viewBox=\"0 0 256 256\"><path d=\"M165.66,101.66,139.31,128l26.35,26.34a8,8,0,0,1-11.32,11.32L128,139.31l-26.34,26.35a8,8,0,0,1-11.32-11.32L116.69,128,90.34,101.66a8,8,0,0,1,11.32-11.32L128,116.69l26.34-26.35a8,8,0,0,1,11.32,11.32ZM232,128A104,104,0,1,1,128,24,104.11,104.11,0,0,1,232,128Zm-16,0a88,88,0,1,0-88,88A88.1,88.1,0,0,0,216,128Z\"><\/path><\/svg><\/span><\/div>\n\n\n<figcaption class=\"gb-text\">La fuente de Bernini en el lado sur de la Plaza de San Pedro.<\/figcaption>\n<\/figure>\n\n\n\n<p>La otra fuente, construida por Bernini a\u00f1os despu\u00e9s, fue dise\u00f1ada para parecerse a su compa\u00f1era con el fin de hacer que la plaza pareciera sim\u00e9trica, aunque es muy diferente al habitual estilo elaborado de Bernini.<\/p>\n\n\n\n<h3 class=\"wp-block-heading\">Las columnatas<\/h3>\n\n\n\n<figure><div class=\"ms-credits\">\n<img decoding=\"async\" class=\"gb-media-08b272da\" alt=\"Estatuas de santos en lo alto de la columnata curva de la Plaza de San Pedro.\" src=\"https:\/\/www.rome.info\/wp-content\/uploads\/st-peters-square-colonnade-statues-1747036290.jpg\" title=\"st-peters-square-colonnade-statues-1747036290\"\/>\n<span class='ms-credits__info' id='media2723'>Pexels LicenseJiri Ikonomidis\/<a href=https:\/\/www.pexels.com\/photo\/sculptures-on-rooftop-of-st-peters-basilica-24981455\/ rel='nofollow' target='_blank'>Pexels<\/a><\/span><span class='ms-credits__btn' id='btn_media2723' onclick='ms_credits_trigger(\"#media2723\", this)'><svg xmlns=\"http:\/\/www.w3.org\/2000\/svg\" class=\"info_icon\" width=\"28\" height=\"28\" fill=\"#FFF\" viewBox=\"0 0 256 256\"><path d=\"M128,24A104,104,0,1,0,232,128,104.11,104.11,0,0,0,128,24Zm0,192a88,88,0,1,1,88-88A88.1,88.1,0,0,1,128,216Zm16-40a8,8,0,0,1-8,8,16,16,0,0,1-16-16V128a8,8,0,0,1,0-16,16,16,0,0,1,16,16v40A8,8,0,0,1,144,176ZM112,84a12,12,0,1,1,12,12A12,12,0,0,1,112,84Z\"><\/path><\/svg><svg xmlns=\"http:\/\/www.w3.org\/2000\/svg\" class=\"close_icon\" width=\"28\" height=\"28\" fill=\"#FFF\" viewBox=\"0 0 256 256\"><path d=\"M165.66,101.66,139.31,128l26.35,26.34a8,8,0,0,1-11.32,11.32L128,139.31l-26.34,26.35a8,8,0,0,1-11.32-11.32L116.69,128,90.34,101.66a8,8,0,0,1,11.32-11.32L128,116.69l26.34-26.35a8,8,0,0,1,11.32,11.32ZM232,128A104,104,0,1,1,128,24,104.11,104.11,0,0,1,232,128Zm-16,0a88,88,0,1,0-88,88A88.1,88.1,0,0,0,216,128Z\"><\/path><\/svg><\/span><\/div>\n\n\n<figcaption class=\"gb-text\">Estatuas de santos en las columnatas de la Plaza de San Pedro.<\/figcaption>\n<\/figure>\n\n\n\n<p>Las columnatas son, sin duda, la caracter\u00edstica m\u00e1s impresionante de la plaza. Construidas en torno a la forma el\u00edptica de la plaza, las columnatas tienen cuatro filas de profundidad y est\u00e1n construidas a gran escala. Bernini eligi\u00f3 deliberadamente usar el estilo m\u00e1s sencillo, el orden d\u00f3rico, para que las columnas no chocaran con las m\u00e1s elaboradas de la fachada de la bas\u00edlica.<\/p>\n\n\n\n<p>Coronando las columnatas hay 140 estatuas de mayor tama\u00f1o que el natural. Representan a varios Santos y M\u00e1rtires y tardaron m\u00e1s de diez a\u00f1os en completarse.<\/p>\n\n\n\n<p>Las columnatas fueron dise\u00f1adas para parecer acogedoras. Seg\u00fan el arquitecto que las dise\u00f1\u00f3, Bernini, estaban destinadas a abrazar a los visitantes en los \u00abbrazos maternales de la Iglesia\u00bb.<\/p>\n\n\n\n<h3 class=\"wp-block-heading\">La Bas\u00edlica de San Pedro<\/h3>\n\n\n\n<p>Ninguna visita a la Plaza de San Pedro est\u00e1 completa sin visitar la bas\u00edlica para la que fue dise\u00f1ada. La Bas\u00edlica de San Pedro no solo es la iglesia m\u00e1s grande del mundo, sino tambi\u00e9n la sede de la Iglesia Cat\u00f3lica Romana.<\/p>\n\n\n\n<figure><div class=\"ms-credits\">\n<img decoding=\"async\" class=\"gb-media-a12a0058\" alt=\"C\u00fapula de la Bas\u00edlica de San Pedro\" src=\"https:\/\/www.rome.info\/wp-content\/uploads\/f-cupola-dome-of-st-peters-basilica.jpg\" title=\"Cupola Dome of St. Peter's Basilica\"\/>\n<span class='ms-credits__info' id='media822'>Pixabay LicenseBMeyendriesch\/<a href=https:\/\/pixabay.com\/photos\/building-church-sacred-building-6862617\/ rel='nofollow' target='_blank'>Pixabay<\/a><\/span><span class='ms-credits__btn' id='btn_media822' onclick='ms_credits_trigger(\"#media822\", this)'><svg xmlns=\"http:\/\/www.w3.org\/2000\/svg\" class=\"info_icon\" width=\"28\" height=\"28\" fill=\"#FFF\" viewBox=\"0 0 256 256\"><path d=\"M128,24A104,104,0,1,0,232,128,104.11,104.11,0,0,0,128,24Zm0,192a88,88,0,1,1,88-88A88.1,88.1,0,0,1,128,216Zm16-40a8,8,0,0,1-8,8,16,16,0,0,1-16-16V128a8,8,0,0,1,0-16,16,16,0,0,1,16,16v40A8,8,0,0,1,144,176ZM112,84a12,12,0,1,1,12,12A12,12,0,0,1,112,84Z\"><\/path><\/svg><svg xmlns=\"http:\/\/www.w3.org\/2000\/svg\" class=\"close_icon\" width=\"28\" height=\"28\" fill=\"#FFF\" viewBox=\"0 0 256 256\"><path d=\"M165.66,101.66,139.31,128l26.35,26.34a8,8,0,0,1-11.32,11.32L128,139.31l-26.34,26.35a8,8,0,0,1-11.32-11.32L116.69,128,90.34,101.66a8,8,0,0,1,11.32-11.32L128,116.69l26.34-26.35a8,8,0,0,1,11.32,11.32ZM232,128A104,104,0,1,1,128,24,104.11,104.11,0,0,1,232,128Zm-16,0a88,88,0,1,0-88,88A88.1,88.1,0,0,0,216,128Z\"><\/path><\/svg><\/span><\/div>\n\n\n<figcaption class=\"gb-text\">Interior de la Bas\u00edlica de San Pedro: mirando hacia arriba la impresionante c\u00fapula dise\u00f1ada por Miguel \u00c1ngel.<\/figcaption>\n<\/figure>\n\n\n\n<p>Aunque el edificio en s\u00ed es una obra de arte incre\u00edble por derecho propio, el interior tambi\u00e9n est\u00e1 lleno de obras maestras art\u00edsticas y arquitect\u00f3nicas de artistas como Rafael y Miguel \u00c1ngel.&nbsp;<\/p>\n\n\n\n<p>Si est\u00e1s en la plaza en Pascua, Navidad u ocasionalmente los mi\u00e9rcoles por la ma\u00f1ana, incluso podr\u00edas ver al Papa saludando desde el balc\u00f3n de la fachada.<\/p>\n\n\n\n<h2 class=\"wp-block-heading\">C\u00f3mo llegar<\/h2>\n\n\n\n<p>La Plaza de San Pedro est\u00e1 en la Ciudad del Vaticano, al norte del centro de Roma. Es de f\u00e1cil acceso en <a href=\"https:\/\/www.rome.info\/transport\/public-transport\/\">transporte p\u00fablico<\/a>.<\/p>\n\n\n\n<ul class=\"wp-block-list\">\n<li><a href=\"https:\/\/www.rome.info\/transport\/public-transport\/metro\/\">Metro<\/a>: L\u00ednea A &#8211; <em>Ottaviano-S. Pietro<\/em> o <em>Cipro<\/em><\/li>\n\n\n\n<li><a href=\"https:\/\/www.rome.info\/transport\/public-transport\/bus\/\">Autob\u00fas<\/a>: Las l\u00edneas 40, 46, 64, 23, 98, 280, 881, 916 y 982 paran cerca.<\/li>\n\n\n\n<li><a href=\"https:\/\/www.rome.info\/transport\/public-transport\/tram\/\">Tranv\u00eda<\/a>: 19 &#8211; <em>Piazza del Risorgimento<\/em><\/li>\n\n\n\n<li><a href=\"https:\/\/www.rome.info\/transport\/trains\/\">Tren<\/a>: <em>San Pietro<\/em><\/li>\n<\/ul>\n\n\n\n<h2 class=\"wp-block-heading\">Mapa y direcci\u00f3n (Ubicaci\u00f3n)<\/h2>\n\n\n\n<address class=\"ms-mapblock ms-mb-block\">\n\t\n\t\t<h4>\n\t\t\tSt. Peter&#8217;s Square\t\t<\/h2>\n\n\t\t<p class=\"ms-mb-0\">\n            <img decoding=\"async\" class=\"ms-mapblock__map ms-rounded\" src=\"https:\/\/www.rome.info\/es\/wp-content\/uploads\/sites\/10\/maps\/staticmap_-33.9424837_18.4667742_14_768x432.png\" alt=\"St. Peter&#039;s Square\" \/>\n\t\t<\/p>\n\n\t\t<p class=\"ms-text-sm ms-text-muted\">\n\t\t\t423 Main Rd, Corner Of, SHOP9, Anzio Rd, Observatory, Cape Town, 7925, South Africa \u00b7\n\t\t\t<a rel=\"nofollow noopener\" target=\"_blank\" href=\"https:\/\/maps.google.com\/?q=-33.9424837,18.4667742\">Google Maps<\/a>\n\t\t<\/p>\n\n\t<\/address>\n\n\n<h2 class=\"wp-block-heading\">\u00bfSab\u00edas que? (5 datos curiosos)<\/h2>\n\n\n\n<ol class=\"wp-block-list\">\n<li>Esta gigantesca plaza tiene 320 m de longitud y 240 m de anchura, y puede albergar nada menos que 300.000 personas.<\/li>\n\n\n\n<li>El obelisco en el centro de la plaza es el \u00fanico obelisco de Roma que no ha sido derribado desde la antig\u00fcedad.<\/li>\n\n\n\n<li>La carretera de 500 metros conocida como Via della Conciliazione que conecta la Plaza de San Pedro con Castel Sant&#8217;Angelo fue encargada por el dictador fascista Mussolini en los a\u00f1os 30. Ofrece una vista espectacular y despejada de la iglesia, aunque muchos edificios hist\u00f3ricos fueron derribados para crearla.<\/li>\n\n\n\n<li>La Ciudad del Vaticano tiene su propia oficina de correos en la plaza donde puedes enviar una carta a un ser querido con un sello \u00fanico del Vaticano.<\/li>\n\n\n\n<li>La plaza tiene un total de 284 columnas y 88 pilastras.<\/li>\n<\/ol>\n\n\n\n<h2 class=\"wp-block-heading\">Historia<\/h2>\n\n\n\n<p>La Plaza de San Pedro es uno de los espacios p\u00fablicos m\u00e1s ic\u00f3nicos del mundo, dise\u00f1ada para abrazar a los visitantes en los brazos de la Iglesia Cat\u00f3lica. La obra maestra de Bernini crea una aproximaci\u00f3n dram\u00e1tica a la bas\u00edlica m\u00e1s importante de la cristiandad.<\/p>\n\n\n\n<div class=\"ms-timeline-list\">\n<div class=\"ms-timeline-item\">\n<p class=\"gb-text ms-timeline-item__time\">Siglo XVII<\/p>\n\n\n\n<p class=\"gb-text\">El papa Alejandro VII encarg\u00f3 la construcci\u00f3n de una nueva plaza para destacar la magnificencia de la Bas\u00edlica de San Pedro y dar cabida a grandes multitudes.<\/p>\n<\/div>\n\n\n\n<div class=\"ms-timeline-item\">\n<p class=\"gb-text ms-timeline-item__time\">1656-1667<\/p>\n\n\n\n<p class=\"gb-text\">Gian Lorenzo Bernini construy\u00f3 la plaza bajo la supervisi\u00f3n del papa Alejandro VII.<\/p>\n<\/div>\n\n\n\n<div class=\"ms-timeline-item\">\n<p class=\"gb-text ms-timeline-item__time\">1670<\/p>\n\n\n\n<p class=\"gb-text\">Los disc\u00edpulos de Bernini continuaron el trabajo a\u00f1adiendo estatuas de santos encima de las columnatas.<\/p>\n<\/div>\n\n\n\n<div class=\"ms-timeline-item\">\n<p class=\"gb-text ms-timeline-item__time\">1675<\/p>\n\n\n\n<p class=\"gb-text\">Bernini volvi\u00f3 para construir una segunda fuente que combinara con la de Carlo Maderno, de 1614.<\/p>\n<\/div>\n\n\n\n<div class=\"ms-timeline-item\">\n<p class=\"gb-text ms-timeline-item__time\">1680<\/p>\n\n\n\n<p class=\"gb-text\">Bernini muri\u00f3 cinco a\u00f1os despu\u00e9s de completar su trabajo final en la plaza.<\/p>\n<\/div>\n\n\n\n<div class=\"ms-timeline-item\">\n<p class=\"gb-text ms-timeline-item__time\">Actualidad<\/p>\n\n\n\n<p class=\"gb-text\">La plaza recibe a millones de peregrinos y turistas cada a\u00f1o y es sede de las Audiencias Papales.<\/p>\n<\/div>\n<\/div>\n","protected":false},"excerpt":{"rendered":"<p>Visita al papa en una de las plazas m\u00e1s famosas del mundo.<\/p>\n","protected":false},"author":9,"featured_media":386,"parent":0,"menu_order":24,"template":"","meta":{"_acf_changed":false,"button_url":"https:\/\/www.tiqets.com\/es\/saint-peter's-square-l145161\/?partner=romeinfo","product_id":"","street_address":", ","city":"","country":"","postal_code":"00120","lattitude":"41.9022225","longitude":"12.4567283","rank_math_title":"Plaza de San Pedro (Piazza San Pietro): gu\u00eda para visitantes %currentyear%","rank_math_description":"Planifica tu visita a la Plaza de San Pedro en Ciudad del Vaticano: desde las columnatas de Bernini y el antiguo obelisco egipcio hasta la Bas\u00edlica de San Pedro."},"attraction-types":[19,24],"producer":[36],"class_list":["post-231","attraction","type-attraction","status-publish","has-post-thumbnail","hentry","attraction-types-vaticano","attraction-types-plazas"],"acf":[],"location_schema":{"product_id":"","street_address":", ","city":"","country":"","postal_code":"00120","lattitude":"41.9022225","longitude":"12.4567283"},"_links":{"self":[{"href":"https:\/\/www.rome.info\/es\/wp-json\/wp\/v2\/attraction\/231","targetHints":{"allow":["GET"]}}],"collection":[{"href":"https:\/\/www.rome.info\/es\/wp-json\/wp\/v2\/attraction"}],"about":[{"href":"https:\/\/www.rome.info\/es\/wp-json\/wp\/v2\/types\/attraction"}],"author":[{"embeddable":true,"href":"https:\/\/www.rome.info\/es\/wp-json\/wp\/v2\/users\/9"}],"wp:featuredmedia":[{"embeddable":true,"href":"https:\/\/www.rome.info\/es\/wp-json\/wp\/v2\/media\/386"}],"wp:attachment":[{"href":"https:\/\/www.rome.info\/es\/wp-json\/wp\/v2\/media?parent=231"}],"wp:term":[{"taxonomy":"attraction-types","embeddable":true,"href":"https:\/\/www.rome.info\/es\/wp-json\/wp\/v2\/attraction-types?post=231"},{"taxonomy":"producer","embeddable":true,"href":"https:\/\/www.rome.info\/es\/wp-json\/wp\/v2\/producer?post=231"}],"curies":[{"name":"wp","href":"https:\/\/api.w.org\/{rel}","templated":true}]}}