{"id":229,"date":"2026-04-24T06:55:50","date_gmt":"2026-04-24T06:55:50","guid":{"rendered":"https:\/\/www.rome.info\/es\/?post_type=attraction&#038;p=229"},"modified":"2026-04-27T12:25:25","modified_gmt":"2026-04-27T12:25:25","slug":"foro-romano","status":"publish","type":"attraction","link":"https:\/\/www.rome.info\/es\/atracciones\/foro-romano\/","title":{"rendered":"Foro Romano"},"content":{"rendered":"\n<p>Descubre el centro de la sociedad romana en el Foro, donde se promulgaban leyes, se debat\u00eda la pol\u00edtica y se intercambiaban mercanc\u00edas.&nbsp;<\/p>\n\n\n\n<p>Este es el coraz\u00f3n palpitante de la Roma antigua: un incomparable motor social, econ\u00f3mico, religioso y pol\u00edtico.<\/p>\n\n\n\n<figure><div class=\"ms-credits\">\n<img decoding=\"async\" class=\"gb-media-17a6a02f\" alt=\"Vista a\u00e9rea del Foro Romano\" src=\"https:\/\/www.rome.info\/wp-content\/uploads\/f-roman-forum-aerial-view.jpg\" title=\"Aerial View of the Roman Forum\" \/>\n<span class='ms-credits__info' id='media837'>Pixabay LicenseSCAPIN\/<a href=https:\/\/pixabay.com\/photos\/rome-italy-antique-roman-forum-953367\/ rel='nofollow' target='_blank'>Pixabay<\/a><\/span><span class='ms-credits__btn' id='btn_media837' onclick='ms_credits_trigger(\"#media837\", this)'><svg xmlns=\"http:\/\/www.w3.org\/2000\/svg\" class=\"info_icon\" width=\"28\" height=\"28\" fill=\"#FFF\" viewBox=\"0 0 256 256\"><path d=\"M128,24A104,104,0,1,0,232,128,104.11,104.11,0,0,0,128,24Zm0,192a88,88,0,1,1,88-88A88.1,88.1,0,0,1,128,216Zm16-40a8,8,0,0,1-8,8,16,16,0,0,1-16-16V128a8,8,0,0,1,0-16,16,16,0,0,1,16,16v40A8,8,0,0,1,144,176ZM112,84a12,12,0,1,1,12,12A12,12,0,0,1,112,84Z\"><\/path><\/svg><svg xmlns=\"http:\/\/www.w3.org\/2000\/svg\" class=\"close_icon\" width=\"28\" height=\"28\" fill=\"#FFF\" viewBox=\"0 0 256 256\"><path d=\"M165.66,101.66,139.31,128l26.35,26.34a8,8,0,0,1-11.32,11.32L128,139.31l-26.34,26.35a8,8,0,0,1-11.32-11.32L116.69,128,90.34,101.66a8,8,0,0,1,11.32-11.32L128,116.69l26.34-26.35a8,8,0,0,1,11.32,11.32ZM232,128A104,104,0,1,1,128,24,104.11,104.11,0,0,1,232,128Zm-16,0a88,88,0,1,0-88,88A88.1,88.1,0,0,0,216,128Z\"><\/path><\/svg><\/span><\/div>\n\n\n<figcaption class=\"gb-text\">El Foro Romano est\u00e1 en el centro de la ciudad antigua de Roma.<\/figcaption>\n<\/figure>\n\n\n\n<div class=\"ms-rounded ms-mb-last-child-0 ms-mb-block ms-tfs--contrast ms-p ms-tfs\">\n<h3 class=\"gb-text\">Entradas para el Foro Romano<\/h3>\n\n\n\n<p class=\"gb-text\">Si vas a visitar el Foro Romano, conviene reservar las entradas con antelaci\u00f3n. Evitar\u00e1s las grandes colas y aprovechar\u00e1s mejor la visita. Hay varias opciones seg\u00fan c\u00f3mo te guste explorar, pero estas son las que recomendar\u00eda:<\/p>\n\n\n\n<hr class=\"wp-block-separator has-alpha-channel-opacity\"\/>\n\n\n\n<p class=\"gb-text\"><em>Nota: Las entradas para el Coliseo, el Monte Palatino y el Foro Romano suelen ser combinadas, ya que los tres lugares est\u00e1n muy cerca y estaban hist\u00f3ricamente conectados.<\/em><\/p>\n\n\n\n<hr class=\"wp-block-separator has-alpha-channel-opacity\"\/>\n\n\n\n<p class=\"ms-link-unstyled\"><strong>\ud83c\udfa7 <a href=\"https:\/\/www.tiqets.com\/es\/rome-attractions-c71631\/admission-for-colosseum-roman-forum-audio-guide-p975871\/?partner=romeinfo\" rel=\"nofollow noopener\">Coliseo &amp; Foro Romano &amp; Monte Palatino con Audiogu\u00eda<\/a><\/strong><\/p>\n\n\n\n<p>La forma m\u00e1s econ\u00f3mica de visitar los tres yacimientos principales con una audiogu\u00eda digital que explica la historia mientras exploras. Disponible en 7 idiomas: chino, ingl\u00e9s, franc\u00e9s, alem\u00e1n, italiano, portugu\u00e9s y espa\u00f1ol.<\/p>\n\n\n\n<p class=\"ms-link-unstyled\"><strong>\ud83c\udfa5 <a href=\"https:\/\/www.tiqets.com\/es\/rome-attractions-c71631\/tickets-for-roman-forum-and-palatine-hill-entry-with-multimedia-video-p1052591\/?partner=romeinfo\" rel=\"nofollow noopener\">Foro Romano &amp; Monte Palatino con V\u00eddeo Multimedia<\/a><\/strong><\/p>\n\n\n\n<p>Incluye las entradas al <strong>Foro Romano y el Monte Palatino,<\/strong> m\u00e1s un v\u00eddeo de 25 minutos sobre los yacimientos. Sin gu\u00eda en directo, pero puedes moverte a tu ritmo. Buena opci\u00f3n si quieres algo de contexto visual pero prefieres explorar por tu cuenta.<\/p>\n\n\n\n<p class=\"ms-link-unstyled\"><strong>\ud83c\udfab <a href=\"https:\/\/www.tiqets.com\/es\/rome-attractions-c71631\/tickets-for-roman-forum-palatine-hill-guided-tour-p1098077\/?partner=romeinfo\" rel=\"nofollow noopener\">Tour Guiado por el Foro Romano &amp; Monte Palatino<\/a><\/strong><\/p>\n\n\n\n<p>Este tour cuenta con un gu\u00eda que te acompa\u00f1a durante 3 horas, con salida a las 9:30. En ingl\u00e9s, con auriculares incluidos, y la entrada est\u00e1 gestionada por ellos. Grupos de m\u00e1ximo 24 personas para una experiencia m\u00e1s personalizada.<\/p>\n\n\n\n<p class=\"ms-link-unstyled\"><strong>\ud83c\udfdb\ufe0f <a href=\"https:\/\/www.tiqets.com\/es\/rome-attractions-c71631\/rome-tourist-card-p1013153\/?partner=romeinfo\" rel=\"nofollow noopener\">Rome Tourist Card<\/a><\/strong><\/p>\n\n\n\n<p>Este pase completo incluye <strong>el Coliseo, el Foro Romano, el Monte Palatino, los Museos Vaticanos y m\u00e1s<\/strong>, junto con una audiogu\u00eda de la ciudad y un 10% de descuento en otras atracciones.<\/p>\n\n\n\n<p>Ahora tambi\u00e9n puedes <strong>reservar tu traslado al aeropuerto<\/strong> al comprar la tarjeta. Incluye los <strong>autobuses a los aeropuertos de Fiumicino y Ciampino<\/strong>, o el tren <strong>Leonardo Express<\/strong>. Es una buena elecci\u00f3n si planeas visitar varios lugares en Roma.<\/p>\n\n\n\n<hr class=\"wp-block-separator has-alpha-channel-opacity\"\/>\n\n\n\n<div class=\"ms-cta-button-options ms-mb-block ms-cta\">\n<a class=\"gb-text ms-btn ms-btn--primary ms-shadow\" href=\"https:\/\/www.tiqets.com\/es\/rome-attractions-c71631\/rome-tourist-card-p1013153\/?partner=romeinfo&#038;tq_campaign=ticket_options\" rel=\"nofollow noopener\">Rome Tourist Card<\/a>\n\n\n\n<a class=\"gb-text ms-btn ms-btn--outline-primary ms-shadow\" rel=\"nofollow noopener\" href=\"https:\/\/www.tiqets.com\/es\/roman-forum-tickets-l146049\/?partner=romeinfo\">Todas las opciones de entradas \u2192<\/a>\n<\/div>\n<\/div>\n\n\n\n<h2 class=\"wp-block-heading\">Lo m\u00e1s destacado<\/h2>\n\n\n\n<ul class=\"ms-icon-list ms-mb-block\">\n<li class=\"ms-icon-list__item\"><span class=\"gb-shape\"><svg viewBox=\"0 0 256 256\" fill=\"#000000\" height=\"32\" width=\"32\" xmlns=\"http:\/\/www.w3.org\/2000\/svg\"><path d=\"M232.49,80.49l-128,128a12,12,0,0,1-17,0l-56-56a12,12,0,1,1,17-17L96,183,215.51,63.51a12,12,0,0,1,17,17Z\"><\/path><\/svg><\/span><span class=\"gb-text\">Recorre la Via Sacra, la calle principal de la antigua Roma.<\/span><\/li>\n\n\n\n<li class=\"ms-icon-list__item\"><span class=\"gb-shape\"><svg viewBox=\"0 0 256 256\" fill=\"#000000\" height=\"32\" width=\"32\" xmlns=\"http:\/\/www.w3.org\/2000\/svg\"><path d=\"M232.49,80.49l-128,128a12,12,0,0,1-17,0l-56-56a12,12,0,1,1,17-17L96,183,215.51,63.51a12,12,0,0,1,17,17Z\"><\/path><\/svg><\/span><span class=\"gb-text\">Visita el templo y la casa de las Vestales y descubre d\u00f3nde manten\u00edan la llama sagrada y eterna de Roma.<\/span><\/li>\n\n\n\n<li class=\"ms-icon-list__item\"><span class=\"gb-shape\"><svg viewBox=\"0 0 256 256\" fill=\"#000000\" height=\"32\" width=\"32\" xmlns=\"http:\/\/www.w3.org\/2000\/svg\"><path d=\"M232.49,80.49l-128,128a12,12,0,0,1-17,0l-56-56a12,12,0,1,1,17-17L96,183,215.51,63.51a12,12,0,0,1,17,17Z\"><\/path><\/svg><\/span><span class=\"gb-text\">Serpentea entre las ruinas de templos, salas de reuniones y monumentos del Foro, y ve el lugar de la tumba del infame Julio C\u00e9sar.<\/span><\/li>\n<\/ul>\n\n\n\n<h2 class=\"wp-block-heading\">Todo lo que necesitas saber sobre visitar el Foro<\/h2>\n\n\n\n<p>La entrada al Foro Romano y al <a href=\"https:\/\/www.rome.info\/attractions\/palatine-hill\/\">Monte Palatino<\/a> normalmente est\u00e1 incluida con tu <a href=\"https:\/\/www.rome.info\/attractions\/colosseum\/tickets\/\" data-type=\"link\" data-id=\"https:\/\/www.rome.info\/attractions\/colosseum\/tickets\/\">entrada al Coliseo<\/a>, ya que el Foro forma parte del mismo parque arqueol\u00f3gico (<em>Parco Archeologico del Colosseo<\/em>).&nbsp;<\/p>\n\n\n\n<p>Lo bueno es que es v\u00e1lida durante 24 horas antes o despu\u00e9s de tu entrada al <a href=\"https:\/\/www.rome.info\/attractions\/colosseum\/\" data-type=\"link\" data-id=\"https:\/\/www.rome.info\/attractions\/colosseum\/\">Coliseo<\/a>. Eso significa que no est\u00e1s obligado a ver ambos el mismo d\u00eda. De hecho, por razones que te explicar\u00e9 a continuaci\u00f3n, te recomiendo encarecidamente que visites primero el Foro Romano (idealmente la tarde anterior) y luego el Coliseo a la ma\u00f1ana siguiente.<\/p>\n\n\n\n<p>Para llegar, tienes dos opciones. O bien tomas la entrada principal por la Via Sacra (frente al Coliseo) y entras por el Arco de Tito, O entras por Via di Gregorio (justo despu\u00e9s del Arco de Constantino) para una entrada m\u00e1s relajada.&nbsp;<\/p>\n\n\n\n<p>Te mostrar\u00e9 la entrada por la Via Sacra ya que, aunque es la m\u00e1s concurrida, tambi\u00e9n es la m\u00e1s evocadora. Pero la decisi\u00f3n es tuya.<\/p>\n\n\n\n<p>Esta gu\u00eda da por hecho que tienes una entrada prereservada sin gu\u00eda.&nbsp;<\/p>\n\n\n\n<h2 class=\"wp-block-heading\">Entradas y precios<\/h2>\n\n\n\n<p>Explora el Foro Romano con facilidad comprando una entrada de antemano. No tendr\u00e1s que perder tiempo extra en las colas de compra y podr\u00e1s recorrer el yacimiento antiguo sin complicaciones.<\/p>\n\n\n\n<p>Descubre cu\u00e1l de estas entradas al Foro Romano se adapta mejor a ti:<\/p>\n\n\n\n<ul class=\"wp-block-list\">\n<li><strong><a href=\"https:\/\/www.tiqets.com\/en\/rome-attractions-c71631\/tickets-for-colosseum-roman-forum-palatine-hill-priority-entrance-ancient-rome-video-p975446\/?partner=romeinfo\" rel=\"nofollow noopener\">Coliseo, Foro Romano y Monte Palatino (Entrada prioritaria)<\/a><\/strong> &#8211; Salta la cola con esta entrada de acceso prioritario.<\/li>\n\n\n\n<li><strong><a href=\"https:\/\/www.tiqets.com\/en\/rome-attractions-c71631\/tickets-for-colosseum-roman-forum-palatine-hill-last-minute-entrance-p1027028\/?partner=romeinfo\" rel=\"nofollow noopener\">Coliseo, Foro Romano y Monte Palatino (Entrada prioritaria de \u00faltima hora)<\/a><\/strong> &#8211; Entrada de \u00faltima hora para el Coliseo.<\/li>\n\n\n\n<li><strong><a href=\"https:\/\/www.tiqets.com\/en\/rome-attractions-c71631\/rome-tourist-card-p1013153\/?partner=romeinfo\" rel=\"nofollow noopener\">Rome Tourist Card (la m\u00e1s vendida)<\/a><\/strong> \u2013 Ve lo mejor de Roma con este popular combo. Incluye acceso al Coliseo, Foro Romano y Monte Palatino, Museos Vaticanos y Capilla Sixtina, visita guiada oficial a la Bas\u00edlica de San Pedro y m\u00e1s&#8230;<\/li>\n\n\n\n<li><strong><a href=\"https:\/\/www.tiqets.com\/en\/rome-attractions-c71631\/tickets-for-rome-super-pass-p975066\/?partner=romeinfo\" rel=\"nofollow noopener\">Rome Super Pass con transporte p\u00fablico<\/a><\/strong> &#8211; Entrada sin colas a algunas de las mejores atracciones de Roma con este combo. Incluye el abono ilimitado de transporte p\u00fablico (metro, autob\u00fas, tranv\u00eda).<\/li>\n<\/ul>\n\n\n\n<h3 class=\"wp-block-heading\">Entradas para el Coliseo, el Foro Romano y el Monte Palatino<\/h3>\n\n\n\n<p>La entrada a los yacimientos antiguos vecinos del Coliseo y el Monte Palatino tambi\u00e9n est\u00e1 incluida con estas entradas. Puedes saltarte las colas y descargar tambi\u00e9n una gu\u00eda digital que te ense\u00f1a la historia de tu entorno. Para una experiencia m\u00e1s inmersiva, los <a href=\"https:\/\/www.rome.info\/attractions\/colosseum\/tours\/\">tours del Coliseo<\/a> ofrecen comentarios guiados por expertos y acceso a zonas restringidas como el subterr\u00e1neo y el suelo de la arena.<\/p>\n\n\n\n<p><strong>Informaci\u00f3n importante sobre las entradas:<\/strong><\/p>\n\n\n\n<ul class=\"wp-block-list\">\n<li>Las entradas son v\u00e1lidas durante dos d\u00edas (incluido el d\u00eda de activaci\u00f3n).<\/li>\n\n\n\n<li>No es posible reingresar una vez que se sale del recinto.<\/li>\n\n\n\n<li>El Monte Palatino abre a las 9:00 y el horario de cierre var\u00eda seg\u00fan la temporada. El Coliseo abre de 8:30 a 16:30 y el Foro Romano de 9:00 a 16:30. La \u00faltima admisi\u00f3n es una hora antes del cierre.<\/li>\n\n\n\n<li>Debes dirigirte a la entrada de la Via dei Fori Imperiali para entrar al Foro Romano.<\/li>\n\n\n\n<li>Puedes elegir entre 5 rutas de visita, que van de 30 minutos a 2,5 horas.<\/li>\n<\/ul>\n\n\n\n<h3 class=\"wp-block-heading ms-link-unstyled\"><a href=\"https:\/\/www.rome.info\/city-passes\/rome-tourist-card\/\" data-type=\"link\" data-id=\"https:\/\/www.rome.info\/city-passes\/rome-tourist-card\/\">Rome Tourist Card<\/a><\/h3>\n\n\n\n<!-- Put this wherever you would like your player to appear -->\n<img decoding=\"async\" style=\"width: 100%;margin:auto auto 0\" class=\"vidyard-player-embed\" src=\"https:\/\/play.vidyard.com\/6x7iL1B3Ao4SUgXEdPXMaE.jpg\" data-uuid=\"6x7iL1B3Ao4SUgXEdPXMaE\" data-v=\"4\" data-type=\"inline\" \/>\n\n\n<div class=\"gb-container gb-container-1731804d ms-cta-button ms-mb-block\">\n\n<a class=\"gb-button gb-button-4a978507 gb-button-text ms-btn ms-btn--primary ms-shadow\" href=\"https:\/\/www.tiqets.com\/en\/rome-attractions-c71631\/rome-tourist-card-p1013153\/?partner=romeinfo\" rel=\"nofollow noopener\">Saber m\u00e1s sobre la Rome Tourist Card<\/a>\n\n<\/div>\n\n\n<p>La Rome Tourist Card es el pase definitivo para los nuevos visitantes de Roma. Te da acceso a los lugares m\u00e1s ic\u00f3nicos de la ciudad, desde el Foro Romano y el Coliseo hasta la <a href=\"https:\/\/www.rome.info\/attractions\/sistine-chapel\/\">Capilla Sixtina<\/a>.&nbsp;<\/p>\n\n\n\n<p>Es perfecta para quienes esperan visitar todos los principales lugares tur\u00edsticos durante su visita.<\/p>\n\n\n\n<p>\u2728&nbsp;<strong>Novedad:<\/strong> ahora puedes a\u00f1adir un <strong>traslado al aeropuerto<\/strong> al realizar el pago, con opciones como autobuses desde Fiumicino o Ciampino, o el tren Leonardo Express al centro de la ciudad.<\/p>\n\n\n\n<p>Tras la reserva, tambi\u00e9n obtendr\u00e1s un <strong>10% de descuento<\/strong> en otros lugares y tours, como los Museos Capitolinos, los autobuses hop-on hop-off o incluso tours en bici.<\/p>\n\n\n\n<div class=\"ms-query-section ms-mb-block\">\n<div class=\"ms-query-section-header\">\n<h3 class=\"gb-text ms-query-section__title\">Otros pases de ciudad para explorar el Foro Romano<\/h3>\n<\/div>\n\n\n\n<p class=\"gb-text ms-query-section__description ms-text-sm\">\u00bfQuieres visitar el Foro Romano y otras atracciones principales? Un pase de ciudad puede ahorrarte dinero y tiempo.<\/p>\n\n\n\n<div><\/div>\n<\/div>\n\n\n\n<p><a href=\"https:\/\/www.rome.info\/city-passes\/comparison\/\" data-type=\"link\" data-id=\"https:\/\/www.rome.info\/city-passes\/comparison\/\">Comparar todos los pases -&gt;<\/a><\/p>\n\n\n\n<p><strong>Informaci\u00f3n importante sobre las entradas:<\/strong><\/p>\n\n\n\n<ul class=\"wp-block-list\">\n<li>Incluye acceso sin colas.<\/li>\n\n\n\n<li>Las atracciones incluidas son el Coliseo, el Foro Romano y el Monte Palatino, la Bas\u00edlica de San Pedro, el Vaticano y la Capilla Sixtina.<\/li>\n\n\n\n<li>Es un pase digital.<\/li>\n\n\n\n<li>No hay l\u00edmite de tiempo en la Rome Tourist Card; se puede usar y seguir siendo v\u00e1lida durante toda tu estancia.<\/li>\n\n\n\n<li>Puedes reservar horarios online.<\/li>\n<\/ul>\n\n\n\n<h2 class=\"wp-block-heading\">Mapa y direcci\u00f3n (Ubicaci\u00f3n)<\/h2>\n\n\n\n<address class=\"ms-mapblock ms-mb-block\">\n\t\n\t\t<h4>\n\t\t\tRoman Forum\t\t<\/h2>\n\n\t\t<p class=\"ms-mb-0\">\n            <img decoding=\"async\" class=\"ms-mapblock__map ms-rounded\" src=\"https:\/\/www.rome.info\/es\/wp-content\/uploads\/sites\/10\/maps\/staticmap_41.8920906_12.4864378_14_768x432.png\" alt=\"Roman Forum\" \/>\n\t\t<\/p>\n\n\t\t<p class=\"ms-text-sm ms-text-muted\">\n\t\t\t00186 Rome, Metropolitan City of Rome Capital, Italy \u00b7\n\t\t\t<a rel=\"nofollow noopener\" target=\"_blank\" href=\"https:\/\/maps.google.com\/?q=41.8920906,12.4864378\">Google Maps<\/a>\n\t\t<\/p>\n\n\t<\/address>\n\n\n<h2 class=\"wp-block-heading\">C\u00f3mo llegar<\/h2>\n\n\n\n<p><a href=\"https:\/\/www.rome.info\/transport\/public-transport\/metro\/\">Coge el metro hasta Colosseo<\/a>, en la l\u00ednea B (azul), dos paradas despu\u00e9s de Termini.&nbsp;<\/p>\n\n\n\n<p>Sal de la estaci\u00f3n y el Coliseo estar\u00e1 justo frente a ti.&nbsp;<\/p>\n\n\n\n<p>Tendr\u00e1s la tentaci\u00f3n de empezar a sacar fotos de inmediato, pero cr\u00e9eme, hay lugares mucho mejores para hacerse un selfie.<\/p>\n\n\n\n<figure><div class=\"ms-credits\">\n<img decoding=\"async\" class=\"gb-media-810abbc7\" alt=\"Personas entrando y saliendo de la estaci\u00f3n de metro Colosseo en Roma, cerca del Coliseo.\" src=\"https:\/\/www.rome.info\/wp-content\/uploads\/colosseo-metro-station-1747108629.jpg\" title=\"colosseo-metro-station-1747108629\" \/>\n<span class='ms-credits__info' id='media2733'><svg xmlns=\"http:\/\/www.w3.org\/2000\/svg\" width=\"20\" height=\"22\" fill=\"#000000\" viewBox=\"0 0 256 256\"><path d=\"M128,24A104,104,0,1,0,232,128,104.11,104.11,0,0,0,128,24Zm0,192a88,88,0,1,1,88-88A88.1,88.1,0,0,1,128,216ZM96,128a32,32,0,0,0,57.6,19.2,8,8,0,0,1,12.8,9.61,48,48,0,1,1,0-57.62,8,8,0,0,1-12.8,9.61A32,32,0,0,0,96,128Z\"><\/path><\/svg>tupungato\/<a href=https:\/\/depositphotos.com\/editorial\/rome-metro-29935221.html rel='nofollow' target='_blank'>Depositphotos<\/a><\/span><span class='ms-credits__btn' id='btn_media2733' onclick='ms_credits_trigger(\"#media2733\", this)'><svg xmlns=\"http:\/\/www.w3.org\/2000\/svg\" class=\"info_icon\" width=\"28\" height=\"28\" fill=\"#FFF\" viewBox=\"0 0 256 256\"><path d=\"M128,24A104,104,0,1,0,232,128,104.11,104.11,0,0,0,128,24Zm0,192a88,88,0,1,1,88-88A88.1,88.1,0,0,1,128,216Zm16-40a8,8,0,0,1-8,8,16,16,0,0,1-16-16V128a8,8,0,0,1,0-16,16,16,0,0,1,16,16v40A8,8,0,0,1,144,176ZM112,84a12,12,0,1,1,12,12A12,12,0,0,1,112,84Z\"><\/path><\/svg><svg xmlns=\"http:\/\/www.w3.org\/2000\/svg\" class=\"close_icon\" width=\"28\" height=\"28\" fill=\"#FFF\" viewBox=\"0 0 256 256\"><path d=\"M165.66,101.66,139.31,128l26.35,26.34a8,8,0,0,1-11.32,11.32L128,139.31l-26.34,26.35a8,8,0,0,1-11.32-11.32L116.69,128,90.34,101.66a8,8,0,0,1,11.32-11.32L128,116.69l26.34-26.35a8,8,0,0,1,11.32,11.32ZM232,128A104,104,0,1,1,128,24,104.11,104.11,0,0,1,232,128Zm-16,0a88,88,0,1,0-88,88A88.1,88.1,0,0,0,216,128Z\"><\/path><\/svg><\/span><\/div>\n\n\n<figcaption class=\"gb-text\">Personas saliendo de la estaci\u00f3n de metro.<\/figcaption>\n<\/figure>\n\n\n\n<figure><div class=\"ms-credits\">\n<img decoding=\"async\" class=\"gb-media-cc2ea426\" alt=\"Turistas caminando hacia el Coliseo en Roma en un d\u00eda soleado.\" src=\"https:\/\/www.rome.info\/wp-content\/uploads\/colosseum-tourist-crowd-1747108626.jpg\" title=\"colosseum-tourist-crowd-1747108626\" \/>\n<span class='ms-credits__info' id='media2732'><svg xmlns=\"http:\/\/www.w3.org\/2000\/svg\" width=\"20\" height=\"22\" fill=\"#000000\" viewBox=\"0 0 256 256\"><path d=\"M128,24A104,104,0,1,0,232,128,104.11,104.11,0,0,0,128,24Zm0,192a88,88,0,1,1,88-88A88.1,88.1,0,0,1,128,216ZM96,128a32,32,0,0,0,57.6,19.2,8,8,0,0,1,12.8,9.61,48,48,0,1,1,0-57.62,8,8,0,0,1-12.8,9.61A32,32,0,0,0,96,128Z\"><\/path><\/svg>modesto3\/<a href=https:\/\/depositphotos.com\/editorial\/tourists-visiting-colosseum-rome-sunny-day-807937088.html rel='nofollow' target='_blank'>Depositphotos<\/a><\/span><span class='ms-credits__btn' id='btn_media2732' onclick='ms_credits_trigger(\"#media2732\", this)'><svg xmlns=\"http:\/\/www.w3.org\/2000\/svg\" class=\"info_icon\" width=\"28\" height=\"28\" fill=\"#FFF\" viewBox=\"0 0 256 256\"><path d=\"M128,24A104,104,0,1,0,232,128,104.11,104.11,0,0,0,128,24Zm0,192a88,88,0,1,1,88-88A88.1,88.1,0,0,1,128,216Zm16-40a8,8,0,0,1-8,8,16,16,0,0,1-16-16V128a8,8,0,0,1,0-16,16,16,0,0,1,16,16v40A8,8,0,0,1,144,176ZM112,84a12,12,0,1,1,12,12A12,12,0,0,1,112,84Z\"><\/path><\/svg><svg xmlns=\"http:\/\/www.w3.org\/2000\/svg\" class=\"close_icon\" width=\"28\" height=\"28\" fill=\"#FFF\" viewBox=\"0 0 256 256\"><path d=\"M165.66,101.66,139.31,128l26.35,26.34a8,8,0,0,1-11.32,11.32L128,139.31l-26.34,26.35a8,8,0,0,1-11.32-11.32L116.69,128,90.34,101.66a8,8,0,0,1,11.32-11.32L128,116.69l26.34-26.35a8,8,0,0,1,11.32,11.32ZM232,128A104,104,0,1,1,128,24,104.11,104.11,0,0,1,232,128Zm-16,0a88,88,0,1,0-88,88A88.1,88.1,0,0,0,216,128Z\"><\/path><\/svg><\/span><\/div>\n\n\n<figcaption class=\"gb-text\">El Coliseo est\u00e1 justo enfrente de la estaci\u00f3n de metro.<\/figcaption>\n<\/figure>\n\n\n\n<p>El panel blanco y amarillo oculta una obra en construcci\u00f3n de una nueva parada de metro para la l\u00ednea C.&nbsp;<\/p>\n\n\n\n<p>Lleva m\u00e1s de 20 a\u00f1os en obras, as\u00ed que es algo de lo que los romanos se r\u00eden.<\/p>\n\n\n\n<p>\ud83d\udca1 <strong>Consejo extra:<\/strong> Atenci\u00f3n: hay dos salidas, nivel inferior y nivel superior. Despu\u00e9s de subir las escaleras y pasar por los torniquetes, estar\u00e1s en el nivel inferior. Sal directo. Estar\u00e1s muy cerca del Coliseo. No puedes equivocarte.&nbsp;<br>(Muchos tours guiados tienen su punto de encuentro en esta salida del metro Colosseo)<\/p>\n\n\n\n<p>Si por el contrario has caminado o tomado un <a href=\"https:\/\/www.rome.info\/transport\/taxi\/\">taxi<\/a>, lo m\u00e1s probable es que te dejen en la salida del nivel superior (ya sea por el GPS del m\u00f3vil o el taxista).&nbsp;<\/p>\n\n\n\n<p>Entra en la estaci\u00f3n de metro y baja las escaleras. Llegar\u00e1s al nivel inferior de la estaci\u00f3n, frente al Coliseo.&nbsp;<\/p>\n\n\n\n<h3 class=\"wp-block-heading\">Aviso<\/h3>\n\n\n\n<p>Hay muchos revendedores de entradas ilegales que siguen operando en esta zona. Piensa en ellos como en el sol. No hagas contacto visual directo. Nunca. No es necesario ser grosero ni enojarse con ellos si te molestan. Solo sigue caminando.<\/p>\n\n\n\n<figure><div class=\"ms-credits\">\n<img decoding=\"async\" class=\"gb-media-892b74ce\" alt=\"Larga cola de visitantes esperando para entrar al Coliseo de Roma cerca de su entrada arqueada.\" src=\"https:\/\/www.rome.info\/wp-content\/uploads\/colosseum-entry-queue-1747108633.jpg\" title=\"colosseum-entry-queue-1747108633\" \/>\n<span class='ms-credits__info' id='media2734'><svg xmlns=\"http:\/\/www.w3.org\/2000\/svg\" width=\"20\" height=\"22\" fill=\"#000000\" viewBox=\"0 0 256 256\"><path d=\"M128,24A104,104,0,1,0,232,128,104.11,104.11,0,0,0,128,24Zm0,192a88,88,0,1,1,88-88A88.1,88.1,0,0,1,128,216ZM96,128a32,32,0,0,0,57.6,19.2,8,8,0,0,1,12.8,9.61,48,48,0,1,1,0-57.62,8,8,0,0,1-12.8,9.61A32,32,0,0,0,96,128Z\"><\/path><\/svg>YaseminOlgunozBerber\/<a href=https:\/\/depositphotos.com\/editorial\/colosseum-rome-italy-november-2012-colosseum-most-famous-impressive-monument-332076040.html rel='nofollow' target='_blank'>Depositphotos<\/a><\/span><span class='ms-credits__btn' id='btn_media2734' onclick='ms_credits_trigger(\"#media2734\", this)'><svg xmlns=\"http:\/\/www.w3.org\/2000\/svg\" class=\"info_icon\" width=\"28\" height=\"28\" fill=\"#FFF\" viewBox=\"0 0 256 256\"><path d=\"M128,24A104,104,0,1,0,232,128,104.11,104.11,0,0,0,128,24Zm0,192a88,88,0,1,1,88-88A88.1,88.1,0,0,1,128,216Zm16-40a8,8,0,0,1-8,8,16,16,0,0,1-16-16V128a8,8,0,0,1,0-16,16,16,0,0,1,16,16v40A8,8,0,0,1,144,176ZM112,84a12,12,0,1,1,12,12A12,12,0,0,1,112,84Z\"><\/path><\/svg><svg xmlns=\"http:\/\/www.w3.org\/2000\/svg\" class=\"close_icon\" width=\"28\" height=\"28\" fill=\"#FFF\" viewBox=\"0 0 256 256\"><path d=\"M165.66,101.66,139.31,128l26.35,26.34a8,8,0,0,1-11.32,11.32L128,139.31l-26.34,26.35a8,8,0,0,1-11.32-11.32L116.69,128,90.34,101.66a8,8,0,0,1,11.32-11.32L128,116.69l26.34-26.35a8,8,0,0,1,11.32,11.32ZM232,128A104,104,0,1,1,128,24,104.11,104.11,0,0,1,232,128Zm-16,0a88,88,0,1,0-88,88A88.1,88.1,0,0,0,216,128Z\"><\/path><\/svg><\/span><\/div>\n\n\n<figcaption class=\"gb-text\">Una larga cola de visitantes esperando para entrar al Coliseo.<\/figcaption>\n<\/figure>\n\n\n\n<p>Desde la estaci\u00f3n, cruza la calle y mientras pasas el panel de obras, probablemente ver\u00e1s una cola muy larga como esta.&nbsp;<\/p>\n\n\n\n<p>Esta cola es para los titulares de entradas de grupo. Estar\u00e1n con su gu\u00eda tur\u00edstico.&nbsp;<\/p>\n\n\n\n<p>Sigue la cola unos 20 metros m\u00e1s hasta llegar a una especie de plaza arbolada; al otro lado habr\u00e1 otra larga cola de gente esperando en la taquilla (ver m\u00e1s abajo).&nbsp;<\/p>\n\n\n\n<p>Cruza, pasa por delante de la taquilla y la cola de gente, y sigue recto hasta llegar a la Via Sacra y un cartel que indica el camino de entrada:<\/p>\n\n\n\n<p>\ud83d\udca1<strong>Consejo extra:<\/strong> La Via Sacra est\u00e1 empedrada con enormes adoquines antiguos brillantes (mucho m\u00e1s grandes que los del centro de Roma conocidos como San Pietrini). Querr\u00e1s llevar zapatos con buen agarre.<\/p>\n\n\n\n<p>No estoy muy seguro de cu\u00e1nto m\u00e9rito tiene esto: en Roma hay literalmente cientos de fuentes de agua potable gratuitas. Pero es la \u00fanica fuente del Foro y, sin caf\u00e9s ni restaurantes, la necesitar\u00e1s. La encontrar\u00e1s justo despu\u00e9s del Arco de Tito.&nbsp;<\/p>\n\n\n\n<p>\ud83d\udca1<strong>Consejo extra:<\/strong> Lleva una botella de agua reutilizable. Hay bastante que caminar en el Monte Palatino y no hay restaurantes. (Una l\u00e1stima, porque ser\u00eda muy agradable si los hubiera).&nbsp;<\/p>\n\n\n\n<p>Sube por la Via Sacra y el personal escanear\u00e1 tu entrada. Pasar\u00e1s por un torniquete y entonces, as\u00ed de f\u00e1cil, el \u00e9pico Arco de Tito te dar\u00e1 la bienvenida.&nbsp;<\/p>\n\n\n\n<p>(Fui en mayo de 2023, cuando abundaron los d\u00edas que empezaban con un cielo azul perfecto y terminaban con tormenta. Aunque me gust\u00f3; el cielo, aunque amenazante, hac\u00eda todo mucho m\u00e1s dram\u00e1tico.&nbsp;<\/p>\n\n\n\n<p>\ud83d\udca1<strong>Consejo extra:<\/strong> Descarga la <a href=\"https:\/\/colosseo.it\/en\/my-colosseum-app\/\" rel=\"nofollow noopener\">app del Parco Archeologico<\/a>. La encontrar\u00e1s en el sitio web oficial del Coliseo o escaneando el c\u00f3digo QR en los paneles de informaci\u00f3n de entradas junto a la taquilla.<br><br>Es invaluable para orientarse en el enga\u00f1osamente grande Foro Romano y el Monte Palatino.&nbsp;<\/p>\n\n\n\n<h2 class=\"wp-block-heading\">Qu\u00e9 ver y hacer (Fotos)<\/h2>\n\n\n\n<h3 class=\"wp-block-heading\">&nbsp;Bas\u00edlica de Majencio y Constantino (313 d.C.)<\/h3>\n\n\n\n<figure><div class=\"ms-credits\">\n<img decoding=\"async\" class=\"gb-media-dba9b3df\" alt=\"Ruinas de la Bas\u00edlica de Majencio en el Foro Romano.\" src=\"https:\/\/www.rome.info\/wp-content\/uploads\/basilica-of-maxentius-roman-forum-1747111833.jpg\" title=\"basilica-of-maxentius-roman-forum-1747111833\" \/>\n<span class='ms-credits__info' id='media2745'><svg viewBox=\"0 0 24 24\" fill=\"none\" xmlns=\"http:\/\/www.w3.org\/2000\/svg\" width=\"20\" height=\"22\"><g stroke-width=\"0\"><\/g><g stroke-linecap=\"round\" stroke-linejoin=\"round\"><\/g><g id=\"SVGRepo_iconCarrier\"> <path d=\"M12 22C6.48 22 2 17.52 2 12C2 6.48 6.48 2 12 2C17.52 2 22 6.48 22 12C22 17.52 17.52 22 12 22Z\" stroke=\"#000\" stroke-width=\"1.5\" stroke-linecap=\"round\" stroke-linejoin=\"round\"><\/path> <path d=\"M10.88 14.1499C10.37 14.5899 9.70999 14.8699 8.98999 14.8699C7.40999 14.8699 6.12 13.5899 6.12 11.9999C6.12 10.4099 7.39999 9.12988 8.98999 9.12988C9.71999 9.12988 10.38 9.39985 10.88 9.84985\" stroke=\"#000\" stroke-width=\"1.5\" stroke-linecap=\"round\" stroke-linejoin=\"round\"><\/path> <path d=\"M17.88 14.1499C17.37 14.5899 16.71 14.8699 15.99 14.8699C14.41 14.8699 13.12 13.5899 13.12 11.9999C13.12 10.4099 14.4 9.12988 15.99 9.12988C16.72 9.12988 17.38 9.39985 17.88 9.84985\" stroke=\"#000\" stroke-width=\"1.5\" stroke-linecap=\"round\" stroke-linejoin=\"round\"><\/path> <\/g><\/svg> BY 2.0 GenericPaul VanDerWerf\/<a href=https:\/\/www.flickr.com\/photos\/pavdw\/52491692988 rel='nofollow' target='_blank'>Flickr<\/a><\/span><span class='ms-credits__btn' id='btn_media2745' onclick='ms_credits_trigger(\"#media2745\", this)'><svg xmlns=\"http:\/\/www.w3.org\/2000\/svg\" class=\"info_icon\" width=\"28\" height=\"28\" fill=\"#FFF\" viewBox=\"0 0 256 256\"><path d=\"M128,24A104,104,0,1,0,232,128,104.11,104.11,0,0,0,128,24Zm0,192a88,88,0,1,1,88-88A88.1,88.1,0,0,1,128,216Zm16-40a8,8,0,0,1-8,8,16,16,0,0,1-16-16V128a8,8,0,0,1,0-16,16,16,0,0,1,16,16v40A8,8,0,0,1,144,176ZM112,84a12,12,0,1,1,12,12A12,12,0,0,1,112,84Z\"><\/path><\/svg><svg xmlns=\"http:\/\/www.w3.org\/2000\/svg\" class=\"close_icon\" width=\"28\" height=\"28\" fill=\"#FFF\" viewBox=\"0 0 256 256\"><path d=\"M165.66,101.66,139.31,128l26.35,26.34a8,8,0,0,1-11.32,11.32L128,139.31l-26.34,26.35a8,8,0,0,1-11.32-11.32L116.69,128,90.34,101.66a8,8,0,0,1,11.32-11.32L128,116.69l26.34-26.35a8,8,0,0,1,11.32,11.32ZM232,128A104,104,0,1,1,128,24,104.11,104.11,0,0,1,232,128Zm-16,0a88,88,0,1,0-88,88A88.1,88.1,0,0,0,216,128Z\"><\/path><\/svg><\/span><\/div>\n\n\n<figcaption class=\"gb-text\">Aqu\u00ed lo m\u00e1s impresionante es realmente la escala.<\/figcaption>\n<\/figure>\n\n\n\n<p>La estructura m\u00e1s grande del Foro, de enorme importancia arquitect\u00f3nica; se dice que su dise\u00f1o influy\u00f3 en el dise\u00f1o de la <a href=\"https:\/\/www.rome.info\/attractions\/st-peters-basilica\/\">Bas\u00edlica de San Pedro<\/a>.<\/p>\n\n\n\n<p>Las representaciones art\u00edsticas la hacen cobrar vida; m\u00edralas antes de ir.<\/p>\n\n\n\n<h3 class=\"wp-block-heading\">El Templo de R\u00f3mulo (300 d.C.)<\/h3>\n\n\n<div class=\"ms-credits\">\n<img decoding=\"async\" class=\"gb-media-8144ef6c\" alt=\"Templo de R\u00f3mulo en el Foro Romano.\" src=\"https:\/\/www.rome.info\/wp-content\/uploads\/temple-of-romulus-roman-forum-1747111851.jpg\" title=\"temple-of-romulus-roman-forum-1747111851\" \/>\n<span class='ms-credits__info' id='media2751'><svg viewBox=\"0 0 24 24\" fill=\"none\" xmlns=\"http:\/\/www.w3.org\/2000\/svg\" width=\"20\" height=\"22\"><g stroke-width=\"0\"><\/g><g stroke-linecap=\"round\" stroke-linejoin=\"round\"><\/g><g id=\"SVGRepo_iconCarrier\"> <path d=\"M12 22C6.48 22 2 17.52 2 12C2 6.48 6.48 2 12 2C17.52 2 22 6.48 22 12C22 17.52 17.52 22 12 22Z\" stroke=\"#000\" stroke-width=\"1.5\" stroke-linecap=\"round\" stroke-linejoin=\"round\"><\/path> <path d=\"M10.88 14.1499C10.37 14.5899 9.70999 14.8699 8.98999 14.8699C7.40999 14.8699 6.12 13.5899 6.12 11.9999C6.12 10.4099 7.39999 9.12988 8.98999 9.12988C9.71999 9.12988 10.38 9.39985 10.88 9.84985\" stroke=\"#000\" stroke-width=\"1.5\" stroke-linecap=\"round\" stroke-linejoin=\"round\"><\/path> <path d=\"M17.88 14.1499C17.37 14.5899 16.71 14.8699 15.99 14.8699C14.41 14.8699 13.12 13.5899 13.12 11.9999C13.12 10.4099 14.4 9.12988 15.99 9.12988C16.72 9.12988 17.38 9.39985 17.88 9.84985\" stroke=\"#000\" stroke-width=\"1.5\" stroke-linecap=\"round\" stroke-linejoin=\"round\"><\/path> <\/g><\/svg> BY-NC-SA 2.0 GenericSebasti\u00e0 Giralt\/<a href=https:\/\/www.flickr.com\/photos\/sebastiagiralt\/ rel='nofollow' target='_blank'>Flickr<\/a><\/span><span class='ms-credits__btn' id='btn_media2751' onclick='ms_credits_trigger(\"#media2751\", this)'><svg xmlns=\"http:\/\/www.w3.org\/2000\/svg\" class=\"info_icon\" width=\"28\" height=\"28\" fill=\"#FFF\" viewBox=\"0 0 256 256\"><path d=\"M128,24A104,104,0,1,0,232,128,104.11,104.11,0,0,0,128,24Zm0,192a88,88,0,1,1,88-88A88.1,88.1,0,0,1,128,216Zm16-40a8,8,0,0,1-8,8,16,16,0,0,1-16-16V128a8,8,0,0,1,0-16,16,16,0,0,1,16,16v40A8,8,0,0,1,144,176ZM112,84a12,12,0,1,1,12,12A12,12,0,0,1,112,84Z\"><\/path><\/svg><svg xmlns=\"http:\/\/www.w3.org\/2000\/svg\" class=\"close_icon\" width=\"28\" height=\"28\" fill=\"#FFF\" viewBox=\"0 0 256 256\"><path d=\"M165.66,101.66,139.31,128l26.35,26.34a8,8,0,0,1-11.32,11.32L128,139.31l-26.34,26.35a8,8,0,0,1-11.32-11.32L116.69,128,90.34,101.66a8,8,0,0,1,11.32-11.32L128,116.69l26.34-26.35a8,8,0,0,1,11.32,11.32ZM232,128A104,104,0,1,1,128,24,104.11,104.11,0,0,1,232,128Zm-16,0a88,88,0,1,0-88,88A88.1,88.1,0,0,0,216,128Z\"><\/path><\/svg><\/span><\/div>\n\n\n<p>No est\u00e1 claro para qu\u00e9 serv\u00eda realmente el Templo del Divus Romulus, m\u00e1s all\u00e1 de como antec\u00e1mara del templo de atr\u00e1s.<\/p>\n\n\n\n<p>Sin embargo, la puerta de bronce, que sigue en uso hoy, es 100% original.&nbsp;Se convirti\u00f3 en iglesia en el siglo VI.&nbsp;<\/p>\n\n\n\n<figure><div class=\"ms-credits\">\n<img decoding=\"async\" class=\"gb-media-7fb15019\" alt=\"Interior del Templo de R\u00f3mulo con frescos paleocristianos desvanecidos en una pared de \u00e1bside curvo.\" src=\"https:\/\/www.rome.info\/wp-content\/uploads\/frescoes-temple-of-romulus-interior-1747111836.jpg\" title=\"frescoes-temple-of-romulus-interior-1747111836\" \/>\n<span class='ms-credits__info' id='media2746'><svg viewBox=\"0 0 24 24\" fill=\"none\" xmlns=\"http:\/\/www.w3.org\/2000\/svg\" width=\"20\" height=\"22\"><g stroke-width=\"0\"><\/g><g stroke-linecap=\"round\" stroke-linejoin=\"round\"><\/g><g id=\"SVGRepo_iconCarrier\"> <path d=\"M12 22C6.48 22 2 17.52 2 12C2 6.48 6.48 2 12 2C17.52 2 22 6.48 22 12C22 17.52 17.52 22 12 22Z\" stroke=\"#000\" stroke-width=\"1.5\" stroke-linecap=\"round\" stroke-linejoin=\"round\"><\/path> <path d=\"M10.88 14.1499C10.37 14.5899 9.70999 14.8699 8.98999 14.8699C7.40999 14.8699 6.12 13.5899 6.12 11.9999C6.12 10.4099 7.39999 9.12988 8.98999 9.12988C9.71999 9.12988 10.38 9.39985 10.88 9.84985\" stroke=\"#000\" stroke-width=\"1.5\" stroke-linecap=\"round\" stroke-linejoin=\"round\"><\/path> <path d=\"M17.88 14.1499C17.37 14.5899 16.71 14.8699 15.99 14.8699C14.41 14.8699 13.12 13.5899 13.12 11.9999C13.12 10.4099 14.4 9.12988 15.99 9.12988C16.72 9.12988 17.38 9.39985 17.88 9.84985\" stroke=\"#000\" stroke-width=\"1.5\" stroke-linecap=\"round\" stroke-linejoin=\"round\"><\/path> <\/g><\/svg> BY-SA 3.0 UnportedM0tty\/<a href=https:\/\/commons.wikimedia.org\/wiki\/File:Wall_painting_-_Temple_of_Romulus_inside-2.jpg rel='nofollow' target='_blank'>Wikimedia Commons<\/a><\/span><span class='ms-credits__btn' id='btn_media2746' onclick='ms_credits_trigger(\"#media2746\", this)'><svg xmlns=\"http:\/\/www.w3.org\/2000\/svg\" class=\"info_icon\" width=\"28\" height=\"28\" fill=\"#FFF\" viewBox=\"0 0 256 256\"><path d=\"M128,24A104,104,0,1,0,232,128,104.11,104.11,0,0,0,128,24Zm0,192a88,88,0,1,1,88-88A88.1,88.1,0,0,1,128,216Zm16-40a8,8,0,0,1-8,8,16,16,0,0,1-16-16V128a8,8,0,0,1,0-16,16,16,0,0,1,16,16v40A8,8,0,0,1,144,176ZM112,84a12,12,0,1,1,12,12A12,12,0,0,1,112,84Z\"><\/path><\/svg><svg xmlns=\"http:\/\/www.w3.org\/2000\/svg\" class=\"close_icon\" width=\"28\" height=\"28\" fill=\"#FFF\" viewBox=\"0 0 256 256\"><path d=\"M165.66,101.66,139.31,128l26.35,26.34a8,8,0,0,1-11.32,11.32L128,139.31l-26.34,26.35a8,8,0,0,1-11.32-11.32L116.69,128,90.34,101.66a8,8,0,0,1,11.32-11.32L128,116.69l26.34-26.35a8,8,0,0,1,11.32,11.32ZM232,128A104,104,0,1,1,128,24,104.11,104.11,0,0,1,232,128Zm-16,0a88,88,0,1,0-88,88A88.1,88.1,0,0,0,216,128Z\"><\/path><\/svg><\/span><\/div>\n\n\n<figcaption class=\"gb-text\">Frescos paleocristianos desvanecidos en el interior del Templo de R\u00f3mulo<\/figcaption>\n<\/figure>\n\n\n\n<h3 class=\"wp-block-heading\">El Templo de Antonino y Faustina (141 d.C.)<\/h3>\n\n\n<div class=\"ms-credits\">\n<img decoding=\"async\" class=\"gb-media-3c2eb4e3\" alt=\"Templo de Antonino y Faustina en el Foro Romano.\" src=\"https:\/\/www.rome.info\/wp-content\/uploads\/temple-of-antoninus-and-faustina-roman-forum-1747111831.jpg\" title=\"temple-of-antoninus-and-faustina-roman-forum-1747111831\" \/>\n<span class='ms-credits__info' id='media2744'><svg viewBox=\"0 0 24 24\" fill=\"none\" xmlns=\"http:\/\/www.w3.org\/2000\/svg\" width=\"20\" height=\"22\"><g stroke-width=\"0\"><\/g><g stroke-linecap=\"round\" stroke-linejoin=\"round\"><\/g><g id=\"SVGRepo_iconCarrier\"> <path d=\"M12 22C6.48 22 2 17.52 2 12C2 6.48 6.48 2 12 2C17.52 2 22 6.48 22 12C22 17.52 17.52 22 12 22Z\" stroke=\"#000\" stroke-width=\"1.5\" stroke-linecap=\"round\" stroke-linejoin=\"round\"><\/path> <path d=\"M10.88 14.1499C10.37 14.5899 9.70999 14.8699 8.98999 14.8699C7.40999 14.8699 6.12 13.5899 6.12 11.9999C6.12 10.4099 7.39999 9.12988 8.98999 9.12988C9.71999 9.12988 10.38 9.39985 10.88 9.84985\" stroke=\"#000\" stroke-width=\"1.5\" stroke-linecap=\"round\" stroke-linejoin=\"round\"><\/path> <path d=\"M17.88 14.1499C17.37 14.5899 16.71 14.8699 15.99 14.8699C14.41 14.8699 13.12 13.5899 13.12 11.9999C13.12 10.4099 14.4 9.12988 15.99 9.12988C16.72 9.12988 17.38 9.39985 17.88 9.84985\" stroke=\"#000\" stroke-width=\"1.5\" stroke-linecap=\"round\" stroke-linejoin=\"round\"><\/path> <\/g><\/svg> BY 3.0 UnportedF l a n k e r\/<a href=https:\/\/commons.wikimedia.org\/wiki\/File:Temple_of_Antoninus_and_Faustina_-_10.jpg rel='nofollow' target='_blank'>Wikimedia Commons<\/a><\/span><span class='ms-credits__btn' id='btn_media2744' onclick='ms_credits_trigger(\"#media2744\", this)'><svg xmlns=\"http:\/\/www.w3.org\/2000\/svg\" class=\"info_icon\" width=\"28\" height=\"28\" fill=\"#FFF\" viewBox=\"0 0 256 256\"><path d=\"M128,24A104,104,0,1,0,232,128,104.11,104.11,0,0,0,128,24Zm0,192a88,88,0,1,1,88-88A88.1,88.1,0,0,1,128,216Zm16-40a8,8,0,0,1-8,8,16,16,0,0,1-16-16V128a8,8,0,0,1,0-16,16,16,0,0,1,16,16v40A8,8,0,0,1,144,176ZM112,84a12,12,0,1,1,12,12A12,12,0,0,1,112,84Z\"><\/path><\/svg><svg xmlns=\"http:\/\/www.w3.org\/2000\/svg\" class=\"close_icon\" width=\"28\" height=\"28\" fill=\"#FFF\" viewBox=\"0 0 256 256\"><path d=\"M165.66,101.66,139.31,128l26.35,26.34a8,8,0,0,1-11.32,11.32L128,139.31l-26.34,26.35a8,8,0,0,1-11.32-11.32L116.69,128,90.34,101.66a8,8,0,0,1,11.32-11.32L128,116.69l26.34-26.35a8,8,0,0,1,11.32,11.32ZM232,128A104,104,0,1,1,128,24,104.11,104.11,0,0,1,232,128Zm-16,0a88,88,0,1,0-88,88A88.1,88.1,0,0,0,216,128Z\"><\/path><\/svg><\/span><\/div>\n\n\n<p>Este tarda un momento en entenderse.&nbsp;<\/p>\n\n\n\n<p>\u00bfQu\u00e9 hace esa puerta ah\u00ed arriba?<\/p>\n\n\n\n<p>Las excavaciones del siglo XIX revelaron la diferencia de niveles de calle entre la \u00e9poca romana y el siglo XVII.&nbsp;Compara el umbral de la puerta verde con la base de los escalones que suben a las columnas.&nbsp;<\/p>\n\n\n\n<p>La Iglesia, dedicada a San Lorenzo in Miranda, se conoce como \u00abla iglesia dentro de un templo\u00bb por razones obvias.<\/p>\n\n\n\n<h3 class=\"wp-block-heading\">El Templo de Vesta&nbsp;<\/h3>\n\n\n\n<figure><div class=\"ms-credits\">\n<img decoding=\"async\" class=\"gb-media-9fab5aeb\" alt=\"Templo de Antonino y Faustina con las ruinas circulares del Templo de Vesta en el Foro Romano.\" src=\"https:\/\/www.rome.info\/wp-content\/uploads\/temple-of-antoninus-and-faustina-and-temple-of-vesta-1747111845.jpg\" title=\"temple-of-antoninus-and-faustina-and-temple-of-vesta-1747111845\" \/>\n<span class='ms-credits__info' id='media2749'><svg viewBox=\"0 0 24 24\" fill=\"none\" xmlns=\"http:\/\/www.w3.org\/2000\/svg\" width=\"20\" height=\"22\"><g stroke-width=\"0\"><\/g><g stroke-linecap=\"round\" stroke-linejoin=\"round\"><\/g><g id=\"SVGRepo_iconCarrier\"> <path d=\"M12 22C6.48 22 2 17.52 2 12C2 6.48 6.48 2 12 2C17.52 2 22 6.48 22 12C22 17.52 17.52 22 12 22Z\" stroke=\"#000\" stroke-width=\"1.5\" stroke-linecap=\"round\" stroke-linejoin=\"round\"><\/path> <path d=\"M10.88 14.1499C10.37 14.5899 9.70999 14.8699 8.98999 14.8699C7.40999 14.8699 6.12 13.5899 6.12 11.9999C6.12 10.4099 7.39999 9.12988 8.98999 9.12988C9.71999 9.12988 10.38 9.39985 10.88 9.84985\" stroke=\"#000\" stroke-width=\"1.5\" stroke-linecap=\"round\" stroke-linejoin=\"round\"><\/path> <path d=\"M17.88 14.1499C17.37 14.5899 16.71 14.8699 15.99 14.8699C14.41 14.8699 13.12 13.5899 13.12 11.9999C13.12 10.4099 14.4 9.12988 15.99 9.12988C16.72 9.12988 17.38 9.39985 17.88 9.84985\" stroke=\"#000\" stroke-width=\"1.5\" stroke-linecap=\"round\" stroke-linejoin=\"round\"><\/path> <\/g><\/svg> BY-NC-ND 2.0 Generic\u2588 Slices of Light \u2734 \u2588\u2580 \u2580 \u2580\/<a href=https:\/\/www.flickr.com\/photos\/justaslice\/51821108174\/ rel='nofollow' target='_blank'>Flickr<\/a><\/span><span class='ms-credits__btn' id='btn_media2749' onclick='ms_credits_trigger(\"#media2749\", this)'><svg xmlns=\"http:\/\/www.w3.org\/2000\/svg\" class=\"info_icon\" width=\"28\" height=\"28\" fill=\"#FFF\" viewBox=\"0 0 256 256\"><path d=\"M128,24A104,104,0,1,0,232,128,104.11,104.11,0,0,0,128,24Zm0,192a88,88,0,1,1,88-88A88.1,88.1,0,0,1,128,216Zm16-40a8,8,0,0,1-8,8,16,16,0,0,1-16-16V128a8,8,0,0,1,0-16,16,16,0,0,1,16,16v40A8,8,0,0,1,144,176ZM112,84a12,12,0,1,1,12,12A12,12,0,0,1,112,84Z\"><\/path><\/svg><svg xmlns=\"http:\/\/www.w3.org\/2000\/svg\" class=\"close_icon\" width=\"28\" height=\"28\" fill=\"#FFF\" viewBox=\"0 0 256 256\"><path d=\"M165.66,101.66,139.31,128l26.35,26.34a8,8,0,0,1-11.32,11.32L128,139.31l-26.34,26.35a8,8,0,0,1-11.32-11.32L116.69,128,90.34,101.66a8,8,0,0,1,11.32-11.32L128,116.69l26.34-26.35a8,8,0,0,1,11.32,11.32ZM232,128A104,104,0,1,1,128,24,104.11,104.11,0,0,1,232,128Zm-16,0a88,88,0,1,0-88,88A88.1,88.1,0,0,0,216,128Z\"><\/path><\/svg><\/span><\/div>\n\n\n<figcaption class=\"gb-text\">El Templo de Antonino y Faustina junto a las ruinas del Templo de Vesta (derecha).<\/figcaption>\n<\/figure>\n\n\n\n<p>El santuario m\u00e1s antiguo e importante, albergaba el hogar con el fuego sagrado del Estado.&nbsp;&nbsp;<\/p>\n\n\n\n<p>Los historiadores estiman que la actividad religiosa en este lugar se remonta al siglo VII a.C.<\/p>\n\n\n\n<h3 class=\"wp-block-heading\">Templo de C\u00e1stor y P\u00f3lux (Tempio dei Dioscuri)<\/h3>\n\n\n<div class=\"ms-credits\">\n<img decoding=\"async\" class=\"gb-media-528af18c\" alt=\"Ruinas del Templo de C\u00e1stor y P\u00f3lux en el Valle de los Templos.\" src=\"https:\/\/www.rome.info\/wp-content\/uploads\/temple-of-castor-and-pollux-valley-of-temples-1747111848.jpg\" title=\"temple-of-castor-and-pollux-valley-of-temples-1747111848\" \/>\n<span class='ms-credits__info' id='media2750'><svg viewBox=\"0 0 24 24\" fill=\"none\" xmlns=\"http:\/\/www.w3.org\/2000\/svg\" width=\"20\" height=\"22\"><g stroke-width=\"0\"><\/g><g stroke-linecap=\"round\" stroke-linejoin=\"round\"><\/g><g id=\"SVGRepo_iconCarrier\"> <path d=\"M12 22C6.48 22 2 17.52 2 12C2 6.48 6.48 2 12 2C17.52 2 22 6.48 22 12C22 17.52 17.52 22 12 22Z\" stroke=\"#000\" stroke-width=\"1.5\" stroke-linecap=\"round\" stroke-linejoin=\"round\"><\/path> <path d=\"M10.88 14.1499C10.37 14.5899 9.70999 14.8699 8.98999 14.8699C7.40999 14.8699 6.12 13.5899 6.12 11.9999C6.12 10.4099 7.39999 9.12988 8.98999 9.12988C9.71999 9.12988 10.38 9.39985 10.88 9.84985\" stroke=\"#000\" stroke-width=\"1.5\" stroke-linecap=\"round\" stroke-linejoin=\"round\"><\/path> <path d=\"M17.88 14.1499C17.37 14.5899 16.71 14.8699 15.99 14.8699C14.41 14.8699 13.12 13.5899 13.12 11.9999C13.12 10.4099 14.4 9.12988 15.99 9.12988C16.72 9.12988 17.38 9.39985 17.88 9.84985\" stroke=\"#000\" stroke-width=\"1.5\" stroke-linecap=\"round\" stroke-linejoin=\"round\"><\/path> <\/g><\/svg> BY-SA 4.0 InternationalMboesch\/<a href=https:\/\/commons.wikimedia.org\/wiki\/File:Valle-dei-templi-tempio-dei-dioscuri-a.JPG rel='nofollow' target='_blank'>Wikimedia Commons<\/a><\/span><span class='ms-credits__btn' id='btn_media2750' onclick='ms_credits_trigger(\"#media2750\", this)'><svg xmlns=\"http:\/\/www.w3.org\/2000\/svg\" class=\"info_icon\" width=\"28\" height=\"28\" fill=\"#FFF\" viewBox=\"0 0 256 256\"><path d=\"M128,24A104,104,0,1,0,232,128,104.11,104.11,0,0,0,128,24Zm0,192a88,88,0,1,1,88-88A88.1,88.1,0,0,1,128,216Zm16-40a8,8,0,0,1-8,8,16,16,0,0,1-16-16V128a8,8,0,0,1,0-16,16,16,0,0,1,16,16v40A8,8,0,0,1,144,176ZM112,84a12,12,0,1,1,12,12A12,12,0,0,1,112,84Z\"><\/path><\/svg><svg xmlns=\"http:\/\/www.w3.org\/2000\/svg\" class=\"close_icon\" width=\"28\" height=\"28\" fill=\"#FFF\" viewBox=\"0 0 256 256\"><path d=\"M165.66,101.66,139.31,128l26.35,26.34a8,8,0,0,1-11.32,11.32L128,139.31l-26.34,26.35a8,8,0,0,1-11.32-11.32L116.69,128,90.34,101.66a8,8,0,0,1,11.32-11.32L128,116.69l26.34-26.35a8,8,0,0,1,11.32,11.32ZM232,128A104,104,0,1,1,128,24,104.11,104.11,0,0,1,232,128Zm-16,0a88,88,0,1,0-88,88A88.1,88.1,0,0,0,216,128Z\"><\/path><\/svg><\/span><\/div>\n\n\n<p>Seg\u00fan la leyenda, los hijos de J\u00fapiter y Leda aparecieron en este lugar para ayudar a los soldados de la Rep\u00fablica Romana a derrotar al \u00faltimo rey de Roma.&nbsp;<\/p>\n\n\n\n<p>Solo quedan estas tres columnas, pero son ic\u00f3nicas.<\/p>\n\n\n\n<h3 class=\"wp-block-heading\">El Atrium Vestae&nbsp;<\/h3>\n\n\n\n<figure><div class=\"ms-credits\">\n<img decoding=\"async\" class=\"gb-media-90dd956e\" alt=\"Patio de la Casa de las Vestales con estatuas y el Templo de Antonino y Faustina al fondo.\" src=\"https:\/\/www.rome.info\/wp-content\/uploads\/house-of-the-vestal-virgins-roman-forum-1747111838.jpg\" title=\"house-of-the-vestal-virgins-roman-forum-1747111838\" \/>\n<span class='ms-credits__info' id='media2747'><svg xmlns=\"http:\/\/www.w3.org\/2000\/svg\" width=\"20\" height=\"22\" fill=\"#000000\" viewBox=\"0 0 256 256\"><path d=\"M128,24A104,104,0,1,0,232,128,104.11,104.11,0,0,0,128,24Zm0,192a88,88,0,1,1,88-88A88.1,88.1,0,0,1,128,216ZM96,128a32,32,0,0,0,57.6,19.2,8,8,0,0,1,12.8,9.61,48,48,0,1,1,0-57.62,8,8,0,0,1-12.8,9.61A32,32,0,0,0,96,128Z\"><\/path><\/svg>anamejia18\/<a href=https:\/\/depositphotos.com\/editorial\/tourists-visiting-the-ancient-ruins-of-the-house-of-the-vestal-virgins-at-the-roman-303219866.html rel='nofollow' target='_blank'>Depositphotos<\/a><\/span><span class='ms-credits__btn' id='btn_media2747' onclick='ms_credits_trigger(\"#media2747\", this)'><svg xmlns=\"http:\/\/www.w3.org\/2000\/svg\" class=\"info_icon\" width=\"28\" height=\"28\" fill=\"#FFF\" viewBox=\"0 0 256 256\"><path d=\"M128,24A104,104,0,1,0,232,128,104.11,104.11,0,0,0,128,24Zm0,192a88,88,0,1,1,88-88A88.1,88.1,0,0,1,128,216Zm16-40a8,8,0,0,1-8,8,16,16,0,0,1-16-16V128a8,8,0,0,1,0-16,16,16,0,0,1,16,16v40A8,8,0,0,1,144,176ZM112,84a12,12,0,1,1,12,12A12,12,0,0,1,112,84Z\"><\/path><\/svg><svg xmlns=\"http:\/\/www.w3.org\/2000\/svg\" class=\"close_icon\" width=\"28\" height=\"28\" fill=\"#FFF\" viewBox=\"0 0 256 256\"><path d=\"M165.66,101.66,139.31,128l26.35,26.34a8,8,0,0,1-11.32,11.32L128,139.31l-26.34,26.35a8,8,0,0,1-11.32-11.32L116.69,128,90.34,101.66a8,8,0,0,1,11.32-11.32L128,116.69l26.34-26.35a8,8,0,0,1,11.32,11.32ZM232,128A104,104,0,1,1,128,24,104.11,104.11,0,0,1,232,128Zm-16,0a88,88,0,1,0-88,88A88.1,88.1,0,0,0,216,128Z\"><\/path><\/svg><\/span><\/div>\n\n\n<figcaption class=\"gb-text\">Patio de la Casa de las Vestales en el Foro Romano.<\/figcaption>\n<\/figure>\n\n\n\n<p>Una de mis zonas favoritas fue el Atrium Vestae o la Casa de las Vestales.<\/p>\n\n\n\n<p>(Las Vestales eran mujeres que cuidaban del Templo de Vesta durante treinta a\u00f1os. Como su t\u00edtulo sugiere, eran v\u00edrgenes y se esperaba que permanecieran c\u00e9libes).&nbsp;<\/p>\n\n\n\n<p>Hay bancos y es un lugar estupendo para sentarse, absorber el ambiente, orientarse y prepararse para el Monte Palatino.&nbsp;<\/p>\n\n\n\n<p>(M\u00e1s abajo encontrar\u00e1s una lecci\u00f3n de historia muy r\u00e1pida y por qu\u00e9 esto es especialmente relevante).<\/p>\n\n\n\n<figure><div class=\"ms-credits\">\n<img decoding=\"async\" class=\"gb-media-f8a36f23\" alt=\"Jard\u00edn y estatuas de la Casa de las Vestales rodeados de antiguas ruinas de ladrillo en el Foro Romano.\" src=\"https:\/\/www.rome.info\/wp-content\/uploads\/house-of-vestals-garden-1747111842.jpg\" title=\"house-of-vestals-garden-1747111842\" \/>\n<span class='ms-credits__info' id='media2748'><svg viewBox=\"0 0 24 24\" fill=\"none\" xmlns=\"http:\/\/www.w3.org\/2000\/svg\" width=\"20\" height=\"22\"><g stroke-width=\"0\"><\/g><g stroke-linecap=\"round\" stroke-linejoin=\"round\"><\/g><g id=\"SVGRepo_iconCarrier\"> <path d=\"M12 22C6.48 22 2 17.52 2 12C2 6.48 6.48 2 12 2C17.52 2 22 6.48 22 12C22 17.52 17.52 22 12 22Z\" stroke=\"#000\" stroke-width=\"1.5\" stroke-linecap=\"round\" stroke-linejoin=\"round\"><\/path> <path d=\"M10.88 14.1499C10.37 14.5899 9.70999 14.8699 8.98999 14.8699C7.40999 14.8699 6.12 13.5899 6.12 11.9999C6.12 10.4099 7.39999 9.12988 8.98999 9.12988C9.71999 9.12988 10.38 9.39985 10.88 9.84985\" stroke=\"#000\" stroke-width=\"1.5\" stroke-linecap=\"round\" stroke-linejoin=\"round\"><\/path> <path d=\"M17.88 14.1499C17.37 14.5899 16.71 14.8699 15.99 14.8699C14.41 14.8699 13.12 13.5899 13.12 11.9999C13.12 10.4099 14.4 9.12988 15.99 9.12988C16.72 9.12988 17.38 9.39985 17.88 9.84985\" stroke=\"#000\" stroke-width=\"1.5\" stroke-linecap=\"round\" stroke-linejoin=\"round\"><\/path> <\/g><\/svg> BY-NC-ND 2.0 Generic\u2588 Slices of Light \u2734 \u2588\u2580 \u2580 \u2580\/<a href=https:\/\/www.flickr.com\/photos\/justaslice\/51819820052 rel='nofollow' target='_blank'>Flickr<\/a><\/span><span class='ms-credits__btn' id='btn_media2748' onclick='ms_credits_trigger(\"#media2748\", this)'><svg xmlns=\"http:\/\/www.w3.org\/2000\/svg\" class=\"info_icon\" width=\"28\" height=\"28\" fill=\"#FFF\" viewBox=\"0 0 256 256\"><path d=\"M128,24A104,104,0,1,0,232,128,104.11,104.11,0,0,0,128,24Zm0,192a88,88,0,1,1,88-88A88.1,88.1,0,0,1,128,216Zm16-40a8,8,0,0,1-8,8,16,16,0,0,1-16-16V128a8,8,0,0,1,0-16,16,16,0,0,1,16,16v40A8,8,0,0,1,144,176ZM112,84a12,12,0,1,1,12,12A12,12,0,0,1,112,84Z\"><\/path><\/svg><svg xmlns=\"http:\/\/www.w3.org\/2000\/svg\" class=\"close_icon\" width=\"28\" height=\"28\" fill=\"#FFF\" viewBox=\"0 0 256 256\"><path d=\"M165.66,101.66,139.31,128l26.35,26.34a8,8,0,0,1-11.32,11.32L128,139.31l-26.34,26.35a8,8,0,0,1-11.32-11.32L116.69,128,90.34,101.66a8,8,0,0,1,11.32-11.32L128,116.69l26.34-26.35a8,8,0,0,1,11.32,11.32ZM232,128A104,104,0,1,1,128,24,104.11,104.11,0,0,1,232,128Zm-16,0a88,88,0,1,0-88,88A88.1,88.1,0,0,0,216,128Z\"><\/path><\/svg><\/span><\/div>\n\n\n<figcaption class=\"gb-text\">Vista del Tempio dei Dioscuri y el Templo de Antonino y Faustina desde la Casa de las Vestales, ahora un sereno jard\u00edn de rosas.&nbsp;<\/figcaption>\n<\/figure>\n\n\n\n<h3 class=\"wp-block-heading\">Las Vestales<\/h3>\n\n\n\n<p>Seg\u00fan la mitolog\u00eda romana, una vestal llamada Rea Silvia fue fecundada por el dios Marte. Dio a luz a gemelos y los llam\u00f3 R\u00f3mulo y Remo.&nbsp;<\/p>\n\n\n\n<p>El Rey consider\u00f3 a los hijos de Marte una amenaza directa y orden\u00f3 que fueran asesinados. Fueron abandonados junto al r\u00edo, pero salvados por el dios Tiberino, Padre del R\u00edo.&nbsp;<\/p>\n\n\n\n<p>De beb\u00e9s, fueron amamantados por una loba (Lupa), y se cre\u00eda que la cueva (<em>el Lupercal<\/em>) en la que los cri\u00f3 estaba en el Monte Palatino.&nbsp;<\/p>\n\n\n\n<p>(Por si alguna vez te preguntaste por qu\u00e9 el s\u00edmbolo de Roma es un lobo).<\/p>\n\n\n\n<p>A\u00f1os despu\u00e9s, R\u00f3mulo y Remo se enzarzaron en una amarga disputa sobre d\u00f3nde construir la ciudad. R\u00f3mulo prefer\u00eda el Monte Palatino. Remo no, as\u00ed que su hermano lo mat\u00f3. R\u00f3mulo fund\u00f3 la ciudad, la llam\u00f3 Roma y el resto es historia.&nbsp;<\/p>\n\n\n\n<h2 class=\"wp-block-heading\">Panor\u00e1mica del Monte Palatino<\/h2>\n\n\n<div class=\"ms-credits\">\n<img decoding=\"async\" class=\"gb-media-7e59e555\" alt=\"Vista del Monte Palatino en Roma\" src=\"https:\/\/www.rome.info\/wp-content\/uploads\/f-palatine-hill.jpg\" title=\"Palatine Hill\" \/>\n<span class='ms-credits__info' id='media712'><svg xmlns=\"http:\/\/www.w3.org\/2000\/svg\" width=\"20\" height=\"22\" fill=\"#000000\" viewBox=\"0 0 256 256\"><path d=\"M128,24A104,104,0,1,0,232,128,104.11,104.11,0,0,0,128,24Zm0,192a88,88,0,1,1,88-88A88.1,88.1,0,0,1,128,216ZM96,128a32,32,0,0,0,57.6,19.2,8,8,0,0,1,12.8,9.61,48,48,0,1,1,0-57.62,8,8,0,0,1-12.8,9.61A32,32,0,0,0,96,128Z\"><\/path><\/svg>grafalex\/<a href=https:\/\/depositphotos.com\/4753967\/stock-photo-palatine-hill.html rel='nofollow' target='_blank'>Depositphotos<\/a><\/span><span class='ms-credits__btn' id='btn_media712' onclick='ms_credits_trigger(\"#media712\", this)'><svg xmlns=\"http:\/\/www.w3.org\/2000\/svg\" class=\"info_icon\" width=\"28\" height=\"28\" fill=\"#FFF\" viewBox=\"0 0 256 256\"><path d=\"M128,24A104,104,0,1,0,232,128,104.11,104.11,0,0,0,128,24Zm0,192a88,88,0,1,1,88-88A88.1,88.1,0,0,1,128,216Zm16-40a8,8,0,0,1-8,8,16,16,0,0,1-16-16V128a8,8,0,0,1,0-16,16,16,0,0,1,16,16v40A8,8,0,0,1,144,176ZM112,84a12,12,0,1,1,12,12A12,12,0,0,1,112,84Z\"><\/path><\/svg><svg xmlns=\"http:\/\/www.w3.org\/2000\/svg\" class=\"close_icon\" width=\"28\" height=\"28\" fill=\"#FFF\" viewBox=\"0 0 256 256\"><path d=\"M165.66,101.66,139.31,128l26.35,26.34a8,8,0,0,1-11.32,11.32L128,139.31l-26.34,26.35a8,8,0,0,1-11.32-11.32L116.69,128,90.34,101.66a8,8,0,0,1,11.32-11.32L128,116.69l26.34-26.35a8,8,0,0,1,11.32,11.32ZM232,128A104,104,0,1,1,128,24,104.11,104.11,0,0,1,232,128Zm-16,0a88,88,0,1,0-88,88A88.1,88.1,0,0,0,216,128Z\"><\/path><\/svg><\/span><\/div>\n\n\n<p><a href=\"https:\/\/www.rome.info\/attractions\/palatine-hill\/\">El Monte Palatino<\/a> tiene muchas capas; tanto hist\u00f3ricas como mitol\u00f3gicas.<\/p>\n\n\n\n<p>Fue el hogar de las clases gobernantes de Roma durante literalmente milenios. Lo dominan las ruinas de una red de palacios imperiales del siglo primero llamada Domus Augustana.<\/p>\n\n\n\n<p>Despu\u00e9s de un breve per\u00edodo de declive en la Edad Media, las cosas mejoraron de nuevo en el siglo XVI, cuando el Monte Palatino acogi\u00f3 los primeros jardines bot\u00e1nicos de Europa gracias a la familia Farnesio.&nbsp;<\/p>\n\n\n\n<p>Solo quedan un par de pabellones y una fuente de lo que fueron los jardines de placer m\u00e1s valorados de Europa.<\/p>\n\n\n\n<p>El Museo Palatino en lo alto de la colina te ayudar\u00e1 a completar el cuadro mostrando la riqueza y el esplendor de sus antiguos habitantes y sus respectivas residencias.<\/p>\n\n\n\n<p>Culmina con impresionantes vistas sobre el <a href=\"https:\/\/www.rome.info\/attractions\/circus-maximus\/\">Circo M\u00e1ximo<\/a> desde la Domus Augustana, antes de salir por el Vi\u00f1edo Barberini de vuelta a Via di San Gregorio hacia el Circo M\u00e1ximo.&nbsp;<\/p>\n\n\n\n<h3 class=\"wp-block-heading\">Explorando el Monte Palatino<\/h3>\n\n\n\n<p>Empec\u00e9 explorando el vasto complejo imperial de la Domus Augustana. Para a\u00f1adir al ambiente regio, m\u00fasica cl\u00e1sica se reproduce por toda la zona de la Domus desde altavoces discretamente colocados, lo que para m\u00ed encajaba perfectamente con el entorno. Infund\u00eda una maravillosa sensaci\u00f3n de calma:<\/p>\n\n\n\n<p>A pesar de todos los carteles, tambi\u00e9n es bastante agradable explorar el parque y luego encontrarte org\u00e1nicamente en los Jardines Farnesios.&nbsp;<\/p>\n\n\n\n<h3 class=\"wp-block-heading\">El Ninfeo de los Espejos<\/h3>\n\n\n\n<figure class=\"gb-block-image gb-block-image-898c4dc2\"><img decoding=\"async\" class=\"gb-image gb-image-898c4dc2\" src=\"https:\/\/www.rome.info\/wp-content\/uploads\/IMG_1844.jpeg\" \/><\/figure>\n\n\n\n<p>Desde aqu\u00ed a\u00fan pod\u00eda escuchar la m\u00fasica cl\u00e1sica que se reproduc\u00eda colina arriba. Me sent\u00e9 en un banco frente al Ninfeo de los Espejos, o lo que queda de estas fant\u00e1sticas fuentes y surtidores de agua del siglo XVI.&nbsp;<\/p>\n\n\n\n<p>Todav\u00eda no pod\u00eda creer lo tranquilo y en paz que estaba todo.&nbsp;<\/p>\n\n\n\n<p>\ud83d\udca1<strong>Consejo extra<\/strong>: orienta tu visita hacia el final del d\u00eda. No solo podr\u00edas tener la suerte de disfrutar de rom\u00e1nticas vistas al crep\u00fasculo sobre el Circo M\u00e1ximo desde las alturas, sino que habr\u00e1 mucho menos gente. Adem\u00e1s, terminar\u00e1s todo justo a tiempo para un aperitivo (entre las 18:00 y las 19:00), y tengo el lugar perfecto en mente.<\/p>\n\n\n\n<h2 class=\"wp-block-heading\">C\u00f3mo salir<\/h2>\n\n\n\n<p>En lugar de volver por donde viniste y coger el metro en Colosseo, sal por la Vigna Barberini. Este agradable paseo cuesta abajo, casi rural, junto a restos aleatorios de acueducto romano te llevar\u00e1 a la entrada\/salida de la Via di Gregorio, cerca del Circo M\u00e1ximo.<\/p>\n\n\n\n<figure class=\"gb-block-image gb-block-image-06435138\"><img decoding=\"async\" class=\"gb-image gb-image-06435138\" src=\"https:\/\/www.rome.info\/wp-content\/uploads\/IMG_1854.jpeg\" \/><\/figure>\n\n\n\n<h3 class=\"wp-block-heading\">El Vi\u00f1edo de la Familia Barberini<\/h3>\n\n\n\n<figure class=\"gb-block-image gb-block-image-fd04dd92\"><img decoding=\"async\" class=\"gb-image gb-image-fd04dd92\" src=\"https:\/\/www.rome.info\/wp-content\/uploads\/IMG_1848.jpeg\" \/><\/figure>\n\n\n\n<p>Esta s\u00ed que es una familia que tuvo mucha influencia. Era una familia noble del siglo XVII con muchos intereses. (Ver\u00e1s su escudo de armas en San Pedro e incluso tienen una estaci\u00f3n de metro con su nombre).<\/p>\n\n\n\n<p>Ten\u00edan propiedades en este lugar en el siglo XVII, pero el vi\u00f1edo que vemos hoy fue plantado con esmero en 2020 y los viticultores est\u00e1n orgullosos de cultivar una cepa muy antigua llamada Bellone, que se sabe que se usaba en tiempos de Plinio el Viejo.&nbsp;<\/p>\n\n\n\n<p>Visit\u00e9 hacia el final de la tarde y tuve el lugar para m\u00ed solo.&nbsp;<\/p>\n\n\n\n<p>El camino de arriba te llevar\u00e1 todo el trayecto hasta la Via di Gregorio y el espl\u00e9ndido arco de abajo.<\/p>\n\n\n\n<figure class=\"gb-block-image gb-block-image-5c134091\"><img decoding=\"async\" class=\"gb-image gb-image-5c134091\" src=\"https:\/\/www.rome.info\/wp-content\/uploads\/IMG_1861.jpeg\" \/><\/figure>\n\n\n\n<p>La entrada en Via San Gregorio, o la salida si eliges la salida del Circo M\u00e1ximo. La entrada original a los Jardines Farnesios, cuando a\u00fan exist\u00edan.&nbsp;<\/p>\n\n\n\n<p>Al salir por este espl\u00e9ndido arco, el Arco de Constantino y el Coliseo estar\u00e1n a tu izquierda, y el Circo M\u00e1ximo a tu derecha.&nbsp;<\/p>\n\n\n\n<p>Tambi\u00e9n puedes elegir hacer el recorrido al rev\u00e9s y empezar tu visita desde aqu\u00ed.&nbsp;<\/p>\n\n\n\n<figure class=\"gb-block-image gb-block-image-44a9247d\"><img decoding=\"async\" class=\"gb-image gb-image-44a9247d\" src=\"https:\/\/www.rome.info\/wp-content\/uploads\/IMG_1862.jpeg\" \/><\/figure>\n\n\n\n<p>Italia tiene una relaci\u00f3n apasionada con los c\u00f3digos QR. Los tienen para todo.<\/p>\n\n\n\n<p>Este cartel de informaci\u00f3n de entradas tambi\u00e9n tiene el c\u00f3digo QR que necesitas para descargar la app Parco Colosseo, que tambi\u00e9n incluye un itinerario detallado del Foro. Muy recomendable.&nbsp;<\/p>\n\n\n\n<p>Encontrar\u00e1s otro cartel como este junto a la taquilla frente al Coliseo, al lado de la Via Sacra.&nbsp;<\/p>\n\n\n\n<p>Ten en cuenta que no hay tiendas de regalos, caf\u00e9s ni restaurantes en el Foro Romano ni en el Monte Palatino. As\u00ed que lleva algo de picar. Las \u00fanicas tiendas de regalos oficiales est\u00e1n dentro del Coliseo.<\/p>\n\n\n\n<h2 class=\"wp-block-heading\">Atracciones cercanas<\/h2>\n\n\n\n<h3 class=\"wp-block-heading\"><a href=\"https:\/\/www.circomaximoexperience.it\/en\/\" rel=\"nofollow noopener\">Circo Maximo Experience<\/a> &#8211; Viale Aventino, 00186<\/h3>\n\n\n\n<p>Mediante visores de Realidad Virtual, te transportar\u00e1s al siglo I d.C. y presenciar\u00e1s carreras de cuadrigas y una imagen de la vida en la Roma antigua en el Circo M\u00e1ximo. Un tour a pie de 40 minutos; est\u00e1 a solo cinco minutos a pie del Arco de Constantino.&nbsp;<\/p>\n\n\n\n<h3 class=\"wp-block-heading\"><a href=\"https:\/\/www.rome.info\/attractions\/st-clement-basilica\/\">Bas\u00edlica de San Clemente<\/a> &#8211; Piazza di S. Clemente, 00184.<\/h3>\n\n\n\n<p>A cinco minutos a pie hay una impresionante iglesia del siglo XII.&nbsp;<\/p>\n\n\n\n<p>Debajo hay excavaciones arqueol\u00f3gicas que te llevan en un viaje a trav\u00e9s del tiempo. Bajar\u00e1s a los restos de una iglesia del siglo IV y luego descender\u00e1s de nuevo hasta un templo pagano del siglo I.<\/p>\n\n\n\n<p>Deber\u00e1s reservar con antelaci\u00f3n. La propia bas\u00edlica no proporciona tours guiados (los operadores tur\u00edsticos locales se encargan de eso), y deber\u00e1s asegurarte de vestir adecuadamente. Nada de hombros al descubierto ni pantalones cortos.&nbsp;<\/p>\n\n\n\n<h2 class=\"wp-block-heading\">Comida y bebida<\/h2>\n\n\n\n<p>Los bares y restaurantes justo enfrente del Coliseo son, no es de extra\u00f1ar, trampas para turistas. Hab\u00eda que decirlo. En su lugar, dir\u00edgete al Viale Aventino; la larga y cosmopolita avenida (gracias a todo el personal expatriado de la ONU que frecuenta sus bares) que conecta el Circo M\u00e1ximo con Ostiense. Est\u00e1 llena de una variedad de bares y restaurantes, entre ellos:&nbsp;<\/p>\n\n\n\n<h3 class=\"wp-block-heading\">So Good &#8211; Viale Aventino, 87, 00153.<\/h3>\n\n\n\n<p>Cerveza artesanal de barril y bocadillos de pastrami. Los bocadillos no son exactamente aut\u00e9nticos del estilo neoyorquino, pero las raciones son buenas y tienes la opci\u00f3n de pepinillos y mostaza (lo cual no est\u00e1 garantizado en Italia).<\/p>\n\n\n\n<p>A 14 minutos a pie del Arco de Constantino.&nbsp;<\/p>\n\n\n\n<h3 class=\"wp-block-heading\">Gusto Massimo Bar &#8211; Via del Circo M\u00e1ximo, 5a, 00153.<\/h3>\n\n\n\n<p>Aperitivo, pizza y buena comida caliente para el almuerzo. Frecuentado por personal de la ONU (que trabaja en el impresionante edificio de la FAO de la ONU al otro lado de la calle) y a cinco segundos de la estaci\u00f3n de metro del Circo M\u00e1ximo.<\/p>\n\n\n\n<p>A 8 minutos a pie del Arco de Constantino.<\/p>\n\n\n\n<h3 class=\"wp-block-heading\">Elleniko &#8211; Viale Aventino, 83, 00153.<\/h3>\n\n\n\n<p>Comida griega de calle barata. Si quieres un descanso de los carbohidratos italianos, prueba los griegos.&nbsp;<\/p>\n\n\n\n<p>Elleniko ofrece comida griega de calle aut\u00e9ntica a precios asequibles.&nbsp;<\/p>\n\n\n\n<p>Al lado de So Good. A 14 minutos a pie del Arco de Constantino.&nbsp;<\/p>\n\n\n\n<h2 class=\"wp-block-heading\">\u00bfSab\u00edas que? 5 datos curiosos&nbsp;<\/h2>\n\n\n\n<ol class=\"wp-block-list\">\n<li>En su punto m\u00e1s bajo, el Foro se us\u00f3 como pasto para el ganado. Se le conoc\u00eda como el \u00abCampo del Ganado\u00bb durante la Edad Media.<\/li>\n\n\n\n<li>Gran parte del Foro estaba en buen estado hasta el siglo XVI, aunque algunas partes hab\u00edan sido da\u00f1adas por terremotos y el abandono. El papa Pablo III orden\u00f3 el saqueo y reutilizaci\u00f3n de los materiales del Foro para construir la Bas\u00edlica de San Pedro, causando da\u00f1os incalculables.<\/li>\n\n\n\n<li>El Arco de Triunfo de Par\u00eds fue inspirado en el Arco de Tito.<\/li>\n\n\n\n<li>Tras el brutal asesinato de Julio C\u00e9sar, su cuerpo fue incinerado en el Foro Romano. Tras su muerte, el legendario general y estadista fue deificado y el Templo de C\u00e9sar fue construido en el lugar de su cremaci\u00f3n. Gran parte del templo ha sido destruida, pero todav\u00eda puedes ver los restos del altar hoy, que habr\u00edan sido tratados como la tumba de C\u00e9sar.<\/li>\n\n\n\n<li>Adem\u00e1s de ser un espacio para reuniones sociales, pol\u00edtica y ceremonias religiosas, el Foro Romano se us\u00f3 como lugar para celebrar juicios penales. Las cabezas de los enemigos se exhib\u00edan con frecuencia en los \u00faltimos a\u00f1os del Imperio.<\/li>\n<\/ol>\n\n\n\n<h2 class=\"wp-block-heading\">Historia<\/h2>\n\n\n\n<p>Una cronolog\u00eda del lugar del Foro Romano en la <a href=\"https:\/\/www.rome.info\/ancient\/\">Roma antigua<\/a>:<\/p>\n\n\n\n<div class=\"ms-timeline-list\">\n<div class=\"ms-timeline-item\">\n<p class=\"gb-text ms-timeline-item__time\">753 a.C.<\/p>\n\n\n\n<p class=\"gb-text\">Roma fue fundada por los hermanos gemelos R\u00f3mulo y Remo. Pronto surgen edificios que forman el Foro, una zona com\u00fan que los romanos usar\u00e1n como mercado, centro religioso y centro pol\u00edtico.<\/p>\n<\/div>\n\n\n\n<div class=\"ms-timeline-item\">\n<p class=\"gb-text ms-timeline-item__time\">497 a.C.<\/p>\n\n\n\n<p class=\"gb-text\">Se construy\u00f3 el Templo de Saturno original. Resultar\u00e1 ser el primero de muchas versiones.<\/p>\n<\/div>\n\n\n\n<div class=\"ms-timeline-item\">\n<p class=\"gb-text ms-timeline-item__time\">44 a.C.<\/p>\n\n\n\n<p class=\"gb-text\">Julio C\u00e9sar fue asesinado. Su cuerpo es incinerado en el Foro.<\/p>\n<\/div>\n\n\n\n<div class=\"ms-timeline-item\">\n<p class=\"gb-text ms-timeline-item__time\">203 d.C.<\/p>\n\n\n\n<p class=\"gb-text\">Se construy\u00f3 el Arco de Septimio Severo para conmemorar las victorias militares del Emperador contra los partos.<\/p>\n<\/div>\n\n\n\n<div class=\"ms-timeline-item\">\n<p class=\"gb-text ms-timeline-item__time\">394 d.C.<\/p>\n\n\n\n<p class=\"gb-text\">Se proh\u00edbe el culto no cristiano. El Foro Romano fue cayendo lentamente en desuso.&nbsp;<\/p>\n<\/div>\n\n\n\n<div class=\"ms-timeline-item\">\n<p class=\"gb-text ms-timeline-item__time\">410 d.C.<\/p>\n\n\n\n<p class=\"gb-text\">Ca\u00edda del Imperio Romano. El Imperio Romano de Occidente cay\u00f3 y el Foro sufri\u00f3 graves da\u00f1os en el proceso.<\/p>\n<\/div>\n\n\n\n<div class=\"ms-timeline-item\">\n<p class=\"gb-text ms-timeline-item__time\">608 d.C.<\/p>\n\n\n\n<p class=\"gb-text\">Se erige la Columna de Focas. Se considera el \u00faltimo monumento antiguo construido en el Foro.<\/p>\n<\/div>\n\n\n\n<div class=\"ms-timeline-item\">\n<p class=\"gb-text ms-timeline-item__time\">847 d.C.<\/p>\n\n\n\n<p class=\"gb-text\">Un gran terremoto da\u00f1\u00f3 muchos de los edificios del Foro Romano.<\/p>\n<\/div>\n\n\n\n<div class=\"ms-timeline-item\">\n<p class=\"gb-text ms-timeline-item__time\">1539 d.C.<\/p>\n\n\n\n<p class=\"gb-text\">El papa Pablo III caus\u00f3 m\u00e1s da\u00f1os. Los materiales del Foro se utilizan para construir otros lugares, incluida la Bas\u00edlica de San Pedro.<\/p>\n<\/div>\n\n\n\n<div class=\"ms-timeline-item\">\n<p class=\"gb-text ms-timeline-item__time\">1803 d.C.<\/p>\n\n\n\n<p class=\"gb-text\">El arque\u00f3logo Carlo Fea comenz\u00f3 los trabajos de excavaci\u00f3n en el Foro Romano. La totalidad del proyecto tard\u00f3 m\u00e1s de 100 a\u00f1os.<\/p>\n<\/div>\n<\/div>\n\n\n\n<h2 class=\"wp-block-heading\">Preguntas frecuentes<\/h2>\n\n\n\n<h3 class=\"wp-block-heading\"><strong>\u00bfPara qu\u00e9 se usaba el Foro Romano?<\/strong><\/h3>\n\n\n\n<p>El Foro Romano serv\u00eda como centro de la sociedad romana. La gente se reun\u00eda aqu\u00ed p\u00fablicamente para debatir pol\u00edtica, promulgar leyes, vender mercanc\u00edas y celebrar ceremonias religiosas.<\/p>\n\n\n\n<h3 class=\"wp-block-heading\"><strong>\u00bfQu\u00e9 le pas\u00f3 al Foro Romano?<\/strong><\/h3>\n\n\n\n<p>El Foro Romano ha sufrido da\u00f1os a lo largo de los a\u00f1os por fen\u00f3menos naturales como terremotos, contaminaci\u00f3n y erosi\u00f3n. Tambi\u00e9n han sido robadas muchas de las piedras y columnas por ladrones.<\/p>\n\n\n\n<p><\/p>\n","protected":false},"excerpt":{"rendered":"<p>Viaja al coraz\u00f3n de la Roma antigua en el Foro Romano.<\/p>\n","protected":false},"author":9,"featured_media":384,"parent":0,"menu_order":17,"template":"","meta":{"_acf_changed":false,"button_url":"https:\/\/www.tiqets.com\/es\/roman-forum-tickets-l146049\/?partner=romeinfo","product_id":"","street_address":", ","city":"Rome","country":"Italy","postal_code":"00186","lattitude":"41.8920906","longitude":"12.4864378","rank_math_title":"Foro Romano: entradas, horarios y qu\u00e9 ver","rank_math_description":"Consigue tus entradas al Foro Romano y explora el coraz\u00f3n de la Roma antigua. Tours guiados, horarios, ruinas imprescindibles y atracciones cercanas."},"attraction-types":[18],"producer":[32],"class_list":["post-229","attraction","type-attraction","status-publish","has-post-thumbnail","hentry","attraction-types-monumentos"],"acf":[],"location_schema":{"product_id":"","street_address":", ","city":"Rome","country":"Italy","postal_code":"00186","lattitude":"41.8920906","longitude":"12.4864378"},"_links":{"self":[{"href":"https:\/\/www.rome.info\/es\/wp-json\/wp\/v2\/attraction\/229","targetHints":{"allow":["GET"]}}],"collection":[{"href":"https:\/\/www.rome.info\/es\/wp-json\/wp\/v2\/attraction"}],"about":[{"href":"https:\/\/www.rome.info\/es\/wp-json\/wp\/v2\/types\/attraction"}],"author":[{"embeddable":true,"href":"https:\/\/www.rome.info\/es\/wp-json\/wp\/v2\/users\/9"}],"wp:featuredmedia":[{"embeddable":true,"href":"https:\/\/www.rome.info\/es\/wp-json\/wp\/v2\/media\/384"}],"wp:attachment":[{"href":"https:\/\/www.rome.info\/es\/wp-json\/wp\/v2\/media?parent=229"}],"wp:term":[{"taxonomy":"attraction-types","embeddable":true,"href":"https:\/\/www.rome.info\/es\/wp-json\/wp\/v2\/attraction-types?post=229"},{"taxonomy":"producer","embeddable":true,"href":"https:\/\/www.rome.info\/es\/wp-json\/wp\/v2\/producer?post=229"}],"curies":[{"name":"wp","href":"https:\/\/api.w.org\/{rel}","templated":true}]}}