{"id":226,"date":"2026-04-24T06:55:46","date_gmt":"2026-04-24T06:55:46","guid":{"rendered":"https:\/\/www.rome.info\/es\/?post_type=attraction&#038;p=226"},"modified":"2026-04-27T20:48:21","modified_gmt":"2026-04-27T20:48:21","slug":"basilica-de-san-pedro","status":"publish","type":"attraction","link":"https:\/\/www.rome.info\/es\/atracciones\/basilica-de-san-pedro\/","title":{"rendered":"Bas\u00edlica de San Pedro"},"content":{"rendered":"\n<p>La Bas\u00edlica de San Pedro es una de las iglesias m\u00e1s grandes del mundo y la sede de la Iglesia Cat\u00f3lica Romana. Ya sea que esperes ver al papa o admirar el impresionante arte y la arquitectura, este lugar sagrado es imprescindible.<\/p>\n\n\n\n<div class=\"ms-rounded ms-mb-last-child-0 ms-mb-block ms-tfs--contrast ms-p ms-tfs\">\n<h3 class=\"gb-text ms-link-unstyled\">Entradas para la Bas\u00edlica de San Pedro<\/h3>\n\n\n\n<p class=\"ms-link-unstyled has-ms-color-neutral-darkest-color has-text-color has-link-color wp-elements-a9476e9613d3beaaf408c17cbf749cdd\">Si vas a visitar la Bas\u00edlica de San Pedro, tienes varias formas de hacerlo seg\u00fan tu presupuesto y si prefieres ir con gu\u00eda. La entrada es gratuita, pero las colas pueden ser largas, as\u00ed que reservar un tour o un pase te ayuda a ahorrar tiempo.<\/p>\n\n\n\n<hr class=\"wp-block-separator has-alpha-channel-opacity\"\/>\n\n\n\n<p class=\"ms-link-unstyled has-ms-color-neutral-darkest-color has-text-color has-link-color wp-elements-5e8989916acee0a70f213e20bd0c81bf\"><strong>\u2b50 Mejor relaci\u00f3n calidad-precio<\/strong><\/p>\n\n\n\n<ul class=\"wp-block-list has-ms-color-primary-color has-text-color has-link-color wp-elements-feb17d90106ad06f63fdda818626e9c7\">\n<li class=\"ms-link-unstyled has-ms-color-neutral-darkest-color has-text-color has-link-color wp-elements-ec917032294bc5bea061beb3d1bd668b\"><a href=\"https:\/\/www.tiqets.com\/es\/rome-attractions-c71631\/rome-tourist-card-p1013153\/?partner=romeinfo\" rel=\"nofollow noopener\"><strong><mark style=\"background-color:var(--ms-color-contrast-lightest)\" class=\"has-inline-color has-ms-color-primary-color\">Rome Tourist Card (m\u00e1s vendido)<\/mark><\/strong><\/a> \u2013 Este pase completo incluye el <strong>Coliseo, el Foro Romano, el Monte Palatino, los Museos Vaticanos y la Capilla Sixtina<\/strong>. Tambi\u00e9n puedes elegir una opci\u00f3n m\u00e1s: <strong>la Bas\u00edlica de San Pedro (tour guiado de 1 hora), el Castel Sant&#8217;Angelo o el Pante\u00f3n<\/strong>. Incluye adem\u00e1s una audiogu\u00eda de la ciudad en app, un <strong>10% de descuento<\/strong> en otras atracciones y tours, y la posibilidad de a\u00f1adir <strong>traslados al aeropuerto<\/strong> al finalizar la compra.<\/li>\n\n\n\n<li class=\"ms-link-unstyled has-ms-color-neutral-darkest-color has-text-color has-link-color wp-elements-6db95c3b05bc970c635666c34bed51db\"><a href=\"https:\/\/www.tiqets.com\/es\/rome-attractions-c71631\/the-vatican-city-pass-p1012497\/?partner=romeinfo\" rel=\"nofollow noopener\"><strong><mark style=\"background-color:var(--ms-color-contrast-lightest)\" class=\"has-inline-color has-ms-color-primary-color\">Vatican City Pass<\/mark><\/strong><\/a> \u2013 Si te interesa sobre todo el Vaticano, este pase cubre los <strong>Museos Vaticanos, la Capilla Sixtina y la Bas\u00edlica de San Pedro<\/strong> con acceso sin colas. Incluye tambi\u00e9n una audiogu\u00eda de Roma o entrada r\u00e1pida al <strong>Castel Sant&#8217;Angelo<\/strong>.<\/li>\n\n\n\n<li class=\"ms-link-unstyled has-ms-color-neutral-darkest-color has-text-color has-link-color wp-elements-9c2b264f5a36d76f987fa38ceab8a2e5\"><a href=\"https:\/\/www.tiqets.com\/es\/rome-attractions-c71631\/tickets-for-vatican-st-peters-basilica-audio-guide-p1054791\/?partner=romeinfo\" rel=\"nofollow noopener\"><mark style=\"background-color:var(--ms-color-contrast-lightest)\" class=\"has-inline-color has-ms-color-primary-color\"><strong>Solo audiogu\u00eda digital<\/strong><\/mark><\/a> \u2013 <em>La opci\u00f3n m\u00e1s econ\u00f3mica<\/em>. Explora a tu ritmo con comentarios en audio disponibles en varios idiomas (chino, ingl\u00e9s, franc\u00e9s, alem\u00e1n, italiano, espa\u00f1ol).<\/li>\n<\/ul>\n\n\n\n<hr class=\"wp-block-separator has-alpha-channel-opacity\"\/>\n\n\n\n<p class=\"has-ms-text-color-color has-text-color has-link-color wp-elements-c796aefdb3da572568196fe60e9f62ee\"><strong>\ud83c\udfad Mejor experiencia<\/strong><\/p>\n\n\n\n<ul class=\"wp-block-list has-ms-color-primary-color has-text-color has-link-color wp-elements-353d906d2b277a27f6f52bf718524a47\">\n<li class=\"ms-link-unstyled has-ms-color-neutral-darkest-color has-text-color has-link-color wp-elements-4838555c6b4df397082b2d700c109853\"><a href=\"https:\/\/www.tiqets.com\/es\/rome-attractions-c71631\/tickets-for-vatican-museums-sistine-chapel-st-peter-s-basilica-guided-tour-p1105898\/?partner=romeinfo\" rel=\"nofollow noopener\"><mark style=\"background-color:var(--ms-color-contrast-lightest)\" class=\"has-inline-color has-ms-color-primary-color\"><strong>Tour guiado completo<\/strong><\/mark><\/a> \u2013 Visita guiada de 3 horas a la <strong>Bas\u00edlica de San Pedro, los Museos Vaticanos y la Capilla Sixtina<\/strong>. Incluye acceso r\u00e1pido, gu\u00eda experto y auriculares. Disponible en ingl\u00e9s, franc\u00e9s, alem\u00e1n, italiano y espa\u00f1ol.<\/li>\n\n\n\n<li class=\"ms-link-unstyled has-ms-color-neutral-darkest-color has-text-color has-link-color wp-elements-3363bc9228ced00a4ff1a35ed63ca1c5\"><a href=\"https:\/\/www.tiqets.com\/es\/rome-attractions-c71631\/tickets-for-st-peters-basilica-1-hour-express-guided-tour-p1092191\/?partner=romeinfo\" rel=\"nofollow noopener\"><mark style=\"background-color:var(--ms-color-contrast-lightest)\" class=\"has-inline-color has-ms-color-primary-color\"><strong>Tour expr\u00e9s guiado (1 hora)<\/strong><\/mark><\/a> \u2013 Si tienes poco tiempo pero quieres disfrutar de las maravillas de la <strong>Bas\u00edlica de San Pedro<\/strong>, el tour expr\u00e9s de 1 hora es una buena opci\u00f3n. Cubre la historia, la arquitectura y las obras de arte m\u00e1s importantes (incluidas las incre\u00edbles esculturas que parecen desafiar la gravedad).<\/li>\n<\/ul>\n\n\n\n<hr class=\"wp-block-separator has-alpha-channel-opacity\"\/>\n\n\n\n<p class=\"has-ms-color-neutral-darkest-color has-text-color has-link-color wp-elements-c2d6c1b68a57103d540f491821a44598\"><strong>\u2139\ufe0f Informaci\u00f3n pr\u00e1ctica<\/strong><\/p>\n\n\n\n<ul class=\"wp-block-list\">\n<li class=\"has-ms-text-color-color has-text-color has-link-color wp-elements-f1df029deb88e35f6be82492067a29f1\">Llega 15-30 minutos antes para que el inicio de tu visita sea tranquilo.<\/li>\n\n\n\n<li class=\"has-ms-text-color-color has-text-color has-link-color wp-elements-229c0f9f14d9343c4e9160ef47f2c3a5\">La entrada a la Bas\u00edlica de San Pedro es gratuita, pero espera colas de hasta 25 minutos en horas punta.<\/li>\n\n\n\n<li class=\"has-ms-text-color-color has-text-color has-link-color wp-elements-f242db982a7d437b671717d997c082bf\">Cancelaci\u00f3n gratuita hasta 24 horas antes en todas las entradas.<\/li>\n\n\n\n<li class=\"has-ms-text-color-color has-text-color has-link-color wp-elements-a6881e99a455c96ea16c5f489839e757\">La accesibilidad para sillas de ruedas var\u00eda seg\u00fan el tour. Consulta los detalles antes de reservar.<\/li>\n<\/ul>\n\n\n\n<hr class=\"wp-block-separator has-alpha-channel-opacity\"\/>\n\n\n\n<div class=\"ms-cta-button-options ms-mb-block ms-cta\">\n<a class=\"gb-text ms-btn ms-btn--primary ms-shadow\" href=\"https:\/\/www.tiqets.com\/es\/rome-attractions-c71631\/rome-tourist-card-p1013153\/?partner=romeinfo\" rel=\"nofollow noopener\">Rome Tourist Card<\/a>\n\n\n\n<a class=\"gb-text ms-btn ms-btn--outline-primary ms-shadow\" href=\"https:\/\/www.tiqets.com\/es\/st-peters-basilica-tickets-l144143\/?partner=romeinfo\" rel=\"nofollow noopener\">Todas las opciones de entradas<\/a>\n<\/div>\n<\/div>\n\n\n\n<h2 class=\"wp-block-heading\">Lo m\u00e1s destacado<\/h2>\n\n\n<figure>\n                    <div class=\"ms-credits\"><img decoding=\"async\" class=\"gb-image gb-image-1bb38991\" src=\"https:\/\/www.rome.info\/wp-content\/uploads\/f-shot-of-st-peters-basilica.jpg\" alt=\"Vista de la Bas\u00edlica de San Pedro a distancia\"><span class='ms-credits__info' id='media817'>Pixabay Licenseptra\/<a href=https:\/\/pixabay.com\/photos\/st-peter-s-basilica-rome-catholic-2677061\/ rel='nofollow' target='_blank'>Pixabay<\/a><\/span><span class='ms-credits__btn' id='btn_media817' onclick='ms_credits_trigger(\"#media817\", this)'><svg xmlns=\"http:\/\/www.w3.org\/2000\/svg\" class=\"info_icon\" width=\"28\" height=\"28\" fill=\"#FFF\" viewBox=\"0 0 256 256\"><path d=\"M128,24A104,104,0,1,0,232,128,104.11,104.11,0,0,0,128,24Zm0,192a88,88,0,1,1,88-88A88.1,88.1,0,0,1,128,216Zm16-40a8,8,0,0,1-8,8,16,16,0,0,1-16-16V128a8,8,0,0,1,0-16,16,16,0,0,1,16,16v40A8,8,0,0,1,144,176ZM112,84a12,12,0,1,1,12,12A12,12,0,0,1,112,84Z\"><\/path><\/svg><svg xmlns=\"http:\/\/www.w3.org\/2000\/svg\" class=\"close_icon\" width=\"28\" height=\"28\" fill=\"#FFF\" viewBox=\"0 0 256 256\"><path d=\"M165.66,101.66,139.31,128l26.35,26.34a8,8,0,0,1-11.32,11.32L128,139.31l-26.34,26.35a8,8,0,0,1-11.32-11.32L116.69,128,90.34,101.66a8,8,0,0,1,11.32-11.32L128,116.69l26.34-26.35a8,8,0,0,1,11.32,11.32ZM232,128A104,104,0,1,1,128,24,104.11,104.11,0,0,1,232,128Zm-16,0a88,88,0,1,0-88,88A88.1,88.1,0,0,0,216,128Z\"><\/path><\/svg><\/span><\/div><figcaption class=\"gb-headline gb-headline-a538d2c3 gb-headline-text\">La Bas\u00edlica de San Pedro est\u00e1 en la Ciudad del Vaticano.<\/figcaption><\/figure>\n\n\n<ul class=\"ms-icon-list ms-mb-block\">\n<li class=\"ms-icon-list__item\"><span class=\"gb-shape\"><svg viewBox=\"0 0 256 256\" fill=\"#000000\" height=\"32\" width=\"32\" xmlns=\"http:\/\/www.w3.org\/2000\/svg\"><path d=\"M232.49,80.49l-128,128a12,12,0,0,1-17,0l-56-56a12,12,0,1,1,17-17L96,183,215.51,63.51a12,12,0,0,1,17,17Z\"><\/path><\/svg><\/span><span class=\"gb-text\">Admira el realismo de la escultura de Miguel \u00c1ngel &#8216;<em>La Piet\u00e0<\/em>&#8216;.<\/span><\/li>\n\n\n\n<li class=\"ms-icon-list__item\"><span class=\"gb-shape\"><svg viewBox=\"0 0 256 256\" fill=\"#000000\" height=\"32\" width=\"32\" xmlns=\"http:\/\/www.w3.org\/2000\/svg\"><path d=\"M232.49,80.49l-128,128a12,12,0,0,1-17,0l-56-56a12,12,0,1,1,17-17L96,183,215.51,63.51a12,12,0,0,1,17,17Z\"><\/path><\/svg><\/span><span class=\"gb-text\">Queda impresionado por el Baldaquino de Bernini, un dosel de bronce sobre el Altar Mayor, construido sobre la tumba de San Pedro.<\/span><\/li>\n\n\n\n<li class=\"ms-icon-list__item\"><span class=\"gb-shape\"><svg viewBox=\"0 0 256 256\" fill=\"#000000\" height=\"32\" width=\"32\" xmlns=\"http:\/\/www.w3.org\/2000\/svg\"><path d=\"M232.49,80.49l-128,128a12,12,0,0,1-17,0l-56-56a12,12,0,1,1,17-17L96,183,215.51,63.51a12,12,0,0,1,17,17Z\"><\/path><\/svg><\/span><span class=\"gb-text\">Marav\u00edllate ante la C\u00fapula dise\u00f1ada por Miguel \u00c1ngel, una de las c\u00fapulas m\u00e1s grandes del mundo.<\/span><\/li>\n<\/ul>\n\n\n\n<h2 class=\"wp-block-heading\">Entradas y precios<\/h2>\n\n\n\n<p>La Bas\u00edlica de San Pedro no es una iglesia cualquiera: es la m\u00e1s importante del mundo para la Iglesia Cat\u00f3lica. Su impresionante historia, sus obras de arte inestimables y su impresionante arquitectura se descubren mejor con un tour guiado o un pase de ciudad que te permita saltarte la cola y sacarle mucho m\u00e1s partido a tu visita.<\/p>\n\n\n\n<p><strong>Descubre qu\u00e9 entrada a la Bas\u00edlica de San Pedro se adapta mejor a tus necesidades<\/strong>:<\/p>\n\n\n\n<ul class=\"wp-block-list\">\n<li><a href=\"https:\/\/www.tiqets.com\/es\/rome-attractions-c71631\/tickets-for-st-peters-basilica-audio-guide-dome-access-p1126403\/?partner=romeinfo\" data-type=\"link\" data-id=\"https:\/\/www.tiqets.com\/es\/rome-attractions-c71631\/tickets-for-st-peters-basilica-audio-guide-dome-access-p1126403\/?partner=romeinfo\" rel=\"noopener\"><strong>Entrada con audiogu\u00eda + acceso a la c\u00fapula<\/strong><\/a><strong>:<\/strong> Explora la Bas\u00edlica con una audiogu\u00eda descargable y luego sube a la c\u00fapula para disfrutar de vistas impresionantes sobre Roma. Elige entre escaleras o ascensor al realizar el pago.<\/li>\n\n\n\n<li><strong><a href=\"https:\/\/www.tiqets.com\/es\/rome-attractions-c71631\/tickets-for-st-peter-s-basilica-guided-tour-p1111295\/?partner=romeinfo\" rel=\"nofollow noopener\">Tour guiado<\/a><\/strong>: tour de 1 hora por la Bas\u00edlica de San Pedro con un gu\u00eda oficial del Vaticano. Ve de cerca La Piet\u00e0 de Miguel \u00c1ngel, el Baldaquino de Bernini y las obras m\u00e1s importantes. Tiempo libre despu\u00e9s para explorar a tu propio ritmo.<\/li>\n\n\n\n<li><a href=\"https:\/\/www.tiqets.com\/es\/rome-attractions-c71631\/tickets-for-st-peter-s-basilica-dome-vatican-grottoes-guided-tour-p1126260\/?partner=romeinfo\" rel=\"nofollow noopener\"><strong>Tour guiado: Bas\u00edlica de San Pedro, c\u00fapula y Grutas Vaticanas<\/strong><\/a>: una experiencia guiada m\u00e1s larga que tambi\u00e9n cubre la Plaza de San Pedro y las Grutas Papales bajo la Bas\u00edlica.<\/li>\n\n\n\n<li><strong><a href=\"https:\/\/www.tiqets.com\/es\/rome-attractions-c71631\/tickets-for-st-peters-basilica-guided-tour-dome-access-p1107346\/?partner=romeinfo\" rel=\"nofollow noopener\">Subida a la c\u00fapula con gu\u00eda<\/a><\/strong>: sube a la cima de la famosa c\u00fapula de Miguel \u00c1ngel para disfrutar de vistas panor\u00e1micas sobre Roma.<\/li>\n<\/ul>\n\n\n\n<div class=\"ms-rounded ms-mb-last-child-0 ms-mb-block ms-tfs--contrast ms-p ms-tfs\">\n<h3 class=\"gb-text gb-text-43cd7d69\">Ahorra tiempo y dinero con los pases de ciudad de Roma<\/h3>\n\n\n\n<p class=\"gb-text\">Si planeas visitar m\u00e1s que solo la Bas\u00edlica de San Pedro durante tu estancia en Roma, un pase de ciudad puede ser una buena opci\u00f3n. Cada uno de estos pases incluye la Bas\u00edlica de San Pedro junto con otras atracciones principales y te salta las colas m\u00e1s largas.<\/p>\n\n\n\n<ul class=\"ms-icon-list ms-mb-block\">\n<li class=\"ms-icon-list__item ms-link-unstyled\"><span class=\"gb-shape\"><svg viewBox=\"0 0 256 256\" fill=\"#000000\" height=\"32\" width=\"32\" xmlns=\"http:\/\/www.w3.org\/2000\/svg\"><path d=\"M243.31,136,144,36.69A15.86,15.86,0,0,0,132.69,32H40a8,8,0,0,0-8,8v92.69A15.86,15.86,0,0,0,36.69,144L136,243.31a16,16,0,0,0,22.63,0l84.68-84.68a16,16,0,0,0,0-22.63Zm-96,96L48,132.69V48h84.69L232,147.31ZM96,84A12,12,0,1,1,84,72,12,12,0,0,1,96,84Z\"><\/path><\/svg><\/span><span class=\"gb-text\"><strong><a href=\"https:\/\/www.rome.info\/es\/pases-turisticos\/rome-tourist-card\/\">Rome Tourist Card<\/a><\/strong>: incluye un tour guiado por la Bas\u00edlica de San Pedro, m\u00e1s entrada sin colas a los Museos Vaticanos, la Capilla Sixtina y el Coliseo. La opci\u00f3n m\u00e1s popular para los visitantes primerizos que quieren ver todos los puntos destacados en una sola reserva.<\/span><\/li>\n\n\n\n<li class=\"ms-icon-list__item ms-link-unstyled\"><span class=\"gb-shape\"><svg viewBox=\"0 0 256 256\" fill=\"#000000\" height=\"32\" width=\"32\" xmlns=\"http:\/\/www.w3.org\/2000\/svg\"><path d=\"M243.31,136,144,36.69A15.86,15.86,0,0,0,132.69,32H40a8,8,0,0,0-8,8v92.69A15.86,15.86,0,0,0,36.69,144L136,243.31a16,16,0,0,0,22.63,0l84.68-84.68a16,16,0,0,0,0-22.63Zm-96,96L48,132.69V48h84.69L232,147.31ZM96,84A12,12,0,1,1,84,72,12,12,0,0,1,96,84Z\"><\/path><\/svg><\/span><span class=\"gb-text\"><strong><a href=\"https:\/\/www.rome.info\/es\/pases-turisticos\/vatican-city-pass\/\">Vatican City Pass<\/a><\/strong>: incluye un tour guiado por la Bas\u00edlica de San Pedro, m\u00e1s acceso sin colas a los Museos Vaticanos y la Capilla Sixtina. Ideal si quieres pasar un d\u00eda completo explorando todo en el \u00e1rea del Vaticano.<\/span><\/li>\n\n\n\n<li class=\"ms-icon-list__item ms-link-unstyled\"><span class=\"gb-shape\"><svg viewBox=\"0 0 256 256\" fill=\"#000000\" height=\"32\" width=\"32\" xmlns=\"http:\/\/www.w3.org\/2000\/svg\"><path d=\"M243.31,136,144,36.69A15.86,15.86,0,0,0,132.69,32H40a8,8,0,0,0-8,8v92.69A15.86,15.86,0,0,0,36.69,144L136,243.31a16,16,0,0,0,22.63,0l84.68-84.68a16,16,0,0,0,0-22.63Zm-96,96L48,132.69V48h84.69L232,147.31ZM96,84A12,12,0,1,1,84,72,12,12,0,0,1,96,84Z\"><\/path><\/svg><\/span><span class=\"gb-text\"><strong><a href=\"https:\/\/www.rome.info\/es\/pases-turisticos\/omnia-card\/\">Omnia Card<\/a><\/strong>: incluye acceso sin colas a la Bas\u00edlica de San Pedro, los Museos Vaticanos, la Capilla Sixtina, el Coliseo y m\u00e1s de 30 atracciones de la ciudad. Tambi\u00e9n incluye autobuses hop-on hop-off y transporte p\u00fablico. Ideal para estancias m\u00e1s largas en las que quieras la m\u00e1xima flexibilidad.<\/span><\/li>\n<\/ul>\n\n\n\n<div class=\"ms-cta-button-options ms-mb-block ms-cta\">\n<a class=\"gb-text ms-btn ms-btn--primary ms-shadow\" href=\"https:\/\/www.rome.info\/es\/pases-turisticos\/comparativa\/\">Comparar todos los pases de ciudad de Roma<\/a>\n<\/div>\n<\/div>\n\n\n\n<h3 class=\"wp-block-heading\"><strong>Es bueno saber<\/strong><\/h3>\n\n\n\n<ul class=\"wp-block-list\">\n<li>Los gu\u00edas en vivo est\u00e1n disponibles en ingl\u00e9s, italiano, franc\u00e9s, alem\u00e1n o espa\u00f1ol.<\/li>\n\n\n\n<li>Los ni\u00f1os de entre 7 y 17 a\u00f1os (con un documento de identidad con foto v\u00e1lido) obtienen una entrada con descuento.<\/li>\n\n\n\n<li>Selecciona tu fecha y horario online y llega 15 minutos antes de tu tour programado.<\/li>\n\n\n\n<li>Las entradas se env\u00edan por correo electr\u00f3nico y puedes mostrarlas impresas o en formato digital.<\/li>\n\n\n\n<li>Te reunir\u00e1s con tu gu\u00eda en el mostrador de bienvenida en el atrio de la bas\u00edlica.<\/li>\n<\/ul>\n\n\n\n<h2 class=\"wp-block-heading\">5 cosas que debes saber antes de visitar la Bas\u00edlica de San Pedro<\/h2>\n\n\n\n<ol class=\"wp-block-list\">\n<li>No existe opci\u00f3n de saltarse la cola. Solo el Papa tiene ese privilegio.&nbsp;<\/li>\n\n\n\n<li>Las colas de seguridad son largas. Todo el mundo tiene que pasar por los detectores de metales antes de entrar. No hay forma de acelerarlas.<\/li>\n\n\n\n<li>Hace calor en verano en la Plaza de San Pedro. Ve a un tour matutino si puedes. Lleva sombrero y paraguas. Puede ser bastante duro esperar en la plaza para pasar por los detectores de metales.&nbsp;<\/li>\n\n\n\n<li>Hay c\u00f3digo de vestimenta. A pesar del calor, las normas estipulan no mostrar los hombros ni las piernas demasiado al descubierto. El personal lo comprobar\u00e1 antes de entrar. Tu gu\u00eda te avisar\u00e1 si vas bien.<\/li>\n\n\n\n<li>La tumba de San Pedro est\u00e1 detr\u00e1s de una pantalla de cristal. Hay informaci\u00f3n contradictoria en internet sobre esto. B\u00e1sicamente, la ver\u00e1s, pero no puedes acercarte demasiado, eso es todo.&nbsp;<\/li>\n<\/ol>\n\n\n\n<h2 class=\"wp-block-heading\">Mapa y direcci\u00f3n (Ubicaci\u00f3n)<\/h2>\n\n\n\n<address class=\"ms-mapblock ms-mb-block\">\n\t\n\t\t<h4>\n\t\t\tSt. Peter&#8217;s Basilica\t\t<\/h2>\n\n\t\t<p class=\"ms-mb-0\">\n            <img decoding=\"async\" class=\"ms-mapblock__map ms-rounded\" src=\"https:\/\/www.rome.info\/es\/wp-content\/uploads\/sites\/10\/maps\/staticmap_41.9021667_12.4539367_14_768x432.png\" alt=\"St. Peter&#039;s Basilica\" \/>\n\t\t<\/p>\n\n\t\t<p class=\"ms-text-sm ms-text-muted\">\n\t\t\tPiazza San Pietro, 00120 Citt\u00e0 del Vaticano, Vatican City \u00b7\n\t\t\t<a rel=\"nofollow noopener\" target=\"_blank\" href=\"https:\/\/maps.google.com\/?q=41.9021667,12.4539367\">Google Maps<\/a>\n\t\t<\/p>\n\n\t<\/address>\n\n\n<h2 class=\"wp-block-heading\">C\u00f3mo llegar<\/h2>\n\n\n\n<p>Esta gu\u00eda da por hecho que has reservado un tour guiado. Us\u00e9 la app de Tiqets, que incluye instrucciones muy \u00fatiles y un mapa con la ubicaci\u00f3n exacta de tu punto de encuentro.<\/p>\n\n\n\n<p>Dicho eso, lo entiendo. Tienes mucho que hacer. Hay mucho que ver. Todav\u00eda est\u00e1s cansado del viaje, as\u00ed que perm\u00edteme desglosarlo. Roma es incre\u00edble, pero no estamos exactamente trabajando con una cuadr\u00edcula aqu\u00ed. El GPS del m\u00f3vil sin duda se bloquear\u00e1 alguna que otra vez, as\u00ed que mejor afilar las habilidades de orientaci\u00f3n.&nbsp;<\/p>\n\n\n\n<h3 class=\"wp-block-heading\">Empecemos<\/h3>\n\n\n\n<p>Mi tour fue organizado por un operador tur\u00edstico local llamado Touriks (colaborador de Tiqets). Reserv\u00e9 un tour guiado por la Bas\u00edlica de San Pedro que inclu\u00eda la Subida a la C\u00fapula.&nbsp;<\/p>\n\n\n\n<p>El punto de encuentro (en Largo del Colonnato, justo fuera de la Plaza de San Pedro) tambi\u00e9n lo usan muchos otros operadores tur\u00edsticos, as\u00ed que es muy probable que si reservas un tour guiado, tambi\u00e9n te re\u00fanas all\u00ed.&nbsp;<\/p>\n\n\n\n<h3 class=\"wp-block-heading\">Transporte p\u00fablico<\/h3>\n\n\n\n<ul class=\"wp-block-list\">\n<li><a href=\"https:\/\/www.rome.info\/es\/transporte\/transporte-publico\/autobus\/\">Bus:<\/a> \n<ul class=\"wp-block-list\">\n<li>40 &#8211; Traspontina\/Conciliazione<\/li>\n\n\n\n<li>64 &#8211; Cavalleggeri\/S. Pietro<\/li>\n\n\n\n<li>32, 81, 982 &#8211; Piazza del Risorgimento<\/li>\n\n\n\n<li>492, 990 &#8211; Via Leone IV \/ Via degli Scipioni<\/li>\n<\/ul>\n<\/li>\n\n\n\n<li><a href=\"https:\/\/www.rome.info\/es\/transporte\/transporte-publico\/tranvia\/\">Tranv\u00eda:<\/a> 19 &#8211; Piazza del Risorgimento<\/li>\n\n\n\n<li><a href=\"https:\/\/www.rome.info\/es\/transporte\/trenes\/\">Tren:<\/a> San Pietro<\/li>\n\n\n\n<li><a href=\"https:\/\/www.rome.info\/es\/transporte\/transporte-publico\/metro\/\">Metro<\/a> &#8211; estaci\u00f3n m\u00e1s cercana, Ottaviano. 10 minutos a pie.<\/li>\n<\/ul>\n\n\n\n<p>Desde el metro de Ottaviano, toma la salida de Via Ottaviano y sigue todo el trayecto por la Via Ottaviano hasta llegar a la Piazza del Risorgimento (una gran plaza ovalada en medio de una arteria).&nbsp;<\/p>\n\n\n\n<p>Por el camino, pasar\u00e1s por la derecha la tienda de productos gourmet Castroni (lo que tambi\u00e9n te indicar\u00e1 que vas en la direcci\u00f3n correcta).&nbsp;<\/p>\n\n\n\n<p>Cruza hacia la Piazza del Risorgimento y contin\u00faa recto por Via di Porta Angelica.&nbsp;<\/p>\n\n\n\n<p>Sigue hasta el final de la calle. A tu izquierda ver\u00e1s una fuente; aqu\u00ed comienza la peque\u00f1a calle Largo del Colonnato (que gira a tu derecha). S\u00edguelo hasta el final hasta que veas una tienda de regalos llamada Galleria San Pietro. Tendr\u00e1s las columnatas de la Plaza de San Pedro a tu derecha.&nbsp;<\/p>\n\n\n\n<p>La direcci\u00f3n exacta del punto de encuentro es Largo del Colonnato 5. Puedes ver el peque\u00f1o n\u00famero 5 en la pared. (O 5 Largo del Colonnato, si te resulta m\u00e1s f\u00e1cil de entender). Es la direcci\u00f3n de una popular y bien surtida tienda de regalos llamada Galleria San Pietro.&nbsp;<\/p>\n\n\n\n<p>\ud83d\udca1<strong>Consejo extra:<\/strong><\/p>\n\n\n\n<ul class=\"wp-block-list\">\n<li><em>Largo<\/em>, en este contexto, significa plaza\/calle. Algo intermedio. (Tambi\u00e9n significa \u00abancho\u00bb en contextos m\u00e1s cotidianos).&nbsp;<\/li>\n\n\n\n<li>Los n\u00fameros de calle se colocan al final de los nombres de las calles en italiano.&nbsp;<\/li>\n\n\n\n<li>Por \u00faltimo, <em>Colonnato<\/em> significa columnata. As\u00ed que Largo del Colonnato 5 en espa\u00f1ol ser\u00eda <em>Calle de la Columnata, 5<\/em> (y no la columna n\u00famero 5).&nbsp;<\/li>\n\n\n\n<li>Si tu tour resulta ser con el operador tur\u00edstico local Touriks, encontrar\u00e1s personal de tierra amigable y multiling\u00fce sosteniendo etiquetas amarillas como estas frente a la tienda de regalos Galleria San Pietro.&nbsp;<\/li>\n\n\n\n<li>Ac\u00e9rcate, pres\u00e9ntate y te asignar\u00e1n a un grupo. Luego te indicar\u00e1n que esperes en un lugar designado para tu gu\u00eda, que repartir\u00e1 los radiotransmisores y los auriculares.&nbsp;<\/li>\n\n\n\n<li>Yo us\u00e9 mis propios auriculares: si tambi\u00e9n quieres hacerlo, necesitar\u00e1s los de la vieja usanza con un jack. Los auriculares Bluetooth no funcionar\u00e1n. De lo contrario, se proporcionar\u00e1n auriculares.&nbsp;<\/li>\n<\/ul>\n\n\n\n<h2 class=\"wp-block-heading\">Entrada<\/h2>\n\n\n\n<p>Nuestro gu\u00eda era un romano de gran estatura llamado Marco, con un ingl\u00e9s encantador y detalles atentos como hacer pausas para ir al ba\u00f1o y beber agua siempre que era posible dentro y alrededor de la bas\u00edlica.<\/p>\n\n\n\n<p>Nos mantuvo entretenidos bajo el calor del mediod\u00eda con historia y datos curiosos sin parar.&nbsp;<\/p>\n\n\n\n<p>Cuando fui (a finales de mayo), en total tard\u00e9 alrededor de cuarenta minutos desde que empec\u00e9 a hacer cola hasta que entr\u00e9 f\u00edsicamente en la iglesia. En temporada alta, puedes esperar al menos una hora de espera.<\/p>\n\n\n\n<p>La Bas\u00edlica de San Pedro est\u00e1 en la Ciudad del Vaticano, que es un pa\u00eds diferente. Por lo tanto, tienes que pasar por seguridad igual que en el aeropuerto. Sin embargo, no necesitar\u00e1s mostrar el pasaporte.&nbsp;<\/p>\n\n\n\n<p>La seguridad est\u00e1 controlada por la Polic\u00eda italiana bajo las columnatas a la sombra. Una vez que hayas pasado este control, est\u00e1s en otro pa\u00eds y estar\u00e1s en manos de la Guardia Suiza (Polic\u00eda de la Ciudad del Vaticano).&nbsp;<\/p>\n\n\n\n<h2 class=\"wp-block-heading\">Qu\u00e9 no perderte en la bas\u00edlica<\/h2>\n\n\n\n<p>Hay innumerables cosas que ver y asimilar, pero estos son los momentos m\u00e1s destacados de mi tour. Nuestro gu\u00eda Marco fue fant\u00e1stico, pero lo bueno de los tours guiados es que nunca son iguales dos veces. Ni siquiera con el mismo gu\u00eda.&nbsp;<\/p>\n\n\n\n<p>Lo primero que te impresionar\u00e1 al entrar en la bas\u00edlica es la inmensa escala del lugar.&nbsp;<\/p>\n\n\n\n<h3 class=\"wp-block-heading\">La Piet\u00e0 &#8211; Miguel \u00c1ngel<\/h3>\n\n\n<figure>\n                    <div class=\"ms-credits\"><img decoding=\"async\" class=\"gb-image gb-image-24f8bdcb\" src=\"https:\/\/www.rome.info\/wp-content\/uploads\/f-chapel-of-the-pieta.jpg\" alt=\"Visitantes contemplando la Capilla de La Piet\u00e0 dentro de la Bas\u00edlica de San Pedro\"><span class='ms-credits__info' id='media818'>Pixabay Licensecains\/<a href=https:\/\/pixabay.com\/photos\/basilica-di-san-pietro-in-vaticano-4477328\/ rel='nofollow' target='_blank'>Pixabay<\/a><\/span><span class='ms-credits__btn' id='btn_media818' onclick='ms_credits_trigger(\"#media818\", this)'><svg xmlns=\"http:\/\/www.w3.org\/2000\/svg\" class=\"info_icon\" width=\"28\" height=\"28\" fill=\"#FFF\" viewBox=\"0 0 256 256\"><path d=\"M128,24A104,104,0,1,0,232,128,104.11,104.11,0,0,0,128,24Zm0,192a88,88,0,1,1,88-88A88.1,88.1,0,0,1,128,216Zm16-40a8,8,0,0,1-8,8,16,16,0,0,1-16-16V128a8,8,0,0,1,0-16,16,16,0,0,1,16,16v40A8,8,0,0,1,144,176ZM112,84a12,12,0,1,1,12,12A12,12,0,0,1,112,84Z\"><\/path><\/svg><svg xmlns=\"http:\/\/www.w3.org\/2000\/svg\" class=\"close_icon\" width=\"28\" height=\"28\" fill=\"#FFF\" viewBox=\"0 0 256 256\"><path d=\"M165.66,101.66,139.31,128l26.35,26.34a8,8,0,0,1-11.32,11.32L128,139.31l-26.34,26.35a8,8,0,0,1-11.32-11.32L116.69,128,90.34,101.66a8,8,0,0,1,11.32-11.32L128,116.69l26.34-26.35a8,8,0,0,1,11.32,11.32ZM232,128A104,104,0,1,1,128,24,104.11,104.11,0,0,1,232,128Zm-16,0a88,88,0,1,0-88,88A88.1,88.1,0,0,0,216,128Z\"><\/path><\/svg><\/span><\/div><\/figure>\n\n\n<p>La primera parada de cualquier tour siempre es <a href=\"https:\/\/www.rome.info\/artists\/michelangelo\/pieta\/\">La Piet\u00e0<\/a>, completada por Miguel \u00c1ngel en 1499.&nbsp;<\/p>\n\n\n\n<p>En 1972, una persona con graves problemas mentales, bajo la ilusi\u00f3n de ser Jesucristo, atac\u00f3 brutalmente esta hermosa escultura con un martillo. Fue restaurada con gran cuidado y desde entonces est\u00e1 protegida detr\u00e1s de una pantalla acr\u00edlica a prueba de balas.<\/p>\n\n\n\n<p>Una representaci\u00f3n anacr\u00f3nica de Mar\u00eda (que parece demasiado joven para tener un hijo de 33 a\u00f1os, la edad a la que muri\u00f3 Jes\u00fas); algunos historiadores del arte argumentan que su rostro es en realidad una representaci\u00f3n de la propia madre de Miguel \u00c1ngel, que muri\u00f3 cuando \u00e9l era un ni\u00f1o.&nbsp;<\/p>\n\n\n\n<p>T\u00f3mate un momento para apreciar el desgarrador realismo de su expresi\u00f3n facial.&nbsp;<\/p>\n\n\n\n<h3 class=\"wp-block-heading\">Antigua estatua de bronce de San Pedro (siglo XIII)<\/h3>\n\n\n\n<p>La tradici\u00f3n cat\u00f3lica lleva a los peregrinos a besar y tocar el pie derecho de San Pedro cuando visitan la iglesia. Esto ocurre desde el siglo XIV, as\u00ed que entender\u00e1s por qu\u00e9 su pie derecho est\u00e1 visiblemente desgastado.&nbsp;<\/p>\n\n\n\n<p>Ha tenido un descanso de tantos besos en el pie desde la pandemia por razones obvias. Cuando lo visit\u00e9 en mayo de 2023, todav\u00eda estaba acordonado. Pero f\u00edjate un momento en el pie desgastado.<\/p>\n\n\n\n<h3 class=\"wp-block-heading\">Baldaquino di San Pietro &#8211; 1634<br><\/h3>\n\n\n<figure>\n                    <div class=\"ms-credits\"><img decoding=\"async\" class=\"gb-image gb-image-38ce8c3c\" src=\"https:\/\/www.rome.info\/wp-content\/uploads\/f-alter-of-st-peters-basilica.jpg\" alt=\"Vista del altar en la Bas\u00edlica de San Pedro\"><span class='ms-credits__info' id='media823'>Pixabay LicenseGlavo\/<a href=https:\/\/pixabay.com\/photos\/st-peter-s-basilica-vatican-4773749\/ rel='nofollow' target='_blank'>Pixabay<\/a><\/span><span class='ms-credits__btn' id='btn_media823' onclick='ms_credits_trigger(\"#media823\", this)'><svg xmlns=\"http:\/\/www.w3.org\/2000\/svg\" class=\"info_icon\" width=\"28\" height=\"28\" fill=\"#FFF\" viewBox=\"0 0 256 256\"><path d=\"M128,24A104,104,0,1,0,232,128,104.11,104.11,0,0,0,128,24Zm0,192a88,88,0,1,1,88-88A88.1,88.1,0,0,1,128,216Zm16-40a8,8,0,0,1-8,8,16,16,0,0,1-16-16V128a8,8,0,0,1,0-16,16,16,0,0,1,16,16v40A8,8,0,0,1,144,176ZM112,84a12,12,0,1,1,12,12A12,12,0,0,1,112,84Z\"><\/path><\/svg><svg xmlns=\"http:\/\/www.w3.org\/2000\/svg\" class=\"close_icon\" width=\"28\" height=\"28\" fill=\"#FFF\" viewBox=\"0 0 256 256\"><path d=\"M165.66,101.66,139.31,128l26.35,26.34a8,8,0,0,1-11.32,11.32L128,139.31l-26.34,26.35a8,8,0,0,1-11.32-11.32L116.69,128,90.34,101.66a8,8,0,0,1,11.32-11.32L128,116.69l26.34-26.35a8,8,0,0,1,11.32,11.32ZM232,128A104,104,0,1,1,128,24,104.11,104.11,0,0,1,232,128Zm-16,0a88,88,0,1,0-88,88A88.1,88.1,0,0,0,216,128Z\"><\/path><\/svg><\/span><\/div><\/figure>\n\n\n<p>Este enorme dosel de bronce, de 20 metros (66 pies) de altura, fue dise\u00f1ado por <a href=\"https:\/\/www.rome.info\/artists\/bernini\/\">Gian Lorenzo Bernini<\/a> y completado en 1634. Su ubicaci\u00f3n exacta marca la tumba de San Pedro.<\/p>\n\n\n\n<p>\ud83d\udca1<strong>Consejo extra:<\/strong> Miguel \u00c1ngel, conocido como \u00abEl Divino\u00bb incluso en vida, cumple con toda la expectativa. Pero investiga un poco sobre Bernini. Su nombre tambi\u00e9n aparecer\u00e1 mucho.&nbsp;<\/p>\n\n\n\n<h3 class=\"wp-block-heading\">Tumba del Papa Alejandro VII de Bernini &#8211; 1678<\/h3>\n\n\n<div class=\"ms-credits\">\n<img decoding=\"async\" class=\"gb-media-0f707531\" alt=\"Tumba barroca del Papa Alejandro VII en la Bas\u00edlica de San Pedro, con estatuas de m\u00e1rmol de Bernini y un esqueleto drapeado debajo.\" src=\"https:\/\/www.rome.info\/wp-content\/uploads\/tomb-of-pope-alexander-vii-st-peters-1747033487.jpg\" title=\"tomb-of-pope-alexander-vii-st-peters-1747033487\"\/>\n<span class='ms-credits__info' id='media2717'><svg viewBox=\"0 0 24 24\" fill=\"none\" xmlns=\"http:\/\/www.w3.org\/2000\/svg\" width=\"20\" height=\"22\"><g stroke-width=\"0\"><\/g><g stroke-linecap=\"round\" stroke-linejoin=\"round\"><\/g><g id=\"SVGRepo_iconCarrier\"> <path d=\"M12 22C6.48 22 2 17.52 2 12C2 6.48 6.48 2 12 2C17.52 2 22 6.48 22 12C22 17.52 17.52 22 12 22Z\" stroke=\"#000\" stroke-width=\"1.5\" stroke-linecap=\"round\" stroke-linejoin=\"round\"><\/path> <path d=\"M10.88 14.1499C10.37 14.5899 9.70999 14.8699 8.98999 14.8699C7.40999 14.8699 6.12 13.5899 6.12 11.9999C6.12 10.4099 7.39999 9.12988 8.98999 9.12988C9.71999 9.12988 10.38 9.39985 10.88 9.84985\" stroke=\"#000\" stroke-width=\"1.5\" stroke-linecap=\"round\" stroke-linejoin=\"round\"><\/path> <path d=\"M17.88 14.1499C17.37 14.5899 16.71 14.8699 15.99 14.8699C14.41 14.8699 13.12 13.5899 13.12 11.9999C13.12 10.4099 14.4 9.12988 15.99 9.12988C16.72 9.12988 17.38 9.39985 17.88 9.84985\" stroke=\"#000\" stroke-width=\"1.5\" stroke-linecap=\"round\" stroke-linejoin=\"round\"><\/path> <\/g><\/svg> BY 2.0 GenericRodney\/<a href=https:\/\/www.flickr.com\/photos\/9685675@N04\/1351431500 rel='nofollow' target='_blank'>Flickr<\/a><\/span><span class='ms-credits__btn' id='btn_media2717' onclick='ms_credits_trigger(\"#media2717\", this)'><svg xmlns=\"http:\/\/www.w3.org\/2000\/svg\" class=\"info_icon\" width=\"28\" height=\"28\" fill=\"#FFF\" viewBox=\"0 0 256 256\"><path d=\"M128,24A104,104,0,1,0,232,128,104.11,104.11,0,0,0,128,24Zm0,192a88,88,0,1,1,88-88A88.1,88.1,0,0,1,128,216Zm16-40a8,8,0,0,1-8,8,16,16,0,0,1-16-16V128a8,8,0,0,1,0-16,16,16,0,0,1,16,16v40A8,8,0,0,1,144,176ZM112,84a12,12,0,1,1,12,12A12,12,0,0,1,112,84Z\"><\/path><\/svg><svg xmlns=\"http:\/\/www.w3.org\/2000\/svg\" class=\"close_icon\" width=\"28\" height=\"28\" fill=\"#FFF\" viewBox=\"0 0 256 256\"><path d=\"M165.66,101.66,139.31,128l26.35,26.34a8,8,0,0,1-11.32,11.32L128,139.31l-26.34,26.35a8,8,0,0,1-11.32-11.32L116.69,128,90.34,101.66a8,8,0,0,1,11.32-11.32L128,116.69l26.34-26.35a8,8,0,0,1,11.32,11.32ZM232,128A104,104,0,1,1,128,24,104.11,104.11,0,0,1,232,128Zm-16,0a88,88,0,1,0-88,88A88.1,88.1,0,0,0,216,128Z\"><\/path><\/svg><\/span><\/div>\n\n\n<p>Bernini. Ya est\u00e1 aqu\u00ed de nuevo. Hay mucho alboroto sobre la Tumba de San Pedro, pero honestamente no s\u00e9 por qu\u00e9 la Tumba del Papa Alejandro no recibe m\u00e1s prensa. Es absolutamente impresionante.&nbsp;<\/p>\n\n\n\n<p>El Papa Alejandro se sienta encima de una puerta en oraci\u00f3n sobre la figura de la muerte, representada aqu\u00ed como un esqueleto de bronce dorado sosteniendo un reloj de arena cubierto de tela (en realidad jaspe meticulosamente tallado).&nbsp;<\/p>\n\n\n\n<p>Tambi\u00e9n hay cuatro estatuas que representan las Virtudes. Pero f\u00edjate en la Virtud de la Verdad a tu derecha. Tiene el pie sobre un globo terr\u00e1queo, con una espina que sale de Inglaterra clavada en el dedo gordo.&nbsp;<\/p>\n\n\n\n<p>Esto representaba la continua disputa del Papa con la Iglesia de Inglaterra (la espina en el costado del Papa Alejandro).&nbsp;<\/p>\n\n\n\n<p>En serio, hay mucho que ver. Es una experiencia alucinante.&nbsp;<\/p>\n\n\n\n<h3 class=\"wp-block-heading\">Las Grutas Papales<\/h3>\n\n\n\n<figure><div class=\"ms-credits\">\n<img decoding=\"async\" class=\"gb-media-d2745559\" alt=\"Tumba del Papa Calixto III en las Grutas Papales bajo la Bas\u00edlica de San Pedro.\" src=\"https:\/\/www.rome.info\/wp-content\/uploads\/papal-grottoes-tomb-of-pope-callistus-iii-1747034337.jpg\" title=\"papal-grottoes-tomb-of-pope-callistus-iii-1747034337\"\/>\n<span class='ms-credits__info' id='media2719'><svg viewBox=\"0 0 24 24\" fill=\"none\" xmlns=\"http:\/\/www.w3.org\/2000\/svg\" width=\"20\" height=\"22\"><g stroke-width=\"0\"><\/g><g stroke-linecap=\"round\" stroke-linejoin=\"round\"><\/g><g id=\"SVGRepo_iconCarrier\"> <path d=\"M12 22C6.48 22 2 17.52 2 12C2 6.48 6.48 2 12 2C17.52 2 22 6.48 22 12C22 17.52 17.52 22 12 22Z\" stroke=\"#000\" stroke-width=\"1.5\" stroke-linecap=\"round\" stroke-linejoin=\"round\"><\/path> <path d=\"M10.88 14.1499C10.37 14.5899 9.70999 14.8699 8.98999 14.8699C7.40999 14.8699 6.12 13.5899 6.12 11.9999C6.12 10.4099 7.39999 9.12988 8.98999 9.12988C9.71999 9.12988 10.38 9.39985 10.88 9.84985\" stroke=\"#000\" stroke-width=\"1.5\" stroke-linecap=\"round\" stroke-linejoin=\"round\"><\/path> <path d=\"M17.88 14.1499C17.37 14.5899 16.71 14.8699 15.99 14.8699C14.41 14.8699 13.12 13.5899 13.12 11.9999C13.12 10.4099 14.4 9.12988 15.99 9.12988C16.72 9.12988 17.38 9.39985 17.88 9.84985\" stroke=\"#000\" stroke-width=\"1.5\" stroke-linecap=\"round\" stroke-linejoin=\"round\"><\/path> <\/g><\/svg> BY-NC-ND 2.0 GenericTjflex2\/<a href=https:\/\/www.flickr.com\/photos\/tjflex\/50050774 rel='nofollow' target='_blank'>Flickr<\/a><\/span><span class='ms-credits__btn' id='btn_media2719' onclick='ms_credits_trigger(\"#media2719\", this)'><svg xmlns=\"http:\/\/www.w3.org\/2000\/svg\" class=\"info_icon\" width=\"28\" height=\"28\" fill=\"#FFF\" viewBox=\"0 0 256 256\"><path d=\"M128,24A104,104,0,1,0,232,128,104.11,104.11,0,0,0,128,24Zm0,192a88,88,0,1,1,88-88A88.1,88.1,0,0,1,128,216Zm16-40a8,8,0,0,1-8,8,16,16,0,0,1-16-16V128a8,8,0,0,1,0-16,16,16,0,0,1,16,16v40A8,8,0,0,1,144,176ZM112,84a12,12,0,1,1,12,12A12,12,0,0,1,112,84Z\"><\/path><\/svg><svg xmlns=\"http:\/\/www.w3.org\/2000\/svg\" class=\"close_icon\" width=\"28\" height=\"28\" fill=\"#FFF\" viewBox=\"0 0 256 256\"><path d=\"M165.66,101.66,139.31,128l26.35,26.34a8,8,0,0,1-11.32,11.32L128,139.31l-26.34,26.35a8,8,0,0,1-11.32-11.32L116.69,128,90.34,101.66a8,8,0,0,1,11.32-11.32L128,116.69l26.34-26.35a8,8,0,0,1,11.32,11.32ZM232,128A104,104,0,1,1,128,24,104.11,104.11,0,0,1,232,128Zm-16,0a88,88,0,1,0-88,88A88.1,88.1,0,0,0,216,128Z\"><\/path><\/svg><\/span><\/div>\n\n\n<figcaption class=\"gb-text\">Tumba del Papa Calixto III en las Grutas Papales de la Bas\u00edlica de San Pedro.<\/figcaption>\n<\/figure>\n\n\n\n<p>No se permit\u00edan fotos all\u00ed abajo, as\u00ed que obedec\u00ed las reglas.&nbsp;<\/p>\n\n\n\n<p>Ver\u00e1s la Tumba de San Pedro desde detr\u00e1s de una pantalla.&nbsp;<\/p>\n\n\n\n<p>A menos que te apasione este tipo de cosas, creo que es la parte m\u00e1s sobrevalorada del tour. Quiz\u00e1s si no hubiera sido por todo el Bernini y el Miguel \u00c1ngel, me habr\u00eda impresionado m\u00e1s. Pero tal como est\u00e1n las cosas, las tumbas papales y las antiguas criptas no me entusiasman demasiado.&nbsp;<\/p>\n\n\n\n<p>Tambi\u00e9n ser\u00e1 la parte m\u00e1s breve de tu tour ya que, t\u00e9cnicamente, los gu\u00edas no deben detenerse a hablar all\u00ed abajo. No hay fotos y hay que seguir adelante.&nbsp;<\/p>\n\n\n\n<h3 class=\"wp-block-heading\">Lo siguiente<\/h3>\n\n\n\n<p>El ascensor sube hasta el interior de la c\u00fapula para ver los mosaicos.<\/p>\n\n\n\n<p>Si has optado por el Tour de la Bas\u00edlica + Subida a la C\u00fapula, estar\u00e1 incluido en tu tour guiado.&nbsp;<\/p>\n\n\n\n<p>Sin embargo, solo es posible comprar los billetes del ascensor el mismo d\u00eda. As\u00ed que tendr\u00e1s que hacer cola con tu gu\u00eda y esperar a que consiga todas tus entradas, y luego volver a entrar y hacer cola para el ascensor (solo hay uno). Esta ser\u00e1 la parte m\u00e1s tediosa del tour&#8230; pero valdr\u00e1 la pena.&nbsp;<\/p>\n\n\n\n<p>Has esperado en colas m\u00e1s largas en parques de atracciones. Vas a ver algo incre\u00edble, te lo prometo. Ten fe.&nbsp;<\/p>\n\n\n\n<p>El ascensor te lleva al techo de la bas\u00edlica. Ya es bastante emocionante aqu\u00ed arriba, aunque todav\u00eda no podr\u00e1s ver mucho.&nbsp;<\/p>\n\n\n\n<p>Hay una tienda de regalos y ba\u00f1os aqu\u00ed arriba por si necesitas una peque\u00f1a pausa antes de ver el interior de la c\u00fapula de cerca y prepararte para la exigente Subida a la C\u00fapula.<\/p>\n\n\n\n<p>Prep\u00e1rate para quedarte boquiabierto.&nbsp;<\/p>\n\n\n\n<p>Desde el balc\u00f3n de observaci\u00f3n, que rodea el interior de la c\u00fapula, realmente te haces una idea de la escala de este lugar. Los visitantes de abajo parecen hormiguitas e indistinguibles.&nbsp;<\/p>\n\n\n\n<p><strong>Lo siguiente:<\/strong> Es hora de subir.<\/p>\n\n\n\n<p>No es solo la cantidad de escalones. Es que la escalera se vuelve extremadamente estrecha en varios puntos, y luego, al subir por la c\u00fapula, hay un punto en el que las paredes empiezan a inclinarse ligeramente y te encuentras teniendo que doblarte hacia un lado mientras subes para adaptarte a la curva de la c\u00fapula.&nbsp;<\/p>\n\n\n\n<p>Sin embargo, si no tienes claustrofobia, ser\u00e1s recompensado cuando llegues a la cima.<\/p>\n\n\n\n<p>Apropiadamente, cuando llegamos a la cima de la c\u00fapula, los cielos estaban a punto de abrirse. Dicho eso, aunque el cielo estaba gris, segu\u00eda siendo hipn\u00f3tico y hermoso. De alguna manera lo encontr\u00e9 m\u00e1s agradable con cielos grises. Quiz\u00e1s despu\u00e9s de todos esos est\u00edmulos visuales de los mosaicos de la c\u00fapula.&nbsp;<\/p>\n\n\n\n<figure><div class=\"ms-credits\">\n<img decoding=\"async\" class=\"gb-media-aceaa266\" alt=\"Vista desde la c\u00fapula de la Bas\u00edlica de San Pedro hacia la Plaza de San Pedro, las columnatas y la ciudad de Roma m\u00e1s all\u00e1.\" src=\"https:\/\/www.rome.info\/wp-content\/uploads\/st-peters-basilica-dome-view-1747034799.jpg\" title=\"st-peters-basilica-dome-view-1747034799\"\/>\n<span class='ms-credits__info' id='media2720'><svg viewBox=\"0 0 24 24\" fill=\"none\" xmlns=\"http:\/\/www.w3.org\/2000\/svg\" width=\"20\" height=\"22\"><g stroke-width=\"0\"><\/g><g stroke-linecap=\"round\" stroke-linejoin=\"round\"><\/g><g id=\"SVGRepo_iconCarrier\"> <path d=\"M12 22C6.48 22 2 17.52 2 12C2 6.48 6.48 2 12 2C17.52 2 22 6.48 22 12C22 17.52 17.52 22 12 22Z\" stroke=\"#000\" stroke-width=\"1.5\" stroke-linecap=\"round\" stroke-linejoin=\"round\"><\/path> <path d=\"M10.88 14.1499C10.37 14.5899 9.70999 14.8699 8.98999 14.8699C7.40999 14.8699 6.12 13.5899 6.12 11.9999C6.12 10.4099 7.39999 9.12988 8.98999 9.12988C9.71999 9.12988 10.38 9.39985 10.88 9.84985\" stroke=\"#000\" stroke-width=\"1.5\" stroke-linecap=\"round\" stroke-linejoin=\"round\"><\/path> <path d=\"M17.88 14.1499C17.37 14.5899 16.71 14.8699 15.99 14.8699C14.41 14.8699 13.12 13.5899 13.12 11.9999C13.12 10.4099 14.4 9.12988 15.99 9.12988C16.72 9.12988 17.38 9.39985 17.88 9.84985\" stroke=\"#000\" stroke-width=\"1.5\" stroke-linecap=\"round\" stroke-linejoin=\"round\"><\/path> <\/g><\/svg> BY-SA 2.5 GenericG CHP\/<a href=https:\/\/commons.wikimedia.org\/wiki\/File:Rome_Saint_Peter%27s_Square_view_from_the_dome_of_Saint_Peter%27s_Basilica_3.jpg rel='nofollow' target='_blank'>Wikimedia Commons<\/a><\/span><span class='ms-credits__btn' id='btn_media2720' onclick='ms_credits_trigger(\"#media2720\", this)'><svg xmlns=\"http:\/\/www.w3.org\/2000\/svg\" class=\"info_icon\" width=\"28\" height=\"28\" fill=\"#FFF\" viewBox=\"0 0 256 256\"><path d=\"M128,24A104,104,0,1,0,232,128,104.11,104.11,0,0,0,128,24Zm0,192a88,88,0,1,1,88-88A88.1,88.1,0,0,1,128,216Zm16-40a8,8,0,0,1-8,8,16,16,0,0,1-16-16V128a8,8,0,0,1,0-16,16,16,0,0,1,16,16v40A8,8,0,0,1,144,176ZM112,84a12,12,0,1,1,12,12A12,12,0,0,1,112,84Z\"><\/path><\/svg><svg xmlns=\"http:\/\/www.w3.org\/2000\/svg\" class=\"close_icon\" width=\"28\" height=\"28\" fill=\"#FFF\" viewBox=\"0 0 256 256\"><path d=\"M165.66,101.66,139.31,128l26.35,26.34a8,8,0,0,1-11.32,11.32L128,139.31l-26.34,26.35a8,8,0,0,1-11.32-11.32L116.69,128,90.34,101.66a8,8,0,0,1,11.32-11.32L128,116.69l26.34-26.35a8,8,0,0,1,11.32,11.32ZM232,128A104,104,0,1,1,128,24,104.11,104.11,0,0,1,232,128Zm-16,0a88,88,0,1,0-88,88A88.1,88.1,0,0,0,216,128Z\"><\/path><\/svg><\/span><\/div>\n\n\n<figcaption class=\"gb-text\">La Plaza de San Pedro y la vista de la ciudad desde la c\u00fapula de la Bas\u00edlica de San Pedro.<\/figcaption>\n<\/figure>\n\n\n\n<p>El cielo coincid\u00eda con la paleta de colores general de la ciudad vista desde arriba; los pasteles y cremas de los edificios y los adoquines de carb\u00f3n de la Plaza de San Pedro y la Via della Conciliazione justo enfrente.<\/p>\n\n\n\n<h2 class=\"wp-block-heading\">Souvenirs recomendados y tiendas de regalos&nbsp;<\/h2>\n\n\n\n<p>Hay una tienda de regalos en el tejado junto a la c\u00fapula despu\u00e9s de coger el ascensor y antes de entrar de nuevo para ver los mosaicos.&nbsp;<\/p>\n\n\n\n<p>No tuve oportunidad de entrar ya que mi gu\u00eda me fue empujando y tuve que seguir el ritmo del grupo, pero me informaron de que puedes comprar rosarios de las monjas que regentean la tienda.&nbsp;<\/p>\n\n\n\n<ul class=\"wp-block-list\">\n<li><strong>Sellos de la Ciudad del Vaticano<\/strong>: en su momento fueron un reclamo especial porque t\u00e9cnicamente la Ciudad del Vaticano es un pa\u00eds separado. Aunque es algo un poco trasnochado con lo que presumir, muchos gu\u00edas tur\u00edsticos todav\u00eda lo incluyen en su repertorio. Creo que es un buen souvenir para la persona adecuada.<\/li>\n<\/ul>\n\n\n\n<p>Si te interesa, dir\u00edgete al Punto de Informaci\u00f3n de los Museos Vaticanos, ubicado a la salida de San Pedro a la derecha de la plaza (si tienes la Bas\u00edlica a tu espalda).&nbsp;<\/p>\n\n\n\n<p>Ideal para biblias, biograf\u00edas de papas, postales y sellos. Tambi\u00e9n puedes enviar tus postales desde aqu\u00ed.&nbsp;<\/p>\n\n\n\n<p>Si buscas figuritas para a\u00f1adir a tu (o al de tu abuela) Bel\u00e9n navide\u00f1o, prueba en la Galleria San Pietro (el punto de encuentro del tour). Tambi\u00e9n recomendable si buscas una sudadera o camiseta gen\u00e9rica de Roma.&nbsp;<\/p>\n\n\n\n<p>El lugar m\u00e1s evocador para los souvenirs, en mi opini\u00f3n, es la calle vecina, el Borgo Pio. Vuelve a Via di Porta Angelica: es la segunda a tu derecha despu\u00e9s de la fuente.<\/p>\n\n\n\n<p>Aqu\u00ed encontrar\u00e1s un ambiente m\u00e1s tradicional. Me encanta esta tienda del n\u00famero 129, con arte de iconos religiosos sobre papiro. Se siente como si el tiempo se hubiera detenido. Enfrente hay otra tienda (Turella Adriana) que vende objetos religiosos, si buscas rosarios o iconos de la Virgen Mar\u00eda.<\/p>\n\n\n\n<p>Si te atraen los objetos religiosos cat\u00f3licos que rozan lo kitsch (a m\u00ed s\u00ed), vale la pena dar un paseo por el Borgo Pio, la Galleria San Pietro y las innumerables tiendas de recuerdos a lo largo de la Via della Conciliazione.&nbsp;<\/p>\n\n\n\n<p>Cuidado con los precios inflados: la santidad del lugar no implica necesariamente honestidad en los precios. Pero si buscas bien, quiz\u00e1s encuentres algo memorable.&nbsp;<\/p>\n\n\n\n<p>Y por \u00faltimo&#8230;<\/p>\n\n\n\n<p>Tenemos que hablar de los \u00absacerdotes atractivos\u00bb.<\/p>\n\n\n\n<p>Ya en su 20.\u00aa a\u00f1o de publicaci\u00f3n, el &#8216;<a href=\"https:\/\/nypost.com\/2022\/12\/16\/hot-priests-calendar-sets-pulses-racing-in-rome-and-sells-out-fast\/\" rel=\"noopener\">calendario de sacerdotes atractivos<\/a>&#8216;&nbsp; (no es su nombre oficial) es oficialmente un cl\u00e1sico souvenir romano.<\/p>\n\n\n\n<p>Desde que en 2023 sali\u00f3 su edici\u00f3n del 20.\u00ba aniversario, se han vendido como rosquillas. Fotografiado por Piero Pazzi, no es ir\u00f3nico ni est\u00e1 afiliado al Vaticano.&nbsp;<\/p>\n\n\n\n<p>Es simplemente un hombre al que le gusta tomar muy buenas fotos en blanco y negro de sacerdotes que, objetivamente hablando, no est\u00e1n nada mal.<\/p>\n\n\n\n<p>Piensa lo que quieras al respecto y, si te apetece, buena suerte encontr\u00e1ndolo. (Los encontrar\u00e1s repartidos por la mayor\u00eda de los quioscos y tiendas de recuerdos del centro hist\u00f3rico y cerca de San Pedro).&nbsp;<\/p>\n\n\n\n<h2 class=\"wp-block-heading\">Atracciones cercanas<\/h2>\n\n\n\n<h3 class=\"wp-block-heading\"><a href=\"https:\/\/www.rome.info\/es\/atracciones\/castel-sant-angelo\/\">Castel Sant&#8217;Angelo<\/a> &#8211; 10 minutos a pie<\/h3>\n\n\n\n<p>Anteriormente el lugar del mausoleo del emperador Adriano, construido alrededor del a\u00f1o 134 d.C., emperadores y papas posteriores lo convirtieron en una fortaleza y luego en un castillo. Ahora es un museo que alberga dos milenios de historia y tiene vistas bastante buenas desde la cima.&nbsp;<\/p>\n\n\n\n<p>Por cierto, es el mismo emperador Adriano que mand\u00f3 construir el muro de Adriano en el norte de Inglaterra y la villa Adriana en T\u00edvoli.<\/p>\n\n\n\n<p>El puente adornado con \u00e1ngeles que lleva hasta \u00e9l es precioso, especialmente al anochecer.&nbsp;<\/p>\n\n\n\n<p>Si entrar se te hace demasiado, el entorno igualmente merece la pena. Hay una biblioteca o bar al aire libre a la derecha mientras caminas por el r\u00edo llamado <em>Bibliobar<\/em>, con un sutil ambiente parisino.<\/p>\n\n\n\n<h3 class=\"wp-block-heading\">Comida y bebida<\/h3>\n\n\n\n<ul class=\"wp-block-list\">\n<li>A 8 minutos a pie: <strong>Il Sorpasso &#8211; Via Properzio, 31\/33, 00193&nbsp;<\/strong><\/li>\n<\/ul>\n\n\n\n<p>Elegante pero relajado bar de vinos con una excelente selecci\u00f3n de vinos (sin ser pretencioso al respecto). Todos a precios razonables. Disfruta de sus tablas de jam\u00f3n y quesos italianos (y consejos sobre el orden correcto en que comer el queso). Buena mezcla de clientes expatriados y locales. Un lugar agradable para observar a la gente de Prati.&nbsp;<\/p>\n\n\n\n<ul class=\"wp-block-list\">\n<li>A 15 minutos a pie: <strong>Argot (Prati) &#8211; Via Alessandro Farnese 2, 00192<\/strong> (Metro m\u00e1s cercano: Lepanto en la l\u00ednea A).<\/li>\n<\/ul>\n\n\n\n<p>Despu\u00e9s de un tranquilo paseo por la calle comercial Via Cola di Rienzo desde la Piazza del Risorgimento, prueba Argot, donde encontrar\u00e1s c\u00f3cteles y comida por encima de la media. Es moderno pero acogedor. Los c\u00f3cteles son un poco caros, pero no son los de siempre. Todos elaborados por gente que sabe lo que hace.&nbsp;<\/p>\n\n\n\n<ul class=\"wp-block-list\">\n<li>A 7 minutos a pie: <strong>Morrison&#8217;s &#8211; Piazza del Risorgimento, 16, 00192 Roma RM, Italia<\/strong><\/li>\n<\/ul>\n\n\n\n<p>Si te apetece una pinta (y quiz\u00e1s una hamburguesa), no busques m\u00e1s que <a href=\"https:\/\/morrisons.it\/\" rel=\"noopener\">Morrison&#8217;s<\/a>. Puedes esperar algo ligeramente mejor que \u00abcomida de pub\u00bb; y sus especiales de almuerzo, en particular, son sorprendentemente buenos, con oferta italiana tradicional adem\u00e1s de los cl\u00e1sicos de pub.&nbsp;<\/p>\n\n\n\n<p>Y para ser un pub \u00abirland\u00e9s\u00bb, no tiene nada de forzado.&nbsp;<\/p>\n\n\n\n<h2 class=\"wp-block-heading\">\u00bfSab\u00edas que? 4 datos curiosos&nbsp;<\/h2>\n\n\n\n<ol class=\"wp-block-list\">\n<li>La bas\u00edlica lleva el nombre de San Pedro, el l\u00edder de los 12 disc\u00edpulos de Jes\u00fas. Fue condenado a muerte por el emperador Ner\u00f3n y crucificado boca abajo.<\/li>\n\n\n\n<li>La ubicaci\u00f3n de la bas\u00edlica no fue elegida al azar. Fue construida en el lugar de la crucifixi\u00f3n de San Pedro.<\/li>\n\n\n\n<li>En 1950 se encontraron restos humanos bajo el altar, que datan del siglo I d.C. Se cree ampliamente que pertenecen al propio San Pedro.<\/li>\n\n\n\n<li>La Puerta Santa (Porta Sancta) solo es abierta cada 25 a\u00f1os por el papa. La \u00faltima vez fue en el a\u00f1o 2000.<\/li>\n<\/ol>\n\n\n\n<h2 class=\"wp-block-heading\">Historia<\/h2>\n\n\n\n<p>La Bas\u00edlica de San Pedro tard\u00f3 120 a\u00f1os en construirse y representa el genio combinado de los maestros renacentistas, incluidos Miguel \u00c1ngel, Bramante y Bernini. Su historia abarca desde la iglesia original de Constantino hasta la impresionante pieza central del mundo cat\u00f3lico de hoy.<\/p>\n\n\n\n<div class=\"ms-timeline-list\">\n<div class=\"ms-timeline-item\">\n<p class=\"gb-text ms-timeline-item__time\">Siglo IV<\/p>\n\n\n\n<p class=\"gb-text\">La bas\u00edlica original fue construida bajo el emperador Constantino, conocido por hacer del cristianismo la religi\u00f3n principal del Imperio Romano.<\/p>\n<\/div>\n\n\n\n<div class=\"ms-timeline-item\">\n<p class=\"gb-text ms-timeline-item__time\">Siglos IV-XVI<\/p>\n\n\n\n<p class=\"gb-text\">La bas\u00edlica estuvo en pie durante 1.200 a\u00f1os.<\/p>\n<\/div>\n\n\n\n<div class=\"ms-timeline-item\">\n<p class=\"gb-text ms-timeline-item__time\">1506<\/p>\n\n\n\n<p class=\"gb-text\">El papa Julio II demoli\u00f3 la antigua bas\u00edlica y comenz\u00f3 la construcci\u00f3n de la nueva. Donato Bramante cre\u00f3 el dise\u00f1o original.<\/p>\n<\/div>\n\n\n\n<div class=\"ms-timeline-item\">\n<p class=\"gb-text ms-timeline-item__time\">1514<\/p>\n\n\n\n<p class=\"gb-text\">Bramante muri\u00f3 antes de completar el proyecto.<\/p>\n<\/div>\n\n\n\n<div class=\"ms-timeline-item\">\n<p class=\"gb-text ms-timeline-item__time\">1514-1547<\/p>\n\n\n\n<p class=\"gb-text\">Rafael y Antonio da Sangallo continuaron el trabajo, pero se avanz\u00f3 poco.<\/p>\n<\/div>\n\n\n\n<div class=\"ms-timeline-item\">\n<p class=\"gb-text ms-timeline-item__time\">1547<\/p>\n\n\n\n<p class=\"gb-text\">Miguel \u00c1ngel se hizo cargo del proyecto y avanz\u00f3 de verdad. Simplific\u00f3 los planos originales de Bramante y dise\u00f1\u00f3 la impresionante c\u00fapula, el mayor logro arquitect\u00f3nico de su vida. No vivi\u00f3 para verla construida.<\/p>\n<\/div>\n\n\n\n<div class=\"ms-timeline-item\">\n<p class=\"gb-text ms-timeline-item__time\">1605<\/p>\n\n\n\n<p class=\"gb-text\">Carlo Maderno se hizo cargo del proyecto. Alarg\u00f3 la nave y dise\u00f1\u00f3 la magn\u00edfica fachada.<\/p>\n<\/div>\n\n\n\n<div class=\"ms-timeline-item\">\n<p class=\"gb-text ms-timeline-item__time\">Mediados del siglo XVII<\/p>\n\n\n\n<p class=\"gb-text\">Gian Lorenzo Bernini a\u00f1adi\u00f3 las \u00faltimas incorporaciones importantes, incluidos el Baldaquino y la C\u00e1tedra de San Pedro.<\/p>\n<\/div>\n\n\n\n<div class=\"ms-timeline-item\">\n<p class=\"gb-text ms-timeline-item__time\">1626<\/p>\n\n\n\n<p class=\"gb-text\">Tras 120 a\u00f1os de construcci\u00f3n, la bas\u00edlica se termin\u00f3 por fin.<\/p>\n<\/div>\n\n\n\n<div class=\"ms-timeline-item\">\n<p class=\"gb-text ms-timeline-item__time\">Actualidad<\/p>\n\n\n\n<p class=\"gb-text\">La bas\u00edlica sigue siendo el edificio m\u00e1s importante de la cristiandad y recibe millones de visitantes cada a\u00f1o, tanto peregrinos como turistas.<\/p>\n<\/div>\n<\/div>\n\n\n\n<h2 class=\"wp-block-heading\">Preguntas frecuentes<\/h2>\n\n\n\n<h3 class=\"wp-block-heading\"><strong>\u00bfPor qu\u00e9 es famosa la Bas\u00edlica de San Pedro?<\/strong><\/h3>\n\n\n\n<p>La Bas\u00edlica de San Pedro es famosa por ser una de las iglesias m\u00e1s grandes e importantes del mundo para la Iglesia Cat\u00f3lica.<\/p>\n\n\n\n<h3 class=\"wp-block-heading\"><strong>\u00bfEs gratuita la Bas\u00edlica de San Pedro?<\/strong><\/h3>\n\n\n\n<p>La Bas\u00edlica de San Pedro es de entrada gratuita; sin embargo, puedes esperar colas de hasta 2 horas. Recomendamos comprar entradas sin colas para evitar la espera.<\/p>\n\n\n\n<h3 class=\"wp-block-heading\"><strong>\u00bfCu\u00e1l es la diferencia entre el Vaticano y la Bas\u00edlica de San Pedro?<\/strong><\/h3>\n\n\n\n<p>Los Museos Vaticanos y la Bas\u00edlica de San Pedro son edificios diferentes y no est\u00e1n conectados entre s\u00ed, aunque ambos est\u00e1n en la Ciudad del Vaticano.<\/p>\n","protected":false},"excerpt":{"rendered":"<p>Visita la iglesia m\u00e1s grande del mundo y el coraz\u00f3n espiritual del catolicismo.<\/p>\n","protected":false},"author":9,"featured_media":381,"parent":0,"menu_order":9,"template":"","meta":{"_acf_changed":false,"button_url":"https:\/\/www.tiqets.com\/es\/st-peters-basilica-tickets-l144143\/?partner=romeinfo","product_id":"","street_address":"Piazza San Pietro, ","city":"Citt\u00e0 del Vaticano","country":"Vatican City","postal_code":"00120","lattitude":"41.9021667","longitude":"12.4539367","rank_math_title":"Bas\u00edlica de San Pedro: entradas y c\u00f3mo visitarla en %currentyear% (sin colas)","rank_math_description":"Visita la Bas\u00edlica de San Pedro en Ciudad del Vaticano: la impresionante c\u00fapula y el sagrado interior. Entradas sin colas, tours guiados, horarios y consejos de visita."},"attraction-types":[19,21],"producer":[32],"class_list":["post-226","attraction","type-attraction","status-publish","has-post-thumbnail","hentry","attraction-types-vaticano","attraction-types-iglesias"],"acf":[],"location_schema":{"product_id":"","street_address":"Piazza San Pietro, ","city":"Citt\u00e0 del Vaticano","country":"Vatican City","postal_code":"00120","lattitude":"41.9021667","longitude":"12.4539367"},"_links":{"self":[{"href":"https:\/\/www.rome.info\/es\/wp-json\/wp\/v2\/attraction\/226","targetHints":{"allow":["GET"]}}],"collection":[{"href":"https:\/\/www.rome.info\/es\/wp-json\/wp\/v2\/attraction"}],"about":[{"href":"https:\/\/www.rome.info\/es\/wp-json\/wp\/v2\/types\/attraction"}],"author":[{"embeddable":true,"href":"https:\/\/www.rome.info\/es\/wp-json\/wp\/v2\/users\/9"}],"wp:featuredmedia":[{"embeddable":true,"href":"https:\/\/www.rome.info\/es\/wp-json\/wp\/v2\/media\/381"}],"wp:attachment":[{"href":"https:\/\/www.rome.info\/es\/wp-json\/wp\/v2\/media?parent=226"}],"wp:term":[{"taxonomy":"attraction-types","embeddable":true,"href":"https:\/\/www.rome.info\/es\/wp-json\/wp\/v2\/attraction-types?post=226"},{"taxonomy":"producer","embeddable":true,"href":"https:\/\/www.rome.info\/es\/wp-json\/wp\/v2\/producer?post=226"}],"curies":[{"name":"wp","href":"https:\/\/api.w.org\/{rel}","templated":true}]}}