{"id":223,"date":"2026-04-24T06:55:41","date_gmt":"2026-04-24T06:55:41","guid":{"rendered":"https:\/\/www.rome.info\/es\/?post_type=attraction&#038;p=223"},"modified":"2026-04-24T10:19:45","modified_gmt":"2026-04-24T10:19:45","slug":"piazza-venezia","status":"publish","type":"attraction","link":"https:\/\/www.rome.info\/es\/atracciones\/piazza-venezia\/","title":{"rendered":"Piazza Venezia"},"content":{"rendered":"\n<p>Situada a los pies del Capitolino, una de las siete colinas de Roma, la Piazza Venezia alberga hermosos edificios, un monumento ic\u00f3nico e incluso una antigua bas\u00edlica. No te limites a pasar de largo. T\u00f3mate un momento para saborear esta bonita plaza.<\/p>\n\n\n<div class=\"ms-credits\">\n<img decoding=\"async\" class=\"gb-media-6a376675\" alt=\"Vista a\u00e9rea de la Piazza Venezia en Roma desde el Altare della Patria.\" src=\"https:\/\/www.rome.info\/wp-content\/uploads\/piazza-venezia-view-from-altare-della-patria-1746785911.jpg\" title=\"piazza-venezia-view-from-altare-della-patria-1746785911\"\/>\n<span class='ms-credits__info' id='media2701'><svg xmlns=\"http:\/\/www.w3.org\/2000\/svg\" width=\"20\" height=\"22\" fill=\"#000000\" viewBox=\"0 0 256 256\"><path d=\"M128,24A104,104,0,1,0,232,128,104.11,104.11,0,0,0,128,24Zm0,192a88,88,0,1,1,88-88A88.1,88.1,0,0,1,128,216ZM96,128a32,32,0,0,0,57.6,19.2,8,8,0,0,1,12.8,9.61,48,48,0,1,1,0-57.62,8,8,0,0,1-12.8,9.61A32,32,0,0,0,96,128Z\"><\/path><\/svg>calinstan\/<a href=https:\/\/depositphotos.com\/photo\/rome-venice-plazza-as-seen-from-above-piazza-venezia-187473298.html rel='nofollow' target='_blank'>Depositphotos<\/a><\/span><span class='ms-credits__btn' id='btn_media2701' onclick='ms_credits_trigger(\"#media2701\", this)'><svg xmlns=\"http:\/\/www.w3.org\/2000\/svg\" class=\"info_icon\" width=\"28\" height=\"28\" fill=\"#FFF\" viewBox=\"0 0 256 256\"><path d=\"M128,24A104,104,0,1,0,232,128,104.11,104.11,0,0,0,128,24Zm0,192a88,88,0,1,1,88-88A88.1,88.1,0,0,1,128,216Zm16-40a8,8,0,0,1-8,8,16,16,0,0,1-16-16V128a8,8,0,0,1,0-16,16,16,0,0,1,16,16v40A8,8,0,0,1,144,176ZM112,84a12,12,0,1,1,12,12A12,12,0,0,1,112,84Z\"><\/path><\/svg><svg xmlns=\"http:\/\/www.w3.org\/2000\/svg\" class=\"close_icon\" width=\"28\" height=\"28\" fill=\"#FFF\" viewBox=\"0 0 256 256\"><path d=\"M165.66,101.66,139.31,128l26.35,26.34a8,8,0,0,1-11.32,11.32L128,139.31l-26.34,26.35a8,8,0,0,1-11.32-11.32L116.69,128,90.34,101.66a8,8,0,0,1,11.32-11.32L128,116.69l26.34-26.35a8,8,0,0,1,11.32,11.32ZM232,128A104,104,0,1,1,128,24,104.11,104.11,0,0,1,232,128Zm-16,0a88,88,0,1,0-88,88A88.1,88.1,0,0,0,216,128Z\"><\/path><\/svg><\/span><\/div>\n\n\n<h2 class=\"wp-block-heading\">Lo m\u00e1s destacado<\/h2>\n\n\n\n<ul class=\"ms-icon-list ms-mb-block\">\n<li class=\"ms-icon-list__item\"><span class=\"gb-shape\"><svg viewBox=\"0 0 256 256\" fill=\"#000000\" height=\"32\" width=\"32\" xmlns=\"http:\/\/www.w3.org\/2000\/svg\"><path d=\"M232.49,80.49l-128,128a12,12,0,0,1-17,0l-56-56a12,12,0,1,1,17-17L96,183,215.51,63.51a12,12,0,0,1,17,17Z\"><\/path><\/svg><\/span><span class=\"gb-text\">Admira una enorme estatua ecuestre en el <a href=\"https:\/\/www.rome.info\/es\/atracciones\/altare-della-patria\/\">Altare della Patria<\/a>.<\/span><\/li>\n\n\n\n<li class=\"ms-icon-list__item\"><span class=\"gb-shape\"><svg viewBox=\"0 0 256 256\" fill=\"#000000\" height=\"32\" width=\"32\" xmlns=\"http:\/\/www.w3.org\/2000\/svg\"><path d=\"M232.49,80.49l-128,128a12,12,0,0,1-17,0l-56-56a12,12,0,1,1,17-17L96,183,215.51,63.51a12,12,0,0,1,17,17Z\"><\/path><\/svg><\/span><span class=\"gb-text\">Sum\u00e9rgete en el pasado renacentista de la plaza en el Palazzo Venezia.<\/span><\/li>\n\n\n\n<li class=\"ms-icon-list__item\"><span class=\"gb-shape\"><svg viewBox=\"0 0 256 256\" fill=\"#000000\" height=\"32\" width=\"32\" xmlns=\"http:\/\/www.w3.org\/2000\/svg\"><path d=\"M232.49,80.49l-128,128a12,12,0,0,1-17,0l-56-56a12,12,0,1,1,17-17L96,183,215.51,63.51a12,12,0,0,1,17,17Z\"><\/path><\/svg><\/span><span class=\"gb-text\">Conversa sobre pol\u00edtica con Madama Lucrezia, una \u00abestatua parlante\u00bb.<\/span><\/li>\n<\/ul>\n\n\n\n<h2 class=\"wp-block-heading\">C\u00f3mo llegar<\/h2>\n\n\n\n<p>La Piazza Venezia est\u00e1 en el coraz\u00f3n del centro de la ciudad. Est\u00e1 en el recorrido de muchas l\u00edneas de autob\u00fas y tambi\u00e9n es f\u00e1cilmente accesible a pie desde la mayor\u00eda de los puntos del centro. A continuaci\u00f3n tienes algunas formas de llegar a esta plaza:<\/p>\n\n\n\n<ul class=\"wp-block-list\">\n<li><a href=\"https:\/\/www.rome.info\/es\/transporte\/transporte-publico\/autobus\/\">Autob\u00fas:<\/a> las l\u00edneas 40, 63, 64, 70, 75, 81, 87, 95, 160, 170, 204, 628, 630 y 716 paran en la plaza o cerca de ella.<\/li>\n\n\n\n<li><a href=\"https:\/\/www.rome.info\/es\/transporte\/transporte-publico\/metro\/\">Metro:<\/a> \n<ul class=\"wp-block-list\">\n<li>L\u00ednea A &#8211; <em>Barberini<\/em> (15 min.)<\/li>\n\n\n\n<li>L\u00ednea B &#8211; <em>Colosseo<\/em> (12 min.)<\/li>\n<\/ul>\n<\/li>\n\n\n\n<li><a href=\"https:\/\/www.rome.info\/es\/transporte\/transporte-publico\/tranvia\/\">Tranv\u00eda:<\/a> la l\u00ednea 8 tiene su terminal aqu\u00ed.<\/li>\n<\/ul>\n\n\n\n<h2 class=\"wp-block-heading\">Mapa y direcci\u00f3n (Ubicaci\u00f3n)<\/h2>\n\n\n\n<address class=\"ms-mapblock ms-mb-block\">\n\t\n\t\t<h4>\n\t\t\tPiazza Venezia\t\t<\/h2>\n\n\t\t<p class=\"ms-mb-0\">\n            <img decoding=\"async\" class=\"ms-mapblock__map ms-rounded\" src=\"https:\/\/www.rome.info\/es\/wp-content\/uploads\/sites\/10\/maps\/staticmap_45.6472059_13.7623052_14_768x432.png\" alt=\"Piazza Venezia\" \/>\n\t\t<\/p>\n\n\t\t<p class=\"ms-text-sm ms-text-muted\">\n\t\t\tPiazza Venezia, Trieste TS, Italy \u00b7\n\t\t\t<a rel=\"nofollow noopener\" target=\"_blank\" href=\"https:\/\/maps.google.com\/?q=45.6472059,13.7623052\">Google Maps<\/a>\n\t\t<\/p>\n\n\t<\/address>\n\n\n<h2 class=\"wp-block-heading\">Qu\u00e9 ver y hacer (Fotos)<\/h2>\n\n\n\n<h3 class=\"wp-block-heading\">Monumento Nacional a V\u00edctor Manuel II<\/h3>\n\n\n<div class=\"ms-credits\">\n<img decoding=\"async\" class=\"gb-media-14375a10\" alt=\"Monumento a V\u00edctor Manuel II en Roma con gran fachada de m\u00e1rmol blanco, banderas italianas y estatua ecuestre bajo un cielo azul.\" src=\"https:\/\/www.rome.info\/wp-content\/uploads\/vittorio-emanuele-ii-monument-rome-1745814624.jpg\" title=\"vittorio-emanuele-ii-monument-rome-1745814624\"\/>\n<span class='ms-credits__info' id='media2553'>Unsplash LicenseJoshi Milestoner\/<a href=https:\/\/unsplash.com\/photos\/a-large-building-with-a-lot-of-cars-parked-in-front-of-it-0qkPbsz688I rel='nofollow' target='_blank'>Unsplash<\/a><\/span><span class='ms-credits__btn' id='btn_media2553' onclick='ms_credits_trigger(\"#media2553\", this)'><svg xmlns=\"http:\/\/www.w3.org\/2000\/svg\" class=\"info_icon\" width=\"28\" height=\"28\" fill=\"#FFF\" viewBox=\"0 0 256 256\"><path d=\"M128,24A104,104,0,1,0,232,128,104.11,104.11,0,0,0,128,24Zm0,192a88,88,0,1,1,88-88A88.1,88.1,0,0,1,128,216Zm16-40a8,8,0,0,1-8,8,16,16,0,0,1-16-16V128a8,8,0,0,1,0-16,16,16,0,0,1,16,16v40A8,8,0,0,1,144,176ZM112,84a12,12,0,1,1,12,12A12,12,0,0,1,112,84Z\"><\/path><\/svg><svg xmlns=\"http:\/\/www.w3.org\/2000\/svg\" class=\"close_icon\" width=\"28\" height=\"28\" fill=\"#FFF\" viewBox=\"0 0 256 256\"><path d=\"M165.66,101.66,139.31,128l26.35,26.34a8,8,0,0,1-11.32,11.32L128,139.31l-26.34,26.35a8,8,0,0,1-11.32-11.32L116.69,128,90.34,101.66a8,8,0,0,1,11.32-11.32L128,116.69l26.34-26.35a8,8,0,0,1,11.32,11.32ZM232,128A104,104,0,1,1,128,24,104.11,104.11,0,0,1,232,128Zm-16,0a88,88,0,1,0-88,88A88.1,88.1,0,0,0,216,128Z\"><\/path><\/svg><\/span><\/div>\n\n\n<p>Tambi\u00e9n conocido como <a href=\"https:\/\/www.rome.info\/es\/atracciones\/altare-della-patria\/\">Altare della Patria<\/a>. Se construy\u00f3 en honor a Italia, con V\u00edctor Manuel II, el primer rey de Italia, sosteniendo una llama que simboliza la eternidad, y es en general un s\u00edmbolo de la democracia italiana.<\/p>\n\n\n\n<p>Los visitantes pueden subir a la cima del monumento para disfrutar de una vista incre\u00edble de Roma. Usando los ascensores panor\u00e1micos puedes llegar a la espectacular terraza en la cima del monumento, la \u00abTerrazza delle Quadrighe\u00bb. Las entradas para esta experiencia totalmente inmersiva se pueden comprar <a href=\"https:\/\/vive.eventim-inhouse.de\/webshop\/webticket\/timeslot\" rel=\"nofollow noopener\">aqu\u00ed<\/a>.<\/p>\n\n\n\n<h3 class=\"wp-block-heading\">El Museo Central del Risorgimento<\/h3>\n\n\n\n<p>El museo recoge informaci\u00f3n sobre las principales etapas del proceso del Risorgimento, desde la difusi\u00f3n de los ideales de la Revoluci\u00f3n Francesa en la segunda mitad del siglo XVIII hasta el final de la Primera Guerra Mundial.<\/p>\n\n\n\n<p>Abre todos los d\u00edas, de 9:30 a 19:30.<\/p>\n\n\n\n<p>La entrada a los jardines exteriores es gratuita. Puedes comprar entradas o consultar los precios de tours u otras experiencias <a href=\"https:\/\/vive.eventim-inhouse.de\/webshop\/webticket\/timeslot\" rel=\"nofollow noopener\">aqu\u00ed<\/a>.<\/p>\n\n\n\n<p>Tambi\u00e9n te recomiendo visitar su cafeter\u00eda en la zona trasera del edificio. Puedes refrescarte y tomar un descanso con unas vistas incre\u00edbles.<\/p>\n\n\n\n<h3 class=\"wp-block-heading\">Palazzo Venezia<\/h3>\n\n\n<div class=\"ms-credits\">\n<img decoding=\"async\" class=\"gb-media-683ce050\" alt=\"Palazzo Venezia y Piazza Venezia en Roma\" src=\"https:\/\/www.rome.info\/wp-content\/uploads\/f-venezia-palace.jpg\" title=\"Venezia Palace\"\/>\n<span class='ms-credits__info' id='media759'><svg xmlns=\"http:\/\/www.w3.org\/2000\/svg\" width=\"20\" height=\"22\" fill=\"#000000\" viewBox=\"0 0 256 256\"><path d=\"M128,24A104,104,0,1,0,232,128,104.11,104.11,0,0,0,128,24Zm0,192a88,88,0,1,1,88-88A88.1,88.1,0,0,1,128,216ZM96,128a32,32,0,0,0,57.6,19.2,8,8,0,0,1,12.8,9.61,48,48,0,1,1,0-57.62,8,8,0,0,1-12.8,9.61A32,32,0,0,0,96,128Z\"><\/path><\/svg>pab_map\/<a href=https:\/\/depositphotos.com\/249513052\/stock-photo-venezia-palace-and-venice-square.html rel='nofollow' target='_blank'>Depositphotos<\/a><\/span><span class='ms-credits__btn' id='btn_media759' onclick='ms_credits_trigger(\"#media759\", this)'><svg xmlns=\"http:\/\/www.w3.org\/2000\/svg\" class=\"info_icon\" width=\"28\" height=\"28\" fill=\"#FFF\" viewBox=\"0 0 256 256\"><path d=\"M128,24A104,104,0,1,0,232,128,104.11,104.11,0,0,0,128,24Zm0,192a88,88,0,1,1,88-88A88.1,88.1,0,0,1,128,216Zm16-40a8,8,0,0,1-8,8,16,16,0,0,1-16-16V128a8,8,0,0,1,0-16,16,16,0,0,1,16,16v40A8,8,0,0,1,144,176ZM112,84a12,12,0,1,1,12,12A12,12,0,0,1,112,84Z\"><\/path><\/svg><svg xmlns=\"http:\/\/www.w3.org\/2000\/svg\" class=\"close_icon\" width=\"28\" height=\"28\" fill=\"#FFF\" viewBox=\"0 0 256 256\"><path d=\"M165.66,101.66,139.31,128l26.35,26.34a8,8,0,0,1-11.32,11.32L128,139.31l-26.34,26.35a8,8,0,0,1-11.32-11.32L116.69,128,90.34,101.66a8,8,0,0,1,11.32-11.32L128,116.69l26.34-26.35a8,8,0,0,1,11.32,11.32ZM232,128A104,104,0,1,1,128,24,104.11,104.11,0,0,1,232,128Zm-16,0a88,88,0,1,0-88,88A88.1,88.1,0,0,0,216,128Z\"><\/path><\/svg><\/span><\/div>\n\n\n<p>Este edificio fue en su d\u00eda residencia papal y posteriormente se convirti\u00f3 en sede del gobierno de Mussolini durante la Segunda Guerra Mundial. Ahora alberga un museo dedicado al arte medieval y renacentista; encontrar\u00e1s una gran variedad de piezas, desde pinturas hasta esculturas de madera policromada, tapices, armas, armaduras y esculturas de terracota.<\/p>\n\n\n\n<p>El edificio abre a las 9:30 y puedes elegir entre recorrer el museo o explorar simplemente su incre\u00edble jard\u00edn, lleno de diversas especies de aves. La entrada al jard\u00edn es gratuita. El museo tiene precios especiales para estudiantes, j\u00f3venes y mayores; tambi\u00e9n tiene d\u00edas de entrada gratuita.<\/p>\n\n\n\n<p>Puedes informarte, reservar y comprar entradas <a href=\"https:\/\/vive.eventim-inhouse.de\/webshop\/webticket\/timeslot\" rel=\"nofollow noopener\">aqu\u00ed<\/a>. Hay <a href=\"https:\/\/www.rome.info\/es\/pases-turisticos\/\">entradas combinadas<\/a>, v\u00e1lidas durante 7 d\u00edas, que permiten el acceso al Museo Central del Risorgimento, el Palazzo Venezia y la Terrazza delle Quadrighe. Te recomiendo comprarlas si tienes previsto visitar todas las <a href=\"https:\/\/www.rome.info\/es\/atracciones\/\">atracciones<\/a>.<\/p>\n\n\n\n<h3 class=\"wp-block-heading\">El Capitolino<\/h3>\n\n\n<div class=\"ms-credits\">\n<img decoding=\"async\" class=\"gb-media-243f82f8\" alt=\"Vista frontal de los Museos Capitolinos en Roma\" src=\"https:\/\/www.rome.info\/wp-content\/uploads\/f-capitoline-museums.jpg\" title=\"Capitoline Museums\"\/>\n<span class='ms-credits__info' id='media701'><svg xmlns=\"http:\/\/www.w3.org\/2000\/svg\" width=\"20\" height=\"22\" fill=\"#000000\" viewBox=\"0 0 256 256\"><path d=\"M128,24A104,104,0,1,0,232,128,104.11,104.11,0,0,0,128,24Zm0,192a88,88,0,1,1,88-88A88.1,88.1,0,0,1,128,216ZM96,128a32,32,0,0,0,57.6,19.2,8,8,0,0,1,12.8,9.61,48,48,0,1,1,0-57.62,8,8,0,0,1-12.8,9.61A32,32,0,0,0,96,128Z\"><\/path><\/svg>Michael6882\/<a href=https:\/\/depositphotos.com\/206999720\/stock-photo-rome-italy-june-29th-2015.html rel='nofollow' target='_blank'>Depositphotos<\/a><\/span><span class='ms-credits__btn' id='btn_media701' onclick='ms_credits_trigger(\"#media701\", this)'><svg xmlns=\"http:\/\/www.w3.org\/2000\/svg\" class=\"info_icon\" width=\"28\" height=\"28\" fill=\"#FFF\" viewBox=\"0 0 256 256\"><path d=\"M128,24A104,104,0,1,0,232,128,104.11,104.11,0,0,0,128,24Zm0,192a88,88,0,1,1,88-88A88.1,88.1,0,0,1,128,216Zm16-40a8,8,0,0,1-8,8,16,16,0,0,1-16-16V128a8,8,0,0,1,0-16,16,16,0,0,1,16,16v40A8,8,0,0,1,144,176ZM112,84a12,12,0,1,1,12,12A12,12,0,0,1,112,84Z\"><\/path><\/svg><svg xmlns=\"http:\/\/www.w3.org\/2000\/svg\" class=\"close_icon\" width=\"28\" height=\"28\" fill=\"#FFF\" viewBox=\"0 0 256 256\"><path d=\"M165.66,101.66,139.31,128l26.35,26.34a8,8,0,0,1-11.32,11.32L128,139.31l-26.34,26.35a8,8,0,0,1-11.32-11.32L116.69,128,90.34,101.66a8,8,0,0,1,11.32-11.32L128,116.69l26.34-26.35a8,8,0,0,1,11.32,11.32ZM232,128A104,104,0,1,1,128,24,104.11,104.11,0,0,1,232,128Zm-16,0a88,88,0,1,0-88,88A88.1,88.1,0,0,0,216,128Z\"><\/path><\/svg><\/span><\/div>\n\n\n<p>A la derecha de la Piazza Venezia, en la Piazza del Campidoglio, est\u00e1n los <a href=\"https:\/\/www.rome.info\/es\/atracciones\/museos-capitolinos\/\">Museos Capitolinos<\/a>, imprescindibles para los amantes del arte y la historia. Los museos albergan una vasta colecci\u00f3n de arte y artefactos romanos antiguos, con obras de <a href=\"https:\/\/www.rome.info\/artists\/michelangelo\/\">Miguel \u00c1ngel<\/a> y <a href=\"https:\/\/www.rome.info\/artists\/caravaggio\/\">Caravaggio<\/a>.<\/p>\n\n\n\n<p>Seguro que has visto la escultura de la loba con dos ni\u00f1os, R\u00f3mulo y Remo; este es el s\u00edmbolo de la fundaci\u00f3n de Roma y, c\u00f3mo no, est\u00e1 dentro de los Museos Capitolinos.<\/p>\n\n\n\n<p>Siempre hay <a href=\"https:\/\/www.museicapitolini.org\/it\/mostre_ed_eventi\/mostre\" rel=\"nofollow noopener\">nuevas exposiciones temporales<\/a>, as\u00ed que te recomiendo echarles un vistazo antes de visitar.<\/p>\n\n\n\n<p>Puedes consultar las entradas y los paquetes <a href=\"https:\/\/www.museicapitolini.org\/it\/informazioni_pratiche\/biglietti_e_videoguide\" rel=\"nofollow noopener\">aqu\u00ed<\/a>.<\/p>\n\n\n\n<h3 class=\"wp-block-heading\">Bas\u00edlica di Santa Maria in Ara Coeli<\/h3>\n\n\n<div class=\"ms-credits\">\n<img decoding=\"async\" class=\"gb-media-875bd00f\" alt=\"Interior ornamentado de Santa Maria in Aracoeli en Roma con techo artesonado, arcos, frescos y l\u00e1mparas de ara\u00f1a.\" src=\"https:\/\/www.rome.info\/wp-content\/uploads\/santa-maria-in-aracoeli-interior-1747017509.jpg\" title=\"santa-maria-in-aracoeli-interior-1747017509\"\/>\n<span class='ms-credits__info' id='media2704'><svg xmlns=\"http:\/\/www.w3.org\/2000\/svg\" width=\"20\" height=\"22\" fill=\"#000000\" viewBox=\"0 0 256 256\"><path d=\"M128,24A104,104,0,1,0,232,128,104.11,104.11,0,0,0,128,24Zm0,192a88,88,0,1,1,88-88A88.1,88.1,0,0,1,128,216ZM96,128a32,32,0,0,0,57.6,19.2,8,8,0,0,1,12.8,9.61,48,48,0,1,1,0-57.62,8,8,0,0,1-12.8,9.61A32,32,0,0,0,96,128Z\"><\/path><\/svg>e55evu\/<a href=https:\/\/depositphotos.com\/editorial\/basilica-santa-maria-ara-coeli-rome-italy-november-2017-262108840.html rel='nofollow' target='_blank'>Depositphotos<\/a><\/span><span class='ms-credits__btn' id='btn_media2704' onclick='ms_credits_trigger(\"#media2704\", this)'><svg xmlns=\"http:\/\/www.w3.org\/2000\/svg\" class=\"info_icon\" width=\"28\" height=\"28\" fill=\"#FFF\" viewBox=\"0 0 256 256\"><path d=\"M128,24A104,104,0,1,0,232,128,104.11,104.11,0,0,0,128,24Zm0,192a88,88,0,1,1,88-88A88.1,88.1,0,0,1,128,216Zm16-40a8,8,0,0,1-8,8,16,16,0,0,1-16-16V128a8,8,0,0,1,0-16,16,16,0,0,1,16,16v40A8,8,0,0,1,144,176ZM112,84a12,12,0,1,1,12,12A12,12,0,0,1,112,84Z\"><\/path><\/svg><svg xmlns=\"http:\/\/www.w3.org\/2000\/svg\" class=\"close_icon\" width=\"28\" height=\"28\" fill=\"#FFF\" viewBox=\"0 0 256 256\"><path d=\"M165.66,101.66,139.31,128l26.35,26.34a8,8,0,0,1-11.32,11.32L128,139.31l-26.34,26.35a8,8,0,0,1-11.32-11.32L116.69,128,90.34,101.66a8,8,0,0,1,11.32-11.32L128,116.69l26.34-26.35a8,8,0,0,1,11.32,11.32ZM232,128A104,104,0,1,1,128,24,104.11,104.11,0,0,1,232,128Zm-16,0a88,88,0,1,0-88,88A88.1,88.1,0,0,0,216,128Z\"><\/path><\/svg><\/span><\/div>\n\n\n<p>Esta iglesia hist\u00f3rica y hermosa est\u00e1 justo al lado de la Piazza Venezia, encaramada en lo alto del Capitolino. Es conocida por su impresionante arquitectura, sus intrincados frescos y su rica historia. La iglesia data del siglo VI. Dentro, los visitantes pueden admirar bellas obras de arte, incluida la famosa \u00abMadonna y el Ni\u00f1o\u00bb de Arnolfo di Cambio.<\/p>\n\n\n\n<p>Si superas la larga subida de escalones para llegar a la iglesia, podr\u00e1s ver no solo una vista incre\u00edble de Roma, sino tambi\u00e9n los asombrosos techos de la iglesia. La vista por s\u00ed sola merece la subida. La Bas\u00edlica di Santa Maria in Ara Coeli es una visita obligatoria; es una de mis favoritas personales.<\/p>\n\n\n\n<h3 class=\"wp-block-heading\">La Columna Trajana<\/h3>\n\n\n<div class=\"ms-credits\">\n<img decoding=\"async\" class=\"gb-media-56b73abf\" alt=\"Tallas detalladas en la Columna Trajana de Roma que representan soldados romanos construyendo y marchando durante las Guerras Dacias.\" src=\"https:\/\/www.rome.info\/wp-content\/uploads\/trajan-column-reliefs-1747017512.jpg\" title=\"trajan-column-reliefs-1747017512\"\/>\n<span class='ms-credits__info' id='media2705'><svg xmlns=\"http:\/\/www.w3.org\/2000\/svg\" width=\"20\" height=\"22\" fill=\"#000000\" viewBox=\"0 0 256 256\"><path d=\"M128,24A104,104,0,1,0,232,128,104.11,104.11,0,0,0,128,24Zm0,192a88,88,0,1,1,88-88A88.1,88.1,0,0,1,128,216ZM96,128a32,32,0,0,0,57.6,19.2,8,8,0,0,1,12.8,9.61,48,48,0,1,1,0-57.62,8,8,0,0,1-12.8,9.61A32,32,0,0,0,96,128Z\"><\/path><\/svg>_fla\/<a href=https:\/\/depositphotos.com\/photo\/details-trajan-column-ancient-column-streets-rome-colosseum-trajan-forum-552456654.html rel='nofollow' target='_blank'>Depositphotos<\/a><\/span><span class='ms-credits__btn' id='btn_media2705' onclick='ms_credits_trigger(\"#media2705\", this)'><svg xmlns=\"http:\/\/www.w3.org\/2000\/svg\" class=\"info_icon\" width=\"28\" height=\"28\" fill=\"#FFF\" viewBox=\"0 0 256 256\"><path d=\"M128,24A104,104,0,1,0,232,128,104.11,104.11,0,0,0,128,24Zm0,192a88,88,0,1,1,88-88A88.1,88.1,0,0,1,128,216Zm16-40a8,8,0,0,1-8,8,16,16,0,0,1-16-16V128a8,8,0,0,1,0-16,16,16,0,0,1,16,16v40A8,8,0,0,1,144,176ZM112,84a12,12,0,1,1,12,12A12,12,0,0,1,112,84Z\"><\/path><\/svg><svg xmlns=\"http:\/\/www.w3.org\/2000\/svg\" class=\"close_icon\" width=\"28\" height=\"28\" fill=\"#FFF\" viewBox=\"0 0 256 256\"><path d=\"M165.66,101.66,139.31,128l26.35,26.34a8,8,0,0,1-11.32,11.32L128,139.31l-26.34,26.35a8,8,0,0,1-11.32-11.32L116.69,128,90.34,101.66a8,8,0,0,1,11.32-11.32L128,116.69l26.34-26.35a8,8,0,0,1,11.32,11.32ZM232,128A104,104,0,1,1,128,24,104.11,104.11,0,0,1,232,128Zm-16,0a88,88,0,1,0-88,88A88.1,88.1,0,0,0,216,128Z\"><\/path><\/svg><\/span><\/div>\n\n\n<p>Puedes encontrarla al lado izquierdo de la Piazza Venezia. Conmemora las victorias del emperador Trajano en las Guerras Dacias. La Columna est\u00e1 formada por 17 \u00abbloques\u00bb cil\u00edndricos.&nbsp;<\/p>\n\n\n\n<p><strong>Dato curioso<\/strong>: La columna tambi\u00e9n tiene una escalera de caracol interior con 185 escalones que lleva a la cima.<\/p>\n\n\n\n<h2 class=\"wp-block-heading\">Alrededores<\/h2>\n\n\n\n<p>Despu\u00e9s de visitar la Piazza Venezia y sus atracciones, puedes ir a ver otras ubicaciones cercanas.<\/p>\n\n\n\n<ul class=\"wp-block-list\">\n<li><a href=\"https:\/\/www.rome.info\/es\/atracciones\/foro-romano\/\">Foro Romano:<\/a> este yacimiento antiguo est\u00e1 a un corto paseo de la Piazza Venezia y alberga algunas de las ruinas m\u00e1s impresionantes de la Roma antigua, entre ellas el Templo de Saturno y el Arco de Tito.<\/li>\n\n\n\n<li><a href=\"https:\/\/www.rome.info\/es\/atracciones\/coliseo\/\">Coliseo:<\/a> el ic\u00f3nico lugar tambi\u00e9n est\u00e1 cerca, justo enfrente del metro B, y es una visita imprescindible para cualquier visitante de Roma. Este antiguo anfiteatro fue escenario de combates de gladiadores y otros espect\u00e1culos p\u00fablicos.<\/li>\n\n\n\n<li><a href=\"https:\/\/www.rome.info\/es\/atracciones\/fontana-di-trevi\/\">Fontana di Trevi:<\/a> una de las fuentes m\u00e1s famosas del mundo, la Fontana di Trevi est\u00e1 a solo unas manzanas de la Piazza Venezia.<\/li>\n\n\n\n<li><a href=\"https:\/\/www.rome.info\/es\/atracciones\/panteon\/\">Pante\u00f3n:<\/a> este antiguo templo es uno de los edificios mejor conservados de la Roma antigua y est\u00e1 a un corto paseo de la Piazza Venezia. Es famoso por su enorme c\u00fapula y su impresionante interior.<\/li>\n<\/ul>\n\n\n\n<h2 class=\"wp-block-heading\">Compras y restauraci\u00f3n<\/h2>\n\n\n\n<p>La zona alrededor de la Piazza Venezia alberga muchas tiendas, caf\u00e9s y restaurantes. Los visitantes pueden explorar las estrechas calles y callejones del centro hist\u00f3rico y descubrir joyas escondidas.<\/p>\n\n\n\n<p>En general, la Piazza Venezia es un lugar por el que sin duda pasar\u00e1s y que no puedes perderte cuando est\u00e1s en Roma. Con sus impresionantes monumentos, sus edificios hist\u00f3ricos y su animado entorno, ofrece un vistazo a la rica historia y cultura de la Ciudad Eterna, por no mencionar las incre\u00edbles vistas.<\/p>\n\n\n\n<p>Su ubicaci\u00f3n estrat\u00e9gica la convierte en un lugar ideal para un d\u00eda de visitas a varios lugares. La mayor\u00eda de los museos son visitas r\u00e1pidas, as\u00ed que te recomiendo visitarla el mismo d\u00eda que el <a href=\"https:\/\/www.rome.info\/es\/atracciones\/coliseo\/\" data-type=\"link\" data-id=\"https:\/\/www.rome.info\/es\/atracciones\/coliseo\/\">Coliseo<\/a>, la Fontana di Trevi, el Pante\u00f3n, el <a href=\"https:\/\/www.rome.info\/es\/atracciones\/circo-maximo\/\">Circo M\u00e1ximo<\/a> u otras atracciones cercanas, para aprovechar al m\u00e1ximo el d\u00eda, especialmente si solo est\u00e1s en Roma por <a href=\"https:\/\/www.rome.info\/itineraries\/\">un per\u00edodo corto<\/a>.<\/p>\n\n\n\n<h2 class=\"wp-block-heading\">\u00bfSab\u00edas que? 4 datos curiosos&nbsp;<\/h2>\n\n\n\n<ol class=\"wp-block-list\">\n<li>Cuando Venecia qued\u00f3 bajo dominio austriaco, el muy hist\u00f3rico edificio medieval, el Palazzo Venezia, se convirti\u00f3 en su embajada en Italia.<\/li>\n\n\n\n<li>En 1770, en el Palazzo Venezia, Mozart, con solo 14 a\u00f1os, dio un concierto al que asisti\u00f3 el propio Papa Pablo II.<\/li>\n\n\n\n<li>Cada 2 de junio, D\u00eda de la Independencia de Italia, la Piazza Venezia es la base desde donde comienza el desfile militar y donde puedes ver los famosos aviones A350-900 disparar los colores de la bandera italiana.<\/li>\n\n\n\n<li>Una de las salas del Palazzo Venezia, la \u00abSala del Concistoro\u00bb, ten\u00eda cinco l\u00e1mparas de ara\u00f1a tra\u00eddas directamente de Murano. Por eso la sala se conoce como la Sala de las 5 Luces.<\/li>\n<\/ol>\n\n\n\n<h2 class=\"wp-block-heading\">Historia<\/h2>\n\n\n\n<p>La Piazza Venezia es el gran coraz\u00f3n c\u00edvico de Roma, dominado por el enorme Altare della Patria de m\u00e1rmol blanco. Esta concurrida intersecci\u00f3n conecta los barrios antiguos y modernos de la ciudad y simboliza el camino de Italia hacia la naci\u00f3n.<\/p>\n\n\n\n<div class=\"ms-timeline-list\">\n<div class=\"ms-timeline-item\">\n<p class=\"gb-text ms-timeline-item__time\">Antes de 1800<\/p>\n\n\n\n<p class=\"gb-text\">La zona era un vasto barrio medieval y renacentista.<\/p>\n<\/div>\n\n\n\n<div class=\"ms-timeline-item\">\n<p class=\"gb-text ms-timeline-item__time\">Finales del siglo XIX &#8211; principios del XX<\/p>\n\n\n\n<p class=\"gb-text\">Tras la proclamaci\u00f3n de Roma como capital y la muerte del rey V\u00edctor Manuel II, importantes planes urban\u00edsticos transformaron la zona en su forma actual.<\/p>\n<\/div>\n\n\n\n<div class=\"ms-timeline-item\">\n<p class=\"gb-text ms-timeline-item__time\">1885<\/p>\n\n\n\n<p class=\"gb-text\">Comenz\u00f3 la construcci\u00f3n del Altare della Patria (Monumento Nacional a V\u00edctor Manuel II). Se demolieron numerosas estructuras para dar cabida al monumento y remodelar la plaza. El Palazzo Venezia (1455) fue uno de los pocos edificios antiguos que se conservaron.<\/p>\n<\/div>\n\n\n\n<div class=\"ms-timeline-item\">\n<p class=\"gb-text ms-timeline-item__time\">Finales del siglo XIX<\/p>\n\n\n\n<p class=\"gb-text\">Se demoli\u00f3 el Palazzetto San Marco para permitir una vista despejada del altar desde Via del Corso, una importante calle de 1,5 km.<\/p>\n<\/div>\n\n\n\n<div class=\"ms-timeline-item\">\n<p class=\"gb-text ms-timeline-item__time\">1906-1911<\/p>\n\n\n\n<p class=\"gb-text\">Se construy\u00f3 el Palazzo delle Assicurazioni Generali en sustituci\u00f3n de otros dos edificios. Este edificio de seguros fue dise\u00f1ado para reflejar el Palazzo Venezia y hacer que la plaza pareciera m\u00e1s amplia.<\/p>\n<\/div>\n\n\n\n<div class=\"ms-timeline-item\">\n<p class=\"gb-text ms-timeline-item__time\">1911<\/p>\n\n\n\n<p class=\"gb-text\">Se inaugur\u00f3 el Altare della Patria, aunque a\u00fan no estaba completamente terminado.<\/p>\n<\/div>\n\n\n\n<div class=\"ms-timeline-item\">\n<p class=\"gb-text ms-timeline-item__time\">1921<\/p>\n\n\n\n<p class=\"gb-text\">Los restos de un Soldado Desconocido, v\u00edctima de la Primera Guerra Mundial, fueron enterrados en una tumba bajo la estatua de la diosa Roma en lo alto del altar.<\/p>\n<\/div>\n\n\n\n<div class=\"ms-timeline-item\">\n<p class=\"gb-text ms-timeline-item__time\">D\u00e9cadas de 1920 a 1940<\/p>\n\n\n\n<p class=\"gb-text\">El dictador fascista Mussolini utiliz\u00f3 el Palazzo Venezia como sede de su gobierno. Desde su balc\u00f3n pronunciaba sus infames discursos ante las multitudes reunidas en la plaza.<\/p>\n<\/div>\n\n\n\n<div class=\"ms-timeline-item\">\n<p class=\"gb-text ms-timeline-item__time\">Actualidad<\/p>\n\n\n\n<p class=\"gb-text\">La plaza es el centro de una de las intersecciones m\u00e1s concurridas de Roma. Turistas y locales la recorren a diario, y muchos se detienen a admirar esta ic\u00f3nica plaza y todo lo que ofrece.<\/p>\n<\/div>\n<\/div>\n\n\n\n<h2 class=\"wp-block-heading\">Preguntas frecuentes<\/h2>\n\n\n\n<h3 class=\"wp-block-heading\"><strong>\u00bfPor qu\u00e9 es famosa la Piazza Venezia?<\/strong><\/h3>\n\n\n\n<p>La Piazza Venezia es famosa por su ic\u00f3nico monumento, sus hermosos edificios y su antigua bas\u00edlica.<\/p>\n\n\n\n<h3 class=\"wp-block-heading\"><strong>\u00bfSe usa todav\u00eda la Piazza Venezia hoy en d\u00eda?<\/strong><\/h3>\n\n\n\n<p>La Piazza Venezia sigue en uso hoy. Actualmente alberga el Museo Nacional del Palazzo Venezia y el Instituto Nacional de Arqueolog\u00eda e Historia del Arte.<\/p>\n\n\n\n<h3 class=\"wp-block-heading\"><strong>\u00bfCu\u00e1nto cuesta visitar la Piazza Venezia?<\/strong><\/h3>\n\n\n\n<p>Es gratuito pasear por la plaza de la Piazza Venezia. Tambi\u00e9n puedes recorrer el Vittoriano (un gran jard\u00edn en el Palazzo Venezia) de forma gratuita. Sin embargo, hay que pagar una entrada para acceder al Museo Nacional del Palazzo Venezia y al Instituto Nacional de Arqueolog\u00eda e Historia del Arte.<\/p>\n\n\n\n<div style=\"height:30px\" aria-hidden=\"true\" class=\"wp-block-spacer\"><\/div>\n","protected":false},"excerpt":{"rendered":"<p>Contempla un ic\u00f3nico monumento moderno en esta animada plaza.<\/p>\n","protected":false},"author":9,"featured_media":378,"parent":0,"menu_order":25,"template":"","meta":{"_acf_changed":false,"button_url":"https:\/\/www.tiqets.com\/es\/piazza-venezia-l146689\/?partner=romeinfo","product_id":"","street_address":", ","city":"Roma","country":"Italy","postal_code":"","lattitude":"41.8957663","longitude":"12.4825739","rank_math_title":"Piazza Venezia: imprescindibles y consejos de visita","rank_math_description":"Explora Piazza Venezia en Roma: el Altar de la Patria, el Palazzo Venezia y el Monte Capitolino. Conoce su historia, c\u00f3mo llegar y qu\u00e9 hacer en los alrededores."},"attraction-types":[24],"producer":[35],"class_list":["post-223","attraction","type-attraction","status-publish","has-post-thumbnail","hentry","attraction-types-plazas"],"acf":[],"location_schema":{"product_id":"","street_address":", ","city":"Roma","country":"Italy","postal_code":"","lattitude":"41.8957663","longitude":"12.4825739"},"_links":{"self":[{"href":"https:\/\/www.rome.info\/es\/wp-json\/wp\/v2\/attraction\/223","targetHints":{"allow":["GET"]}}],"collection":[{"href":"https:\/\/www.rome.info\/es\/wp-json\/wp\/v2\/attraction"}],"about":[{"href":"https:\/\/www.rome.info\/es\/wp-json\/wp\/v2\/types\/attraction"}],"author":[{"embeddable":true,"href":"https:\/\/www.rome.info\/es\/wp-json\/wp\/v2\/users\/9"}],"wp:featuredmedia":[{"embeddable":true,"href":"https:\/\/www.rome.info\/es\/wp-json\/wp\/v2\/media\/378"}],"wp:attachment":[{"href":"https:\/\/www.rome.info\/es\/wp-json\/wp\/v2\/media?parent=223"}],"wp:term":[{"taxonomy":"attraction-types","embeddable":true,"href":"https:\/\/www.rome.info\/es\/wp-json\/wp\/v2\/attraction-types?post=223"},{"taxonomy":"producer","embeddable":true,"href":"https:\/\/www.rome.info\/es\/wp-json\/wp\/v2\/producer?post=223"}],"curies":[{"name":"wp","href":"https:\/\/api.w.org\/{rel}","templated":true}]}}